{"id":291,"date":"2021-05-01T19:45:44","date_gmt":"2021-05-01T17:45:44","guid":{"rendered":"https:\/\/lukowe.przemyska.pl\/?page_id=291"},"modified":"2026-04-25T20:53:08","modified_gmt":"2026-04-25T18:53:08","slug":"ogloszenia-parafialne","status":"publish","type":"page","link":"https:\/\/lukowe.przemyska.pl\/index.php\/ogloszenia-parafialne\/","title":{"rendered":"Og\u0142oszenia Duszpasterskie"},"content":{"rendered":"<p>&nbsp;<\/p>\n<blockquote>\n<p style=\"text-align: center;\"><span style=\"font-size: 18pt; color: #008000;\"><strong>4 Niedziela Wielkanocna &#8211; 26.04.2026<\/strong><\/span><\/p>\n<\/blockquote>\n<ol>\n<li style=\"text-align: justify;\">Dzi\u015b w naszej Parafii o godz. 12.00 <strong>Pierwsza Komunia \u015bw.<\/strong> dla dzieci z klasy III. Otoczmy nasz\u0105 modlitw\u0105: <strong>Gracjana, Huberta, Alana, Dian\u0119, Maksymiliana, Aleksandra, Marcela, Emila, Dorot\u0119 i Micha\u0142a<\/strong>.<\/li>\n<li style=\"text-align: justify;\">Dla dzieci pierwszokomunijnych i ich rodzic\u00f3w, od poniedzia\u0142ku rozpocznie si\u0119 <strong>Bia\u0142y Tydzie\u0144<\/strong>. Zapraszam codziennie na Msz\u0119 \u015bw. o 18.00. Bardzo dzi\u0119kuj\u0119 <strong>rodzicom<\/strong> za przygotowanie ko\u015bcio\u0142a i obej\u015bcia \u015bwi\u0105tyni na nasze Uroczysto\u015bci, oraz raz jeszcze za <strong>dar o\u0142tarza: kropielnic\u0119<\/strong> zainstalowan\u0105 w przedsionku.<\/li>\n<li style=\"text-align: justify;\">Dodatkowa Msza \u015bw. w tym tygodniu poza czwartkiem i pi\u0105tkiem o 17.00. W <strong>\u015arednim Wielkim<\/strong> Msza \u015bw. w czwartek o 17.00.<\/li>\n<li><strong>Nowenna<\/strong> do NMP Kr\u00f3lowej Polski w \u015brod\u0119.<\/li>\n<li style=\"text-align: justify;\">W <strong>pierwszy pi\u0105tek<\/strong> rano od 9.00 odwiedz\u0119 chorych z Komuni\u0105 \u015bw. Spowied\u017a pierwszopi\u0105tkowa od 17.00. Msza \u015bw. i pierwsze <strong>nabo\u017ce\u0144stwo majowe<\/strong> o 18.00. Wszystkich zapraszam (szczeg\u00f3lnie dzieci) na nabo\u017ce\u0144stwa majowe, codziennie o 18.00. Mo\u017cna te\u017c podtrzymywa\u0107 nasz\u0105 polsk\u0105 tradycj\u0119 i spotyka\u0107 si\u0119 przy przydro\u017cnych kapliczkach na maj\u00f3wkach do Matki Bo\u017cej.<\/li>\n<li><strong>Rodzic\u00f3w klasy IV<\/strong> rocznicowej zapraszam na spotkanie w \u015brod\u0119 po Mszy.<\/li>\n<li><strong>Rad\u0119 parafialn\u0105<\/strong> zapraszam na spotkanie w czwartek po Mszy o 18.00.<\/li>\n<li style=\"text-align: justify;\">Za tydzie\u0144 <strong>3 maja Uroczysto\u015b\u0107 Odpustowa w naszej Parafii ku czci NMP Kr\u00f3lowej Polski. <\/strong>Msze w porz\u0105dku niedzielnym. Zapraszam na <strong>sum\u0119 odpustow\u0105 o godz. 11.00. <\/strong>Mszy \u015bw. b\u0119dzie przewodniczy\u0142 i S\u0142owo Bo\u017ce wyg\u0142osi <strong>Ks. Pra\u0142. Dziekan Ryszard P\u0142atek z Tarnawy G\u00f3rnej.<\/strong> Ochotnicz\u0105 Stra\u017c Po\u017carn\u0105, Akcj\u0119 karolick\u0105, R\u00f3\u017ce R\u00f3\u017ca\u0144cowe, m\u0142odzie\u017c, prosz\u0119 o pomoc w procesji: niesienie baldachimu, chor\u0105gwi, figurki MB Fatimskiej i obrazu Serca Pana Jezusa.<\/li>\n<li>Sk\u0142adka za tydzie\u0144 na potrzeby archidiecezji.<\/li>\n<li style=\"text-align: justify;\">Do <strong>sakramentu ma\u0142\u017ce\u0144stwa<\/strong> przygotowuj\u0105 si\u0119: Krzysztof Bogumi\u0142 MISIURA zam. parafia nasza (\u015arednie Wielkie) oraz Roksana \u0141ucja Sieniawska zamieszka\u0142a parafia Sanok \u2013 Fara. Zapowied\u017a I.<\/li>\n<li style=\"text-align: justify;\"><strong>\u015arednie Wielkie:<\/strong> Trosk\u0119 o czysto\u015b\u0107 w ko\u015bciele powierzamy nast\u0119puj\u0105cym osobom: Barbara JANKOWSKA i Anna KASZUBA.<\/li>\n<li style=\"text-align: justify;\"><strong>Komunikat:<\/strong> Arcybiskup Metropolita Przemyski Adam Szal, udzieli\u0142 <strong>dyspensy<\/strong> od charakteru pokutnego, w tym od zachowania wstrzemi\u0119\u017aliwo\u015bci od spo\u017cywania pokarm\u00f3w mi\u0119snych, w pi\u0105tek <strong>1 maja 2026 r<\/strong>., wszystkim wiernym Archidiecezji Przemyskiej, a tak\u017ce innym osobom przebywaj\u0105cym w tym dniu na terenie Archidiecezji. Jednocze\u015bnie Arcybiskup zobowi\u0105za\u0142 wszystkich korzystaj\u0105cych z dyspensy do z\u0142o\u017cenia ofiary na misje lub Caritas Archidiecezji Przemyskiej.&nbsp;<\/li>\n<li>Intencje mszalne w tym tygodniu: &nbsp;<\/li>\n<\/ol>\n<p><strong>Poniedzia\u0142ek: <\/strong><\/p>\n<p>17.00 W intencji Panu Bogu wiadomej<\/p>\n<p>18.00 Dzi\u0119kczynna z okazji 70. urodzin Kazimierza CIEPIELA o zdrowie i Bo\u017ce b\u0142ogos\u0142awie\u0144stwo od dzieci z rodzinami<\/p>\n<p><strong>Wtorek:&nbsp;<\/strong><\/p>\n<p>17.00 + W\u0142adys\u0142aw KRAJZEWICZ od uczestnik\u00f3w pogrzebu<\/p>\n<p>18.00 + Stanis\u0142aw KUSIAK w kolejn\u0105 roczn. \u015bm. od \u017cony<\/p>\n<p><strong>\u015aroda: <\/strong><\/p>\n<p>17.00 + W\u0142adys\u0142aw KRAJZEWICZ od uczestnik\u00f3w pogrzebu<\/p>\n<p>18.00 O potrzebne dary i \u0142aski dla Andrzeja i rodziny<\/p>\n<p><strong>Czwartek: <\/strong><\/p>\n<p>17.00 \u015aW: + Andrzej CIEPIELA od s\u0105siad\u00f3w rodziny Galica i Niepok\u00f3j<\/p>\n<p>18.00 + Jan i Stefania CHMURA w roczn. \u015bm.<\/p>\n<p><strong>Pi\u0105tek: <\/strong><\/p>\n<p>18.00 W intencji Panu Bogu wiadomej o zdrowie i Bo\u017ce b\u0142ogos\u0142awie\u0144stwo<\/p>\n<p><strong>Sobota: <\/strong><\/p>\n<p>17.00 Dzi\u0119kczynna za Ew\u0119<\/p>\n<p>18.00 O zdrowie dla Stanis\u0142awy, dary i potrzebne \u0142aski dla ca\u0142ej rodziny<\/p>\n<p><strong>Niedziela: <\/strong><\/p>\n<p>7.30 Za Parafian<\/p>\n<p>9.30 \u015aW: + Ma\u0142gorzata SYMION 2 roczn. \u015bm.<\/p>\n<p>11.00 1\/ Z R\u00f3\u017cy Krystyny Str\u00f3\u017cak o Bo\u017ce b\u0142ogos\u0142awie\u0144stwo i opiek\u0119 Matki Bo\u017cej dla<br \/>\n&nbsp;&nbsp;&nbsp;&nbsp;&nbsp;&nbsp;&nbsp;&nbsp;&nbsp;&nbsp;&nbsp;&nbsp;&nbsp;&nbsp;&nbsp;&nbsp; \u017cyj\u0105cych i chwa\u0142\u0119 nieba dla zmar\u0142ych<\/p>\n<p>&nbsp;&nbsp;&nbsp;&nbsp;&nbsp;&nbsp;&nbsp;&nbsp;&nbsp;&nbsp;&nbsp; 2\/ + Marian KOSI\u0143SKI &nbsp;&nbsp;&nbsp;&nbsp;<\/p>\n<p>&nbsp;<\/p>\n<p style=\"text-align: center;\"><span style=\"color: #0000ff;\"><strong>Wszystkim Wam \u017cycz\u0119 dobrej niedzieli i mi\u0142ej maj\u00f3wki.<\/strong><\/span><\/p>\n<p><strong>&nbsp;<\/strong><\/p>\n<hr>\n<blockquote><p><span style=\"color: #008000;\"><strong><span style=\"font-size: 18pt;\">3 Niedziela Wielkanocna &#8211; 19.04.2026<\/span><\/strong><\/span><\/p><\/blockquote>\n<p>&nbsp;<\/p>\n<ol>\n<li style=\"text-align: justify;\">Wczoraj w Czaszynie, jedna osoba doros\u0142a i siedmioro uczni\u00f3w klasy \u00f3smej, przyj\u0119\u0142o <strong>sakrament bierzmowania<\/strong>. Pami\u0119tajmy o nich w naszych modlitwach. R\u00f3wnie\u017c wczoraj pochowali\u015bmy \u015bp. J\u00f3zefa STUSIKA. Niech odpoczywa w pokoju.<\/li>\n<li style=\"text-align: justify;\">Msze \u015bw. w tym tygodniu codziennie poza pi\u0105tkiem o 18.00. Na pro\u015bb\u0119 rodzic\u00f3w dzieci pierwszokomunijnych, kt\u00f3rzy w pi\u0105tek chc\u0105 sprz\u0105ta\u0107 ko\u015bci\u00f3\u0142, Msza w pi\u0105tek b\u0119dzie o 7.00. Dodatkowa Msza \u015bw. poza czwartkiem i pi\u0105tkiem o 17.00. W \u015arednim Wielkim w czwartek o 17.00.<\/li>\n<li style=\"text-align: justify;\">Za tydzie\u0144 <strong>Uroczysto\u015b\u0107 Pierwszej Komunii \u015bw<\/strong>. Msze w porz\u0105dku niedzielnym. R\u00f3wnie\u017c na pro\u015bb\u0119 rodzic\u00f3w, w tym roku Pierwsza Komunia \u015bw., b\u0119dzie nie na sumie, ale na dodatkowej Mszy o <strong>12.00<\/strong>. Pr\u00f3by liturgiczne przed I Komuni\u0105 w poniedzia\u0142ek i \u015brod\u0119 po Mszy oraz w pi\u0105tek wieczorem. <strong>Spowied\u017a<\/strong> dla dzieci, rodzic\u00f3w i wszystkich ch\u0119tnych w sobot\u0119 od 9.00.<\/li>\n<li><strong>Nowenna<\/strong> do naszej Patronki NMP Kr\u00f3lowej Polski w \u015brod\u0119 po Mszy.<\/li>\n<li style=\"text-align: justify;\"><strong>Uroczysto\u015b\u0107 \u015bw. Wojciecha <\/strong>w czwartek. To te\u017c odpust w Tarnawie G\u00f3rnej. Ks. Dziekan zaprasza na sum\u0119 odpustow\u0105 o 11.00.<\/li>\n<li style=\"text-align: justify;\">W Niedziel\u0119 Mi\u0142osierdzia z\u0142o\u017cyli\u015bcie <strong>4<\/strong> <strong>skarbonki wielkopostne<\/strong>, a w nich w sumie 217 z\u0142. 31 gr. na cele Caritas.<\/li>\n<li style=\"text-align: justify;\">W tym tygodniu Rada parafialna przejdzie za zbi\u00f3rk\u0105 po 100 z\u0142. od rodziny na <strong>sprz\u0105tanie i kwiaty do ko\u015bcio\u0142a<\/strong> i ju\u017c nie b\u0119dziemy czyta\u0107 os\u00f3b do sprz\u0105tania, tylko sprz\u0105ta\u0142a i ubiera\u0142a kwiatami ko\u015bci\u00f3\u0142 b\u0119dzie jedna osoba.<\/li>\n<li>Trosk\u0119 o czysto\u015b\u0107 w ko\u015bciele powierzamy nast\u0119puj\u0105cym osobom:<\/li>\n<\/ol>\n<p><strong>\u0141ukowe: <\/strong>Rodzice dzieci pierwszokomunijnych.<\/p>\n<p><strong>\u015arednie Wielkie:<\/strong> Janina DRWI\u0118GA, Barbara DRWI\u0118GA.<\/p>\n<ol start=\"9\">\n<li>Intencje mszalne w tym tygodniu: &nbsp;<\/li>\n<\/ol>\n<p><strong>Poniedzia\u0142ek: <\/strong><\/p>\n<p>17.00 + W\u0142adys\u0142aw KRAJZEWICZ od wnuczki Pauliny z rodzin\u0105<\/p>\n<p>18.00 + Jadwiga i Jaros\u0142aw PODOLAK, Katarzyna i Stanis\u0142aw NAWROCKI &nbsp;<\/p>\n<p><strong>Wtorek:&nbsp;<\/strong><\/p>\n<p>17.00 + W\u0142adys\u0142aw KRAJZEWICZ od rodziny Jankowskich<\/p>\n<p>18.00 Za Parafian z 19.04<\/p>\n<p><strong>\u015aroda: <\/strong><\/p>\n<p>17.00 + W\u0142adys\u0142aw KRAJZEWICZ od rodziny Hoffman\u00f3w<\/p>\n<p>18.00 + Maria, Marek, Ignacy ROSIEK &nbsp;<\/p>\n<p><strong>Czwartek: <\/strong><\/p>\n<p>17.00 \u015aW: + Wojciech FIUT od c\u00f3rki Doroty &nbsp;&nbsp;<\/p>\n<p>18.00 + Marzena i Ryszard WANIA w 1 roczn. \u015bm. Ryszarda &nbsp;&nbsp;<\/p>\n<p><strong>Pi\u0105tek: <\/strong><\/p>\n<p>7.00 O zdrowie i Bo\u017ce b\u0142ogos\u0142awie\u0144stwo dla taty Tadeusz CZUCHRY od dzieci z rodzinami<\/p>\n<p><strong>Sobota: <\/strong><\/p>\n<p>17.00 + W\u0142adys\u0142aw KRAJZEWICZ od uczestnik\u00f3w pogrzebu<\/p>\n<p>18.00 + W\u0142adys\u0142awa(k) KIECA &nbsp;<\/p>\n<p><strong>Niedziela: <\/strong><\/p>\n<p>7.30 Z R\u00f3\u017cy Tadeusza ANTOLAKA za \u017cyj\u0105cych i zmar\u0142ych<\/p>\n<p>9.30 \u015aW: + Maria, W\u0142adys\u0142aw, Jan PIEKUTOWSCY &nbsp;<\/p>\n<p>11.00 Za Parafian<\/p>\n<p>12.00 W intencji dzieci Pierwszokomunijnych &nbsp;&nbsp;<\/p>\n<p>&nbsp;<\/p>\n<p style=\"text-align: center;\"><span style=\"color: #008000;\"><strong>Wszystkim Wam \u017cycz\u0119 dobrej niedzieli<\/strong><\/span><\/p>\n<hr>\n<blockquote><p><span style=\"font-size: 18pt; color: #008000;\"><strong>2 Niedziela Wielkanocna &#8211; 12.04.2026<\/strong><\/span><\/p><\/blockquote>\n<ol>\n<li style=\"text-align: justify;\">Dzi\u015b zmiana tajemnic r\u00f3\u017ca\u0144cowych. Dzi\u015b te\u017c <strong>Niedziela Mi\u0142osierdzia<\/strong> rozpoczynaj\u0105ca tydzie\u0144 mi\u0142osierdzia. Ofiary z\u0142o\u017cone po Mszy do puszki, zostan\u0105 przeznaczone na Caritas. W czasie sumy, dzieci przygotowuj\u0105ce si\u0119 do I Komunii \u015bw. otrzymaj\u0105 ksi\u0105\u017ceczki.<\/li>\n<li style=\"text-align: justify;\">Msze \u015bw. w tym tygodniu codziennie poza sobot\u0105 o 18.00. W sobot\u0119 o 7.00. Dodatkowa Msza w poniedzia\u0142ek, \u015brod\u0119 i pi\u0105tek o 17.00. W \u015arednim Wielkim w czwartek o 17.00.<\/li>\n<li>Kandydat\u00f3w do bierzmowania zapraszam na <strong>Triduum przed bierzmowaniem<\/strong> w \u015brod\u0119, czwartek i pi\u0105tek o godz. 18.00. Bierzmowanie w sobot\u0119 o 15.00 w Czaszynie. Pami\u0119tajmy o modlitwie za naszych kandydat\u00f3w do bierzmowania.<\/li>\n<li>Spotkanie <strong>Akcji Katolickiej<\/strong> w poniedzia\u0142ek po Mszy.<\/li>\n<li><strong>Nowenna<\/strong> do naszej Patronki NMP Kr\u00f3lowej Polski w \u015brod\u0119 po Mszy.<\/li>\n<li><strong>Zbi\u00f3rka ministrant\u00f3w <\/strong>w pi\u0105tek po Mszy.<\/li>\n<li>Spotkanie organizacyjne dla os\u00f3b, kt\u00f3re zg\u0142osi\u0142y si\u0119 na <strong>pielgrzymk\u0119 do Medjugorie,<\/strong> b\u0119dzie 6 maja po Mszy o 18.00 w salce przy plebanii w Tarnawie G\u00f3rnej. Zwolni\u0142o si\u0119 jedno miejsce, gdyby kto\u015b mia\u0142 jeszcze ochot\u0119 pojecha\u0107.<\/li>\n<li>Ofiary z\u0142o\u017cone w czasie adoracji krzy\u017ca w Wielki Pi\u0105tek \u2013 330 z\u0142., zosta\u0142y przekazane na <strong>renowacj\u0119 zabytk\u00f3w Ziemi \u015awi\u0119tej<\/strong>. &nbsp;<\/li>\n<li>Trosk\u0119 o czysto\u015b\u0107 w ko\u015bciele powierzamy nast\u0119puj\u0105cym osobom:<\/li>\n<\/ol>\n<p><strong>\u0141ukowe: <\/strong>Bo\u017cena STR\u00d3\u017bAK, Janusz KUREK, Renata KRAJNIK<\/p>\n<p><strong>\u015arednie Wielkie:<\/strong> Paulina SMUTEK, Andrzej STR\u00d3\u017bAK<\/p>\n<ol start=\"10\">\n<li>Intencje mszalne w tym tygodniu: &nbsp;<\/li>\n<\/ol>\n<p><strong>Poniedzia\u0142ek: <\/strong><\/p>\n<p>17.00 + W\u0142adys\u0142aw KRAJZEWICZ od wnuczki Justyny z m\u0119\u017cem z rodziny Michur<\/p>\n<p>18.00 Za Parafian<\/p>\n<p><strong>Wtorek:&nbsp;<\/strong><\/p>\n<p>18.00 + Kamila i Franciszek SIEDLECCY<\/p>\n<p><strong>\u015aroda: <\/strong><\/p>\n<p>17.00 + W\u0142adys\u0142aw KRAJZEWICZ od Zygmunta Jasiewicz z rodzin\u0105<\/p>\n<p>18.00 + Ma\u0142gorzata i Zygmunt<\/p>\n<p><strong>Czwartek: <\/strong><\/p>\n<p>17.00 \u015aW: + Ryszard i Marzena WANIA od c\u00f3rki i siostry Anny &nbsp;<\/p>\n<p>18.00 + J\u00f3zefa(k) i Franciszek STUSIK &nbsp;<\/p>\n<p><strong>Pi\u0105tek: <\/strong><\/p>\n<p>17.00 + W\u0142adys\u0142aw KRAJZEWICZ od rodziny Kindlik z Przemy\u015bla<\/p>\n<p>18.00 O zdrowie i jedno\u015b\u0107 w rodzinie &nbsp;<\/p>\n<p><strong>Sobota: <\/strong><\/p>\n<p>7.00 + Rodzic\u00f3w: Jan i Stefania CHMURA w roczn. \u015bm.<\/p>\n<p><strong>Niedziela: <\/strong><\/p>\n<p>7.30 + J\u00f3zef<\/p>\n<p>9.30 \u015aW: Dzi\u0119kczynna z okazji 50. urodzin Ewy KUSIAK od m\u0119\u017ca i dzieci<\/p>\n<p>11.00 Dzi\u0119kczynna w 35. roczn. \u015blubu Doroty i Wies\u0142awa od dzieci i wnuk\u00f3w &nbsp;<\/p>\n<p>&nbsp;<\/p>\n<p style=\"text-align: center;\"><span style=\"color: #ff0000;\"><strong>Wszystkim Wam \u017cycz\u0119 do\u015bwiadczenia nie raz Bo\u017cego Mi\u0142osierdzia<\/strong><\/span><\/p>\n<hr>\n<blockquote>\n<p style=\"text-align: center;\"><span style=\"font-size: 18pt; color: #008000;\"><strong>Niedziela Zmartwychwstania Pa\u0144skiego&nbsp; &#8211; 5.04.2026<\/strong><\/span><\/p>\n<\/blockquote>\n<ol>\n<li style=\"text-align: justify;\"><strong>Bardzo serdecznie dzi\u0119kuj\u0119<\/strong> Wam wszystkim, zar\u00f3wno mieszka\u0144com naszej Parafii, jak i szanownym Go\u015bciom, za wsp\u00f3lne prze\u017cywanie Triduum Paschalnego i Wielkanocy. Osobom, kt\u00f3re wysprz\u0105ta\u0142y ko\u015bci\u00f3\u0142, przygotowa\u0142y dekoracje Ciemnicy i Bo\u017cego Grobu, Ochotniczej Stra\u017cy Po\u017carnej za trzymanie warty, przygotowanie ogniska i Wasz\u0105 obecno\u015b\u0107, czytaj\u0105cym czytania mszalne. Szczeg\u00f3lne podzi\u0119kowania dla Pana Ko\u015bcielnego Tomasza i Pana Organisty Jakuba, ich niezb\u0119dn\u0105 pos\u0142ug\u0119. Lektorom i ministrantom, za wzorowe wype\u0142nienie wszystkich funkcji liturgicznych. B\u00f3g zap\u0142a\u0107.<\/li>\n<li><strong>\u015arednie Wielkie:<\/strong> Dzi\u0119kuj\u0119 te\u017c za \u017cyczenia i kwiaty z Waszej strony, jakie otrzyma\u0142em w Wielki Czwartek.<\/li>\n<li style=\"text-align: justify;\"><strong>Msze \u015bw. w tym tygodniu<\/strong>: jutro w Poniedzia\u0142ek Wielkanocny w porz\u0105dku niedzielnym. Po sumie procesja na cmentarz. Od wtorku codziennie Oktawa Wielkanocy o 18.00. Dodatkowa Msza \u015bw. o 17.00 poza czwartkiem i sobot\u0105. W \u015brod\u0119 po Mszy o 18.00 nowenna do naszej Patronki NMP Kr\u00f3lowej Polski. W czwartek Msza w <strong>\u015arednim Wielkim<\/strong> o 17.00. Z racji Oktawy Wielkanocy w najbli\u017cszy pi\u0105tek, nie obowi\u0105zuje nas wstrzemi\u0119\u017aliwo\u015b\u0107 od pokarm\u00f3w mi\u0119snych.<\/li>\n<li style=\"text-align: justify;\"><strong>Dzi\u015b sk\u0142adka<\/strong> na Seminarium Duchowne. Za tydzie\u0144 Niedziela Mi\u0142osierdzia Bo\u017cego. Kto chce, mo\u017ce za tydzie\u0144 z\u0142o\u017cy\u0107 skarbonki wielkopostne przy obrazie Mi\u0142osierdzia Bo\u017cego. Sk\u0142adka do puszki za tydzie\u0144 na potrzeby Caritas. Na sumie dzieci przygotowuj\u0105ce si\u0119 do I Komunii otrzymaj\u0105 ksi\u0105\u017ceczki. Dzi\u0119kuj\u0119 rodzicom dzieci pierwszokomunijnych, za ufundowanie nowej kropielnicy przy wej\u015bciu do ko\u015bcio\u0142a. Za tydzie\u0144 te\u017c zmiana tajemnic r\u00f3\u017ca\u0144cowych.<\/li>\n<li style=\"text-align: justify;\">W ubieg\u0142ym miesi\u0105cu w kopertach na tac\u0119 z\u0142o\u017cyli\u015bcie 5 610 z\u0142., ponadto 8 os\u00f3b wp\u0142aci\u0142o na konto parafialne 500 z\u0142. Co daje nam w miesi\u0105cu marcu kwot\u0119 6 110 z\u0142. Na kwiaty do Bo\u017cego Grobu R\u00f3\u017ce r\u00f3\u017ca\u0144cowe z\u0142o\u017cy\u0142y 1 700 z\u0142. Na kwiaty posz\u0142o 1 450 z\u0142., 250 z\u0142 b\u0119dzie na kwiaty na kolejne niedziele. A od siebie dzi\u0119kuj\u0119 za ofiary 247 z\u0142, jako podzi\u0119kowanie za po\u015bwi\u0119cenie pokarm\u00f3w.<\/li>\n<li>Trosk\u0119 o czysto\u015b\u0107 w ko\u015bciele powierzamy nast\u0119puj\u0105cym osobom:<\/li>\n<\/ol>\n<p><strong>\u0141ukowe: <\/strong>Aneta KUSIAK, Alfred FURTAK, Mieczys\u0142aw KUREK.<\/p>\n<p><strong>\u015arednie Wielkie:<\/strong> Iwona KUSIAK, Ma\u0142gorzata CIEPIELA<\/p>\n<ol start=\"7\">\n<li>Intencje mszalne w tym tygodniu: &nbsp;<\/li>\n<\/ol>\n<p><strong>Poniedzia\u0142ek: <\/strong><\/p>\n<p>7.30 + Wies\u0142aw i Stanis\u0142aw SZLAGA od rodziny<\/p>\n<p>9.30 \u015aW: + Zdzis\u0142aw JANKOWSKI od \u017cony i dzieci<\/p>\n<p>11.00 + Felicja MILCZANOWSKA od syna Henryka<\/p>\n<p><strong>Wtorek:&nbsp;<\/strong><\/p>\n<p>17.00 + W\u0142adys\u0142aw Krajzewicz od Adeli Jasiewicz<\/p>\n<p>18.00 + Danuta i Jan WALKO<\/p>\n<p><strong>\u015aroda: <\/strong><\/p>\n<p>17.00 + W\u0142adys\u0142aw Krajzewicz od Iwony i Krzysztofa Bujak<\/p>\n<p>18.00 W intencji rodziny SKOCKICH<\/p>\n<p><strong>Czwartek: <\/strong><\/p>\n<p>17.00 \u015aW: +Stanis\u0142awa(k) KUCHARSKA w 20 roczn. \u015bm. od wnuczki z rodzin\u0105<\/p>\n<p>18.00 + Weronika, Piotr, Marek od c\u00f3rki Haliny z m\u0119\u017cem<\/p>\n<p><strong>Pi\u0105tek: <\/strong><\/p>\n<p>17.00 + W\u0142adys\u0142aw Krajzewicz od wnuka z \u017con\u0105 z Kunda<\/p>\n<p>18.00 Dzi\u0119kczynna w 56. rocznic\u0119 \u015blubu Heleny i Stanis\u0142awa<\/p>\n<p><strong>Sobota: <\/strong><\/p>\n<p>16.00 O zdrowie i Bo\u017ce b\u0142ogos\u0142awie\u0144stwo dla dzieci i wnuk\u00f3w od rodzic\u00f3w i dziadk\u00f3w Wies\u0142awy i J\u00f3zefa<\/p>\n<p>18.00 O zdrowie dla Jana, Heleny i Roberta MARCINIK<\/p>\n<p><strong>Niedziela: <\/strong><\/p>\n<p>7.30 + Wojciech<\/p>\n<p>9.30 \u015aW: Dzi\u0119kczynna Doroty i Zenona SYDORCZAK<\/p>\n<p>11.00 + Edward, Czes\u0142awa(k), Andrzej PRENKIEWICZ od c\u00f3rki Barbary Molek z rodzin\u0105<\/p>\n<p>&nbsp;<\/p>\n<p style=\"text-align: center;\"><span style=\"color: #008000;\"><strong>Wszystkim mieszka\u0144com naszej Parafii i Szanownym Go\u015bciom, <\/strong><\/span><\/p>\n<p style=\"text-align: center;\"><span style=\"color: #008000;\"><strong>\u017cycz\u0119 tradycyjnie Weso\u0142ych \u015awi\u0105t <\/strong><\/span><\/p>\n<p style=\"text-align: center;\"><span style=\"color: #008000;\"><strong>i dobrego \u015bwi\u0119towania Zmartwychwstania Pa\u0144skiego<br \/>\nw gronie najbli\u017cszych os\u00f3b. <\/strong><\/span><\/p>\n<p style=\"text-align: center;\"><span style=\"color: #008000;\"><strong>Szcz\u0119\u015b\u0107 Bo\u017ce!<\/strong><\/span><\/p>\n<p><strong>&nbsp;<\/strong><\/p>\n<hr>\n<blockquote><p><span style=\"font-size: 18pt; color: #ff0000;\"><strong>6 Niedziela Wielkiego Postu &#8211; 29. 03. 2026r.<\/strong><\/span><\/p><\/blockquote>\n<ol>\n<li style=\"text-align: justify;\">Dzi\u015b <strong>Niedziela Palmowa<\/strong>, na ka\u017cdej Mszy po\u015bwi\u0119cenie palm. Niedziela Palmowa rozpoczyna <strong>Wielki Tydzie\u0144<\/strong> przygotowuj\u0105cy nas do Wielkanocy. Wielkanoc poprzedzili\u015bmy spowiedzi\u0105 parafialn\u0105. Dzi\u0119kuj\u0119 za bardzo du\u017c\u0105 frekwencj\u0119 wczoraj, w czasie naszej spowiedzi parafialnej.<\/li>\n<li>W tym tygodniu do wtorku w\u0142\u0105cznie Msze \u015bw. o 18.00. <strong>Przechodzimy na czas letni. <\/strong><\/li>\n<li style=\"text-align: justify;\">W \u015brod\u0119 zapraszam na <strong>Drog\u0119 krzy\u017cow\u0105 na G\u00f3r\u0119 Mi\u0142osierdzia<\/strong>. Msza \u015bw. w \u015brod\u0119 b\u0119dzie o 16.30, a po niej wyruszy Droga krzy\u017cowa.<\/li>\n<li style=\"text-align: justify;\"><strong>Wszystkich<\/strong> bardzo zapraszam do <strong>wsp\u00f3lnego prze\u017cycia Triduum Paschalnego<\/strong> \u2013 <strong>Wielkiego Czwartku, Wielkiego Pi\u0105tku i Wielkiej Soboty<\/strong>. S\u0105 to najwa\u017cniejsze dni w ci\u0105gu roku, przygotowuj\u0105ce nas do Wielkanocy.<\/li>\n<li style=\"text-align: justify;\">W <strong>Wielki Czwartek<\/strong> Uroczysta Msza \u015bw. Wieczerzy Pa\u0144skiej. Podzi\u0119kujemy szczeg\u00f3lnie za sakramenty Eucharystii i kap\u0142a\u0144stwa. W <strong>\u015arednim Wielkim<\/strong> Msza o 16.00 i procesja do Ciemnicy z Adoracj\u0105 do godz. 20.00. W <strong>\u0141ukowem<\/strong> Msza o 18.00 i procesja do Ciemnicy z Adoracj\u0105 do godz. 22.00. Rano w obu ko\u015bcio\u0142ach adoracja od 8.00.<\/li>\n<li style=\"text-align: justify;\">W <strong>Wielki Pi\u0105tek<\/strong> obowi\u0105zuje wstrzemi\u0119\u017aliwo\u015b\u0107 od pokarm\u00f3w mi\u0119snych wszystkich, kt\u00f3rzy uko\u0144czyli 14. rok \u017cycia, oraz post ilo\u015bciowy wszystkich wiernych, kt\u00f3rzy uko\u0144czyli 18. rok \u017cycia, a nie rozpocz\u0119li 60. W Wielki Pi\u0105tek, zach\u0119cam do odprawienia sobie w ci\u0105gu dnia w czasie trwania Adoracji w ko\u015bciele Drogi krzy\u017cowej, czy to rodzinnie, czy indywidualnie. Liturgia M\u0119ki Pa\u0144skiej w <strong>\u015arednim Wielkim<\/strong> o 16.00 z Adoracj\u0105 w Bo\u017cym Grobie do godz. 20.00. Liturgia M\u0119ki Pa\u0144skiej w <strong>\u0141ukowem<\/strong> o godz. 18.00 z Adoracj\u0105 w Bo\u017cym Grobie do godz. 22.00. Rano adoracja w obu ko\u015bcio\u0142ach od 8.00. <strong>Stra\u017cak\u00f3w<\/strong> prosz\u0119, by zgodnie z tradycj\u0105 trzymali wart\u0119 w naszych ko\u015bcio\u0142ach. Prosz\u0119 te\u017c, aby Stra\u017cacy przygotowali ogniska na liturgi\u0119 Wigilii Paschalnej w Wielk\u0105 Sobot\u0119. Ofiary sk\u0142adane przy adoracji krzy\u017ca w Wielki Pi\u0105tek i Wielk\u0105 Sobot\u0119, zostan\u0105 przekazane na renowacj\u0119 zabytk\u00f3w Ziemi \u015awi\u0119tej.<\/li>\n<li style=\"text-align: justify;\">W <strong>Wielk\u0105 Sobot\u0119<\/strong> po\u015bwi\u0119cenie pokarm\u00f3w wielkanocnych w <strong>ko\u015bciele w \u0141ukowem <\/strong>o godz. 8.00, 9.00, 11.00 i 12.00. W <strong>\u015arednim Wielkim w \u015awietlicy<\/strong> o 9.30, w <strong>ko\u015bciele<\/strong> o 9.45. W <strong>\u015awietlicy w Kalnicy<\/strong> o 10.00. Stra\u017cacy w \u015arednim Wielkim b\u0119d\u0105 zbierali jajka i ofiary na swoje cele. Wieczorem liturgia Wigilii Paschalnej \u2013 Matka wszystkich liturgii, tym bardziej zapraszam, przychodzimy ze \u015bwiecami. W <strong>\u0141ukowem<\/strong> o 18.00 a w <strong>\u015arednim Wielkim <\/strong>o 20.00, po liturgii w \u015arednim Wielkim procesja rezurekcyjna.<\/li>\n<li style=\"text-align: justify;\">W <strong>Niedziel\u0119 Wielkanocn\u0105<\/strong> Msze \u015bw. w nast\u0119puj\u0105cym porz\u0105dku: W <strong>\u0141ukowem<\/strong> o 6.00 Rezurekcja i suma o 11.00. W <strong>\u015arednim Wielkim<\/strong> o 9.30. Ca\u0142y porz\u0105dek nabo\u017ce\u0144stw&nbsp; w czasie Triduum jest tak\u017ce na naszej stronie parafialnej, w og\u0142oszeniach i na facebooku.&nbsp;<\/li>\n<li style=\"text-align: justify;\">Zach\u0119cam ch\u0119tnych do w\u0142\u0105czenia si\u0119 w funkcje liturgiczne. Przy okazji, zach\u0119cam osoby doros\u0142e do czytania <strong>czyta\u0144 mszalnych i modlitwy wiernych<\/strong>, czy to w tygodniu, czy w niedziele w ci\u0105gu roku.<\/li>\n<\/ol>\n<p>10. Sk\u0142adka za tydzie\u0144 na Seminarium Duchowne w Przemy\u015blu.<\/p>\n<p><strong>11. \u015arednie Wielkie:<\/strong> B\u00f3g zap\u0142a\u0107 R\u00f3\u017com r\u00f3\u017ca\u0144cowym za z\u0142o\u017cenie ofiary na kwiaty do ciemnicy i Bo\u017cego Grobu: R\u00f3\u017ca P. Barbary Jankowskiej 200 z\u0142. i R\u00f3\u017ca P. Stanis\u0142awy Kraus 200 z\u0142.<\/p>\n<p>12. Zosta\u0142a zainstalowana nowa brama przy plebanii, koszt 5 000 z\u0142. Zosta\u0142y te\u017c profesjonalnie przyci\u0119te krzewy dooko\u0142a ko\u015bcio\u0142a. Koszt us\u0142ugi 500 z\u0142. Dzi\u0119kuj\u0119 te\u017c osobom, kt\u00f3re bezinteresownie posprz\u0105ta\u0142y obej\u015bcie ko\u015bcio\u0142a.<\/p>\n<p>13. Po kilku miesi\u0105cach pocz\u0105wszy od pa\u017adziernika ubieg\u0142ego roku uda\u0142o nam si\u0119 wreszcie zgromadzi\u0107 wymagane pozwolenia i dokumenty do pierwszego etapu instalacji ogrzewania w ko\u015bciele parafialnym. Ruszy\u0142y ju\u017c w tym tygodniu prace ziemne. Obok plebanii zosta\u0142a wkopana butla na gaz, gdy\u017c z racji zabytk\u00f3w jakim jest ko\u015bci\u00f3\u0142 i dawny przyko\u015bcielny cmentarz butla musi znajdowa\u0107 si\u0119 poza tym obszarem. Prace b\u0119d\u0105 post\u0119powa\u0107. B\u00f3g zap\u0142a\u0107 te\u017c za coraz wi\u0119ksz\u0105 ofiarno\u015b\u0107 na cele remontowe. Szczeg\u00f3\u0142owe rozliczenie z ofiar, jak zawsze na pocz\u0105tku nowego miesi\u0105ca.<\/p>\n<p>14. Trosk\u0119 o czysto\u015b\u0107 w ko\u015bciele powierzamy nast\u0119puj\u0105cym osobom:<\/p>\n<p><strong>\u0141ukowe: <\/strong>Tadeusz KUREK, Joanna PESZKO, Czes\u0142awa KUREK.<\/p>\n<p style=\"text-align: justify;\"><strong>\u015arednie Wielkie:<\/strong> osoby, kt\u00f3re ju\u017c wcze\u015bniej wyznaczyli\u015bcie na czas \u015bwi\u0105teczny, czyli: Maria SOWA, Justyna FRANCZAK, Lena DZIUBAK, Magdalena DZIUBAK, Natalia \u0141UCZENKO, Dorota P\u0141OSKA.&nbsp;<\/p>\n<ol start=\"15\">\n<li>Intencje mszalne w tym tygodniu: &nbsp;<\/li>\n<\/ol>\n<p><strong>Poniedzia\u0142ek: <\/strong><\/p>\n<p>18.00 Za Barbar\u0119 o \u0142ask\u0119 zdrowia, opiek\u0119 Bo\u017c\u0105 i wytrwa\u0142o\u015b\u0107 w chorobie<\/p>\n<p><strong>Wtorek:&nbsp;<\/strong><\/p>\n<p>18.00 + Mieczys\u0142awa(k) WO\u0141KOWYCKA od swat\u00f3w \u2013 Wies\u0142awy i Czes\u0142awa Stach<br \/>\nz \u0141ukowego &nbsp;<\/p>\n<p><strong>\u015aroda: <\/strong><\/p>\n<p>16.30 + Albin STACH, Halina, Piotr, Wies\u0142aw WR\u00d3BEL, Krystyna OPAR<\/p>\n<p><strong>Czwartek: <\/strong><\/p>\n<p>16.00 \u015aW: Za kap\u0142an\u00f3w<\/p>\n<p>18.00 \u0141: + Zofia<\/p>\n<p><strong>Pi\u0105tek: <\/strong><\/p>\n<p>16.00 \u015aW: Ko\u015bci\u00f3\u0142 nie sprawuje w dniu dzisiejszym Eucharystii.<\/p>\n<p>18.00 \u0141: Ko\u015bci\u00f3\u0142 nie sprawuje w dniu dzisiejszym Eucharystii<\/p>\n<p><strong>Sobota: <\/strong><\/p>\n<p>18.00 \u0141: + Krystyna, Franciszek, Stanis\u0142aw WALKO<\/p>\n<p>20.00 \u015aW: + Ma\u0142gorzata SYMION ostatnia intencja od uczestnik\u00f3w pogrzebu<\/p>\n<p><strong>Niedziela: <\/strong><\/p>\n<p>6.00 \u0141: + Halina STACH, Albin, Piotr WR\u00d3BEL, Wies\u0142aw Krystyna OPAR od Andrzeja za rodzin\u0105<\/p>\n<p>9.30 \u015aW: + Irena i Stefan MORAWA od c\u00f3rki i m\u0119\u017ca<\/p>\n<p>11.00 \u0141: Za Parafian<\/p>\n<p>&nbsp;<\/p>\n<p style=\"text-align: center;\"><span style=\"color: #ff0000;\"><strong>Wszystkim mieszka\u0144com naszej Parafii i Szanownym Go\u015bciom, \u017cycz\u0119 tradycyjnie Weso\u0142ych \u015awi\u0105t i dobrego \u015bwi\u0119towania Zmartwychwstania Pa\u0144skiego<br \/>\nw gronie najbli\u017cszych os\u00f3b. <\/strong><\/span><\/p>\n<p style=\"text-align: center;\"><span style=\"color: #ff0000;\"><strong>Szcz\u0119\u015b\u0107 Bo\u017ce!<\/strong><\/span><\/p>\n<hr>\n<blockquote>\n<p style=\"text-align: center;\"><span style=\"color: #800080; font-size: 18pt;\"><strong>5 Niedziela Wielkiego Postu &#8211; 22. 03. 2026r.<\/strong><\/span><\/p>\n<\/blockquote>\n<ol>\n<li style=\"text-align: justify;\">Zgodnie z polsk\u0105 tradycj\u0105 od dzisiejszej niedzieli zas\u0142aniamy krzy\u017ce w ko\u015bciele. Pozostaj\u0105 one zas\u0142oni\u0119te, a\u017c do liturgii Wielkiego Pi\u0105tku.<\/li>\n<li style=\"text-align: justify;\"><strong>Msze \u015bw. w tym tygodniu<\/strong> codziennie o 17.00. Wyj\u0105tkowo z racji spowiedzi w dekanacie w czwartek i w sobot\u0119 b\u0119dzie Msza o 7.00. <strong>Dodatkowa<\/strong> Msza \u015bw. o 16.00 w poniedzia\u0142ek, \u015brod\u0119 i pi\u0105tek.<\/li>\n<li style=\"text-align: justify;\"><strong>Rodzic\u00f3w uczni\u00f3w klasy \u00f3smej<\/strong>, kt\u00f3rzy 18 kwietnia przyjm\u0105 sakrament bierzmowania zapraszam na spotkanie w poniedzia\u0142ek po Mszy.<\/li>\n<li style=\"text-align: justify;\">W \u015brod\u0119 25 marca <strong>Uroczysto\u015b\u0107 Zwiastowania Naj\u015bwi\u0119tszej Maryi Panny<\/strong>, po Mszy nowenna do naszej Patronki NMP Kr\u00f3lowej Polski.<\/li>\n<li style=\"text-align: justify;\"><strong>Droga krzy\u017c\u00f3wa<\/strong> w \u015arednim Wielkim w czwartek po Mszy o 18.15, w \u0141ukowem w pi\u0105tek po Mszy o 17.00. <strong>Gorzkie \u017bale<\/strong> za tydzie\u0144 w \u015arednim Wielkim o 9.10, a w \u0141ukowem po sumie.<\/li>\n<li style=\"text-align: justify;\"><strong>Spowied\u017a przed\u015bwi\u0105teczna<\/strong> w naszej Parafii w sobot\u0119 28 marca od godz. 9.00 do 10.30 i od 11.00 do 12.00. W \u015arednim Wielkim od 10.00 do 12.00.<\/li>\n<li style=\"text-align: justify;\"><strong>Starszych i chorych <\/strong>odwiedz\u0119 ze spowiedzi\u0105 i Komuni\u0105 \u015bw. w czwartek 26 marca. Prosz\u0119 o zg\u0142oszenia w zakrystii, albo telefonicznie.<\/li>\n<li style=\"text-align: justify;\">W najbli\u017csz\u0105 niedziel\u0119 <strong>Niedziela Palmowa<\/strong>, czyli M\u0119ki Pa\u0144skiej. Na ka\u017cdej Mszy po\u015bwi\u0119cenie palm.<\/li>\n<li>W ubieg\u0142\u0105 niedziel\u0119 z\u0142o\u017cyli\u015bcie do puszki na <strong>Fundacj\u0119 Wzrastanie<\/strong> <strong>347<\/strong> <strong>z\u0142<\/strong>. B\u00f3g zap\u0142a\u0107.<\/li>\n<\/ol>\n<p><strong>10. Zbi\u00f3rka ministrant\u00f3w<\/strong> w \u015arednim Wielkim w czwartek po Mszy i drodze krzy\u017cowej, a w \u0141ukowem w pi\u0105tek po Mszy i drodze krzy\u017cowej.<\/p>\n<p>11. Trosk\u0119 o czysto\u015b\u0107 w ko\u015bciele powierzamy nast\u0119puj\u0105cym osobom:<\/p>\n<p><strong>\u0141ukowe: <\/strong>Artur SZLAGA, Iwona MIEDZI\u0143SKA, Ma\u0142gorzata PUZIO.<\/p>\n<p><strong>\u015arednie Wielkie:<\/strong> Katarzyna MOKWA, Teresa KIELNIAK.<\/p>\n<p><strong>A na Wielkanoc w \u015arednim Wielkim:<\/strong> Maria SOWA, Justyna FRANCZAK, Lena DZIUBAK, Magdalena DZIUBAK, Natalia \u0141UCZENKO, Dorota P\u0141OSKA.&nbsp;<\/p>\n<ol start=\"12\">\n<li><strong>Intencje mszalne w tym tygodniu: &nbsp;<\/strong><\/li>\n<\/ol>\n<p><strong>Poniedzia\u0142ek: <\/strong><\/p>\n<p>16.00 + W\u0142adys\u0142aw KRAJZEWICZ od c\u00f3rki Marioli z rodzin\u0105<\/p>\n<p>17.00 + Czes\u0142aw WR\u00d3BEL<\/p>\n<p><strong>Wtorek:&nbsp;<\/strong><\/p>\n<p>17.00 Za wnuka Kajetana aby nie zatraci\u0142 wiary w Boga oraz o dary Ducha \u015aw. na czas egzaminu maturalnego<\/p>\n<p><strong>\u015aroda: <\/strong><\/p>\n<p>16.00 + W\u0142adys\u0142aw KRAJZEWICZ od rodziny Doma\u0144skich<\/p>\n<p>17.00 + Anna, Zofia, J\u00f3zef KRUPA<\/p>\n<p><strong>Czwartek: <\/strong><\/p>\n<p>7.00 Za Karolin\u0119 o Bo\u017c\u0105 pomoc i \u0142aski w pracy, nauce i wyborach \u017cyciowych oraz o sta\u0142\u0105 opiek\u0119 \u015bw. Krzysztofa na czas jazdy samochodem<\/p>\n<p>18.15 \u015arednie Wielkie: + Ma\u0142gorzata SYMION od uczestnik\u00f3w pogrzebu<\/p>\n<p><strong>Pi\u0105tek: <\/strong><\/p>\n<p>16.00 + W\u0142adys\u0142aw KRAJZEWICZ od koleg\u00f3w i kole\u017canek Anety z firmy Falklandy Zas\u0142aw<\/p>\n<p>17.00 + Antoni PA\u0141ASZ<\/p>\n<p><strong>Sobota: <\/strong><\/p>\n<p>7.00 + W\u0142adys\u0142aw KRAJZEWICZ od Ewy i Piotra Kusiak z rodzin\u0105<\/p>\n<p><strong>Niedziela: <\/strong><\/p>\n<p>7.30 Za dusze w czy\u015b\u0107cu cierpi\u0105ce<\/p>\n<p>9.30 \u015arednie Wielkie: + Tomasz, Janina, Fryderyk DUPLAGA<\/p>\n<p>11.00 Za Parafian<\/p>\n<p>&nbsp;<\/p>\n<p style=\"text-align: center;\"><strong>Wszystkim \u017cycz\u0119 dobrej niedzieli i dobrego tygodnia.<\/strong><\/p>\n<hr>\n<blockquote>\n<p style=\"text-align: center;\"><span style=\"font-size: 18pt; color: #800080;\"><strong>4 Niedziela Wielkiego Postu &#8211; 15. 03. 2026r.<\/strong><\/span><\/p>\n<\/blockquote>\n<ol>\n<li style=\"text-align: justify;\">Jak s\u0142yszycie, mamy <strong>nowego Organist\u0119<\/strong>. Pan Ryszard, ju\u017c z nami jest od pi\u0105tku. B\u0119dzie gra\u0142 na organach i w tygodniu i w niedziele. Witamy w naszej Parafii.<\/li>\n<li style=\"text-align: justify;\">Dzisiaj po Mszach ofiar\u0105 do puszki wspieramy <strong>Fundacj\u0119 Wzrastanie,<\/strong> prowadz\u0105ca na terenie naszej archidiecezji Domy dziecka, plac\u00f3wki opieku\u0144cze i warsztaty terapii zaj\u0119ciowej dla dzieci i m\u0142odzie\u017cy.<\/li>\n<li style=\"text-align: justify;\">Msze \u015bw. w tym tygodniu codziennie o 17.00. Dodatkowa Msza od poniedzia\u0142ku do \u015brody o 16.00.<\/li>\n<li style=\"text-align: justify;\"><strong>Nowenna<\/strong> do naszej Patronki NMP Kr\u00f3lowej Polski w \u015brod\u0119 po Mszy o 17.00.<\/li>\n<li style=\"text-align: justify;\">W czwartek<strong> uroczysto\u015b\u0107 \u015bw. J\u00f3zefa, <\/strong>Oblubie\u0144ca NMP, dzie\u0144 szczeg\u00f3lnej modlitwy za ojc\u00f3w. To dzie\u0144 imienin Abpa seniora J\u00f3zefa Michalika. Osob\u0119 solenizanta otaczamy nasz\u0105 modlitw\u0105.<\/li>\n<li style=\"text-align: justify;\"><strong>W \u015arednim Wielkim<\/strong> Msza w czwartek <strong>wyj\u0105tkowo o godz. 16.00<\/strong> i droga krzy\u017cowa, bo o 18.00 tego dnia jest Odpust ku czci \u015bw. J\u00f3zefa w Koma\u0144czy.<\/li>\n<li style=\"text-align: justify;\"><strong>W \u0141ukowem<\/strong> droga krzy\u017c\u00f3wa w pi\u0105tek po Mszy o 17.00. Gorzkie \u017bale za tydzie\u0144 po Mszy o 7.30.<\/li>\n<li>Bardzo dzi\u0119kujemy <strong>R\u00f3\u017com r\u00f3\u017ca\u0144cowym<\/strong> za z\u0142o\u017cenie ofiar na kwiaty do Ciemnicy i Bo\u017cego Grobu. R\u00f3\u017ca P. Agaty Tokarz 250 z\u0142., R\u00f3\u017ca P. El\u017cbiety Stusik 200 z\u0142., R\u00f3\u017ca P. Doroty Swalarz 200 z\u0142., R\u00f3\u017ca P. Bernadetty Zarzyczna 200 z\u0142., R\u00f3\u017ca P. Marii Siedleckiej 200 z\u0142. B\u00f3g zap\u0142a\u0107!<\/li>\n<li>Dzi\u0119kujemy te\u017c bardzo <strong>Pszczelarzom<\/strong> Pa\u0144stwu Ewelinie i Marcinowi Pomyka\u0142a oraz Panom Stanis\u0142awowi Puzio, Janowi Puzio i Eugeniuszowi Puzio za ufundowanie prawdziwego woskowego pascha\u0142u do naszego ko\u015bcio\u0142a parafialnego.<\/li>\n<li>Trosk\u0119 o czysto\u015b\u0107 w ko\u015bciele powierzamy nast\u0119puj\u0105cym osobom:<\/li>\n<\/ol>\n<p><strong>\u0141ukowe: <\/strong>W\u0142adys\u0142awa KUSIAK, Krystyna KUSIAK, Agnieszka KUSIAK.&nbsp;<\/p>\n<p><strong>\u015arednie Wielkie:<\/strong> Dorota SYDORCZAK, Barbara ARMATA.<\/p>\n<ol start=\"10\">\n<li><strong>Intencje mszalne w tym tygodniu: &nbsp;<\/strong><\/li>\n<\/ol>\n<p>&nbsp;<\/p>\n<p><strong>Poniedzia\u0142ek: <\/strong><\/p>\n<p>16.00 + W\u0142adys\u0142aw KRAJZEWICZ od Bo\u017ceny i Jana Pala z rodzin\u0105<\/p>\n<p>17.00 + Pawe\u0142 STACH w kolejn\u0105 roczn. \u015bm. od chrze\u015bniaka Roberta Walko<\/p>\n<p><strong>Wtorek:&nbsp;<\/strong><\/p>\n<p>16.00 + W\u0142adys\u0142aw KRAJZEWICZ od Roberta Chamu\u0142ka z rodzin\u0105<\/p>\n<p>17.00 + J\u00f3zef i Eugenia SADLIK<\/p>\n<p><strong>\u015aroda: <\/strong><\/p>\n<p>16.00 + W\u0142adys\u0142aw KRAJZEWICZ od Antoniny Chamu\u0142ka z rodzin\u0105<\/p>\n<p>17.00 + Janina i Edward WR\u00d3BEL<\/p>\n<p><strong>Czwartek: <\/strong><\/p>\n<p>16.00 \u015aW: + Ma\u0142gorzata SYMION od uczestnik\u00f3w pogrzebu<\/p>\n<p>17.00 + Zbigniew i J\u00f3zef DOMALIK od Jana z rodzin\u0105<\/p>\n<p><strong>Pi\u0105tek: <\/strong><\/p>\n<p>17.00 + Jan, Anna, Kazimierz STEFANKO<\/p>\n<p><strong>Sobota: <\/strong><\/p>\n<p>17.00 + Maria i Franciszek MIREK<\/p>\n<p><strong>Niedziela: <\/strong><\/p>\n<p>7.30 W intencji Panu Bogu wiadomej<\/p>\n<p>9.30 \u015aW: Za Parafian<\/p>\n<p>11.00 + Maria, Stanis\u0142aw, Tadeusz SIKORA od c\u00f3rki i siostry<\/p>\n<p style=\"text-align: center;\"><strong>Wszystkim \u017cycz\u0119 dobrej niedzieli <\/strong><\/p>\n<p>&nbsp;<\/p>\n<hr>\n<blockquote>\n<p style=\"text-align: center;\"><span style=\"font-size: 18pt;\"><strong><span style=\"color: #800080;\">3 Niedziela Wielkiego Postu &#8211; 8. 03. 2026r.<\/span><\/strong><\/span><\/p>\n<\/blockquote>\n<ol>\n<li style=\"text-align: justify;\">Bardzo dzi\u0119kuj\u0119 wszystkim, kt\u00f3rzy uczestniczyli w naszych <strong>parafialnych<\/strong> <strong>rekolekcjach wielkopostnych<\/strong>. Pami\u0119tajmy o dobrych owocach rekolekcji: s\u0142uchajmy Boga, s\u0142uchajmy siebie, s\u0142uchajmy innych.<\/li>\n<li>Dzi\u015b po sumie, kolejne spotkanie formacyjne dla <strong>rodzic\u00f3w dzieci pierwszokomunijnych.<\/strong><\/li>\n<li><strong>Nowenna<\/strong> do naszej Patronki NMP Kr\u00f3lowej Polski w \u015brod\u0119 po Mszy o 17.00.<\/li>\n<li>Msze \u015bw. w tym tygodniu codziennie o 17.00. Dodatkowa Msza o 16.00.<\/li>\n<li><strong>W \u015arednim Wielkim<\/strong> Msza w czwartek o 18.15 i droga krzy\u017cowa.<\/li>\n<li><strong>W \u0141ukowem<\/strong> droga krzy\u017c\u00f3wa w pi\u0105tek po Mszy o 17.00. Gorzkie \u017bale za tydzie\u0144 po sumie o 11.00.<\/li>\n<li style=\"text-align: justify;\">Bardzo dzi\u0119kujemy <strong>R\u00f3\u017com r\u00f3\u017ca\u0144cowym<\/strong> za z\u0142o\u017cenie ofiar na kwiaty do Ciemnicy i Bo\u017cego Grobu. R\u00f3\u017ca P. Krystyny Str\u00f3\u017cak 300 z\u0142., R\u00f3\u017ca P. Heleny Wr\u00f3bel 200 z\u0142., R\u00f3\u017ca P. Heleny Nawrockiej 200 z\u0142. R\u00f3\u017ca P. Tadeusza Antolaka 200 z\u0142., R\u00f3\u017ca P. Heleny Izdebskiej 220 z\u0142. B\u00f3g zap\u0142a\u0107!<\/li>\n<li style=\"text-align: justify;\"><strong>Pan So\u0142tys Wsi \u015arednie Wielkie<\/strong> zaprasza mieszka\u0144c\u00f3w na zebranie wiejskie, kt\u00f3re odb\u0119dzie si\u0119 jutro, tj. 9 marca o godz. 18.00.<\/li>\n<li style=\"text-align: justify;\"><strong>Pan So\u0142tys Wsi \u0141ukowe<\/strong> zaprasza mieszka\u0144c\u00f3w na zebranie wiejskie, kt\u00f3re odb\u0119dzie si\u0119 jutro o godz. 17.30 w Domu Ludowym w \u0141ukowem. A 12 marca (czwartek) od godz. 15.00 do 16.30 w Domu Ludowym b\u0119dzie zbierany podatek.<\/li>\n<li><strong>Rad\u0119 Parafialn\u0105 <\/strong>zapraszam w sobot\u0119 na Msz\u0119 i spotkanie z Ks. Dziekanem.<\/li>\n<li>Zwr\u00f3ci\u0142a si\u0119 z pro\u015bb\u0105 o pomoc <strong>Fundacja Wzrastanie,<\/strong> prowadz\u0105ca na terenie naszego wojew\u00f3dztwa Domy dziecka, plac\u00f3wki opieku\u0144cze i warsztaty terapii zaj\u0119ciowej dla dzieci i m\u0142odzie\u017cy. Za tydzie\u0144 w niedziel\u0119, ofiar\u0105 do puszki mo\u017cna b\u0119dzie wesprze\u0107 dzia\u0142alno\u015b\u0107 tej fundacji.<\/li>\n<li>Trosk\u0119 o czysto\u015b\u0107 w ko\u015bciele powierzamy nast\u0119puj\u0105cym osobom:<\/li>\n<\/ol>\n<p><strong>\u0141ukowe: <\/strong>Maria \u015aLUSARCZYK, Marcin MICHALSKI, Maria STR\u00d3\u017bAK.&nbsp;<\/p>\n<p><strong>\u015arednie Wielkie:<\/strong> Barbara CIEPIELA, Halina SYDORCZAK.<\/p>\n<p>13. Wszystkim Kobietom w dniu Waszego \u015bwi\u0119ta, \u017cyczymy wszystkiego najlepszego, Bo\u017cego b\u0142ogos\u0142awie\u0144stwa i spe\u0142nienia marze\u0144.<\/p>\n<p><strong>14. Intencje mszalne w tym tygodniu: &nbsp;<\/strong><\/p>\n<p>&nbsp;<\/p>\n<p><strong>Poniedzia\u0142ek: <\/strong><\/p>\n<p>16.00 + W\u0142adys\u0142aw KRAJZEWICZ od s\u0105siadki Zofii<\/p>\n<p>17.00 + Wanda od siostry Ma\u0142gorzaty<\/p>\n<p><strong>Wtorek:&nbsp;<\/strong><\/p>\n<p>16.00 + W\u0142adys\u0142aw KRAJZEWICZ od Kazimiery i W\u0142adys\u0142awa Kusiak&nbsp;<\/p>\n<p>17.00 + Ludwika(k) i Nestor IZDEBSKI, Jan i Bronis\u0142awa(k) PYTLAK<\/p>\n<p><strong>\u015aroda: <\/strong><\/p>\n<p>16.00 + W\u0142adys\u0142aw KRAJZEWICZ od Moniki i Zbigniewa Molek<\/p>\n<p>17.00 + Stanis\u0142awa(k) i Stanis\u0142aw CYGAL<\/p>\n<p><strong>Czwartek: <\/strong><\/p>\n<p>16.00 + W\u0142adys\u0142aw KRAJZEWICZ od rodziny Cygal<\/p>\n<p>17.00 + Zofia<\/p>\n<p>18.15 \u015aW: + Ma\u0142gorzata SYMION od uczestnik\u00f3w pogrzebu<\/p>\n<p><strong>Pi\u0105tek: <\/strong><\/p>\n<p>16.00 + W\u0142adys\u0142aw KRAJZEWICZ od Zbigniewa Kunda z rodzin\u0105<\/p>\n<p>17.00 + Halina i Stefan WR\u00d3BEL<\/p>\n<p><strong>Sobota: <\/strong><\/p>\n<p>16.00 + W\u0142adys\u0142aw KRAJZEWICZ od Anny i Henryka Kunda z rodzin\u0105<\/p>\n<p>17.00 + Pawe\u0142 STACH 5 roczn. \u015bm.<\/p>\n<p><strong>Niedziela: <\/strong><\/p>\n<p>7.30 + Karolina, Szczepan, Stanis\u0142awa(k), Alfred<\/p>\n<p>9.30 \u015aW: Za Parafian<\/p>\n<p>11.00 + Krystyna, Franciszek, Stanis\u0142aw WALKO w kolejn\u0105 roczn. \u015bm.<\/p>\n<p>&nbsp;<\/p>\n<p style=\"text-align: center;\"><strong>Wszystkim \u017cycz\u0119 dobrej niedzieli <\/strong><\/p>\n<hr>\n<blockquote><p><span style=\"color: #ff00ff; font-size: 18pt;\"><strong>2 Niedziela Wielkiego Postu &#8211; 1. 03. 2026r.<\/strong><\/span><\/p><\/blockquote>\n<ol>\n<li style=\"text-align: justify;\"><strong>Ko\u0144czymy<\/strong> dzisiaj nasze <strong>Rekolekcje Wielkopostne<\/strong>. Bardzo serdecznie dzi\u0119kuj\u0119 Ksi\u0119dzu Piotrowi za wyg\u0142oszone S\u0142owo i wsp\u00f3ln\u0105 modlitw\u0119 razem z nami. Obiecujemy nasz\u0105 modlitw\u0119, szczeg\u00f3lnie przez wstawiennictwo NMP Kr\u00f3lowej Polski. I zapraszamy jeszcze kiedy\u015b w nasze strony.<\/li>\n<li style=\"text-align: justify;\">Dzi\u0119kujemy te\u017c <strong>Klerykowi \u0141ukaszowi<\/strong>, za dzisiejsz\u0105 wsp\u00f3ln\u0105 modlitw\u0119 z nami, obecno\u015b\u0107 i s\u0142owa podzi\u0119kowania w imieniu Wy\u017cszego Seminarium Duchownego. Te\u017c obiecujemy modlitw\u0119 i zapraszamy za 4 lata z Msz\u0105 prymicyjn\u0105 do \u0141ukowego i \u015aredniego Wielkiego.<\/li>\n<li>Msze \u015bw. w tym tygodniu codziennie o 17.00. Dodatkowa Msza \u015bw. codziennie poza czwartkiem i pi\u0105tkiem o 16.00.<\/li>\n<li>W \u015brod\u0119 po Mszy o 17.00 zapraszam na <strong>Nowenn\u0119<\/strong> do naszej Patronki NMP Kr\u00f3lowej Polski.<\/li>\n<li style=\"text-align: justify;\">W pierwszy czwartek miesi\u0105ca <strong>Adoracja<\/strong> <strong>Naj\u015bwi\u0119tszego Sakramentu<\/strong> od godz. 16.30 a nast\u0119pnie Msza \u015bw.<\/li>\n<li style=\"text-align: justify;\">W pierwszy pi\u0105tek <strong>do chorych z Komuni\u0105 \u015bw<\/strong>. udam si\u0119 od godz. 9.00. <strong>Spowied\u017a<\/strong> <strong>pierwszopiatkowa<\/strong> od 16.00, Msza o 17.00 i Nabo\u017ce\u0144stwo do Naj\u015bwi\u0119tszego Serca Pana Jezusa. <strong>Spowied\u017a przed\u015bwi\u0105teczna<\/strong> w naszej Parafii b\u0119dzie w sobot\u0119 <strong>28 marca<\/strong> od 9.00 do 12.00.<\/li>\n<li style=\"text-align: justify;\">W pierwsz\u0105 sobot\u0119 po Mszy \u015bw. o 17.00 odm\u00f3wimy litani\u0119 do NMP. W sobot\u0119 7 marca te\u017c pierwsza rocznica \u015bmierci <strong>Ks. J\u00f3zefa Konefa\u0142a<\/strong> pierwszego proboszcza rzymskokatolickiej parafii w \u0141ukowem. Msza \u015bw. za \u015bp. Ks. J\u00f3zefa o 17.00 zapraszam do wsp\u00f3lnej modlitwy. Pami\u0119tajmy o naszych duszpasterzach.<\/li>\n<li style=\"text-align: justify;\"><strong>Gorzkie \u017bale<\/strong> za tydzie\u0144 po Mszy o 7.30. <strong>Droga krzy\u017c\u00f3wa<\/strong> w pi\u0105tek po Mszy o 17.00. W <strong>\u015arednim Wielkim<\/strong> Droga Krzy\u017cowa w czwartek po Mszy o 18.15, a Gorzkie \u017bale w niedziel\u0119 o 9.10. Zapraszam na te nabo\u017ce\u0144stwa pasyjne wszystkich, szczeg\u00f3lnie dzieci i m\u0142odzie\u017c.<\/li>\n<li>Za tydzie\u0144 w niedziel\u0119, po sumie kolejne spotkanie formacyjne dla <strong>rodzic\u00f3w dzieci pierwszokomunijnych<\/strong>.<\/li>\n<li>Dzisiejsza sk\u0142adka na Seminarium Duchowne w Przemy\u015blu.<\/li>\n<li>W miesi\u0105cu lutym, w kopertach na remonty w naszym ko\u015bciele, z\u0142o\u017cyli\u015bcie kwot\u0119 <strong>7 520 z\u0142. <\/strong>8 os\u00f3b wp\u0142aci\u0142o na konto parafialne 650 z\u0142. <strong>Co daje nam w sumie w tym miesi\u0105cu 8&nbsp;170 z\u0142.<\/strong> B\u00f3g zap\u0142a\u0107 wszystkim ofiarodawcom.<\/li>\n<li>W ubieg\u0142\u0105 niedziel\u0119 z\u0142o\u017cyli\u015bcie na pomoc w rehabilitacji dla Pana Roberta Marcinika <strong>5 025 z\u0142. 50 gr.<\/strong> Rodzina, bardzo serdecznie dzi\u0119kuje Wam za okazane wsparcie.<\/li>\n<\/ol>\n<ol start=\"13\">\n<li>Trosk\u0119 o czysto\u015b\u0107 w ko\u015bciele powierzamy nast\u0119puj\u0105cym osobom:<\/li>\n<\/ol>\n<p><strong>\u0141ukowe: <\/strong>Mateusz STR\u00d3\u017bAK, Zofia MISIURA, Dawid KUSIAK.<\/p>\n<p><strong>\u015arednie Wielkie:<\/strong> Bogus\u0142awa GALICA, Agnieszka NIEPOK\u00d3J<\/p>\n<p><span style=\"color: #000000;\"><strong>14. Intencje mszalne w tym tygodniu: &nbsp;<\/strong><\/span><\/p>\n<p>&nbsp;<\/p>\n<p><strong>Poniedzia\u0142ek: <\/strong><\/p>\n<p>16.00 + W\u0142adys\u0142aw KRAJZEWICZ od s\u0105siadki Agnieszki z rodzin\u0105&nbsp;<\/p>\n<p>17.00 W intencji Panu Bogu wiadomej \u2013 int. od Zbigniewa&nbsp;<\/p>\n<p><strong>Wtorek:&nbsp;<\/strong><\/p>\n<p>16.00 + W\u0142adys\u0142aw KRAJZEWICZ od s\u0105siadki Stanis\u0142awy Wr\u00f3bel<\/p>\n<p>17.00 W intencji Panu Bogu wiadomej \u2013 int. od Zbigniewa&nbsp;<\/p>\n<p><strong>\u015aroda: <\/strong><\/p>\n<p>16.00 + W\u0142adys\u0142aw KRAJZEWICZ od Ewy Lasek \u2013 Zubek z rodzin\u0105<\/p>\n<p>17.00 + Franciszek KICAK od Alicji Stankiewicz<\/p>\n<p><strong>Czwartek: <\/strong><\/p>\n<p>17.00 O \u015bwi\u0119to\u015b\u0107 dla kap\u0142an\u00f3w<\/p>\n<p><strong>Pi\u0105tek: <\/strong><\/p>\n<p>17.00 Za dusze w czy\u015b\u0107cu<\/p>\n<p><strong>Sobota: <\/strong><\/p>\n<p>16.00 + W\u0142adys\u0142aw KRAJZEWICZ od chrze\u015bnicy Janiny Lasek<\/p>\n<p>17.00 + Ks. J\u00f3zef KONEFA\u0141 &nbsp;<\/p>\n<p><strong>Niedziela: <\/strong><\/p>\n<p>7.30 Za Parafian &nbsp;<\/p>\n<p>9.30 \u015aW: + Jerzy ZAJCHOWSKI 25 r. \u015bm. &nbsp;<\/p>\n<p>11.00 + El\u017cbieta i Mieczys\u0142aw WO\u0141K<\/p>\n<p>&nbsp;<\/p>\n<p style=\"text-align: center;\"><em><span style=\"color: #ff00ff;\"><strong>Wszystkim \u017cycz\u0119 dobrej niedzieli <\/strong><\/span><\/em><\/p>\n<p style=\"text-align: center;\"><em><strong><span style=\"color: #ff00ff;\">oraz dobrych owoc\u00f3w rekolekcji<\/span> <\/strong><\/em><\/p>\n<p><strong>&nbsp;<\/strong><\/p>\n<hr>\n<blockquote><p><span style=\"color: #800080; font-size: 18pt;\"><strong>1 Niedziela Wielkiego Postu &#8211; 22. 02. 2026r.<\/strong><\/span><\/p><\/blockquote>\n<ol>\n<li>Rozpoczniemy w tym tygodniu nasze <strong>Parafialne Rekolekcje Wielkopostne<\/strong>. B\u0119d\u0105 one dla wszystkich naszych Parafian: rodzin, dzieci, os\u00f3b starszych. Program przedstawia si\u0119 nast\u0119puj\u0105co:<\/li>\n<\/ol>\n<p>&nbsp;<\/p>\n<p><strong><u><span style=\"color: #800080;\">PI\u0104TEK 27 LUTEGO<\/span> <\/u><\/strong><\/p>\n<p><strong>16.00 \u015arednie Wielkie:<\/strong> Msza \u015bw. z nauk\u0105 og\u00f3ln\u0105 dla Parafian i Rodzin oraz Droga krzy\u017cowa<\/p>\n<p><strong>18.00 \u0141ukowe:<\/strong> Msza \u015bw. z nauk\u0105 og\u00f3ln\u0105 dla Parafian i Rodzin<br \/>\noraz Droga krzy\u017cowa<\/p>\n<p>&nbsp;<\/p>\n<p><span style=\"color: #800080;\"><strong><u>SOBOTA 28 LUTEGO<\/u><\/strong><\/span><\/p>\n<p><strong>10.00 \u0141ukowe:<\/strong> Msza \u015bw. z nauk\u0105 dla os\u00f3b starszych i chorych<br \/>\nz sakramentem namaszczenia chorych<\/p>\n<p><strong>16.00 \u015arednie Wielkie:<\/strong> Msza \u015bw. z nauk\u0105 og\u00f3ln\u0105 dla Parafian i Rodzin<\/p>\n<p><strong>18.00 \u0141ukowe:<\/strong> Msza \u015bw. z nauk\u0105 og\u00f3ln\u0105 dla Parafian i Rodzin<\/p>\n<p>&nbsp;<\/p>\n<p><span style=\"color: #800080;\"><strong><u>NIEDZIELA 1 MARCA<\/u><\/strong><\/span><\/p>\n<p><strong>7.30 \u0141ukowe:<\/strong> Msza \u015bw. z nauk\u0105 og\u00f3ln\u0105 dla Parafian i Rodzin<\/p>\n<p><strong>9.00 \u015arednie Wielkie:<\/strong> Gorzkie \u017bale, <strong>9.30<\/strong> Msza \u015bw. z nauk\u0105 og\u00f3ln\u0105 dla Parafian i Rodzin<\/p>\n<p><strong>11.00 \u0141ukowe:<\/strong> Msza \u015bw. z nauk\u0105 og\u00f3ln\u0105 dla Parafian i Rodzin<br \/>\noraz Gorzkie \u017bale<\/p>\n<p>Program rekolekcji jest tak\u017ce na stronie internetowej naszej parafii, na facebooku oraz wydrukowany na stoliku pod ch\u00f3rem. Zach\u0119cam wszystkich, do licznego udzia\u0142u w rekolekcjach.<\/p>\n<ol start=\"2\">\n<li>Do czwartku w\u0142\u0105cznie Msze \u015bw. w tygodniu o 17.00, a od pi\u0105tku tak, jak w planie rekolekcji.<\/li>\n<li>Spotkanie <strong>Akcji Katolickiej<\/strong> we wtorek po Mszy \u015bw. Spotkanie <strong>Rady Parafialnej<\/strong> planowane na luty po\u0142\u0105czone z instalacj\u0105 nowych Radnych, prze\u0142o\u017cymy na marzec.<\/li>\n<li>W \u015brod\u0119 zapraszam na <strong>Nowenn\u0119<\/strong> do naszej Patronki NMP Kr\u00f3lowej Polski.<\/li>\n<li>Do zawarcia ma\u0142\u017ce\u0144stwa przygotowuj\u0105 si\u0119 <strong>Karol Bohdan STACH<\/strong> zamieszka\u0142y parafia nasza i <strong>Anna Marzena TCHOROWSKA<\/strong> zamieszka\u0142a parafia Zag\u00f3rz. Zapowied\u017a II.<\/li>\n<li>Chcia\u0142bym bardzo serdecznie podzi\u0119kowa\u0107 Pa\u0144stwu <strong>Anieli i W\u0142adys\u0142awowi WOJTAL<\/strong> za z\u0142o\u017cenie ofiary 2&nbsp;400 z\u0142. i ufundowanie pi\u0119knego pulpitu pod Msza\u0142 do ko\u015bcio\u0142a parafialnego. B\u00f3g zap\u0142a\u0107.<\/li>\n<li>W ubieg\u0142\u0105 niedziel\u0119 do puszki na pomoc Ukrainie z\u0142o\u017cyli\u015bcie <strong>1&nbsp;110 z\u0142<\/strong>. Ofiary zosta\u0142y ju\u017c przekazane przez przemysk\u0105 Caritas do potrzebuj\u0105cych pomocy.<\/li>\n<li>Dzi\u015b po Mszy r\u00f3wnie\u017c ofiar\u0105 do puszki wspieramy naszego parafianina Roberta <strong>MARCINIKA<\/strong> w jego powrocie do zdrowia po udarze.<\/li>\n<li>S\u0105 ju\u017c <strong>\u015bwiece wielkanocne (tzw. Paschaliki),<\/strong> kt\u00f3re po\u015bwi\u0119cimy w Wielk\u0105 Sobot\u0119, a p\u00f3\u017aniej zaniesiemy je na cmentarz na groby naszych bliskich. Prosz\u0119 sobie dzisiaj je zabra\u0107, a ofiar\u0119 15 z\u0142 wrzuci\u0107 kiedy\u015b do skarbonki przy wej\u015bciu. S\u0105 te\u017c <strong>ma\u0142e skarbonki<\/strong>, gdyby kto\u015b chcia\u0142 co\u015b w Wielkim Po\u015bcie od\u0142o\u017cy\u0107 i przeznaczy\u0107 na pomoc Seniorom. Skarbonki te przyniesiemy w Niedziel\u0119 Mi\u0142osierdzia (II Niedziel\u0119 Wielkanocy).<\/li>\n<li>Za tydzie\u0144 <strong>sk\u0142adka<\/strong> na Seminarium Duchowne w Przemy\u015blu, b\u0119dziemy go\u015bci\u0107 <strong>kleryka \u0141ukasza<\/strong>, kt\u00f3ry podzi\u0119kuje za modlitwy i ofiary na rzecz Seminarium. A ofiary zebrane w czasie Mszy rekolekcyjnych w pi\u0105tek i sobot\u0119, przeka\u017cemy ksi\u0119dzu rekolekcjoni\u015bcie.<\/li>\n<li>S\u0105 jeszcze wolne miejsca na <strong>samolotow\u0105 pielgrzymk\u0119<\/strong> na prze\u0142omie wrze\u015bnia i pa\u017adziernika do Portugalii (m.in. do Fatimy). Program i koszt pielgrzymki, mamy na stronie parafialnej i w zakrystii.<\/li>\n<li>Trosk\u0119 o czysto\u015b\u0107 w ko\u015bciele powierzamy nast\u0119puj\u0105cym osobom:<\/li>\n<\/ol>\n<p><strong>\u0141ukowe: <\/strong>Anna STR\u00d3\u017bAK, Kinga STR\u00d3\u017bAK, Krystyna STR\u00d3\u017bAK<\/p>\n<p><strong>\u015arednie Wielkie:<\/strong> Barbara STACH i Marek STACH.<\/p>\n<p><strong>13. Intencje mszalne w tym tygodniu: &nbsp;<\/strong><\/p>\n<p>&nbsp;<\/p>\n<p><strong>Poniedzia\u0142ek: <\/strong><\/p>\n<p>17.00 O zdrowie, Bo\u017ce b\u0142ogos\u0142awie\u0144stwo i opiek\u0119 Matki Bo\u017cej dla Anny DOMALIK<\/p>\n<p><strong>Wtorek:&nbsp;<\/strong><\/p>\n<p>17.00 + Czes\u0142awa(k) SWALARZ od uczestnik\u00f3w pogrzebu<\/p>\n<p><strong>\u015aroda: <\/strong><\/p>\n<p>17.00 + Czes\u0142awa(k) SWALARZ od uczestnik\u00f3w pogrzebu<\/p>\n<p><strong>Czwartek: <\/strong><\/p>\n<p>17.00 + Janina STR\u00d3ZAK w roczn. \u015bm., Micha\u0142 STR\u00d3\u017bAK<\/p>\n<p><strong>Pi\u0105tek: <\/strong><\/p>\n<p>16.00 \u015aW: + Ma\u0142gorzata SYMION od Tomasza Stach z rodzin\u0105<\/p>\n<p>18.00 + Czes\u0142awa(k) SWALARZ od uczestnik\u00f3w pogrzebu<\/p>\n<p><strong>Sobota: <\/strong><\/p>\n<p>10.00 + W\u0142adys\u0142aw KRAJZEWICZ od syna Jana z rodzin\u0105<\/p>\n<p>16.00 \u015aW: + Ma\u0142gorzata SYMION od Ewy i Moniki z rodzina<\/p>\n<p>18.00 + Czes\u0142awa(k) SWALARZ ostatnia intencja od uczestnik\u00f3w pogrzebu<\/p>\n<p><strong>Niedziela: <\/strong><\/p>\n<p>7.30 + W\u0142adys\u0142aw KRAJZEWICZ od syna Andrzeja z rodzin\u0105<\/p>\n<p>9.30 \u015aW: + Ma\u0142gorzata SYMION od rodziny Kurk\u00f3w<\/p>\n<p>11.00 Za Parafian<\/p>\n<p style=\"text-align: center;\"><span style=\"color: #800080;\"><strong>Wszystkim \u017cycz\u0119 dobrej niedzieli <\/strong><\/span><\/p>\n<p style=\"text-align: center;\"><span style=\"color: #800080;\"><strong>oraz dobrych owoc\u00f3w rekolekcj1&nbsp;<\/strong><\/span><\/p>\n<hr>\n<blockquote><p><span style=\"color: #008000;\"><strong>6 Niedziela Zwyk\u0142a &#8211; 15. 02. 2026r.<\/strong><\/span><\/p><\/blockquote>\n<ol>\n<li style=\"text-align: justify;\">W tym tygodniu w \u015brod\u0119 rozpoczniemy \u015awi\u0119ty czas Wielkiego Postu, w kt\u00f3rym przez <strong>nabo\u017ce\u0144stwa pasyjne<\/strong> i <strong>dobre uczynki<\/strong> przygotujemy si\u0119 do Wielkanocy. Msze w \u015arod\u0119 Popielcow\u0105 w <strong>\u0141ukowem o 7.00 i 17.00<\/strong>, a w <strong>\u015arednim Wielkim o 18.15 Droga krzy\u017cowa i po niej Msza \u015bw. <\/strong>W tygodniu w pozosta\u0142e dni Msza \u015bw. o 17.00.<\/li>\n<li style=\"text-align: justify;\">W \u015arod\u0119 Popielcow\u0105, obowi\u0105zuje <strong>wstrzemi\u0119\u017aliwo\u015b\u0107<\/strong> od pokarm\u00f3w mi\u0119snych wszystkich, kt\u00f3rzy uko\u0144czyli 14 rok \u017cycia, oraz post ilo\u015bciowy obowi\u0105zuje wszystkich, kt\u00f3rzy uko\u0144czyli 18 rok \u017cycia, a nie rozpocz\u0119li 60 tego. Rodzice powinni si\u0119 zatroszczy\u0107, aby tak\u017ce dzieci by\u0142y wprowadzane w ducha pokuty. Zach\u0119ca si\u0119, aby dla tych kt\u00f3rzy nie b\u0119d\u0105 mogli uczestniczy\u0107 w \u015arod\u0119 Popielcow\u0105 w liturgii, zabra\u0107 po\u015bwi\u0119cony popi\u00f3\u0142, jako znak \u0142\u0105czno\u015bci z pokutuj\u0105cym Ko\u015bcio\u0142em. Sk\u0142adka z \u015arody Popielcowej na rzecz Hospicjum Caritas Archidiecezji Przemyskiej.<\/li>\n<li style=\"text-align: justify;\">W <strong>\u0141ukowem Droga krzy\u017cowa<\/strong> w pi\u0105tek po Mszy o godz. 17.00. <strong>Gorzkie \u017bale<\/strong> w niedziel\u0119 po Mszy o 7.30. W <strong>\u015arednim Wielkim Gorzkie \u017bale<\/strong> w niedziel\u0119 o 9.00.<\/li>\n<li style=\"text-align: justify;\">Dzisiaj ofiar\u0105 do puszki po Mszy wspieramy Ukrain\u0119. Za tydzie\u0144 ofiar\u0105 do puszki, wesprzemy naszego parafianina <strong>Roberta Marcinika<\/strong> w jego powrocie do zdrowia po udarze.<\/li>\n<li>Spotkanie dla <strong>rodzic\u00f3w dzieci przygotowuj\u0105cych si\u0119 do I Komunii \u015bw<\/strong>. dzi\u015b po sumie.<\/li>\n<li style=\"text-align: justify;\">M\u0142odych od 7 klasy Szko\u0142y Podstawowej wzwy\u017c, zapraszamy na <strong>Spotkanie M\u0142odych Archidiecezji Przemyskiej <\/strong>w dniach 10-12 kwietnia w Rymanowie. Zg\u0142oszenia do 8 marca.<\/li>\n<li style=\"text-align: justify;\">Do zawarcia ma\u0142\u017ce\u0144stwa przygotowuj\u0105 si\u0119 <strong>Karol Bohdan STACH<\/strong> zamieszka\u0142y parafia nasza i <strong>Anna Marzena TCHOROWSKA<\/strong> zamieszka\u0142a parafia Zag\u00f3rz. Zapowied\u017a I.<\/li>\n<li>Trosk\u0119 o czysto\u015b\u0107 w ko\u015bciele powierzamy nast\u0119puj\u0105cym osobom:<\/li>\n<\/ol>\n<p><strong>\u0141ukowe: <\/strong>J\u00f3zefa STR\u00d3\u017bAK, Teresa WR\u00d3BEL, Beata STR\u00d3\u017bAK.<\/p>\n<p><strong>\u015arednie Wielkie:<\/strong> Justyna SZAJNOWSKA, Maria DUPLAGA.<\/p>\n<p>9. Intencje mszalne w tym tygodniu: &nbsp;<\/p>\n<p><strong>Poniedzia\u0142ek: <\/strong><\/p>\n<p>17.00 Za dusze w czy\u015b\u0107cu &nbsp;&nbsp;<\/p>\n<p><strong>Wtorek:&nbsp;<\/strong><\/p>\n<p>17.00 + Czes\u0142awa SWALARZ od rodziny Filar\u00f3w z Jab\u0142onicy Polskiej<\/p>\n<p><strong>\u015aroda: <\/strong><\/p>\n<p>17.00 + Czes\u0142awa SWALARZ od rodziny Stach<\/p>\n<p>18.15 \u015aW: + Ma\u0142gorzata SYMION od Anny Rogali\u0144skiej z rodzin\u0105<\/p>\n<p><strong>Czwartek: <\/strong><\/p>\n<p>17.00 + Janina JANKOWSKA 8 roczn. \u015bm., Jan i Edward&nbsp;<\/p>\n<p><strong>Pi\u0105tek: <\/strong><\/p>\n<p>17.00 + Janina i Wanda w kolejn\u0105 roczn. \u015bm. od Wies\u0142awy i J\u00f3zefa<\/p>\n<p><strong>Sobota: <\/strong><\/p>\n<p>17.00 W intencji Panu Bogu wiadomej<\/p>\n<p><strong>Niedziela: <\/strong><\/p>\n<p>7.30 O Bo\u017ce b\u0142ogos\u0142awie\u0144stwo i opiek\u0119 Matki Bo\u017cej dla Ma\u0142gorzaty z okazji Imienin. Intencja od m\u0119\u017ca. &nbsp;&nbsp;<\/p>\n<p>9.30 \u015aW. Za Parafian<\/p>\n<p>11.00 + Czes\u0142awa SWALARZ od uczestnik\u00f3w pogrzebu<\/p>\n<p>&nbsp;<\/p>\n<p style=\"text-align: center;\"><strong><span style=\"color: #008000;\">Wszystkim \u017cycz\u0119 dobrej niedzieli<\/span><\/strong><\/p>\n<p style=\"text-align: center;\"><span style=\"color: #800080;\"><strong>oraz dobrego tegorocznego Wielkiego Postu.<\/strong><\/span><\/p>\n<p>&nbsp;<\/p>\n<hr>\n<blockquote>\n<p style=\"text-align: center;\"><span style=\"color: #008000;\"><strong>5 Niedziela Zwyk\u0142a &#8211; 8. 02. 2026r.<\/strong><\/span><\/p>\n<\/blockquote>\n<ol>\n<li style=\"text-align: justify;\">Msze \u015bw. w tym tygodniu <strong>codziennie o 17.00<\/strong>, dodatkowa Msza \u015bw. codziennie o 16.00. &nbsp;W \u015arednim Wielkim w czwartek o 18.15.<\/li>\n<li style=\"text-align: justify;\">W \u015brod\u0119 <strong>nowenna<\/strong> do naszej Patronki NMP Kr\u00f3lowej Polski, zapraszam wszystkich, kt\u00f3rzy potrzebuj\u0105 szczeg\u00f3lnej opieki Matki Bo\u017cej dla siebie, czy bliskich. Z racji Wspomnienia <strong>MB z Lourdes<\/strong>, pomodlimy si\u0119 te\u017c za wszystkich chorych z naszej Parafii. Sakramentu <strong>namaszczenia chorych<\/strong>, udzielimy w czasie rekolekcji wielkopostnych na prze\u0142omie lutego i marca.<\/li>\n<li style=\"text-align: justify;\"><strong>Bierzmowanie<\/strong> dla wszystkich uczni\u00f3w klas \u00f3smych z ca\u0142ego dekanatu planowane jest w Czaszynie 18 kwietnia o godz. 15.00. Gdyby kto\u015b nie by\u0142 z r\u00f3\u017cnych powod\u00f3w do Bierzmowania, a chcia\u0142by przyst\u0105pi\u0107, to prosz\u0119 o zg\u0142oszenie si\u0119 do mnie.<\/li>\n<li style=\"text-align: justify;\">M\u0142odych od 7 klasy Szko\u0142y Podstawowej wzwy\u017c, zapraszamy na <strong>Spotkanie M\u0142odych Archidiecezji Przemyskiej <\/strong>w dniach 10-12 kwietnia w Rymanowie. Zg\u0142oszenia do 8 marca.<\/li>\n<li style=\"text-align: justify;\">W niedziel\u0119 za tydzie\u0144 po wszystkich Mszach <strong>zbi\u00f3rka do puszek na pomoc Ukrainie<\/strong>. A po sumie spotkanie dla <strong>rodzic\u00f3w uczni\u00f3w klasy III<\/strong> przygotowuj\u0105cej si\u0119 do Pierwszej Komunii.<\/li>\n<li style=\"text-align: justify;\">Dzisiaj w Domu Ludowym w \u015arednim Wielkim <strong>zabawa karnawa\u0142owa dla dzieci<\/strong> od godziny 14.00 do 17.00. Bufet, ciasto, s\u0142odkie przek\u0105ski, gofry, ciep\u0142e i zimne napoje. Zaprasza OSP \u015arednie Wielkie przy wsp\u00f3\u0142pracy z Urz\u0119dem Gminy Zag\u00f3rz.<\/li>\n<li>Trosk\u0119 o czysto\u015b\u0107 w ko\u015bciele powierzamy nast\u0119puj\u0105cym osobom:<\/li>\n<\/ol>\n<p><strong>\u0141ukowe: <\/strong>Halina PUZIO, Marcin NIEZNA\u0143SKI, Bernadetta NIEZNA\u0143SKA.<\/p>\n<p><strong>\u015arednie Wielkie:<\/strong> Gra\u017cyna PIETKUTOWSKA, Barbara KOPCZYK.<\/p>\n<ol start=\"8\">\n<li>Intencje mszalne w tym tygodniu: &nbsp;<\/li>\n<\/ol>\n<p><strong>Poniedzia\u0142ek: <\/strong><\/p>\n<p>16.00 + Czes\u0142awa(k) SWALARZ od R\u00f3\u017cy Doroty Swalarz<\/p>\n<p>17.00 + Maria ADAMKIEWICZ 2 roczn. \u015bm.&nbsp;<\/p>\n<p><strong>Wtorek:&nbsp;<\/strong><\/p>\n<p>16.00 + Czes\u0142awa(k) SWALARZ od syna Wies\u0142awa z \u017con\u0105<\/p>\n<p>17.00 Za Parafian<\/p>\n<p><strong>\u015aroda: <\/strong><\/p>\n<p>16.00 + Czes\u0142awa(k) SWALARZ od wnuka Dawida z rodzin\u0105<\/p>\n<p>17.00 Z R\u00f3\u017cy Agaty Tokarz za \u017cyj\u0105ce i zmar\u0142e Siostry &nbsp;<\/p>\n<p><strong>Czwartek: <\/strong><\/p>\n<p>16.00 + Czes\u0142awa(k) SWALARZ od wnuka S\u0142awomira<\/p>\n<p>17.00 Dzi\u0119kczynna od pewnej rodziny<\/p>\n<p>18.15 \u015aW: + Ma\u0142gorzata SYMION od Stanis\u0142awa Izdebskiego z rodzin\u0105<\/p>\n<p><strong>Pi\u0105tek: <\/strong><\/p>\n<p>16.00 + Czes\u0142awa(k) SWALARZ od wnuka Grzegorza z rodzin\u0105<\/p>\n<p>17.00 + Zofia ROS\u00d3\u0141<\/p>\n<p><strong>Sobota: <\/strong><\/p>\n<p>16.00 + Czes\u0142awa(k) SWALARZ od syna Jana z rodzin\u0105<\/p>\n<p>17.00 + J\u00f3zefa(k) CHYT\u0141A 6 roczn. \u015bm. od wnuczki Ani z rodzin\u0105<\/p>\n<p><strong>Niedziela: <\/strong><\/p>\n<p>7.30 + Jan PUZIO 10 roczn. \u015bm., Zbigniew i J\u00f3zef PUZIO &nbsp;<\/p>\n<p>9.30 \u015aW. Za Parafian<\/p>\n<p>11.00 + Czes\u0142aw ARMATA 5 roczn. \u015bm. i Stefania ARMATA &nbsp;<\/p>\n<p>&nbsp;<\/p>\n<p style=\"text-align: center;\"><span style=\"color: #008000;\"><strong>Wszystkim \u017cycz\u0119 dobrej niedzieli!<\/strong><\/span><\/p>\n<hr>\n<blockquote><p><span style=\"font-size: 18pt; color: #339966;\"><strong>4 Niedziela Zwyk\u0142a &#8211; 1. 02. 2026r.<\/strong><\/span><\/p><\/blockquote>\n<ol>\n<li style=\"text-align: justify;\">Dzi\u015b <strong>niedziela adoracyjna<\/strong> ze zmian\u0105 tajemnic r\u00f3\u017ca\u0144cowych w \u0141ukowem. Sk\u0142adka z dzisiejszej niedzieli na potrzeby Archidiecezji.<\/li>\n<li style=\"text-align: justify;\">Msze \u015bw. w tym tygodniu <strong>codziennie o 17.00<\/strong>, dodatkowe Msze: w poniedzia\u0142ek <strong>2 lutego w \u015awi\u0119to MB Gromnicznej o godz. 8.00<\/strong>. W pozosta\u0142e dni poza poniedzia\u0142kiem i pierwszym pi\u0105tkiem dodatkowa Msza \u015bw. o 16.00.<\/li>\n<li style=\"text-align: justify;\">W <strong>\u015arednim Wielkim 2 lutego<\/strong> Msza \u015bw. o 18.15, w czwartek tak\u017ce o 18.15. Na wszystkich Mszach 2 lutego (8.00, 17.00, 18.15) <strong>po\u015bwi\u0119cenie gromnic<\/strong>. Dzieci przygotowuj\u0105ce si\u0119 do pierwszej Komunii, otrzymaj\u0105 na Mszy o 17.00 <strong>po\u015bwi\u0119cone medaliki z Matk\u0105 Bo\u017c\u0105<\/strong>, ofiarowane przez Siostry Mi\u0142osierdzia z Przeworska. Sk\u0142adka z 2 lutego, przeznaczona jest na zakony klauzurowe naszej Archidiecezji.<\/li>\n<li>We wtorek <strong>wspomnienie \u015bw. B\u0142a\u017ceja<\/strong>. Na Mszy \u015bw. o 17.00 po\u015bwiecenie jab\u0142ek. Na Szczepana rzucali\u015bcie we mnie owsem, mam nadziej\u0119, \u017ce na B\u0142a\u017ceja nie b\u0119dziecie rzucali we mnie jab\u0142kami. \ud83d\ude42<\/li>\n<li style=\"text-align: justify;\">W \u015brod\u0119 <strong>nowenna<\/strong> do naszej Patronki NMP Kr\u00f3lowej Polski, zapraszam wszystkich, kt\u00f3rzy potrzebuj\u0105 szczeg\u00f3lnej opieki Matki Bo\u017cej dla siebie, czy bliskich.<\/li>\n<li style=\"text-align: justify;\">W czwartek 5 lutego <strong>pierwszy czwartek miesi\u0105ca<\/strong> i wspomnienie \u015bw. Agaty. W \u0141ukowym i w \u015arednim Wielkim po\u015bwiec\u0119nie wody, chleba i soli.<\/li>\n<li style=\"text-align: justify;\">Wraz z tym pierwszym czwartkiem wprowadzamy przed Msz\u0105 pierwszoczwartkow\u0105 <strong>p\u00f3\u0142godzinn\u0105 adoracj\u0119 Naj\u015bwi\u0119tszego Sakramentu<\/strong> dla ch\u0119tnych, aby ka\u017cdy, kto chce, m\u00f3g\u0142 przyj\u015b\u0107 sobie na chwile w ciszy pomodli\u0107 si\u0119 przed Naj\u015bwi\u0119tszym Sakramentem.<\/li>\n<li style=\"text-align: justify;\">W czwartek te\u017c kolejna rocznica \u015bmierci drugiego proboszcza naszej Parafii<strong> Ks. Zygmunta Trojnara<\/strong>. Pami\u0119tajmy w modlitwie o naszych zmar\u0142ych duszpasterzach. Msz\u0119 \u015bw. za Ks. Zygmunta odprawi\u0119 6 lutego w pierwszy pi\u0105tek o 17.00. Zapraszam w pi\u0105tek do wsp\u00f3lnej modlitwy.<\/li>\n<li>W pierwszy pi\u0105tek spowied\u017a od godz. 16.00. Do chorych udam si\u0119 z Komuni\u0105 \u015bw. od 9.00.<\/li>\n<\/ol>\n<ul>\n<li style=\"text-align: justify;\">W pierwsz\u0105 sobot\u0119 odm\u00f3wimy po Mszy o 17.00 litani\u0119 loreta\u0144sk\u0105 do NMP.<\/li>\n<li style=\"text-align: justify;\">B\u00f3g zap\u0142a\u0107 za <strong>z\u0142o\u017cone w styczniu ofiary<\/strong> na malowanie i ogrzewanie ko\u015bcio\u0142a. Z\u0142o\u017cyli\u015bcie w kopertach <strong>7&nbsp;150 z\u0142.<\/strong> i 6 os\u00f3b wp\u0142aci\u0142o na konto parafialne <strong>900 z\u0142<\/strong>. To nam daje \u0142\u0105cznie w styczniu: <strong>8&nbsp;050<\/strong> z\u0142. To nas wszystkich powinno cieszy\u0107, bo ofiarno\u015b\u0107 wzrasta i przybywa os\u00f3b sk\u0142adaj\u0105cych ofiary.<\/li>\n<\/ul>\n<ol start=\"12\">\n<li style=\"text-align: justify;\">Jeszcze w tym tygodniu mo\u017cna si\u0119 zapisa\u0107 na <strong>trzytomowy album<\/strong>, z pi\u0119knymi zdj\u0119ciami ko\u015bcio\u0142\u00f3w i kaplic oraz, z opisem historii wszystkich parafii naszej Archidiecezji. Na razie wi\u0119cej os\u00f3b zapisa\u0142o si\u0119 na pielgrzymk\u0119 samolotow\u0105 do Portugalii (w tym do Fatimy). Zapisy na pielgrzymk\u0119 trwaj\u0105. Program pielgrzymki mamy na stronie internetowej parafii i na facebooku.<\/li>\n<li style=\"text-align: justify;\">Zosta\u0142a powo\u0142ana nowa Rada Parafialna, zgodnie z postanowieniami Synodu Archidiecezji Przemyskiej. Do tych os\u00f3b, mo\u017cna kierowa\u0107 wszystkie swoje pragnienia:<\/li>\n<\/ol>\n<p><strong>Kalnica<\/strong>: Grzegorz SOWA<\/p>\n<p style=\"text-align: justify;\"><strong>\u015arednie Wielkie:<\/strong> Marek KUSIAK, W\u0142adys\u0142aw MISIURA, Miros\u0142aw SYDORCZAK, Pawe\u0142 SZAJNOWSKI<\/p>\n<p style=\"text-align: justify;\"><strong>\u0141ukowe: <\/strong>Dariusz ANTOLAK, Maria BOREK, Krystyna CICHO\u0143SKA, Celina FLOREK, Helena IZDEBSKA, W\u0142adys\u0142aw KOPCZYK, Teresa PLUSKWA, Andrzej STACH, Anna STR\u00d3\u017bAK, Krystyna STR\u00d3\u017bAK, Mariusz WOJEWODA.<\/p>\n<p>Bardzo dzi\u0119kuj\u0119 poprzedniej Radzie, za owocn\u0105 wsp\u00f3\u0142prac\u0119 dla dobra ca\u0142ej Parafii.<\/p>\n<p style=\"text-align: justify;\"><strong>\u0141ukowe:<\/strong> Po ostatnim spotkaniu, Rada Parafialna podj\u0119\u0142a decyzj\u0119, \u017ce przejdzie i pozbiera od rodzin po 100 z\u0142. na cel sprz\u0105tania, na kwiaty i \u015brodki czysto\u015bci. Rada wybra\u0142a te\u017c dwie osoby, kt\u00f3re b\u0119d\u0105 sprz\u0105ta\u0142y ko\u015bci\u00f3\u0142 w \u0141ukowem przez ca\u0142y rok.<\/p>\n<p style=\"text-align: justify;\"><strong>\u015arednie Wielkie:<\/strong> Od lutego zbierana b\u0119dzie sk\u0142adka inwestycyjna przeznaczona na planowane wydatki oraz prace remontowe np: okna, schodym ogrzewanie, grota MB R\u00f3\u017ca\u0144cowej, oraz inne. Wolne datki zbiera\u0107 b\u0119dziemy w nast\u0119puj\u0105cy spos\u00f3b: koperty podpisane imieniem i&nbsp; nazwiskiem prosimy o wrzucanie do przygotowanej skrzynki . Skrzynka otwierana b\u0119dzie w obecno\u015bci Rady parafialnej pod koniec ka\u017cdego miesi\u0105ca. Suma datk\u00f3w dokumentowana b\u0119dzie na przygotowanej li\u015bcie.&nbsp;<\/p>\n<p>Sprz\u0105tanie ko\u015bcio\u0142a w \u015arednim wed\u0142ug ustalonej kolejki:<\/p>\n<p>-Wielkanoc &#8211; pocz\u0105tek Kalnicy&nbsp;<\/p>\n<p>&#8211; Bo\u017ce Cia\u0142o &#8211; pocz\u0105tek osiedla bloki<\/p>\n<p>&#8211; Bo\u017ce Narodzenie &#8211; pocz\u0105tek \u015aredniego Wielkiego.&nbsp;<\/p>\n<ul>\n<li>Trosk\u0119 o czysto\u015b\u0107 w ko\u015bciele powierzamy nast\u0119puj\u0105cym osobom:<\/li>\n<\/ul>\n<p><strong>\u0141ukowe: <\/strong>Krystyna KULIG, Mateusz KULIG, Justyna WO\u0141OSZCZAK.<\/p>\n<p><strong>\u015arednie Wielkie:<\/strong> Zofia TOMALA, Kamila SIDORSKA.<\/p>\n<ul>\n<li>\n<blockquote><p><span style=\"color: #339966;\">Intencje w tym tygodniu:&nbsp;<\/span><\/p><\/blockquote>\n<\/li>\n<\/ul>\n<p><strong>Poniedzia\u0142ek: <\/strong><\/p>\n<p>8.00 Z R\u00f3\u017cy Heleny Izdebskiej za \u017cyj\u0105ce i zmar\u0142e siostry<\/p>\n<p>17.00 + J\u00f3zef BARAN<\/p>\n<p>18.15 \u015aW: + Bronis\u0142awa(k) i Zygmunt MARKOWSCY<\/p>\n<p><strong>Wtorek:&nbsp;<\/strong><\/p>\n<p>16.00 + Czes\u0142awa(k) SWALARZ od Czes\u0142awy Kicak<\/p>\n<p>17.00 W intencji B\u0142a\u017ceja z okazji Imienin o Bo\u017ce b\u0142ogos\u0142awie\u0144stwo i potrzebne \u0142aski<\/p>\n<p><strong>\u015aroda: <\/strong><\/p>\n<p>16.00 + Czes\u0142awa(k) SWALARZ od syna Zdzis\u0142awa z rodzin\u0105<\/p>\n<p>17.00 O zdrowie dla Franciszka<\/p>\n<p><strong>Czwartek: <\/strong><\/p>\n<p>16.00 + Czes\u0142awa(k) SWALARZ od syna Krzysztofa z \u017con\u0105<\/p>\n<p>17.00 O zdrowie, Bo\u017ce b\u0142ogos\u0142awie\u0144stwo i dary Ducha \u015awi\u0119tego dla Agaty<\/p>\n<p>18.15 \u015aW: + Edward LUBAS od pracownik\u00f3w Nadle\u015bnictwa Baligr\u00f3d<\/p>\n<p><strong>Pi\u0105tek: <\/strong><\/p>\n<p>17.00 + Ks. Zygmunt TROJNAR<\/p>\n<p><strong>Sobota: <\/strong><\/p>\n<p>16.00 + Czes\u0142awa(k) SWALARZ od wnuczki Magdaleny i prawnuczki Tosi<\/p>\n<p>17.00 + Marysia ADAMKIEWICZ<\/p>\n<p><strong>Niedziela: <\/strong><\/p>\n<p>7.30 + W\u0142adys\u0142awa(k) KIECA<\/p>\n<p>9.30 \u015aW. + Marysia ADAMKIEWICZ 2 roczn. \u015bm.<\/p>\n<p>11.00 + Wies\u0142awa(k) SADLIK 16 roczn. \u015bm. od mamy<\/p>\n<p>&nbsp;<\/p>\n<p>Wszystkim \u017cycz\u0119 dobrej niedzieli!<\/p>\n<hr>\n<blockquote><p><strong><span style=\"color: #008000; font-size: 18pt;\">3 Niedziela Zwyk\u0142a &#8211; 25. 01. 2026r.<\/span><\/strong><\/p><\/blockquote>\n<ol>\n<li style=\"text-align: justify;\">Msze \u015bw. w tym tygodniu <strong>codziennie o godz. 17.00<\/strong>, dodatkowa Msza \u015bw. poza czwartkiem o 16.00.<br \/>\nW <strong>\u015arednim Wielkim <\/strong>w czwartek o 18.15.<\/li>\n<li>W poniedzia\u0142ek po Mszy \u015bw. spotkanie <strong>Akcji Katolickiej<\/strong>.<\/li>\n<li>We wtorek po Mszy \u015bw. spotkanie <strong>Rady Parafialnej<\/strong>.<\/li>\n<li>W \u015brod\u0119 zapraszam na <strong>nowenn\u0119<\/strong> do naszej Patronki NMP Kr\u00f3lowej Polski.<\/li>\n<li style=\"text-align: justify;\">Za tydzie\u0144 pierwsza niedziela lutego, adoracyjna, ze zmian\u0105 tajemnic r\u00f3\u017ca\u0144cowych. Sk\u0142adka na potrzeby Archidiecezji.<\/li>\n<li style=\"text-align: justify;\">Przez nasz\u0105 Archidiecezj\u0119 zosta\u0142 wydany <strong>trzytomowy album<\/strong>, z pi\u0119knymi zdj\u0119ciami ko\u015bcio\u0142\u00f3w i kaplic oraz z opisem historii wszystkich parafii naszej Archidiecezji. Albumy s\u0105 wystawione na stoliku pod ch\u00f3rem, mo\u017cna je sobie poogl\u0105da\u0107. Cena 250z\u0142 za ca\u0142o\u015b\u0107 (3 albumy). Osoby zainteresowane nabyciem tych album\u00f3w, prosimy o zapisy w zakrystii, albo pod numerem 601 277 259 i wtedy zam\u00f3wimy odpowiedni\u0105 ilo\u015b\u0107.&nbsp;<\/li>\n<li style=\"text-align: justify;\">Jako Parafia, organizujemy <strong>samolotow\u0105 pielgrzymk\u0119 z Rzeszowa do Portugalii (m. in. do Fatimy)<\/strong> w dniach od <strong>28 wrze\u015bnia do 4 pa\u017adziernika (7 dni).<\/strong> Szczeg\u00f3\u0142owy program pielgrzymki, mamy na stronie internetowej naszej Parafii, na facebooku, oraz jest wydrukowany na stoliku pod ch\u00f3rem, mo\u017cna sobie zabra\u0107. Zapisy u mnie w zakrystii, albo telefonicznie.<\/li>\n<li>Trosk\u0119 o czysto\u015b\u0107 w ko\u015bciele powierzamy nast\u0119puj\u0105cym osobom:<\/li>\n<\/ol>\n<p><strong>\u0141ukowe: <\/strong>Julia PUZIO, Krystyna G\u0104SIOR, Barbara PUZIO.<\/p>\n<p><strong>\u015arednie Wielkie:<\/strong> Helena KOKALIK, Beata MISIURA.<\/p>\n<ol start=\"9\">\n<li>Intencje w tym tygodniu:&nbsp;<\/li>\n<\/ol>\n<p><strong>Poniedzia\u0142ek: <\/strong><\/p>\n<p>16.00 + Mariusz JANKOWSKI od uczestnik\u00f3w pogrzebu<\/p>\n<p>17.00 + Zdzis\u0142aw CZERNIEWICZ od kole\u017canek i koleg\u00f3w<\/p>\n<p><strong>Wtorek:&nbsp;<\/strong><\/p>\n<p>16.00 +&nbsp;Mariusz JANKOWSKI od uczestnik\u00f3w pogrzebu<\/p>\n<p>17.00 + Henryk RYBCZAK 2 roczn. \u015bm., + Zbigniew RYBCZAK od rodziny Molek<\/p>\n<p><strong>\u015aroda: <\/strong><\/p>\n<p>16.00 + Czes\u0142awa(k) SWALARZ od rodziny Sabiny Jasiewicz<\/p>\n<p>17.00 + Teofila(k) LEGIN 2 roczn. \u015bm.<\/p>\n<p><strong>Czwartek: <\/strong><\/p>\n<p>17.00 + Maria KWIATANOWSKA<\/p>\n<p>18.15 \u015aW: + Edward LUBAS od pracownik\u00f3w Nadle\u015bnictwa Baligr\u00f3d<\/p>\n<p><strong>Pi\u0105tek: <\/strong><\/p>\n<p>16.00 + Czes\u0142awa(k) SWALARZ od rodziny Zawadzkich<\/p>\n<p>17.00 + Maria i Ignacy PAW\u0141OWICZ<\/p>\n<p><strong>Sobota: <\/strong><\/p>\n<p>16.00 + Czes\u0142awa(k) SWALARZ od Barbary i Bogus\u0142awa<\/p>\n<p>17.00 Za zmar\u0142e babcie i dziadk\u00f3w od wnuczki Teresy<\/p>\n<p><strong>Niedziela: <\/strong><\/p>\n<p>7.30 + Franciszek ANTOLAK 5 roczn. \u015bm., + Katarzyna<\/p>\n<p>9.30 \u015aW. + Edward LUBAS od pracownik\u00f3w Nadle\u015bnictwa Baligr\u00f3d<\/p>\n<p>11.00 Za Parafian<\/p>\n<blockquote>\n<p style=\"text-align: center;\"><span style=\"color: #008000;\">Wszystkim \u017cycz\u0119 dobrej niedzieli!<\/span><\/p>\n<p>&nbsp;<\/p><\/blockquote>\n<hr>\n<p style=\"text-align: center;\"><span style=\"font-size: 18pt; color: #008000;\"><strong>2 Niedziela Zwyk\u0142a &nbsp;&#8211; 18. 01. 2026r.<\/strong><\/span><\/p>\n<ol>\n<li style=\"text-align: justify;\">Dzi\u015b po sumie, ok. godz. 11.45 <strong>koncert kol\u0119d i pastora\u0142ek w wykonaniu zespo\u0142u Cassiopeia<\/strong> z Sanoka. Po koncercie, mo\u017cna b\u0119dzie wesprze\u0107 m\u0142odych artyst\u00f3w ofiar\u0105 do puszki.<\/li>\n<li style=\"text-align: justify;\">Msze \u015bw. w tym tygodniu <strong>codziennie o godz. 17.00<\/strong>, dodatkowa Msza \u015bw. o 16.00. W <strong>\u015arednim Wielkim <\/strong>w czwartek o 18.15.<\/li>\n<li style=\"text-align: justify;\">W \u015brod\u0119 po Mszy \u015bw. zapraszam na nowenn\u0119 do naszej Patronki NMP Kr\u00f3lowej Polski.<\/li>\n<li style=\"text-align: justify;\"><strong>Zmar\u0142 \u015bp. Ryszard BURDA<\/strong>, pogrzeb b\u0119dzie w \u015brod\u0119 o 13.30 r\u00f3\u017caniec i o 14.00 Msza \u015bw. Niech odpoczywa w pokoju wiecznym.<\/li>\n<li style=\"text-align: justify;\">Ks. Mateusz Rutkowski ze Wsp\u00f3lnot\u0105 zaprasza na <strong>Rzepedzkie Wieczory Uwielbienia<\/strong>, kt\u00f3re b\u0119d\u0105 odbywa\u0107 si\u0119 raz na kwarta\u0142 w kaplicy Domu Rekolekcyjnego w Rzepedzi. Najbli\u017cszy taki wiecz\u00f3r ju\u017c jutro 19 stycznia od godz. 17.30. Wi\u0119cej informacji na facebooku Dom Rekolekcyjny w Rzepedzi.<\/li>\n<li style=\"text-align: justify;\">Zako\u0144czy\u0142em <strong>wizyt\u0119 duszpastersk\u0105<\/strong>. Bardzo dzi\u0119kuj\u0119 za \u017cyczliwe przyj\u0119cie, go\u015bcinno\u015b\u0107, wsp\u00f3lne rozmowy. Szczeg\u00f3lnie tym, kt\u00f3rzy opowiadali swoje historie osobiste, czy rodzinne. B\u00f3g zap\u0142a\u0107 za z\u0142o\u017cone ofiary, cz\u0119\u015b\u0107 z nich zostanie przeznaczona na cele parafialne. Dzi\u0119kuj\u0119 za dobre s\u0142owa, wsparcie i za szczer\u0105 serdeczno\u015b\u0107.<\/li>\n<li>Trosk\u0119 o czysto\u015b\u0107 w ko\u015bciele powierzamy nast\u0119puj\u0105cym osobom:<\/li>\n<\/ol>\n<p><strong>\u0141ukowe: <\/strong>Agata KUSIAK, Tomasz MARCINIK, Bo\u017cena KULA<\/p>\n<p><strong>\u015arednie Wielkie:<\/strong> Ludwika GUZARA, El\u017cbieta LUBI\u0143SKA<\/p>\n<ol start=\"8\">\n<li>Intencje w tym tygodniu:&nbsp;<\/li>\n<\/ol>\n<p><strong>Poniedzia\u0142ek: <\/strong><\/p>\n<p>16.00 + Mariusz JANKOWSKI od uczestnik\u00f3w pogrzebu<\/p>\n<p>17.00 + Helena KORAB od Heleny Kocaj<\/p>\n<p><strong>Wtorek:&nbsp;<\/strong><\/p>\n<p>16.00 + Mariusz JANKOWSKI od uczestnik\u00f3w pogrzebu<\/p>\n<p>17.00 + Helena KORAB od Heleny Kocaj<\/p>\n<p><strong>\u015aroda: <\/strong><\/p>\n<p>16.00 + Mariusz JANKOWSKI od uczestnik\u00f3w pogrzebu<\/p>\n<p>17.00 + Teresa MIGALSKA w 6 roczn. \u015bm. od c\u00f3rki z rodzin\u0105<\/p>\n<p><strong>Czwartek: <\/strong><\/p>\n<p>16.00 + Mariusz JANKOWSKI od uczestnik\u00f3w pogrzebu<\/p>\n<p>17.00 O zdrowie i opiek\u0119 Matki Bo\u017cej dla Ma\u0142gorzaty Baraniewicz<\/p>\n<p>18.15 \u015aW: + Edward LUBAS od pracownik\u00f3w Nadle\u015bnictwa Baligr\u00f3d<\/p>\n<p><strong>Pi\u0105tek: <\/strong><\/p>\n<p>16.00 + Mariusz JANKOWSKI od uczestnik\u00f3w pogrzebu<\/p>\n<p>17.00 + Walentyna i Feliks RATAJCZAK<\/p>\n<p><strong>Sobota: <\/strong><\/p>\n<p>16.00 + Mariusz JANKOWSKI od uczestnik\u00f3w pogrzebu<\/p>\n<p>17.00 + Zdzis\u0142aw CZERNIEWICZ od Ko\u0142a Gospody\u0144 Wiejskich \u0141ukowe<\/p>\n<p><strong>Niedziela: <\/strong><\/p>\n<p>7.30 + Ryszard WANIA od rodziny Florek &nbsp;<\/p>\n<p>9.30 \u015aW. Za Parafian<\/p>\n<p>11.00 O Bo\u017ce b\u0142ogos\u0142awie\u0144stwo i zdrowie dla B\u0142a\u017ceja i Emilii z okazji urodzin &nbsp;<\/p>\n<p style=\"text-align: center;\"><span style=\"color: #008000;\"><strong>Wszystkim naszym Parafianom i Go\u015bciom \u017cycz\u0119 dobrej niedzieli.&nbsp;<\/strong><\/span><\/p>\n<p>______________________________________________________________<\/p>\n<p style=\"text-align: center;\"><span style=\"font-size: 18pt; color: #008000;\"><strong>\u015awi\u0119to Chrztu Pa\u0144skiego &nbsp;&#8211; 11. 01. 2026r.<\/strong><\/span><\/p>\n<ol>\n<li style=\"text-align: justify;\">Dzi\u015b \u015awi\u0119to Chrztu Pa\u0144skiego \u2013 <strong>zako\u0144czenie okresu Narodzenia Pa\u0144skiego<\/strong>. Kol\u0119dy tradycyjnie mo\u017cemy \u015bpiewa\u0107 do 2 lutego.<\/li>\n<li>Msze \u015bw. w tym tygodniu codziennie o godz. 7.00.<\/li>\n<li style=\"text-align: justify;\">Zapraszam <strong>za tydzie\u0144 18 stycznia<\/strong> po sumie, ok. 11.45 na <strong>koncert kol\u0119d i pastora\u0142ek w wykonaniu zespo\u0142u Cassiopeia<\/strong> z Sanoka. Po koncercie, mo\u017cna b\u0119dzie wesprze\u0107 ofiar\u0105 do puszki m\u0142odych artyst\u00f3w. A dzisiaj <strong>Oaza m\u0142odzie\u017cowa<\/strong> w Tarnawie G\u00f3rnej zaprasza na <strong>koncert kol\u0119d<\/strong> o godz. 16.30 w Domu Ludowym w Tarnawie G\u00f3rnej. Podczas koncertu b\u0119d\u0105 zbierane wolne datki na oaz\u0119 feryjn\u0105 dla dzieci i m\u0142odzie\u017cy.<\/li>\n<li>Trosk\u0119 o czysto\u015b\u0107 w ko\u015bciele powierzamy nast\u0119puj\u0105cym osobom:<\/li>\n<\/ol>\n<p><strong>\u0141ukowe: <\/strong>Czes\u0142awa KOWALCZYK, Ewa KUSIAK, \u017baneta ZARZYCZNA.<\/p>\n<p><strong>\u015arednie Wielkie:<\/strong> Teresa KLEPCZY\u0143SKA, Katarzyna KLEPCZY\u0143SKA.<\/p>\n<ol start=\"5\">\n<li>Intencje w tym tygodniu:&nbsp;<\/li>\n<\/ol>\n<p><strong>Poniedzia\u0142ek: <\/strong><\/p>\n<p>7.00 Za dusz\u0119 z domu najbardziej potrzebuj\u0105c\u0105 pomocy<\/p>\n<p><strong>Wtorek:&nbsp;<\/strong><\/p>\n<p>7.00 W intencji dusz w czy\u015b\u0107cu cierpi\u0105cych<\/p>\n<p><strong>\u015aroda: <\/strong><\/p>\n<p>7.00 + Urszula CICHO\u0143SKA 4 roczn. \u015bm., + Stanis\u0142aw<\/p>\n<p><strong>Czwartek: <\/strong><\/p>\n<p>7.00 + Helena KORAB<\/p>\n<p><strong>Pi\u0105tek: <\/strong><\/p>\n<p>7.00 + Mariusz JANKOWSKI od uczestnik\u00f3w pogrzebu<\/p>\n<p><strong>Sobota: <\/strong><\/p>\n<p>7.00 + Mariusz JANKOWSKI od uczestnik\u00f3w pogrzebu<\/p>\n<p><strong>Niedziela: <\/strong><\/p>\n<p>7.30 Za Parafian<\/p>\n<p>9.30 \u015aW. + Edward LUBAS od pracownik\u00f3w Nadle\u015bnictwa Baligr\u00f3d<\/p>\n<p>11.00 O zdrowie i b\u0142ogos\u0142awie\u0144stwo Bo\u017ce dla Marii Os\u0119kowskiej<\/p>\n<p style=\"text-align: center;\"><span style=\"font-size: 18pt; color: #008000;\"><strong>PLAN WIZYTY DUSZPASTERSKIEJ<\/strong><\/span><\/p>\n<p><strong>&nbsp;<\/strong><\/p>\n<p><strong><span style=\"color: #008000;\">12 STYCZNIA PONIEDZIA\u0141EK od godz. 15.30<\/span> <\/strong><\/p>\n<p><strong>\u0141ukowe Blok numer 115<\/strong><\/p>\n<p><strong>&nbsp;<\/strong><\/p>\n<p><span style=\"color: #008000;\"><strong>13 STYCZNIA WTOREK od godz. 15.30<\/strong><\/span><\/p>\n<p><strong>\u0141ukowe do Chutoru 41 \u2013 51 a<\/strong><\/p>\n<p><strong>\u0141ukowe numery: 41, 41a, 43, 127a, 127, 44, 45, 47, 49, 50, 116, 51, 51a<\/strong><\/p>\n<p><strong>&nbsp;<\/strong><\/p>\n<p><strong><span style=\"color: #008000;\">14 STYCZNIA \u015aRODA od godz. 15.30<\/span> <\/strong><\/p>\n<p><strong>\u0141ukowe do sklepu 52 \u2013 62d <\/strong><\/p>\n<p><strong>\u0141ukowe numery: 52, 104, 53, 54, 128, 134, 132, 59, 55, 148, 60, 56, 60, 61, 61b, 61c, 57, 61a, 66, 145, 62a, 62b, 62d<\/strong><\/p>\n<p><span style=\"color: #008000;\"><strong>&nbsp;<\/strong><\/span><\/p>\n<p><strong><span style=\"color: #008000;\">15 STYCZNIA CZWARTEK od godz. 15.30<\/span> <\/strong><\/p>\n<p><strong>\u0141ukowe 62 \u2013 65<\/strong><\/p>\n<p><strong>\u0141ukowe numery: 62, 130, 68, 63, 68a, 69, 64, 70, 71a, 71, 72, 73, 65<\/strong><\/p>\n<p><strong>&nbsp;<\/strong><\/p>\n<p><span style=\"color: #008000;\"><strong>16 STYCZNIA PI\u0104TEK od godz. 15.30<\/strong><\/span><\/p>\n<p><strong>\u0141ukowe 122 \u2013 80a<\/strong><\/p>\n<p><strong>Numery dom\u00f3w: 122, 74, 74a, 76, 77, 141, 78, 78a, 135, 80, 79, 81, 81a, 80a<\/strong><\/p>\n<p><strong>&nbsp;<\/strong><\/p>\n<p><strong><span style=\"color: #008000;\">17 STYCZNIA SOBOTA od godz. 9.00<\/span> <\/strong><\/p>\n<p><strong>\u0141ukowe 82 \u2013 103b <\/strong><\/p>\n<p><strong>Numery dom\u00f3w: 82, 83, 83a, 125, 84, 84a, 84b, 88, 86, 85, 85a, 87, 88, 89, 90a, 90, 91, 136, 93, 92, 94, 95, 133, 96, 143, 98, 97, 99, 137, 100, 101, 117, 102, 117a, 103, 103a, (103b)<\/strong><\/p>\n<p>&nbsp;<\/p>\n<p>_____________________________________________________________<\/p>\n<p style=\"text-align: center;\"><span style=\"font-size: 18pt; color: #339966;\"><strong>II Niedziela po Narodzeniu Pa\u0144skim &nbsp;&#8211; 4. 01. 2026r.<\/strong><\/span><\/p>\n<ol>\n<li style=\"text-align: justify;\">Dzi\u015b niedziela adoracyjna ze zmian\u0105 tajemnic w \u0141ukowem. &nbsp;Sk\u0142adka przeznaczona na potrzeby archidiecezji.<\/li>\n<li style=\"text-align: justify;\">Msze \u015bw. w tym tygodniu poza wtorkiem codziennie o 7.00. We wtorek 6 stycznia Uroczysto\u015b\u0107 Objawienia Pa\u0144skiego (Trzech Kr\u00f3li). Na ka\u017cdej Mszy \u015bw. po\u015bwi\u0119cenie kredy i kadzid\u0142a. Porz\u0105dek Mszy \u015bw. niedzielny. Sk\u0142adka z Trzech Kr\u00f3li przeznaczona jest na misje.<\/li>\n<li style=\"text-align: justify;\">Rada parafialna zaproponowa\u0142a, \u017ceby ofiary ze sk\u0142adki zbieranej na pogrzebach przeznacza\u0107 na budow\u0119 alejki na cmentarzu. By\u0142a by wi\u0119c jedna Msza od uczestnik\u00f3w pogrzebu, a pozosta\u0142e ofiary na cmentarz. Oczywi\u015bcie, decyzja o tym czy przeznaczamy te ofiary na cmentarz, czy na kolejne Msze od uczestnik\u00f3w pogrzebu, pozostawiamy rodzinie zg\u0142aszaj\u0105cej pogrzeb.<\/li>\n<li>Trosk\u0119 o czysto\u015b\u0107 w ko\u015bciele powierzamy nast\u0119puj\u0105cym osobom:<\/li>\n<\/ol>\n<p><strong>\u0141ukowe: <\/strong>Zofia JANKOWSKA, Magdalena JANKOWSKA, Anna JANKOWSKA<\/p>\n<p><strong>\u015arednie Wielkie:<\/strong> Teresa FIUT, Monika ZARZYCZNA<\/p>\n<p><strong>Intencje w tym tygodniu:&nbsp;<\/strong><\/p>\n<p><strong>&nbsp;<\/strong><strong>Poniedzia\u0142ek: <\/strong><\/p>\n<p>7.00 + Antoni GRO\u0143 od rodziny Bednarczyk i Przybytek &nbsp;&nbsp;&nbsp;&nbsp;<\/p>\n<p><strong>Wtorek:&nbsp;Uroczysto\u015b\u0107 Trzech Kr\u00f3li<\/strong><\/p>\n<p>7.30 + Zofia i Ludwik CICHO\u0143SCY<\/p>\n<p>9.30 \u015aW. Za Parafian &nbsp;&nbsp;&nbsp;<\/p>\n<p>11.00 + Katarzyna IWANISIK w roczn. \u015bm. &nbsp;&nbsp;<\/p>\n<p><strong>\u015aroda: <\/strong><\/p>\n<p>7.00 O \u0142ask\u0119 powrotu do zdrowia dla Ma\u0142gorzaty int. od rodziny<\/p>\n<p><strong>Czwartek: <\/strong><\/p>\n<p>7.00 + Zofia i Zbigniew KABALA &nbsp;&nbsp;&nbsp;<\/p>\n<p><strong>Pi\u0105tek: <\/strong><\/p>\n<p>7.00 + Mariusz JANKOWSKI od rodziny Armata<\/p>\n<p><strong>Sobota: <\/strong><\/p>\n<p>7.00 + Mariusz JANKOWSKI od rodziny Armata<\/p>\n<p><strong>Niedziela: <\/strong><\/p>\n<p>7.30 Za Parafian &nbsp;<\/p>\n<p>9.30 \u015aW. O zdrowie i b\u0142ogos\u0142awie\u0144stwo Bo\u017ce dla dzieci, wnuk\u00f3w i prawnuk\u00f3w od rodziny Zarzyczny Anieli i Stanis\u0142awa<\/p>\n<p>11.00 O zdrowie i Bo\u017ce b\u0142ogos\u0142awie\u0144stwo dla Barbary.<\/p>\n<p style=\"text-align: center;\"><strong><span style=\"color: #339966;\">Og\u0142oszenia i intencje mszalne <\/span><\/strong><br \/>\n<strong><span style=\"color: #339966;\">s\u0105 dost\u0119pne tak\u017ce na stronie internetowej naszej parafii.<\/span><\/strong><\/p>\n<p>&nbsp;<\/p>\n<p style=\"text-align: center;\"><span style=\"font-size: 18pt; color: #339966;\"><strong>PLAN WIZYTY DUSZPASTERSKIEJ<\/strong><\/span><\/p>\n<p><strong>&nbsp;<\/strong><\/p>\n<p><strong>5 STYCZNIA PONIEDZIA\u0141EK od godz. 15.30 <\/strong><\/p>\n<p><strong>\u015arednie Wielkie prawa strona do Kalniczki numery 1 \u2013 17 <\/strong><\/p>\n<p><strong>\u015arednie Wielkie numery:<\/strong> 1, 59, 65, 5, (5a), 68, (21), 62, 61, 58a, 58, 17<\/p>\n<p><strong>&nbsp;<\/strong><\/p>\n<p><strong>7 STYCZNIA \u015aRODA od godz. 15.30<\/strong><strong>&nbsp; <\/strong><\/p>\n<p><strong>\u015arednie Wielkie lewa strona do Kalniczki numery 2 \u2013 14<\/strong><\/p>\n<p><strong>\u015arednie Wielkie numery:<\/strong> 2, 3, 69, 4, 5, 6, 7, 8, 8a, 9, 10, 12, 11, 11a, (11b), 13, 14<\/p>\n<p><strong>&nbsp;<\/strong><\/p>\n<p><strong>8 STYCZNIA CZWARTEK od godz. 15.30<\/strong><\/p>\n<p><strong>\u0141ukowe numery 1a \u2013 10<\/strong><\/p>\n<p><strong>\u0141ukowe numery: <\/strong>1a, 1, 3, 3a, (3b), 2, 119, 4, 4a, 58 Olchowa, 129a, 129, 121, 120a, 120, 5, 6, 7, 8, (7a), 9, 10<\/p>\n<p><strong>&nbsp;<\/strong><\/p>\n<p><strong>9 STYCZNIA PI\u0104TEK od godz. 15.30<\/strong><\/p>\n<p><strong>\u0141ukowe 11 \u2013 149<\/strong><\/p>\n<p><strong>\u0141ukowe numery: <\/strong>11, 140, 12, 139, 13, 14, 15, 17, 16, 18, 118, 150, 151, (152), (154), 108, 109, (109a), 110, 111, 112a, 112, 113, (138), 149<\/p>\n<p><strong>&nbsp;<\/strong><\/p>\n<p><strong>10 STYCZNIA SOBOTA od godz. 9.00<\/strong><\/p>\n<p><strong>\u0141ukowe 139 \u2013 40 b<\/strong><\/p>\n<p><strong>\u0141ukowe numery: <\/strong>138, 149, 142, 146, 19, 20, 131, 124, (124a), 21, 147, 22, 23, 25, 25b, 22a, 24, 144, 29, 26, 126, 27, 28, 29, 30, 31, 31a, 33a, 32, 33, 34, 123, 36, 37, 37a, 39, 40, (40b)<\/p>\n<p>&nbsp;<\/p>\n<p>____________________________________________________________<\/p>\n<p style=\"text-align: center;\"><span style=\"font-size: 18pt; color: #008000;\"><strong>\u015awi\u0119to \u015awi\u0119tej Rodziny &nbsp;&#8211; 28. 12. 2025r.<\/strong><\/span><\/p>\n<ol>\n<li style=\"text-align: justify;\">Raz jeszcze bardzo dzi\u0119kuj\u0119 za Wasz\u0105 liczn\u0105 obecno\u015b\u0107 wraz z bliskim i go\u015b\u0107mi na naszych \u015bwi\u0105tecznych Mszach. By\u0142o nas bardzo du\u017co, co naprawd\u0119 bardzo cieszy. Tak\u017ce naszemu ch\u00f3rowi, za u\u015bwietnianie&nbsp;na bardzo wysokim poziomie \u015bwi\u0105tecznych uroczysto\u015bci .&nbsp;<\/li>\n<li>Dzisiaj modlimy si\u0119 za <strong>wszystkie rodziny naszej Parafii<\/strong>.<\/li>\n<li>Msze \u015bw. w tym tygodniu w poniedzia\u0142ek i wtorek o 7.00 rano.<\/li>\n<li style=\"text-align: justify;\">Zapraszam na Msz\u0119 \u015bw. i nabo\u017ce\u0144stwo dzi\u0119kczynno \u2013 przeb\u0142agalne na zako\u0144czenie starego roku w \u015brod\u0119 <strong>31 grudnia o godz. 16.00. <\/strong><\/li>\n<li>W nowy rok uroczysto\u015b\u0107 <strong>\u015awi\u0119tej Bo\u017cej Rodzicielki<\/strong> porz\u0105dek Mszy niedzielny.<\/li>\n<li style=\"text-align: justify;\">W I pi\u0105tek mo\u017cliwo\u015b\u0107 spowiedzi od 16.30, o 17.00 Msza \u015bw. i nabo\u017ce\u0144stwo do Naj\u015bwi\u0119tszego Serca Pana Jezusa.<\/li>\n<li>W I sobot\u0119 po Mszy o 7.00 odm\u00f3wimy Litani\u0119 do Matki Bo\u017cej.<\/li>\n<li style=\"text-align: justify;\">Jest nowy kalendarz na intencje w 2026 roku. Je\u015bli R\u00f3\u017ce r\u00f3\u017ca\u0144cowe chc\u0105 sobie zarezerwowa\u0107 terminy swoich Mszy, to zapraszam do zakrystii.<\/li>\n<li style=\"text-align: justify;\">Za tydzie\u0144 sk\u0142adka na potrzeby archidiecezji. Pierwsza niedziela miesi\u0105ca adoracyjna i zmiana tajemnic r\u00f3\u017ca\u0144cowych.<\/li>\n<li style=\"text-align: justify;\">Zosta\u0142y wykonane prace przy doko\u0144czeniu ogrodzenia plebanii, wzmocniony i poszerzony wjazd, ustawione s\u0142upy na bram\u0119 wjazdow\u0105, podpi\u0119ta instalacja elektryczna. Koszt prac to 10. 000 z\u0142.<\/li>\n<li style=\"text-align: justify;\">B\u00f3g zap\u0142a\u0107 za ofiary sk\u0142adane w kopertach na tac\u0119 na remonty w parafii. W tym miesi\u0105cu z\u0142o\u017cyli\u015bcie 5.&nbsp;750 z\u0142. Ponadto 7 os\u00f3b wp\u0142aci\u0142o na konto parafialne 1. 000 z\u0142. W sumie z grudnia mamy 6.750 z\u0142. W sprawie instalacji ogrzewania w naszym ko\u015bciele zosta\u0142y ju\u017c z\u0142o\u017cone wymagane dokumenty, czekamy jeszcze na stosowne decyzje. Malowanie ko\u015bcio\u0142a planujemy na wiosn\u0119 2026. Szczeg\u00f3\u0142owe sprawozdanie finansowe przedstawi\u0119 na zako\u0144czenie roku i powt\u00f3rz\u0119 w pierwszym dniu 2026 roku. B\u00f3g zap\u0142a\u0107 za sk\u0142adane ofiary.<\/li>\n<\/ol>\n<ul>\n<li>Trosk\u0119 o czysto\u015b\u0107 w ko\u015bciele powierzamy nast\u0119puj\u0105cym osobom:<\/li>\n<\/ul>\n<p><strong>\u0141ukowe: <\/strong>Mieczys\u0142aw PANTO\u0141, Wies\u0142awa NOWAK, Wies\u0142awa STACH<\/p>\n<p><strong>\u015arednie Wielkie:<\/strong> Stanis\u0142aw KRAUS, Iwona Kraus.<\/p>\n<p><span style=\"color: #008000;\"><strong>Intencje w tym tygodniu:&nbsp;<\/strong><\/span><\/p>\n<p><strong>&nbsp;<\/strong><strong>Poniedzia\u0142ek: <\/strong><\/p>\n<p>7.00 + Regina i Stanis\u0142aw KOSTRZEWSCY od dzieci &nbsp;&nbsp;&nbsp;<\/p>\n<p><strong>Wtorek:&nbsp;<\/strong><\/p>\n<p>7.00 W intencji Agnieszki o szcz\u0119\u015bliwe rozwi\u0105zanie<\/p>\n<p><strong>\u015aroda: <\/strong><\/p>\n<p>16.00 Dzi\u0119kczynna za otrzymane \u0142aski z ci\u0105gu roku od pewnej rodziny<\/p>\n<p><strong>Czwartek: Nowy Rok <\/strong><\/p>\n<p>7.30 + Bronis\u0142awa(k) KUSIAK, Stanis\u0142aw i za zmar\u0142ych siostry i braci od syna Jana &nbsp;&nbsp;<\/p>\n<p>9.30 \u015aW. + Zdzis\u0142aw JANKOWSKI od \u017cony i dzieci &nbsp;&nbsp;<\/p>\n<p>11.00 Za Parafian &nbsp;<\/p>\n<p><strong>Pi\u0105tek: <\/strong><\/p>\n<p>17.00 + J\u00f3zef BARAN<\/p>\n<p><strong>Sobota: <\/strong><\/p>\n<p>7.00 O zdrowie i Bo\u017ce b\u0142ogos\u0142awie\u0144stwo dla Edmunda &nbsp;&nbsp;<\/p>\n<p><strong>Niedziela: <\/strong><\/p>\n<p>7.30 O zdrowie, b\u0142ogos\u0142awie\u0144stwo Bo\u017ce i opiek\u0119 Naj\u015bwi\u0119tszej Maryi Panny dla kochanych rodzic\u00f3w Jana i Marii od syna Bogdana Antolak<\/p>\n<p>9.30 \u015aW. O zdrowie dla Stanis\u0142awa &nbsp;&nbsp;<\/p>\n<p>11.00 Za Parafian<\/p>\n<p style=\"text-align: center;\">Og\u0142oszenia i intencje mszalne<br \/>\ns\u0105 dost\u0119pne tak\u017ce na stronie internetowej naszej parafii.<\/p>\n<p>&nbsp;<\/p>\n<p style=\"text-align: center;\"><span style=\"font-size: 18pt; color: #008000;\"><strong>PLAN WIZYTY DUSZPASTERSKIEJ<\/strong><\/span><\/p>\n<p><strong>&nbsp;<\/strong><\/p>\n<p><strong><span style=\"color: #008000;\">29 GRUDNIA PONEDZIA\u0141EK od godz. 9.00&nbsp;<\/span> <\/strong><\/p>\n<p><strong><span style=\"color: #008000;\">Kalnica (ca\u0142a)<\/span> <\/strong><\/p>\n<p><strong>Kalnica numery:<\/strong> 12a, 12\/1, 12\/2, 12\/4, 11\/1, 11\/2, 11\/3, 11\/4, 10\/1, 10\/2, 10\/3, 10\/5, 9\/1, 8, 7, 5\/1, 5\/2, 5\/3, 5\/4, 4, 3\/1, 3\/2, 2, 1, 15, 14a, 14, 14b, 15a, 13, 16, 16a, 16b, 16c. (tak\u017ce nowe nie wymienione)<\/p>\n<p>&nbsp;<\/p>\n<p><strong><span style=\"color: #008000;\">30 GRUDNIA WTOREK od godz. 9.00<\/span> <\/strong><\/p>\n<p><strong><span style=\"color: #008000;\">\u015arednie Wielkie<\/span> numery<\/strong>: 43, 70, 60, 42, 42a, 42b<\/p>\n<p><strong><span style=\"color: #008000;\">\u015arednie Wielkie<\/span> Bloki nr<\/strong>: 50, 51, 52, 54, 55<\/p>\n<p>&nbsp;<\/p>\n<p><span style=\"color: #008000;\"><strong>31 GRUDNIA \u015aRODA od godz. 9.00 <\/strong><\/span><\/p>\n<p><strong><span style=\"color: #008000;\">Ropa i Dworskie<\/span> <\/strong><\/p>\n<p><strong><span style=\"color: #008000;\">\u015arednie Wielkie<\/span> numery: <\/strong>36, 37, 38, 39, 40, 41, 46, 48, 49 (tak\u017ce nowe nie wymienione)<\/p>\n<p>&nbsp;<\/p>\n<p><span style=\"color: #008000;\"><strong>3 STYCZNIA SOBOTA od godz. 9.00 <\/strong><\/span><\/p>\n<p><strong><span style=\"color: #008000;\">Le\u015bnicz\u00f3wka<\/span> <\/strong><\/p>\n<p><strong><span style=\"color: #008000;\">\u015arednie Wielkie<\/span> numery:<\/strong> 18, 19, 71, 20, 72, 20a, 64, 63, 21, 22, 23, 24a, 24, 25, 26, 27, 28, 29, 30, 31, 32, 33, 34, 35, 38, 67 (tak\u017ce nowe nie wymienione)<\/p>\n<p>&nbsp;<\/p>\n<p style=\"text-align: center;\"><span style=\"color: #008000;\"><strong>Plan wizyty duszpasterskiej dost\u0119pny jest na stronie internetowej<br \/>\nnaszej Parafii i na parafialnym facebooku.<\/strong><\/span><\/p>\n<p>&nbsp;<\/p>\n<p>_____________________________________________________________<\/p>\n<p style=\"text-align: center;\"><span style=\"font-size: 18pt; color: #800080;\"><strong>IV Niedziela Adwentu &#8211; 21. 12. 2025r.<\/strong><\/span><\/p>\n<ol>\n<li style=\"text-align: justify;\">Dzi\u0119kuj\u0119 za <strong>bardzo liczn\u0105 obecno\u015b\u0107<\/strong> wczoraj, w czasie naszej <strong>parafialnej spowiedzi<\/strong>. Niech ona b\u0119dzie takim ma\u0142ym Bo\u017cym Narodzeniem, kt\u00f3re w nas ju\u017c si\u0119 dokona\u0142o.<\/li>\n<li>W poniedzia\u0142ek, wtorek i \u015brod\u0119 <strong>ostatnie dni rorat<\/strong>. Msza \u015bw. o godz. 7.00. Zapraszam szczeg\u00f3lnie dzieci.<\/li>\n<li style=\"text-align: justify;\">W \u015brod\u0119 <strong>Wigilia Uroczysto\u015bci Bo\u017cego Narodzenia<\/strong>. Prze\u017cyjmy j\u0105 zgodnie z polsk\u0105 tradycj\u0105, jako wsp\u00f3ln\u0105 rodzinn\u0105 wieczerz\u0119 poprzedzon\u0105 modlitw\u0105, przeczytaniem fragmentu Ewangelii o Bo\u017cym Narodzeniu, \u017cyczeniami i \u015bpiewem kol\u0119d.<\/li>\n<li style=\"text-align: justify;\">O p\u00f3\u0142nocy z \u015brody na czwartek, (a w \u015arednim Wielkim o 22.00) zapraszam na wyj\u0105tkow\u0105 Msz\u0119 \u015bwi\u0119t\u0105, tzw. <strong>Pasterk\u0119<\/strong>. To \u015awi\u0119ta Noc Narodzenia Pa\u0144skiego. Msze \u015bw. w czwartek w Uroczysto\u015b\u0107 <strong>Bo\u017cego Narodzenia<\/strong> w porz\u0105dku niedzielnym. Podobnie w II dzie\u0144 \u015awi\u0105t Bo\u017cego Narodzenia w <strong>\u015awi\u0119to \u015bw. Szczepana<\/strong>, r\u00f3wnie\u017c w porz\u0105dku niedzielnym. Na wszystkich Mszach w \u015awi\u0119to \u015bw. Szczepana <strong>po\u015bwi\u0119cenie owsa<\/strong>.<br \/>\nArcybiskup Adam Szal, udzieli\u0142 <strong>dyspensy<\/strong> z wstrzemi\u0119\u017aliwo\u015bci od pokarm\u00f3w mi\u0119snych w pi\u0105tek 26 grudnia. W sobot\u0119 27 grudnia Msza \u015bw. o 7.00.<\/li>\n<li>W niedziel\u0119 28 grudnia <strong>\u015bwi\u0119to \u015awi\u0119tej Rodziny<\/strong>. B\u0119dziemy si\u0119 modli\u0107 za wszystkie rodziny naszej Parafii.<\/li>\n<li style=\"text-align: justify;\">Sk\u0142adka z Pasterki przeznaczona jest na Fundusz Ochrony \u017bycia. Sk\u0142adka z \u015awi\u0119ta \u015aw. Szczepana na uczelnie katolickie.<\/li>\n<li style=\"text-align: justify;\">Bardzo dzi\u0119kuj\u0119 Dobrym Ludziom, za przygotowanie posi\u0142ku dla ksi\u0119\u017cy w dniu spowiedzi i innym Dobrym Ludziom, za ofiarowanie choinek do ko\u015bcio\u0142a oraz tym, kt\u00f3rzy te choinki ubrali i przygotowali nasz ko\u015bci\u00f3\u0142 na \u015awi\u0119ta.<\/li>\n<\/ol>\n<p style=\"text-align: justify;\"><strong><span style=\"color: #ff0000;\">Wszystkim Wam oraz Waszym Go\u015bciom, \u017cycz\u0119 spokojnych, zdrowych, rodzinnych \u015awi\u0105t Bo\u017cego Narodzenia. \u015awi\u0105t, w kt\u00f3rych znajdziemy czas dla tego kt\u00f3rego te \u015bwi\u0119ta s\u0105, czyli Pana Jezusa, ale i czas dla siebie. B\u0105d\u017amy z sob\u0105 i \u015bwi\u0119tujmy, najlepiej jak potrafimy. Wszystkiego dobrego na te \u015bwi\u0105teczne dni dla Was i Waszych Go\u015bci.<\/span> <\/strong><\/p>\n<p><span style=\"color: #800080;\"><strong>Intencje w tym tygodniu:&nbsp;<\/strong><\/span><\/p>\n<p><strong>&nbsp;<\/strong><strong>Poniedzia\u0142ek: <\/strong><\/p>\n<p>7.00 + Czes\u0142awa(k) SWALARZ od Jana i Janiny Gro\u0144 z rodzin\u0105 &nbsp;&nbsp;<\/p>\n<p><strong>Wtorek:&nbsp;<\/strong><\/p>\n<p>7.00 + Maria i Tadeusz GRZ\u0104\u015aKO &nbsp;<\/p>\n<p><strong>\u015aroda: Wigilia Bo\u017cego Narodzenia <\/strong><\/p>\n<p>7.00 Dzi\u0119kczynna, jako wyraz podzi\u0119kowania s\u0105siadce Iwonie Mago\u0144 i jej rodzinie, za sta\u0142\u0105 pomoc i opiek\u0119 dla Teresy<\/p>\n<p>22.00 \u015aW: Za Parafian<\/p>\n<p>00.00 Dzi\u0119kczynna od rodziny Pomyka\u0142a, Janus, Stach i urodzinowa dla mamy Bo\u017ceny z pro\u015bb\u0105 o zdrowie i Bo\u017ce b\u0142ogos\u0142awie\u0144stwo &nbsp;<\/p>\n<p><strong>Czwartek: Bo\u017ce Narodzenie <\/strong><\/p>\n<p>7.30 + Wies\u0142aw WR\u00d3BEL, Krystyna OPAR, Piotr STACH, Halina i Albin STACH od Andrzeja z rodzin\u0105 &nbsp;<\/p>\n<p>9.30 \u015aW. + Sylwia FABIAN, Maria i Stanis\u0142aw STR\u00d3\u017bAK &nbsp;<\/p>\n<p>11.00 + Czes\u0142aw ARMATA od wnuczki Edyty z rodzin\u0105 &nbsp;<\/p>\n<p><strong>Pi\u0105tek: \u015aw. Szczepana <\/strong><\/p>\n<p>7.30 + Wies\u0142aw i Stanis\u0142aw SZLAGA &nbsp;<\/p>\n<p>9.30 \u015aW. + Tadeusz JANKOWSKI od syna Paw\u0142a z rodzin\u0105 &nbsp;<\/p>\n<p>11.00 + Stanis\u0142aw MOLEK od c\u00f3rki Teresy z rodzin\u0105<\/p>\n<p><strong>Sobota: <\/strong><\/p>\n<p>7.00 + Czes\u0142awa(k) SWALARZ od rodziny Szaro &nbsp;<\/p>\n<p><strong>Niedziela: <\/strong><\/p>\n<p>7.30 Za Parafian<\/p>\n<p>9.30 \u015aW. + Helena i Franciszek GALICA &nbsp;<\/p>\n<p>11.00 + Tadeusz i Zofia CIEPIELA, Janina GO\u0141AS od Kazimierza Ciepiela z rodzin\u0105 &nbsp;<\/p>\n<p>&nbsp;<\/p>\n<p style=\"text-align: center;\"><span style=\"color: #800080;\"><strong>Og\u0142oszenia i intencje mszalne <\/strong><\/span><br \/>\n<span style=\"color: #800080;\"><strong>s\u0105 dost\u0119pne tak\u017ce na stronie internetowej naszej parafii.<\/strong> <\/span><\/p>\n<p>______________________________________________________________<\/p>\n<p style=\"text-align: center;\"><span style=\"font-size: 18pt; color: #800080;\"><strong>III Niedziela Adwentu &#8211; 14. 12. 2025r.<\/strong><\/span><\/p>\n<ol>\n<li style=\"text-align: justify;\">W trzecim tygodniu Adwentu <strong>adwentowe Msze \u015bw. roratnie<\/strong> ku czci NMP, b\u0119d\u0105 do czwartku w\u0142\u0105cznie<br \/>\no 17.00, a w pi\u0105tek i w sobot\u0119 o 7.00 rano. Od 17 grudnia w liturgii rozpoczynamy bezpo\u015brednie przygotowanie do Bo\u017cego Narodzenia.<\/li>\n<li>Dodatkowa Msza \u015bw. w tym tygodniu do czwartku w\u0142\u0105cznie o 16.00.<\/li>\n<li>Spotkanie <strong>Akcji Katolickiej<\/strong> w poniedzia\u0142ek po Mszy \u015bw.<\/li>\n<li><strong>Nowenna<\/strong> do NMP Kr\u00f3lowej Polski naszej Patronki w \u015brod\u0119 po Mszy.<\/li>\n<li style=\"text-align: justify;\">Nasza <strong>parafialna spowied\u017a<\/strong> przed\u015bwi\u0105teczna b\u0119dzie w <strong>sobot\u0119 20 grudnia<\/strong>. W <strong>\u0141ukowem<\/strong> od <strong>00 do 10.30<\/strong>, p\u00f3\u0142 godzinna przerwa i dalej od <strong>11.00 do 12.00<\/strong>. W <strong>\u015arednim Wielkim<\/strong> od <strong>10.00 do 12.00.<\/strong><\/li>\n<li style=\"text-align: justify;\">Do <strong>chorych i starszych,<\/strong> kt\u00f3rzy chcieliby wyspowiada\u0107 si\u0119, czy przyj\u0105\u0107 Komuni\u0119 przed \u015awi\u0119tami, pojad\u0119<br \/>\nw pi\u0105tek 19 grudnia przed po\u0142udniem. Prosz\u0119 o zg\u0142aszanie tych os\u00f3b w zakrystii, lub telefonicznie.<\/li>\n<li style=\"text-align: justify;\"><strong>Gratulujemy naszym dzielnym ministrantom<\/strong>, kt\u00f3rzy wczoraj uzyskali tytu\u0142 vice Mistrza w dekanalnym turnieju w pi\u0142k\u0119 mo\u017cn\u0105.<\/li>\n<li>Trosk\u0119 o czysto\u015b\u0107 w ko\u015bciele powierzamy nast\u0119puj\u0105cym osobom:<\/li>\n<\/ol>\n<p><strong>\u0141ukowe:<\/strong> Henryk MILCZANOWSKI, Agnieszka MILCZANOWSKA, Bogus\u0142awa BART\u0141A, Nina BOBER, Rozalia BURDA, Zbigniew PANTO\u0141.<\/p>\n<p><strong>\u015arednie Wielkie<\/strong><strong>:<\/strong> Ewa KUSIAK, Helena KA\u0141AFUT, Agnieszka KUSIAK, W\u0142adys\u0142aw KUSIAK, Anna KUSIAK, Anna KOZIO\u0141.<\/p>\n<p><strong>I tu informacja, \u017ceby posprz\u0105ta\u0107 nie w sobot\u0119, ale w poniedzia\u0142ek, albo wtorek i ju\u017c na \u015awi\u0119ta przygotowa\u0107 dekoracje. &nbsp;&nbsp;<\/strong><\/p>\n<ol start=\"9\">\n<li>Niebieski obiekt pozostaje z nami, zmieni\u0142 tylko lokalizacj\u0119, jest za ko\u015bcio\u0142em w otoczeniu ozdobnych krzew\u00f3w.<\/li>\n<\/ol>\n<p><span style=\"color: #800080;\"><strong>Intencje w tym tygodniu:&nbsp;<\/strong><\/span><\/p>\n<p><strong>&nbsp;<\/strong><strong>Poniedzia\u0142ek: <\/strong><\/p>\n<p>16.00 + Czes\u0142awa(k) SWALARZ od siostry Genowefy z rodzin\u0105 &nbsp;<\/p>\n<p>17.00 + Anna PRZYBYTEK od wnuka i rodziny Bednarczyk\u00f3w i Przybytek<\/p>\n<p><strong>Wtorek:&nbsp;<\/strong><\/p>\n<p>16.00 + Maciej LE\u015aNIEWSKI od Stanis\u0142awa i Heleny Izdebskich<\/p>\n<p>17.00 O Bo\u017ce b\u0142ogos\u0142awie\u0144stwo dla taty J\u00f3zefa Przybytek od syna Roberta Bednarczyka<\/p>\n<p><strong>\u015aroda: <\/strong><\/p>\n<p>16.00 + Maciej LE\u015aNIEWSKI od rodzic\u00f3w z przedszkola w Zag\u00f3rzu<\/p>\n<p>17.00 + Antoni GRO\u0143 od \u017cony, dzieci i wnuka<\/p>\n<p><strong>Czwartek: <\/strong><\/p>\n<p>16.00 + Czes\u0142awa(k) SWALARZ od chrze\u015bniaka Stanis\u0142awa<\/p>\n<p>17.00 + Maciej LE\u015aNIEWSKI od rodzic\u00f3w z przedszkola w Zag\u00f3rzu<\/p>\n<p><strong><u>\u015aW 18.15<\/u><\/strong> + Edward LUBAS od pracownik\u00f3w Nadle\u015bnictwa Baligr\u00f3d<\/p>\n<p><strong>Pi\u0105tek: <\/strong><\/p>\n<p>7.00 + Maciej LE\u015aNIEWSKI od rodzic\u00f3w z przedszkola w Zag\u00f3rzu<\/p>\n<p><strong>Sobota: <\/strong><\/p>\n<p>7.00 + Wies\u0142aw WR\u00d3BEL w 5 roczn. \u015bm. od bratanka Krystiana<\/p>\n<p><strong>Niedziela: <\/strong><\/p>\n<p>7.30 + W\u0142adys\u0142awa(k) i Jan od c\u00f3rki Celiny z rodzin\u0105<\/p>\n<p>9.30 \u015aW. Za Parafian<\/p>\n<p>11.00 + Franciszek i Janina ADAMOWSCY<\/p>\n<p>&nbsp;<\/p>\n<p style=\"text-align: center;\"><strong><span style=\"color: #800080;\">Og\u0142oszenia i intencje mszalne <\/span><\/strong><br \/>\n<strong><span style=\"color: #800080;\">s\u0105 dost\u0119pne tak\u017ce na stronie internetowej naszej parafii. <\/span><\/strong><br \/>\n<strong><span style=\"color: #800080;\">Dobrej niedzieli \u017cycz\u0119 naszym parafianom i Go\u015bciom.<\/span><\/strong><\/p>\n<p>________________________________________________________<\/p>\n<p style=\"text-align: center;\"><span style=\"font-size: 18pt; color: #800080;\"><strong>II Niedziela Adwentu &#8211; 7. 12. 2025r.<\/strong><\/span><\/p>\n<ol>\n<li style=\"text-align: justify;\">Dzi\u015b po Mszy \u015bw. <strong>po\u015bwi\u0119camy op\u0142atki<\/strong>, kt\u00f3re pojawi\u0105 si\u0119 na naszych wigilijnych sto\u0142ach. Przedstawiciele Rady parafialnej, tradycyjnie odwiedz\u0105 wszystkich mieszka\u0144c\u00f3w naszej Parafii. Rada ustali\u0142a, \u017ce w czasie roznoszenia op\u0142atk\u00f3w sk\u0142adamy ofiar\u0119 60 z\u0142 od rodziny na utrzymanie cmentarza. Konieczn\u0105 rzecz\u0105 jest przed\u0142u\u017cenie istniej\u0105cej alejki na cmentarzu i budowa kolejnej do g\u00f3ry. Tak dla zobrazowania koszt\u00f3w utrzymania cmentarza, to za same \u015bmieci w listopadzie zap\u0142acili\u015bmy ponad 3 000 z\u0142. Dodatkowo przy op\u0142atkach sk\u0142adamy dowoln\u0105 ofiar\u0119 na utrzymanie Pana organisty.<\/li>\n<li style=\"text-align: justify;\">Dzisiejsza sk\u0142adka przeznaczona jest na Wy\u017csze Seminarium Duchowne w Przemy\u015blu. W ubieg\u0142\u0105 niedziel\u0119 na pomoc ofiarom <strong>kataklizmu na Jamajce z\u0142o\u017cyli\u015bcie 1 654 z\u0142. <\/strong>Dzi\u0119kuj\u0119 w imieniu Ks. Wojciecha i jego Parafian.<\/li>\n<li style=\"text-align: justify;\">Zapraszam wszystkich od poniedzia\u0142ku do soboty o 17.00, na <strong>adwentowe Msze \u015bw. roratnie<\/strong> ku czci NMP. Ciesz\u0119 si\u0119 szczeg\u00f3lnie du\u017c\u0105 liczb\u0105 dzieci. Zapraszamy te\u017c pozosta\u0142e, kt\u00f3re jeszcze nie by\u0142y. Z zapalonymi \u015bwiecami czuwamy i codziennie s\u0142uchamy S\u0142owa Bo\u017cego. Dzieci otrzymuj\u0105 naklejki, sk\u0142adaj\u0105 serduszka przed o\u0142tarzem, a pod koniec Mszy \u015bw. losujemy szcz\u0119\u015bciarza, kt\u00f3ry zabierze ze sob\u0105 do swojego domu figurk\u0119 Matki Bo\u017cej.<\/li>\n<li>Dodatkowa Msza \u015bw. w tym tygodniu o 16.00.<\/li>\n<li>W poniedzia\u0142ek Uroczysto\u015b\u0107 Niepokalanego Pocz\u0119cia NMP.<\/li>\n<li>W \u015brod\u0119 po Mszy <strong>Nowenna<\/strong> do NMP Kr\u00f3lowej Polski.<\/li>\n<li style=\"text-align: justify;\">W tym tygodniu pojawi\u0142 si\u0119 ko\u0142o dzwonnicy nowy, niebieski obiekt. Korzystajmy z niego, gdy najdzie nas potrzeba i dbajmy te\u017c o niego. Na razie jest to program pilota\u017cowy w tym miejscu, z czasem przestawimy go w bardziej dyskretne miejsce.<\/li>\n<li style=\"text-align: justify;\">Bezp\u0142atne badania wzroku dla os\u00f3b powy\u017cej 15. roku \u017cycia, b\u0119d\u0105 mia\u0142y miejsce <strong>10 grudnia, w \u015brod\u0119, w godzinach od 11.30 \u2013 13.00<\/strong> w Tarnawie G\u00f3rnej na parkingu przy O\u015brodku Zdrowia. Wi\u0119cej informacji mamy na \u017c\u00f3\u0142tym plakacie przy bramie.<\/li>\n<li>Trosk\u0119 o czysto\u015b\u0107 w ko\u015bciele w tym tygodniu powierzamy nast\u0119puj\u0105cym osobom:<\/li>\n<\/ol>\n<p><strong>\u0141ukowe:<\/strong> Ewa WR\u00d3BEL, Helena WR\u00d3BEL, Maria OGAREK.<\/p>\n<p><strong>\u015arednie Wielkie<\/strong><strong>:<\/strong> Ryszard IMBIROWICZ, Lidia LUBAS. &nbsp;<\/p>\n<p><span style=\"color: #800080;\"><strong>Intencje w tym tygodniu:&nbsp;<\/strong><\/span><\/p>\n<p><strong>&nbsp;<\/strong><strong>Poniedzia\u0142ek: <\/strong><\/p>\n<p>16.00 + Czes\u0142awa(k) SWALARZ od s\u0105siad\u00f3w z bloku<\/p>\n<p>17.00 Z R\u00f3\u017cy Doroty Swalarz za siostry \u017cyj\u0105ce i zmar\u0142e<\/p>\n<p><strong>Wtorek:&nbsp;<\/strong><\/p>\n<p>16.00 + Czes\u0142awa(k) SWALARZ od s\u0105siad\u00f3w z bloku<\/p>\n<p>17.00 Za Parafian.<\/p>\n<p><strong>\u015aroda: <\/strong><\/p>\n<p>16.00 + Czes\u0142awa(k) SWALARZ od s\u0105siad\u00f3w z bloku<\/p>\n<p>17.00 O szcz\u0119\u015bliw\u0105 operacj\u0119 i uzdrowienie dla Ewy.<\/p>\n<p><strong>Czwartek: <\/strong><\/p>\n<p>16.00 + Czes\u0142awa(k) SWALARZ od rodziny Hebda<\/p>\n<p>17.00 O szcz\u0119\u015bliw\u0105 operacj\u0119 i uzdrowienie dla Ewy<\/p>\n<p><strong><u>\u015aW 18.15<\/u><\/strong> + Edward LUBAS od pracownik\u00f3w Nadle\u015bnictwa Baligr\u00f3d<\/p>\n<p><strong>Pi\u0105tek: <\/strong><\/p>\n<p>16.00 + Czes\u0142awa(k) SWALARZ od swatowej Marii Armata<\/p>\n<p>17.00 + Maciej LE\u015aNIEWSKI od Aliny i Dariusza \u015awi\u0119ch i Marii Blicharz<\/p>\n<p><strong>Sobota: <\/strong><\/p>\n<p>16.00 + Czes\u0142awa(k) SWALARZ od Piotra Armaty z rodzin\u0105<\/p>\n<p>17.00 + Maciej LE\u015aNIEWSKI od Czes\u0142awy i Stanis\u0142awa \u015awi\u0119ch<\/p>\n<p><strong>Niedziela: <\/strong><\/p>\n<p>7.30 + Jan i Maria ZARZYCZNY, J\u00f3zef i Wiktoria PAJDZIK od rodziny Ciepiela<\/p>\n<p>9.30 \u015aW. Za Parafian.<\/p>\n<p>11.00 W intencji Weroniki Kosi\u0144skiej o zdrowie i Bo\u017ce b\u0142ogos\u0142awie\u0144stwo<\/p>\n<p>&nbsp;<\/p>\n<p style=\"text-align: center;\"><span style=\"color: #800080;\">Og\u0142oszenia i intencje mszalne <\/span><br \/>\n<span style=\"color: #800080;\">s\u0105 dost\u0119pne tak\u017ce na stronie internetowej naszej parafii. <\/span><br \/>\n<span style=\"color: #800080;\">Dobrej niedzieli \u017cycz\u0119 naszym Parafianom i Go\u015bciom.<\/span><\/p>\n<p>&nbsp;<\/p>\n<p>_____________________________________________________________<\/p>\n<p style=\"text-align: center;\"><span style=\"color: #800080; font-size: 18pt;\"><strong>I Niedziela Adwentu &#8211; 30. 11. 2025r.<\/strong><\/span><\/p>\n<ol>\n<li style=\"text-align: justify;\">Rozpoczynamy nowy rok liturgiczny i kolejny w naszym \u017cyciu <strong>Adwent<\/strong>. Wszystkich, a szczeg\u00f3lnie dzieci, zapraszam od poniedzia\u0142ku do soboty o 17.00, na <strong>adwentowe Msze \u015bw. roratnie<\/strong> ku czci NMP. B\u0119dziemy z zapalonymi \u015bwiecami czuwa\u0107 i codziennie s\u0142ucha\u0107 S\u0142owa Bo\u017cego. Kto ma lampion adwentowy, to go z sob\u0105 przynosi, a dla wszystkich b\u0119d\u0105 przygotowane \u015bwiece. Dzieci otrzymaj\u0105 jutro plansze, a ka\u017cdego kolejnego dnia naklejki. B\u0119d\u0105 te\u017c sk\u0142ada\u0107 serduszka przed o\u0142tarzem, a pod koniec Mszy \u015bw. wylosujemy szcz\u0119\u015bciarza, kt\u00f3ry zabierze ze sob\u0105 do swojego domu na noc i na ca\u0142y dzie\u0144 figurk\u0119 Matki Bo\u017cej.<\/li>\n<li>Dodatkowa Msza \u015bw. w tym tygodniu poza pierwszym pi\u0105tkiem o 16.00.<\/li>\n<li>W \u015brod\u0119 po Mszy <strong>Nowenna<\/strong> do NMP Kr\u00f3lowej Polski.<\/li>\n<li>W pierwszy pi\u0105tek miesi\u0105ca <strong>spowied\u017a<\/strong> od 16.00. Po Mszy nabo\u017ce\u0144stwo do NSPJ.<\/li>\n<li>W pierwsz\u0105 sobot\u0119 po Mszy litania loreta\u0144ska do NMP.<\/li>\n<li style=\"text-align: justify;\">Bardzo serdecznie dzi\u0119kuj\u0119 w imieniu rodzic\u00f3w ma\u0142ego Maksymiliana za wsparcie Waszymi ofiarami naszego ma\u0142ego s\u0105siada <strong>Maksymiliana Tockiego z Dziurdziowa<\/strong>. Z\u0142o\u017cyli\u015bcie do puszki ofiar\u0119 <strong>5 474 z\u0142. <\/strong>Bardzo dzi\u0119kuj\u0119<strong>. <\/strong>Niech podzi\u0119kowaniem dla Was b\u0119d\u0105 u\u015bmiechni\u0119te oczy dziecka, kt\u00f3remu dali\u015bcie szans\u0119 na \u017cycie.<strong> &nbsp;<\/strong><\/li>\n<li style=\"text-align: justify;\">A dzi\u015b nasz\u0105 ofiar\u0105 do puszki po Mszy \u015bw. wspieramy ofiary ostatniego <strong>kataklizmu na Jamajce<\/strong>. Zniszczenia s\u0105 ogromne. Chcemy m.in. pom\u00f3c misjonarzowi z naszej diecezji Ks. Wojciechowi i jego parafianom. Zniszczeniu uleg\u0142 ko\u015bci\u00f3\u0142 g\u0142\u00f3wny i 2 ko\u015bcio\u0142y dojazdowe, a oni sami stracili dachy nad g\u0142ow\u0105.<\/li>\n<li style=\"text-align: justify;\">B\u00f3g zap\u0142a\u0107 za ofiary w kopertach z\u0142o\u017cone w tym miesi\u0105cu na tac\u0119 na malowanie ko\u015bcio\u0142a i instalacj\u0119 ogrzewania w sumie <strong>5000<\/strong> z\u0142. Cztery osoby wp\u0142aci\u0142y na koto parafialne, \u0142\u0105cznie <strong>1150<\/strong> z\u0142. Z\u0142o\u017cyli\u015bmy tak\u017ce wniosek o dofinansowanie malowania do Wojew\u00f3dzkiego Konserwatora Zabytk\u00f3w w Przemy\u015blu.<\/li>\n<li style=\"text-align: justify;\">S\u0105 do nabycia <strong>\u015bwiece Wigilijnego Dzie\u0142a Pomocy Dzieciom<\/strong>. Cena \u015bwiecy to <strong>10 z\u0142.<\/strong> Mo\u017cna dzi\u015b wzi\u0105\u0107 sobie \u015bwiece, a ofiar\u0119 z\u0142o\u017cy\u0107 kiedy\u015b do skarbonki przy wej\u015bciu.<\/li>\n<\/ol>\n<ul>\n<li>Spotkanie Rady parafialnej jutro po Mszy \u015bw. o 17.00.<\/li>\n<li>Spotkanie ministrant\u00f3w w pi\u0105tek po Mszy \u015bw. o 17.00.<\/li>\n<\/ul>\n<ol start=\"12\">\n<li>Pszczelarzy z terenu naszej parafii prosz\u0119 o pozostanie na 2 minuty w ko\u015bciele.<\/li>\n<\/ol>\n<ul>\n<li style=\"text-align: justify;\"><strong>\u015aREDNIE WIELKIE: Zarz\u0105d Ochotniczej Stra\u017cy Po\u017carnej \u015arednie Wielkie<\/strong> uprzejmie informuje, \u017ce w dniu 30 listopada (niedziela) od godz. 15.00 druhowie z jednostki tradycyjnie pojawi\u0105 si\u0119 z kalendarzami stra\u017cackimi na 2026 r. w domach mieszka\u0144c\u00f3w Kalnicy i \u015aredniego Wielkiego. Prosimy o \u017cyczliwe przyj\u0119cie.<\/li>\n<\/ul>\n<p><strong>Rad\u0119<\/strong> <strong>parafialn\u0105 ze \u015aredniego W.,<\/strong> prosz\u0119, aby zosta\u0142a po Mszy \u015bw. w ko\u015bciele.<\/p>\n<ul>\n<li>Trosk\u0119 o czysto\u015b\u0107 w ko\u015bciele w tym tygodniu powierzamy nast\u0119puj\u0105cym osobom:<\/li>\n<\/ul>\n<p><strong>\u0141ukowe:<\/strong> Barbara BEDNARCZYK, Lucyna PRZYBYTEK, Michalina KACZMARSKA.<\/p>\n<p><strong>\u015arednie Wielkie<\/strong><strong>:<\/strong> Irena IMBIROWICZ, Barbara IMBIROWICZ<\/p>\n<p><strong><span style=\"color: #800080;\">Intencje w tym tygodniu:<\/span>&nbsp;<\/strong><\/p>\n<p><strong>&nbsp;<\/strong><strong>Poniedzia\u0142ek: <\/strong><\/p>\n<p>16.00 + Mariusz JANKOWSKI od Kazimiery i W\u0142adys\u0142awa Kusiak<\/p>\n<p>17.00 + Wies\u0142aw WR\u00d3BEL 5 roczn. \u015bm.<\/p>\n<p><strong>Wtorek:&nbsp;<\/strong><\/p>\n<p>16.00 + Mariusz JANKOWSKI od rodziny Ogark\u00f3w<\/p>\n<p>17.00 + Maciej LE\u015aNIEWSKI od Alicji i Mieczys\u0142awa Szczepek<\/p>\n<p><strong>\u015aroda: <\/strong><\/p>\n<p>16.00 + Mariusz i Jan JANKOWSKI od Heleny Wr\u00f3bel<\/p>\n<p>17.00 + Maciej LE\u015aNIEWSKI od Joanny i Daniela Domalik z rodzin\u0105<\/p>\n<p><strong>Czwartek: <\/strong><\/p>\n<p>16.00 + Mariusz JANKOWSKI od koleg\u00f3w Eryka i Grzegorza<\/p>\n<p>17.00 + Maria i Franciszek SZLAGA<\/p>\n<p><strong><u>\u015aW 18.15<\/u><\/strong> + Edward LUBAS od pracownik\u00f3w Nadle\u015bnictwa Baligr\u00f3d<\/p>\n<p><strong>Pi\u0105tek: <\/strong><\/p>\n<p>17.00 + Stanis\u0142aw i Julia ANTOLAK oraz Katarzyna i Wiktoria ANTOLAK<\/p>\n<p><strong>Sobota: <\/strong><\/p>\n<p>16.00 + Mariusz JANKOWSKI od koleg\u00f3w Eryka i Grzegorza<\/p>\n<p>17.00 + Maciej LE\u015aNIEWSKI od Rady Rodzic\u00f3w SP w \u0141ukowem<\/p>\n<p><strong>Niedziela: <\/strong><\/p>\n<p>7.30 Z R\u00f3\u017cy od Stanis\u0142awa KRAUS za \u017cywych i za zmar\u0142ych<\/p>\n<p>9.30 \u015aW. Z R\u00f3\u017cy Barbary JANKOWSKIEJ za zmar\u0142e siostry i \u017cyj\u0105ce<\/p>\n<p>11.00 W intencji pszczelarzy o zdrowie, Bo\u017ce b\u0142ogos\u0142awie\u0144stwo i opiek\u0119 \u015bw. Ambro\u017cego patrona pszczelarzy<\/p>\n<p style=\"text-align: center;\"><strong><span style=\"color: #800080;\">Og\u0142oszenia i intencje mszalne <\/span><\/strong><br \/>\n<strong><span style=\"color: #800080;\">s\u0105 dost\u0119pne tak\u017ce na stronie internetowej naszej parafii. <\/span><\/strong><br \/>\n<strong><span style=\"color: #800080;\">Dobrej niedzieli \u017cycz\u0119 naszym Parafianom i Go\u015bciom.<\/span><\/strong><\/p>\n<p>______________________________________________________________<\/p>\n<p style=\"text-align: center;\"><span style=\"color: #008000; font-size: 18pt;\"><strong>Uroczysto\u015b\u0107 Chrystusa Kr\u00f3la &#8211; 23. 11. 2025r.<\/strong><\/span><\/p>\n<ol>\n<li style=\"text-align: justify;\">Dzi\u015b ostatnia niedziela roku liturgicznego. Za tydzie\u0144 rozpoczniemy nowy rok liturgiczny i kolejny w naszym \u017cyciu Adwent. Ju\u017c dzi\u015b zapraszam wszystkich od nast\u0119pnego poniedzia\u0142ku o 17.00, na <strong>adwentowe Msze \u015bw. roratnie<\/strong> ku czci NMP. B\u0119dziemy z zapalonymi \u015bwiecami czuwa\u0107 i codziennie s\u0142ucha\u0107 S\u0142owa Bo\u017cego. Wi\u0119cej szczeg\u00f3\u0142\u00f3w za tydzie\u0144.<\/li>\n<li>Msze \u015bw. w <strong>\u0141ukowem<\/strong> w tym tygodniu o <strong>00 i<\/strong> <strong>17.00<\/strong>. Po Mszy o 17.00 modlimy si\u0119 za zmar\u0142ych polecanych w wypominkach, wed\u0142ug nast\u0119puj\u0105cego porz\u0105dku:<\/li>\n<\/ol>\n<p>Numery dom\u00f3w 1 \u2013 40 w <strong>poniedzia\u0142ek<\/strong><\/p>\n<p>Numery dom\u00f3w 41 \u2013 80 we <strong>wtorek<\/strong><\/p>\n<p>Numery dom\u00f3w 81 \u2013 120 w <strong>\u015brod\u0119<\/strong><\/p>\n<p>Blok nr 115 w <strong>czwartek<\/strong><\/p>\n<p>\u015arednie d\u00f3\u0142 do mostu w <strong>pi\u0105tek<\/strong><\/p>\n<p>Numery dom\u00f3w od 121 w g\u00f3r\u0119 w <strong>sobot\u0119<\/strong><\/p>\n<p>\u015arednie Wielkie i Kalnica w <strong>czwartek<\/strong> o 18.15 i w <strong>niedziel\u0119<\/strong> o 9.30.<\/p>\n<p style=\"text-align: justify;\">Bardzo serdecznie <strong>dzi\u0119kuj\u0119 za t\u0105 trosk\u0119 modlitewn\u0105<\/strong> za naszych zmar\u0142ych polecanych w wypominkach. Wypomink\u00f3w by\u0142o bardzo du\u017co. To ogromna pomoc tym, kt\u00f3rzy sami ju\u017c sobie pom\u00f3c nie mog\u0105, a kt\u00f3rzy bez w\u0105tpienia nam si\u0119 za t\u0119 pomoc w \u017cyciu wiecznym odwdzi\u0119cz\u0105. A i to pokazuje, \u017ce kiedy\u015b te\u017c za nas b\u0119dzie mia\u0142 si\u0119 kto pomodli\u0107.<\/p>\n<ol start=\"3\">\n<li style=\"text-align: justify;\">Codziennie przed Msz\u0105 \u015bw. mo\u017cna skorzysta\u0107 ze spowiedzi \u015bw. <strong>Parafialna spowied\u017a<\/strong> <strong>przed\u015bwi\u0105teczna<\/strong> b\u0119dzie w naszej parafii w sobot\u0119 20 grudnia.<\/li>\n<li style=\"text-align: justify;\">Dzi\u015b jako parafia, w\u0142\u0105czamy si\u0119 w zbi\u00f3rk\u0119 \u015brodk\u00f3w na terapi\u0119 genow\u0105 dla naszego ma\u0142ego s\u0105siada <strong>Maksia Tockiego z Dziurdziowa<\/strong>. Po Mszach, mo\u017cna b\u0119dzie z\u0142o\u017cy\u0107 <strong>ofiar\u0119 do puszki<\/strong> na cel bardzo kosztownej terapii. Szczeg\u00f3\u0142y historii ma\u0142ego Maksia znajdziemy na stronie <a href=\"http:\/\/www.siepomaga.pl\/maks-tocki\">siepomaga.pl\/maks-tocki<\/a>. Dzi\u0119kuj\u0119 te\u017c za nominacj\u0119 do <strong>challenge<\/strong> Radzie So\u0142eckiej z \u0141ukowego i SP w \u0141ukowem.<\/li>\n<li style=\"text-align: justify;\">Arcybiskup zwraca si\u0119 z pro\u015bb\u0105 do wszystkich parafii naszej archidiecezji z pro\u015bb\u0105 o pomoc ofiarom ostatniego <strong>kataklizmu na Jamajce<\/strong>. Zniszczenia s\u0105 ogromne. Chcemy m.in. pom\u00f3c misjonarzowi z naszej diecezji Ks. Wojciechowi i jego parafianom. Zniszczeniu uleg\u0142 ko\u015bci\u00f3\u0142 g\u0142\u00f3wny i 2 ko\u015bcio\u0142y dojazdowe, a oni sami stracili dachy nad g\u0142ow\u0105. Za tydzie\u0144 po Mszach b\u0119dzie r\u00f3wnie\u017c <strong>zbi\u00f3rka do puszek<\/strong> na pomoc dla nich.<\/li>\n<li>Trosk\u0119 o czysto\u015b\u0107 w ko\u015bciele w tym tygodniu powierzamy nast\u0119puj\u0105cym osobom:<\/li>\n<\/ol>\n<p><strong>\u0141ukowe:<\/strong> Marta WOJEWODA, Maria SIEDLECKA, Monika KIECA<\/p>\n<p><strong>\u015arednie Wielkie<\/strong><strong>:<\/strong> Aneta KRAJZEWICZ, Gra\u017cyna WICHRYK<\/p>\n<p><strong>Intencje w tym tygodniu:&nbsp;<\/strong><\/p>\n<p><strong>&nbsp;<\/strong><strong>Poniedzia\u0142ek: <\/strong><\/p>\n<p>16.00 + Mariusz JANKOWSKI od Moniki i Zbigniewa Molek<\/p>\n<p>17.00 + Kazimiera, Boles\u0142aw, Zbigniew, Henryk RYBCZAK od c\u00f3rki i siostry Krystyny<\/p>\n<p><strong>Wtorek:&nbsp;<\/strong><\/p>\n<p>16.00 + Mariusz JANKOWSKI od kole\u017canek Magdaleny z pracy<\/p>\n<p>17.00 + Katarzyna i Franciszek ANOLAK<\/p>\n<p><strong>\u015aroda: <\/strong><\/p>\n<p>16.00 + Mariusz JANKOWSKI od kole\u017canek i koleg\u00f3w z Tarnawy G\u00f3rnej<\/p>\n<p>17.00 + Maciej LE\u015aNIEWSKI od rodziny Kurek<\/p>\n<p><strong>Czwartek: <\/strong><\/p>\n<p>16.00 + Mariusz JANKOWSKI od rodziny Pa\u0142asz<\/p>\n<p>17.00 + Maciej LE\u015aNIEWSKI od rodziny M\u0105ka<\/p>\n<p><strong><u>\u015aW 18.15<\/u><\/strong><\/p>\n<p><strong>Pi\u0105tek: <\/strong><\/p>\n<p>16.00 + Mariusz JANKOWSKI od rodziny Pa\u0142asz<\/p>\n<p>17.00 + Maciej LE\u015aNIEWSKI od rodziny Szlaga<\/p>\n<p><strong>Sobota: <\/strong><\/p>\n<p>16.00 + Mariusz JANKOWSKI od kole\u017canek i koleg\u00f3w z klasy Natalii<\/p>\n<p>17.00 Za zmar\u0142ych polecanych w wypominkach<\/p>\n<p><strong>Niedziela: <\/strong><\/p>\n<p>7.30 + Andrzej i Julia ANTOLAK, Franciszek i Rozalia P\u0141ACHYTKA od wnuka Bogdana<\/p>\n<p>9.30 \u015aW. Za Parafian<\/p>\n<p>11.00 + Marian KOSI\u0143SKI od c\u00f3rki<\/p>\n<p style=\"text-align: center;\"><strong><span style=\"color: #008000;\">Og\u0142oszenia i intencje mszalne <\/span><\/strong><br \/>\n<strong><span style=\"color: #008000;\">s\u0105 dost\u0119pne tak\u017ce na stronie internetowej naszej parafii. <\/span><\/strong><br \/>\n<strong><span style=\"color: #008000;\">Dobrej niedzieli \u017cycz\u0119 naszym parafianom i Go\u015bciom.<\/span><\/strong><\/p>\n<p>_____________________________________________________________<\/p>\n<p style=\"text-align: center;\"><span style=\"font-size: 18pt; color: #008000;\"><strong>33 Niedziela zwyk\u0142a &#8211; 16. 11. 2025r.<\/strong><\/span><\/p>\n<ol>\n<li>Msze \u015bw. w <strong>\u0141ukowem<\/strong> w tym tygodniu o <strong>16.00 i<\/strong> <strong>17.00<\/strong>. Po Mszy o 17.00, modlimy si\u0119 za zmar\u0142ych polecanych w wypominkach, wed\u0142ug nast\u0119puj\u0105cego porz\u0105dku:<\/li>\n<\/ol>\n<p>Numery dom\u00f3w 1 \u2013 40 w <strong>poniedzia\u0142ek<\/strong><\/p>\n<p>Numery dom\u00f3w 41 \u2013 80 we <strong>wtorek<\/strong><\/p>\n<p>Numery dom\u00f3w 81 \u2013 120 w <strong>\u015brod\u0119<\/strong><\/p>\n<p>Blok nr 115 w <strong>czwartek<\/strong><\/p>\n<p>\u015arednie d\u00f3\u0142 do mostu w <strong>pi\u0105tek<\/strong><\/p>\n<p>Numery dom\u00f3w od 121 w g\u00f3r\u0119 w <strong>sobot\u0119<\/strong><\/p>\n<p>\u015arednie Wielkie i Kalnica w <strong>pi\u0105tek<\/strong> o 18.15 i w <strong>niedziel\u0119<\/strong> o 9.30<\/p>\n<p>Wypominki sk\u0142adamy na tac\u0119, prosz\u0119 zaznaczy\u0107 na wypominkach nr domu, albo dat\u0119.<\/p>\n<ol start=\"2\">\n<li>Codziennie przed Msz\u0105 \u015bw. mo\u017cna skorzysta\u0107 ze spowiedzi \u015bw.<\/li>\n<li>Spotkanie Akcji Katolickiej w \u015brod\u0119 po Mszy \u015bw.<\/li>\n<li>Nast\u0119pna niedziela to ostatnia niedziela roku liturgicznego \u2013 Uroczysto\u015b\u0107 Jezusa Chrystusa Kr\u00f3la Wszech\u015bwiata.<\/li>\n<li>Jako parafia, chcemy te\u017c w\u0142\u0105czy\u0107 si\u0119 w zbi\u00f3rk\u0119 \u015brodk\u00f3w na terapi\u0119 genow\u0105 dla naszego ma\u0142ego s\u0105siada Maksia Tockiego z Dziurdziowa. Za tydzie\u0144 w niedziel\u0119, po Mszach, mo\u017cna b\u0119dzie z\u0142o\u017cy\u0107 ofiar\u0119 do puszki na cel bardzo kosztownej terapii, ok. 15 mln z\u0142. Szczeg\u00f3\u0142y historii ma\u0142ego Maksia znajdziemy na stronie <a href=\"http:\/\/www.siepomaga.pl\/maks-tocki\">siepomaga.pl\/maks-tocki<\/a>.<\/li>\n<li>Gdyby kto\u015b jeszcze by\u0142 chc\u0119tny na wyjazd do Medjugorie w kwietniu 2026, to powoli zamykamy ju\u017c list\u0119 na wyjazd.&nbsp;<\/li>\n<li>Trosk\u0119 o czysto\u015b\u0107 w ko\u015bciele w tym tygodniu powierzamy nast\u0119puj\u0105cym osobom:<\/li>\n<\/ol>\n<p><strong>\u0141ukowe:<\/strong> Edyta STRZY\u017b, Halina SZUL, Maria WR\u00d3BEL<\/p>\n<p><strong>\u015arednie Wielkie<\/strong><strong>:<\/strong> Zyta DUDA, Janina GRUDZIAK, Halina DUELL<\/p>\n<p><strong>Intencje w tym tygodniu:&nbsp;<\/strong><\/p>\n<p><strong>&nbsp;<\/strong><strong>Poniedzia\u0142ek: <\/strong><\/p>\n<p>16.00 + Mariusz JANKOWSKI od Klubu Sportowego Remix z Niebieszczan<\/p>\n<p>17.00 + Monika OSENKOWSKA od s\u0105siad\u00f3w z bloku<\/p>\n<p><strong>Wtorek:&nbsp;<\/strong><\/p>\n<p>16.00 + Mariusz JANKOWSKI od Ma\u0142gorzaty i Jana Flig\u00f3w z Mszany Dolnej<\/p>\n<p>17.00 + Janina i Ludwik STACH, Wanda i Tadeusz KOPCZYK<\/p>\n<p><strong>\u015aroda: <\/strong><\/p>\n<p>16.00 + Mariusz JANKOWSKI od Zbigniewa i Justyny Flig z Mszany G\u00f3rnej<\/p>\n<p>17.00 + Monika OSENKOWSKA od s\u0105siad\u00f3w z bloku<\/p>\n<p><strong>Czwartek: <\/strong><\/p>\n<p>16.00 + Mariusz JANKOWSKI od Bogumi\u0142y i Wies\u0142awa Wojciaczyk\u00f3w z Mszany G\u00f3rnej<\/p>\n<p>17.00 + Eugenia(k), Teresa, Stanis\u0142aw FORNAL<\/p>\n<p><strong>Pi\u0105tek: <\/strong><\/p>\n<p>16.00 + Mariusz JANKOWSKI od Lucyny Talarek z Mszany G\u00f3rnej<\/p>\n<p>17.00 + Emilia, Teresa, Micha\u0142 \u015aMIECH<\/p>\n<p><strong><u>\u015aW 18.15<\/u><\/strong> Dzi\u0119kczynna w pewnej intencji&nbsp;<\/p>\n<p><strong>Sobota: <\/strong><\/p>\n<p>16.00 + Mariusz JANKOWSKI od chrzestnego Melchiora Kowalczyk<\/p>\n<p>17.00 Za Parafian<\/p>\n<p><strong>Niedziela: <\/strong><\/p>\n<p>7.30 + Helena i Wincenty KACZMARSKICH, Bronis\u0142aw PRZYTU\u0141A<\/p>\n<p>9.30 \u015aW. Za Parafian<\/p>\n<p>11.00 + Z rodziny TOKARZ i DUPLAGA od Marii Tokarz z rodzin\u0105<\/p>\n<p style=\"text-align: center;\"><strong><span style=\"color: #008000;\">Og\u0142oszenia i intencje mszalne <\/span><\/strong><br \/>\n<strong><span style=\"color: #008000;\">s\u0105 dost\u0119pne tak\u017ce na stronie internetowej naszej parafii. <\/span><\/strong><br \/>\n<strong><span style=\"color: #008000;\">Dobrej niedzieli \u017cycz\u0119 naszym parafianom i Go\u015bciom.<\/span><\/strong><\/p>\n<p>&nbsp;<\/p>\n<p>&nbsp;<\/p>\n<p>______________________________________________________________<\/p>\n<p style=\"text-align: center;\"><span style=\"font-size: 18pt; color: #008000;\"><strong>\u015awi\u0119to Po\u015bwi\u0119cenia Bazyliki Latera\u0144skiej &#8211; 9. 11. 2025r.<\/strong><\/span><\/p>\n<ol>\n<li style=\"text-align: justify;\">Msze \u015bw. w <strong>\u0141ukowem<\/strong> w tym tygodniu o <strong>00 i<\/strong> <strong>17.00, w \u015brod\u0119 wyj\u0105tkowo o 18.00<\/strong>. Po Mszy o 17.00 i w \u015brod\u0119<br \/>\no 18.00 modlimy si\u0119 za zmar\u0142ych polecanych w wypominkach, wed\u0142ug nast\u0119puj\u0105cego porz\u0105dku:<\/li>\n<\/ol>\n<p>Numery dom\u00f3w 1 \u2013 40 w <strong>poniedzia\u0142ek<\/strong><\/p>\n<p>Numery dom\u00f3w 41 \u2013 80 we <strong>wtorek<\/strong><\/p>\n<p>Numery dom\u00f3w 81 \u2013 120 w <strong>\u015brod\u0119<\/strong><\/p>\n<p>Blok nr 115 w <strong>czwartek<\/strong><\/p>\n<p>\u015arednie d\u00f3\u0142 do mostu w <strong>pi\u0105tek<\/strong><\/p>\n<p>Numery dom\u00f3w od 121 w g\u00f3r\u0119 w <strong>sobot\u0119<\/strong><\/p>\n<p>\u015arednie Wielkie i Kalnica w <strong>czwartek<\/strong> o 18.15 i w <strong>niedziel\u0119<\/strong> o 9.30<\/p>\n<p>Wypominki sk\u0142adamy na tac\u0119, prosz\u0119 zaznaczy\u0107 na wypominkach nr domu, albo dat\u0119.<\/p>\n<ol start=\"2\">\n<li>Codziennie przed Msz\u0105 \u015bw. mo\u017cna skorzysta\u0107 ze spowiedzi \u015bw.<\/li>\n<li style=\"text-align: justify;\">W wtorek 11 listopada <strong>\u015awi\u0119to Niepodleg\u0142o\u015bci<\/strong>. W czasie Mszy \u015bw. pomodlimy si\u0119 w intencji naszej Ojczyzny. Wywie\u015bmy tak\u017ce flag\u0119 bia\u0142o czerwon\u0105, znak kt\u00f3ry nas Polak\u00f3w powinien jednoczy\u0107.<\/li>\n<li>Zbi\u00f3rka ministrant\u00f3w w pi\u0105tek po Mszy \u015bw.<\/li>\n<li style=\"text-align: justify;\">Wraz z Parafi\u0105 w Tarnawie G\u00f3rnej organizujemy w maju 2026 roku pielgrzymk\u0119 autokarow\u0105 do Medjugorie. Szczeg\u00f3\u0142y na naszej parafialnej stronie internetowej i na facebooku. Je\u015bli b\u0119d\u0105 osoby ch\u0119tne, to nie zwlekajmy z zapisami, bo ilo\u015b\u0107 miejsc jest ograniczona.<\/li>\n<li>Zmar\u0142 \u015bp. Stanis\u0142aw MISIURA ze \u015aredniego Wielkiego. Msza \u015bw. pogrzebowa w poniedzia\u0142ek o 13.00.<\/li>\n<li><strong>\u015aREDNIE WIELKIE:<\/strong> Dzi\u015b zmiana tajemnic r\u00f3\u017ca\u0144cowych.<\/li>\n<li>Trosk\u0119 o czysto\u015b\u0107 w ko\u015bciele w tym tygodniu powierzamy nast\u0119puj\u0105cym osobom:<\/li>\n<\/ol>\n<p><strong>\u0141ukowe:<\/strong> Helena KOPCZYK, Anita KOPCZYK, Eugenia WR\u00d3BEL<\/p>\n<p><strong>\u015arednie Wielkie<\/strong><strong>:<\/strong> Piotr ZAJKOWSKI i Sylwia DUELL<\/p>\n<p><strong>Intencje w tym tygodniu:&nbsp;<\/strong><\/p>\n<p><strong>&nbsp;<\/strong><strong>Poniedzia\u0142ek: <\/strong><\/p>\n<p>16.00 + Mariusz JANKOWSKI od rodziny Niemczyk z Tarnawy<\/p>\n<p>17.00 W intencji pielgrzym\u00f3w, kt\u00f3rzy udali si\u0119 na pielgrzymk\u0119 do Cz\u0119stochowy<br \/>\ni Krakowa<\/p>\n<p><strong>Wtorek:&nbsp;<\/strong><\/p>\n<p>16.00 + Mariusz JANKOWSKI od J\u00f3zefy Czerniewicz z rodzin\u0105<\/p>\n<p>17.00 + Franciszka(k), Wojciech, Marian STACH<\/p>\n<p><strong>\u015aroda: <\/strong><\/p>\n<p>18.00 W intencji Panu Bogu wiadomej<\/p>\n<p><strong>Czwartek: <\/strong><\/p>\n<p>16.00 + Mariusz JANKOWSKI od rodziny R\u00f3\u017cak i Malec<\/p>\n<p>17.00 W intencji Panu Bogu wiadomej<\/p>\n<p><u>\u015aW 18.15<\/u> + Edward LUBAS od pracownik\u00f3w Nadle\u015bnictwa Baligr\u00f3d<\/p>\n<p><strong>Pi\u0105tek: <\/strong><\/p>\n<p>16.00 + Mariusz JANKOWSKI od zespo\u0142u muzycznego Leszka i Tadeusza<\/p>\n<p>17.00 + Monika OSENKOWSKA od s\u0105siad\u00f3w z bloku &nbsp;<\/p>\n<p><strong>Sobota: <\/strong><\/p>\n<p>16.00 + Mariusz JANKOWSKI od zespo\u0142u muzycznego Leszka i Tadeusza<\/p>\n<p>17.00 + Monika OSENKOWSKA od s\u0105siad\u00f3w z bloku &nbsp;<\/p>\n<p><strong>Niedziela: <\/strong><\/p>\n<p>7.30 + J\u00f3zef &nbsp;<\/p>\n<p>9.30 \u015aW. W intencji wnuk\u00f3w, by nigdy nie utracili wiary i relacji z Bogiem \u2013 prosi babcia<\/p>\n<p>11.00 + W\u0142adys\u0142aw w 10 roczn. \u015bm. \u2013 od c\u00f3rki Karoliny z rodzin\u0105 &nbsp;<\/p>\n<p style=\"text-align: center;\"><strong><span style=\"color: #008000;\">Og\u0142oszenia i intencje mszalne <\/span><\/strong><br \/>\n<strong><span style=\"color: #008000;\">s\u0105 dost\u0119pne tak\u017ce na stronie internetowej naszej parafii. <\/span><\/strong><br \/>\n<strong><span style=\"color: #008000;\">Dobrej niedzieli \u017cycz\u0119 naszym parafianom i Go\u015bciom.<\/span><\/strong><\/p>\n<p>_____________________________________________________________<\/p>\n<p>&nbsp;<\/p>\n<p style=\"text-align: center;\"><span style=\"font-size: 18pt; color: #993366;\"><strong>Wspomnienie Wszystkich Wiernych Zmar\u0142ych &#8211; 2. 11. 2025r.<\/strong><\/span><\/p>\n<p>&nbsp;<\/p>\n<ol>\n<li style=\"text-align: justify;\">Msze \u015bw. w <strong>\u0141ukowem<\/strong> w tym tygodniu o <strong>00 i<\/strong> <strong>17.00,<\/strong> a w I pi\u0105tek tylko o 17.00. Po Mszy o 17.00 modlimy si\u0119 za zmar\u0142ych polecanych w wypominkach, wed\u0142ug nast\u0119puj\u0105cego porz\u0105dku:<\/li>\n<\/ol>\n<p>Numery dom\u00f3w 1 \u2013 40 w <strong>poniedzia\u0142ek<\/strong><\/p>\n<p>Numery dom\u00f3w 41 \u2013 80 we <strong>wtorek<\/strong><\/p>\n<p>Numery dom\u00f3w 81 \u2013 120 w <strong>\u015brod\u0119<\/strong><\/p>\n<p>Blok nr 115 w <strong>czwartek<\/strong><\/p>\n<p>\u015arednie d\u00f3\u0142 do mostu w <strong>pi\u0105tek<\/strong><\/p>\n<p>Numery dom\u00f3w od 121 w g\u00f3r\u0119 w <strong>sobot\u0119<\/strong><\/p>\n<p>\u015arednie Wielkie i Kalnica w <strong>czwartek<\/strong> o 18.15 i w <strong>niedziel\u0119<\/strong> o 9.30<\/p>\n<p>Wypominki sk\u0142adamy na tac\u0119, prosz\u0119 zaznaczy\u0107 na wypominkach nr domu, albo dat\u0119.<\/p>\n<ol start=\"2\">\n<li>Codziennie przed Msz\u0105 \u015bw. mo\u017cna skorzysta\u0107 ze spowiedzi \u015bw. a w pierwszy pi\u0105tek od godz. 16.00.<\/li>\n<li style=\"text-align: justify;\">Od 1-8 listopada mo\u017cemy zyska\u0107 odpust <strong>zupe\u0142ny<\/strong> pod zwyk\u0142ymi warunkami, kt\u00f3ry <strong>ofiarujemy za zmar\u0142ych<\/strong>. Warunki zyskania odpustu zupe\u0142nego s\u0105 nast\u0119puj\u0105ce: jeste\u015bmy po <strong>spowiedzi<\/strong>, przyjmujemy <strong>Komuni\u0119<\/strong> \u015bw. i <strong>modlimy<\/strong> si\u0119 w intencjach wskazanych nam przez Ojca \u015bw. W pozosta\u0142e dni listopada, mo\u017cemy zyska\u0107 odpust <strong>cz\u0105stkowy<\/strong> za nawiedzenie cmentarza i modlitw\u0119 za zmar\u0142ych.<\/li>\n<li style=\"text-align: justify;\">Bardzo dzi\u0119kuj\u0119 za <strong>pi\u0119kne \u015bwiadectwo wiary<\/strong> w dniu wczorajszym, za obecno\u015b\u0107 na Mszy \u015bw. wraz z przyby\u0142ymi w tych dniach bliskimi. By\u0142o nas naprawd\u0119 wielu, to cieszy, \u017ce w tak wa\u017cne \u015awi\u0119to jeste\u015bmy z sob\u0105 i <strong>wsp\u00f3lnie<\/strong> modlimy si\u0119 za siebie i za bliskich zmar\u0142ych. Nie mia\u0142em okazji tego powiedzie\u0107, ale zawsze jestem bardzo zbudowany tym, gdy odk\u0105d tu jestem, widz\u0119 z okna w nocy du\u017co zapalonych zniczy na cmentarzu, a w ci\u0105gu dnia pojawiaj\u0105 si\u0119 osoby, kt\u00f3re nawet codziennie przyje\u017cd\u017caj\u0105 by odwiedzi\u0107 swoich bliskich. Bardzo Wam jestem za to \u015bwiadectwo wdzi\u0119czny.<\/li>\n<li style=\"text-align: justify;\"><strong>Na stoliku przy wej\u015bciu s\u0105 dobre modlitewniki <\/strong>z kt\u00f3rych b\u0119dziemy si\u0119 modli\u0107 podczas wypomink\u00f3w. Mo\u017cna sobie <strong>zabra\u0107<\/strong>, a kiedy\u015b z\u0142o\u017cy\u0107 dowoln\u0105 ofiar\u0119 do skarbonki przy wej\u015bciu.&nbsp;<\/li>\n<li style=\"text-align: justify;\">B\u00f3g zap\u0142a\u0107 za ofiary w kopertach z\u0142o\u017cone w miesi\u0105cu pa\u017adzierniku na malowanie i instalacj\u0119 ogrzewania w ko\u015bciele. Z\u0142o\u017cyli\u015bcie w pa\u017adzierniku 4 300 z\u0142., oraz 2 osoby zrobi\u0142y przelew na konto w sumie 150 z\u0142. Wszystkie te ofiary zasili\u0142y nasze konto inwestycyjne.<\/li>\n<li>Dzi\u015b sk\u0142adka na potrzeby archidiecezji, po Mszy zmiana tajemnic r\u00f3\u017ca\u0144cowych.<\/li>\n<li style=\"text-align: justify;\">Msza \u015bw. w intencji pielgrzym\u00f3w z naszej parafii, kt\u00f3rzy 25 pa\u017adziernika udali si\u0119 do Cz\u0119stochowy i Krakowa, zostanie odprawiona w poniedzia\u0142ek <strong>10 listopada o 17.00.<\/strong><\/li>\n<li style=\"text-align: justify;\"><strong>\u015aREDNIE WIELKIE:<\/strong> Przekazano mi, \u017ce istnieje taka tradycja, \u017ce w listopadzie w ko\u015bciele w \u015arednim, jako kwiaty ustawia si\u0119 chryzantemy, a ofiary od sprz\u0105taj\u0105cych minimum 50 z\u0142, sk\u0142ada si\u0119 Pani Iwonie.<\/li>\n<\/ol>\n<ul>\n<li>Trosk\u0119 o czysto\u015b\u0107 w ko\u015bciele w tym tygodniu powierzamy nast\u0119puj\u0105cym osobom:<\/li>\n<\/ul>\n<p><strong>\u0141ukowe:<\/strong> Barbara CZERNIK, Janina GRO\u0143, Wies\u0142awa KOPCZYK<\/p>\n<p><strong>\u015arednie Wielkie<\/strong><strong>:<\/strong> Irena J\u00d3ZEFOWICZ, Sylwia KUCHARYK<\/p>\n<p><strong>Intencje w tym tygodniu:&nbsp;<\/strong><\/p>\n<p><strong>Poniedzia\u0142ek: <\/strong><\/p>\n<p>16.00 + Mariusz JANKOWSKI od Miros\u0142awa Jankowskiego z rodzin\u0105<\/p>\n<p>17.00 + Daria, Karol, Maria PLUSKWA<\/p>\n<p><strong>Wtorek:&nbsp;<\/strong><\/p>\n<p>16.00 + Mariusz JANKOWSKI od Marii Adamkiewicz z rodzin\u0105<\/p>\n<p>17.00 + Halina STACH od syna Andrzeja z rodzin\u0105<\/p>\n<p><strong>\u015aroda: <\/strong><\/p>\n<p>16.00 + Mariusz JANKOWSKI od dzieci Natalii i Rados\u0142awa<\/p>\n<p>17.00 + W\u0142adys\u0142awa(k) KIECA w 1 roczn. \u015bm.<\/p>\n<p><strong>Czwartek: <\/strong><\/p>\n<p>16.00 + Mariusz JANKOWSKI od brata Dariusza z rodzin\u0105<\/p>\n<p>17.00 + Nestor i Ludwika(k) IZDEBSKICH<\/p>\n<p><u>\u015aW 18.15<\/u> + Katarzyn\u0119 RACZKOWSK\u0104 z R\u00f3\u017cy Barbary Jankowskiej<\/p>\n<p><strong>Pi\u0105tek: <\/strong><\/p>\n<p>17.00 + Bronis\u0142awa(k) i Jan PATYLAK<\/p>\n<p><strong>Sobota: <\/strong><\/p>\n<p>16.00 + Mariusz JANKOWSKI od chrze\u015bnicy Karoliny<\/p>\n<p>17.00 + Z rodziny IZDEBSKICH i WALK\u00d3W od siostry Barbary<\/p>\n<p><strong>Niedziela: <\/strong><\/p>\n<p>7.30 Za Parafian<\/p>\n<p>9.30 \u015aW. Za zmar\u0142ych polecanych w wypominkach<\/p>\n<p>11.00 + Aniela i Stanis\u0142aw MOLEK od Dariusza z rodzin\u0105<\/p>\n<p style=\"text-align: center;\"><strong>Og\u0142oszenia i intencje mszalne <\/strong><br \/>\n<strong>s\u0105 dost\u0119pne tak\u017ce na stronie internetowej naszej parafii. <\/strong><\/p>\n<p style=\"text-align: center;\"><span style=\"color: #ff0000;\"><strong>Dobrej niedzieli \u017cycz\u0119 naszym parafianom i Go\u015bciom<\/strong>.<\/span><\/p>\n<p>__________________________________________________________<\/p>\n<p style=\"text-align: center;\"><span style=\"font-size: 18pt; color: #008000;\"><strong>30 Niedziela zwyk\u0142a &#8211; 26. 10. 2025r.<\/strong><\/span><\/p>\n<p>&nbsp;<\/p>\n<ol>\n<li style=\"text-align: justify;\">Msze \u015bw. w <strong>\u0141ukowem<\/strong> w tym tygodniu do pi\u0105tku 31 pa\u017adziernika o <strong>00 i<\/strong> <strong>17.00<\/strong>. Po Mszy o 17.00 r\u00f3\u017caniec. W <strong>\u015arednim Wielkim<\/strong> w czwartek Msza o <strong>18.15<\/strong> i r\u00f3\u017caniec. Codziennie przed Msz\u0105 \u015bw. mo\u017cna skorzysta\u0107 z sakramentu spowiedzi. Zach\u0119cam, aby nie odk\u0142ada\u0107 spowiedzi przed Wszystkimi \u015awi\u0119tymi na ostatni dzie\u0144, albo sam\u0105 uroczysto\u015b\u0107, ale kto mo\u017ce, to aby skorzysta\u0142 w tym tygodniu.<\/li>\n<li style=\"text-align: justify;\">Przed nami ostatni tydzie\u0144 modlitwy r\u00f3\u017ca\u0144cowej w pa\u017adzierniku. Zapraszam wszystkich, kt\u00f3rzy jeszcze nie byli, albo przychodz\u0105 regularnie. Zapraszam dzieci klasami, wed\u0142ug ustalonego porz\u0105dku, <strong>a 31 pa\u017adziernika zapraszam wszystkie dzieci na ostatnie nabo\u017ce\u0144stwo i specjalne b\u0142ogos\u0142awie\u0144stwo oraz nagrody dla tych<\/strong>, kt\u00f3rzy przychodzili, aby modli\u0107 si\u0119 na r\u00f3\u017ca\u0144cu.<\/li>\n<li style=\"text-align: justify;\">W sobot\u0119 <strong>1 listopada<\/strong> Uroczysto\u015b\u0107 Wszystkich \u015awi\u0119tych. Msze \u015bw. w tym dniu w porz\u0105dku niedzielnym o 7.30, 9.30 \u015arednie Wielkie i 11.00. Po Mszy \u015bw. o 11.00 procesja na cmentarz. <strong>2 listopada <\/strong>w niedziel\u0119 Dzie\u0144 Zaduszny, r\u00f3wnie\u017c porz\u0105dek Mszy \u015bw. niedzielny, po ka\u017cdej Mszy pomodlimy si\u0119 za zmar\u0142ych.<\/li>\n<li style=\"text-align: justify;\">W Uroczysto\u015b\u0107 Wszystkich \u015awi\u0119tych i Dzie\u0144 Zaduszny mo\u017cemy zyska\u0107 odpust <strong>zupe\u0142ny<\/strong> pod zwyk\u0142ymi warunkami. Mo\u017cemy go ofiarowa\u0107 za zamar\u0142ych. Podobnie od 1 \u2013 8 listopada. W pozosta\u0142e dni listopada, mo\u017cemy zyska\u0107 odpust <strong>cz\u0105stkowy<\/strong> za nawiedzenie cmentarza i modlitw\u0119 za zmar\u0142ych.<\/li>\n<li style=\"text-align: justify;\">W listopadzie modlimy si\u0119 za naszych zmar\u0142ych polecanych w wypominkach. O tych, kt\u00f3rych kochali\u015bmy za \u017cycia, nie zapominajmy po \u015bmierci. W \u0141ukowym wypominki codziennie po Mszy \u015bw. o 17.00 wed\u0142ug nast\u0119puj\u0105cego porz\u0105dku:<\/li>\n<\/ol>\n<p>Numery dom\u00f3w 1 \u2013 40 w <strong>poniedzia\u0142ek<\/strong><\/p>\n<p>Numery dom\u00f3w 41 \u2013 80 we <strong>wtorek<\/strong><\/p>\n<p>Numery dom\u00f3w 81 \u2013 120 w <strong>\u015brod\u0119<\/strong><\/p>\n<p>Blok nr 115 w <strong>czwartek<\/strong><\/p>\n<p>\u015arednie d\u00f3\u0142 do mostu w <strong>pi\u0105tek<\/strong><\/p>\n<p>Numery dom\u00f3w od 121 w g\u00f3r\u0119 w <strong>sobot\u0119.<\/strong><\/p>\n<p>\u015arednie Wielkie i Kalnica w <strong>czwartek<\/strong> o 18.15 i w <strong>niedziel\u0119<\/strong> o 9.30<\/p>\n<p>Wypominki i ofiary sk\u0142adamy na tac\u0119, prosz\u0119 zaznaczy\u0107 na wypominkach nr domu, albo dat\u0119.<\/p>\n<ol start=\"6\">\n<li style=\"text-align: justify;\">Rada parafialna przypomina te\u017c o sk\u0142adaniu ofiar w kopertach na malowanie ko\u015bcio\u0142a w wysoko\u015bci 50 z\u0142 miesi\u0119cznie od rodziny. Zosta\u0142y ju\u017c podj\u0119te decyzje o malowaniu naszego ko\u015bcio\u0142a w 2026 roku, z\u0142o\u017cymy w listopadzie stosowny wniosek do konserwatora zabytk\u00f3w. R\u00f3wnocze\u015bnie trwaj\u0105 konsultacje na temat ogrzewania ko\u015bcio\u0142a, czekamy na stosowne wyceny i informacje.<\/li>\n<li style=\"text-align: justify;\">KGW sk\u0142ada podzi\u0119kowanie mieszka\u0144com \u0141ukowego i \u015aredniego Wielkiego za ciasta, kt\u00f3re przynie\u015bli na \u015bwietlic\u0119 i za ofiary pieni\u0119\u017cne, kt\u00f3re z\u0142o\u017cyli na rzecz Maksia z Baligrodu. Wszystko zosta\u0142o przekazane organizatorom Akcji, kt\u00f3rzy te\u017c dzi\u0119kuj\u0105 za pomoc.<\/li>\n<li>Za tydzie\u0144 sk\u0142adka na potrzeby archidiecezji oraz w \u0141ukowym zmiana tajemnic r\u00f3\u017ca\u0144cowych.<\/li>\n<li>Trosk\u0119 o czysto\u015b\u0107 w ko\u015bciele w tym tygodniu powierzamy nast\u0119puj\u0105cym osobom:<\/li>\n<\/ol>\n<p><strong>\u0141ukowe:<\/strong> Felicja Wr\u00f3bel, Mariusz Wr\u00f3bel, W\u0142adys\u0142awa Gajda<\/p>\n<p><strong>\u015arednie Wielkie<\/strong><strong>:<\/strong> Tadeusz Mroczek, Aniela Zarzyczna.<\/p>\n<p style=\"text-align: justify;\">Je\u015bli s\u0105 osoby starsze, lub z jaki\u015b powod\u00f3w nie mog\u0105 sprz\u0105ta\u0107, to mamy 2 osoby ch\u0119tne do sprz\u0105tania w zast\u0119pstwie takich os\u00f3b, Panie: <strong>Krystyna i Anna Str\u00f3\u017cak.<\/strong> Nale\u017cy si\u0119 z nimi kontaktowa\u0107 pod numerem telefonu <strong>724&nbsp;909&nbsp;769<\/strong>.<\/p>\n<ol start=\"11\">\n<li>Mamy za sob\u0105 <strong>liczenie<\/strong>, kt\u00f3re da\u0142o nast\u0119puj\u0105ce <strong>wyniki<\/strong>:<\/li>\n<\/ol>\n<p>Przyjmujemy, \u017ce w naszej Parafii mieszka teoretycznie 980 os\u00f3b.<\/p>\n<p style=\"text-align: justify;\">W niedziel\u0119 19 pa\u017adziernika we Mszach \u015bw. uczestniczy\u0142o: 198 m\u0119\u017cczyzn i 215 kobiet, co daje w sumie <strong>413 os\u00f3b, czyli 42,14 % mieszka\u0144c\u00f3w parafii.<\/strong> Do Komunii \u015bw. przyst\u0105pi\u0142o 45 m\u0119\u017cczyzn i 64 kobiety, co daje w sumie <strong>109 os\u00f3b, czyli 11,12 %.<\/strong> Nie jest to mo\u017ce pow\u00f3d do przesadnej rado\u015bci, bo \u015brednio do ko\u015bcio\u0142a w naszej parafii chodzi mniej ni\u017c po\u0142owa mieszka\u0144c\u00f3w, jednak to liczenie pokaza\u0142o, \u017ce jest nas wi\u0119cej w ko\u015bciele ni\u017c rok, czy dwa lata temu. Co\u015b pozytywnie drgn\u0119\u0142o, po\u017cyjemy zobaczymy.<\/p>\n<ul>\n<li><strong>Intencje w tym tygodniu:&nbsp;<\/strong><\/li>\n<\/ul>\n<p><strong>Poniedzia\u0142ek: <\/strong><\/p>\n<p>16.00 + Maria ROSIEK od uczestnik\u00f3w pogrzebu<\/p>\n<p>17.00 + Stanis\u0142aw MOLEK w 1 roczn. \u015bm. int. od \u017cony Krystyny z dzie\u0107mi<\/p>\n<p><strong>Wtorek:&nbsp;<\/strong><\/p>\n<p>16.00 + Maria ROSIEK od uczestnik\u00f3w pogrzebu<\/p>\n<p>17.00 + Tadeusz, Maria, Zdzis\u0142aw JANKOWSCY int. od Heleny<\/p>\n<p><strong>\u015aroda: <\/strong><\/p>\n<p>16.00 + Maria ROSIEK od uczestnik\u00f3w pogrzebu<\/p>\n<p>17.00 Za Parafian<\/p>\n<p><strong>Czwartek: <\/strong><\/p>\n<p>16.00 + Maria ROSIEK od uczestnik\u00f3w pogrzebu<\/p>\n<p>17.00 + Janina, Jan, Edward<\/p>\n<p><u>\u015aW 18.15<\/u> + Edward LUBAS od Krystyny i Krzysztofa Kozdra\u015b<\/p>\n<p><strong>Pi\u0105tek: <\/strong><\/p>\n<p>16.00 + Maria ROSIEK od uczestnik\u00f3w pogrzebu<\/p>\n<p>17.00 + Jan i Barbara WANIA int. od c\u00f3rki z rodzin\u0105<\/p>\n<p><strong>Sobota: <\/strong><\/p>\n<p>7.30 + Ewa KUREK int. od m\u0119\u017ca i dzieci<\/p>\n<p>9.30 \u015aW. Za Parafian<\/p>\n<p>11.00 + Z rodziny WR\u00d3BLI i JANKOWSKICH int. od Heleny<\/p>\n<p><strong>Niedziela: <\/strong><\/p>\n<p>7.30 + Maria i Ignacy WRONA<\/p>\n<p>9.30 \u015aW. + Edward KOZDRA\u015a od pracownik\u00f3w Nadle\u015bnictwa Baligr\u00f3d<\/p>\n<p>11.00 + Stanis\u0142aw WALKO w 3 roczn. \u015bm., Krystyna i Franciszek WALKO<\/p>\n<p>&nbsp;<\/p>\n<p style=\"text-align: center;\">Og\u0142oszenia i intencje mszalne<br \/>\ns\u0105 dost\u0119pne tak\u017ce na stronie internetowej naszej parafii.<br \/>\n<span style=\"color: #008000;\">Dobrej niedzieli \u017cycz\u0119 naszym parafianom i Go\u015bciom.<\/span><\/p>\n<p style=\"text-align: justify;\"><span style=\"color: #ff0000;\"><strong><u>\u015aREDNIE WIELKIE:<\/u><\/strong> <\/span>Moi drodzy. Sk\u0142adam Wam serdeczne podzi\u0119kowanie za <strong>wzorowe<\/strong> przygotowanie i prze\u017cycie uroczysto\u015bci 40 lecia ko\u015bcio\u0142a i odpustu MB R\u00f3\u017ca\u0144cowej. Jestem <strong>pod wra\u017ceniem<\/strong> Waszego zaanga\u017cowania, troski o to, \u017ceby wszystko przebieg\u0142o i na <strong>chwa\u0142\u0119 Bo\u017c\u0105 i jak najdostojniej<\/strong>. I tak by\u0142o. Jestem pod wra\u017ceniem! Dzi\u0119kuj\u0119 tym, kt\u00f3rzy wymodlili pi\u0119kn\u0105 pogod\u0119. Serdecznie dzi\u0119kuj\u0119 Radzie parafialnej, So\u0142tysom, Ko\u0142om Gospody\u0144 Wiejskich, Ch\u00f3rowi, Panu Organi\u015bcie, Stra\u017cakom z Ochotniczej Sta\u017cy Po\u017carnej, Pani Dorotce i Paniom z Kuchennych Rewolucji za pyszny obiad, wszystkim, kt\u00f3rzy z\u0142o\u017cyli ofiar\u0119 do puszki na cel naszej uroczysto\u015bci, to \u015bwiadczy o waszej wsp\u00f3lnej trosce o nasz\u0105 \u015bwi\u0105tyni\u0119 i to co si\u0119 w niej dzieje. Bardzo dzi\u0119kuj\u0119 za nowy gong i zestaw bielizny kielichowej. B\u0119d\u0105 Wam s\u0142u\u017cy\u0142y tu w tym ko\u015bciele. Dzi\u0119kuj\u0119 osobom sprz\u0105taj\u0105cym za czysto\u015b\u0107 w ko\u015bciele, za pi\u0119kne kwiaty. Wszystkim zaanga\u017cowanym w liturgi\u0119, witaj\u0105cym Ks. Arcybiskupa za koszyk swojskich smako\u0142yk\u00f3w. Z\u0142oty medal dla ministrant\u00f3w, bo dopie\u015bcili liturgi\u0119 w ka\u017cdym detalu i z okadzeniem i z profesjonaln\u0105 pos\u0142ug\u0105. Lektorzy i ministranci &#8211; jestem z Was dumny! Jakubowi, za to, \u017ce czuwa\u0142 nad ca\u0142o\u015bci\u0105 w zakrystii.<\/p>\n<p style=\"text-align: justify;\">To jeszcze nie koniec naszych rado\u015bci. Powi\u0119kszy\u0142a si\u0119 suma na Waszym koncie, ko\u015bcio\u0142a w \u015arednim Wielkim, bo Pan <strong>Artur Tokarz<\/strong> z\u0142o\u017cy\u0142 ofiar\u0119 500 z\u0142. Za co w Waszym imieniu mu podzi\u0119kowa\u0142em. Pa\u0144stwo <strong>Krystyna i Marek Leszczakowie<\/strong> z Sanoka z\u0142o\u017cyli ofiar\u0119 4&nbsp;000 z\u0142. Za co te\u017c chcemy im bardzo podzi\u0119kowa\u0107. Te ofiary wp\u0142aci\u0142em ju\u017c na konto waszego ko\u015bcio\u0142a.<\/p>\n<p>&nbsp;<\/p>\n<p>&nbsp;<\/p>\n<p>______________________________________________________________<\/p>\n<p style=\"text-align: center;\"><span style=\"font-size: 18pt; color: #008000;\"><strong>29 Niedziela zwyk\u0142a &#8211; 19. 10. 2025r.<\/strong><\/span><\/p>\n<p>&nbsp;<\/p>\n<ol>\n<li style=\"text-align: justify;\">Dzi\u015b <strong>Niedziela Misyjna<\/strong>, rozpoczyna si\u0119 tydzie\u0144 misyjny. Modlimy si\u0119 za misje na wszystkich kontynentach, a szczeg\u00f3lnie za misjonarzy, kt\u00f3rzy pochodz\u0105 z naszej Archidiecezji. Sk\u0142adka dzisiejsza przeznaczona jest na misje.<\/li>\n<li style=\"text-align: justify;\">Dzi\u015b te\u017c w ko\u015bcio\u0142ach w Polsce ma miejsce liczenie wiernych uczestnicz\u0105cych w Mszach \u015bw. i przyst\u0119puj\u0105cych do Komunii \u015bw.<\/li>\n<li>Msze \u015bw. w tym tygodniu codziennie o 16.00 i 17.00, a w \u015arednim Wielkim w czwartek o 18.15.<\/li>\n<li style=\"text-align: justify;\">Przygotowujemy si\u0119 do <strong>listopada<\/strong>, miesi\u0105ca w kt\u00f3rym szczeg\u00f3lnie modlimy si\u0119 za zmar\u0142ych. Prosz\u0119 zabra\u0107 ze sob\u0105 kartki wypominkowe. Wypominki z\u0142o\u017cone na tac\u0119 bez zaznaczenia daty, b\u0119d\u0105 odprawiane w dowolnym terminie, a te z napisan\u0105 dat\u0105, we wskazanym dniu.<\/li>\n<li>Zapraszam te\u017c na <strong>nabo\u017ce\u0144stwa r\u00f3\u017ca\u0144cowe<\/strong> wszystkich, szczeg\u00f3lnie tych, kt\u00f3rzy jeszcze nie byli, a dzieci ze Szko\u0142y Podstawowej:<\/li>\n<\/ol>\n<p>Zer\u00f3wka i kl. I w poniedzia\u0142ki;<\/p>\n<p>II i kl. III we wtorki;<\/p>\n<p>IV i V w \u015brody;<\/p>\n<p>klasa VI i VII w czwartki;<\/p>\n<p>VIII w pi\u0105tki,<\/p>\n<p>a w sobot\u0119 i w niedziel\u0119 szczeg\u00f3lnie tych, kt\u00f3rzy z racji pracy, lub innych obowi\u0105zk\u00f3w nie mog\u0105 przyj\u015b\u0107 na r\u00f3\u017caniec w tygodniu.<\/p>\n<ol start=\"6\">\n<li>Spotkanie <strong>Rady Parafialnej<\/strong> w poniedzia\u0142ek po Mszy \u015bw.<\/li>\n<li>Spotkanie <strong>ministrant\u00f3w<\/strong> w pi\u0105tek po Mszy \u015bw.<\/li>\n<li>Pr\u00f3ba <strong>scholii<\/strong> w sobot\u0119 o 9.00<\/li>\n<li style=\"text-align: justify;\">Wyjazd na pielgrzymk\u0119 do Cz\u0119stochowy i Krakowa z naszego parkingu przy ko\u015bciele w \u0141ukowem <strong>o p\u00f3\u0142nocy z pi\u0105tku na sobot\u0119. <\/strong><\/li>\n<li style=\"text-align: justify;\">W niedziel\u0119 26 pa\u017adziernika odb\u0119dzie si\u0119 w Baligrodzie charytatywny <strong>marsz s\u0142u\u017cb mundurowych<\/strong> oraz wszystkich ch\u0119tnych na <strong>Wzg\u00f3rze Trzech Krzy\u017cy.<\/strong> Wydarzenie rozpocznie si\u0119 o godz. 12.00 w centrum Baligrodu. Celem marszu jest zbi\u00f3rka \u015brodk\u00f3w dla Maksia Tockiego, ch\u0142opca zmagaj\u0105cego si\u0119 z rdzeniowym zanikiem mi\u0119\u015bni tupu Duchenne\u2019a, kt\u00f3ry potrzebuje a\u017c 16 milion\u00f3w z\u0142. na leczenie w Stanach Zjednoczonych. Po Marszu zaplanowano festyn dla Rodzin m.in. ze stoiskami K\u00f3\u0142 Gospody\u0144 Wiejskich. &nbsp;KGW \u0141ukowe r\u00f3wnie\u017c chce wspom\u00f3c piknik charytatywny na rzecz Maksia piek\u0105c przepyszne ciasta i zach\u0119ca mieszka\u0144c\u00f3w naszej parafii je\u015bli maj\u0105 ochot\u0119 r\u00f3wnie\u017c pom\u00f3c, aby upiec przepyszne ciasto i przekaza\u0107 na \u015bwietlic\u0119 w pi\u0105tek 24 pa\u017adziernika. Ciasta zostan\u0105 przekazane organizatorom.\n<ol>\n<li>Trosk\u0119 o czysto\u015b\u0107 w ko\u015bciele w tym tygodniu powierzamy nast\u0119puj\u0105cym osobom:<\/li>\n<\/ol>\n<\/li>\n<li style=\"text-align: left;\"><strong>\u0141ukowe:<\/strong> W\u0142adys\u0142awa JAREMA, Teresa WR\u00d3BEL, Stanis\u0142aw WR\u00d3BEL.<strong>\u015arednie Wielkie<\/strong><strong>:<\/strong> Klaudia GRO\u0143 i Janina GRO\u0143<strong>&nbsp;12. Intencje mszalne <\/strong><strong>&nbsp;<\/strong><strong>Poniedzia\u0142ek: <\/strong>16.00 + Stanis\u0142aw WALKO od Anny i Krystyny z rodzinami17.00 + Maria ROSIEK od rodziny Kocur\u00f3w<strong>Wtorek:&nbsp;<\/strong>16.00 + Maria ROSIEK od Dyrekcji i pracownik\u00f3w SPP Nr 3 w Sanoku17.00 + Urszula i Stanis\u0142aw CICHO\u0143SCY od syna z rodzin\u0105<strong>\u015aroda: <\/strong>16.00 + Maria ROSIEK od najbli\u017cszych kole\u017canek z pracy Moniki17.00 + Halina, Stanis\u0142aw, Joanna<strong>Czwartek: <\/strong>16.00 + Maria ROSIEK od najbli\u017cszych kole\u017canek z pracy Moniki17.00 + Maciej LE\u015aNIEWSKI od rodziny Lechowicz\u00f3w<u>\u015aW 18.15<\/u> + Wojciech w kolejn\u0105 roczn. \u015bm.<strong>Pi\u0105tek: <\/strong>16.00 + Maria ROSIEK od rodziny Zyzak\u00f3w i Babierczyk\u00f3w z Przydonicy17.00 + Bronis\u0142awa(k) DUBANIK kolejna roczn. \u015bm. od c\u00f3rki Zofii<strong>Sobota: <\/strong>16.00 + Maria ROSIEK od rodziny Zyzak\u00f3w i Babierczyk\u00f3w z Przydonicy17.00 + Maciej LE\u015aNIEWSKI od rodziny Jawor<strong>Niedziela: <\/strong>7.30 + Maria i J\u00f3zef KOPCZYK w kolejn\u0105 roczn. \u015bm.9.30 \u015aW. + Zofia i Andrzej KUSIAK int. od c\u00f3rki Barbary z rodzin\u0105, Zdzis\u0142aw JANKOWSKI int. od \u017cony11.00 Dzi\u0119kczynna w 62 rocznic\u0119 \u015blubu Ewy i Tomasza KUSIAK&nbsp;\n<p style=\"text-align: center;\"><span style=\"color: #008000;\">Og\u0142oszenia i intencje mszalne <\/span><br \/>\n<span style=\"color: #008000;\">s\u0105 dost\u0119pne tak\u017ce na stronie internetowej naszej parafii. <\/span><br \/>\n<span style=\"color: #008000;\">Dobrej niedzieli.<\/span><\/p>\n<p>____________________________________________________________<\/p>\n<p><strong>Intencje w tym tygodniu:&nbsp;<\/strong><\/li>\n<\/ol>\n<p style=\"text-align: center;\"><span style=\"color: #008000; font-size: 24pt;\"><strong>28 Niedziela zwyk\u0142a &#8211; 12. 10. 2025r.<\/strong><\/span><\/p>\n<p>&nbsp;<\/p>\n<ol>\n<li>Dzi\u015b Dzie\u0144 Papieski, wspominamy i polecamy si\u0119 wstawiennictwu \u015bw. Jana Paw\u0142a II. Po Mszach zbi\u00f3rka do puszki na stypendia dla m\u0142odzie\u017cy studiuj\u0105cej z biednych rodzin. Nast\u0119pna niedziela, to niedziela misyjna. Sk\u0142adka na potrzeby misji.<\/li>\n<li>Msze \u015bw. w <strong>\u0141ukowem<\/strong> w tym tygodniu: w <strong>poniedzia\u0142ek<\/strong> <strong>13 X<\/strong> tylko o <strong>00 <\/strong>i je\u015bli pogoda na to pozwoli to procesja r\u00f3\u017ca\u0144cowa na G\u00f3r\u0119 Mi\u0142osierdzia.<strong> W pozosta\u0142e dni Msze o 16.00 i<\/strong> <strong>17.00<\/strong>. Po Mszy o 17.00 r\u00f3\u017caniec. W <strong>\u015arednim Wielkim<\/strong> w czwartek Msza o <strong>18.15<\/strong> i r\u00f3\u017caniec. W niedziele R\u00f3\u017ce odmawiaj\u0105 r\u00f3\u017caniec przed Msz\u0105 porann\u0105.<\/li>\n<\/ol>\n<p>Z tej racji, \u017ce 19 pa\u017adziernika w \u015arednim Wielkim b\u0119dzie 40 rocznica po\u015bwi\u0119cenia ko\u015bcio\u0142a i Odpust \u2013 przewodniczy Abp Adam Szal \u2013 <strong>Msze \u015bw. w \u0141ukowem za tydzie\u0144 w niedziel\u0119 b\u0119d\u0105 wyj\u0105tkowo o 7.30 i 9.30. <\/strong>O 11.30 zapraszam na Odpust do \u015aredniego Wielkiego.<\/p>\n<p>Zapraszam te\u017c na <strong>nabo\u017ce\u0144stwa r\u00f3\u017ca\u0144cowe<\/strong> wszystkich, szczeg\u00f3lnie tych, kt\u00f3rzy jeszcze nie byli, a dzieci ze Szko\u0142y Podstawowej:<\/p>\n<p>Zer\u00f3wka i kl. I w poniedzia\u0142ki;<\/p>\n<p>II i kl. III we wtorki;<\/p>\n<p>IV i V w \u015brody;<\/p>\n<p>VI i VII w czwartki;<\/p>\n<p>VIII w pi\u0105tki,<\/p>\n<p>a w sobot\u0119 i w niedziel\u0119 szczeg\u00f3lnie tych, kt\u00f3rzy z racji pracy, lub innych obowi\u0105zk\u00f3w nie mog\u0105 przyj\u015b\u0107 na r\u00f3\u017caniec w tygodniu.<\/p>\n<ol start=\"3\">\n<li>Spotkanie <strong>Akcji Katolickiej<\/strong> we wtorek po Mszy \u015bw.&nbsp;We wtorek tak\u017ce z racji <strong>\u015awi\u0119ta Edukacji Narodowej<\/strong> Msza \u015bw. w intencji nauczycieli naszej szko\u0142y o godz. 9.30.<\/li>\n<li>W sobot\u0119 o 9.00 pr\u00f3ba <strong>scholii<\/strong>.<\/li>\n<li>Bardzo prosz\u0119, aby osoby kt\u00f3re potwierdzaj\u0105 sw\u00f3j udzia\u0142 w pielgrzymce do <strong>Cz\u0119stochowy i Krakowa 25 pa\u017adziernika<\/strong>, w tym tygodniu ju\u017c wp\u0142aci\u0142y ca\u0142\u0105 kwot\u0119. Je\u015bli kto\u015b z r\u00f3\u017cnych powod\u00f3w nie mo\u017ce pojecha\u0107, a jest na li\u015bcie, to te\u017c prosz\u0119 o info.<\/li>\n<li>Trosk\u0119 o czysto\u015b\u0107 w ko\u015bciele w tym tygodniu powierzamy nast\u0119puj\u0105cym osobom:<\/li>\n<\/ol>\n<p><strong>\u0141ukowe:<\/strong> Bogus\u0142aw WR\u00d3BEL, Monika GAJDA, Anna CYGAL<\/p>\n<p><strong>\u015arednie Wielkie<\/strong><strong>:<\/strong> J\u00f3zef ZAJKOWSKI, Dorota BO\u017bEK, Jolanta JOHYN, Maria LUBAS, Danuta MLUCZY\u0143SKA, Anna DUELL, Barbara KOZIO\u0141, Renata ZAJKOWSKA.<\/p>\n<p><strong><u>\u015aREDNIE WIELKIE<\/u><\/strong><u>:<\/u> Jest pro\u015bba do mieszka\u0144c\u00f3w blok\u00f3w, aby na czas uroczysto\u015bci w niedziel\u0119 zwolni\u0107 parking przyko\u015bcielny dla zaproszonych go\u015bci. Do puszki na organizacj\u0119 uroczysto\u015bci rocznicowych z\u0142o\u017cyli\u015bcie 1010 z\u0142. B\u00f3g zap\u0142a\u0107. Mo\u017cna b\u0119dzie jeszcze dzi\u015b w zakrystii z\u0142o\u017cy\u0107 do puszki na ten cel.<\/p>\n<p><strong>Intencje w tym tygodniu:&nbsp;<\/strong><\/p>\n<p><strong>&nbsp;<\/strong><\/p>\n<p><strong>Poniedzia\u0142ek: <\/strong><\/p>\n<p>16.00 Za Parafian<\/p>\n<p><strong>Wtorek:&nbsp;<\/strong><\/p>\n<p>16.00 + Stanis\u0142aw WALKO od chrze\u015bnicy Joanny z rodzin\u0105.<\/p>\n<p>17.00 + Rodzic\u00f3w, rodze\u0144stwo, m\u0119\u017ca, c\u00f3rk\u0119 Ani\u0119.<\/p>\n<p><strong>\u015aroda: <\/strong><\/p>\n<p>16.00 + Stanis\u0142aw WALKO od Roberta WALKO<\/p>\n<p>17.00 + Maria ROSIEK od synowej Alicji z dzie\u0107mi<\/p>\n<p><strong>Czwartek: <\/strong><\/p>\n<p>16.00 + Stanis\u0142aw WALKO od kuzyna Andrzeja STACH z rodzin\u0105<\/p>\n<p>17.00 + Maria ROSIEK od chrze\u015bnicy Bo\u017ceny<\/p>\n<p><u>\u015aW 18.15 <\/u><\/p>\n<p><strong>Pi\u0105tek: <\/strong><\/p>\n<p>16.00 + Stanis\u0142aw WALKO od Anieli i Stefana KUSIAK<\/p>\n<p>17.00 + Maria ROSIEK od wnuczki Agnieszki z rodzin\u0105<\/p>\n<p><strong>Sobota: <\/strong><\/p>\n<p>16.00 + Stanis\u0142aw WALKO od Urszuli Zarzyczny z rodzin\u0105.<\/p>\n<p>17.00 + Maria ROSIEK od kole\u017canek i koleg\u00f3w Moniki z KGW \u0141ukowe<\/p>\n<p><strong>Niedziela: <\/strong><\/p>\n<p>7.30 W intencji Panu Bogu wiadomej<\/p>\n<p>9.30 + Stanis\u0142aw SZLAGA kolejna roczn. \u015bm. \u2013 int. od \u017cony<\/p>\n<p>11.30 Za Parafian<\/p>\n<p>&nbsp;<\/p>\n<p style=\"text-align: center;\">Og\u0142oszenia i intencje mszalne s\u0105 tak\u017ce na stronie internetowej naszej parafii.<br \/>\nDobrej niedzieli.<\/p>\n<p>______________________________________________________________<\/p>\n<p>&nbsp;<\/p>\n<p style=\"text-align: center;\"><span style=\"font-size: 24pt; color: #008000;\"><strong>27 Niedziela zwyk\u0142a &#8211; 5. 10. 2025r.<\/strong><\/span><\/p>\n<ol>\n<li style=\"text-align: justify;\">Msze \u015bw. w <strong>\u0141ukowem<\/strong> w tym tygodniu o <strong>16.00 i<\/strong> <strong>17.00<\/strong>. Po Mszy o 17.00 r\u00f3\u017caniec. W <strong>\u015arednim Wielkim<\/strong> w czwartek Msza o <strong>18.15<\/strong> i r\u00f3\u017caniec. Codziennie przed Msz\u0105 \u015bw. mo\u017cna skorzysta\u0107 z sakramentu spowiedzi.<\/li>\n<li>Zapraszam na <strong>nabo\u017ce\u0144stwa r\u00f3\u017ca\u0144cowe<\/strong> wszystkich, oraz tych kt\u00f3rzy jeszcze nie byli, a dzieci ze Szko\u0142y Podstawowej:<\/li>\n<\/ol>\n<p>Zer\u00f3wka i kl. I w poniedzia\u0142ki;<\/p>\n<p>II i kl. III we wtorki;<\/p>\n<p>IV i V w \u015brody;<\/p>\n<p>klasa VI i VII w czwartki;<\/p>\n<p>VIII w pi\u0105tki,<\/p>\n<p style=\"text-align: justify;\">a w sobot\u0119 i w niedziel\u0119 szczeg\u00f3lnie tych, kt\u00f3rzy z racji pracy, lub innych obowi\u0105zk\u00f3w nie mog\u0105 przyj\u015b\u0107 na r\u00f3\u017caniec w tygodniu.<br \/>\nNa stoliku przy wyj\u015bciu z ko\u015bcio\u0142a jest wy\u0142o\u017cona du\u017ca ilo\u015b\u0107 drewnianych r\u00f3\u017ca\u0144c\u00f3w; mo\u017cna zabra\u0107 dla siebie, albo dla kogo\u015b, a dobrowoln\u0105 ofiar\u0119 mo\u017cna kiedy\u015b z\u0142o\u017cy\u0107&nbsp;do skarbonki przy wyj\u015bciu.&nbsp;<\/p>\n<p>Klasa VI rozpoczynaj\u0105ca przygotowanie do Bierzmowania w czwartek w czasie Mszy z\u0142o\u017cy swoje deklaracje.<\/p>\n<ol start=\"3\">\n<li>W sobot\u0119 o 9.00 zapraszam do ko\u015bcio\u0142a wszystkie dzieci chc\u0105ce \u015bpiewa\u0107 w <strong>scholii<\/strong>.<\/li>\n<li style=\"text-align: justify;\">Dzi\u015b zmiana tajemnic r\u00f3\u017ca\u0144cowych i niedziela adoracyjna. Sk\u0142adka dzisiejsza na Seminarium Duchowne w Przemy\u015blu. W nast\u0119pn\u0105 niedziel\u0119 Dzie\u0144 Papieski, po Mszy zbi\u00f3rka do puszki na stypendia dla studiuj\u0105cej m\u0142odzie\u017cy z biednych rodzin.<\/li>\n<li style=\"text-align: justify;\">Msza \u015bw. w intencji uczestnik\u00f3w pielgrzymki do Kalwarii Pac\u0142awskiej b\u0119dzie jutro o godz. 17.00. Za 3 tygodnie nasza pielgrzymka do Cz\u0119stochowy i Krakowa. Gdyby kto\u015b z os\u00f3b zapisanych na list\u0119 wiedzia\u0142, \u017ce jednak nie mo\u017ce jecha\u0107, to prosz\u0119 o info, bo s\u0105 jeszcze ch\u0119tni.<\/li>\n<li style=\"text-align: justify;\">Odpust MB R\u00f3\u017ca\u0144cowej w \u015arednim Wielkim jest przeniesiony z 7 na 19 pa\u017adziernika i b\u0119dzie po\u0142\u0105czony z 40 rocznic\u0105 po\u015bwi\u0119cenia ko\u015bcio\u0142a. Przewodniczy\u0142 b\u0119dzie Mszy \u015bw. Abp Adam Szal.<\/li>\n<li>Trosk\u0119 o czysto\u015b\u0107 w ko\u015bciele w tym tygodniu powierzamy nast\u0119puj\u0105cym osobom:<\/li>\n<\/ol>\n<p><strong>\u0141ukowe:<\/strong> Weronika KOSI\u0143SKA, Ewelina POMYKA\u0141A, Tomasz NIESYTO.<\/p>\n<p><strong>\u015arednie Wielkie<\/strong><strong>:<\/strong> Agnieszka CZECH, Ewelina DOMARADZKA. &nbsp;<\/p>\n<ol start=\"8\">\n<li style=\"text-align: justify;\"><strong>\u015aREDNIE WIELKIE<\/strong>: Dzi\u015b spotkanie Rady parafialnej ze \u015aredniego Wielkiego po Mszy w ko\u015bciele. I po Mszy \u015bw. zbi\u00f3rka do puszki na organizacj\u0119 uroczysto\u015bci 40 lecia po\u015bwi\u0119cenia ko\u015bcio\u0142a w \u015arednim Wielkim.<\/li>\n<li><strong>Intencje w tym tygodniu:&nbsp;<\/strong><\/li>\n<\/ol>\n<p><strong>&nbsp;<\/strong><strong>Poniedzia\u0142ek: <\/strong><\/p>\n<p>16.00 + Maria ROSIEK od s\u0105siad\u00f3w z bloku<\/p>\n<p>17.00 W intencji uczestnik\u00f3w pielgrzymki na Kalwari\u0119 Pac\u0142awsk\u0105 o Bo\u017ce b\u0142ogos\u0142awie\u0144stwo i opiek\u0119 Matki Bo\u017cej.<\/p>\n<p><strong>Wtorek:&nbsp;<\/strong><\/p>\n<p>16.00 + Maria ROSIEK od s\u0105siad\u00f3w z bloku<\/p>\n<p>17.00 O Bo\u017ce b\u0142ogos\u0142awie\u0144stwo i opiek\u0119 Matki Bo\u017cej dla Si\u00f3str z R\u00f3\u017cy El\u017cbiety STUSIK<\/p>\n<p><strong>\u015aroda: <\/strong><\/p>\n<p>16.00 + Maria ROSIEK od Ma\u0142gorzaty BYSIEWICZ<\/p>\n<p>17.00 +Maciej LE\u015aNIEWSKI od rodziny FURDAK<\/p>\n<p><strong>Czwartek: <\/strong><\/p>\n<p>16.00 + Maria ROSIEK od synowej z dzie\u0107mi<\/p>\n<p>17.00 + Maciej LE\u015aNIEWSKI od Agaty i Krzysztofa STRZY\u017b z rodzin\u0105<\/p>\n<p><u>\u015aW 18.15 <\/u>Z R\u00f3\u017cy Stanis\u0142awy KRAUS o zdrowie \u017cywych i za zmar\u0142e siostry z R\u00f3\u017cy<\/p>\n<p><strong>Pi\u0105tek: <\/strong><\/p>\n<p>16.00 + Maria ROSIEK od synowej z dzie\u0107mi<\/p>\n<p>17.00 + Maciej LE\u015aNIEWSKI od Ma\u0142gorzaty i Paw\u0142a MORAWIEC z rodzin\u0105<\/p>\n<p><strong>Sobota: <\/strong><\/p>\n<p>16.00 + Maria ROSIEK od synowej z dzie\u0107mi<\/p>\n<p>17.00 + W\u0142adys\u0142aw KRAJZEWICZ od syna Andrzeja z rodzin\u0105<\/p>\n<p><strong>Niedziela: <\/strong><\/p>\n<p>7.30 O odwag\u0119 dla kap\u0142an\u00f3w i \u015bwi\u0119to\u015b\u0107<\/p>\n<p>9.30 \u015aW. Paulina i Bartosz w 1 roczn. sakramentu ma\u0142\u017ce\u0144stwa o zdrowie, Bo\u017ce b\u0142ogos\u0142awie\u0144stwo i opiek\u0119 Matki Bo\u017cej int. od rodzic\u00f3w &nbsp;<\/p>\n<p>11.00 + Jan, Aniela, Henryk FURTAK int. od c\u00f3rki i siostry<\/p>\n<p>&nbsp;<\/p>\n<p style=\"text-align: center;\">Wszystkim Parafianom i go\u015bciom, \u017cycz\u0119 dobrej niedzieli.<br \/>\nSzcz\u0119\u015b\u0107 Bo\u017ce.<\/p>\n<p>_____________________________________________________________<\/p>\n<ul>\n<li style=\"text-align: center;\"><span style=\"font-size: 24pt; color: #008000;\"><strong>26 Niedziela zwyk\u0142a &#8211; 28. 09. 2025r.<\/strong><\/span><\/li>\n<\/ul>\n<ol>\n<li style=\"text-align: justify;\">Msze \u015bw. w <strong>\u0141ukowem<\/strong> w tym tygodniu do wtorku 30 IX o godz. <strong>00<\/strong>, od \u015brody 1 X o <strong>17.00<\/strong> Msza \u015bw. i nabo\u017ce\u0144stwo r\u00f3\u017ca\u0144cowe. W <strong>\u015arednim W.<\/strong> w czwartek o 18.15. Codziennie przed Msz\u0105 \u015bw. mo\u017cna skorzysta\u0107 z sakramentu spowiedzi.<\/li>\n<li style=\"text-align: justify;\">W tym tygodniu I czwartek, pi\u0105tek i sobota miesi\u0105ca. W czwartek pomodlimy si\u0119 za powo\u0142anych z naszej Parafii i o nowe powo\u0142ania. W I pi\u0105tek spowied\u017a od 16.00, a po Mszy odm\u00f3wimy litani\u0119 do Naj\u015bwi\u0119tszego Serca Pana Jezusa. A w I sobot\u0119 po Mszy odm\u00f3wimy litani\u0119 do Matki Bo\u017cej.<\/li>\n<li>Zapraszam na <strong>nabo\u017ce\u0144stwa r\u00f3\u017ca\u0144cowe<\/strong> oczywi\u015bcie wszystkich, a szczeg\u00f3lnie dzieci ze Szko\u0142y Podstawowej wraz z rodzicami:<\/li>\n<\/ol>\n<p style=\"text-align: justify;\">Zer\u00f3wka i kl. I w poniedzia\u0142ki; kl. II i kl. III we wtorki; kl. IV i V w \u015brody; klasa VI i VII w czwartki; kl. VIII w pi\u0105tki, a w sobot\u0119 i w niedziel\u0119 szczeg\u00f3lnie tych, kt\u00f3rzy z racji pracy, czy innych obowi\u0105zk\u00f3w nie mog\u0105 przyj\u015b\u0107 na r\u00f3\u017caniec w tygodniu.<\/p>\n<ol start=\"4\">\n<li style=\"text-align: justify;\">Klasa III przygotowuj\u0105ca si\u0119 do I Komunii we wtorek otrzyma po\u015bwi\u0119cone r\u00f3\u017ca\u0144ce do modlitwy. Spotkanie dla rodzic\u00f3w dzieci z klasy 3 dzi\u015b po Mszy \u015bw. o 11.00.<\/li>\n<li>W pi\u0105tek po Mszy \u015bw. i r\u00f3\u017ca\u0144cu <strong>zbi\u00f3rka ministrant\u00f3w<\/strong>, a w sobot\u0119 o 9.00 zapraszam do ko\u015bcio\u0142a wszystkie dzieci chc\u0105ce \u015bpiewa\u0107 w <strong>scholii<\/strong>.<\/li>\n<\/ol>\n<p style=\"text-align: justify;\">W najbli\u017csz\u0105 niedziel\u0119, 5 pa\u017adziernika z racji zmiany tajemnic r\u00f3\u017ca\u0144cowych, R\u00f3\u017ce r\u00f3\u017ca\u0144cowe poprowadz\u0105 r\u00f3\u017caniec o 7.00, czyli przed Msz\u0105. Za tydzie\u0144 sk\u0142adka na Seminarium Duchowne w Przemy\u015blu.<\/p>\n<p>6. W \u015brod\u0119, 24 wrze\u015bnia zosta\u0142 <strong>pomalowany nasz ko\u015bci\u00f3\u0142 do wysoko\u015bci prawie 2 metr\u00f3w, <\/strong>co widzimy. Dzi\u0119kuj\u0119 za pomalowanie Panom: Arturowi TOKARZOWI, Bogus\u0142awowi TOKARZOWI, Andrzejowi STACHOWI, Kamilowi WR\u00d3BEL, Jakubowi WO\u0141OSZCZAKOWI. Wy\u017cej ju\u017c nie dostali. My\u015bl\u0119, \u017ce wszyscy widzimy, jak bardzo potrzebne jest pomalowanie ca\u0142ego ko\u015bcio\u0142a w \u015brodku, jak si\u0119 wtedy nasza \u015bwi\u0105tynia rozja\u015bni i od\u015bwie\u017cy. Planujemy takie malowanie w 2026 roku. B\u00f3g zap\u0142a\u0107 za ofiary sk\u0142adane na ten cel. W tym miesi\u0105cu suma ofiar indywidualnych z\u0142o\u017conych w kopertach na tac\u0119 na remonty w naszym ko\u015bciele wynios\u0142a 5 550 z\u0142., oraz wp\u0142ata 50 z\u0142 na konto parafialne.<\/p>\n<p>7. Dobrze by\u0142oby jeszcze w tym roku wymieni\u0107 bram\u0119 wjazdow\u0105 na plebani\u0119 i siatk\u0119 od strony ko\u015bcio\u0142a. Brama jest ju\u017c przerdzewia\u0142a, urwana i nie spe\u0142nia swoich funkcji (nawet jest mi za ni\u0105 troch\u0119 wstyd wobec innych proboszcz\u00f3w i parafii w naszym dekanacie). Na zakup nowej bramy nas nie sta\u0107, wi\u0119c po konsultacji z Rad\u0105 parafialn\u0105, poprosi\u0142em Pana Dariusza WOJTONIA, aby co\u015b pospawa\u0142. Je\u015bli chodzi o siatk\u0119, to kilka metr\u00f3w siatki mam i s\u0142upki te\u017c, to koszt wykonania kilku metr\u00f3w ogrodzenia nie by\u0142by wielki. Zako\u0144czy\u0142em te\u017c malowanie plebanii. W sumie pomalowa\u0142em 12 pomieszcze\u0144. Koszt gruntu, szpachli, farby i innych akcesori\u00f3w malarskich wyni\u00f3s\u0142 1697 z\u0142.<\/p>\n<p>8. Jest te\u017c pro\u015bba od Pana so\u0142tysa, aby parkowa\u0107 samochody na parkingu przy dzwonnicy <strong>wzd\u0142u\u017c drogi<\/strong>, a nie w poprzek, gdy\u017c parking jest w\u0105ski, samochody wystaj\u0105 na pas jezdni, co tworzy niebezpieczne sytuacje drogowe.<\/p>\n<p>9. Trosk\u0119 o czysto\u015b\u0107 w ko\u015bciele w tym tygodniu powierzamy nast\u0119puj\u0105cym osobom:<\/p>\n<p><strong>\u0141ukowe:<\/strong> Helena IZDEBSKA, Patrycja IZDEBSKA, Gra\u017cyna POMYKA\u0141A.<\/p>\n<p><strong>\u015arednie Wielkie<\/strong><strong>:<\/strong> Zofia DUDZIAK, Dorota KACZMAR<\/p>\n<p>10. \u015aREDNIE WIELKIE: Za tydzie\u0144 spotkanie Rady parafialnej ze \u015aredniego Wielkiego po Mszy w ko\u015bciele. I za tydzie\u0144 te\u017c po Mszy \u015bw. zbi\u00f3rka do puszki na organizacj\u0119 uroczysto\u015bci 40 lecia po\u015bwi\u0119cenia ko\u015bcio\u0142a w \u015arednim Wielkim.<\/p>\n<p><strong>11. Intencje w tym tygodniu:&nbsp;<\/strong><\/p>\n<p><span style=\"color: #008000;\"><strong>&nbsp;Poniedzia\u0142ek:<\/strong><\/span><\/p>\n<p>16.30 + Stanis\u0142aw WALKO int. od rodziny KABALA z Tarnawy<\/p>\n<p>18.00 +Agnieszka i Piotr HEBDA int. od c\u00f3rki<\/p>\n<p><span style=\"color: #008000;\"><strong>Wtorek:<\/strong>&nbsp;<\/span><\/p>\n<p>16.30 + Stanis\u0142aw WALKO od kuzynki Zofii z rodzin\u0105<\/p>\n<p>18.00 + Jadwiga MICHALSKA int. od rodziny KLEPCZY\u0143SKICH<\/p>\n<p><strong><span style=\"color: #008000;\">\u015aroda:<\/span><\/strong><\/p>\n<p>16.30 + Stanis\u0142aw WALKO od Ma\u0142gorzaty i Bogdana Stach z rodzin\u0105<\/p>\n<p>17.00 + W\u0142adys\u0142awa(k) KIECA<\/p>\n<p><strong><span style=\"color: #008000;\">Czwartek:<\/span><\/strong><\/p>\n<p>16.30 + Stanis\u0142aw WALKO int. od Krzysztofa OSENKOWSKIEGO z rodzin\u0105<\/p>\n<p>17.00 + Zofia WIECHE\u0106<\/p>\n<p>\u015aW 18.15 + Edward Lubas int. od rodziny Pankiewicz<\/p>\n<p><strong><span style=\"color: #008000;\">Pi\u0105tek:<\/span><\/strong><\/p>\n<p>17.00 + Karolina, Szczepan, Stanis\u0142awa(k), Alfred<\/p>\n<p><strong><span style=\"color: #008000;\">Sobota:<\/span><\/strong><\/p>\n<p>16.30 + Stanis\u0142aw WALKO int. od koleg\u00f3w i kole\u017canek z firmy M.L.S z \u0141ukowego<\/p>\n<p>17.00 + Zofia ROS\u00d3\u0141<\/p>\n<p><strong><span style=\"color: #008000;\">Niedziela:<\/span><\/strong><\/p>\n<p>7.30 + Ignacy G\u0104SIOR 15 roczn. \u015bm., Maria i Stanis\u0142aw SIKORA<\/p>\n<p>9.30 \u015aW. +Edward LUBAS int. od Henryka LAIT z rodzin\u0105.<\/p>\n<p>11.00 Za Parafian &nbsp;<\/p>\n<p>Siostra Zofia KABALA informuje, \u017ce Msze \u015bw. za zmar\u0142ego Stanis\u0142awa KABALA b\u0119d\u0119 odprawione od 1 pa\u017adziernika w Pile. Lista ofiarodawc\u00f3w jest poni\u017cej:<\/p>\n<p><img loading=\"lazy\" decoding=\"async\" class=\"alignnone wp-image-2738 size-large\" src=\"https:\/\/lukowe.przemyska.pl\/wp-content\/uploads\/2025\/09\/siostra-768x1024.jpg\" alt=\"\" width=\"768\" height=\"1024\" srcset=\"https:\/\/lukowe.przemyska.pl\/wp-content\/uploads\/2025\/09\/siostra-768x1024.jpg 768w, https:\/\/lukowe.przemyska.pl\/wp-content\/uploads\/2025\/09\/siostra-225x300.jpg 225w, https:\/\/lukowe.przemyska.pl\/wp-content\/uploads\/2025\/09\/siostra-1152x1536.jpg 1152w, https:\/\/lukowe.przemyska.pl\/wp-content\/uploads\/2025\/09\/siostra.jpg 1200w\" sizes=\"auto, (max-width: 768px) 85vw, 768px\" \/><\/p>\n<p style=\"text-align: center;\"><span style=\"color: #008000;\">Wszystkim Parafianom i go\u015bciom, \u017cycz\u0119 dobrej niedzieli.<\/span><br \/>\n<span style=\"color: #008000;\">Szcz\u0119\u015b\u0107 Bo\u017ce.<\/span><\/p>\n<p>______________________________________________________________<\/p>\n<p style=\"text-align: center;\"><span style=\"font-size: 18pt; color: #008000;\"><strong>Niedziela zwyk\u0142a &#8211; 21. 09. 2025r.<\/strong><\/span><\/p>\n<ol>\n<li style=\"text-align: justify;\">Msze \u015bw. w \u0141ukowem w tym tygodniu o godz. 18.00, w \u015arednim Wielkim w czwartek o 17.00. Codziennie przed Msz\u0105 \u015bw. mo\u017cna skorzysta\u0107 z sakramentu spowiedzi.<\/li>\n<li style=\"text-align: justify;\">Przypominam o mo\u017cliwo\u015bci zg\u0142oszenia os\u00f3b starszych, lub chorych do odwiedzania w pierwsze pi\u0105tki miesi\u0105ca z Komuni\u0105 \u015bw.<\/li>\n<li style=\"text-align: justify;\">S\u0105 jeszcze wolne miejsca na pielgrzymk\u0119 R\u00f3\u017c r\u00f3\u017ca\u0144cowych do Kalwarii Pac\u0142awskiej. Zapisujemy si\u0119 do poniedzia\u0142ku 22 wrze\u015bnia w zakrystii. Potrzebny jest PESEL do ubezpieczenia. Wyjazd 27 wrze\u015bnia (sobota) z parkingu przy ko\u015bciele w \u0141ukowem o 7:20. Zabieramy z sob\u0105 ewentualnie co\u015b od deszczu, wod\u0119, kanapk\u0119, mo\u017cna te\u017c jakie\u015b sk\u0142adane krzese\u0142ko.&nbsp;<\/li>\n<li>Nowenna do MB Kr\u00f3lowej Polski \u2013 naszej Patronki w \u015brod\u0119 po Mszy \u015bw.<\/li>\n<li style=\"text-align: justify;\">Dzi\u015b sk\u0142adka na archidiecezjalne Radio Fara. Tak\u017ce dzi\u015b w Sanoku w Skansenie XV Bartnik Ziemi Sanockiej. W\u015br\u00f3d gwiazd, wyst\u0105pi\u0105 tak\u017ce nasze Panie z KGW. Warto wi\u0119c wybra\u0107 si\u0119 do Skansenu i zakr\u0119ci\u0107 si\u0119 nieco ko\u0142o naszego stoiska.<\/li>\n<li>Spotkanie dla rodzic\u00f3w dzieci z klasy 3 w niedziel\u0119 28 wrze\u015bnia po Mszy \u015bw. o 11.00.<\/li>\n<li>Trosk\u0119 o czysto\u015b\u0107 w ko\u015bciele w tym tygodniu powierzamy nast\u0119puj\u0105cym osobom:<\/li>\n<\/ol>\n<p><strong>\u0141ukowe:<\/strong> Monika G\u0104SIOR, Halina NAWROCKA, Ma\u0142gorzata NAWROCKA.<\/p>\n<p><strong>\u015arednie Wielkie:<\/strong> Izabela KUSIAK, Mieczys\u0142awa MARCZAK.<\/p>\n<ol start=\"8\">\n<li>Zosta\u0142a w tym tygodniu wykoszona trawa dooko\u0142a ko\u015bcio\u0142a. Prosz\u0119, aby ofiar\u0119 na ten cel przekaza\u0142y Panu Ko\u015bcielnemu nast\u0119puj\u0105ce osoby: Jan POMYKA\u0141A, Adam KOSI\u0143SKI, Marcin POMYKA\u0141A, Tomasz NIESYTO, Andrzej STACH, Bogus\u0142aw WR\u00d3BEL, Krzysztof GAJDA.&nbsp;<\/li>\n<\/ol>\n<ol start=\"9\">\n<li><strong> Intencje w tym tygodniu:&nbsp;<\/strong><\/li>\n<\/ol>\n<p><strong>Intencje zaznaczone na niebiesko b\u0119d\u0105 odprawione poza parafi\u0105<\/strong><\/p>\n<p>Poniedzia\u0142ek: + W\u0142adys\u0142aw\u0119(k) KIECA<\/p>\n<p><span style=\"color: #0000ff;\">PP + Weronika PANTO\u0141 od pracownik\u00f3w ZUT w Zag\u00f3rzu<\/span><\/p>\n<p>Wtorek:&nbsp;Za Parafian z 21.09<\/p>\n<p><span style=\"color: #0000ff;\">PP + Weronika PANTO\u0141 od koleg\u00f3w Jana z Jednostki<\/span><\/p>\n<p>\u015aroda: + Mariusz JANKOWSKI 3 roczn. \u015bm. od \u017cony<\/p>\n<p><span style=\"color: #0000ff;\">PP + Weronika PANTO\u0141 od uczestnik\u00f3w pogrzebu<\/span><\/p>\n<p>Czwartek: \u015aW: + Michalina LIPKA 17 roczn. \u015bm., +Jan KLEPCZY\u0143SKI w roczn. \u015bm.<\/p>\n<p>\u0141: + Marzena WANIA, Ryszard WANIA od mamy i \u017cony<\/p>\n<p><span style=\"color: #0000ff;\">PP + Weronika PANTO\u0141 od uczestnik\u00f3w pogrzebu<\/span><\/p>\n<p>Pi\u0105tek: + Julian WALKO, Teresa BARY\u0141A<\/p>\n<p><span style=\"color: #0000ff;\">PP + Weronika PANTO\u0141 od uczestnik\u00f3w pogrzebu<\/span><\/p>\n<p>Sobota: O zdrowie i Bo\u017c\u0105 opiek\u0119 dla pewnej osoby i w int. Panu Bogu wiadomej<\/p>\n<p><span style=\"color: #0000ff;\">PP + Weronika PANTO\u0141 od uczestnik\u00f3w pogrzebu<\/span><\/p>\n<p>Niedziela:<\/p>\n<p>7.30 Za Parafian<\/p>\n<p>9.30 \u015aW. + Katarzyna i Ryszard B\u0104CHOCCY od c\u00f3rki<\/p>\n<p>11.00 Dzi\u0119kczynna w 5 roczn. sakramentu ma\u0142\u017ce\u0144stwa Anity i Jakuba KOPCZYK<br \/>\no zdrowie i Bo\u017ce b\u0142ogos\u0142awie\u0144stwo<\/p>\n<p>&nbsp;<\/p>\n<p style=\"text-align: center;\">Wszystkim Parafianom i go\u015bciom, \u017cycz\u0119 dobrej niedzieli.<br \/>\nSzcz\u0119\u015b\u0107 Bo\u017ce.<\/p>\n<p>&nbsp;<\/p>\n<p>____________________________________________________________<\/p>\n<p>&nbsp;<\/p>\n<p style=\"text-align: center;\"><span style=\"font-size: 18pt; color: #008000;\"><strong>\u015awi\u0119to Podwy\u017cszenia Krzy\u017ca \u015awi\u0119tego &#8211; 14. 09. 2025r.<\/strong><\/span><\/p>\n<p>&nbsp;<\/p>\n<ol>\n<li style=\"text-align: justify;\">Msze \u015bw. w \u0141ukowem w tym tygodniu o godz. 18.00, w \u015arednim Wielkim w czwartek o 17.00. Codziennie przed Msz\u0105 \u015bw. mo\u017cna skorzysta\u0107 z sakramentu spowiedzi.<\/li>\n<li style=\"text-align: justify;\">Zach\u0119cam, aby osoby starsze, czy chore, kt\u00f3re ju\u017c nie mog\u0105 chodzi\u0107 do ko\u015bcio\u0142a zg\u0142osi\u0107 na komuni\u0119, je\u015bli potrzeba to i spowied\u017a pierwszopi\u0105tkow\u0105 w domu. Wystarczy poda\u0107 imi\u0119, nazwisko i adres i wtedy ustalimy godzin\u0119 odwiedzin w pierwszy pi\u0105tek miesi\u0105ca z Komuni\u0105 \u015bw.<\/li>\n<li style=\"text-align: justify;\">Metropolita Przemyski Abp Adam Szal, kieruje apel do wszystkich parafii naszej archidiecezji, aby w zwi\u0105zku z napi\u0119t\u0105 sytuacj\u0105 za nasz\u0105 wschodni\u0105 granic\u0105, w ramach nowenny przez 9 kolejnych dni, na zako\u0144czenie Mszy \u015bwi\u0119tych, \u015bpiewa\u0107 Suplikacje (\u015awi\u0119ty Bo\u017ce\u2026). Zaczynamy od dzi\u015b.<\/li>\n<li style=\"text-align: justify;\">Nowenna do MB Kr\u00f3lowej Polski \u2013 naszej Patronki w \u015brod\u0119 po Mszy \u015bw.<\/li>\n<li style=\"text-align: justify;\">Zach\u0119camy R\u00f3\u017ce r\u00f3\u017ca\u0144cowe do udzia\u0142u w Archidiecezjalnej pielgrzymce R\u00f3\u017c r\u00f3\u017ca\u0144cowych do Sanktuarium MB w Kalwarii Pac\u0142awskiej 27 wrze\u015bnia. B\u0119dzie wyjazd z dekanatu. Zapisy w zakrystii. Koszt ok. 60 z\u0142. Zapisy do czwartku. Lista na pielgrzymk\u0119 do Cz\u0119stochowy jest ju\u017c zamkni\u0119ta, mamy ca\u0142y autobus.<\/li>\n<li style=\"text-align: justify;\">Za tydzie\u0144 sk\u0142adka na archidiecezjalne Radio Fara.<\/li>\n<li style=\"text-align: justify;\">We wtorek 9 wrze\u015bnia, zosta\u0142a przelana zap\u0142ata wykonawcy za prace remontowe w naszym ko\u015bciele w kwocie 124 580, 11 z\u0142. Parafia nie posiada \u017cadnych d\u0142ug\u00f3w.<\/li>\n<li style=\"text-align: justify;\">Trosk\u0119 o czysto\u015b\u0107 w ko\u015bciele w tym tygodniu powierzamy nast\u0119puj\u0105cym osobom:<\/li>\n<\/ol>\n<p><strong>\u0141ukowe:<\/strong> Helena G\u0105sior, Halina Barszcz, Paulina Barsz. &nbsp;<\/p>\n<p><strong>\u015arednie Wielkie:<\/strong> Natalia \u0141uczejko, Dorota P\u0142oska. &nbsp;<\/p>\n<ol start=\"9\">\n<li><strong> Intencje w tym tygodniu:&nbsp;<\/strong><\/li>\n<\/ol>\n<p><strong>Intencje zaznaczone niebiesko b\u0119d\u0105 odprawione poza parafi\u0105<\/strong><\/p>\n<p>Poniedzia\u0142ek: Z R\u00f3\u017cy W\u0142adys\u0142awy Gajda o Bo\u017ce b\u0142ogos\u0142awie\u0144stwo i opiek\u0119 Matki Bo\u017cej, a dla zmar\u0142ych Si\u00f3str o chwa\u0142\u0119 nieba.<\/p>\n<p><span style=\"color: #0000ff;\">PP + Barbara WR\u00d3BEL od Agnieszki Wr\u00f3bel Gocek<\/span><\/p>\n<p>Wtorek:&nbsp;+ W\u0142adys\u0142aw\u0119(k) KIECA.<\/p>\n<p><span style=\"color: #0000ff;\">PP + Barbara Wr\u00f3bel od uczestnik\u00f3w pogrzebu<\/span><\/p>\n<p>\u015aroda: wolna intencja.<\/p>\n<p><span style=\"color: #0000ff;\">PP + Barbara Wr\u00f3bel od uczestnik\u00f3w pogrzebu<\/span><\/p>\n<p>Czwartek: \u015aW: + Zdzis\u0142aw JANKOWSKI od Grona pedagogicznego i pracownik\u00f3w SP w \u0141ukowem<\/p>\n<p>\u0141: wolna intencja<\/p>\n<p><span style=\"color: #0000ff;\">PP + Barbara Wr\u00f3bel od uczestnik\u00f3w pogrzebu<\/span><\/p>\n<p>Pi\u0105tek: wolna intencja.<\/p>\n<p><span style=\"color: #0000ff;\">PP + Barbara Wr\u00f3bel od uczestnik\u00f3w pogrzebu<\/span><\/p>\n<p>Sobota: wolna intencja.<\/p>\n<p><span style=\"color: #0000ff;\">PP + Barbara Wr\u00f3bel od uczestnik\u00f3w pogrzebu<\/span><\/p>\n<p>Niedziela:<\/p>\n<p>7.30 Dzi\u0119kczynna w podzi\u0119kowaniu za zbiory i plony od rodziny POMYKA\u0141\u00d3W i STACH\u00d3W i z pro\u015bb\u0105 o b\u0142ogos\u0142awie\u0144stwo Bo\u017ce.<\/p>\n<p><span style=\"color: #0000ff;\">PP + Weronika PANTO\u0141 od Janusza i Teresy KOZIE\u0141<\/span><\/p>\n<p>9.30 \u015aW. + Marian KUSIAK w 5 roczn. \u015bm. &nbsp;<\/p>\n<p>11.00 O zdrowie dla Jarka<\/p>\n<p><span style=\"color: #0000ff;\">PP + Weronika PANTO\u0141 od kole\u017canek Alicji z firmy \u201eDiana\u201d z Rzeszowa<\/span><\/p>\n<p>&nbsp;<\/p>\n<p style=\"text-align: center;\">Intencje mszalne i og\u0142oszenia duszpasterskie s\u0105 dost\u0119pne na stronie internetowej naszej parafii<br \/>\noraz na profilu na facebooku.<\/p>\n<p>&nbsp;<\/p>\n<p style=\"text-align: center;\">Wszystkim mieszka\u0144com naszej Parafii i go\u015bciom, \u017cycz\u0119 dobrej niedzieli.<br \/>\nSzcz\u0119\u015b\u0107 Bo\u017ce.<\/p>\n<p>___________________________________________________________<\/p>\n<p>&nbsp;<\/p>\n<p style=\"text-align: center;\"><span style=\"color: #339966; font-size: 18pt;\"><strong>23 Niedziela zwyk\u0142a &#8211; 7. 09. 2025r.<\/strong><\/span><\/p>\n<ol>\n<li style=\"list-style-type: none;\">\n<ol>\n<li>Msze \u015bw. w \u0141ukowem w tym tygodniu od poniedzia\u0142ku do pi\u0105tku o godz. 18.00, w spbpt\u0119 13.09 o godz. 17.00., a w \u015arednim Wielkim w czwartek o 17.00. Codziennie przed Msz\u0105 \u015bw. mo\u017cna skorzysta\u0107 z sakramentu spowiedzi.<\/li>\n<li>Dzi\u015b niedziela adoracyjna ze zmian\u0105 tajemnic r\u00f3\u017ca\u0144cowych. (w \u015arednim Wielkim zmiana w nast\u0119pn\u0105 niedziel\u0119). Dzisiejsza sk\u0142adka przeznaczona jest na WSD w Przemy\u015blu.<\/li>\n<li>Nowenna do MB Kr\u00f3lowej Polski \u2013 naszej Patronki w \u015brod\u0119 po Mszy \u015bw.<\/li>\n<li>Spotkanie dla ministrant\u00f3w i kandydat\u00f3w na ministrant\u00f3w w pi\u0105tek po Mszy \u015bw.<\/li>\n<li>13 wrze\u015bnia w sobot\u0119 zapraszamy na Msz\u0119 \u015bw. o Matce Bo\u017ce i procesj\u0119 na G\u00f3r\u0119 Mi\u0142osierdzia. Msza \u015bw. o godz. 17.00.&nbsp;<\/li>\n<li>Biskup Krzysztof Chudzio zaprasza rodziny i rodzic\u00f3w z dzie\u0107mi na Msz\u0119 \u015bw. do Sanktuarium Matki Nowego \u017bycia w Zag\u00f3rzu w niedziel\u0119 14 wrze\u015bnia o godz. 15.00. Po Mszy \u015bw. droga krzy\u017cowa do ruin klasztoru w intencji rodzin.<\/li>\n<li>Zach\u0119camy R\u00f3\u017ce r\u00f3\u017ca\u0144cowe do udzia\u0142u w Archidiecezjalnej pielgrzymce R\u00f3\u017c r\u00f3\u017ca\u0144cowych do Sanktuarium MB w Kalwarii Pac\u0142awskiej 27 wrze\u015bnia. B\u0119dzie wyjazd z dekanatu. Zapisy w zakrystii. Koszt ok. 60 z\u0142.<\/li>\n<li>Dzi\u0119kujemy Panu Burmistrzowi Ernestowi Nowakowi i Radzie Gminy za przyznanie naszej Parafii 40.000 z\u0142, kt\u00f3re stanowi\u0105 zap\u0142at\u0119 dla wykonawcy za wykonane prace przy ko\u015bciele. Dzi\u0119kuje te\u017c Panu Mariuszowi Zag\u00f3rskiemu z Urz\u0119du Gminy za \u017cyczliwo\u015b\u0107 i pomoc przy prowadzeniu dokumentacji. Ponadto Rada Parafialna przypomina, \u017ce kontynuujemy zbieranie po 50 z\u0142. od rodziny na prace przy ko\u015bciele. W 2026 roku planujemy zmierzy\u0107 si\u0119 z malowaniem \u015bcian wewn\u0119trznych ko\u015bcio\u0142a.<\/li>\n<li>Trosk\u0119 o czysto\u015b\u0107 w ko\u015bciele w tym tygodniu powierzamy nast\u0119puj\u0105cym osobom:<\/li>\n<\/ol>\n<p><strong>\u0141ukowe:<\/strong> Gra\u017cyna Ma\u017a, Sabina Ma\u017a, Paulina Kopczyk &nbsp;<\/p>\n<p><strong>\u015arednie Wielkie:<\/strong> Lena Dziubak, Magdalena Dziubak&nbsp;<\/p>\n<ol start=\"11\">\n<li>Wraz z Parafi\u0105 w Tarnawie G\u00f3rnej zapraszamy na <strong>Pielgrzymk\u0119 na Jasn\u0105 G\u00f3r\u0119 i do Krakowa \u2013 \u0141agiewnik.<\/strong> <strong><u>Termin: 24 \u2013 25 pa\u017adziernika 2025r.<\/u><\/strong><\/li>\n<\/ol>\n<p>Program:<br \/>\n<u>24 pa\u017adziernika \u2013 pi\u0105tek<\/u><br \/>\ngodz. 22.45 \u2013 wyjazd z parkingu przy ko\u015bciele w \u0141ukowem i przejazd do Tarnawy G\u00f3rnej i Dolnej, a nast\u0119pnie do Cz\u0119stochowy<br \/>\n<u>25 pa\u017adziernika \u2013 sobota<\/u><br \/>\ngodz. 6.00 \u2013 Msza \u015bwi\u0119ta na Jasnej G\u00f3rze<br \/>\ngodz. 7.00 \u2013 Droga Krzy\u017cowa na Wa\u0142ach Jasnog\u00f3rskich i modlitwa indywidualna<br \/>\ngodz. 8.30 \u2013 wyjazd do Krakowa<br \/>\ngodz. 11. 30 \u2013 zwiedzanie Centrum \u015bw. Jana Paw\u0142a II<br \/>\ngodz. 13.30 \u2013 obiad<br \/>\ngodz. 14.20 \u2013 modlitwa w Sanktuarium Mi\u0142osierdzia Bo\u017cego w Krakowie \u2013 \u0141agiewnikach, nabo\u017ce\u0144stwo Koronka do Bo\u017cego Mi\u0142osierdzia<br \/>\ngodz. 16.00 \u2013 wyjazd do domu<br \/>\nCena: 200 z\u0142\/osoba (zawiera przejazd autobusem klasy lux, op\u0142aty drogowe<br \/>\ni parkingowe, bilet wst\u0119pu do Centrum \u015bw. Jana Paw\u0142a II i obs\u0142ug\u0119 przewodnika, obiad, ubezpieczenie NNW).<br \/>\n<strong><u>Zaliczka 50 z\u0142 przy zapisie wraz z podanem peselu<\/u><\/strong>, pozosta\u0142a kwota do<br \/>\n19 pa\u017adziernika. <strong>Listy do zapisywania s\u0105 dost\u0119pne w zakrystii.<\/strong> Informacja jest tak\u017ce na naszej stronie parafialnej.<\/li>\n<\/ol>\n<ol start=\"10\">\n<li><strong> Intencje w tym tygodniu:&nbsp;<\/strong><\/li>\n<\/ol>\n<p><span style=\"color: #0000ff;\"><strong>Intencje zaznaczone niebiesko b\u0119d\u0105 odprawione poza parafi\u0105<\/strong><\/span><\/p>\n<p>Poniedzia\u0142ek: + Jan BLICHARZ, Helena i Piotr \u0141UCZKANIN<\/p>\n<p><span style=\"color: #0000ff;\">PP + Helena KORAB od Urz\u0119du Pocztowego w Lesku<\/span><\/p>\n<p>Wtorek:&nbsp; + Halina MOTYKA<\/p>\n<p><span style=\"color: #0000ff;\">PP + Helena KORAB od Urz\u0119du Pocztowego w Lesku<\/span><\/p>\n<p>\u015aroda: + Halina MOTYKA<\/p>\n<p><span style=\"color: #0000ff;\">PP + Helena KORAB od rodziny Bednarczyk i Przybytek<\/span><\/p>\n<p>Czwartek: \u015aW: + Zdzis\u0142aw JANKOWSKI od Czes\u0142awy i Jana Kusiak<\/p>\n<p>\u0141: + Halina MOTYKA<\/p>\n<p><span style=\"color: #0000ff;\">PP + Helena KORAB od uczestnik\u00f3w pogrzebu<\/span><\/p>\n<p>Pi\u0105tek: + Zofia ROS\u00d3\u0141<\/p>\n<p><span style=\"color: #0000ff;\">PP + Helena KORAB od siostrzenicy Marzeny z rodzin\u0105<\/span><\/p>\n<p>Sobota: + Zofia ROS\u00d3\u0141<\/p>\n<p><span style=\"color: #0000ff;\">PP +Weronika PANTO\u0141 od rodziny Czarnik\u00f3w i Jemio\u0142\u00f3w<\/span><\/p>\n<p>Niedziela:<\/p>\n<p>7.30 + Janina i Tomasz FURTAK od Iwony z rodzin\u0105 &nbsp;<\/p>\n<p><span style=\"color: #0000ff;\">PP + Weronika PANTO\u0141 od Zofii i Adama Kocuj z rodzin\u0105<\/span><\/p>\n<p>9.30 \u015aW. + Zdzis\u0142aw JANKOWSKI od Beaty i Paw\u0142a Jankowskich z rodzin\u0105<\/p>\n<p>11.00 Za Parafian<\/p>\n<p><span style=\"color: #0000ff;\">PP + Barbara WR\u00d3BEL od Bo\u017ceny Kraus z rodzin\u0105<\/span><\/p>\n<p>Intencje mszalne na ten tydzie\u0144 s\u0105 dost\u0119pne na stornie internetowej naszej parafii, a og\u0142oszenia duszpasterskie na <a href=\"https:\/\/lukowe.przemyska.pl\/index.php\/ogloszenia\/ogloszenia-parafialne\/\">stronie internetowej<\/a> oraz na <a href=\"https:\/\/www.facebook.com\/KsMariusz\">profilu na facebooku<\/a>.&nbsp;<\/p>\n<p>&nbsp;<\/p>\n<p style=\"text-align: center;\">Wszystkim Parafianom i go\u015bciom, \u017cycz\u0119 dobrej niedzieli.<br \/>\nSzcz\u0119\u015b\u0107 Bo\u017ce.<\/p>\n<p>&nbsp;<\/p>\n<hr>\n<p style=\"text-align: center;\"><span style=\"font-size: 18pt; color: #008000;\"><strong>22 Niedziela zwyk\u0142a &#8211; 31. 08. 2025r.<\/strong><\/span><\/p>\n<ol>\n<li style=\"text-align: justify;\">Raz jeszcze dzi\u0119kuj\u0119 za bardzo serdeczne przyj\u0119cie w ostatni\u0105 niedziel\u0119 oraz za dzielenie si\u0119 w tym tygodniu r\u00f3\u017cnymi lokalnymi produktami dostarczonymi na plebani\u0119. Prawie ju\u017c sko\u0144czy\u0142em malowanie ca\u0142ej plebanii od g\u00f3ry do do\u0142u. Czeka\u0142a na malowanie kilkana\u015bcie lat. Dobrze, \u017ce sufity nie s\u0105 zbyt wysoko, to nawet idzie mi to malowanie.<\/li>\n<li style=\"text-align: justify;\">Msze \u015bw. w \u0141ukowem w tym tygodniu o godz. 18.00, a w \u015arednim Wielkim<br \/>\nw czwartek o 17.00. Codziennie przed Msz\u0105 \u015bw. mo\u017cna skorzysta\u0107 z sakramentu spowiedzi.<\/li>\n<li style=\"text-align: justify;\">Dyrektor Szko\u0142y Podstawowej im. gen. Tadeusza Rozwadowskiego w \u0141ukowem wraz z gronem pedagogicznym serdecznie zaprasza wszystkich uczni\u00f3w wraz z rodzicami na Inauguracj\u0119 Nowego Roku Szkolnego 2025\/2026 w dniu 1 wrze\u015bnia 2025 roku o godzinie 8.00.<\/li>\n<\/ol>\n<p style=\"text-align: justify;\">PROGRAM UROCZYSTO\u015aCI<\/p>\n<p style=\"text-align: justify;\">8.00 &#8211; Uroczysta Msza \u015aw. w Ko\u015bciele p.w. NMP Kr\u00f3lowej Polski w \u0141ukowem<br \/>\n8:45 \u2013 Przej\u015bcie ze Sztandarem do szko\u0142y i zapalenie zniczy pod Obeliskiem upami\u0119tniaj\u0105cym poleg\u0142ych w walce o wolno\u015b\u0107 naszej Ojczyzny<br \/>\n9:00 \u2013 Inauguracja nowego roku szkolnego na sali gimnastycznej i&nbsp; spotkanie uczni\u00f3w z wychowawcami w salach lekcyjnych.<\/p>\n<p style=\"text-align: justify;\">10:00 \u2013 Zako\u0144czenie uroczysto\u015bci<\/p>\n<p style=\"text-align: justify;\">Kursy autobusu szkolnego:<\/p>\n<p style=\"text-align: justify;\">7:15 Kalnica \u2013 \u0141ukowe szko\u0142a<\/p>\n<p style=\"text-align: justify;\">10:10 \u0141ukowe szko\u0142a \u2013 Kalnica<\/p>\n<p style=\"text-align: justify;\">Rano, po przyje\u017adzie do szko\u0142y, uczniowie pod opiek\u0105 nauczycieli udadz\u0105 si\u0119 do ko\u015bcio\u0142a.<\/p>\n<ol style=\"text-align: justify;\" start=\"4\">\n<li>Nowenna do MB Kr\u00f3lowej Polski \u2013 naszej Patronki w \u015brod\u0119 po Mszy \u015bw.<\/li>\n<li>Spotkanie Akcji Katolickiej w czwartek po Mszy \u015bw.<\/li>\n<li>W najbli\u017cszy pi\u0105tek wypada I pi\u0105tek miesi\u0105ca, spowied\u017a przed Msz\u0105 \u015bw., po Mszy \u015bw. nabo\u017ce\u0144stwo do Naj\u015bwi\u0119tszego Serca Pana Jezusa, a po nim spotkanie Rady parafialnej.<\/li>\n<li>Najbli\u017csza niedziela to niedziela adoracyjna ze zmian\u0105 tajemnic r\u00f3\u017ca\u0144cowych (w \u015arednim Wielkim zmiana tajemnic za tydzie\u0144). Sk\u0142adka za tydzie\u0144 przeznaczona jest na WSD w Przemy\u015blu.<\/li>\n<li>W \u015brod\u0119 27 sierpnia na konto naszej Parafii wp\u0142yn\u0119\u0142o 40.000 z\u0142. to dotacja z Wojew\u00f3dzkiego Urz\u0119du Ochrony Zabytk\u00f3w, na wykonanie prac remontowo konserwatorskich &#8211; tynki renowacyjne wewn\u0119trzne. Dosta\u0142em te\u017c zapewnienie telefoniczne, \u017ce r\u00f3wnie\u017c \u015brodki na pokrycie remontu w wysoko\u015bci 40.000 z\u0142 s\u0105 dost\u0119pne ju\u017c w Urz\u0119dzie Gminy, wi\u0119c w tym tygodniu zostan\u0105 nam przekazane.<\/li>\n<li>Dzi\u0119kuj\u0119 za ofiary sk\u0142adane na remonty na tac\u0119 i na konto parafialne. Zosta\u0142a w tym tygodniu wykoszona trawa dooko\u0142a ko\u015bcio\u0142a. Prosz\u0119, aby ofiar\u0119 na ten cel przekaza\u0142y Panu Ko\u015bcielnemu nast\u0119puj\u0105ce osoby: Jerzy Barszcz, Paulina Barszcz, Helena G\u0105sior, Stanis\u0142aw Nawrocki, Dariusz Nawrocki, Stanis\u0142aw Izdebski, Rafa\u0142 Izdebski.<\/li>\n<\/ol>\n<p style=\"text-align: justify;\"><strong>10.Trosk\u0119 o czysto\u015b\u0107 w ko\u015bciele powierzamy w tym tygodniu nast\u0119puj\u0105cym osobom:&nbsp;<\/strong><\/p>\n<p style=\"text-align: justify;\"><strong>\u0141ukowe:<\/strong> Iwona Pa\u0142asz, Barbara Furdak, Zofia Kiso\u0142ek.<\/p>\n<p style=\"text-align: justify;\"><strong>\u015arednie Wielkie:<\/strong> Maria Sowa i Justyna Franczak&nbsp;<\/p>\n<ol style=\"text-align: justify;\" start=\"11\">\n<li><strong> Intencje w tym tygodniu:&nbsp;<\/strong><\/li>\n<\/ol>\n<p style=\"text-align: justify;\"><strong>Intencje zaznaczone niebiesko b\u0119d\u0105 odprawione poza parafi\u0105<\/strong><\/p>\n<p style=\"text-align: justify;\">Poniedzia\u0142ek: + W\u0142adys\u0142aw\u0119(k) KIECA<\/p>\n<p style=\"text-align: justify;\"><span style=\"color: #0000ff;\">PP +Andrzej Smutek od uczestnik\u00f3w pogrzebu<\/span><\/p>\n<p style=\"text-align: justify;\">Wtorek:&nbsp; W intencji Dominika o wytrwanie i wype\u0142nienie woli Bo\u017cej<\/p>\n<p style=\"text-align: justify;\"><span style=\"color: #0000ff;\">PP + Marian KABALA od siostry Haliny, Mariusza i Stanis\u0142awa<\/span><\/p>\n<p style=\"text-align: justify;\">\u015aroda: W intencji B\u0142a\u017ceja o zdrowie i Bo\u017ce b\u0142ogos\u0142awie\u0144stwo<\/p>\n<p style=\"text-align: justify;\"><span style=\"color: #0000ff;\">PP + Marian KABALA od kuzynki Gra\u017cyny<\/span><\/p>\n<p style=\"text-align: justify;\">Czwartek: \u015aW: + Andrzej CIEPIELA od Jana i Marty Sydorczak<\/p>\n<p style=\"text-align: justify;\">\u0141: + Stanis\u0142aw CICHO\u0143SKI w kolejn\u0105 roczn. \u015bm. od c\u00f3rki Ewy z rodzin\u0105<\/p>\n<p style=\"text-align: justify;\"><span style=\"color: #0000ff;\">PP + Marian KABALA od rodziny \u015aliwiak<\/span><\/p>\n<p style=\"text-align: justify;\">Pi\u0105tek: + Jadwiga WAWRZY\u0143CZYK od kuzynki Teresy<\/p>\n<p style=\"text-align: justify;\"><span style=\"color: #0000ff;\">PP + Marian KABALA od Ma\u0142gorzaty Baraniewicz z rodzin\u0105<\/span><\/p>\n<p style=\"text-align: justify;\">Sobota: W intencji Panu Bogu wiadomej<\/p>\n<p><span style=\"color: #0000ff;\">PP + Marian KABALA od rodziny Kabali z Tarnawy<\/span><\/p>\n<p>Niedziela:<\/p>\n<p>7.30 Dzi\u0119kczynna z rodziny KACZMARSKICH oraz z pro\u015bb\u0105 o zdrowie i Bo\u017ce b\u0142ogos\u0142awie\u0144stwo<\/p>\n<p><span style=\"color: #0000ff;\">PP + Marian KABALA od uczestnik\u00f3w pogrzebu<\/span><\/p>\n<p>9.30 \u015aW. + Jan JURCZAK w 20 roczn. \u015bm. int od J\u00f3zefy i dzieci<\/p>\n<p><span style=\"color: #0000ff;\">PP + Weronika PANTO\u0141 od Renaty z wnuczk\u0105 Patrycj\u0105<\/span><\/p>\n<p>11.00 Za Parafian<\/p>\n<p><span style=\"color: #0000ff;\">PP + Helena KORAB od pracownik\u00f3w Urz\u0119du Pocztowego w Lesku<\/span><\/p>\n<ol start=\"12\">\n<li>Intencje mszalne na ten tydzie\u0144 s\u0105 dost\u0119pne na stornie internetowej naszej parafii, a og\u0142oszenia duszpasterskie na <a href=\"https:\/\/lukowe.przemyska.pl\/index.php\/ogloszenia\/ogloszenia-parafialne\/\">stronie internetowej<\/a> oraz na <a href=\"https:\/\/www.facebook.com\/KsMariusz\">profilu na facebooku<\/a>.&nbsp;<\/li>\n<\/ol>\n<p style=\"text-align: center;\">Wszystkim Parafianom i go\u015bciom, \u017cycz\u0119 dobrej niedzieli,<br \/>\na nauczycielom i dzieciom szcz\u0119\u015bliwego nowego roku szkolnego.<\/p>\n<p style=\"text-align: center;\">Szcz\u0119\u015b\u0107 Bo\u017ce.<\/p>\n<p style=\"text-align: center;\">&nbsp;&nbsp;&nbsp;&nbsp;<\/p>\n<hr>\n<p style=\"text-align: center;\"><span style=\"color: #008000; font-size: 18pt;\"><strong>21 Niedziela zwyk\u0142a &#8211; 24. 08. 2025r.&nbsp;<\/strong><\/span><\/p>\n<ol>\n<li><span style=\"font-size: 14pt;\">Msze \u015bw. w tym tygodniu o godz. 18.00, a w czwartek tak\u017ce w \u015arednim Wielkim o 17.00. Przed Msz\u0105 \u015bw. mo\u017cna skorzysta\u0107 codziennie z sakramentu spowiedzi, szczeg\u00f3lnie przed nowym rokiem szkolnym. <\/span><\/li>\n<li><span style=\"font-size: 14pt;\">We wtorek uroczysto\u015b\u0107 MB Cz\u0119stochowskiej &#8211; opust w Tarnawie. Suma odpustowa o 11. 00. Zapraszam.&nbsp;<\/span><\/li>\n<li><span style=\"color: #0000ff;\"><strong><span style=\"font-size: 14pt;\">Trosk\u0119 o czysto\u015b\u0107 w ko\u015bciele powierzamy w tym tygodniu nast\u0119pujacym osobom:&nbsp;<\/span><\/strong><\/span><\/li>\n<\/ol>\n<p><span style=\"font-size: 14pt;\"><strong>\u0141ukowe:<\/strong> Maria Kita, Janina Mach, Henryka Rudy.<\/span><\/p>\n<p><span style=\"font-size: 14pt;\"><strong>\u015arednie Wielkie:<\/strong> Barbara Posobi\u0144ska, Natalia Fabian, W\u0142adys\u0142aw Symion.&nbsp;<\/span><\/p>\n<p><strong><span style=\"font-size: 14pt; color: #0000ff;\">4. Intencje w tym tygodniu:&nbsp;<\/span><\/strong><\/p>\n<p><span style=\"font-size: 14pt;\">Poniedzia\u0142ek: + Czes\u0142awa Swalasz &#8211; int od s\u0105siad\u00f3w z bloku&nbsp;<\/span><\/p>\n<p><span style=\"font-size: 14pt;\">Wtorek:&nbsp; Z R\u00f3\u017cy Heleny Wr\u00f3bel o zdrowie i Bo\u017ce b\u0142ogos\u0142awie\u0144stwo i za zmar\u0142e Siostry z R\u00f3\u017cy.<\/span><\/p>\n<p><span style=\"font-size: 14pt;\">\u015aroda: + Fanciszek Kicak &#8211; od Krystyny B\u0142a\u017ckowskiej<\/span><\/p>\n<p><span style=\"font-size: 14pt;\">Czwartek: \u015aW:&nbsp;<\/span><span style=\"font-size: 14pt;\">+ Ma\u0142gorzata Symion &#8211; od bratowej Bo\u017ceny z dzie\u0107mi&nbsp;<\/span><\/p>\n<p><span style=\"font-size: 14pt;\">\u0141:&nbsp;<\/span><span style=\"font-size: 14pt;\">O zdrowie i Bo\u017ce b\u0142ogos\u0142awie\u0144stwo dla Iwony<\/span><\/p>\n<p><span style=\"font-size: 14pt;\">Pi\u0105tek: + W\u0142adys\u0142aw Krajzewicz &#8211; od c\u00f3rki Barbary z m\u0119\u017cem&nbsp;<\/span><\/p>\n<p><span style=\"font-size: 14pt;\">Sobota: +Stanis\u0142aw Walko &#8211; od J\u00f3zefa Stach z rodzin\u0105&nbsp;<\/span><\/p>\n<p><span style=\"font-size: 14pt;\">Niedziela: <\/span><\/p>\n<p><span style=\"font-size: 14pt;\">7.30 + Mariusz Jankowski &#8211; od \u017cony Magdaleny&nbsp;<\/span><\/p>\n<p><span style=\"font-size: 14pt;\">9.30 \u015aW. + Andrzej Ciepiela &#8211; od syna Waldemara z rodzin\u0105<\/span><\/p>\n<p><span style=\"font-size: 14pt;\">11.00 Za Parafian<\/span><\/p>\n<p><span style=\"font-size: 14pt;\">Ks. Piotr, przekaza\u0142 mi wszystkie intencje, tak\u017ce pogrzebowe i ofiary na te Msze z\u0142o\u017cone.&nbsp;&nbsp;<\/span><\/p>\n<p><span style=\"font-size: 14pt;\">5. Og\u0142oszenia duszpasterkie s\u0105 dost\u0119pne na <a href=\"https:\/\/lukowe.przemyska.pl\/index.php\/ogloszenia\/ogloszenia-parafialne\/\" target=\"_blank\" rel=\"noopener\">stronie internetowej naszej parafii<\/a>,<\/span><br \/>\n<span style=\"font-size: 14pt;\">&nbsp; &nbsp; &nbsp;oraz na <a href=\"https:\/\/www.facebook.com\/KsMariusz\" target=\"_blank\" rel=\"noopener\">profilu na facebooku<\/a>.&nbsp;<\/span><\/p>\n<p><span style=\"font-size: 14pt;\">6. Wszystkim Parafianom i go\u015bciom, \u017cycz\u0119 dobrego Dnia Pa\u0144skiego i niedzielnego odpoczynku. Szcz\u0119\u015b\u0107 Bo\u017ce.&nbsp;<\/span><\/p>\n<hr>\n<p>&nbsp;<\/p>\n<p>&nbsp;&nbsp;&nbsp;&nbsp;&nbsp;&nbsp;<span style=\"color: #ff0000;\"> Uroczysto\u015b\u0107 Zes\u0142ania Ducha \u015awi\u0119tego&nbsp; 19.05 2024r.&nbsp;&nbsp;&nbsp;&nbsp;&nbsp; <\/span>&nbsp;&nbsp;&nbsp;&nbsp;&nbsp;&nbsp;&nbsp;&nbsp;&nbsp;&nbsp;&nbsp;&nbsp;&nbsp;&nbsp;&nbsp;&nbsp;&nbsp;&nbsp;&nbsp;&nbsp;&nbsp;&nbsp;&nbsp;&nbsp;&nbsp;&nbsp;&nbsp;&nbsp;&nbsp;&nbsp;&nbsp;&nbsp;&nbsp;&nbsp;&nbsp;&nbsp;&nbsp;&nbsp;&nbsp;&nbsp;&nbsp;&nbsp;&nbsp;&nbsp;&nbsp;&nbsp;&nbsp;&nbsp;&nbsp;&nbsp;&nbsp;&nbsp;&nbsp;&nbsp;&nbsp;&nbsp;&nbsp;&nbsp;&nbsp;&nbsp;&nbsp;&nbsp;<\/p>\n<p>&nbsp;&nbsp;&nbsp; 1 W sobot\u0119 odby\u0142y si\u0119 \u015bwi\u0119cenia kap\u0142a\u0144skie z r\u0105k Abp Adama w Katedrze Przemyskiej przyj\u0119\u0142o&nbsp;<\/p>\n<p>&nbsp; &nbsp; &nbsp; 6 diakon\u00f3w.W modlitwie polecajmy wszystkich powo\u0142anych.<\/p>\n<p>&nbsp;&nbsp;&nbsp; 2.Msze \u015bw. w Po\u0144. \u015awi\u0119to Matki Ko\u015bcio\u0142a&nbsp; w ko\u015bciele parafialnym&nbsp;&nbsp;&nbsp;&nbsp;&nbsp;&nbsp;&nbsp;&nbsp;&nbsp;&nbsp;&nbsp;&nbsp;&nbsp;&nbsp;&nbsp;&nbsp;&nbsp;&nbsp;&nbsp;&nbsp;&nbsp;&nbsp;&nbsp;&nbsp;&nbsp;&nbsp;&nbsp;&nbsp;&nbsp;&nbsp;&nbsp;&nbsp;&nbsp;&nbsp;&nbsp; &nbsp;&nbsp;&nbsp;&nbsp;&nbsp;&nbsp;&nbsp;&nbsp;&nbsp;&nbsp;&nbsp;&nbsp;&nbsp;&nbsp;<\/p>\n<p>&nbsp; &nbsp; &nbsp; o godz.9.00 i 17.30 &nbsp;a &nbsp;w \u015arednie Wielkim.o godz.19.00 w pozosta\u0142e dni tygodnia o godz.18.00 i nabo\u017ce\u0144stwo majowe. Serdecznie zapraszam.<\/p>\n<p>&nbsp;&nbsp;&nbsp; 3.W Niedziel\u0119 &nbsp;za tydzie\u0144 -Dzie\u0144 Matki w modlitwie pami\u0119tajmy o wszystkich&nbsp; Mamach.<\/p>\n<p>&nbsp;4. W niedziel\u0119 za tydzie\u0144 Msze \u015aw. w ko\u015bciele Parafialnym o <strong>7.30 ,9.30 a w \u015arednim Wielkim o<\/strong><\/p>\n<p><strong>&nbsp;&nbsp; Ur.Msza Sw.o godzinie 12.00,<\/strong>&nbsp;<\/p>\n<p>po\u015bwi\u0119cenie Sztandaru OSP, nowego samochody stra\u017cackiego<\/p>\n<p>5.Jutro rocznica \u015bwi\u0119ce\u0144 biskupich, bp Stanis\u0142awa&nbsp;<\/p>\n<p>6.W Czw. \u015awi\u0119to Jezusa Chrystusa. Najwy\u017cszego Kap\u0142ana. Modlimy si\u0119 za kap\u0142an\u00f3w i o nowe powo\u0142ania kap\u0142a\u0144skie.<\/p>\n<p>6.W niedziel\u0119 Ur. Tr\u00f3jcy Przenaj\u015bwi\u0119tszej<\/p>\n<p>7.Sprz\u0105tanie ko\u015bcio\u0142a&nbsp;&nbsp;&nbsp;&nbsp;&nbsp;&nbsp;&nbsp;&nbsp;&nbsp;&nbsp;&nbsp;&nbsp;&nbsp;&nbsp;&nbsp;&nbsp;&nbsp;&nbsp;&nbsp;&nbsp;&nbsp;&nbsp;&nbsp;&nbsp;&nbsp;&nbsp;&nbsp;&nbsp;&nbsp;&nbsp;&nbsp;&nbsp;&nbsp;&nbsp;&nbsp;&nbsp;&nbsp;&nbsp;&nbsp;&nbsp;&nbsp;&nbsp;&nbsp;&nbsp;&nbsp;&nbsp;&nbsp;&nbsp;&nbsp;&nbsp;&nbsp;&nbsp;&nbsp;&nbsp;&nbsp;&nbsp;&nbsp;&nbsp;&nbsp;&nbsp;&nbsp;&nbsp;&nbsp;&nbsp;&nbsp;&nbsp;&nbsp;&nbsp;&nbsp;&nbsp;&nbsp;&nbsp;&nbsp;&nbsp;&nbsp;&nbsp;&nbsp;&nbsp;&nbsp;&nbsp;&nbsp;&nbsp;&nbsp;&nbsp;&nbsp;&nbsp;&nbsp;&nbsp;&nbsp;&nbsp;&nbsp;&nbsp;&nbsp;&nbsp;&nbsp;&nbsp;&nbsp;&nbsp;&nbsp;&nbsp;&nbsp;&nbsp;&nbsp;&nbsp;&nbsp;&nbsp;&nbsp;&nbsp;<\/p>\n<p><strong>\u0141ukowe :Bednarczyk Barbara,<\/strong>Kaczmarska Michalina ,Milczanowski Henryk<\/p>\n<p><strong>\u015arednie Wielkie : Imbirowicz Irena, Ka\u0142afut Helena<\/strong><\/p>\n<p>9.Intencje Mszalne<\/p>\n<p><strong>Uroczysto\u015b\u0107 Matki Ko\u015bcio\u0142a<\/strong><\/p>\n<p><strong>Pon<\/strong>.9.00 &nbsp;+ Urszula Cicho\u0144ska int. od Anny Domalik&nbsp;&nbsp;&nbsp;&nbsp;&nbsp;&nbsp;&nbsp;&nbsp;&nbsp;&nbsp;&nbsp;&nbsp;&nbsp;&nbsp;&nbsp;&nbsp;&nbsp;&nbsp;&nbsp;&nbsp;&nbsp;&nbsp;&nbsp;&nbsp;&nbsp;&nbsp;&nbsp;&nbsp;&nbsp;&nbsp;&nbsp;&nbsp;&nbsp;&nbsp;&nbsp;&nbsp;&nbsp;&nbsp;&nbsp;&nbsp;&nbsp;&nbsp; &nbsp;&nbsp;&nbsp;&nbsp;&nbsp;&nbsp;&nbsp;&nbsp;&nbsp;&nbsp;&nbsp;&nbsp;&nbsp;&nbsp;&nbsp;&nbsp;&nbsp;&nbsp;&nbsp;&nbsp;&nbsp;&nbsp;&nbsp;&nbsp;&nbsp;&nbsp;&nbsp;&nbsp;&nbsp;&nbsp;<\/p>\n<p>17.30 +J\u00f3zef&nbsp; Puzio int&nbsp; od Agaty i Marka Marcinik&nbsp;&nbsp;&nbsp;&nbsp;&nbsp;&nbsp;&nbsp;&nbsp;&nbsp;&nbsp;&nbsp;&nbsp;&nbsp;&nbsp;&nbsp;&nbsp;&nbsp;&nbsp;&nbsp;&nbsp;&nbsp;&nbsp;&nbsp;&nbsp;&nbsp;&nbsp;&nbsp;&nbsp;&nbsp;&nbsp;&nbsp;&nbsp;&nbsp;&nbsp;&nbsp;&nbsp;&nbsp;&nbsp;&nbsp;&nbsp;&nbsp;&nbsp;&nbsp;&nbsp;&nbsp;&nbsp;&nbsp;&nbsp;&nbsp;&nbsp;&nbsp;&nbsp;&nbsp;&nbsp;&nbsp;&nbsp;&nbsp;&nbsp;&nbsp;&nbsp;&nbsp;&nbsp;&nbsp;&nbsp;&nbsp;&nbsp;&nbsp;&nbsp;&nbsp;&nbsp;&nbsp;&nbsp;&nbsp;&nbsp;&nbsp;&nbsp;&nbsp;&nbsp;&nbsp;&nbsp;&nbsp;<\/p>\n<p>19.00&nbsp; +El\u017cbieta Zajkowska int. od koleg\u00f3w i kole\u017canek&nbsp;&nbsp; z pracy Mariusza<\/p>\n<p>Wt.18.00 + Halina Czuchry&nbsp;&nbsp;&nbsp;&nbsp;&nbsp;&nbsp;&nbsp;&nbsp;&nbsp;&nbsp;&nbsp;&nbsp;&nbsp;&nbsp;&nbsp;&nbsp;&nbsp;&nbsp;&nbsp;&nbsp;&nbsp;&nbsp;&nbsp;&nbsp;&nbsp;&nbsp;&nbsp;&nbsp;&nbsp;&nbsp;&nbsp;&nbsp;&nbsp;&nbsp;&nbsp;&nbsp;&nbsp;&nbsp;&nbsp;&nbsp;&nbsp;&nbsp;&nbsp;&nbsp;&nbsp;&nbsp;&nbsp;&nbsp;&nbsp;&nbsp;&nbsp;&nbsp;&nbsp;&nbsp;&nbsp;&nbsp;&nbsp;&nbsp;&nbsp;&nbsp;&nbsp;&nbsp;&nbsp;&nbsp;&nbsp;&nbsp;&nbsp;&nbsp;&nbsp;&nbsp;&nbsp;&nbsp;&nbsp;&nbsp;&nbsp;&nbsp;&nbsp;&nbsp;&nbsp;&nbsp;&nbsp;&nbsp;&nbsp;&nbsp;&nbsp;&nbsp;&nbsp;&nbsp;&nbsp;&nbsp;&nbsp;&nbsp;&nbsp;&nbsp;&nbsp;&nbsp;&nbsp;&nbsp;&nbsp;&nbsp;&nbsp;&nbsp;&nbsp;&nbsp;&nbsp;&nbsp;&nbsp;&nbsp;&nbsp;&nbsp;&nbsp;&nbsp;&nbsp;&nbsp;&nbsp;&nbsp;&nbsp;<\/p>\n<p>&nbsp;\u015ar.18.00 O zdrowie Bo\u017ce b\u0142 . iopiek\u0119 MB dla rodzin Michalskich i \u015alusarczyk<\/p>\n<p>Czw.18.00 +Ryszard Stachowski<\/p>\n<p><strong>Pi\u0105.9.00 &nbsp;Szkolna +Krystyna Mroczek int od rodzin Michalskich i \u015alusarczyk 2 x Msze \u015aw<\/strong><\/p>\n<p>Pi\u0105.18.00 + J\u00f3zef\u0119 i Franciszek Stusik<\/p>\n<p>Sob.18.00 + Stanis\u0142aw i Julian Pietryka,+Anna i Eugeniusz Stach<\/p>\n<p><strong>N.7.30<\/strong> + Halina Stach int. od rodziny&nbsp; Zbigniewa Wr\u00f3bel z rodzin\u0105&nbsp;&nbsp;&nbsp; &nbsp;&nbsp;&nbsp;&nbsp;&nbsp;&nbsp;&nbsp;&nbsp;&nbsp;&nbsp;&nbsp;&nbsp;&nbsp;&nbsp;&nbsp;&nbsp;&nbsp;&nbsp;&nbsp;&nbsp;&nbsp;&nbsp;&nbsp;&nbsp;&nbsp;&nbsp;&nbsp;&nbsp;&nbsp;&nbsp;&nbsp;&nbsp;&nbsp;&nbsp;&nbsp;&nbsp;&nbsp;&nbsp;&nbsp;&nbsp;&nbsp;&nbsp;&nbsp;&nbsp;&nbsp;<\/p>\n<p>&nbsp;&nbsp;&nbsp;&nbsp;&nbsp;<strong>\u0141ukowe 9.30 +<\/strong> Ewa Kurek int. od dzieci&nbsp;&nbsp;&nbsp;&nbsp;&nbsp;&nbsp;&nbsp;&nbsp;&nbsp;&nbsp;&nbsp;&nbsp;&nbsp;&nbsp;&nbsp;&nbsp;&nbsp;&nbsp;&nbsp;&nbsp;&nbsp;&nbsp;&nbsp;&nbsp;&nbsp;&nbsp;&nbsp;&nbsp;&nbsp;&nbsp;&nbsp;&nbsp;&nbsp;&nbsp;&nbsp;&nbsp;&nbsp;&nbsp;&nbsp;&nbsp;&nbsp;&nbsp;&nbsp;&nbsp;&nbsp;&nbsp;&nbsp;&nbsp;&nbsp;&nbsp;&nbsp;&nbsp;&nbsp;&nbsp;&nbsp;&nbsp;&nbsp;&nbsp;&nbsp;&nbsp;&nbsp;&nbsp;&nbsp;&nbsp;&nbsp;&nbsp;&nbsp;&nbsp;&nbsp;&nbsp;&nbsp;&nbsp;&nbsp;&nbsp;&nbsp;&nbsp;&nbsp;&nbsp;&nbsp;&nbsp;&nbsp;&nbsp;&nbsp;&nbsp;&nbsp;&nbsp;&nbsp;&nbsp;&nbsp;&nbsp;&nbsp;&nbsp;&nbsp;<\/p>\n<p>&nbsp;&nbsp; <strong>\u015arednie W.&nbsp;&nbsp;&nbsp;&nbsp;&nbsp;&nbsp;&nbsp;&nbsp;&nbsp;&nbsp;&nbsp;&nbsp;&nbsp;&nbsp;&nbsp;&nbsp;&nbsp;&nbsp;&nbsp;&nbsp;&nbsp;&nbsp;&nbsp;&nbsp;&nbsp;&nbsp;&nbsp;&nbsp;&nbsp;&nbsp;&nbsp;&nbsp;&nbsp;&nbsp;&nbsp;&nbsp;&nbsp;&nbsp;&nbsp;&nbsp;&nbsp;&nbsp;&nbsp;&nbsp;&nbsp;&nbsp;&nbsp;&nbsp;&nbsp;&nbsp;&nbsp;&nbsp;&nbsp;&nbsp;&nbsp;&nbsp;&nbsp;&nbsp;&nbsp;&nbsp;&nbsp; &nbsp;&nbsp;&nbsp;&nbsp;&nbsp;&nbsp;&nbsp;&nbsp;&nbsp;&nbsp;&nbsp;&nbsp;&nbsp;&nbsp;&nbsp;&nbsp;&nbsp;&nbsp;&nbsp;&nbsp;&nbsp;&nbsp;&nbsp;&nbsp;&nbsp;&nbsp;&nbsp;&nbsp;&nbsp;&nbsp;&nbsp;&nbsp;&nbsp;&nbsp;&nbsp;&nbsp;&nbsp;&nbsp;&nbsp;&nbsp;&nbsp;&nbsp;&nbsp;&nbsp;&nbsp;&nbsp;&nbsp;&nbsp;&nbsp;&nbsp;&nbsp;&nbsp;&nbsp;&nbsp;&nbsp;&nbsp;&nbsp;&nbsp;&nbsp;&nbsp;&nbsp;&nbsp;&nbsp;&nbsp;&nbsp;&nbsp;&nbsp;&nbsp;&nbsp;&nbsp;&nbsp;&nbsp;&nbsp;&nbsp;&nbsp;&nbsp;&nbsp;&nbsp;&nbsp;&nbsp;&nbsp;&nbsp;<\/strong><\/p>\n<p><strong>&nbsp;&nbsp;&nbsp;12.00<\/strong> 1.+Krystyna Mroczek int. od&nbsp; Stanis\u0142aw i Mieczys\u0142awa Marczyk<strong>&nbsp;&nbsp;&nbsp;&nbsp;&nbsp;&nbsp;&nbsp;&nbsp;&nbsp;&nbsp;&nbsp;&nbsp;&nbsp;&nbsp;&nbsp;&nbsp;&nbsp;&nbsp;&nbsp;&nbsp;&nbsp;&nbsp;&nbsp;&nbsp;&nbsp;&nbsp;&nbsp;&nbsp;&nbsp;&nbsp;&nbsp;&nbsp;&nbsp;&nbsp;&nbsp;&nbsp;<\/strong><\/p>\n<p><strong>&nbsp;&nbsp; <\/strong>2. W intencjach&nbsp; &nbsp;OSP ze&nbsp; \u015arednie W.&nbsp; z pro\u015bb\u0105 o zdrowie Bo\u017ce b\u0142 . i opiek\u0119 MB i patrona stra\u017cak\u00f3w \u015aw. Floriana<\/p>\n<p><strong>Jest do nabycia<\/strong>&nbsp; Album z Ur. Beatyfikacji b\u0142. Rodziny Ulm\u00f3w. Str. 255 Pi\u0119kne zdj\u0119cia,historia o bohaterach i m\u0119czennikach i o beatyfikacji&nbsp; Ten album jest to cegie\u0142ka przeznaczona na budow\u0119 i dzia\u0142alno\u015b\u0107 Centrum Dziedzictwa B\u0142-j Rodziny Ulm\u00f3w. w Markowej.<\/p>\n<p><strong>Nasi Ministranci<\/strong>&nbsp; wczoraj zaj\u0119li<strong> I miejsce <\/strong>w pi\u0142ce no\u017cnej&nbsp; w dekanacie Rzeped\u017a ,wywalczyli pi\u0119kny puchar&nbsp; i dyplom oraz <strong>Miko\u0142aj Tokarz <\/strong>wywalczy\u0142 Puchar dla najlepszego bramkarza Turnieju . Gratuluj\u0119 i dzi\u0119kuj\u0119<\/p>\n<p>&nbsp;<\/p>\n<p style=\"text-align: right;\">&nbsp;&nbsp;&nbsp;&nbsp;&nbsp;&nbsp;&nbsp;&nbsp;&nbsp;&nbsp;&nbsp;&nbsp;&nbsp;&nbsp;&nbsp;&nbsp;&nbsp; 5N.W Postu 17.03. 2024r.&nbsp;&nbsp;&nbsp;&nbsp;&nbsp;&nbsp;&nbsp;&nbsp;&nbsp;&nbsp;&nbsp;&nbsp;&nbsp;&nbsp;&nbsp;&nbsp;&nbsp;&nbsp;&nbsp;&nbsp;&nbsp;&nbsp;&nbsp;&nbsp;&nbsp;&nbsp;&nbsp;&nbsp;&nbsp;&nbsp;&nbsp;&nbsp;&nbsp;&nbsp;&nbsp;&nbsp;&nbsp;&nbsp;&nbsp;&nbsp;&nbsp;&nbsp;&nbsp;&nbsp;&nbsp;&nbsp;&nbsp;&nbsp;&nbsp;&nbsp;&nbsp;&nbsp;&nbsp;&nbsp;&nbsp;&nbsp;&nbsp;&nbsp;&nbsp;&nbsp;&nbsp;&nbsp;&nbsp;&nbsp;&nbsp;&nbsp;&nbsp;&nbsp;&nbsp;&nbsp;&nbsp;&nbsp;&nbsp;&nbsp;&nbsp;&nbsp;&nbsp;&nbsp;&nbsp;&nbsp;&nbsp;&nbsp;&nbsp;&nbsp;&nbsp;&nbsp;&nbsp;&nbsp;&nbsp;&nbsp;&nbsp;&nbsp;&nbsp;&nbsp;&nbsp;&nbsp;&nbsp;&nbsp;&nbsp;&nbsp;&nbsp;&nbsp;&nbsp;&nbsp;&nbsp;&nbsp;&nbsp;&nbsp;&nbsp;&nbsp;&nbsp;&nbsp;&nbsp;&nbsp;&nbsp;&nbsp;&nbsp;&nbsp;&nbsp;&nbsp;&nbsp;&nbsp;&nbsp;&nbsp;&nbsp;<\/p>\n<p>&nbsp;&nbsp; 1.Msze \u015bw.w Ko\u015bciele Parafialnym&nbsp; w Pon.o 17.00 We Wt. o godz.16.30 ,Od \u015arody do soboty rano &nbsp;o godz.7.00,Poniewa\u017c rozpoczyna si\u0119 spowied\u017a w dekanacie.<\/p>\n<p>&nbsp;&nbsp;&nbsp; 2.We Wtorek Ur. \u015aw. J\u00f3zefa&nbsp; Ur. \u015aw.&nbsp; Oblubie\u0144ca NMP, dzie\u0144 szczeg\u00f3lnej modlitwy za Ojc\u00f3w .To dzie\u0144 imienin ks.Abp J\u00f3zefa Michalika Seniora&nbsp; w modlitwie pami\u0119tajmy o wszystkich Solenizantach. Zapraszam szczeg\u00f3lnie Ojc\u00f3w . &nbsp;&nbsp;&nbsp;&nbsp;&nbsp;&nbsp;&nbsp;&nbsp;&nbsp;&nbsp;&nbsp;&nbsp;&nbsp;&nbsp;&nbsp;&nbsp;&nbsp;&nbsp;&nbsp;&nbsp; &nbsp;&nbsp;&nbsp;&nbsp;&nbsp;&nbsp;&nbsp;&nbsp;&nbsp;&nbsp;&nbsp;&nbsp;&nbsp;&nbsp;&nbsp;&nbsp;&nbsp;&nbsp;&nbsp;&nbsp;&nbsp;&nbsp;&nbsp;&nbsp;&nbsp;&nbsp;&nbsp;&nbsp;&nbsp;&nbsp;&nbsp;&nbsp;&nbsp;&nbsp;&nbsp;&nbsp;&nbsp;&nbsp;&nbsp;&nbsp;&nbsp;&nbsp;&nbsp;&nbsp;&nbsp;&nbsp;&nbsp;&nbsp;&nbsp;&nbsp;&nbsp;&nbsp;&nbsp;&nbsp;&nbsp;&nbsp;&nbsp;&nbsp;&nbsp;&nbsp;&nbsp;&nbsp;&nbsp;&nbsp;&nbsp;&nbsp;&nbsp;&nbsp;&nbsp;&nbsp;&nbsp;&nbsp;&nbsp;&nbsp;&nbsp;&nbsp;&nbsp;&nbsp;&nbsp;&nbsp;&nbsp;&nbsp;&nbsp;&nbsp;&nbsp;&nbsp;&nbsp;&nbsp;&nbsp;&nbsp;&nbsp;&nbsp;&nbsp;&nbsp; &nbsp; &nbsp; &nbsp; &nbsp; &nbsp; &nbsp; &nbsp; &nbsp; &nbsp; &nbsp; &nbsp; &nbsp; &nbsp; &nbsp; &nbsp; &nbsp; &nbsp; &nbsp; &nbsp; &nbsp; &nbsp; &nbsp;&nbsp; 3.W \u015arednim W.w Poniedzia\u0142ek&nbsp; Msza \u015aw i Droga Krzy\u017cowa godz.18.00 w Ko\u015bciele Parafialnym&nbsp; Msza \u015bw.i Droga Krzy\u017cowa&nbsp; Pi\u0105tek g.17.00 .Spotkanie AK i&nbsp; Ministrant\u00f3w<\/p>\n<p>&nbsp;&nbsp;&nbsp;&nbsp;&nbsp; 4.W pi\u0105tek odwiedz\u0119 chorych od godz.9.00 Prosz\u0119 zg\u0142asza\u0107 w &nbsp;zakrystii .<\/p>\n<p><span style=\"color: #ff0000;\">&nbsp;&nbsp;&nbsp;&nbsp;&nbsp;&nbsp;&nbsp;&nbsp; <strong>Spowied\u017a Wielkopostna<\/strong> w naszej parafii w Sobot\u0119 &nbsp;23.03.2024r.<\/span><\/p>\n<p>&nbsp;&nbsp; <span style=\"color: #ff00ff;\">Od godz.9.00-12.00 Przerwa od 10.30 -11.00<\/span><\/p>\n<p><span style=\"color: #ff0000;\">&nbsp; \u015arednie Wielkie od 10.00 -11.30 &nbsp; &nbsp; &nbsp; &nbsp; &nbsp; &nbsp; &nbsp; &nbsp; &nbsp; &nbsp; &nbsp; &nbsp; &nbsp; &nbsp; &nbsp; &nbsp; &nbsp; &nbsp; &nbsp; &nbsp; &nbsp; &nbsp; &nbsp; &nbsp; &nbsp; &nbsp; &nbsp; &nbsp; &nbsp; &nbsp; &nbsp; &nbsp; &nbsp; &nbsp; &nbsp; &nbsp; &nbsp; &nbsp; &nbsp; &nbsp; &nbsp; &nbsp; &nbsp; &nbsp; &nbsp; &nbsp; &nbsp; &nbsp; &nbsp; &nbsp; &nbsp; &nbsp; &nbsp; &nbsp; &nbsp; &nbsp; &nbsp; &nbsp; &nbsp; &nbsp; &nbsp; &nbsp; &nbsp; &nbsp; &nbsp; &nbsp; &nbsp; &nbsp; &nbsp; &nbsp; &nbsp; &nbsp; &nbsp; &nbsp; &nbsp; &nbsp; 5.<\/span>&nbsp; Sprz\u0105tanie ko\u015bcio\u0142a&nbsp;&nbsp;&nbsp;&nbsp;&nbsp;&nbsp;&nbsp;&nbsp;&nbsp;&nbsp;&nbsp;&nbsp;&nbsp;&nbsp;&nbsp;&nbsp;&nbsp;&nbsp;&nbsp;&nbsp;&nbsp;&nbsp;&nbsp;&nbsp;&nbsp;&nbsp;&nbsp;&nbsp;&nbsp;&nbsp;&nbsp;&nbsp;&nbsp;&nbsp;&nbsp;&nbsp;&nbsp;&nbsp;&nbsp;&nbsp;&nbsp;&nbsp;&nbsp;&nbsp;&nbsp;&nbsp;&nbsp;&nbsp;&nbsp;&nbsp;&nbsp;&nbsp;&nbsp;&nbsp;&nbsp;&nbsp;&nbsp;&nbsp;&nbsp;&nbsp;&nbsp;&nbsp;&nbsp;&nbsp;&nbsp;&nbsp;&nbsp;&nbsp;&nbsp;&nbsp;&nbsp;&nbsp;&nbsp;&nbsp;&nbsp;&nbsp;&nbsp;&nbsp;&nbsp;&nbsp;&nbsp;&nbsp;&nbsp; &nbsp;&nbsp;&nbsp;&nbsp;&nbsp;&nbsp;&nbsp;&nbsp;&nbsp;&nbsp;&nbsp;&nbsp;&nbsp;&nbsp;&nbsp;&nbsp;&nbsp;&nbsp;&nbsp;&nbsp;&nbsp;&nbsp;&nbsp;&nbsp;&nbsp;&nbsp;&nbsp;&nbsp;&nbsp;&nbsp;&nbsp;&nbsp; &nbsp; &nbsp; &nbsp; &nbsp; &nbsp; &nbsp; &nbsp; &nbsp; &nbsp; &nbsp; &nbsp; &nbsp; &nbsp; &nbsp; &nbsp; &nbsp; &nbsp; &nbsp; &nbsp; &nbsp; &nbsp; &nbsp; &nbsp; &nbsp; &nbsp; &nbsp; \u0141ukowe : Kosi\u0144ska Weronika,Pomyka\u0142a Ewelina,Niesyto Tomasz<\/p>\n<p>\u015arednie Wielkie :&nbsp; Bo\u017cek Dorota,Lubas Maria&nbsp;&nbsp;&nbsp;&nbsp;&nbsp;&nbsp;&nbsp;&nbsp;&nbsp;&nbsp;&nbsp;&nbsp;&nbsp;&nbsp;&nbsp;&nbsp;&nbsp;&nbsp;&nbsp;&nbsp;&nbsp;&nbsp;&nbsp;&nbsp;&nbsp;&nbsp;&nbsp;&nbsp;&nbsp;&nbsp;&nbsp;&nbsp;&nbsp;&nbsp;&nbsp;&nbsp;&nbsp;&nbsp;&nbsp;&nbsp;&nbsp;&nbsp;&nbsp;&nbsp;&nbsp;&nbsp;&nbsp;&nbsp;&nbsp;&nbsp;&nbsp;&nbsp;&nbsp;&nbsp;&nbsp;&nbsp;&nbsp;&nbsp;&nbsp;&nbsp;&nbsp;&nbsp;&nbsp;&nbsp;&nbsp;&nbsp;&nbsp;&nbsp;&nbsp;&nbsp;&nbsp;&nbsp;&nbsp;&nbsp; &nbsp;&nbsp;&nbsp;&nbsp;&nbsp;&nbsp;&nbsp;&nbsp;&nbsp;&nbsp;&nbsp;&nbsp;&nbsp;&nbsp;&nbsp;&nbsp;&nbsp;&nbsp;&nbsp;&nbsp;&nbsp;&nbsp;&nbsp;&nbsp;&nbsp;&nbsp;&nbsp;&nbsp;&nbsp;&nbsp;&nbsp;&nbsp;&nbsp;&nbsp;&nbsp;&nbsp;&nbsp;&nbsp;&nbsp;&nbsp;&nbsp;&nbsp;&nbsp;&nbsp;&nbsp;&nbsp; . 6.Intencje<\/p>\n<p>Pon.17.00 +&nbsp; Edward Su\u0142kowski int od \u017cony i c\u00f3rek<\/p>\n<p>Pon.18.00&nbsp;&nbsp;&nbsp; \u015arednie W.+ Jan Klepczy\u0144ski w kol. rocznic\u0119 \u015bmierci<\/p>\n<p><strong>Wt.16.30<\/strong>&nbsp; Z r\u00f3\u017cy Jana Stusik&nbsp; o zdrowie Bo\u017ce b\u0142. opiek\u0119 MB i patrona \u015aw. J\u00f3zefa dla braci r\u00f3\u017ca\u0144cowych i za zmar\u0142ych o rado\u015b\u0107 \u017cycia wiecznego<\/p>\n<p>\u015aroda 7.00 +J\u00f3zef i Eugenia Sadlik<\/p>\n<p>Czw.7.00 +Halina Stach int. od Andrzeja z rodzin\u0105 z Tarnawy<\/p>\n<p>Pi\u0105.17.00 +Zygmunt Drews w kol.rocznic\u0119 \u015bmierci int. od siostry Janiny Pa\u0142asz<\/p>\n<p>Sob.7.00 +Czes\u0142aw Wr\u00f3bel w 13 r.\u015bmierci<\/p>\n<p>N.7.30 O szcz\u0119\u015bliwe rozwi\u0105zanie dla Natalii int. od babci<\/p>\n<p>9.30 + Stanis\u0142aw Kusiak +Joanna Kusiak int. od \u017cony i Bratowej<\/p>\n<p>11.00 Za parafian<\/p>\n<p>9.<span style=\"color: #ff0000;\">W Markowej odb\u0119d\u0105 si\u0119 Uroczysto\u015bci w Sobot\u0119 23 marca -odb\u0119dzie si\u0119 Marsz dla \u017cycia z \u0141a\u0144cuta do Markowej pod has\u0142em: \u201e<strong>Z&nbsp;B\u0142ogos\u0142awion\u0105 Rodzin\u0105 Ulm\u00f3w w obronie \u017cycia<\/strong>\u201d.&nbsp; Wyj\u015bcie&nbsp; z \u0141a\u0144cuta parafia \u015aw. Micha\u0142a&nbsp; do Markowej w sobot\u0119&nbsp; <strong>23 marca <\/strong>&nbsp;&nbsp;godz.9.00 . nast\u0119pnie w Markowej w ko\u015bciele konferencja o godz. 11.30 i Msza \u015aw. o godz.12.00 w Markowej.Dojazd we w\u0142asnym zakresie. Zaproszeni parafianie AK i inne grupy parafialne.<\/span><\/p>\n<p>10.W tym&nbsp; tyg. po\u017cegnali\u015bmy <strong>+\u015ap. Edwarda Su\u0142kowskiego<\/strong> w jego int. b\u0119d\u0105 odprawiane Msze \u015aw.od rodziny, s\u0105siad\u00f3w ,parafian u. pogrzebu.Polecajmy go w modlitwie Bo\u017cemu Mi\u0142osierdziu.<\/p>\n<p>&nbsp;<\/p>\n<p>&nbsp;<\/p>\n<p style=\"text-align: center;\"><span style=\"color: #ff6600; font-size: 24pt;\">PEREGRYNACJA<\/span><\/p>\n<p style=\"text-align: center;\">&nbsp;&nbsp;<span style=\"color: #ff0000;\">&nbsp;<span style=\"font-size: 24pt;\"> PI\u0104TEK&nbsp; 23.02.-24.02.2024r.<\/span><\/span><\/p>\n<p><span style=\"font-size: 18pt; color: #0000ff;\">W Pi\u0105tek nasza parafia b\u0119dzie prze\u017cywa\u0142a Uroczysto\u015b\u0107 Nawiedzenia Obrazu Naj\u015bwi\u0119tszego Serca Pana Jezusa<\/span><\/p>\n<p><span style=\"font-size: 18pt;\">W Pi\u0105tek gromadzimy si\u0119 w ko\u015bciele parafialnym&nbsp; o godz.17.10.&nbsp;&nbsp;&nbsp;&nbsp;&nbsp;&nbsp;&nbsp;&nbsp;&nbsp;&nbsp;&nbsp;&nbsp;&nbsp; Czas oczekiwania na Obraz Naj\u015bwi\u0119tszego Serca Pana Jezusa.&nbsp;&nbsp;&nbsp;&nbsp;&nbsp;&nbsp;&nbsp;&nbsp;&nbsp;&nbsp;&nbsp;&nbsp;&nbsp;&nbsp;&nbsp;&nbsp;&nbsp; Jest to pi\u0105tek odprawimy&nbsp; Drog\u0119 Krzy\u017cow\u0105 O godz.<span style=\"color: #ff6600;\">17.10.&nbsp;<\/span> &nbsp;&nbsp;&nbsp;&nbsp; &nbsp;&nbsp;&nbsp;&nbsp;&nbsp;&nbsp;&nbsp;&nbsp;&nbsp;&nbsp;&nbsp;&nbsp;&nbsp;&nbsp; Msza \u015aw. w Pi\u0105tek w ko\u015bciele parafialnym&nbsp; przy obrazie Naj\u015bwi\u0119tszego Serca PJ o godz<span style=\"color: #ff6600;\">. 18.00<\/span> P<span style=\"color: #ff6600;\">od przewodnictwem&nbsp; Bp.Krzysztofa<\/span><\/span><\/p>\n<p>&nbsp;<\/p>\n<p><span style=\"font-size: 18pt;\">Po Mszy \u015aw. AK b\u0119dzie prowadzi\u0142a Adoracj\u0119 . <span style=\"color: #ff6600;\">Od Godz.20.00 do 20 .40<\/span> zalecane jest ,aby &nbsp;by\u0142 czas ciszy na osobist\u0105 adoracj\u0119 w ciszy .&nbsp;&nbsp;&nbsp;&nbsp;&nbsp;&nbsp;&nbsp;&nbsp;&nbsp;&nbsp;&nbsp;&nbsp; W pi\u0105tek adoracja przy obrazie Pana Jezusa dla wszystkich parafian<\/span><\/p>\n<p><span style=\"font-size: 18pt;\">&nbsp;<span style=\"color: #ff6600;\">O godz. 21.00<\/span> Apel Jasnog\u00f3rski&nbsp; i Msza \u015aw. odprawiana przez&nbsp;&nbsp;&nbsp;&nbsp;&nbsp;&nbsp;&nbsp;&nbsp;&nbsp;&nbsp;&nbsp;&nbsp;&nbsp;&nbsp;&nbsp;&nbsp;&nbsp; ks. Rodak\u00f3w Dzi\u0119kczynno \u2013b\u0142agalna za dar powo\u0142ania&nbsp;&nbsp; i o powo\u0142ania<\/span><\/p>\n<p><span style=\"font-size: 18pt;\"><span style=\"color: #ff6600;\">W sobot\u0119<\/span> Drugi dzie\u0144 Nawiedzenia Obrazu Naj\u015bwi\u0119tszego Serca PJ. <span style=\"color: #ff6600;\">Msza \u015aw. o godz.8.00<\/span> &nbsp;i&nbsp;&nbsp; adoracja do g<strong>o<\/strong><strong>dz<\/strong>. <span style=\"color: #ff6600;\">11.45<\/span><\/span><\/p>\n<p><span style=\"font-size: 18pt;\">O godz.<span style=\"color: #ff6600;\">11.45<\/span>&nbsp; Obraz zostanie przewieziony do ko\u015bcio\u0142a filialnego w <span style=\"color: #ff6600;\">\u015arednim Wielkim<\/span>. <span style=\"color: #00ff00;\">Adoracja od 12.00-13.00<\/span> &nbsp;&nbsp;i<span style=\"color: #0000ff;\"> Msza \u015aw. o godz.13.00 .<\/span> Pod przewodnictwem&nbsp;&nbsp;&nbsp;&nbsp;&nbsp; <span style=\"color: #ff0000;\">Ks.\u0141ukasza&nbsp; rodaka<\/span><\/span><\/p>\n<p>&nbsp;<\/p>\n<p><span style=\"font-size: 18pt;\"><strong><span style=\"color: #ff0000;\">Po Mszy \u015aw<\/span> Obraz Naj\u015bwi\u0119tszego Serca Pana Jezusa wr\u00f3ci do ko\u015bcio\u0142a parafialnego &nbsp;i dalszy ci\u0105g adoracji do <span style=\"color: #ff0000;\">godz.16.30.&nbsp;&nbsp;<\/span><\/strong> &nbsp; &nbsp; &nbsp; &nbsp; &nbsp; &nbsp; &nbsp;&nbsp; Msza \u015aw. na po\u017cegnanie&nbsp; Obrazu Naj\u015bwi\u0119tszego Serca PJ o godz.<span style=\"color: #ff0000;\">16.30<\/span> .<\/span><\/p>\n<p><span style=\"font-size: 18pt;\">&nbsp;Po Mszy \u015aw. obraz zostanie przewieziony do parafii Czaszyn.w towarzystwie OSP.<\/span><\/p>\n<p><span style=\"font-size: 18pt;\"><span style=\"color: #ff0000;\">Adoracja.<\/span>W Pi\u0105tek wszyscy parafianie po Mszy \u015aw.do godz.<span style=\"color: #ff0000;\">21.00<\/span> &nbsp;&nbsp;&nbsp;&nbsp;&nbsp;&nbsp;&nbsp;&nbsp; Apel i Msza \u015aw.<\/span><\/p>\n<p><span style=\"font-size: 18pt; color: #ff0000;\">&nbsp;W Sobot\u0119 Msza \u015aw.godz.8.00 i ci\u0105g dalszy Adoracji.<\/span><\/p>\n<p><span style=\"font-size: 18pt;\">W sobot\u0119 od godz.<span style=\"color: #ff0000;\">9.00-10.15<\/span> Mieszka\u0144cy od<span style=\"color: #ff0000;\"> nr.1-40<\/span> i <span style=\"color: #00ff00;\">R\u00f3\u017ce El\u017cbiety Stusik ,Antolak Tadeusz, Stusik Jan<\/span><\/span><\/p>\n<p><span style=\"font-size: 18pt;\">Od <span style=\"color: #ff0000;\">10.15-11.30<\/span> od <span style=\"color: #ff0000;\">nr.41.80<\/span> i <span style=\"color: #00ff00;\">R\u00f3\u017ce Izdebska Helena,Helena Nawrocka,Stanis\u0142aw Kraus<\/span><\/span><\/p>\n<p><span style=\"font-size: 18pt;\">Dalszy ci\u0105g adoracji od godz.<span style=\"color: #ff0000;\">14.00 -15.15<\/span> od&nbsp; <span style=\"color: #ff0000;\">nr.81 -120<\/span> i <span style=\"color: #00ff00;\">R\u00f3\u017ce Helena Wr\u00f3bel ,&nbsp; ,W\u0142adys\u0142awa Gajda,Maria Siedlecka<\/span><\/span><\/p>\n<p><span style=\"font-size: 18pt;\">Adoracja od godz.<span style=\"color: #ff0000;\">15..15 \u2013 16.30&nbsp;<\/span> od <span style=\"color: #ff0000;\">nr.121 i \u015arednie W. do mostu<\/span> i <span style=\"color: #00ff00;\">R\u00f3\u017ce Tokarz Agata ,Swalarz Dorota ,Krystyna Str\u00f3\u017cak,<\/span><\/span><\/p>\n<p><span style=\"font-size: 18pt;\"><span style=\"color: #ff0000;\">Msza \u015aw.<\/span> na&nbsp; zako\u0144czenie Peregrynacji o godz<span style=\"color: #ff0000;\">.16.30<\/span><\/span><\/p>\n<p><span style=\"font-size: 18pt; color: #ff0000;\">\u015arednie W. Nawiedzenie obrazu Naj\u015bwi\u0119tszego Serca PJ<\/span><\/p>\n<p><span style=\"font-size: 18pt;\"><span style=\"color: #ff0000;\">&nbsp;O godz.12.00<\/span>&nbsp; przywitanie Obrazu Adoracja od godz<span style=\"color: #ff0000;\">.12.00 -12.30<\/span> Kalnica i Osiedle,<\/span><\/p>\n<p><span style=\"font-size: 18pt;\">O<span style=\"color: #ff0000;\">d 12.30-13.00 \u015arednie W. i Dworski R\u00f3\u017ce R\u00f3\u017ca\u0144cowe<\/span><\/span><\/p>\n<p>&nbsp;<\/p>\n<p><span style=\"font-size: 18pt; color: #ff0000;\">Adoracja R\u00f3\u017ce R\u00f3\u017ca\u0144cowe<\/span><\/p>\n<p><span style=\"font-size: 18pt;\"><span style=\"color: #ff0000;\">12.00- 12.30&nbsp;<\/span> Siostry r\u00f3\u017ca\u0144cowe z <span style=\"color: #00ff00;\">r\u00f3\u017cy Barbary Jankowskiej, I R\u00f3\u017ca Marka Kusiaka<\/span><\/span><\/p>\n<p><span style=\"font-size: 18pt;\"><span style=\"color: #ff0000;\">12.30 \u2013 13.00<\/span> <span style=\"color: #00ff00;\">R\u00f3\u017ca Stanis\u0142awy Kraus<\/span><\/span><\/p>\n<p>&nbsp;<\/p>\n<p>&nbsp;<\/p>\n<p>&nbsp;<\/p>\n<p style=\"text-align: center;\"><span style=\"color: #ff0000;\"><strong>&nbsp;&nbsp; REKOLEKCJE&nbsp; PARAFIALNE<\/strong><\/span><\/p>\n<p style=\"text-align: center;\"><span style=\"color: #ff0000;\"><strong>16&nbsp; \u2013&nbsp; 18. 02. 2024 r.<\/strong><\/span><\/p>\n<p style=\"text-align: center;\"><span style=\"color: #ff0000;\"><strong>&nbsp;<\/strong><strong>PI\u0104TEK<\/strong><\/span><\/p>\n<p><strong><span style=\"color: #ff0000;\">GODZ.16.00 <u>\u015aREDNIE &nbsp;W<\/u>.<\/span> \u2013 <\/strong>DROGA KRZY\u017bOWA I MSZA \u015aW.&nbsp; Z&nbsp; NAUK\u0104 OG\u00d3LN\u0104<\/p>\n<p><strong>DLA PARAFIAN I RODZIN<\/strong><\/p>\n<p><span style=\"color: #ff0000;\"><strong>GODZ.18.00<\/strong>&nbsp;&nbsp;&nbsp;&nbsp;&nbsp; <strong>&nbsp;<u>\u0141UKOWE<\/u><\/strong> &nbsp;&nbsp;\u2013<\/span>&nbsp; &nbsp;DROGA KRZY\u017bOWA<strong>&nbsp; I <\/strong>MSZA \u015aW. Z&nbsp; NAUK\u0104<\/p>\n<p>OG\u00d3LN\u0104 <strong>DLA PARAFIAN I RODZIN<\/strong><\/p>\n<p style=\"text-align: center;\"><span style=\"color: #ff0000;\"><strong>&nbsp; SOBOTA<\/strong><\/span><\/p>\n<p><strong><span style=\"color: #ff0000;\">GODZ. 9.00&nbsp;&nbsp; <u>\u0141UKOWE<\/u> <\/span>&nbsp;&nbsp;\u2013 &nbsp;MSZA \u015aW.Z NAUK\u0104 OG\u00d3LN\u0104 DLA CHORYCH.<\/strong><\/p>\n<p><span style=\"color: #ff0000;\"><strong>\u0141UKOWE &#8211; SPOWIED\u0179 10 .00 \u2013 12.00<\/strong><\/span><\/p>\n<p><span style=\"color: #ff0000;\"><strong><u>\u015aREDNIE W<\/u><\/strong>.-<\/span><strong><span style=\"color: #ff0000;\"> GODZ. 15.00 \u2013 16.00<\/span>&nbsp; &nbsp;SPOWIED\u0179 O <u>GODZ.16.00<\/u><\/strong> MSZA \u015aW Z<\/p>\n<p>NAUK\u0104 OG\u00d3LN\u0104&nbsp;<strong>DLA PARAFIAN<\/strong>&nbsp;&nbsp;&nbsp;I&nbsp;&nbsp;<strong>RODZIN<\/strong><\/p>\n<p><span style=\"color: #ff0000;\"><strong>GODZ. 18.00<\/strong>&nbsp;&nbsp;&nbsp; <strong><u>\u0141UKOWE<\/u><\/strong> <\/span>&nbsp;\u2013&nbsp;&nbsp;&nbsp; MSZA \u015aW.Z NAUK\u0104 OG\u00d3LN\u0104 <strong>DLA PARAFIAN I RODZIN<\/strong><\/p>\n<p><strong>&nbsp;<\/strong><\/p>\n<p style=\"text-align: center;\"><span style=\"color: #ff0000;\"><strong>NIEDZIELA<\/strong><\/span><\/p>\n<p><span style=\"color: #ff0000;\"><strong>GODZ. 7.30&nbsp;&nbsp;&nbsp;&nbsp;&nbsp;&nbsp; <u>\u0141UKOWE<\/u><\/strong>\u2013&nbsp;<\/span> MSZA \u015aW.Z NAUK\u0104 OG\u00d3LN\u0104<strong> DLA PARAFIAN I RODZIN<\/strong><\/p>\n<p><span style=\"color: #ff0000;\"><strong>GODZ. 9.10<\/strong>&nbsp;&nbsp;&nbsp;<\/span>&nbsp;&nbsp;&nbsp; <strong><u>\u015aREDNIE W.<\/u><\/strong> \u2013 GORZKIE \u017bALE <span style=\"color: #ff0000;\">, O GODZ.9.30 <\/span><strong>MSZA \u015aW,<\/strong><\/p>\n<p><strong>Z&nbsp; NAUK\u0104 OG\u00d3LN\u0104<\/strong> <strong>&nbsp;DLA<\/strong> &nbsp;<strong>PARAFIAN &nbsp;I&nbsp; RODZIN<\/strong><\/p>\n<p><span style=\"color: #ff0000;\"><strong>GODZ. 11.00<\/strong> &nbsp;&nbsp;&nbsp;&nbsp; <strong><u>\u0141UKOWE<\/u><\/strong> \u2013<\/span>&nbsp;&nbsp; MSZA \u015aW.<strong> Z KAZANIEM PASYJNYM DLA<\/strong><\/p>\n<p><strong>PARAFIAN , RODZIN<\/strong>&nbsp;<strong> I GORZKIE \u017bALE. ZAKO\u0143CZENIE&nbsp; REKOLEKCJI.<\/strong><\/p>\n<p>&nbsp;<\/p>\n<p>&nbsp;<\/p>\n<p>&nbsp;<\/p>\n<p>&nbsp;<\/p>\n<p>&nbsp;&nbsp;&nbsp;&nbsp;&nbsp;&nbsp;&nbsp;&nbsp;&nbsp;&nbsp;&nbsp;&nbsp;&nbsp;&nbsp;&nbsp;&nbsp;&nbsp;&nbsp;&nbsp;&nbsp;&nbsp;&nbsp;&nbsp;&nbsp;&nbsp;&nbsp;&nbsp;&nbsp;&nbsp;&nbsp;&nbsp;&nbsp;&nbsp;&nbsp;&nbsp;&nbsp;&nbsp;&nbsp;&nbsp;&nbsp;&nbsp;&nbsp;&nbsp;&nbsp;&nbsp;&nbsp;&nbsp;&nbsp;&nbsp;&nbsp;&nbsp;&nbsp;&nbsp;&nbsp;&nbsp;&nbsp;&nbsp;&nbsp;&nbsp;&nbsp;&nbsp;&nbsp;<span style=\"color: #ff0000;\">&nbsp; 26 Niedziela&nbsp; 01.10. 2023r.&nbsp;&nbsp;&nbsp;&nbsp;&nbsp;&nbsp;<\/span>&nbsp;&nbsp;&nbsp;&nbsp;&nbsp;&nbsp;&nbsp;&nbsp;&nbsp;&nbsp;&nbsp;&nbsp;&nbsp;&nbsp;&nbsp;&nbsp;&nbsp;&nbsp;&nbsp;&nbsp;&nbsp;&nbsp;&nbsp;&nbsp;&nbsp;&nbsp;&nbsp;&nbsp;&nbsp;&nbsp;&nbsp;&nbsp;&nbsp;&nbsp;&nbsp;&nbsp;&nbsp;&nbsp;&nbsp;&nbsp;&nbsp;&nbsp;&nbsp;&nbsp;&nbsp;&nbsp;&nbsp;&nbsp;&nbsp;&nbsp;&nbsp;&nbsp;&nbsp;&nbsp;&nbsp;&nbsp;&nbsp;&nbsp;&nbsp;&nbsp;&nbsp;&nbsp;&nbsp;&nbsp;&nbsp;&nbsp;&nbsp;&nbsp;&nbsp;&nbsp;&nbsp;&nbsp;&nbsp;&nbsp;&nbsp;&nbsp;&nbsp;&nbsp;&nbsp;&nbsp;&nbsp;&nbsp;&nbsp;&nbsp;&nbsp;&nbsp;&nbsp;&nbsp;&nbsp;&nbsp;&nbsp;&nbsp;&nbsp; 1. Dzi\u015b Odpust MB R\u00f3\u017ca\u0144cowej w \u015arednim Wielkim <span style=\"color: #ff0000;\">o godz.11.00,<\/span>&nbsp; pod przewodnictwem &nbsp;&nbsp;<strong>ks. Bo\u017cydara<\/strong> &nbsp; wikariusza z&nbsp;&nbsp; Sanoka z parafii NSPJ<strong> ,Msze \u015aw. w \u0141ukowem g.7.30. 9.30 <\/strong>Taca przeznaczona na WSD&nbsp;&nbsp;&nbsp;&nbsp;&nbsp;&nbsp;&nbsp;&nbsp;&nbsp;&nbsp;&nbsp;&nbsp;&nbsp;&nbsp;&nbsp;&nbsp;&nbsp;&nbsp;&nbsp;&nbsp;&nbsp;&nbsp;&nbsp;&nbsp;&nbsp;&nbsp;&nbsp;&nbsp;&nbsp;&nbsp;&nbsp;&nbsp;&nbsp;&nbsp;&nbsp;&nbsp;&nbsp;&nbsp;&nbsp;&nbsp;&nbsp;&nbsp;&nbsp;&nbsp;&nbsp;&nbsp;&nbsp;&nbsp;&nbsp;&nbsp;&nbsp;&nbsp;&nbsp;&nbsp;&nbsp;&nbsp;&nbsp;&nbsp;&nbsp;&nbsp;&nbsp;&nbsp;&nbsp;&nbsp;&nbsp;&nbsp;&nbsp;&nbsp;&nbsp;&nbsp;&nbsp;&nbsp;&nbsp;&nbsp;&nbsp;&nbsp;&nbsp;&nbsp;&nbsp;&nbsp;&nbsp;&nbsp;&nbsp;&nbsp;&nbsp;&nbsp;&nbsp;&nbsp;&nbsp;&nbsp;&nbsp;&nbsp;&nbsp;&nbsp;&nbsp;&nbsp;&nbsp;&nbsp;&nbsp;&nbsp;&nbsp;&nbsp;&nbsp;&nbsp;&nbsp;&nbsp;&nbsp;&nbsp;&nbsp;&nbsp;&nbsp;&nbsp;&nbsp;&nbsp;&nbsp;&nbsp;&nbsp;&nbsp;&nbsp;&nbsp;&nbsp;&nbsp;&nbsp;&nbsp;&nbsp;&nbsp;&nbsp;&nbsp;&nbsp;&nbsp;&nbsp;&nbsp;&nbsp;&nbsp;&nbsp;&nbsp;&nbsp;&nbsp;&nbsp;&nbsp;&nbsp;&nbsp;&nbsp;&nbsp;&nbsp;&nbsp;&nbsp;&nbsp;&nbsp;&nbsp;<\/p>\n<p>2.Trwa miesi\u0105c pa\u017adziernik. Msze \u015bw.o godz.17.00 i r\u00f3\u017caniec. Zapraszam dzieci , m\u0142odzie\u017c, parafian. Dzieci niech przynosz\u0105 serduszka z zapisem \u017ce tego dnia zrobi\u0142em dobry uczynek i wrzucaj\u0105 do koszyka, przed o\u0142tarzem b\u0119dzie wystawiony koszyk. B\u0119dziemy losowa\u0107 fig.MB. Za tydzie\u0144 w niedziel\u0119 r\u00f3\u017caniec godz.11.00<strong>&nbsp;&nbsp;&nbsp;&nbsp;&nbsp;&nbsp;&nbsp;&nbsp;&nbsp;&nbsp;&nbsp;&nbsp;&nbsp;&nbsp;&nbsp;&nbsp;&nbsp;&nbsp;&nbsp;&nbsp;&nbsp;&nbsp;&nbsp;&nbsp;&nbsp;&nbsp;&nbsp;&nbsp; &nbsp;&nbsp;&nbsp;&nbsp;&nbsp;&nbsp;&nbsp;&nbsp;&nbsp;&nbsp;&nbsp;&nbsp;&nbsp;&nbsp;&nbsp;&nbsp;&nbsp;&nbsp;&nbsp;&nbsp;&nbsp;&nbsp;&nbsp;&nbsp;&nbsp;&nbsp;&nbsp;&nbsp;&nbsp;&nbsp;&nbsp;&nbsp;&nbsp;&nbsp;&nbsp;&nbsp;&nbsp;&nbsp;&nbsp;&nbsp;&nbsp;&nbsp;&nbsp;&nbsp;&nbsp;&nbsp;&nbsp;&nbsp;&nbsp;&nbsp;&nbsp;&nbsp;&nbsp;&nbsp;&nbsp;&nbsp;&nbsp;&nbsp;&nbsp;&nbsp;&nbsp;&nbsp;&nbsp;&nbsp;&nbsp;&nbsp;&nbsp;&nbsp;&nbsp;&nbsp;&nbsp;&nbsp;&nbsp;&nbsp;&nbsp;&nbsp;&nbsp;&nbsp;&nbsp;&nbsp;&nbsp;&nbsp;&nbsp;&nbsp;&nbsp;&nbsp;&nbsp;&nbsp;&nbsp;&nbsp;&nbsp;&nbsp;&nbsp;&nbsp;&nbsp;&nbsp;&nbsp;&nbsp;&nbsp;&nbsp;&nbsp;&nbsp;&nbsp;&nbsp;&nbsp;&nbsp;&nbsp;&nbsp;&nbsp;&nbsp;&nbsp;&nbsp;&nbsp;&nbsp;&nbsp;&nbsp;&nbsp;&nbsp;&nbsp;&nbsp;&nbsp;&nbsp;&nbsp;&nbsp;&nbsp;&nbsp;&nbsp;&nbsp;&nbsp;&nbsp;&nbsp;&nbsp;&nbsp;&nbsp;&nbsp;&nbsp;&nbsp;&nbsp;&nbsp;<\/strong><\/p>\n<p>3. W tym tyg. przypada 1Cz.1 P. 1S.miesi\u0105ca&nbsp;&nbsp;&nbsp;&nbsp;&nbsp;&nbsp;&nbsp;&nbsp;&nbsp;&nbsp;&nbsp;&nbsp;&nbsp;&nbsp;&nbsp;&nbsp;&nbsp;&nbsp;&nbsp;&nbsp;&nbsp;&nbsp;&nbsp;&nbsp;&nbsp;&nbsp;&nbsp;&nbsp;&nbsp;&nbsp;&nbsp;&nbsp;&nbsp;&nbsp;&nbsp;&nbsp;&nbsp;&nbsp;&nbsp;&nbsp;&nbsp;&nbsp;&nbsp;&nbsp;&nbsp;&nbsp;&nbsp;&nbsp;&nbsp;&nbsp;&nbsp;&nbsp;&nbsp;&nbsp;&nbsp;&nbsp;&nbsp;&nbsp;&nbsp;&nbsp;&nbsp;&nbsp;&nbsp;&nbsp;&nbsp;&nbsp;&nbsp;&nbsp;&nbsp;&nbsp;&nbsp;&nbsp;&nbsp; &nbsp;&nbsp;&nbsp;&nbsp;&nbsp;&nbsp;&nbsp;&nbsp;&nbsp;&nbsp;&nbsp;&nbsp;&nbsp;&nbsp;&nbsp;&nbsp;&nbsp;&nbsp;&nbsp;&nbsp;&nbsp;&nbsp;&nbsp;&nbsp;&nbsp;&nbsp;&nbsp;&nbsp;&nbsp;&nbsp;&nbsp;&nbsp;&nbsp;&nbsp;&nbsp;&nbsp;&nbsp;&nbsp;&nbsp;&nbsp;&nbsp;&nbsp;&nbsp;&nbsp;&nbsp;&nbsp;&nbsp;&nbsp;&nbsp;&nbsp;&nbsp;&nbsp;&nbsp;&nbsp;&nbsp;&nbsp;&nbsp;&nbsp;&nbsp;&nbsp;&nbsp;&nbsp;&nbsp;&nbsp;&nbsp;&nbsp;&nbsp;&nbsp;&nbsp;&nbsp;&nbsp;&nbsp;&nbsp;&nbsp;&nbsp;&nbsp;&nbsp;&nbsp;&nbsp;&nbsp;&nbsp;&nbsp;&nbsp;&nbsp;&nbsp;&nbsp;&nbsp;&nbsp;<\/p>\n<p>4.Sprz\u0105tanie ko\u015bcio\u0142a&nbsp;&nbsp;&nbsp;&nbsp;&nbsp;&nbsp;&nbsp;&nbsp;&nbsp;&nbsp;&nbsp;&nbsp;&nbsp;&nbsp;&nbsp;&nbsp;&nbsp;&nbsp;&nbsp;&nbsp;&nbsp;&nbsp;&nbsp;&nbsp;&nbsp;&nbsp;&nbsp;&nbsp;&nbsp;&nbsp;&nbsp;&nbsp;&nbsp;&nbsp;&nbsp;&nbsp;&nbsp;&nbsp;&nbsp;&nbsp;&nbsp;&nbsp;&nbsp;&nbsp;&nbsp;&nbsp;&nbsp;&nbsp;&nbsp;&nbsp;&nbsp;&nbsp;&nbsp;&nbsp;&nbsp;&nbsp;&nbsp;&nbsp;&nbsp;&nbsp;&nbsp;&nbsp;&nbsp;&nbsp;&nbsp;&nbsp;&nbsp;&nbsp;&nbsp;&nbsp;&nbsp;&nbsp;&nbsp;&nbsp;&nbsp;&nbsp;&nbsp;&nbsp;&nbsp;&nbsp;&nbsp;&nbsp;&nbsp;&nbsp;&nbsp;&nbsp;&nbsp;&nbsp;&nbsp;&nbsp;&nbsp;&nbsp;&nbsp;&nbsp;&nbsp;&nbsp;&nbsp;&nbsp;&nbsp;&nbsp;&nbsp;&nbsp;&nbsp;&nbsp;&nbsp;&nbsp;&nbsp;&nbsp;<\/p>\n<p><strong>\u0141ukowe <\/strong><em>:<\/em> <strong>&nbsp;&nbsp;<\/strong>Zarzyczna Stanis\u0142awa,Bochnak Iwona,Kabala Bo\u017cena<\/p>\n<p><strong><em>\u015arednie Wielkie<\/em><\/strong><em> :<\/em> Stach Barbara,Kurek Barbara<\/p>\n<p>6.Intencje Mszalne&nbsp;&nbsp;&nbsp;&nbsp;&nbsp;&nbsp;&nbsp;&nbsp;&nbsp;&nbsp;&nbsp;&nbsp;&nbsp;&nbsp;&nbsp;&nbsp;&nbsp;&nbsp;&nbsp;&nbsp;&nbsp;&nbsp;&nbsp;&nbsp;&nbsp;&nbsp;&nbsp;&nbsp;&nbsp;&nbsp;&nbsp;&nbsp;&nbsp;&nbsp;&nbsp;&nbsp;&nbsp;&nbsp;&nbsp;&nbsp;&nbsp;&nbsp;&nbsp;&nbsp;&nbsp;&nbsp;&nbsp;&nbsp;&nbsp;&nbsp;&nbsp;&nbsp;&nbsp;&nbsp;&nbsp;&nbsp;&nbsp;&nbsp;&nbsp;&nbsp;&nbsp;&nbsp;&nbsp;&nbsp;&nbsp;&nbsp;&nbsp;&nbsp;&nbsp;&nbsp;&nbsp;&nbsp;&nbsp;&nbsp;&nbsp;&nbsp;&nbsp;&nbsp;&nbsp;&nbsp;&nbsp;&nbsp;&nbsp;&nbsp;&nbsp;&nbsp;&nbsp;&nbsp;&nbsp;&nbsp;&nbsp;&nbsp;&nbsp;&nbsp;&nbsp;&nbsp;&nbsp;&nbsp;&nbsp;&nbsp;&nbsp;&nbsp;&nbsp;&nbsp;&nbsp;&nbsp;&nbsp;&nbsp;&nbsp;&nbsp;&nbsp;&nbsp;&nbsp;&nbsp;&nbsp;&nbsp;&nbsp;&nbsp;&nbsp;&nbsp;&nbsp;&nbsp;&nbsp;&nbsp;&nbsp;&nbsp;&nbsp;&nbsp;&nbsp;&nbsp;&nbsp;&nbsp;&nbsp;&nbsp;&nbsp;&nbsp;<\/p>\n<p>Pon. 17.00 + J\u00f3zef Puzio int. od \u017cony i dzieci<\/p>\n<p>Wt.17.00 Za&nbsp; Dusze w czyj\u015bcu cierpi\u0105ce<\/p>\n<p>\u015aroda.17.00 O zdrowie Bo\u017ce b\u0142. i opiek\u0119 MB dla&nbsp; Renaty Lis<\/p>\n<p>Czw.17.00 + Stanis\u0142aw Szlaga&nbsp; 2 rocznica \u015bmierci int. od \u017cony<\/p>\n<p>Czw.18.15.+ Helena i Franciszka Galica<\/p>\n<p>Pi\u0105.17.00 + Kamila i Franciszek Siedleccy<\/p>\n<p>Sob.17.00 Z r\u00f3\u017cy El\u017cbiety Stusik o zdrowie Bo\u017ce b\u0142. i opiek\u0119 MB R\u00f3\u017ca\u0144cowej dla si\u00f3str<\/p>\n<p>N.7.30 + Szczepan i Karolina w kolejn\u0105 rocz. \u015bmierci<\/p>\n<p>9.30 + W\u0142adys\u0142aw i Ewa Kurek int. od rodziny<\/p>\n<p>11.00&nbsp; Za parafian<\/p>\n<p>&nbsp;<\/p>\n<p>&nbsp;&nbsp;&nbsp;&nbsp;&nbsp;&nbsp;&nbsp;&nbsp;&nbsp;&nbsp;&nbsp;&nbsp;&nbsp;&nbsp;&nbsp;&nbsp;&nbsp;&nbsp; &nbsp;&nbsp;&nbsp;&nbsp;&nbsp;&nbsp;&nbsp;&nbsp;&nbsp;&nbsp;&nbsp;&nbsp;&nbsp;&nbsp;&nbsp;&nbsp;&nbsp;&nbsp;&nbsp;&nbsp;&nbsp;&nbsp;&nbsp;&nbsp;&nbsp;&nbsp;&nbsp;&nbsp;&nbsp;&nbsp;&nbsp;<span style=\"color: #ff0000;\">25 Niedziela &nbsp;18. 09. 2022r.&nbsp;&nbsp;&nbsp;&nbsp;<\/span>&nbsp;&nbsp;&nbsp;&nbsp;&nbsp;&nbsp;&nbsp;&nbsp;&nbsp;&nbsp;&nbsp;&nbsp;&nbsp;&nbsp;&nbsp;&nbsp;&nbsp;&nbsp;&nbsp;&nbsp;&nbsp;&nbsp;&nbsp;&nbsp;&nbsp;&nbsp;&nbsp;&nbsp;&nbsp;&nbsp;&nbsp;&nbsp;&nbsp;&nbsp;&nbsp;&nbsp;&nbsp;&nbsp;&nbsp;&nbsp;&nbsp;&nbsp;&nbsp;&nbsp;&nbsp;&nbsp;&nbsp;&nbsp;&nbsp;&nbsp;&nbsp;&nbsp;&nbsp;&nbsp;&nbsp;&nbsp;&nbsp;&nbsp;&nbsp;&nbsp;&nbsp;&nbsp;&nbsp;&nbsp;&nbsp;&nbsp;&nbsp;&nbsp;&nbsp;&nbsp;&nbsp;&nbsp;&nbsp;&nbsp;&nbsp;&nbsp;&nbsp;&nbsp;&nbsp;&nbsp;&nbsp;&nbsp;&nbsp;&nbsp;&nbsp;&nbsp;&nbsp;&nbsp;&nbsp;&nbsp;&nbsp;&nbsp;&nbsp;&nbsp;&nbsp; 1.Msze \u015awi\u0119te w ko\u015bciele parafialnym w Pon.Wt.\u015ar.i .godz,18.00 Czw. Pi\u0105 i Sob.7.00<\/p>\n<ol start=\"2\">\n<li>W Czwartek Wsp.\u015aw.Wac\u0142awa,w Pi\u0105tek Wsp.Archanio\u0142\u00f3w Micha\u0142a,Gabriela,i Rafa\u0142a<\/li>\n<li>Sprz\u0105tanie ko\u015bcio\u0142a &nbsp;&nbsp;&nbsp;&nbsp;&nbsp;&nbsp;&nbsp;&nbsp;&nbsp;&nbsp;&nbsp;&nbsp;&nbsp;&nbsp;&nbsp;&nbsp;&nbsp;&nbsp;&nbsp;&nbsp;&nbsp;&nbsp;&nbsp;&nbsp;&nbsp;&nbsp;&nbsp;&nbsp;&nbsp;&nbsp;&nbsp;&nbsp;&nbsp;&nbsp;&nbsp;&nbsp;&nbsp;&nbsp;&nbsp;&nbsp;&nbsp;&nbsp;&nbsp;&nbsp;&nbsp;&nbsp;&nbsp;&nbsp;&nbsp;&nbsp;&nbsp;&nbsp;&nbsp;&nbsp;&nbsp;&nbsp;&nbsp;&nbsp;&nbsp;&nbsp;&nbsp;&nbsp;&nbsp;&nbsp;&nbsp;&nbsp;&nbsp;&nbsp;&nbsp;&nbsp;&nbsp;&nbsp;&nbsp;&nbsp;&nbsp;&nbsp;&nbsp;&nbsp;&nbsp;&nbsp;&nbsp;&nbsp;&nbsp;&nbsp;&nbsp;&nbsp;&nbsp;&nbsp;&nbsp;&nbsp;&nbsp;&nbsp;&nbsp;&nbsp;&nbsp;&nbsp;&nbsp;&nbsp;&nbsp;&nbsp;&nbsp;&nbsp;&nbsp;&nbsp;&nbsp;&nbsp;&nbsp;&nbsp;&nbsp;&nbsp;&nbsp;&nbsp;&nbsp;&nbsp;&nbsp;&nbsp;&nbsp;&nbsp;&nbsp;&nbsp;&nbsp;&nbsp;&nbsp;&nbsp;&nbsp;&nbsp;&nbsp;&nbsp;&nbsp;&nbsp;&nbsp;&nbsp;&nbsp;&nbsp;&nbsp;&nbsp;&nbsp;&nbsp;&nbsp;&nbsp;&nbsp;&nbsp;&nbsp;&nbsp;&nbsp;&nbsp;&nbsp;&nbsp;&nbsp;&nbsp;&nbsp;&nbsp;&nbsp;&nbsp;&nbsp;&nbsp;&nbsp;&nbsp;&nbsp;&nbsp;&nbsp;&nbsp;&nbsp;&nbsp;&nbsp;&nbsp;&nbsp;&nbsp;&nbsp;&nbsp;&nbsp;&nbsp;&nbsp;&nbsp;&nbsp;&nbsp;&nbsp;&nbsp;&nbsp;&nbsp;&nbsp;&nbsp;&nbsp;&nbsp;&nbsp;&nbsp;&nbsp;&nbsp;&nbsp;&nbsp;&nbsp;&nbsp;&nbsp;&nbsp;&nbsp;&nbsp;&nbsp;&nbsp;&nbsp;&nbsp;&nbsp;&nbsp;&nbsp;&nbsp;&nbsp;&nbsp;&nbsp;&nbsp;&nbsp;&nbsp;&nbsp;&nbsp;&nbsp;&nbsp;&nbsp;&nbsp; <strong>\u0141ukowe <\/strong>:Bi\u0142as Zofia, Bi\u0142as Karolina, Marcinik Ma\u0142gorzata<\/li>\n<\/ol>\n<p>&nbsp;<strong><em>\u015arednie Wielkie<\/em><\/strong>: Kopczyk Barbara,Stach Barbara<\/p>\n<p>3.Intencje Mszalne&nbsp;&nbsp;&nbsp;&nbsp;&nbsp;&nbsp;&nbsp;&nbsp;&nbsp;&nbsp;&nbsp;&nbsp;&nbsp;&nbsp;&nbsp;&nbsp;&nbsp;&nbsp;&nbsp;&nbsp;&nbsp;&nbsp;&nbsp;&nbsp;&nbsp;&nbsp;&nbsp;&nbsp;&nbsp;&nbsp;&nbsp;&nbsp;&nbsp;&nbsp;&nbsp;&nbsp;&nbsp;&nbsp;&nbsp;&nbsp;&nbsp;&nbsp;&nbsp;&nbsp;&nbsp;&nbsp;&nbsp;&nbsp;&nbsp;&nbsp;&nbsp;&nbsp;&nbsp;&nbsp;&nbsp;&nbsp;&nbsp;&nbsp;&nbsp;&nbsp;&nbsp;&nbsp;&nbsp;&nbsp;&nbsp;&nbsp;&nbsp;&nbsp;&nbsp;&nbsp;&nbsp;&nbsp;&nbsp;&nbsp;&nbsp;&nbsp;&nbsp;&nbsp;&nbsp;&nbsp;&nbsp;&nbsp;&nbsp;&nbsp;&nbsp;&nbsp;&nbsp;&nbsp;&nbsp;&nbsp;&nbsp;&nbsp;&nbsp; &nbsp;&nbsp;&nbsp;&nbsp;&nbsp;&nbsp;&nbsp;&nbsp;&nbsp;&nbsp;&nbsp;&nbsp;&nbsp;&nbsp;&nbsp;&nbsp;&nbsp;&nbsp;&nbsp;&nbsp;&nbsp;&nbsp;&nbsp;&nbsp;&nbsp;&nbsp;&nbsp;&nbsp;&nbsp;&nbsp;&nbsp;&nbsp;&nbsp;&nbsp;<\/p>\n<p>Pon.18.00&nbsp;&nbsp; &nbsp;+ Czes\u0142aw Armata int od u pogrzebu<\/p>\n<p>Wt.18.00 + Micha\u0142 i Janina Str\u00f3\u017cak<\/p>\n<p>\u015ar.18.00 +Zofia Milczanowska<\/p>\n<p>Czw.7.00 &nbsp;+ Piotr&nbsp; Stach int. od wujka Antoniego z rodzin\u0105<\/p>\n<p>Czw.18.00 + Janina Duplaga int. od u pogrzebu<\/p>\n<p>Pi\u0105.7.00 &nbsp;&nbsp;+ Roman Milczanowski<\/p>\n<p>Sob,7.00 + Helena Kabala int. od Piotra Jarosz &nbsp;z rodzin\u0105<\/p>\n<p>N.7.30 + Stanis\u0142aw Szlaga int. od Agnieszki Le\u015bniewskiej<\/p>\n<p>&nbsp;&nbsp;&nbsp; 9.30 + Janin\u0119 Furtak int. od Syna Kacpra z rodzin\u0105<\/p>\n<p>\u015arednie Wielkie<\/p>\n<p>&nbsp;&nbsp; 11.00 1.Za parafian<\/p>\n<p>&nbsp;&nbsp;&nbsp;&nbsp;&nbsp;&nbsp;&nbsp;&nbsp;&nbsp;&nbsp;&nbsp;&nbsp;&nbsp;&nbsp;&nbsp;&nbsp;&nbsp;&nbsp;&nbsp;&nbsp;&nbsp;&nbsp;&nbsp;&nbsp;&nbsp;&nbsp;&nbsp;&nbsp;&nbsp;&nbsp;&nbsp;&nbsp;&nbsp;&nbsp;&nbsp;&nbsp;&nbsp;&nbsp;&nbsp;&nbsp; &nbsp;&nbsp;&nbsp;&nbsp;&nbsp;&nbsp;&nbsp;23 N&nbsp; 10. 09. 2023r.&nbsp;&nbsp;&nbsp;&nbsp;&nbsp;&nbsp;&nbsp;&nbsp;&nbsp;&nbsp;&nbsp;&nbsp;&nbsp;&nbsp;&nbsp;&nbsp;&nbsp;&nbsp;&nbsp;&nbsp;&nbsp;&nbsp;&nbsp;&nbsp;&nbsp;&nbsp;&nbsp;&nbsp;&nbsp;&nbsp;&nbsp;&nbsp;&nbsp;&nbsp;&nbsp;&nbsp;&nbsp;&nbsp;&nbsp;&nbsp;&nbsp;&nbsp;&nbsp;&nbsp;&nbsp;&nbsp;&nbsp;&nbsp;&nbsp;&nbsp;&nbsp;&nbsp;&nbsp;&nbsp;&nbsp;&nbsp;&nbsp;&nbsp;&nbsp;&nbsp;&nbsp;&nbsp;&nbsp;&nbsp;&nbsp;&nbsp;&nbsp;&nbsp; &nbsp;&nbsp;&nbsp;&nbsp;&nbsp;&nbsp;&nbsp;&nbsp;&nbsp;&nbsp;&nbsp;&nbsp;&nbsp;&nbsp;&nbsp;&nbsp;&nbsp;&nbsp;&nbsp;&nbsp;&nbsp;&nbsp;&nbsp;&nbsp;&nbsp;&nbsp;&nbsp;&nbsp;<\/p>\n<p style=\"text-align: left;\">&nbsp;&nbsp; 1.Dzi\u015b nasza Archidiecezja prze\u017cywa wielk\u0105 Uroczysto\u015b\u0107 w Markowej &nbsp;&nbsp;&nbsp;&nbsp;&nbsp; Odb\u0119dzie&nbsp; si\u0119 Beatyfikacja&nbsp; <strong>S\u0142ug Bo\u017cych Wiktorii i J\u00f3zefa Ulma z dzie\u0107mi<\/strong>.Transmisja Mszy \u015aw w TV&nbsp; o godz.10.00&nbsp; &nbsp;&nbsp;&nbsp;&nbsp;&nbsp;&nbsp;&nbsp;&nbsp;&nbsp;&nbsp;&nbsp;&nbsp;&nbsp;&nbsp;&nbsp;&nbsp;&nbsp;&nbsp;&nbsp;&nbsp;&nbsp;&nbsp;&nbsp;&nbsp;&nbsp;&nbsp;&nbsp;&nbsp;&nbsp;&nbsp;<\/p>\n<p style=\"text-align: left;\"><strong>2.W \u015arod\u0119 13.09. Msza \u015aw.o godz.17.00<\/strong> <strong>i procesja na G\u00f3r\u0119 Mi\u0142osierdzia<\/strong>. Prosz\u0119 o wykoszenie trawy w zdurz drogi&nbsp; na G\u00f3r\u0119 Mi\u0142osierdzia i o piel\u0119gnacj\u0119 kapliczek.&nbsp;&nbsp;&nbsp;&nbsp;&nbsp;&nbsp;&nbsp;&nbsp;&nbsp;&nbsp;&nbsp;&nbsp;&nbsp;&nbsp;&nbsp;&nbsp;&nbsp;&nbsp;&nbsp;&nbsp; &nbsp;&nbsp;&nbsp;&nbsp;&nbsp;&nbsp;&nbsp;&nbsp;&nbsp;&nbsp;&nbsp;&nbsp;&nbsp;&nbsp;&nbsp;&nbsp;&nbsp;&nbsp;&nbsp;&nbsp;&nbsp;&nbsp;&nbsp;&nbsp;&nbsp;&nbsp;&nbsp;&nbsp;&nbsp;&nbsp;&nbsp;&nbsp;&nbsp;&nbsp;&nbsp;&nbsp;&nbsp;&nbsp;&nbsp;&nbsp;&nbsp;&nbsp;&nbsp;&nbsp;&nbsp;&nbsp;&nbsp;&nbsp;&nbsp;&nbsp;&nbsp;<\/p>\n<p style=\"text-align: left;\">3.W&nbsp; Czwartek \u015awi\u0119to Podwy\u017cszenia Krzy\u017ca \u015awi\u0119tego.Odpust w Czaszynie.Zaleca si\u0119&nbsp; w tym dniu procesj\u0119 do krzy\u017ca. My udamy si\u0119 do krzy\u017ca w<strong> \u015arod\u011913.09<\/strong> przy krzy\u017cu odm\u00f3wimy zalecane modlitwy na G\u00f3rze Mi\u0142osierdzia. Zapraszam &nbsp;&nbsp;&nbsp;&nbsp;&nbsp;&nbsp;&nbsp;&nbsp;&nbsp;&nbsp;&nbsp;&nbsp;&nbsp;&nbsp;&nbsp;&nbsp;&nbsp;&nbsp;&nbsp;&nbsp;&nbsp;&nbsp;&nbsp;&nbsp;&nbsp;<\/p>\n<p style=\"text-align: left;\">&nbsp;4.W tym tygodniu Kwartalne dni modlitw&nbsp; za dzieci , m\u0142odzie\u017c i wychowawc\u00f3w.&nbsp;<\/p>\n<p style=\"text-align: left;\">5.Spotkanie ministrant\u00f3w z rodzicami i kandydat\u00f3w w pi\u0105tek godz.18.00 &nbsp;&nbsp;&nbsp;&nbsp;&nbsp;&nbsp;&nbsp;&nbsp;&nbsp;&nbsp;&nbsp;&nbsp;&nbsp;&nbsp;&nbsp;&nbsp;&nbsp;&nbsp;&nbsp;&nbsp;&nbsp;&nbsp;&nbsp;&nbsp;&nbsp;&nbsp;&nbsp;<\/p>\n<p style=\"text-align: left;\">6. Spotkanie rodzic\u00f3w uczni\u00f3w komunijnych,&nbsp; kl.3 SP w niedziel\u0119 godz.11.00&nbsp; Ko\u015bci\u00f3\u0142 parafialny&nbsp;&nbsp;&nbsp;&nbsp;&nbsp;&nbsp;&nbsp;&nbsp;&nbsp;&nbsp;&nbsp;&nbsp;&nbsp;&nbsp;&nbsp;&nbsp;&nbsp;&nbsp;&nbsp;&nbsp;&nbsp;&nbsp;&nbsp;&nbsp;&nbsp;&nbsp;&nbsp;&nbsp;&nbsp;&nbsp;&nbsp;&nbsp;&nbsp;&nbsp;&nbsp;&nbsp;&nbsp;&nbsp;&nbsp;&nbsp;&nbsp;&nbsp;&nbsp;&nbsp;&nbsp;&nbsp;&nbsp;&nbsp;&nbsp;&nbsp;&nbsp;&nbsp;&nbsp;&nbsp;&nbsp;&nbsp;&nbsp;&nbsp;&nbsp;&nbsp;&nbsp;&nbsp;&nbsp;&nbsp;&nbsp;&nbsp;&nbsp;&nbsp;&nbsp;&nbsp;&nbsp;&nbsp;&nbsp;&nbsp;&nbsp;&nbsp;&nbsp;&nbsp;&nbsp;&nbsp;&nbsp;&nbsp;&nbsp;&nbsp; &nbsp;&nbsp;&nbsp;&nbsp;&nbsp;&nbsp;&nbsp;&nbsp;&nbsp;&nbsp;&nbsp;&nbsp;&nbsp;&nbsp;&nbsp;&nbsp;&nbsp;&nbsp;&nbsp;&nbsp;&nbsp;&nbsp;&nbsp;&nbsp;&nbsp;&nbsp;&nbsp;&nbsp;&nbsp;&nbsp;&nbsp;<\/p>\n<p style=\"text-align: left;\">7.Za tydzie\u0144 sk\u0142adka na Radio Fara.&nbsp;&nbsp;&nbsp;&nbsp;&nbsp;&nbsp;&nbsp;&nbsp;&nbsp;&nbsp;&nbsp;&nbsp;&nbsp;&nbsp;&nbsp;&nbsp;&nbsp;&nbsp;&nbsp; &nbsp;&nbsp;&nbsp;&nbsp;&nbsp;&nbsp;&nbsp;&nbsp;&nbsp;&nbsp;&nbsp;&nbsp;&nbsp;&nbsp;&nbsp;&nbsp;&nbsp;&nbsp;&nbsp;&nbsp;&nbsp;&nbsp;&nbsp;&nbsp;&nbsp;&nbsp;&nbsp;&nbsp;&nbsp;&nbsp;&nbsp;&nbsp;&nbsp;&nbsp;&nbsp;&nbsp;&nbsp;&nbsp;&nbsp;&nbsp;&nbsp;&nbsp;&nbsp;&nbsp;&nbsp;&nbsp; &nbsp;&nbsp;&nbsp;&nbsp;&nbsp;&nbsp;&nbsp;&nbsp;&nbsp;&nbsp;&nbsp;&nbsp;&nbsp;&nbsp;&nbsp;&nbsp;&nbsp;&nbsp;&nbsp;&nbsp;&nbsp;&nbsp;&nbsp;&nbsp;&nbsp;&nbsp;&nbsp;&nbsp;&nbsp;&nbsp;&nbsp;<\/p>\n<p style=\"text-align: left;\">8.Sprz\u0105tanie ko\u015bcio\u0142a&nbsp;&nbsp;&nbsp;&nbsp;&nbsp;&nbsp;&nbsp;&nbsp;&nbsp;&nbsp;&nbsp;&nbsp;&nbsp;&nbsp;&nbsp;&nbsp;&nbsp;&nbsp;&nbsp;&nbsp;&nbsp;&nbsp;&nbsp;&nbsp;&nbsp;&nbsp;&nbsp;&nbsp;&nbsp;&nbsp;&nbsp;&nbsp;&nbsp;&nbsp;&nbsp;&nbsp;&nbsp;&nbsp;&nbsp;&nbsp;&nbsp;&nbsp;&nbsp;&nbsp;&nbsp;&nbsp;&nbsp;&nbsp;&nbsp;&nbsp;&nbsp;&nbsp;&nbsp;&nbsp;&nbsp;&nbsp;&nbsp;&nbsp;&nbsp;&nbsp;&nbsp;&nbsp;&nbsp;&nbsp;&nbsp;&nbsp;&nbsp;&nbsp;&nbsp;&nbsp;&nbsp;&nbsp;&nbsp;&nbsp;&nbsp;&nbsp;&nbsp;&nbsp;&nbsp;&nbsp;&nbsp;&nbsp;&nbsp;&nbsp;&nbsp;&nbsp;&nbsp;&nbsp;&nbsp;&nbsp;&nbsp;&nbsp;&nbsp;&nbsp; &nbsp;&nbsp;&nbsp;&nbsp;&nbsp;&nbsp;&nbsp;&nbsp;&nbsp;&nbsp;&nbsp;&nbsp;&nbsp;&nbsp;&nbsp;&nbsp;&nbsp;<\/p>\n<p style=\"text-align: left;\">&nbsp;<strong>\u0141ukowe : <\/strong>Kluska Bo\u017cena,Os\u0119kowska Anna,G\u00f3ra Zofia&nbsp;&nbsp;&nbsp;&nbsp;&nbsp;&nbsp;&nbsp;&nbsp;&nbsp;&nbsp;&nbsp;&nbsp;&nbsp;&nbsp;&nbsp;&nbsp;&nbsp;&nbsp;&nbsp;&nbsp;&nbsp;&nbsp;&nbsp;&nbsp;&nbsp;&nbsp;&nbsp;&nbsp;&nbsp;&nbsp;<\/p>\n<p style=\"text-align: left;\"><strong>\u015arednie Wielkie.:<\/strong>Piekutowska Gra\u017cyna,Sidorska Kamila<\/p>\n<p><strong>9.Intencje Mszalne.<\/strong><\/p>\n<p>Pon.7.00 + Piotr Stach int. od kuzyna Stanis\u0142awa<\/p>\n<p>Wt.18.00 + Janina Furtak int. od rodziny Stach z Olchowej&nbsp;<\/p>\n<p><strong>\u015ar.17.00<\/strong> &nbsp;+Helena Kabala&nbsp; int.od Ryszarda Jarosz z rodzin\u0105<\/p>\n<p>Czw.7.00 +Maria Wojtal int z r\u00f3\u017cy Heleny Izdebskiej<\/p>\n<p><strong>Czw.18.00&nbsp; \u015arednie Wielkie<\/strong> + Janina&nbsp; Duplaga int. od rodziny Szajnowskich &nbsp;&nbsp;&nbsp;&nbsp;&nbsp;&nbsp;&nbsp;&nbsp;&nbsp;&nbsp;&nbsp;&nbsp;&nbsp;&nbsp;&nbsp;&nbsp;&nbsp;&nbsp;z Pora\u017ca<\/p>\n<p>Pi\u0105.18.00 Z r\u00f3\u017cy W\u0142adys\u0142awy Gajda o zdr. Bo\u017ce b\u0142. i opiek\u0119 MB i za zmar\u0142e siostry o rado\u015b\u0107 \u017cycia wiecznego.<\/p>\n<p>Sob.7.00 +Stanis\u0142aw Szlaga int. od wnuczki Marzeny Szlaga z m\u0119\u017cem<\/p>\n<p>N.7.30&nbsp; +Julian Walko +Nestor Izdebski<\/p>\n<p>9.30 + Katarzyna, J\u00f3zef, Tadeusz Kusiak<\/p>\n<p>11.00&nbsp; &nbsp;Za parafian<\/p>\n<p>&nbsp;<\/p>\n<p>&nbsp;<\/p>\n<p>&nbsp;&nbsp;&nbsp;&nbsp;&nbsp;&nbsp;&nbsp;&nbsp;&nbsp;&nbsp;&nbsp;&nbsp;&nbsp;&nbsp;&nbsp;&nbsp;&nbsp;&nbsp;&nbsp;&nbsp; &nbsp;&nbsp;&nbsp;&nbsp;&nbsp;&nbsp;&nbsp;&nbsp;&nbsp;&nbsp;&nbsp;&nbsp;&nbsp;&nbsp;&nbsp;&nbsp;&nbsp;&nbsp;&nbsp; &nbsp; <span style=\"color: #ff0000;\">&nbsp; &nbsp; &nbsp; &nbsp;&nbsp;&nbsp;&nbsp;&nbsp;&nbsp;&nbsp;&nbsp;&nbsp;&nbsp;&nbsp;&nbsp; 22 Niedziela 03.09. 2023r.&nbsp;&nbsp;&nbsp;&nbsp;&nbsp;&nbsp;&nbsp;<\/span>&nbsp;&nbsp;&nbsp;&nbsp;&nbsp;&nbsp;&nbsp;&nbsp;&nbsp;&nbsp;&nbsp;&nbsp;&nbsp;&nbsp;&nbsp;&nbsp;&nbsp;&nbsp;&nbsp;&nbsp;&nbsp;&nbsp;&nbsp;&nbsp;&nbsp;&nbsp;&nbsp;&nbsp;&nbsp;&nbsp;&nbsp;&nbsp;&nbsp;&nbsp;&nbsp;&nbsp;&nbsp;&nbsp;&nbsp;&nbsp;&nbsp;&nbsp;&nbsp;&nbsp;&nbsp;&nbsp;&nbsp;&nbsp;&nbsp;&nbsp;&nbsp;&nbsp;&nbsp;&nbsp;&nbsp;&nbsp;&nbsp;&nbsp;&nbsp;&nbsp;&nbsp;&nbsp;&nbsp;&nbsp;&nbsp;&nbsp;&nbsp;&nbsp;&nbsp;&nbsp;&nbsp;&nbsp;&nbsp;&nbsp;&nbsp;&nbsp;&nbsp;&nbsp;&nbsp;&nbsp;&nbsp;&nbsp;&nbsp;&nbsp;&nbsp;&nbsp;&nbsp;&nbsp;&nbsp;&nbsp;&nbsp;&nbsp;<\/p>\n<p>1. Msze \u015bw.w Po\u0144.,\u015ar.Pi\u0105 o godzinie18.00 w Wt Czw. Sob o godzinie 7.00 \u015arednim Wielkim w Czw. o godz18. 00<\/p>\n<p>2.W Pon 01.09.2023r.Rozpocz\u0119cie Nowego Roku Szkolnego. Msza \u015awi\u0119ta o godzinie 8.00 po Mszy \u015awi\u0119tej udajemy si\u0119 do szko\u0142y. Spowied\u017a dla uczni\u00f3w ,kto jeszcze nie skorzysta\u0142 przez ca\u0142y tydzie\u0144 przed Msz\u0105 \u015bw. Kursy autobusu 7.15 z Kalnicy,10.30 z \u0141ukowego.<\/p>\n<p>3.W tym tyg. Cz.1 miesi\u0105ca<\/p>\n<p>4.W pi\u0105tek \u015awi\u0119to Narodzenia NMP&nbsp; &#8211; po\u015bwi\u0119cenie ziarna na zasiew.Modlimy si\u0119 za rolnik\u00f3w.<\/p>\n<p>&nbsp;5.Sprz\u0105tanie ko\u015bcio\u0142a&nbsp;&nbsp;&nbsp;&nbsp;&nbsp;&nbsp;&nbsp;&nbsp;&nbsp;&nbsp;&nbsp;&nbsp;&nbsp;&nbsp;&nbsp;&nbsp;&nbsp;&nbsp;&nbsp;&nbsp;&nbsp;&nbsp;&nbsp;&nbsp;&nbsp;&nbsp;&nbsp;&nbsp;&nbsp;&nbsp;&nbsp;&nbsp;&nbsp;&nbsp;&nbsp;&nbsp;&nbsp;&nbsp;&nbsp;&nbsp;&nbsp;&nbsp;&nbsp;&nbsp;&nbsp;&nbsp;&nbsp;&nbsp;&nbsp;&nbsp;&nbsp;&nbsp;&nbsp;&nbsp;&nbsp;&nbsp;&nbsp;&nbsp;&nbsp;&nbsp;&nbsp;&nbsp;&nbsp;&nbsp;&nbsp;&nbsp;&nbsp;&nbsp;&nbsp;&nbsp;&nbsp;&nbsp;&nbsp;&nbsp;&nbsp;&nbsp;&nbsp;&nbsp;&nbsp;&nbsp;&nbsp;&nbsp;&nbsp;&nbsp;&nbsp;&nbsp;&nbsp;&nbsp;&nbsp;&nbsp;&nbsp;&nbsp;&nbsp;&nbsp;&nbsp;&nbsp;&nbsp;&nbsp;&nbsp;&nbsp;&nbsp;&nbsp;&nbsp;&nbsp;&nbsp;&nbsp;<\/p>\n<p>&nbsp;&nbsp; <strong>\u0141ukowe <\/strong><em>:<\/em> Dubanik W\u0142adys\u0142aw,Fil J\u00f3zefa, Swalarz Dorota<\/p>\n<p><strong><em>\u015arednie Wielkie<\/em><\/strong> <strong>: Kokalik Helena,Misiura Beata<\/strong><\/p>\n<p>6.Intencje Mszalne<\/p>\n<p>Pon.8.00 +Wac\u0142aw Mackiewicz int. od u pogrzebu<\/p>\n<p>Pon.18.00 + &nbsp;&nbsp;Bronis\u0142aw Kusiak int. od \u017cony i Syna<\/p>\n<p>Wt.7.00 + Czes\u0142aw Armata int. od u pogrzebu<\/p>\n<p>\u015ar.18.00 &nbsp;+ Czes\u0142aw Armata int. od u pogrzebu<\/p>\n<p>Czw.7.00 +Helena Kabala int. od Zdzis\u0142awa Jarosz z rodzin\u0105<\/p>\n<p>Czw.+ Janina Duplaga int. od Anny Stach z rodzin\u0105&nbsp;&nbsp;<\/p>\n<p>Pi\u0105.18.00 + Marian Pluskwa int. od Jana Wrona<\/p>\n<p>Pi\u0105.7.00 + Helena Wierzcho\u0142owska int. od u pogrzebu<\/p>\n<p>Sob.7.00 + Helena Wierzcho\u0142owska int od u pogrzebu<\/p>\n<p>N.7.30 &nbsp;&nbsp;&nbsp;+ Stanis\u0142aw Szlaga int. od Marzeny Szlaga z m\u0119\u017cem&nbsp;<\/p>\n<p>9.30&nbsp; + Michalina Lipka w 15r. \u015bmierci int. od mamy i rodze\u0144stwa<\/p>\n<p>11.00 Za parafian<\/p>\n<p>&nbsp;Wyjazd na Beatyfikacj\u0119 S\u0142ug Bo\u017cych&nbsp; Rodziny Ulm\u00f3w do Markowej w Niedziel\u0119 10.09.&nbsp; o godz. 4.45 z pod ko\u015bcio\u0142a w \u0141ukowem<\/p>\n<p>&nbsp;&nbsp;&nbsp;&nbsp;&nbsp;&nbsp;&nbsp;&nbsp;&nbsp;&nbsp;&nbsp;&nbsp;&nbsp;&nbsp;&nbsp;&nbsp;&nbsp;&nbsp;&nbsp;&nbsp;&nbsp;&nbsp;&nbsp;&nbsp;&nbsp;&nbsp;&nbsp;&nbsp;&nbsp;&nbsp;&nbsp;&nbsp;&nbsp;&nbsp;&nbsp;&nbsp;&nbsp;&nbsp;&nbsp;&nbsp;&nbsp;<span style=\"color: #ff0000;\">&nbsp;&nbsp;&nbsp;&nbsp; 21 Niedziela&nbsp; 27 08. 2023r.&nbsp;&nbsp;&nbsp;&nbsp;&nbsp;&nbsp;<\/span>&nbsp;&nbsp;&nbsp;&nbsp;&nbsp;&nbsp;&nbsp;&nbsp;&nbsp;&nbsp;&nbsp;&nbsp;&nbsp;&nbsp;&nbsp;&nbsp;&nbsp;&nbsp;&nbsp;&nbsp;&nbsp;&nbsp;&nbsp;&nbsp;&nbsp;&nbsp;&nbsp;&nbsp;&nbsp;&nbsp;&nbsp;&nbsp;&nbsp;&nbsp;&nbsp;&nbsp;&nbsp;&nbsp;&nbsp;&nbsp;&nbsp;&nbsp;&nbsp;&nbsp;&nbsp;&nbsp;&nbsp;&nbsp;&nbsp;&nbsp;&nbsp;&nbsp;&nbsp;&nbsp;&nbsp;&nbsp;&nbsp;&nbsp;&nbsp;&nbsp;&nbsp;&nbsp;&nbsp;&nbsp;&nbsp;&nbsp;&nbsp;&nbsp;&nbsp;&nbsp;&nbsp;&nbsp;&nbsp;&nbsp;&nbsp;&nbsp;&nbsp;&nbsp;&nbsp;&nbsp;&nbsp;&nbsp;&nbsp;&nbsp;&nbsp;&nbsp;&nbsp;&nbsp;&nbsp;&nbsp;&nbsp;&nbsp;&nbsp;<\/p>\n<p>1.Msze \u015bw.w \u015ar.Pi\u0105 o godzinie18.00 w&nbsp; Pin.,Wt .Czw. Sob o godzinie 7.00 W \u015arednim Wielkim w \u015ar. o godz18.00&nbsp;&nbsp;&nbsp;&nbsp;&nbsp;&nbsp;&nbsp;&nbsp;&nbsp;&nbsp;&nbsp;&nbsp;&nbsp;&nbsp;&nbsp;&nbsp;&nbsp;&nbsp;&nbsp;&nbsp;&nbsp;&nbsp;&nbsp;&nbsp;&nbsp;&nbsp;&nbsp;&nbsp;&nbsp;&nbsp;&nbsp;&nbsp;&nbsp;&nbsp;&nbsp;&nbsp;&nbsp;&nbsp;&nbsp;&nbsp;&nbsp;&nbsp;&nbsp;&nbsp;&nbsp;&nbsp;&nbsp;&nbsp;&nbsp;&nbsp;&nbsp;&nbsp;&nbsp;&nbsp;&nbsp;&nbsp;&nbsp;&nbsp;&nbsp;&nbsp;&nbsp;&nbsp;&nbsp;&nbsp;&nbsp;&nbsp;&nbsp;<\/p>\n<p>2.W 04.09.2023r.Rozpocz\u0119cie Nowego Roku Szkolnego. Spowied\u017a dla uczni\u00f3w SP kl.5,6&nbsp; w \u015arod\u0119 g.17.30 i w&nbsp; Pi\u0105 kl.4.7,8. SP i&nbsp; Szko\u0142a \u015arednia &nbsp; g.17.30&nbsp; W \u015arednim W. w Czw.godz.17.30<\/p>\n<p>3.W tym tyg P.1 S miesi\u0105ca&nbsp;&nbsp;<\/p>\n<p>4.Sprz\u0105tanie&nbsp;&nbsp;&nbsp;&nbsp;&nbsp;&nbsp; ko\u015bcio\u0142a &nbsp;&nbsp;&nbsp;&nbsp;&nbsp;&nbsp;&nbsp;&nbsp;&nbsp;&nbsp;&nbsp;&nbsp;&nbsp;&nbsp;&nbsp;&nbsp;&nbsp;&nbsp;&nbsp;&nbsp;&nbsp;&nbsp;&nbsp;&nbsp;&nbsp;&nbsp;&nbsp;<\/p>\n<p><strong>\u0141ukowe <\/strong><em>:<\/em> <strong>Fil Krystyna,Wania Danuta,Osenkowski Piotr<\/strong><\/p>\n<p><strong><em>\u015arednie Wielkie<\/em><\/strong> <strong>: Guzara Ludwika,Lubi\u0144ska El\u017cbieta<\/strong><\/p>\n<p>5.Intencje Mszalne<\/p>\n<p>Pon.7.00 W int. Panu Bogu wiadomej<\/p>\n<p>Wt.7.00 +Helena Kabala int. od Bernardetty Smutek<\/p>\n<p>\u015ar.18.00 +Regina Kostrzewska int. od c\u00f3rki Doroty z m\u0119\u017cem<\/p>\n<p>Czw.7.00 + Kazimier\u0119 Boles\u0142aw, Zbigniew Rybczak int. od syna i brata Zdzis\u0142awa<\/p>\n<p>Czw.18.00 + Janina Duplaga int. od Moniki i Iwony z rodzinami<\/p>\n<p>Pi\u0105.18.00 O zdrowie dla Katarzyny<\/p>\n<p>Sob.7.00 +Stanis\u0142aw Cicho\u0144ski w rocz.\u015bmierci&nbsp; int. od dzieci<\/p>\n<p>N.7.30 Dzi\u0119kczynna z pro\u015bb\u0105 o zdr. Bo\u017ce b\u0142. i opiek\u0119 MB dla rodz.,Kaczmarskich<\/p>\n<p>9.30 + Jan Jurczak w 18 rocz. \u015bmierci int. od \u017cony i dzieci<\/p>\n<p>11.00&nbsp; Za parafian&nbsp;&nbsp;&nbsp;&nbsp;&nbsp;&nbsp;&nbsp;&nbsp;&nbsp;&nbsp;&nbsp;&nbsp;&nbsp;&nbsp;&nbsp;&nbsp;&nbsp;&nbsp;&nbsp;&nbsp;&nbsp;&nbsp;&nbsp;&nbsp;&nbsp;&nbsp;&nbsp;&nbsp;&nbsp;&nbsp;&nbsp;&nbsp;&nbsp;&nbsp;&nbsp;&nbsp;&nbsp;&nbsp;&nbsp;&nbsp;&nbsp;&nbsp;&nbsp;&nbsp;&nbsp;&nbsp;&nbsp;&nbsp;&nbsp;&nbsp;&nbsp;&nbsp;&nbsp;&nbsp;&nbsp;&nbsp;&nbsp;&nbsp;&nbsp;&nbsp;&nbsp;&nbsp;&nbsp;&nbsp;&nbsp;&nbsp;&nbsp;&nbsp;&nbsp;&nbsp;&nbsp;&nbsp;&nbsp;&nbsp;&nbsp;&nbsp;&nbsp;&nbsp;&nbsp;&nbsp;&nbsp;&nbsp;&nbsp;&nbsp;&nbsp;&nbsp;&nbsp;&nbsp;&nbsp;&nbsp;&nbsp;&nbsp;&nbsp;&nbsp;&nbsp;&nbsp;&nbsp;&nbsp;&nbsp;&nbsp;&nbsp;&nbsp;&nbsp;&nbsp;&nbsp;&nbsp;&nbsp;&nbsp;&nbsp;&nbsp;&nbsp;&nbsp;&nbsp;&nbsp;&nbsp;&nbsp;&nbsp;<\/p>\n<p>&nbsp;<\/p>\n<p>&nbsp;&nbsp;&nbsp;&nbsp;&nbsp;&nbsp;&nbsp;&nbsp;&nbsp;&nbsp;&nbsp;&nbsp;&nbsp;&nbsp;&nbsp;&nbsp;&nbsp;&nbsp;&nbsp;&nbsp;&nbsp;&nbsp;&nbsp;&nbsp;&nbsp;&nbsp;&nbsp;&nbsp;&nbsp;&nbsp;&nbsp;&nbsp;&nbsp;&nbsp;&nbsp;&nbsp;&nbsp;&nbsp;&nbsp;&nbsp;&nbsp;&nbsp;&nbsp;&nbsp;&nbsp;&nbsp;&nbsp;&nbsp;&nbsp;&nbsp;&nbsp;&nbsp;<span style=\"color: #ff0000;\"> 20N 20.08.2023 r.&nbsp;&nbsp;&nbsp;&nbsp;&nbsp;<\/span>&nbsp;&nbsp;&nbsp;&nbsp;&nbsp;&nbsp;&nbsp;&nbsp;&nbsp;&nbsp;&nbsp;&nbsp;&nbsp;&nbsp;&nbsp;&nbsp;&nbsp;&nbsp;&nbsp;&nbsp;&nbsp;&nbsp;&nbsp;&nbsp;&nbsp;&nbsp;&nbsp;&nbsp;&nbsp;&nbsp;&nbsp;&nbsp;&nbsp;&nbsp;&nbsp;&nbsp;&nbsp;&nbsp;&nbsp;&nbsp;&nbsp;&nbsp;&nbsp;&nbsp;&nbsp;&nbsp;&nbsp;&nbsp;&nbsp;&nbsp;&nbsp;&nbsp;&nbsp;&nbsp;&nbsp;&nbsp;&nbsp;&nbsp;&nbsp;&nbsp;&nbsp;&nbsp;&nbsp;&nbsp;&nbsp;&nbsp;&nbsp;&nbsp;&nbsp;&nbsp;&nbsp;&nbsp;&nbsp;&nbsp;&nbsp;&nbsp;&nbsp;&nbsp;&nbsp;&nbsp;&nbsp;&nbsp;&nbsp;&nbsp;&nbsp;&nbsp;&nbsp; &nbsp;&nbsp;&nbsp;&nbsp;&nbsp;<\/p>\n<ol>\n<li>Msze \u015bw.w Po\u0144.,\u015ar.Pi\u0105 o godzinie18.00 Wt.Czw.Sob o &nbsp;godzinie 7.00<\/li>\n<\/ol>\n<p>&nbsp;2.W Sob. Ur. NMP-Cz\u0119stochowskiej &#8211; Odpust w Tarnawie.<\/p>\n<p>3.Sprz\u0105tanie ko\u015bcio\u0142a&nbsp;&nbsp;&nbsp;&nbsp;&nbsp; &nbsp;&nbsp;&nbsp;&nbsp;&nbsp;&nbsp;&nbsp;&nbsp;&nbsp;&nbsp;&nbsp;&nbsp;&nbsp;&nbsp;&nbsp;&nbsp;&nbsp;&nbsp;&nbsp;&nbsp;&nbsp;&nbsp;&nbsp;&nbsp;&nbsp;&nbsp;&nbsp;&nbsp;&nbsp;&nbsp;&nbsp;&nbsp;&nbsp;&nbsp;&nbsp;&nbsp;&nbsp;&nbsp;&nbsp;&nbsp;&nbsp;&nbsp;&nbsp;&nbsp;&nbsp;&nbsp;&nbsp;&nbsp;&nbsp;&nbsp;&nbsp;&nbsp;&nbsp;&nbsp;&nbsp;&nbsp;&nbsp;&nbsp;&nbsp;&nbsp;&nbsp;&nbsp;&nbsp;&nbsp;&nbsp;&nbsp;&nbsp;&nbsp;&nbsp;&nbsp;&nbsp;&nbsp;&nbsp;&nbsp;&nbsp;&nbsp;&nbsp;&nbsp;&nbsp;&nbsp;&nbsp;&nbsp;&nbsp;&nbsp;&nbsp;&nbsp;&nbsp;&nbsp;&nbsp;&nbsp;&nbsp;&nbsp;&nbsp;&nbsp;&nbsp;&nbsp;&nbsp;&nbsp;&nbsp;&nbsp;&nbsp;<\/p>\n<p>&nbsp;&nbsp;<strong>\u0141ukowe <\/strong>: <strong>Armata Maria,D\u017cu\u0142yk Edyta,Sywanicz Wioletta<\/strong><\/p>\n<p><strong><em>\u015arednie Wielkie<\/em><\/strong> <strong>: Klepczy\u0144ska Teresa,Klepczy\u0144ska Katarzyna<\/strong><\/p>\n<p>4.Intencje Mszalne<\/p>\n<p>Pon.18.00 +Regina i Stanis\u0142aw Kostrzewskich &nbsp;&nbsp;int od c\u00f3rki Anety z m\u0119\u017cem<\/p>\n<p>Wt.7.00 + Micha\u0142 Mach int. od u pogrzebu<\/p>\n<p>\u015ar.18.00 + Regina i Stanis\u0142aw Kostrzewskich&nbsp;&nbsp; int od c\u00f3rki Wioletty z rodzin\u0105<\/p>\n<p>Czw.7.00 +Regina i Stanis\u0142aw Kostrzewskich&nbsp;&nbsp; int od c\u00f3rki Moniki z rodzin\u0105<\/p>\n<p>Czw.18.00 +Janina Duplaga int. od Wies\u0142awy Kopczyk<\/p>\n<p>Pi\u0105.18.00 O zdrowie&nbsp; i Bo\u017ce b\u0142. dla Katarzyny<\/p>\n<p>Sob.7.00 Z r\u00f3\u017cy Heleny Wr\u00f3bel o zdr. Bo\u017ce b\u0142. i opiek\u0119 MB i za zmar\u0142e siostry o rado\u015b\u0107 \u017cycia wiecznego.<\/p>\n<p>N.7.30 + Nestor i Ludwika Izdebscy<\/p>\n<p>9.30 Dzi\u0119kczynna w &nbsp;30-rocznic\u0119 zawarcia sak.ma\u0142 Barbara i Robert Stach z pro\u015bb\u0105 o zdrowie Bo\u017ce b\u0142. i opiek\u0119 MB<\/p>\n<p>11.00&nbsp; Za parafian<\/p>\n<p><strong>&nbsp;&nbsp;&nbsp;&nbsp;<\/strong><\/p>\n<p>&nbsp;&nbsp;&nbsp;&nbsp;&nbsp;&nbsp;&nbsp;&nbsp;&nbsp;&nbsp;&nbsp;&nbsp;&nbsp;&nbsp;&nbsp;&nbsp;&nbsp;&nbsp;&nbsp;&nbsp;&nbsp;&nbsp;&nbsp;&nbsp;&nbsp;&nbsp;&nbsp;&nbsp;&nbsp;&nbsp;&nbsp;&nbsp;&nbsp;&nbsp;&nbsp;&nbsp;&nbsp;&nbsp;&nbsp;&nbsp;&nbsp;&nbsp;&nbsp;&nbsp;&nbsp;&nbsp;&nbsp;<span style=\"color: #ff0000;\">&nbsp;&nbsp;&nbsp; 19&nbsp; Niedziela&nbsp; 13. 08. 2023r.<\/span><\/p>\n<p>1.Dzi\u015b 13 sierpie\u0144 procesja na G\u00f3r\u0119 Mi\u0142osierdzia&nbsp; o godz.15.00. Zapraszam.<\/p>\n<p>We Wtorek Ur.Wniebowzi\u0119cia NMP Msze \u015aw.o godz.7,30,9.30,11.00 na ka\u017cdej Mszy \u015bw. po\u015bwi\u0119cenie zi\u00f3\u0142, kwiat\u00f3w i wie\u0144c\u00f3w.&nbsp;&nbsp;&nbsp;&nbsp;&nbsp;&nbsp;&nbsp;&nbsp;&nbsp;&nbsp;&nbsp;&nbsp;&nbsp;&nbsp;&nbsp;&nbsp;&nbsp;&nbsp;&nbsp;&nbsp;&nbsp;&nbsp;&nbsp;&nbsp;&nbsp;&nbsp;&nbsp;&nbsp;&nbsp;&nbsp;&nbsp;&nbsp;&nbsp;&nbsp;&nbsp;&nbsp;&nbsp;&nbsp;&nbsp;&nbsp;&nbsp;&nbsp;&nbsp;&nbsp;&nbsp;&nbsp;&nbsp;&nbsp;&nbsp;&nbsp;&nbsp;&nbsp;&nbsp;&nbsp;&nbsp;&nbsp;&nbsp;&nbsp;&nbsp;&nbsp;&nbsp;&nbsp;&nbsp;&nbsp;&nbsp;&nbsp;&nbsp;&nbsp;&nbsp;&nbsp;&nbsp;&nbsp;&nbsp;&nbsp;&nbsp;&nbsp;&nbsp;&nbsp;&nbsp;&nbsp;&nbsp;&nbsp;&nbsp;&nbsp;&nbsp;&nbsp;&nbsp;&nbsp;&nbsp;&nbsp;&nbsp;&nbsp;&nbsp;&nbsp;&nbsp;<\/p>\n<p>2.Msze \u015bw.we Czw. i w Sob o <strong>&nbsp;godz.7.00,<\/strong>.Pon. \u015ar..Pi\u0105.<strong>o godz.18.00<\/strong>&nbsp;<\/p>\n<p>3.W Czwartek &nbsp;\u015awi\u0119to \u015aw.Jacka,w Sobot\u0119 Wsp.\u015aw. Bernarda<\/p>\n<ol start=\"4\">\n<li>W .niedziel\u0119 20 sierpnia. Do\u017cynki Gminne w \u0141ukowem Msza \u015aw.w ko\u015bciele parafialnym &nbsp;o godz.14.00 Serecznie zapraszam,Proszono ,aby og\u0142osi\u0107.Taka pro\u015bba ,aby kto nie musi przyszed\u0142 lub&nbsp; przyszli do ko\u015bcio\u0142a na piechot\u0119 chodzi o godz.14.00,a parkingi udost\u0119pnili go\u015bciom. Bo wiemy \u017ce trwa przebudowa drogi i s\u0105 utrudnienia.Dzi\u0119kuj\u0119.<\/li>\n<\/ol>\n<p>&nbsp;5.Sprz\u0105tanie ko\u015bcio\u0142a&nbsp;&nbsp;&nbsp;&nbsp;&nbsp;&nbsp;&nbsp;&nbsp;&nbsp;&nbsp;&nbsp;&nbsp;&nbsp;&nbsp;&nbsp;&nbsp;&nbsp;&nbsp;&nbsp;&nbsp;&nbsp;&nbsp;&nbsp;&nbsp;&nbsp;&nbsp;&nbsp;&nbsp;&nbsp;&nbsp;&nbsp;&nbsp;&nbsp;&nbsp;&nbsp;&nbsp;&nbsp;&nbsp;&nbsp;&nbsp;&nbsp;&nbsp;&nbsp;&nbsp;&nbsp;&nbsp;&nbsp;&nbsp;&nbsp;&nbsp;&nbsp;&nbsp;&nbsp;&nbsp;&nbsp;&nbsp;&nbsp; &nbsp;&nbsp;&nbsp;&nbsp;&nbsp;&nbsp;&nbsp;&nbsp;&nbsp;&nbsp;&nbsp;&nbsp;&nbsp;&nbsp;&nbsp;&nbsp;&nbsp;&nbsp;&nbsp;&nbsp;&nbsp;&nbsp;&nbsp;&nbsp;&nbsp;&nbsp;&nbsp;&nbsp;&nbsp;&nbsp;&nbsp;&nbsp;&nbsp;&nbsp;&nbsp;&nbsp;&nbsp;&nbsp;&nbsp;&nbsp;&nbsp;&nbsp;&nbsp;&nbsp;&nbsp;&nbsp;&nbsp;<\/p>\n<p>&nbsp;&nbsp;&nbsp;&nbsp;<strong>\u0141ukowe:&nbsp; Swalarz Barbara,Mo\u0142czan Aneta,Legin Krystyna<\/strong>&nbsp;&nbsp;&nbsp;&nbsp;&nbsp;&nbsp;&nbsp;&nbsp;&nbsp;&nbsp;&nbsp;&nbsp;&nbsp;&nbsp;&nbsp;&nbsp;&nbsp;&nbsp;&nbsp;&nbsp;&nbsp;&nbsp;&nbsp;&nbsp;&nbsp;&nbsp;&nbsp;&nbsp;&nbsp;&nbsp;&nbsp;&nbsp;&nbsp;&nbsp;&nbsp;&nbsp;&nbsp;&nbsp;&nbsp;&nbsp;&nbsp;&nbsp;&nbsp;&nbsp;&nbsp;&nbsp;&nbsp;&nbsp;&nbsp;&nbsp;&nbsp;&nbsp;&nbsp;&nbsp;&nbsp;&nbsp;&nbsp;&nbsp;&nbsp;&nbsp;&nbsp;&nbsp;&nbsp;&nbsp;&nbsp;&nbsp;&nbsp;&nbsp;&nbsp;&nbsp;&nbsp;&nbsp;&nbsp;&nbsp;&nbsp;&nbsp; <strong><em>\u015arednie Wielkie<\/em>: Fiut Teresa i Zarzyczna Monika<\/strong><\/p>\n<ol start=\"6\">\n<li>Intencje Mszalne<\/li>\n<\/ol>\n<p>Pon.18.00 +Maria Rosiek int. od brata Stanis\u0142awa<\/p>\n<p><strong>Pon. Ur. Wniebowzi\u0119cia NMP<\/strong><\/p>\n<p>7.30&nbsp; Z r\u00f3\u017cy Heleny Nawrockiej&nbsp; o zdr. Bo\u017ce b\u0142. i opiek\u0119 MB i za zmar\u0142e siostry o rado\u015b\u0107 \u017cycia wiecznego.<\/p>\n<p>9.30 1.Dzi\u0119kczynna w rocznic\u0119 zawarcia sak.ma\u0142 Doroty i Zenona Sydorczak z pro\u015bb\u0105 o zdrowie Bo\u017ce b\u0142. i opiek\u0119 MB<\/p>\n<ol start=\"2\">\n<li>Dzi\u0119kczynna w 25 rocznic\u0119 zawarcia sak.ma\u0142.Ewy i Piotra Kusiak z pro\u015bb\u0105 o zdrowie Bo\u017ce b\u0142. i opiek\u0119 MB<\/li>\n<\/ol>\n<p>11.00&nbsp; +Regina Kostrzewska int. od wnuczki Emilki<\/p>\n<p>\u015ar.18.00 +Stanis\u0142aw Szlaga int. od int.od Barbary i Grzegorza Frydrych<\/p>\n<p>Czw.7.00 + Micha\u0142 Mach od Jadwigi z m\u0119\u017cem<\/p>\n<p>Pi\u0105.18.00 + Regina Kostrzewska int. od wnuka Jakuba<\/p>\n<p>Sob.7.00 +Boles\u0142aw Wr\u00f3bel int. od dzieci<\/p>\n<p>N.7.30 O zdrowie Bo\u017ce b\u0142. i opiek\u0119 MB dla Barbary , Emilki i B\u0142a\u017ceja<\/p>\n<p>9.30 &nbsp;&nbsp;+Czes\u0142aw Armata int. od Syna Andrzeja z \u017con\u0105<\/p>\n<p>11.00&nbsp; +Zofia i Tadeusz Ciepiela int. od Syna Kazimierza z rodzin\u0105<\/p>\n<p>14.00 Za parafian<\/p>\n<p>&nbsp;<\/p>\n<p>&nbsp;<\/p>\n<p>&nbsp;&nbsp;&nbsp;&nbsp;&nbsp;&nbsp;&nbsp;&nbsp;&nbsp;&nbsp;&nbsp;&nbsp;&nbsp;&nbsp;&nbsp;&nbsp;&nbsp;&nbsp;&nbsp;&nbsp;&nbsp;&nbsp;&nbsp;&nbsp;&nbsp;&nbsp;&nbsp;&nbsp;&nbsp;&nbsp;&nbsp;&nbsp;&nbsp;&nbsp;&nbsp;&nbsp;&nbsp;&nbsp;&nbsp;&nbsp;&nbsp;&nbsp;&nbsp;&nbsp;&nbsp;&nbsp;&nbsp;&nbsp;&nbsp;&nbsp;&nbsp;&nbsp;&nbsp;&nbsp;&nbsp;&nbsp;&nbsp; <span style=\"color: #ff0000;\">6 NIEDZIELA WIELKANOCY&nbsp;&nbsp;&nbsp; 14.05. 2023r.<\/span><\/p>\n<p>1.Msze \u015bw.w \u0141uk&nbsp; przez ca\u0142y tydzie\u0144&nbsp; wieczorem&nbsp; o godz.18.00 .W Czwartek &nbsp;&nbsp;&nbsp;&nbsp;&nbsp;&nbsp;&nbsp;&nbsp;&nbsp;&nbsp;&nbsp;&nbsp;&nbsp;&nbsp;&nbsp;&nbsp;&nbsp;&nbsp;&nbsp;&nbsp;&nbsp; &nbsp; &nbsp; &nbsp; &nbsp; &nbsp; &nbsp; &nbsp; &nbsp; &nbsp; &nbsp; &nbsp; &nbsp; &nbsp; &nbsp; &nbsp; &nbsp; &nbsp; &nbsp; &nbsp; w \u015arednim W. o godz.19.00&nbsp;&nbsp;&nbsp;&nbsp;<\/p>\n<p>2.W pon .wtorek,\u015arod\u0119 przypadaj\u0105 dni modlitw o urodzaje<\/p>\n<p>3.We wtorek \u015awi\u0119to Andrzeja Boboli,m\u0119czennika,patrona Polski&nbsp;&nbsp;&nbsp;&nbsp;&nbsp;&nbsp;&nbsp;&nbsp;&nbsp;&nbsp;&nbsp;&nbsp;&nbsp;&nbsp;&nbsp;&nbsp;&nbsp;&nbsp;&nbsp;&nbsp;&nbsp;&nbsp;&nbsp;&nbsp;&nbsp;&nbsp;&nbsp;&nbsp;&nbsp;&nbsp;&nbsp;&nbsp;&nbsp;&nbsp;&nbsp;&nbsp;&nbsp;&nbsp;&nbsp;&nbsp;&nbsp;&nbsp; &nbsp;&nbsp;&nbsp;&nbsp;&nbsp;&nbsp;&nbsp;&nbsp;&nbsp;&nbsp;&nbsp;&nbsp;&nbsp;&nbsp;&nbsp;&nbsp;&nbsp;&nbsp;&nbsp;&nbsp;&nbsp;&nbsp;&nbsp;&nbsp;&nbsp;&nbsp;&nbsp;&nbsp;&nbsp;&nbsp;&nbsp;&nbsp;&nbsp;&nbsp;&nbsp;&nbsp;&nbsp;&nbsp;&nbsp;&nbsp;&nbsp;&nbsp;&nbsp;&nbsp;&nbsp;&nbsp;&nbsp;&nbsp;&nbsp;&nbsp;&nbsp;&nbsp;&nbsp;&nbsp;&nbsp;&nbsp;&nbsp;&nbsp;&nbsp;&nbsp;&nbsp;&nbsp;&nbsp;&nbsp;&nbsp;&nbsp;&nbsp;&nbsp;&nbsp;&nbsp;&nbsp;&nbsp;&nbsp;&nbsp;&nbsp;&nbsp;&nbsp;&nbsp;&nbsp;&nbsp;&nbsp;&nbsp;&nbsp;&nbsp;&nbsp;&nbsp;&nbsp;&nbsp;&nbsp;&nbsp;&nbsp;&nbsp;&nbsp;&nbsp;&nbsp;&nbsp;&nbsp;&nbsp;&nbsp;&nbsp;&nbsp;&nbsp;&nbsp;&nbsp;&nbsp;&nbsp;&nbsp;&nbsp;&nbsp;&nbsp;&nbsp;&nbsp;&nbsp;&nbsp;&nbsp;&nbsp;&nbsp;&nbsp;&nbsp;&nbsp;&nbsp;&nbsp;&nbsp;&nbsp;&nbsp;&nbsp;&nbsp;&nbsp;&nbsp;&nbsp;&nbsp;&nbsp;&nbsp;&nbsp;&nbsp;&nbsp;&nbsp;&nbsp;&nbsp;&nbsp;&nbsp;&nbsp;&nbsp;&nbsp;&nbsp;&nbsp;&nbsp;&nbsp;&nbsp;&nbsp;&nbsp;&nbsp;&nbsp;&nbsp;&nbsp;&nbsp;&nbsp;&nbsp;&nbsp;&nbsp;&nbsp;&nbsp;&nbsp;&nbsp;&nbsp;&nbsp;&nbsp;&nbsp;&nbsp;&nbsp;&nbsp;&nbsp;&nbsp;&nbsp;&nbsp;&nbsp;&nbsp;&nbsp;&nbsp;&nbsp;&nbsp;&nbsp;&nbsp;&nbsp;&nbsp;&nbsp;&nbsp;&nbsp;&nbsp;&nbsp;&nbsp;&nbsp;&nbsp;&nbsp;&nbsp;&nbsp;&nbsp;&nbsp;&nbsp;&nbsp;&nbsp;&nbsp;&nbsp;&nbsp;&nbsp;&nbsp;&nbsp;&nbsp;&nbsp;&nbsp;&nbsp;&nbsp;&nbsp;&nbsp;&nbsp; 4.W pi\u0105tek pocz\u0105tek nowenny przed Ur.Zes\u0142ania Ducha \u015awi\u0119tego<\/p>\n<p>5W niedziel\u0119 za tydzie\u0144 Ur. Wniebowst\u0105pienia Pana Jezusa w naszej Archidiecezji \u015bwi\u0119cenia Diakonatu.Polecajmy w modlitwie kandydat\u00f3w do \u015bwiece\u0144.<\/p>\n<p>6.W Rzepedzi w Domu Rekolekcyjnym w dnich19 -21maja 2023r. czyli od pi\u0105tku do niedzieli odb\u0119dzie si\u0119 Kurs Przedma\u0142\u017ce\u0144ski.<\/p>\n<p>7.Sprz\u0105tanie ko\u015bcio\u0142a&nbsp;&nbsp;&nbsp;&nbsp;&nbsp;&nbsp;&nbsp;&nbsp;&nbsp;&nbsp;&nbsp;&nbsp;&nbsp;&nbsp;&nbsp;&nbsp;&nbsp;&nbsp;&nbsp;&nbsp;&nbsp;&nbsp;&nbsp;&nbsp;&nbsp;&nbsp;&nbsp;&nbsp;&nbsp;&nbsp;&nbsp;&nbsp;&nbsp;&nbsp;&nbsp;&nbsp;&nbsp;&nbsp;&nbsp;&nbsp;&nbsp;&nbsp;&nbsp;&nbsp;&nbsp;&nbsp;&nbsp;&nbsp;&nbsp;&nbsp;&nbsp;&nbsp;&nbsp;&nbsp;&nbsp;&nbsp;&nbsp;&nbsp;&nbsp;&nbsp;&nbsp;&nbsp;&nbsp;&nbsp;&nbsp;&nbsp;&nbsp;&nbsp;&nbsp;&nbsp;&nbsp;&nbsp;&nbsp;&nbsp;&nbsp;&nbsp;&nbsp;&nbsp;&nbsp;&nbsp;&nbsp;&nbsp;&nbsp;&nbsp;&nbsp;&nbsp;&nbsp;&nbsp;&nbsp;&nbsp;&nbsp;&nbsp;&nbsp;&nbsp;&nbsp;&nbsp;&nbsp;&nbsp;&nbsp;&nbsp;&nbsp;&nbsp;&nbsp;&nbsp;&nbsp;&nbsp;&nbsp;&nbsp;&nbsp;&nbsp;&nbsp;&nbsp;&nbsp;&nbsp;&nbsp;&nbsp;&nbsp;&nbsp;&nbsp;&nbsp;&nbsp;&nbsp;&nbsp;&nbsp;&nbsp;&nbsp;&nbsp;&nbsp;&nbsp;<\/p>\n<p>&nbsp;\u0141ukowe: Mako\u015b Agnieszka,Wylota Justyna,\u015anie\u017cek Barbara<\/p>\n<p>\u015arednie Wielkie: Kozio\u0142 Barbara,Duuel Anna<\/p>\n<p>8.Intencje Mszalne<\/p>\n<p>Pon.18.00&nbsp; + Stanis\u0142aw Cicho\u0144ski<\/p>\n<p>Wt.18.00&nbsp; Z r\u00f3\u017cy Marii Siedleckiej&nbsp; o zdrowie o Bo\u017ce b\u0142 . opiek\u0119 MB i patrona \u015aw. Andrzeja Boboli dla si\u00f3str r\u00f3\u017ca\u0144cowych<\/p>\n<p>\u015ar.18.00 +Franciszek Antolak int .od Anny Kielniak z c\u00f3rkami<\/p>\n<p>Czw 18.00.+Helena Kabala&nbsp; int. od&nbsp; Ewy Cycak<\/p>\n<p>Czw.19.00&nbsp; W 1 rocz.urodzin Floriana Niepok\u00f3j i5 rocznic\u0119 urodzin R\u00f3\u017cy Niepok\u00f3j o zdrowie Bo\u017ce b\u0142. i opiek\u0119 MB<\/p>\n<p>Pi\u0105. 18.00&nbsp; +Czes\u0142aw Armata. Int.od syna Grzegorza z rodzin\u0105<\/p>\n<p>Sob.18.00 W int Wies\u0142awy i Stanis\u0142aw Izdebskich z pro\u015bb\u0105 o zdrowie Bo\u017ce b\u0142. i opiek\u0119 MB&nbsp; int. od S. Barbary<\/p>\n<p>N.7.30 + Zofia i Stefan Andrzeja i Janusza<\/p>\n<p>9.30&nbsp; + Janina Duplaga<\/p>\n<p>11.00&nbsp; Za parafian<\/p>\n<p>&nbsp;<\/p>\n<p><strong>&nbsp;&nbsp;&nbsp;&nbsp;&nbsp;&nbsp;&nbsp;&nbsp;&nbsp;&nbsp;&nbsp;&nbsp;&nbsp;&nbsp;&nbsp;&nbsp;&nbsp;&nbsp;&nbsp;&nbsp;&nbsp;&nbsp;&nbsp;&nbsp;&nbsp;&nbsp;&nbsp;&nbsp;&nbsp;&nbsp;&nbsp;&nbsp;&nbsp;&nbsp;&nbsp;&nbsp;&nbsp;&nbsp;&nbsp;&nbsp;&nbsp;&nbsp;&nbsp;&nbsp;&nbsp;&nbsp;&nbsp;&nbsp;&nbsp;&nbsp;&nbsp;<span style=\"color: #ff0000;\">&nbsp;&nbsp;&nbsp;&nbsp;&nbsp; 5.N.WIELKANOCY&nbsp;&nbsp;&nbsp; 07.05. 2023r.<\/span><\/strong><\/p>\n<p>1.Jutro Ur. \u015aw. Stanis\u0142awa,bp i m\u0119czennika,patrona Polski.Jest to dzie\u0144 imienin Bp Stanis\u0142awa Jamrozka.Biskupa i wszystkich solenizant\u00f3w polecamy w modlitwie.<\/p>\n<p>2.Msze \u015bw.w \u0141uk&nbsp; przez ca\u0142y tydzie\u0144&nbsp; wieczorem g.18.00. W Cz w \u015arednim W. o g. 19.00 &nbsp;&nbsp;&nbsp;&nbsp;&nbsp;&nbsp;&nbsp;&nbsp;&nbsp;&nbsp;&nbsp;&nbsp;&nbsp;&nbsp;&nbsp;&nbsp;&nbsp;&nbsp;&nbsp;&nbsp;&nbsp;&nbsp;&nbsp;&nbsp;&nbsp;<\/p>\n<p>W sobot\u0119 przypada 13 maja. Msza \u015aw.o godz.17.00 i procesja na G\u00f3r\u0119 Mi\u0142osierdzia.<\/p>\n<p>3.Sprz\u0105tanie ko\u015bcio\u0142a&nbsp;&nbsp;<\/p>\n<p>\u0141ukowe: Mo\u0142czan Maria,Sadlik Stanis\u0142aw,Chmura Anna<\/p>\n<p><em>\u015arednie Wielki<\/em><strong>: <\/strong>Lubas Maria,Mleczy\u0144ska Danuta<\/p>\n<ol start=\"4\">\n<li>Dzi\u015b sk\u0142adka na potrzeby archidiecezji. &nbsp;&nbsp;&nbsp;&nbsp;&nbsp;&nbsp;&nbsp;&nbsp;&nbsp;&nbsp;&nbsp;&nbsp;&nbsp;&nbsp;&nbsp;&nbsp;&nbsp;&nbsp;&nbsp;&nbsp;&nbsp;&nbsp;&nbsp;&nbsp;&nbsp;&nbsp;&nbsp;&nbsp;&nbsp;&nbsp;&nbsp;&nbsp;&nbsp;&nbsp;<\/li>\n<li>Intencje Mszalne :<\/li>\n<\/ol>\n<p><strong>Po\u0144.18.00<\/strong>&nbsp; O \u0142ask\u0119 zdrowia dla Stanis\u0142awa<\/p>\n<p>Wt.18.00&nbsp;&nbsp; O zdrowie Bo\u017ce b\u0142. i opiek\u0119 MB dla rodz. Siedleckich<\/p>\n<p>&nbsp;\u015ar.18.00&nbsp; +Barbara i Jan Wania int. od syna Ryszarda<\/p>\n<p>Czw.18.00 +Stanis\u0142aw Antolak w rocz. \u015bmierci +Filipin\u0119 i Jan Antolak<\/p>\n<p>Czw. \u015arednie W.19.00 + Janina Duplaga&nbsp; int.od rodzin Barszcz\u00f3w i G\u0105sior\u00f3w&nbsp; z rodzinami<\/p>\n<p>Pi\u0105.18.00 Za zmar\u0142ych z rodziny Gro\u0144, i zmar\u0142ych z rodz. Kicak int. od rodz. Fenczak<\/p>\n<p>Sob. 17.00 O zdr. Bo\u017ce b\u0142. i opiek\u0119 MB dla rodziny<\/p>\n<p>N.7.30 + J\u00f3zef&nbsp; Wr\u00f3bel , Syna&nbsp; Adam,i c\u00f3rk\u0119 Wies\u0142aw\u0119 int. od Heleny<\/p>\n<p>9.30&nbsp;&nbsp; + Janina Duplaga int.od syna Kazimierza z \u017con\u0105<\/p>\n<p>11.00 1. Za parafian 2.+ Tadeusz Strzy\u017c w kol.&nbsp; rocz. \u015bmierci int. od c\u00f3rek Agaty i Ma\u0142gorzaty<\/p>\n<p>&nbsp;<\/p>\n<p><strong>&nbsp;&nbsp;&nbsp;&nbsp;&nbsp; <\/strong><\/p>\n<p>&nbsp;<\/p>\n<p>&nbsp;&nbsp;&nbsp;&nbsp;&nbsp;&nbsp;&nbsp;&nbsp;&nbsp;&nbsp;&nbsp;&nbsp;&nbsp;&nbsp;&nbsp;&nbsp;&nbsp;&nbsp;&nbsp;&nbsp;&nbsp;&nbsp;&nbsp;&nbsp;&nbsp;&nbsp;&nbsp;&nbsp;&nbsp;&nbsp;&nbsp;&nbsp;&nbsp;&nbsp;&nbsp;&nbsp;&nbsp;&nbsp;&nbsp;&nbsp;&nbsp;&nbsp;&nbsp;&nbsp;&nbsp;&nbsp;&nbsp;&nbsp;&nbsp;&nbsp;&nbsp;&nbsp;&nbsp;&nbsp;&nbsp;&nbsp;&nbsp;&nbsp;&nbsp;&nbsp;&nbsp;&nbsp;&nbsp;&nbsp;&nbsp;&nbsp;&nbsp;&nbsp; &nbsp;&nbsp;&nbsp;&nbsp;&nbsp;&nbsp;&nbsp;&nbsp;&nbsp;&nbsp;&nbsp;&nbsp;&nbsp;&nbsp;&nbsp;&nbsp;&nbsp;&nbsp;&nbsp;&nbsp;&nbsp;&nbsp;&nbsp;&nbsp;&nbsp;&nbsp;&nbsp;&nbsp;&nbsp;&nbsp;&nbsp;&nbsp;&nbsp;&nbsp;&nbsp;&nbsp;&nbsp;&nbsp;&nbsp;&nbsp;&nbsp;&nbsp;&nbsp;&nbsp;&nbsp;&nbsp;&nbsp;&nbsp;&nbsp;<\/p>\n<p><strong>&nbsp;<\/strong><\/p>\n<p><strong>&nbsp;&nbsp;&nbsp;&nbsp;&nbsp;&nbsp;&nbsp;&nbsp;&nbsp;&nbsp;&nbsp;&nbsp;&nbsp;&nbsp;&nbsp;&nbsp;&nbsp;&nbsp;&nbsp;&nbsp;&nbsp;&nbsp;&nbsp;&nbsp;&nbsp;&nbsp;&nbsp;&nbsp;&nbsp;&nbsp;&nbsp;&nbsp;&nbsp;&nbsp;&nbsp;&nbsp;&nbsp;&nbsp;&nbsp;&nbsp;&nbsp;&nbsp;&nbsp;&nbsp;&nbsp;&nbsp;&nbsp;&nbsp;&nbsp;&nbsp;&nbsp;&nbsp;&nbsp;&nbsp;&nbsp;&nbsp;&nbsp;&nbsp;<span style=\"color: #ff0000;\">&nbsp;&nbsp;&nbsp;&nbsp;&nbsp;&nbsp;&nbsp;&nbsp; 4 &nbsp; <\/span><\/strong><span style=\"color: #ff0000;\">WIELKANOCY&nbsp;&nbsp;&nbsp; 30. 04. 2023r.<\/span><\/p>\n<ol>\n<li>Dzi\u015b nasza parafia prze\u017cywa Ur. I Komunii \u015aw. Msza \u015aw.o godz.14.00, Do I Komunii \u015aw. przystepuje jedena\u015bcioro uczni\u00f3w klasy 3SP.Polecamy ich w modlitwie. Dzi\u0119kuj\u0119 rodzicom uczni\u00f3w kl. 3,za dar o\u0142tarza Ornat. &nbsp;&nbsp;&nbsp;&nbsp;&nbsp;&nbsp;&nbsp;&nbsp;&nbsp;&nbsp;&nbsp;&nbsp;&nbsp;Zapraszam uczni\u00f3w kl.3 na Bia\u0142y Tydzie\u0144.<\/li>\n<\/ol>\n<p>2.Dzisiejsza Niedziela to Niedziela Dobrego Pasterza. To Tydzie\u0144 modlitw o powo\u0142ania do s\u0142u\u017cby w Ko\u015bciele. Modlimy si\u0119 tak\u017ce za powo\u0142anych z naszej parafii&nbsp; i o nowe powo\u0142ania&nbsp;&nbsp;&nbsp;&nbsp;&nbsp;&nbsp;&nbsp;&nbsp;&nbsp;&nbsp;&nbsp;&nbsp;&nbsp;&nbsp;&nbsp;&nbsp;&nbsp;&nbsp;&nbsp;&nbsp;&nbsp;&nbsp;&nbsp;&nbsp;&nbsp; &nbsp;&nbsp;&nbsp;&nbsp;&nbsp;&nbsp;&nbsp;&nbsp;&nbsp;&nbsp;&nbsp;&nbsp;&nbsp;&nbsp;&nbsp;&nbsp;&nbsp;&nbsp;&nbsp;&nbsp;&nbsp;&nbsp;&nbsp;&nbsp;&nbsp;&nbsp; 3.Msze \u015bw.w Ko\u015bciele Parafialnym o&nbsp; g.18.00 Od jutra &nbsp;rozpoczynamy nabo\u017ce\u0144stwa majowe.Zapraszam dzieci codziennie losowanie figurki Matki Bo\u017cej i b\u0119d\u0105 naklejki ,dzieci i wrzucaj\u0105 do koszyka serduszka &nbsp;&nbsp;z dobrym &nbsp;uczynkiem&nbsp; i&nbsp; podpisem i&nbsp; nazwisko.&nbsp;&nbsp;&nbsp;&nbsp;&nbsp;&nbsp;&nbsp;&nbsp;&nbsp;&nbsp;&nbsp;&nbsp;&nbsp;&nbsp;&nbsp;&nbsp;&nbsp;&nbsp;&nbsp;&nbsp;&nbsp;&nbsp;&nbsp;&nbsp;&nbsp;&nbsp;&nbsp;&nbsp;&nbsp;&nbsp;&nbsp;&nbsp;&nbsp;&nbsp;&nbsp;&nbsp;&nbsp;&nbsp;&nbsp;&nbsp;&nbsp;&nbsp;&nbsp;&nbsp;&nbsp;&nbsp;&nbsp;&nbsp;&nbsp;&nbsp;&nbsp;&nbsp;&nbsp;&nbsp;&nbsp;&nbsp;&nbsp;&nbsp;&nbsp;&nbsp;&nbsp;&nbsp;&nbsp;&nbsp;&nbsp;&nbsp;&nbsp;&nbsp;&nbsp;&nbsp;&nbsp;&nbsp;&nbsp;&nbsp;&nbsp;&nbsp;&nbsp;&nbsp;&nbsp;&nbsp;&nbsp;&nbsp;&nbsp;&nbsp;&nbsp;&nbsp;&nbsp;&nbsp;&nbsp;&nbsp;&nbsp;&nbsp;&nbsp;&nbsp;&nbsp;&nbsp;&nbsp;&nbsp;&nbsp;&nbsp;&nbsp;&nbsp;&nbsp;&nbsp;&nbsp;&nbsp;&nbsp;&nbsp;&nbsp;&nbsp;&nbsp;<\/p>\n<p>4.We wtorek rocznica \u015bwi\u0119ce\u0144 Bp Krzysztofa Chudzio,pami\u0119tajmy w modlitwie.<\/p>\n<ol start=\"4\">\n<li><strong> W \u015arod\u0119 3.05. Ur. NMP Kr\u00f3lowej Polski<\/strong> &#8211; Odpust Parafialny. Msze \u015aw. <strong>7.30,<\/strong> <strong>9.30<\/strong> i Suma Odpustowa o g.<strong>12.00<\/strong>. Pod Przewodnictwem&nbsp;<strong> Ks.Bp. Stanis\u0142awa <\/strong>z udzieleniem uczniom kl.8 SP sakramentu Bierzmowania. Zapraszam ,go\u015bci, ch\u00f3r, schol\u0119, OSP, ministrant\u00f3w i parafian. Dajmy pi\u0119kne \u015bwiadectwo wiary. Mo\u017cemy udekorowa\u0107 nasze domy ,w oknie wystawi\u0107 obraz ,czy wywiesi\u0107 flag\u0119<\/li>\n<\/ol>\n<p>5.Drugiego&nbsp; maja to dzie\u0144 flagi zach\u0119cam ,aby wywiesi\u0107&nbsp; flag\u0119.&nbsp;&nbsp;&nbsp;&nbsp;&nbsp;&nbsp;&nbsp;&nbsp;&nbsp;&nbsp;&nbsp;&nbsp;&nbsp;&nbsp;&nbsp;&nbsp;&nbsp;&nbsp;&nbsp;&nbsp;&nbsp;&nbsp;&nbsp;&nbsp;&nbsp;&nbsp;&nbsp;&nbsp;&nbsp;&nbsp;&nbsp;&nbsp;&nbsp;&nbsp;&nbsp;&nbsp;&nbsp;&nbsp;&nbsp;&nbsp;&nbsp;&nbsp;&nbsp;&nbsp;&nbsp;&nbsp;&nbsp;&nbsp;&nbsp;&nbsp;&nbsp;&nbsp;&nbsp;&nbsp;&nbsp;&nbsp;&nbsp;&nbsp;&nbsp;&nbsp;&nbsp;&nbsp;&nbsp;&nbsp;&nbsp;&nbsp;&nbsp; &nbsp; &nbsp; &nbsp; &nbsp; &nbsp; &nbsp; &nbsp; &nbsp; &nbsp; &nbsp; 6. W tym tyg.,1 Czwartek i 1Pi\u0105tek i 1 Sobota&nbsp; miesi\u0105ca kto jeszcze nie skorzysta\u0142 ze spowiedzi z racji Wielkanocy to zapraszam do spowiedzi przed odpustem , spowied\u017a ka\u017cdego dnia przed Msz\u0105 \u015aw.<\/p>\n<p>7.W pon. spowied\u017a uczni\u00f3w kl. 8 SP , kt\u00f3rzy w \u015arod\u0119 przyjm\u0105 sak. bierzmowania ich rodzic\u00f3w ,\u015bwiadk\u00f3w, rodze\u0144stwa &nbsp;od godz17.00, po Mszy \u015aw.pr\u00f3ba prosz\u0119 ,aby uczniowie przynie\u015bli indeksy i kartki z praktykami przygotowuj\u0105cymi do sak. bierzmowania. &nbsp;<\/p>\n<p>8.Sprz\u0105tanie ko\u015bcio\u0142a&nbsp;&nbsp;&nbsp;&nbsp;&nbsp;&nbsp;&nbsp;&nbsp;&nbsp;&nbsp;&nbsp;&nbsp;&nbsp;&nbsp;&nbsp;&nbsp;&nbsp;&nbsp;&nbsp;&nbsp;&nbsp;&nbsp;&nbsp;&nbsp;&nbsp;&nbsp;&nbsp;&nbsp;&nbsp;&nbsp;&nbsp;&nbsp;&nbsp;&nbsp;&nbsp;&nbsp;&nbsp;&nbsp;&nbsp;&nbsp;&nbsp;&nbsp;&nbsp;&nbsp;&nbsp;&nbsp;&nbsp;&nbsp;&nbsp;&nbsp;&nbsp;&nbsp;&nbsp;&nbsp;&nbsp;&nbsp;&nbsp;&nbsp;&nbsp;&nbsp;&nbsp;&nbsp;&nbsp;&nbsp;&nbsp;&nbsp;&nbsp;&nbsp;&nbsp;&nbsp;&nbsp;&nbsp;&nbsp;&nbsp;&nbsp;&nbsp;&nbsp;&nbsp;&nbsp;&nbsp;&nbsp;&nbsp;&nbsp;&nbsp;&nbsp;&nbsp;&nbsp;&nbsp;&nbsp;&nbsp;&nbsp;&nbsp;&nbsp;&nbsp;&nbsp;&nbsp;&nbsp;&nbsp;&nbsp;&nbsp;&nbsp;&nbsp;&nbsp; &nbsp;&nbsp;&nbsp; &nbsp; &nbsp; &nbsp; &nbsp; &nbsp; &nbsp; &nbsp; &nbsp; &nbsp; &nbsp; &nbsp; &nbsp; &nbsp; &nbsp; &nbsp; &nbsp; &nbsp; &nbsp; &nbsp; &nbsp; &nbsp; &nbsp; &nbsp; &nbsp; &nbsp; &nbsp; &nbsp; &nbsp; &nbsp; &nbsp; &nbsp;&nbsp; \u0141ukowe: Prosz\u0119&nbsp; rodzic\u00f3w&nbsp; uczni\u00f3w kl. 8&nbsp; SP<\/p>\n<p>&nbsp;\u015arednie Wielkie<u>: Johyn Jolanta, Bo\u017cek Dorota<\/u><\/p>\n<p>9.Intencje Mszalne<\/p>\n<p>Pon.18.00 + Henryk Stach int.od Piotra Filipowicz z rodzin\u0105<\/p>\n<p>Wt.18.00 +Czes\u0142aw Armata int. od&nbsp; Anny i Grzegorza Pisarczyk<\/p>\n<p><strong>&nbsp;<\/strong><strong>Ur.NMP- Kr\u00f3lowej Polski<\/strong><\/p>\n<p>7.30&nbsp; O zdrowie Bo\u017ce b\u0142. i opiek\u0119 MB dla Antonigo i rodzic\u00f3w<\/p>\n<p>9.30&nbsp; +Janina Duplaga int. od rodziny Szajnowskich z &nbsp;Pora\u017ca<\/p>\n<p>12.00&nbsp;&nbsp; 1.Za bierzmowanych i parafian<\/p>\n<p>2.Z r\u00f3\u017cy Krystyny Str\u00f3\u017cak&nbsp; z pro\u015bb\u0105 o zdrowie Bo\u017ce b\u0142. i opiek\u0119 MB \u2013Kr\u00f3lowej Polski<\/p>\n<p>Czw.18.00 W intencjach OSP z \u0141ukowego o zdrowie Bo\u017ce b\u0142. i opiek\u0119 MB i patrona \u015aw. Floriana<\/p>\n<p>Pi\u0105.18.00 W intencjach uczni\u00f3w kl.3SP z racji komunii \u015aw. o zdrowie Bo\u017ce \u0142aski i Bo\u017ce b\u0142 int. od Pa\u0144 wychowawczy\u0144 Pani Marii Ogarek ,Pani Honoraty Chrz\u0105szcz \u2013 Zaj\u0105c.<\/p>\n<p>Sob .18.00 + Stanis\u0142aw Szlaga int. od wnuka Tomasza<\/p>\n<p>N.7.30&nbsp; O szcz\u0119\u015bliw\u0105 operacj\u0119&nbsp; dla Krystyny<\/p>\n<p>9.30 Z r\u00f3\u017cy Marka Kusiaka z pro\u015bb\u0105 o zdrowie Bo\u017ce b\u0142. i opiek\u0119 MB oraz za zmar\u0142ych braci<\/p>\n<p>11.00&nbsp; +Wac\u0142awa Mackiewicz od bratowej Jadwigi Mackiewicz<\/p>\n<p>Msze \u015aw. greg + Stanis\u0142awa Walko&nbsp; odprawiane poza parafi\u0105 i int. od u pogrzebu&nbsp; 1&nbsp; &#8211; 30 maja<\/p>\n<p><em>&nbsp; <\/em>&nbsp;&nbsp;&nbsp;&nbsp;&nbsp;&nbsp;&nbsp;&nbsp;&nbsp;&nbsp;&nbsp;&nbsp;&nbsp;&nbsp;&nbsp;&nbsp;&nbsp;&nbsp;&nbsp;&nbsp;&nbsp;&nbsp;&nbsp;&nbsp;&nbsp;&nbsp;&nbsp;&nbsp;&nbsp;&nbsp;&nbsp;&nbsp;&nbsp;&nbsp;&nbsp;&nbsp;&nbsp;&nbsp;&nbsp; &nbsp;<\/p>\n<p>&nbsp;&nbsp;&nbsp;&nbsp;&nbsp;&nbsp;&nbsp;&nbsp;&nbsp;&nbsp;&nbsp;&nbsp;&nbsp;&nbsp;&nbsp;&nbsp;&nbsp;&nbsp;&nbsp;&nbsp;&nbsp;&nbsp;&nbsp;&nbsp;&nbsp;&nbsp;&nbsp;&nbsp;&nbsp;&nbsp;&nbsp;&nbsp;&nbsp;&nbsp;&nbsp;&nbsp;&nbsp;&nbsp;&nbsp;&nbsp;&nbsp;&nbsp;&nbsp;&nbsp;&nbsp;&nbsp; &nbsp;&nbsp;&nbsp;<span style=\"color: #ff0000;\">&nbsp;&nbsp;&nbsp;&nbsp;&nbsp;&nbsp;&nbsp;&nbsp;&nbsp;3 N .Wielkanocy&nbsp; 23.04.2023r<\/span>.<\/p>\n<p>1.Dzisiaj rozpoczyna si\u0119 Tydzie\u0144 Biblijny .&nbsp; Msze \u015bw. w Ko\u015bciele Parafialnym wieczorem o godz.18.00 we czwartek i sobot\u0119&nbsp; rano o godz.7.00 w \u015arednim Wielkim&nbsp; w Czwartek o godz.18.00<\/p>\n<p>2. Jutro &nbsp;Ur. \u015awi\u0119tego Wojciecha bp i m\u0119czennika, patrona Polski przeniesiona z &nbsp;niedzieli 23.04.Odpust w Tarnawie.<\/p>\n<p>3.Za tydzie\u0144 Niedziela Dobrego Pasterza,kt\u00f3ra rozpoczyna Tydzien modlitw o powo\u0142ania do s\u0142u\u017cby w ko\u015bciele.<\/p>\n<p>4.Za tydzie\u0144 w niedziel\u0119 b\u0119dziemy prze\u017cywa\u0107 Ur.Pierwszej Komunii \u015aw.uczni\u00f3w kl.3 SP o godz.14.00 Msza \u015aw.Dzi\u0119kuj\u0119 za dar o\u0142tarza rodzicom &#8211; Ornat . B\u00f3g zap\u0142a\u0107. <strong>Spowied\u017a <\/strong>uczni\u00f3w komunijnych,rodzic\u00f3w i rodziny w Sobot\u0119 o godz.9.00<\/p>\n<p>5 We Wtorek spotkanie uczni\u00f3w kI. 3 SP&nbsp; z rodzicami w ko\u015bciele parafialnym&nbsp; godz.18.00<\/p>\n<p>6.Spotkanie w pi\u0105tek ministrant\u00f3w i lektor\u00f3w godz.18.00<\/p>\n<p>7.Sprz\u0105tanie ko\u015bcio\u0142a<\/p>\n<p>\u0141ukowe: Prosz\u0119 rodzic\u00f3w uczni\u00f3w kl.3 SP o przygotowanie wewn\u0105trz i na zewn\u0105trz K-\u0142a<\/p>\n<p>\u015arednie W.: Czech Agnieszka,Zajkowski J\u00f3zef<\/p>\n<p>8.Intencje mszalne.<\/p>\n<p>Pon.18.00 + Henryk Stach int. od rodzic\u00f3w<\/p>\n<p>Wt.18.00 +Piotr,Weronika,Marek \u015awi\u0119ch<\/p>\n<p>\u015ar.18.00 + Micha\u0142 Mach int, od firmy WPS<\/p>\n<p>Czw.7.00 W int. Panu Bogu wiadomej<\/p>\n<p>Czw.18.00 + Janina Duplaga int. od Anny , Danuty Szczuryk<\/p>\n<p>Pi\u0105.17.00 +El\u017cbieta i Mieczys\u0142aw Wo\u0142k int. od Anny i Marka Wo\u0142k<\/p>\n<p>Sob&nbsp; 7.00 +Franciszek Antolak int. od int. od Anny Kielniak z c\u00f3rkami<\/p>\n<p>N.7.30 +Jan i Stefani\u0119 Chmura<\/p>\n<p>9.30 +Czes\u0142aw Armata<\/p>\n<p>11.00 &nbsp;Za parafian<\/p>\n<p>14.00&nbsp; W int uczni\u00f3w kl.3SP ,kt\u00f3rzy prze\u017cywa\u0107 b\u0119d\u0105 I komuni\u0119 z pro\u015bb\u0105 o zdrowie o Bo\u017ce b\u0142. i opiek\u0119 MB&nbsp;&nbsp;&nbsp;&nbsp;&nbsp;&nbsp;<\/p>\n<p>&nbsp;&nbsp;&nbsp;&nbsp;&nbsp;&nbsp;&nbsp; &nbsp;&nbsp;&nbsp;&nbsp;&nbsp;&nbsp;&nbsp;&nbsp;&nbsp;&nbsp;&nbsp;&nbsp;&nbsp;&nbsp;&nbsp;&nbsp;&nbsp;&nbsp;&nbsp;&nbsp;&nbsp;&nbsp;&nbsp;&nbsp;&nbsp;&nbsp;&nbsp;&nbsp;&nbsp;&nbsp;&nbsp;&nbsp;<\/p>\n<p>&nbsp; &nbsp; &nbsp; &nbsp; &nbsp; &nbsp; &nbsp; &nbsp; &nbsp; &nbsp; &nbsp; &nbsp; &nbsp; &nbsp; &nbsp; &nbsp; &nbsp; &nbsp; &nbsp; &nbsp; &nbsp; &nbsp; &nbsp; &nbsp; &nbsp; &nbsp; &nbsp; &nbsp;<span style=\"color: #ff0000;\"> &nbsp; 2 &nbsp; NIEDZIELA WIELKANOCY&nbsp;&nbsp;&nbsp; 16.04. 2023r.<\/span><\/p>\n<p>1.Dzi\u015b Niedziela Mi\u0142osierdzia Bo\u017cego. Za odm\u00f3wienie Koronki do Bo\u017cego Mi\u0142osierdzia mo\u017cna zyska\u0107 Odpust Zupe\u0142ny .Rozpoczynamy Tydzie\u0144 Mi\u0142osierdzia. Dzi\u015b jak co roku \u2013 Zbi\u00f3rka do puszek.&nbsp;&nbsp;&nbsp;&nbsp;&nbsp;&nbsp;&nbsp;&nbsp;&nbsp;&nbsp;&nbsp;&nbsp;&nbsp;&nbsp;&nbsp;&nbsp;&nbsp;&nbsp;&nbsp;&nbsp;&nbsp;&nbsp;&nbsp; Zapraszam do ko\u015bcio\u0142a parafialnego o godz.15.00 na Koronk\u0119 do Bo\u017cego Mi\u0142osierdzia i procesj\u0119 na G\u00f3r\u0119 Mi\u0142osierdzia.<\/p>\n<p>2.Msze \u015bw. w Ko\u015bciele Parafialnym wieczorem o godz.18.00 we czwartek i sobot\u0119&nbsp; rano o godz.7.00 w \u015arednim Wielkim&nbsp; w \u015arod\u0119 o godz.19..00<\/p>\n<p>3.Sprz\u0105tanie ko\u015bcio\u0142a&nbsp;&nbsp;&nbsp;&nbsp;&nbsp;&nbsp;&nbsp;&nbsp;&nbsp;&nbsp;&nbsp;&nbsp;&nbsp;&nbsp;&nbsp;&nbsp;&nbsp;&nbsp;&nbsp;&nbsp;&nbsp;&nbsp;&nbsp;&nbsp;&nbsp;&nbsp;&nbsp;&nbsp;&nbsp;&nbsp;&nbsp;&nbsp;&nbsp;&nbsp;&nbsp;&nbsp;&nbsp;&nbsp;&nbsp;&nbsp;&nbsp;&nbsp;&nbsp;&nbsp;&nbsp;&nbsp;&nbsp;&nbsp;&nbsp;&nbsp;&nbsp;&nbsp;&nbsp;&nbsp;&nbsp;&nbsp;&nbsp;&nbsp;&nbsp;&nbsp;&nbsp;&nbsp;&nbsp;&nbsp;&nbsp;&nbsp;&nbsp;&nbsp;&nbsp;&nbsp;&nbsp;&nbsp;&nbsp;&nbsp;&nbsp;&nbsp;&nbsp;&nbsp;&nbsp;&nbsp;&nbsp;&nbsp;&nbsp;&nbsp;&nbsp;&nbsp;&nbsp;&nbsp;&nbsp;&nbsp;&nbsp;&nbsp;&nbsp;&nbsp;&nbsp;&nbsp;&nbsp;&nbsp;&nbsp;&nbsp;&nbsp;&nbsp;&nbsp;&nbsp;&nbsp;&nbsp;&nbsp;&nbsp;&nbsp;&nbsp;&nbsp;&nbsp;&nbsp;&nbsp;&nbsp;&nbsp;&nbsp;&nbsp;&nbsp;&nbsp;&nbsp;&nbsp; &nbsp; &nbsp; &nbsp; &nbsp; &nbsp; &nbsp; &nbsp; &nbsp; &nbsp; &nbsp; &nbsp; &nbsp; &nbsp; &nbsp; &nbsp; &nbsp; &nbsp; &nbsp; &nbsp; &nbsp; &nbsp; &nbsp; &nbsp; &nbsp; &nbsp; <strong>\u0141ukowe <\/strong>: Bi\u0142as Barbara,Fal Regina,Mo\u0142czan Agnieszka<\/p>\n<p><strong>\u015arednie Wielkie<\/strong> :&nbsp; Dudziak Zofia, Domaradzka Ewelina<\/p>\n<p>4.Intencje Mszalne<\/p>\n<p>Pon.18.00&nbsp; + J\u00f3zef\u0119 i Franciszek Stusik<\/p>\n<p>Wt.18.00 + Stefania i Jan Chmura w kol. rocz.\u015bmierci&nbsp; int.od Syna z rodzin\u0105<\/p>\n<p>\u015ar.18.00 +Henryk Stach int. od rodziny Kustr\u00f3w<\/p>\n<p>Czw. 7.00 +Zygmunt Sadlik<\/p>\n<p>Czw.18.00 + W\u0142adys\u0142aw i Anastazja Raczkowscy i Micha\u0142 i Rozalia Homa<\/p>\n<p>Pi\u0105. 18.00 + Micha\u0142 Mach int. od syna \u0141ukasza z rodzin\u0105<\/p>\n<p>Sob. 7.00 +Helena Wierzcho\u0142owska int. od rodziny Su\u0142kowskich<\/p>\n<p>N.7.30 + Stanis\u0142aw Kusiak w&nbsp; rocz. \u015bmierci int. od \u017cony<\/p>\n<p>9.30 +Wojciech Fiut int. od c\u00f3rki Doroty<\/p>\n<p>11.00 Z r\u00f3\u017cy Tadeusza Antolak o zdrowie Bo\u017ce b\u0142. i opiek\u0119 MB dla braci oraz za zmar\u0142ych braci r\u00f3\u017ca\u0144cowych o \u017cycie wieczne. Za parafian.<\/p>\n<p>5.W pi\u0105tek spotkanie uczni\u00f3w kI. 3 SP&nbsp; z rodzicami w ko\u015bciele parafialnym &nbsp;godz.17.00<\/p>\n<p>6.W niedziel\u0119 23.04. po sumie spotkanie z rodzicami&nbsp; uczni\u00f3w kl 8 SP w ko\u015bciele parafialnym.<\/p>\n<p>&nbsp;<\/p>\n<p>&nbsp;<\/p>\n<p><span style=\"color: #ff0000;\">&nbsp; &nbsp; &nbsp; &nbsp; &nbsp; &nbsp; &nbsp; &nbsp; &nbsp; &nbsp; &nbsp; &nbsp; &nbsp; &nbsp; &nbsp; &nbsp; &nbsp; &nbsp; &nbsp; &nbsp; &nbsp; &nbsp; &nbsp; &nbsp; &nbsp; &nbsp; &nbsp; &nbsp; &nbsp; &nbsp; &nbsp;&nbsp;&nbsp; <\/span><strong><span style=\"color: #ff0000;\">WIELKANOC&nbsp;&nbsp;&nbsp; 10.04. 2023r.<\/span> &nbsp;&nbsp;&nbsp;&nbsp;&nbsp;&nbsp;&nbsp;&nbsp;&nbsp;&nbsp;&nbsp;&nbsp;&nbsp;&nbsp;&nbsp;&nbsp;&nbsp;&nbsp;&nbsp;&nbsp;&nbsp;&nbsp;&nbsp;&nbsp;&nbsp;&nbsp;&nbsp;&nbsp;&nbsp;&nbsp;&nbsp;&nbsp;&nbsp;&nbsp;&nbsp;&nbsp;&nbsp;&nbsp;&nbsp;&nbsp;&nbsp;&nbsp;&nbsp;&nbsp;&nbsp;&nbsp;&nbsp;&nbsp;&nbsp;&nbsp;&nbsp;&nbsp;&nbsp;&nbsp;&nbsp;&nbsp;&nbsp;&nbsp;&nbsp;&nbsp;&nbsp;&nbsp;&nbsp;&nbsp;&nbsp;&nbsp;&nbsp;&nbsp;&nbsp;&nbsp;&nbsp;&nbsp;&nbsp;&nbsp;&nbsp;&nbsp;&nbsp;&nbsp;&nbsp;&nbsp;&nbsp;&nbsp;&nbsp;&nbsp;&nbsp;&nbsp;&nbsp;&nbsp;&nbsp;&nbsp;&nbsp;&nbsp;&nbsp;&nbsp;&nbsp;&nbsp;&nbsp;&nbsp;&nbsp;&nbsp;&nbsp;&nbsp;&nbsp;&nbsp;&nbsp;&nbsp;&nbsp;&nbsp;&nbsp;&nbsp;<br \/>\n<\/strong><\/p>\n<p><strong>&nbsp;&nbsp;&nbsp;&nbsp; <\/strong>1.Msze \u015bw. w Ko\u015bciele Parafialnym. W Poniedzia\u0142ek Wielkanocny&nbsp; o godz.7.30,11.00&nbsp;&nbsp;&nbsp;&nbsp;&nbsp;&nbsp;&nbsp;&nbsp;&nbsp;&nbsp;&nbsp;&nbsp;&nbsp;&nbsp;&nbsp;&nbsp;&nbsp;&nbsp;&nbsp;&nbsp;&nbsp;&nbsp;&nbsp;&nbsp;&nbsp;&nbsp;&nbsp;&nbsp;&nbsp;&nbsp;&nbsp; &nbsp; &nbsp; &nbsp; &nbsp; &nbsp;&nbsp;&nbsp; a w&nbsp; \u015arednim&nbsp; Wielkim o godz. 9.30 a w pozosta\u0142e dni tygodnia&nbsp; o godz.18.00<\/p>\n<p>2.W Pon. Wielkanocny&nbsp; czyli jutro po Sumie procesja na cmentarz jak b\u0119dzie pogoda.<\/p>\n<p>3.Rozpoczyna si\u0119 Bia\u0142y Tydzie\u0144 \u2013Oktawa Wielkanocy, kt\u00f3ra jest przed\u0142u\u017ceniem \u015bwi\u0119towania pami\u0105tki Zmartwychwstania Pana Jezusa. W Pi\u0105tek nie obowi\u0105zuje wstrzemi\u0119\u017aliwo\u015b\u0107 od pokarm\u00f3w mi\u0119snych.<\/p>\n<p>4.Od pi\u0105tku do niedzieli w Sanoku b\u0119dzie,, SMAP &#8221; &#8211; Spotkanie m\u0142odych.&nbsp;&nbsp;&nbsp;&nbsp;&nbsp;&nbsp;&nbsp;&nbsp;&nbsp;&nbsp; &nbsp;&nbsp;&nbsp;&nbsp;&nbsp;&nbsp;&nbsp;&nbsp;&nbsp;&nbsp;&nbsp;&nbsp;&nbsp;&nbsp;&nbsp;&nbsp;&nbsp;&nbsp;&nbsp;&nbsp;&nbsp;&nbsp;&nbsp;&nbsp;&nbsp;&nbsp;&nbsp;&nbsp;&nbsp;&nbsp;&nbsp;&nbsp;&nbsp;&nbsp;&nbsp;&nbsp;&nbsp;&nbsp;&nbsp;&nbsp;&nbsp;&nbsp;&nbsp;&nbsp;&nbsp;&nbsp;&nbsp;&nbsp; 5.Sprz\u0105tanie ko\u015bcio\u0142a&nbsp;&nbsp;&nbsp;&nbsp;&nbsp;&nbsp;&nbsp;&nbsp;&nbsp;&nbsp;&nbsp;&nbsp;&nbsp;&nbsp;&nbsp;&nbsp;&nbsp;&nbsp;&nbsp;&nbsp;&nbsp;&nbsp;&nbsp;&nbsp;&nbsp;&nbsp;&nbsp;&nbsp;&nbsp;&nbsp;&nbsp;&nbsp;&nbsp;&nbsp;&nbsp;&nbsp;&nbsp;&nbsp;&nbsp;&nbsp;&nbsp;&nbsp;&nbsp;&nbsp;&nbsp;&nbsp;&nbsp;&nbsp;&nbsp;&nbsp;&nbsp;&nbsp;&nbsp;&nbsp;&nbsp;&nbsp;&nbsp;&nbsp;&nbsp;&nbsp;&nbsp;&nbsp;&nbsp;&nbsp;&nbsp;&nbsp;&nbsp;&nbsp;&nbsp;&nbsp;&nbsp;&nbsp;&nbsp;&nbsp;&nbsp;&nbsp;&nbsp;&nbsp;&nbsp;&nbsp;&nbsp;&nbsp;&nbsp;&nbsp;&nbsp;&nbsp;&nbsp;&nbsp;&nbsp;&nbsp;&nbsp;&nbsp;&nbsp;&nbsp;&nbsp;&nbsp;&nbsp;&nbsp;&nbsp;&nbsp;&nbsp;&nbsp;&nbsp;&nbsp;&nbsp;&nbsp;&nbsp; &nbsp;&nbsp;&nbsp;&nbsp;&nbsp;&nbsp;&nbsp;&nbsp;&nbsp;&nbsp;&nbsp;&nbsp;&nbsp;&nbsp;&nbsp;&nbsp;&nbsp;&nbsp;&nbsp;&nbsp;&nbsp;&nbsp; &nbsp; &nbsp; &nbsp; &nbsp; &nbsp; &nbsp; &nbsp; &nbsp; &nbsp; &nbsp; &nbsp; &nbsp; &nbsp; &nbsp; &nbsp; &nbsp; &nbsp; &nbsp; &nbsp; &nbsp;&nbsp;&nbsp; <strong>\u0141ukowe<\/strong>: Stusik Ma\u0142gorzata,Stusik Ewa,Stusik El\u017cbieta<\/p>\n<p><strong>\u015arednie Wielkie<\/strong> :Dziubak maria,Kusiak Izabela<\/p>\n<p>6 Intencje Mszalne&nbsp;&nbsp;&nbsp;&nbsp;&nbsp;&nbsp;&nbsp;&nbsp;&nbsp;&nbsp;&nbsp;&nbsp;&nbsp;&nbsp;&nbsp;&nbsp;&nbsp;&nbsp;&nbsp;&nbsp;&nbsp;&nbsp;&nbsp;&nbsp;&nbsp;&nbsp;&nbsp;&nbsp;&nbsp;&nbsp;&nbsp;&nbsp;&nbsp;&nbsp;&nbsp;&nbsp;&nbsp;&nbsp;&nbsp;&nbsp;&nbsp;&nbsp;&nbsp;&nbsp;&nbsp;&nbsp;&nbsp;&nbsp;&nbsp;&nbsp;&nbsp;&nbsp;&nbsp;&nbsp;&nbsp;&nbsp;&nbsp;&nbsp;&nbsp;&nbsp;&nbsp;&nbsp;&nbsp;&nbsp;&nbsp;&nbsp;&nbsp;&nbsp;&nbsp;&nbsp;&nbsp;&nbsp;&nbsp;&nbsp;&nbsp;&nbsp;&nbsp;&nbsp;&nbsp;&nbsp;&nbsp;&nbsp;&nbsp;&nbsp;&nbsp;&nbsp;&nbsp;&nbsp;&nbsp;&nbsp;&nbsp;&nbsp;&nbsp;&nbsp;&nbsp;&nbsp;&nbsp;&nbsp;&nbsp;&nbsp;&nbsp;&nbsp;&nbsp;&nbsp;&nbsp;&nbsp;&nbsp;&nbsp;&nbsp;&nbsp;&nbsp;&nbsp;&nbsp;&nbsp;&nbsp;&nbsp;&nbsp;&nbsp;&nbsp;&nbsp;&nbsp;&nbsp;&nbsp;&nbsp;&nbsp;&nbsp;&nbsp;&nbsp;&nbsp;&nbsp;&nbsp;&nbsp;&nbsp;&nbsp;&nbsp;&nbsp;&nbsp;&nbsp;&nbsp;<\/p>\n<p><strong>Po\u0144. Wielkanocny<\/strong>&nbsp; <strong>&nbsp;7.30 <\/strong>W int.Heleny i Stanis\u0142awa&nbsp; Izdebskich w 53 rocznica zawarcia sak ma\u0142\u017ce\u0144stwa z pro\u015bb\u0105 o zdrowie Bo\u017ce b\u0142. i opiek\u0119 MB<\/p>\n<p><strong>9.30<\/strong>&nbsp; O zdrowie Bo\u017ce b\u0142ogos\u0142awie\u0144stwo i opiek\u0119 MB dla rodziny<\/p>\n<p><strong>11.00<\/strong>&nbsp;&nbsp; +Halina Stach , Albin,Piotr,, Wies\u0142aw i Krystyna int. od Andrzeja z rodzin\u0105<\/p>\n<p>Wt. 18.00 +Danut\u0119 i Adam \u015acibor w kol. rocznic\u0119 \u015bmierci<\/p>\n<p>\u015ar.18.00&nbsp; O \u0142ask\u0119 zdrowia dla Stanis\u0142awa<\/p>\n<p>Czw. 18..00 W 40 rocznic\u0119 zawarcia sak. ma\u0142. Lucyny i J\u00f3zefa z pro\u015bb\u0105 o zdrowie Bo\u017ce b\u0142.&nbsp; i opiek\u0119 MB<\/p>\n<p>Pi\u0105.&nbsp;&nbsp; 18.00 +Franciszek i Kamila Siedleccy<\/p>\n<p>Sob. 18.00&nbsp;&nbsp; + Jadwiga i Jaros\u0142aw Podolak,+Katarzyna i Stanis\u0142aw Nawrocki<\/p>\n<p>N . 7.30&nbsp; +J\u00f3zef i Wojciech w rocznic\u0119 \u015bmierci<\/p>\n<p>9.30 + W\u0142adys\u0142aw Piekutowski int. od \u017cony i dzieci<\/p>\n<p>11.00 +J\u00f3zef Gajda w 2 rocznic\u0119 \u015bmierci int. od c\u00f3rki Barbary z rodzin\u0105.&nbsp; Za parafian.<\/p>\n<p><strong>&nbsp;<\/strong><\/p>\n<p><strong>&nbsp;<\/strong><\/p>\n<p><strong>&nbsp;<\/strong><\/p>\n<p><strong>&nbsp;<\/strong><\/p>\n<p><strong>&nbsp;<\/strong><\/p>\n<p><strong>&nbsp;<\/strong><\/p>\n<p>&nbsp; &nbsp; &nbsp; &nbsp; &nbsp; &nbsp; &nbsp; &nbsp; &nbsp; &nbsp; &nbsp; &nbsp; &nbsp; &nbsp; &nbsp; &nbsp; &nbsp; &nbsp; &nbsp; &nbsp; &nbsp; &nbsp; &nbsp; &nbsp; &nbsp; &nbsp; &nbsp; &nbsp; &nbsp; &nbsp; &nbsp; &nbsp;<\/p>\n<p>&nbsp;<\/p>\n<p>&nbsp;<\/p>\n<p>&nbsp;<\/p>\n<p>&nbsp;<\/p>\n<p>&nbsp;<\/p>\n<p>&nbsp;<\/p>\n<p>&nbsp;<\/p>\n<p>&nbsp;<\/p>\n<p>&nbsp;<\/p>\n<p><strong>&nbsp;&nbsp;&nbsp;&nbsp;&nbsp;&nbsp;&nbsp;&nbsp;&nbsp;&nbsp;&nbsp;&nbsp;&nbsp;&nbsp;&nbsp;&nbsp;&nbsp;&nbsp;&nbsp;&nbsp;&nbsp;&nbsp;&nbsp;&nbsp;&nbsp;&nbsp;&nbsp;&nbsp;&nbsp;&nbsp;&nbsp;&nbsp;&nbsp;&nbsp;&nbsp;&nbsp;&nbsp;&nbsp;&nbsp;&nbsp;&nbsp;&nbsp;&nbsp;&nbsp;&nbsp;&nbsp;&nbsp;&nbsp;&nbsp;&nbsp;&nbsp;&nbsp;&nbsp;&nbsp;&nbsp;&nbsp;<span style=\"color: #ff0000;\">&nbsp; Niedziela Palmowa 02.04. 2023r.<\/span><\/strong><\/p>\n<p>1.Msza \u015aw.w Pon 18.00 we Wt.7.00,Wielka \u015ar .17.00 &#8211; Msza \u015bw. i Droga Krzy\u017cowa na <strong>G\u00f3r\u0119 Mi\u0142osierdzia.<\/strong><\/p>\n<p><strong>2.Triduum Paschalne<\/strong>.<\/p>\n<p><strong><u>\u015arednie Wielkie<\/u><\/strong>&nbsp; -Wielki Czw. ,Wielki Pi\u0105tek&nbsp; o g. <strong><u>16.00,<\/u><\/strong> W. Sobota o<strong><u> g. 20.00<\/u><\/strong><\/p>\n<p><strong>\u0141ukowe<\/strong>&nbsp;&nbsp;&nbsp; &#8211; Wielki Czw., Wielki Pi\u0105tek&nbsp; ,Sobota&nbsp; o <strong><u>g<\/u>.18.00&nbsp;&nbsp;&nbsp;&nbsp;&nbsp;&nbsp;&nbsp;&nbsp;&nbsp;&nbsp;&nbsp;&nbsp;&nbsp;&nbsp;&nbsp;&nbsp;&nbsp;&nbsp;&nbsp;&nbsp;&nbsp;&nbsp;&nbsp;&nbsp;&nbsp;&nbsp;&nbsp;&nbsp;&nbsp;&nbsp;&nbsp;&nbsp;&nbsp;&nbsp;&nbsp;&nbsp;&nbsp;&nbsp;&nbsp;&nbsp;&nbsp;<\/strong><\/p>\n<ol start=\"3\">\n<li><strong><u> Po\u015bwi\u0119cenie pokarm\u00f3w<\/u><\/strong><\/li>\n<li><strong> Sobota<\/strong> ,\u0141ukowe o godz<strong>. 9.00, 11.00<\/strong><\/li>\n<\/ol>\n<p><strong>\u015arednie W<\/strong>. &#8211; \u015awietlica o godz.<strong>9.30,<\/strong> Ko\u015bci\u00f3\u0142,o godz. <strong>9.45,<\/strong> Kalnica g.<strong>10.00 \u015awietlica<\/strong><\/p>\n<p>4.Adoracja Naj\u015bwi\u0119tszego&nbsp; Sak.w Ciemnicy i przy Bo\u017cym Grobie, do <strong><u>22.00<\/u>,<\/strong> rano od g.<strong><u>8.00<\/u><\/strong><\/p>\n<p>5.Ofiary zebrane przy adoracji krzy\u017ca jak co roku przeznaczone na renowacj\u0119<\/p>\n<p>&nbsp;zabytk\u00f3w&nbsp; Kustodii Ziemi \u015awi\u0119tej<\/p>\n<p>6.Do trzymania Warty przy BG zapraszam <strong>OSP.<\/strong><\/p>\n<p>&nbsp;&nbsp; Prosz\u0119 ,aby Stra\u017cacy przygotowali ognisko&nbsp; na Liturgi\u0119 W. Soboty<\/p>\n<p>7.Sprz\u0105tanie Ko\u015bcio\u0142a i ubranie Ciemnicy i BG.<\/p>\n<p><strong>\u0141ukowe: <\/strong>Prosz\u0119 rodzic\u00f3w uczni\u00f3w kl.8 SP ,aby przygotowa\u0142y Ciemnic\u0119 i Gr\u00f3b PJ na \u015awi\u0119ta Wielkanocne. Prosz\u0119 rodzic\u00f3w ,aby obci\u0119li krzewy wok\u00f3\u0142 ko\u015bcio\u0142a.<\/p>\n<p><strong>\u015arednie Wielkie:<\/strong> Prosz\u0119 Ko\u0142o Gospody Wiejskiej w Kalnicy ,aby przygotowa\u0142y Ciemnic\u0119 i Gr\u00f3b PJ na&nbsp; \u015awi\u0119ta Wielkanocne<\/p>\n<p>Intencje mszalne:<\/p>\n<p>Pon.18.00 + W\u0142adys\u0142awa Molek int. od rodziny<\/p>\n<p>Wt.7.00 + Henryk Stach int. od chrze\u015bnicy<\/p>\n<p>\u015ar.17.00 +&nbsp; Jan Molek int. od rodziny.<\/p>\n<p>Wielki Czw \u015arednie W.16.00&nbsp; + Janina Duplaga int. od Jacka Stacha z rodzin\u0105<\/p>\n<p>18.00 +Heleny Kabala int. od si\u00f3str r\u00f3\u017ca\u0144cowych<\/p>\n<p>Pi\u0105.16.00 i 18.00&nbsp; Adoracja Krzy\u017ca<\/p>\n<p><strong>Wielka Sobota<\/strong><\/p>\n<p><strong>\u0141ukowe 18.00<\/strong> + Ignacy,Marek Rosiek, Ferdynand Matusik ,Tomasz Bysiewicz int. od Marii Rosiek<\/p>\n<p><strong>\u015arednie W.20.00<\/strong> +Janina Duplaga int.od Bogus\u0142awy i W\u0142adys\u0142awa&nbsp; Galica<\/p>\n<p><strong>&nbsp;&nbsp;&nbsp; Rezurekcja<\/strong><\/p>\n<p>&nbsp;<strong>6.00<\/strong> +Wies\u0142aw i&nbsp;&nbsp; Stanis\u0142aw Szlaga int. od rodziny<\/p>\n<p><strong>9.30<\/strong> + Janina Duplaga int. od syna Janusza z&nbsp; rodzin\u0105<\/p>\n<p><strong>11.00<\/strong> &nbsp;+Krystyna, Franciszek i Stanis\u0142aw Walko<\/p>\n<p>&nbsp;<\/p>\n<p><strong>&nbsp;Uczniowie kl.8 SP w<\/strong> Wielki Pi\u0105tek otrzymaj\u0105 krzy\u017ce ,kt\u00f3re zostan\u0105 po\u015bwi\u0119cone.<\/p>\n<p>&nbsp;<\/p>\n<p>Dzi\u015b 02- kwietnia&nbsp; przypada 18 rocznica \u015bmierci \u015aw. JP II ,na godz.15.00 do ko\u015bcio\u0142a zapraszam na Koronk\u0119 do Bo\u017cego Mi\u0142osierdzia, aby si\u0119 modli\u0107 w obronie \u015aw. JPII i Ko\u015bcio\u0142a , b\u0119dzie mo\u017cliwo\u015b\u0107 uca\u0142owania relikwii&nbsp; \u015aw. JPII.<\/p>\n<p>&nbsp;&nbsp;&nbsp;&nbsp;&nbsp;&nbsp;&nbsp;&nbsp;&nbsp;&nbsp;&nbsp;&nbsp;&nbsp;&nbsp;&nbsp;&nbsp;&nbsp;&nbsp;&nbsp;&nbsp;&nbsp;&nbsp;&nbsp;&nbsp;&nbsp;&nbsp;&nbsp;&nbsp;&nbsp;&nbsp;&nbsp;&nbsp;&nbsp;&nbsp;&nbsp;&nbsp;&nbsp;&nbsp;&nbsp;&nbsp;&nbsp;&nbsp;&nbsp;&nbsp;&nbsp;&nbsp;&nbsp;&nbsp;&nbsp;&nbsp;&nbsp;&nbsp;&nbsp;&nbsp;<span style=\"color: #ff0000;\">&nbsp; 5 N.Wielkiego Postu&nbsp; 26.03. 2023r.<\/span><\/p>\n<p>1.Msze \u015bw.w Ko\u015bciele Parafialnym&nbsp; w &nbsp;Pon. Cz. i Sob o godz.7.00 pozosta\u0142e dni&nbsp; tyg.o godz.17.00, a &nbsp;w \u015arednim&nbsp; W.,w \u015arod\u0119, Msza \u015aw. i Droga Krzy\u017cowa o &nbsp;godz.18.00, a w \u0141ukowem w Pi\u0105tek godz.17.00. Gorzkie \u017bale w Niedziel\u0119.<\/p>\n<ol start=\"2\">\n<li>W tym tygodniu przypada 1S. miesi\u0105ca<\/li>\n<\/ol>\n<p><span style=\"color: #ff0000;\"><strong>3.Spowied\u017a parafialna w Sobot\u0119 01.04&nbsp; &#8211; \u0141ukowe &nbsp;&nbsp;9.00-12.00, przerwa w spowiedzi od 10.30 \u2013 11.00,&nbsp; \u015arednie W.&nbsp; 9.30-11.30<\/strong><\/span><\/p>\n<p>4.&nbsp; <strong>Za tydzie\u0144 -Niedziela M\u0119ki Pa\u0144skiej<\/strong> &#8211; Niedziela Palmowa. Po\u015bwi\u0119cenie Palm na ka\u017cdej Mszy \u015bw. &nbsp; &nbsp; &nbsp; &nbsp; &nbsp; &nbsp; &nbsp; &nbsp; &nbsp; &nbsp; &nbsp; &nbsp; &nbsp; &nbsp; &nbsp; &nbsp; &nbsp; &nbsp; &nbsp; &nbsp; &nbsp; &nbsp; &nbsp; &nbsp; &nbsp; &nbsp; &nbsp; &nbsp; &nbsp; &nbsp; &nbsp; &nbsp; &nbsp; &nbsp; &nbsp; &nbsp; &nbsp; &nbsp; &nbsp; &nbsp; &nbsp; &nbsp; &nbsp; &nbsp; &nbsp; &nbsp; &nbsp; &nbsp; &nbsp; &nbsp; &nbsp; &nbsp; &nbsp; &nbsp; &nbsp; &nbsp; &nbsp; &nbsp; &nbsp; &nbsp; &nbsp;<\/p>\n<p>5.Sprz\u0105tanie ko\u015bcio\u0142a&nbsp;&nbsp;&nbsp;&nbsp;&nbsp;&nbsp;&nbsp;&nbsp;&nbsp;&nbsp;&nbsp;&nbsp;&nbsp;&nbsp;&nbsp;&nbsp;&nbsp;&nbsp;&nbsp;&nbsp;&nbsp;&nbsp;&nbsp;&nbsp;&nbsp;&nbsp;&nbsp;&nbsp;&nbsp;&nbsp;&nbsp;&nbsp;&nbsp;&nbsp;&nbsp;&nbsp;&nbsp;&nbsp;&nbsp;&nbsp;&nbsp;&nbsp;&nbsp;&nbsp;&nbsp;&nbsp;&nbsp;&nbsp;&nbsp;&nbsp;&nbsp;&nbsp;&nbsp;&nbsp;&nbsp;&nbsp;&nbsp;&nbsp;&nbsp;&nbsp;&nbsp;&nbsp;&nbsp;&nbsp;&nbsp;&nbsp;&nbsp;&nbsp;&nbsp;&nbsp;&nbsp;&nbsp;&nbsp;&nbsp;&nbsp;&nbsp;&nbsp;&nbsp;&nbsp;&nbsp;&nbsp;&nbsp;&nbsp;&nbsp;&nbsp;&nbsp;&nbsp;&nbsp;&nbsp;&nbsp;&nbsp;&nbsp;&nbsp;&nbsp;&nbsp;&nbsp;&nbsp;&nbsp;&nbsp;&nbsp;&nbsp;&nbsp;&nbsp;&nbsp;&nbsp;&nbsp;&nbsp;&nbsp;&nbsp;&nbsp;&nbsp; &nbsp;&nbsp;&nbsp;&nbsp;&nbsp;&nbsp;&nbsp;&nbsp;&nbsp;&nbsp;&nbsp;&nbsp;&nbsp;&nbsp;&nbsp;&nbsp;&nbsp;&nbsp;&nbsp;&nbsp;&nbsp;&nbsp;&nbsp;&nbsp;<\/p>\n<p>&nbsp;&nbsp;<strong>\u0141ukowe <\/strong>: Stusik Ma\u0142gorzata, Stusik Magdalena, Antolak Renata<\/p>\n<p>&nbsp;Prosz\u0119&nbsp; ju\u017c rodzic\u00f3w uczni\u00f3w kl.8 SP ,aby przygotowali Ciemnic\u0119 i Gr\u00f3b PJ. na \u015awi\u0119ta Wielkanocne<\/p>\n<p><strong>\u015arednie Wielkie<\/strong> : \u0141uczejko&nbsp; Natalia,P\u0142oska Dorota Prosz\u0119 ju\u017c&nbsp; Ko\u0142o Gospody Wiejskiej w Kalnicy ,aby przygotowali Ciemnic\u0119 i Gr\u00f3b PJ na&nbsp; Triduum Paschalne.<\/p>\n<p>6.<strong>Intencje Mszalne<\/strong><\/p>\n<p><strong>Pon.7.00&nbsp; <\/strong>+ Antoni Pa\u0142asz w 8 rocznic\u0119 \u015bmierci int. od rodziny Pa\u0142asz<\/p>\n<p>Wt.17.00 + Henryk Stach int. od Janiny&nbsp; Mach&nbsp; &#8211; Te\u015bciowej<\/p>\n<p>\u015ar.17.00 + Barbar\u0119 i Ryszarda Zieli\u0144skich int. od przyjaci\u00f3\u0142<\/p>\n<p><strong>\u015ar.18.00<\/strong> +Janin\u0119 Duplaga int. od Agnieszki i Rados\u0142awa Niepok\u00f3j<\/p>\n<p>Cw.7.00 +Zygmunt Drews w kol.rocznic\u0119 \u015bmierci int. od siostry z rodzin\u0105<\/p>\n<p>Pi\u0105.17.00 W intencji Panu Bogu wiadomej<\/p>\n<p>Sob.7.00&nbsp; + Micha\u0142 Mach int. od koleg\u00f3w i kole\u017canek \u0141ukasza z plac\u00f3wki Stra\u017cy Granicznej<\/p>\n<p>N.7.30&nbsp; + Halina Stach w 1 rocznic\u0119 \u015bmierci int. Od c\u00f3rki Anny z m\u0119\u017cem<\/p>\n<p>9.30 +Jan Klepczy\u0144ski 6 rocznica \u015bmierci int. od \u017cony i dzieci<\/p>\n<p>11.00&nbsp;&nbsp;&nbsp; Za parafian<\/p>\n<p><strong>W Rzepedzi<\/strong> w O\u015brodku Rekolekcyjnym&nbsp; odb\u0119dzie si\u0119 Kurs przedma\u0142\u017ce\u0144ski od 31-marca &nbsp;<\/p>\n<p>&nbsp; do&nbsp; 2.04.2023r.&nbsp;&nbsp;&nbsp;&nbsp;&nbsp;&nbsp;&nbsp;&nbsp;&nbsp;&nbsp;&nbsp;&nbsp;&nbsp;&nbsp;&nbsp;&nbsp;&nbsp;&nbsp;&nbsp;&nbsp;&nbsp;&nbsp;&nbsp;&nbsp;&nbsp;&nbsp;&nbsp;&nbsp;&nbsp;&nbsp;&nbsp;&nbsp;&nbsp;&nbsp;&nbsp;&nbsp;&nbsp;&nbsp;&nbsp;&nbsp;&nbsp;&nbsp;&nbsp;&nbsp;&nbsp;&nbsp;&nbsp;&nbsp;&nbsp;&nbsp;&nbsp;&nbsp;&nbsp;&nbsp;&nbsp;&nbsp;&nbsp;&nbsp;&nbsp;&nbsp;&nbsp;&nbsp;&nbsp;&nbsp;&nbsp;&nbsp;&nbsp;&nbsp;&nbsp;&nbsp;&nbsp;&nbsp;&nbsp;&nbsp;&nbsp;&nbsp;&nbsp;&nbsp;&nbsp;&nbsp;&nbsp;&nbsp;&nbsp;&nbsp;&nbsp;<\/p>\n<p><strong>&nbsp;&nbsp;Za tydzie\u0144<\/strong> przypada 18 rocznica \u015bmierci \u015aw.JPII. &nbsp;\u015awi\u0119ty Zmar\u0142 2,04.2005 r. o godz.21.37,za tydzie\u0144 zapraszam na godz.15,00 na Koronk\u0119 do Bo\u017cego Mi\u0142osierdzia,aby modli\u0107 si\u0119 w obronie \u015aw. JP II i Ko\u015bcio\u0142a.<\/p>\n<p><strong>S\u0105 do nabycia<\/strong> Paschaliki Wielkanocne i mi\u00f3d .<\/p>\n<p style=\"text-align: left;\"><strong>&nbsp;&nbsp;&nbsp;&nbsp;&nbsp;&nbsp;&nbsp;&nbsp;&nbsp;&nbsp;&nbsp;&nbsp;&nbsp;&nbsp;&nbsp;&nbsp;&nbsp;&nbsp;&nbsp;&nbsp;&nbsp;&nbsp;&nbsp;&nbsp;&nbsp;&nbsp;&nbsp;&nbsp;&nbsp;&nbsp;&nbsp;&nbsp;&nbsp;&nbsp;&nbsp;&nbsp;&nbsp;&nbsp;&nbsp;&nbsp;&nbsp;&nbsp;&nbsp;<span style=\"color: #ff0000;\">&nbsp;&nbsp;&nbsp;&nbsp;&nbsp; REKOLEKCJE&nbsp; PARAFIALNE&nbsp; I SZKOLNE <\/span><\/strong><span style=\"color: #ff0000;\"><strong>24&nbsp; \u2013&nbsp; 26. 03. 2023 r.<\/strong><\/span><\/p>\n<p><span style=\"color: #ff0000;\"><strong>&nbsp;&nbsp;&nbsp;&nbsp;&nbsp;&nbsp;&nbsp;&nbsp;&nbsp;&nbsp;&nbsp;&nbsp;&nbsp;&nbsp;&nbsp;&nbsp;&nbsp;&nbsp;&nbsp;&nbsp;&nbsp;&nbsp;&nbsp;&nbsp;&nbsp;&nbsp;&nbsp;&nbsp;&nbsp;&nbsp;&nbsp;&nbsp;&nbsp;&nbsp;&nbsp;&nbsp;&nbsp;&nbsp;&nbsp;&nbsp;&nbsp;&nbsp;&nbsp;&nbsp;&nbsp;&nbsp;&nbsp;&nbsp;&nbsp;&nbsp;&nbsp;&nbsp;&nbsp;&nbsp;&nbsp;&nbsp;&nbsp;&nbsp;&nbsp;&nbsp;&nbsp;&nbsp;&nbsp;&nbsp;&nbsp;&nbsp;&nbsp;&nbsp;&nbsp;&nbsp;&nbsp;&nbsp;&nbsp;&nbsp;&nbsp;&nbsp;&nbsp;&nbsp;&nbsp;&nbsp;&nbsp;&nbsp;&nbsp;&nbsp;&nbsp;&nbsp;&nbsp;&nbsp;&nbsp;&nbsp;&nbsp;&nbsp;&nbsp;&nbsp;&nbsp;&nbsp;&nbsp; PI\u0104TEK<\/strong><\/span><\/p>\n<p>GODZ. 8.00 \u2013 9.30 &#8211; &nbsp;&nbsp;Nauka&nbsp; Rekolekcyjna w szkole &#8211; ,,0\u201d; kl.1; kl.2; kl.3; kl.4<\/p>\n<p>GODZ. 9.50 \u2013 11.00 &#8211;&nbsp;&nbsp; Nauka&nbsp; Rekolekcyjna w szkole&nbsp; &#8211; kl.5; kl.6; kl.7; kl.8<\/p>\n<p><strong>11.45 &#8211; <\/strong><strong>DROGA KRZY\u017bOWA W&nbsp; KO\u015aCIELE<\/strong><\/p>\n<p><strong>GODZ.16.00 <u>\u015aREDNIE &nbsp;W<\/u>. \u2013 <\/strong>DROGA KRZY\u017bOWA I MSZA \u015aW.&nbsp; Z&nbsp; NAUK\u0104 OG\u00d3LN\u0104 <strong>DLA PARAFIAN<\/strong><\/p>\n<p><strong>GODZ.18.00<\/strong>&nbsp;&nbsp;&nbsp;&nbsp;&nbsp; <strong>&nbsp;<u>\u0141UKOWE<\/u><\/strong> &nbsp;&nbsp;\u2013&nbsp; &nbsp;DROGA KRZY\u017bOWA<strong>&nbsp; I <\/strong>MSZA \u015aW. PO MSZY \u015aW NAUKA STANOWA&nbsp;&nbsp;&nbsp;&nbsp;&nbsp;&nbsp;&nbsp;&nbsp;&nbsp;&nbsp;&nbsp;&nbsp;&nbsp;&nbsp;&nbsp;&nbsp;&nbsp;&nbsp;&nbsp;&nbsp;&nbsp;&nbsp; Z NAUK\u0104 STANOW\u0104&nbsp; <strong>DLA&nbsp; MA\u0141\u017bE\u0143STW<\/strong><\/p>\n<p><strong>&nbsp;&nbsp;&nbsp;&nbsp;&nbsp;&nbsp;&nbsp;&nbsp;&nbsp;&nbsp;&nbsp;&nbsp;&nbsp;&nbsp;&nbsp;&nbsp;&nbsp;&nbsp;&nbsp;&nbsp;&nbsp;&nbsp;&nbsp;&nbsp;&nbsp;&nbsp;&nbsp;&nbsp;&nbsp;&nbsp;&nbsp;&nbsp;&nbsp;&nbsp;&nbsp;&nbsp;&nbsp;&nbsp;&nbsp;&nbsp;&nbsp;&nbsp;&nbsp;&nbsp;&nbsp;&nbsp;&nbsp;&nbsp;&nbsp;&nbsp;&nbsp;&nbsp;&nbsp;&nbsp;&nbsp;&nbsp;&nbsp;&nbsp;&nbsp;&nbsp;&nbsp;&nbsp;&nbsp;&nbsp;&nbsp;&nbsp;&nbsp;&nbsp;&nbsp;&nbsp;<span style=\"color: #ff0000;\">&nbsp; SOBOTA<\/span><\/strong><\/p>\n<p><strong>GODZ. 10.00&nbsp;&nbsp; <u>\u0141UKOWE<\/u> &nbsp;&nbsp;\u2013 &nbsp;MSZA \u015aW.Z NAUK\u0104 OG\u00d3LN\u0104 DLA CHORYCH.&nbsp;&nbsp;&nbsp;&nbsp; <\/strong><\/p>\n<p><strong>GODZ. 16.00&nbsp; <u>\u015aREDNIE W<\/u><\/strong>.- MSZA \u015aW Z NAUK\u0104 OG\u00d3LN\u0104&nbsp;<strong>DLA PARAFIAN<\/strong>&nbsp;&nbsp;&nbsp;&nbsp;&nbsp;&nbsp;&nbsp;&nbsp;&nbsp;&nbsp;&nbsp;&nbsp;&nbsp;&nbsp;&nbsp;&nbsp;&nbsp;&nbsp;&nbsp;&nbsp;&nbsp;&nbsp;&nbsp;&nbsp;&nbsp;&nbsp;<\/p>\n<p><strong>GODZ. 18.00<\/strong>&nbsp;&nbsp;&nbsp; <strong><u>\u0141UKOWE<\/u><\/strong> &nbsp;\u2013&nbsp;&nbsp;&nbsp; MSZA \u015aW.Z NAUK\u0104 OG\u00d3LN\u0104 <strong>DLA PARAFIAN<\/strong><\/p>\n<p><strong>P<\/strong><u>O MSZY \u015aW.&nbsp; NAUKA STANOWA<\/u> <strong><u>DLA kl.VI, VII, VIII SP<\/u>, <u>I M\u0141ODZIE\u017bY SZKOLNEJ I PRACUJ\u0104CEJ.<\/u><\/strong><\/p>\n<p><strong>&nbsp;&nbsp;&nbsp;&nbsp;&nbsp;&nbsp;&nbsp;&nbsp;&nbsp;&nbsp;&nbsp;&nbsp;&nbsp;&nbsp;&nbsp;&nbsp;&nbsp;&nbsp;&nbsp;&nbsp;&nbsp;&nbsp;&nbsp;&nbsp;&nbsp;&nbsp;&nbsp;&nbsp;&nbsp;&nbsp;&nbsp;&nbsp;&nbsp;&nbsp;&nbsp;&nbsp;&nbsp;&nbsp;&nbsp;&nbsp;&nbsp;&nbsp;&nbsp;&nbsp;&nbsp;&nbsp;&nbsp;&nbsp;&nbsp;&nbsp;&nbsp;&nbsp;&nbsp;&nbsp;&nbsp;&nbsp;&nbsp;&nbsp;&nbsp;&nbsp;&nbsp;&nbsp;&nbsp;&nbsp;&nbsp;&nbsp;&nbsp;&nbsp;&nbsp;&nbsp;&nbsp;&nbsp;&nbsp;&nbsp;&nbsp;&nbsp;&nbsp;&nbsp;&nbsp;&nbsp;&nbsp;&nbsp;&nbsp;&nbsp;&nbsp;&nbsp;&nbsp;&nbsp;&nbsp;&nbsp;&nbsp;&nbsp;&nbsp;&nbsp; <span style=\"color: #ff0000;\">NIEDZIELA<\/span><\/strong><\/p>\n<p><strong>GODZ. 7.30&nbsp;&nbsp;&nbsp;&nbsp;&nbsp;&nbsp; <u>\u0141UKOWE<\/u><\/strong>\u2013&nbsp; MSZA \u015aW.Z NAUK\u0104 OG\u00d3LN\u0104<strong> DLA PARAFIAN<\/strong><\/p>\n<p><strong>GODZ. 9.10<\/strong>&nbsp;&nbsp;&nbsp;&nbsp;&nbsp;&nbsp; <strong><u>\u015aREDNIE W.<\/u><\/strong> \u2013 GORZKIE \u017bALE I <strong>MSZA \u015aW, Z&nbsp; NAUK\u0104 <\/strong><\/p>\n<p><strong>OG\u00d3LN\u0104<\/strong> <strong>&nbsp;DLA<\/strong> &nbsp;<strong>PARAFIAN &nbsp;O <u>GODZ. \u2013&nbsp; 9.30<\/u><\/strong><\/p>\n<p><strong>GODZ. 11.00<\/strong> &nbsp;&nbsp;&nbsp;&nbsp; <strong><u>\u0141UKOWE<\/u><\/strong> \u2013&nbsp;&nbsp; MSZA \u015aW.<strong> Z KAZANIEM PASYJNYM DLA <\/strong><\/p>\n<p><strong>&nbsp;PARAFIAN I GORZKIE \u017bALE, ZAKO\u0143CZENIE&nbsp; REKOLEKCJI.<\/strong><\/p>\n<p><a href=\"https:\/\/lukowe.przemyska.pl\/wp-content\/uploads\/2023\/03\/REKOLEKCJE-2023.pdf\">REKOLEKCJE 2023<\/a><\/p>\n<p>&nbsp;&nbsp;&nbsp;&nbsp;&nbsp;&nbsp;&nbsp;&nbsp;&nbsp;&nbsp;&nbsp;&nbsp;&nbsp;&nbsp;&nbsp;&nbsp;&nbsp;&nbsp;&nbsp;&nbsp;&nbsp;&nbsp;&nbsp;&nbsp;&nbsp;&nbsp;&nbsp;&nbsp;&nbsp;&nbsp;&nbsp;&nbsp;&nbsp;&nbsp;&nbsp;&nbsp;&nbsp;&nbsp;&nbsp;&nbsp;&nbsp;&nbsp;&nbsp;&nbsp;&nbsp;&nbsp;&nbsp;&nbsp;&nbsp;&nbsp;&nbsp;&nbsp;&nbsp;&nbsp;&nbsp;&nbsp;&nbsp;<span style=\"color: #ff0000;\">&nbsp;&nbsp;&nbsp;&nbsp;&nbsp;&nbsp; 7&nbsp; Niedziela &nbsp; 19.02.2023r.<\/span><\/p>\n<p>1.Dzi\u015b rozpoczyna si\u0119 Tydzie\u0144 modlitw o Trze\u017awo\u015b\u0107 Narodu. \u201eKu Trze\u017awo\u015bci z Ko\u015bcio\u0142em.\u201d M\u00f3dlmy si\u0119 o trze\u017awo\u015b\u0107 w naszych Rodzinach. Mo\u017cna na czas W. Postu lub du\u017cej podj\u0105\u0107&nbsp; abstynencj\u0119 Mo\u017cna wzi\u0105\u0107 kartk\u0119 wype\u0142ni\u0107 i wrzuci\u0107 do skrzynki w przedsionku.&nbsp;&nbsp;&nbsp;&nbsp;&nbsp;&nbsp;&nbsp;&nbsp;&nbsp;&nbsp;&nbsp;&nbsp;&nbsp;&nbsp;&nbsp;&nbsp;&nbsp;&nbsp;&nbsp;&nbsp;&nbsp;&nbsp;&nbsp;&nbsp;&nbsp;&nbsp;&nbsp;&nbsp;&nbsp;&nbsp;&nbsp;&nbsp;&nbsp;&nbsp;&nbsp;&nbsp;&nbsp;&nbsp;&nbsp;&nbsp;&nbsp;&nbsp;&nbsp;&nbsp;&nbsp;&nbsp;&nbsp;&nbsp;&nbsp;&nbsp;&nbsp;&nbsp;&nbsp;&nbsp;&nbsp;&nbsp;&nbsp;&nbsp;&nbsp;&nbsp;&nbsp;&nbsp;&nbsp;&nbsp;&nbsp;&nbsp;&nbsp;&nbsp;&nbsp;&nbsp;&nbsp;&nbsp;&nbsp;&nbsp;&nbsp;&nbsp;&nbsp;&nbsp;&nbsp;&nbsp;&nbsp;&nbsp;&nbsp;&nbsp;&nbsp;&nbsp;&nbsp;&nbsp;&nbsp;&nbsp;&nbsp;&nbsp;&nbsp;&nbsp;&nbsp;&nbsp;&nbsp;&nbsp;&nbsp;&nbsp;&nbsp;&nbsp;&nbsp;&nbsp;&nbsp;&nbsp;&nbsp;&nbsp;&nbsp;&nbsp;&nbsp;&nbsp;&nbsp;&nbsp; &nbsp;&nbsp;&nbsp;&nbsp;&nbsp;&nbsp;&nbsp;&nbsp;&nbsp;&nbsp;&nbsp;&nbsp;&nbsp;&nbsp;&nbsp;&nbsp;&nbsp;&nbsp;&nbsp;&nbsp;&nbsp;&nbsp;&nbsp;&nbsp;&nbsp;&nbsp;&nbsp;&nbsp;&nbsp;&nbsp;&nbsp;&nbsp;&nbsp;<\/p>\n<p>&nbsp;2.Msze \u015bw. w Ko\u015bciele Parafialnym&nbsp; o g. 17.00&nbsp; Opr\u00f3cz \u015arody Popielcowej.&nbsp;&nbsp;&nbsp;&nbsp;&nbsp;&nbsp;&nbsp;&nbsp;&nbsp;&nbsp;&nbsp;&nbsp;&nbsp;&nbsp;&nbsp;&nbsp;&nbsp;&nbsp;&nbsp;&nbsp;&nbsp;&nbsp;&nbsp;&nbsp;&nbsp;&nbsp;&nbsp;&nbsp;&nbsp;&nbsp;&nbsp;&nbsp;&nbsp;&nbsp;&nbsp;&nbsp;&nbsp;&nbsp;&nbsp;&nbsp;&nbsp;&nbsp;&nbsp;&nbsp;&nbsp;&nbsp;&nbsp;&nbsp;&nbsp;&nbsp;&nbsp;&nbsp;&nbsp;&nbsp;&nbsp;&nbsp;&nbsp;&nbsp;&nbsp;&nbsp;&nbsp;&nbsp;&nbsp;&nbsp;&nbsp;&nbsp;&nbsp;&nbsp;&nbsp;&nbsp;&nbsp;&nbsp;&nbsp;&nbsp;&nbsp;&nbsp;&nbsp;&nbsp;&nbsp;&nbsp;&nbsp;&nbsp;&nbsp;&nbsp;&nbsp;&nbsp;&nbsp;&nbsp;&nbsp;&nbsp;&nbsp; &nbsp;&nbsp;&nbsp;&nbsp;&nbsp;&nbsp;&nbsp;&nbsp;&nbsp;&nbsp;&nbsp;&nbsp;&nbsp;&nbsp;&nbsp;&nbsp;&nbsp;&nbsp;&nbsp;&nbsp;&nbsp;&nbsp;&nbsp;&nbsp;&nbsp;&nbsp;&nbsp;&nbsp;&nbsp;&nbsp;&nbsp;<\/p>\n<p>3. W tym tyg. przypada <strong>\u015aroda Popielcowa<\/strong>. Wraz z tym dniem przypada 40-dniowy okres&nbsp; Wielkiego&nbsp; Postu.&nbsp; W \u015ar. Popielcow\u0105 Msze \u015bw. w \u0141uk. 7.00 i 16.30.&nbsp; a w&nbsp; \u015arednim. W. Droga Krzy\u017cowa i Msza&nbsp; \u015aw. g.17.30. Na ka\u017cdej Mszy \u015bw. posypanie g\u0142\u00f3w popio\u0142em. W tym dniu obowi\u0105zuje Post&nbsp; \u015acis\u0142y.&nbsp;<\/p>\n<p>4. W&nbsp; Pi\u0105 w Ko\u015bciele Parafialnym&nbsp; Droga Krzy\u017cowa o g.17.00. W niedziel\u0119 w Ko\u015bciele Parafialnym&nbsp; Gorzkie \u017bale&nbsp;<strong> &nbsp;&nbsp;&nbsp;&nbsp;&nbsp;&nbsp;&nbsp;&nbsp;&nbsp;&nbsp;&nbsp;&nbsp;&nbsp;&nbsp;&nbsp;&nbsp;&nbsp;&nbsp;&nbsp;&nbsp;&nbsp;&nbsp;&nbsp;&nbsp;&nbsp;&nbsp;&nbsp;&nbsp;&nbsp;&nbsp;&nbsp;&nbsp;&nbsp;&nbsp;&nbsp;&nbsp;&nbsp;&nbsp;&nbsp;&nbsp;&nbsp;&nbsp;&nbsp;&nbsp;&nbsp;&nbsp;&nbsp;&nbsp;&nbsp;&nbsp;&nbsp;&nbsp;&nbsp;&nbsp;&nbsp;&nbsp;&nbsp;&nbsp;&nbsp;&nbsp;&nbsp;&nbsp;&nbsp;&nbsp;&nbsp;&nbsp;&nbsp;&nbsp;&nbsp;&nbsp;&nbsp;&nbsp;&nbsp;&nbsp;&nbsp;&nbsp;&nbsp;&nbsp;&nbsp;&nbsp;&nbsp;&nbsp;&nbsp;&nbsp;&nbsp;&nbsp;&nbsp;&nbsp;&nbsp;&nbsp;&nbsp;&nbsp;&nbsp;&nbsp;&nbsp;&nbsp;&nbsp;&nbsp;&nbsp;&nbsp;&nbsp;&nbsp;&nbsp;&nbsp;&nbsp;&nbsp;&nbsp;&nbsp;&nbsp;&nbsp;&nbsp;&nbsp;&nbsp;&nbsp;&nbsp;&nbsp;&nbsp;&nbsp;&nbsp;&nbsp;&nbsp;&nbsp;&nbsp;&nbsp;&nbsp;&nbsp;&nbsp;&nbsp;&nbsp;&nbsp;&nbsp;&nbsp;&nbsp;&nbsp;&nbsp;&nbsp;&nbsp;&nbsp;&nbsp;&nbsp;&nbsp;&nbsp;&nbsp;&nbsp;&nbsp;&nbsp;&nbsp;&nbsp;&nbsp;&nbsp;&nbsp;&nbsp;&nbsp;&nbsp;&nbsp;&nbsp;&nbsp;&nbsp;&nbsp;&nbsp;&nbsp;&nbsp;&nbsp;&nbsp;&nbsp;&nbsp;&nbsp;&nbsp;&nbsp;&nbsp;&nbsp;&nbsp;&nbsp;&nbsp;&nbsp;&nbsp;&nbsp;&nbsp;&nbsp;&nbsp;&nbsp;&nbsp;&nbsp;&nbsp;&nbsp;&nbsp;&nbsp;&nbsp;&nbsp;&nbsp;&nbsp;&nbsp;&nbsp;&nbsp;&nbsp;&nbsp;&nbsp;&nbsp;&nbsp;&nbsp;&nbsp;&nbsp; <\/strong>5. Metropolita Przemyski abp Adam Szal&nbsp; prosi o zebranie <strong>sk\u0142adki<\/strong> podczas Mszy \u015bw.<br \/>\n<strong>w \u015arod\u0119 Popielcow\u0105<\/strong>,&nbsp;<strong> 22 lutego 2023 r<\/strong>.&nbsp; Sk\u0142adka zostanie przekazana na pomoc ofiarom trz\u0119sienia ziemi w Turcji i Syrii, oraz ofiarom wojny na Ukrainie.B\u00f3g zap\u0142a\u0107.<\/p>\n<p><strong>6.<\/strong>Sprz\u0105tanie ko\u015bcio\u0142a&nbsp;&nbsp;&nbsp;&nbsp;&nbsp;&nbsp;&nbsp; &nbsp;&nbsp;&nbsp;&nbsp;&nbsp;&nbsp;&nbsp;&nbsp;&nbsp;&nbsp;&nbsp;&nbsp;&nbsp;&nbsp;&nbsp;&nbsp;&nbsp;&nbsp;&nbsp;&nbsp;&nbsp;&nbsp;&nbsp;&nbsp;&nbsp;&nbsp;&nbsp;&nbsp;&nbsp;&nbsp;&nbsp;&nbsp;&nbsp;&nbsp;&nbsp;&nbsp;&nbsp;&nbsp;&nbsp;&nbsp;&nbsp;&nbsp;&nbsp;&nbsp;&nbsp;&nbsp;&nbsp;&nbsp;&nbsp;&nbsp;&nbsp;&nbsp;&nbsp;&nbsp;&nbsp;&nbsp;&nbsp;&nbsp;&nbsp;&nbsp;&nbsp;&nbsp;&nbsp;&nbsp;&nbsp;&nbsp;&nbsp;&nbsp;&nbsp;&nbsp;&nbsp;&nbsp;&nbsp;&nbsp;&nbsp;&nbsp;&nbsp;&nbsp;&nbsp;&nbsp;&nbsp;&nbsp;&nbsp;&nbsp;&nbsp;&nbsp;&nbsp;&nbsp;&nbsp;&nbsp;&nbsp;&nbsp;&nbsp;&nbsp;&nbsp;&nbsp;&nbsp;&nbsp;&nbsp;&nbsp;&nbsp;&nbsp;&nbsp;&nbsp;&nbsp;&nbsp;&nbsp;&nbsp;&nbsp;&nbsp;&nbsp;&nbsp;&nbsp;&nbsp;&nbsp;&nbsp;&nbsp;&nbsp;&nbsp;&nbsp;&nbsp;&nbsp;&nbsp;&nbsp;&nbsp;&nbsp;&nbsp;&nbsp;&nbsp;<\/p>\n<p>&nbsp;\u0141ukowe :Str\u00f3\u017cak Bo\u017cena,Kurek Janusz,Krajnik Renata<\/p>\n<p>\u015arednie Wielkie : Jankowska Katarzyna,Kozio\u0142&nbsp; Zofia<\/p>\n<p>7.Intencje Mszalne&nbsp;&nbsp;<\/p>\n<p>Pon.17.00 +Zofia Milczanowska 4 r. \u015bmierci int. od m\u0119\u017ca Henryka<\/p>\n<p>Wt.17.00 + Henryk Stach int. od Ojca chrzestnego<\/p>\n<p>\u015aroda Popielcowa<\/p>\n<p>7.00 Za parafian<\/p>\n<p>16.30 Za zmar\u0142ych z rodziny Kurek<\/p>\n<p>18.00&nbsp; \u015arednie W. +Marianna Kusiak int. od u pogrzebu<\/p>\n<p>Czw 17.00 + Tadeusz Ciepiela int. od u pogrzebu<\/p>\n<p>Pi\u0105.17.00 +Rozalia i Franciszek P\u0142achytka<\/p>\n<p>Sob.17.00 + Marian i Tadeusz i Maria Grz\u0105sko<\/p>\n<p>N7.30 + Janina Str\u00f3\u017cak 5 rocznica \u015bmierci<\/p>\n<p>9.30 + Marianna Kusiak i od u. pogrzebu<\/p>\n<p>11.00 +Mieczys\u0142aw i El\u017cbieta Wo\u0142k i +Urszul\u0119 i Stanis\u0142aw\u0119 Cicho\u0144skich<\/p>\n<p>&nbsp;&nbsp;&nbsp;&nbsp;&nbsp;&nbsp;&nbsp;&nbsp;&nbsp;&nbsp;&nbsp;&nbsp;&nbsp;&nbsp;&nbsp;&nbsp;&nbsp;&nbsp;&nbsp;&nbsp;&nbsp;&nbsp;&nbsp;&nbsp;&nbsp;&nbsp;&nbsp;&nbsp;&nbsp;&nbsp;&nbsp;&nbsp;&nbsp;&nbsp;&nbsp;&nbsp;&nbsp;&nbsp;&nbsp;&nbsp;&nbsp;&nbsp;&nbsp;&nbsp;&nbsp;&nbsp;&nbsp;&nbsp;&nbsp;&nbsp;&nbsp;&nbsp;&nbsp;&nbsp;&nbsp;&nbsp;&nbsp;&nbsp;&nbsp;&nbsp;&nbsp;&nbsp;&nbsp;&nbsp;&nbsp;&nbsp;&nbsp;&nbsp;&nbsp;&nbsp;&nbsp;&nbsp;&nbsp;&nbsp;&nbsp;&nbsp;&nbsp;&nbsp;&nbsp;&nbsp;&nbsp;&nbsp;&nbsp;&nbsp;&nbsp;&nbsp;&nbsp;<span style=\"color: #ff0000;\">&nbsp;&nbsp;&nbsp;&nbsp;&nbsp; 6 N.12.02. 2022r.&nbsp;&nbsp;&nbsp;&nbsp;<\/span>&nbsp;&nbsp;&nbsp;&nbsp;&nbsp;&nbsp;&nbsp;&nbsp;&nbsp;&nbsp;&nbsp;&nbsp;&nbsp;&nbsp;&nbsp;&nbsp;&nbsp;&nbsp;&nbsp;&nbsp;&nbsp;&nbsp;&nbsp;&nbsp;&nbsp;&nbsp;&nbsp;&nbsp;&nbsp;&nbsp;&nbsp;&nbsp;&nbsp;&nbsp;&nbsp;&nbsp;&nbsp;&nbsp;&nbsp;&nbsp;&nbsp;&nbsp;&nbsp;&nbsp;&nbsp;&nbsp;&nbsp;&nbsp;&nbsp;&nbsp;&nbsp;&nbsp;&nbsp;&nbsp;&nbsp;&nbsp;&nbsp;&nbsp;&nbsp;&nbsp;&nbsp;&nbsp;&nbsp;&nbsp;&nbsp;&nbsp;&nbsp;&nbsp;&nbsp; &nbsp;&nbsp;&nbsp;&nbsp;&nbsp;&nbsp;&nbsp;&nbsp;&nbsp;&nbsp;&nbsp;&nbsp;&nbsp;&nbsp;&nbsp;&nbsp;&nbsp;&nbsp;&nbsp;&nbsp;&nbsp;&nbsp;&nbsp;&nbsp;&nbsp;&nbsp;&nbsp;&nbsp;&nbsp;&nbsp;&nbsp;&nbsp;&nbsp;&nbsp;&nbsp;&nbsp;&nbsp;<\/p>\n<p>&nbsp;1.Msze \u015bw. w Ko\u015bciele Parafialnym.W Pon.rano godz 7.00 w pozosta\u0142e dni o godz.17.00&nbsp; w \u015arednim W .w \u015arod\u0119 o &nbsp;godz.18.00&nbsp;&nbsp;&nbsp;&nbsp;&nbsp;&nbsp;&nbsp;&nbsp;&nbsp;&nbsp;&nbsp;&nbsp;&nbsp;&nbsp;&nbsp;&nbsp;&nbsp;&nbsp;&nbsp;&nbsp;&nbsp;&nbsp;&nbsp;&nbsp;&nbsp;&nbsp;&nbsp;&nbsp;&nbsp;&nbsp;&nbsp;&nbsp;&nbsp;&nbsp;&nbsp;&nbsp;&nbsp;&nbsp;&nbsp;&nbsp;&nbsp;&nbsp;&nbsp;&nbsp;&nbsp;&nbsp;&nbsp;&nbsp;&nbsp;&nbsp;<\/p>\n<p>2.We Wt Wsp. \u015aw. Cyryla i Metodego patron\u00f3w Europy.<\/p>\n<p>3.Sprz\u0105tanie ko\u015bcio\u0142a<\/p>\n<p>&nbsp;\u0141ukowe : Kurek Mieczys\u0142aw,Kurek Kurek Mariusz, Kurek Sabina<\/p>\n<p>\u015arednie Wielkie : &nbsp;Janina Wo\u0142oszyn , Bogus\u0142awa Gro\u0144<\/p>\n<p>4.Intencje Mszalne&nbsp;&nbsp;&nbsp;&nbsp;&nbsp;&nbsp;&nbsp;&nbsp;&nbsp;&nbsp;&nbsp;&nbsp;&nbsp;&nbsp;&nbsp;&nbsp;&nbsp;&nbsp;&nbsp;&nbsp;&nbsp;&nbsp;&nbsp;&nbsp;&nbsp;&nbsp;&nbsp;&nbsp;&nbsp;&nbsp;&nbsp;&nbsp;&nbsp;&nbsp;&nbsp;&nbsp;&nbsp;&nbsp;&nbsp;&nbsp;&nbsp;&nbsp;&nbsp;&nbsp;&nbsp;&nbsp;&nbsp;&nbsp;&nbsp;&nbsp;&nbsp;&nbsp;&nbsp;&nbsp;&nbsp;&nbsp;&nbsp;&nbsp;&nbsp;&nbsp;&nbsp;&nbsp;&nbsp;&nbsp;&nbsp;<\/p>\n<p>Pon.17.00 &nbsp;+ Czes\u0142aw Armata 2 rocz.\u015bmierci int od syna Piotra<\/p>\n<p>Wt.17.00&nbsp; + Micha\u0142 Mach od bratanicy Anny i Lidii<\/p>\n<p>\u015ar.17.00 + Helena Wierzcho\u0142owska od s\u0105siad\u00f3w Zofii i Tadeusza Antolak<\/p>\n<p>\u015ar.18.00 +Marianna Kusiak int. od u pogrzebu<\/p>\n<p>Czw.17.00 O&nbsp; szcz\u0119\u015bliwe rozwi\u0105zanie<\/p>\n<p>Pi\u0105.17.00 +Franciszek Antolak int. od wnuczki Agnieszki z rodz.<\/p>\n<p>Sob.17.00+ Janina Jankowska w kol. rocz. \u015bmierci<\/p>\n<p>N.7.30 +Czes\u0142aw Armata 2 rocz. \u015bmierci int,od. \u017bony z&nbsp; wnukiem S\u0142awomirem<\/p>\n<p>9.30 +Marianna Kusiak int. od&nbsp; Marii i Eugeniusza&nbsp; Niezna\u0144skich z Uherzec<\/p>\n<p>11.00&nbsp; + Jan Puzio 7 rocz. \u015bmierci<\/p>\n<p>&nbsp;<\/p>\n<p>&nbsp;&nbsp;&nbsp;&nbsp;&nbsp;&nbsp;&nbsp;&nbsp;&nbsp;&nbsp;&nbsp;&nbsp;&nbsp;&nbsp;&nbsp;&nbsp;&nbsp;&nbsp;&nbsp;&nbsp;&nbsp;&nbsp;&nbsp;&nbsp;&nbsp;&nbsp;&nbsp;&nbsp;&nbsp;&nbsp;&nbsp;&nbsp;&nbsp;&nbsp;&nbsp;&nbsp;&nbsp;&nbsp;&nbsp;&nbsp;&nbsp;<span style=\"color: #ff0000;\"> &nbsp;&nbsp;&nbsp;&nbsp;&nbsp;&nbsp;&nbsp;&nbsp;&nbsp;&nbsp;&nbsp;&nbsp;&nbsp;&nbsp;&nbsp;&nbsp;&nbsp;&nbsp;&nbsp;&nbsp;&nbsp;&nbsp;&nbsp;&nbsp;&nbsp;&nbsp;&nbsp;&nbsp;&nbsp;&nbsp;&nbsp; 5 N.&nbsp; 05.02. 2023r.&nbsp;&nbsp;&nbsp;&nbsp;&nbsp;&nbsp;&nbsp;&nbsp;&nbsp;&nbsp; <\/span>&nbsp;&nbsp;&nbsp;&nbsp;&nbsp;&nbsp;&nbsp;&nbsp;&nbsp;&nbsp;&nbsp;&nbsp;&nbsp;&nbsp;&nbsp;&nbsp;&nbsp;&nbsp;&nbsp;&nbsp;&nbsp;&nbsp;&nbsp;&nbsp;&nbsp;&nbsp;&nbsp;&nbsp;&nbsp;&nbsp;&nbsp;&nbsp;&nbsp;&nbsp;&nbsp;&nbsp;&nbsp;&nbsp;&nbsp;&nbsp;&nbsp;&nbsp;&nbsp;&nbsp;&nbsp;&nbsp;&nbsp;&nbsp;&nbsp;&nbsp;&nbsp;&nbsp;&nbsp;&nbsp;&nbsp;&nbsp;&nbsp;&nbsp;&nbsp;&nbsp;&nbsp;&nbsp;&nbsp;&nbsp;&nbsp;&nbsp;&nbsp;&nbsp;&nbsp;&nbsp;&nbsp;&nbsp;&nbsp;<\/p>\n<p>1. Msze \u015bw. w Ko\u015bciele Parafialnym&nbsp;&nbsp; wieczorem.g.17.00 w \u015arednim W . w Czwartek godz.18.00<\/p>\n<p>2.W Sobot\u0119 \u015awiatowy Dzie\u0144 Chorego. Modlimy si\u0119 za chorych<\/p>\n<p>Msze \u015bw. w Ko\u015bciele Parafialnym rano.g.9.00<\/p>\n<ol start=\"3\">\n<li>Sprz\u0105tanie ko\u015bcio\u0142a<\/li>\n<\/ol>\n<p>&nbsp;\u0141ukowe : Kusiak Aneta,Kusiak Agnieszka,furtak Alfred<\/p>\n<p>\u015arednie Wielkie : Zarzyczna Ma\u0142gorzata, Zarzyczna Sabina<\/p>\n<p>4.Intencje Mszalne<\/p>\n<p>Pon.17.00&nbsp; + Halin\u0119 Stach int .od Syna Andrzeja z rodzin\u0105<\/p>\n<p>Wt.17.00&nbsp; O zdr. Bo\u017ce b\u0142. i opiek\u0119 MB<\/p>\n<p>\u015ar.17.00 &nbsp;O zdr. Bo\u017ce b\u0142. i opiek\u0119 MB dla dzieci i wnuk\u00f3w int. od mamy i babci&nbsp; Czes\u0142awy<\/p>\n<p>Czw. 17.00&nbsp; +Henryk Stach int. od Barbary Furtak z dzie\u0107mi<\/p>\n<p>Pi\u0105.17.00 + Tadeusz Ciepiela&nbsp; int.od u pogrzebu<\/p>\n<p>Sob.9.00&nbsp; Z r\u00f3\u017cy Anny Su\u0142kowskiej&nbsp; o zdr. Bo\u017ce b\u0142. i opiek\u0119 MB z Lurd i za zmar\u0142e siostry<\/p>\n<p>N.7.30&nbsp; +Julia i Andrzej Antolak<\/p>\n<p>9.30 25 rocznica sak. ma\u0142. Iwony i Marka Kusiaka z pro\u015bb\u0105 o zdrowie i Bo\u017ce b\u0142. i opiek\u0119 MB<\/p>\n<p>11.00&nbsp; + Bronis\u0142awa i Jan Kabala i nt. od wnuczki S. Rafaeli<\/p>\n<p>&nbsp;&nbsp;&nbsp;&nbsp;&nbsp;&nbsp;&nbsp;&nbsp;&nbsp;&nbsp;&nbsp;&nbsp;&nbsp;&nbsp;&nbsp;&nbsp;&nbsp;&nbsp;&nbsp;&nbsp;&nbsp;&nbsp;&nbsp;&nbsp;&nbsp;&nbsp;&nbsp;&nbsp;&nbsp;&nbsp;&nbsp;&nbsp;&nbsp;&nbsp;&nbsp;&nbsp;&nbsp;&nbsp;&nbsp;&nbsp;&nbsp;&nbsp;&nbsp;&nbsp;&nbsp;&nbsp;&nbsp;&nbsp;<span style=\"color: #ff0000;\">&nbsp;&nbsp;&nbsp;&nbsp;&nbsp;&nbsp;&nbsp;&nbsp;&nbsp;&nbsp;&nbsp;&nbsp;&nbsp; 4 N. 29.01.2023r.&nbsp;&nbsp;&nbsp;&nbsp;&nbsp;&nbsp;&nbsp;&nbsp;&nbsp;<\/span>&nbsp;&nbsp;&nbsp;&nbsp;&nbsp;&nbsp;&nbsp;&nbsp;&nbsp;&nbsp;&nbsp;&nbsp;&nbsp;&nbsp;&nbsp;&nbsp;&nbsp;&nbsp;&nbsp;&nbsp;&nbsp;&nbsp;&nbsp;&nbsp;&nbsp;&nbsp;&nbsp;&nbsp;&nbsp;&nbsp;&nbsp;&nbsp;&nbsp;&nbsp;&nbsp;&nbsp;&nbsp;&nbsp;&nbsp;&nbsp;&nbsp;&nbsp;&nbsp;&nbsp;&nbsp;&nbsp;&nbsp;&nbsp;&nbsp;&nbsp;&nbsp;&nbsp;&nbsp;&nbsp;&nbsp;&nbsp;&nbsp;&nbsp;&nbsp;&nbsp;&nbsp;&nbsp;&nbsp;&nbsp;&nbsp;&nbsp;&nbsp;&nbsp;&nbsp;&nbsp;&nbsp;&nbsp;&nbsp;&nbsp;&nbsp;&nbsp;&nbsp;&nbsp;&nbsp;&nbsp;&nbsp;&nbsp;&nbsp;&nbsp;&nbsp;&nbsp;&nbsp;&nbsp;&nbsp;&nbsp;&nbsp;&nbsp;&nbsp;&nbsp;&nbsp;&nbsp;&nbsp;&nbsp;&nbsp;&nbsp;&nbsp;&nbsp;<\/p>\n<p>&nbsp;&nbsp;&nbsp;&nbsp;&nbsp;&nbsp; 1.Msze \u015bw. w Ko\u015bciele Parafialnym&nbsp;&nbsp; wieczorem.&nbsp; o godz..17.00&nbsp;&nbsp;<\/p>\n<p>&nbsp;&nbsp;&nbsp;&nbsp;&nbsp; 2.We Czwartek \u015awi\u0119to Ofiarowania Pa\u0144skiego, czyli MB Gromnicznej. <strong>Msze \u015bw<\/strong> <strong>7.30. &nbsp;&nbsp;<\/strong><\/p>\n<p><strong>&nbsp;&nbsp;&nbsp;&nbsp;&nbsp;&nbsp;&nbsp;&nbsp; 17.00 &nbsp;&nbsp;<\/strong> <strong>\u015arednie Wielkie 18.00.<\/strong> Na ka\u017cdej Mszy \u015bw. po\u015bwi\u0119cenie gromnic. Taca jak co roku, &nbsp;&nbsp;&nbsp;&nbsp;&nbsp;&nbsp;&nbsp;&nbsp;&nbsp;&nbsp;&nbsp;&nbsp;&nbsp;&nbsp;&nbsp;&nbsp;&nbsp;&nbsp; &nbsp; &nbsp; &nbsp; &nbsp; &nbsp; przeznaczona na Klasztory Klauzurowe.&nbsp; Modlimy si\u0119 za osoby konsekrowane. &nbsp;&nbsp;&nbsp;&nbsp;&nbsp;&nbsp;&nbsp;&nbsp;&nbsp;&nbsp;&nbsp;&nbsp;&nbsp;&nbsp;&nbsp;&nbsp;&nbsp;&nbsp;&nbsp;&nbsp;&nbsp;&nbsp;&nbsp;&nbsp;&nbsp;&nbsp;&nbsp;&nbsp;&nbsp;&nbsp;&nbsp;&nbsp;&nbsp;&nbsp;&nbsp;&nbsp;&nbsp;&nbsp;&nbsp;&nbsp;&nbsp;&nbsp;&nbsp;&nbsp;&nbsp;&nbsp;&nbsp;&nbsp;&nbsp;&nbsp;&nbsp;&nbsp;&nbsp;&nbsp;&nbsp;&nbsp;&nbsp;&nbsp;&nbsp;&nbsp;&nbsp;&nbsp;&nbsp;&nbsp;&nbsp;&nbsp;&nbsp;&nbsp;&nbsp;&nbsp;&nbsp;&nbsp;&nbsp;&nbsp;&nbsp;&nbsp;&nbsp;&nbsp;&nbsp;&nbsp;&nbsp;&nbsp;&nbsp;&nbsp;&nbsp;&nbsp;&nbsp;&nbsp;&nbsp;&nbsp;&nbsp;&nbsp;<\/p>\n<p>&nbsp;&nbsp;&nbsp;&nbsp;&nbsp;&nbsp;&nbsp; 3.Uczniowie kl.3 SP w tym dniu w Ko\u015bciele parafialnym otrzymaj\u0105 po\u015bwi\u0119cone<\/p>\n<p>&nbsp;&nbsp;&nbsp;&nbsp;&nbsp;&nbsp;&nbsp;&nbsp;&nbsp;&nbsp;&nbsp; ksi\u0105\u017ceczki,&nbsp;&nbsp; o g.17.00. Zapraszam uczni\u00f3w z rodzicami.&nbsp;&nbsp;&nbsp;&nbsp;&nbsp;&nbsp; &nbsp;&nbsp;&nbsp;&nbsp;&nbsp;&nbsp;&nbsp;&nbsp;&nbsp;&nbsp;&nbsp;&nbsp;&nbsp;&nbsp;&nbsp;&nbsp;&nbsp;&nbsp;&nbsp;&nbsp;&nbsp;&nbsp;&nbsp;&nbsp;&nbsp;&nbsp;&nbsp;&nbsp;&nbsp;&nbsp;&nbsp;&nbsp;&nbsp;&nbsp;&nbsp;&nbsp;&nbsp;&nbsp;&nbsp;&nbsp;&nbsp;&nbsp;&nbsp;&nbsp;&nbsp;&nbsp;&nbsp;&nbsp;&nbsp;&nbsp;&nbsp;&nbsp;&nbsp;&nbsp;&nbsp;&nbsp;&nbsp;&nbsp;&nbsp;&nbsp;&nbsp;&nbsp;&nbsp;&nbsp;&nbsp;&nbsp;&nbsp;&nbsp;&nbsp;&nbsp;&nbsp;&nbsp;&nbsp;&nbsp;&nbsp;&nbsp;&nbsp;&nbsp;&nbsp;&nbsp;&nbsp;&nbsp;&nbsp;&nbsp;&nbsp;&nbsp;&nbsp;&nbsp;&nbsp;&nbsp;&nbsp;&nbsp;&nbsp;&nbsp;&nbsp;&nbsp;&nbsp;&nbsp;&nbsp;<\/p>\n<p>&nbsp;&nbsp;&nbsp;&nbsp;&nbsp;&nbsp;&nbsp;&nbsp;&nbsp; 4.W Pi\u0105tek <strong>Wsp. \u015bw.B\u0142a\u017ceja<\/strong> po\u015bwi\u0119cenie jab\u0142ek \u015aw. B\u0142a\u017cej patron od chor\u00f3b gard\u0142a.<\/p>\n<p>&nbsp;&nbsp;&nbsp;&nbsp;&nbsp;&nbsp;&nbsp;&nbsp;&nbsp; .W Niedziel\u0119 Wsp. \u015aw. Agaty&nbsp; po\u015bwi\u0119cenie&nbsp; Chleba ,wody i soli. &nbsp;&nbsp;<\/p>\n<p>&nbsp;&nbsp;&nbsp;&nbsp;&nbsp;&nbsp; 5.W tym tyg. 1 Cz.1P. 1.Sob miesi\u0105ca.&nbsp; Zapraszam uczni\u00f3w kl. 6.7.8 SP na spotkanie&nbsp;<\/p>\n<p>&nbsp; &nbsp; &nbsp; &nbsp; &nbsp;&nbsp; formacyjne w Czwartek&nbsp;&nbsp;&nbsp;&nbsp;&nbsp;&nbsp;&nbsp;&nbsp;&nbsp;&nbsp;&nbsp;&nbsp;&nbsp;&nbsp;&nbsp;&nbsp;&nbsp;&nbsp;&nbsp;&nbsp;&nbsp;&nbsp;&nbsp;&nbsp;&nbsp;&nbsp;&nbsp;&nbsp;&nbsp;&nbsp;&nbsp;&nbsp;&nbsp;&nbsp;&nbsp;&nbsp;&nbsp;&nbsp;&nbsp;&nbsp;&nbsp;&nbsp;&nbsp;&nbsp;&nbsp;&nbsp;&nbsp;&nbsp;&nbsp;&nbsp;&nbsp;&nbsp;&nbsp;&nbsp;&nbsp;&nbsp;&nbsp;&nbsp;&nbsp;&nbsp;&nbsp;&nbsp;&nbsp;&nbsp;&nbsp;&nbsp;&nbsp;&nbsp;&nbsp;&nbsp;&nbsp;&nbsp;&nbsp;&nbsp;&nbsp;&nbsp;&nbsp;&nbsp;&nbsp;&nbsp;&nbsp;&nbsp;&nbsp;&nbsp;&nbsp;&nbsp;&nbsp;&nbsp;&nbsp;&nbsp;&nbsp;&nbsp;&nbsp;&nbsp;&nbsp;&nbsp;&nbsp;&nbsp;&nbsp;&nbsp;&nbsp;&nbsp;&nbsp;&nbsp;&nbsp;&nbsp;&nbsp;&nbsp;&nbsp;&nbsp;&nbsp;&nbsp;&nbsp;&nbsp;&nbsp;&nbsp;&nbsp;&nbsp;&nbsp;&nbsp;<\/p>\n<p>&nbsp;&nbsp;&nbsp;&nbsp;&nbsp;&nbsp;&nbsp; 6.Sprz\u0105tanie ko\u015bcio\u0142a<\/p>\n<p>&nbsp;&nbsp;&nbsp;&nbsp;&nbsp;&nbsp;&nbsp;&nbsp;&nbsp;&nbsp; \u0141ukowe : Paszko Joanna, Kurek Tadeusz, Kurek Czes\u0142awa<\/p>\n<p>&nbsp;&nbsp;&nbsp;&nbsp;&nbsp;&nbsp;&nbsp;&nbsp;&nbsp;&nbsp; \u015arednie Wielkie : Osenkowska Magdalena, Fenio Eugeniusz<\/p>\n<p>&nbsp;&nbsp;&nbsp;&nbsp;&nbsp;&nbsp;&nbsp; 7.Intencje Mszalne<\/p>\n<p>Pon.17.00 O szcz\u0119\u015bliwe rozwi\u0105zanie dla Anity i Agnieszki oraz o zdrowie Bo\u017ce b\u0142. i opiek\u0119 MB dla rodzin i dzieci.<\/p>\n<p>Wt. 17.00 + Krystyna, Franciszek,Stanis\u0142aw Walko&nbsp; int. od Krzysztofa Skotnickiego z rodzin\u0105<\/p>\n<p>\u015ar.17.00 +Maria Sikora int. w kol. rocznic\u0119 \u015bmierci<\/p>\n<p><strong>W Czwartek &nbsp;MB Gromnicznej<\/strong><\/p>\n<p>7.30&nbsp; Z r\u00f3\u017cy Heleny Izdebskiej o zdr. Bo\u017ce b\u0142. i opiek\u0119 MB Gromnicznej dla si\u00f3str r\u00f3\u017ca\u0144cowych i za zmar\u0142e siostry<\/p>\n<p>17.00<strong> Za parafian<\/strong><\/p>\n<p>18.00 +Bronis\u0142aw\u0119&nbsp; Markowsk\u0105<\/p>\n<p>Pi\u0105.17.00 O zdr. Bo\u017ce b\u0142. i opiek\u0119 MB dla B\u0142a\u017ceja<\/p>\n<p>Sob.17.00 W 18 rocz. urodzin Karoliny Stach o zdrowie Bo\u017ce b\u0142. i opiek\u0119 MB<\/p>\n<p>N.7.30 +Wies\u0142awa Sadlik w 14 r. \u015bmierci i Syna Adama&nbsp; int. od mamy Heleny<\/p>\n<p>9.30&nbsp; + Marianna Kusiak int. od u pogrzebu<\/p>\n<p>11.00&nbsp; + Franciszek&nbsp; Antolak int. od wnuka Jacka Szlaga z rodzin\u0105<\/p>\n<p>Msze \u015aw. Gregoria\u0144skie za \u015bp<strong>.+ Janin\u0119<\/strong> Duplaga b\u0119d\u0105 odprawiane od 2.01.- 31.01.2023r. poza parafi\u0105<\/p>\n<p>&nbsp;<\/p>\n<p>&nbsp;&nbsp;&nbsp;&nbsp;&nbsp;&nbsp;&nbsp;&nbsp;&nbsp;&nbsp;&nbsp;&nbsp;&nbsp;&nbsp;&nbsp;&nbsp;&nbsp;&nbsp;&nbsp;&nbsp;&nbsp;&nbsp;&nbsp;&nbsp;&nbsp;&nbsp;&nbsp;&nbsp;&nbsp;&nbsp;&nbsp;&nbsp;&nbsp;&nbsp;&nbsp;&nbsp;&nbsp;&nbsp;&nbsp;&nbsp;&nbsp;&nbsp;&nbsp;&nbsp;&nbsp;&nbsp;<\/p>\n<p>&nbsp;&nbsp;&nbsp;&nbsp;&nbsp;&nbsp;&nbsp;&nbsp;&nbsp;&nbsp;&nbsp;&nbsp;&nbsp;&nbsp;&nbsp;&nbsp;&nbsp;&nbsp;&nbsp;&nbsp;&nbsp;&nbsp;&nbsp;&nbsp;&nbsp;&nbsp;&nbsp;&nbsp;&nbsp;&nbsp;&nbsp;&nbsp;&nbsp;&nbsp;&nbsp;&nbsp;&nbsp;&nbsp; <span style=\"color: #ff0000;\">3 N. zwyk\u0142a 22.01. 2023r.&nbsp;&nbsp;&nbsp;&nbsp;&nbsp;&nbsp;&nbsp;&nbsp;&nbsp;&nbsp;&nbsp;&nbsp;&nbsp;&nbsp;&nbsp;&nbsp;&nbsp;&nbsp;&nbsp;<\/span>&nbsp;&nbsp;&nbsp;&nbsp;&nbsp;&nbsp;&nbsp;&nbsp;&nbsp;&nbsp;&nbsp;&nbsp;&nbsp;&nbsp;&nbsp;&nbsp;&nbsp;&nbsp;&nbsp;&nbsp;&nbsp;&nbsp;&nbsp;&nbsp;&nbsp;&nbsp;&nbsp;&nbsp;&nbsp;&nbsp;&nbsp;&nbsp;&nbsp;&nbsp;&nbsp;&nbsp;&nbsp;&nbsp;&nbsp;&nbsp;&nbsp;&nbsp;&nbsp;&nbsp;&nbsp;&nbsp;&nbsp;&nbsp;&nbsp;&nbsp;&nbsp;&nbsp;&nbsp;&nbsp;&nbsp;&nbsp;&nbsp;&nbsp;&nbsp;&nbsp;&nbsp;&nbsp;&nbsp;&nbsp;&nbsp;&nbsp;&nbsp;&nbsp;&nbsp;&nbsp;&nbsp;&nbsp;&nbsp;&nbsp;&nbsp;&nbsp;&nbsp;&nbsp;&nbsp;&nbsp;&nbsp;&nbsp;&nbsp;&nbsp;&nbsp;&nbsp;&nbsp;&nbsp;&nbsp;&nbsp;&nbsp;<\/p>\n<p>1.Msze \u015bw. w Ko\u015bciele Parafialnym&nbsp;&nbsp; wieczorem. Pon.Wt .Sob. o g.17.00,&nbsp;&nbsp;&nbsp; \u015ar.7.00, w \u015arednim W. w Pon. o godz.18.00<\/p>\n<p>2.Dzi\u015b Niedziela S\u0142owa Bo\u017cego.<\/p>\n<p>3.W \u015arod\u0119 \u015awi\u0119to Nawr\u00f3cenia \u015awi\u0119tego Paw\u0142a i zako\u0144czenie Tygodnia Modlitw&nbsp; o Jedno\u015b\u0107 Chrze\u015bcijan .<\/p>\n<p>4.Sprz\u0105tanie ko\u015bcio\u0142a \u0141ukowe : Miedzi\u0144ska Iwona,Szlaga Artur,Puzio Ma\u0142gorzata<\/p>\n<p>\u015arednie Wielkie : Kaszuba Anna i Wylota Henryk<\/p>\n<p>&nbsp;5.Intecje Mszalne<\/p>\n<p>Pon.17.00 + Zbigniew&nbsp; Korneluk int. od Zbigniewa Pando\u0142<\/p>\n<p>Pon.18.00 Marianna Kusiak int. od u, pogrzebu<\/p>\n<p>Wt.17.00 O zdr. Bo\u017ce b\u0142. i opiek\u0119 MB dla Emilki i B\u0142a\u017ceja<\/p>\n<p>\u015ar.7.00 Za dusze w Czy\u015b\u0107cu cierpi\u0105ce<\/p>\n<p>Czw. i Pi\u0105.&nbsp;&nbsp; Za parafian<\/p>\n<p>Sob.17.00&nbsp; O zdrowie Bo\u017ce b\u0142. i opiek\u0119 MB dla Ma\u0142gorzaty<\/p>\n<p><strong>N.<\/strong>7.30 +W\u0142adys\u0142aw\u0119 Zarzeczny w kol.rocz. \u015bmierci int. od syna Wies\u0142awa z rodz.<\/p>\n<p>9.30 + Marianna Kusiak int. od u, pogrzebu<\/p>\n<p>11.00 O zdrowie Bo\u017ce b\u0142. i opiek\u0119 MB dla rodziny Walko<\/p>\n<p>&nbsp;<\/p>\n<p>&nbsp;&nbsp;&nbsp;&nbsp;&nbsp;&nbsp;&nbsp;&nbsp;<\/p>\n<p>&nbsp; &nbsp; &nbsp; &nbsp; &nbsp; &nbsp; &nbsp; &nbsp; &nbsp; &nbsp; &nbsp; &nbsp; &nbsp; &nbsp; &nbsp; &nbsp; &nbsp; &nbsp; &nbsp; &nbsp; &nbsp; &nbsp; &nbsp; <span style=\"color: #ff0000;\">&nbsp; &nbsp; &nbsp; &nbsp; &nbsp; &nbsp; &nbsp; 2 N.ZWYK\u0141A&nbsp;&nbsp;&nbsp;&nbsp;&nbsp; 15.01.2023 r.<\/span><\/p>\n<p>1.Msze \u015bw.w tym tyg. wieczorem o g.17.00 w Pon.,\u015ar. we Wt.\u0106zw.o godz.7.00<\/p>\n<ol start=\"2\">\n<li>W \u015arod\u0119.18.01-rozpoczyna si\u0119 Tydzie\u0144 Modlitw o Jedno\u015b\u0107 Chrze\u015bcijan.<\/li>\n<li>W Czwartek. 19.01.Wsp. \u015aw. J\u00f3zefa Sebastiana Pelczara patrona Diecezji.<\/li>\n<\/ol>\n<p>4.W Sobot\u0119\u2013 Dzie\u0144 Babci, a w Niedziel\u0119 &#8211; Dzie\u0144 Dziadka. Modlimy si\u0119 za Senior\u00f3w.&nbsp;&nbsp;&nbsp;&nbsp;&nbsp;&nbsp;&nbsp;&nbsp;&nbsp;&nbsp;&nbsp;&nbsp;&nbsp;&nbsp;&nbsp;&nbsp;&nbsp;&nbsp;&nbsp;&nbsp;&nbsp;&nbsp;&nbsp;&nbsp;&nbsp;&nbsp;&nbsp;&nbsp;&nbsp;&nbsp;&nbsp;&nbsp;&nbsp;&nbsp;&nbsp;&nbsp;&nbsp;&nbsp;&nbsp;&nbsp;&nbsp;&nbsp;&nbsp;&nbsp;&nbsp;&nbsp;&nbsp;&nbsp;&nbsp;&nbsp;&nbsp;&nbsp;&nbsp;&nbsp;&nbsp;&nbsp;&nbsp;&nbsp;&nbsp;&nbsp;&nbsp;&nbsp;&nbsp;&nbsp;&nbsp;&nbsp;&nbsp;&nbsp;&nbsp;&nbsp;&nbsp;&nbsp;&nbsp;&nbsp;&nbsp;&nbsp;&nbsp;&nbsp;&nbsp;&nbsp;&nbsp;&nbsp;&nbsp;&nbsp;&nbsp;&nbsp;&nbsp;&nbsp;&nbsp;&nbsp;&nbsp;&nbsp;&nbsp;&nbsp;&nbsp;&nbsp;&nbsp;&nbsp;&nbsp;&nbsp;&nbsp;&nbsp;&nbsp;&nbsp;&nbsp;&nbsp;&nbsp;&nbsp;&nbsp;&nbsp;&nbsp;&nbsp;&nbsp;&nbsp;&nbsp;&nbsp;&nbsp;&nbsp;&nbsp;&nbsp;&nbsp;&nbsp;&nbsp;&nbsp;&nbsp;&nbsp;&nbsp;&nbsp;&nbsp;&nbsp;&nbsp;&nbsp;&nbsp;<\/p>\n<p>5. Sprz\u0105tanie ko\u015bcio\u0142a&nbsp;&nbsp;&nbsp;&nbsp;&nbsp;&nbsp;&nbsp;&nbsp;&nbsp;&nbsp;&nbsp;&nbsp;&nbsp;&nbsp;&nbsp;&nbsp;&nbsp;&nbsp;&nbsp;&nbsp;&nbsp;&nbsp;&nbsp;&nbsp;&nbsp;&nbsp;&nbsp;&nbsp;&nbsp;&nbsp;&nbsp;&nbsp;&nbsp;&nbsp;&nbsp;&nbsp;&nbsp;&nbsp;&nbsp;&nbsp;&nbsp;&nbsp;&nbsp;&nbsp;&nbsp;&nbsp;&nbsp;&nbsp;&nbsp;&nbsp;&nbsp;&nbsp;&nbsp;&nbsp;&nbsp;&nbsp;&nbsp;&nbsp;&nbsp;&nbsp;&nbsp;&nbsp;&nbsp;&nbsp;&nbsp;&nbsp;&nbsp;&nbsp; &nbsp;&nbsp;&nbsp;&nbsp;&nbsp;&nbsp;&nbsp;&nbsp;&nbsp;&nbsp;&nbsp;&nbsp;&nbsp;&nbsp;&nbsp;&nbsp;&nbsp;&nbsp;&nbsp;&nbsp;&nbsp;&nbsp;&nbsp;&nbsp;&nbsp;&nbsp;&nbsp;&nbsp;&nbsp;&nbsp;&nbsp;&nbsp;&nbsp;&nbsp;&nbsp;&nbsp;&nbsp;<\/p>\n<p>&nbsp;&nbsp;&nbsp;\u0141ukowe :Kusiak Agnieszka,Kusiak W\u0142adys\u0142awa,Kusiak Krystyna<\/p>\n<p>&nbsp;&nbsp;&nbsp;&nbsp;&nbsp; \u015arednie Wielkie :Jurczak J\u00f3zefa,Morawa Ewelina<\/p>\n<p>&nbsp;6.Intencje Mszalne&nbsp;&nbsp;&nbsp;&nbsp;&nbsp;&nbsp;&nbsp;&nbsp;&nbsp;&nbsp;&nbsp;&nbsp;&nbsp;&nbsp;&nbsp;&nbsp;&nbsp;&nbsp;&nbsp;&nbsp;&nbsp;&nbsp;&nbsp;&nbsp;&nbsp;&nbsp;&nbsp;&nbsp;&nbsp;&nbsp;&nbsp;&nbsp;&nbsp;&nbsp;&nbsp;&nbsp;&nbsp;&nbsp;&nbsp;&nbsp;&nbsp;&nbsp;&nbsp;&nbsp;&nbsp;&nbsp;&nbsp;&nbsp;&nbsp;&nbsp;&nbsp;&nbsp;&nbsp;&nbsp;&nbsp;&nbsp;&nbsp;&nbsp;&nbsp;&nbsp;&nbsp;&nbsp;&nbsp;&nbsp;&nbsp;&nbsp;&nbsp;&nbsp;&nbsp;&nbsp;&nbsp;&nbsp;&nbsp;&nbsp;&nbsp;&nbsp;&nbsp;&nbsp;&nbsp;&nbsp;&nbsp;&nbsp;&nbsp;&nbsp;&nbsp; &nbsp;&nbsp;&nbsp;&nbsp;&nbsp;&nbsp;&nbsp;&nbsp;&nbsp;&nbsp;&nbsp;&nbsp;&nbsp;&nbsp;&nbsp;&nbsp;&nbsp;&nbsp;&nbsp;&nbsp;&nbsp;&nbsp;&nbsp;&nbsp;&nbsp;&nbsp;&nbsp;&nbsp;&nbsp;&nbsp;&nbsp;&nbsp;&nbsp;&nbsp;&nbsp;<\/p>\n<p>&nbsp;Po\u0144 17.00&nbsp; O zdrowie Bo\u017ce b\u0142. i opiek\u0119 MB dla Ewy i Magdaleny<\/p>\n<p>Wt.7.00&nbsp;&nbsp; + Henryk Stach int. od rodziny Gaw\u0142owskich<\/p>\n<p>\u015ar. 17.00&nbsp;&nbsp; + Zenon Wichryk int. od \u017cony i dzieci<\/p>\n<p>\u015ar.18.00&nbsp; \u015arednie W. + Marianna int od u pogrzebu<\/p>\n<p>Czw.7.00&nbsp; + Teresa Migalska w 3 rocz. \u015bmierci int. od c\u00f3rki z rodzin\u0105<\/p>\n<p>Pi\u0105. i Sob poza parafi\u0105&nbsp; &#8211; za parafian<\/p>\n<p>N.7.30 +Piotr, +Weronika, + Marek \u015awi\u0119ch<\/p>\n<p>9.30 + Marianna int od u pogrzebu<\/p>\n<p>11.00 + J\u00f3zef&nbsp; Str\u00f3\u017cak int. od wnuka Filipa&nbsp;&nbsp;&nbsp;&nbsp;&nbsp;&nbsp;&nbsp;&nbsp;&nbsp;&nbsp;&nbsp;&nbsp;&nbsp;&nbsp;&nbsp;&nbsp;&nbsp;&nbsp;&nbsp;&nbsp;&nbsp;&nbsp;&nbsp;&nbsp;&nbsp;&nbsp;&nbsp;&nbsp;&nbsp;&nbsp;&nbsp;&nbsp; &nbsp;&nbsp;&nbsp;&nbsp;&nbsp;&nbsp;&nbsp;&nbsp;&nbsp;&nbsp;&nbsp;&nbsp;&nbsp;&nbsp;&nbsp;&nbsp;&nbsp;&nbsp;&nbsp;&nbsp;&nbsp;&nbsp;&nbsp;&nbsp;&nbsp;&nbsp;&nbsp;&nbsp;&nbsp;&nbsp;&nbsp;&nbsp;&nbsp;&nbsp;&nbsp;&nbsp;&nbsp;&nbsp;&nbsp;&nbsp;&nbsp;&nbsp;&nbsp;&nbsp;&nbsp;&nbsp;&nbsp;<\/p>\n<p>&nbsp;<\/p>\n<p>&nbsp;<\/p>\n<p>&nbsp;<\/p>\n<p>&nbsp;<\/p>\n<p>&nbsp;<\/p>\n<p>&nbsp;<\/p>\n<p>&nbsp;<\/p>\n<p>&nbsp;<\/p>\n<p>&nbsp;<\/p>\n<p>&nbsp;<\/p>\n<p>&nbsp;<\/p>\n<p>&nbsp;<\/p>\n<p>&nbsp;&nbsp;&nbsp;&nbsp;&nbsp;&nbsp;&nbsp;&nbsp;&nbsp;&nbsp;&nbsp;&nbsp;&nbsp;&nbsp;&nbsp;&nbsp;&nbsp;&nbsp;&nbsp;&nbsp;&nbsp;&nbsp;&nbsp;&nbsp;&nbsp;&nbsp;&nbsp;&nbsp;&nbsp;<span style=\"color: #ff0000;\"> &nbsp;&nbsp;&nbsp;&nbsp;&nbsp;&nbsp;&nbsp; &nbsp; &nbsp; &nbsp; &nbsp; &nbsp; &nbsp; &nbsp; &nbsp; &nbsp; &nbsp; &nbsp; &nbsp; &nbsp; &nbsp; &nbsp; &nbsp;<\/span><\/p>\n<p>&nbsp;<\/p>\n<p>&nbsp;<\/p>\n<p>&nbsp;<\/p>\n<p style=\"text-align: center;\"><span style=\"color: #ff0000;\">NIEDZIELA CHRZTU&nbsp; PA\u0143SKIEGO&nbsp;&nbsp;&nbsp;&nbsp;&nbsp;&nbsp;&nbsp; 13.01.2023r.<\/span><\/p>\n<p>1.Msze \u015bw. rano o &nbsp;godz.7.00 przez ca\u0142y tydzie\u0144<\/p>\n<p>&nbsp;2.W raz z dzisiejsz\u0105 niedziel\u0105 ko\u0144czy si\u0119 okres B. Narodzenia, ale mo\u017cna \u015bpiewa\u0107&nbsp;&nbsp;<\/p>\n<p>&nbsp;&nbsp;&nbsp;&nbsp; kol\u0119dy do 2- lutego<\/p>\n<p>&nbsp; 3. Sprz\u0105tanie ko\u015bcio\u0142a<\/p>\n<p>&nbsp;&nbsp;&nbsp;&nbsp;&nbsp; \u0141ukowe : Michalska Jadwiga,\u015alusarczyk Maria,Str\u00f3\u017cak Maria<\/p>\n<p>&nbsp;&nbsp;&nbsp;&nbsp;&nbsp; \u015arednie Wielkie :Str\u00f3\u017cak Andrzej,Jankowska Barbara<\/p>\n<p>&nbsp;4.Intencje Mszalne<\/p>\n<p>Pon.7.00 +Bronis\u0142aw\u0119 i Stanis\u0142aw Kusiak i za zmar\u0142e siostry i braci int od Syna Jana<\/p>\n<p>Wt.7.00&nbsp; O zdrowie Bo\u017ce b\u0142ogos\u0142awie\u0144stwo i&nbsp; opiek\u0119 MB i patrona dla B\u0142a\u017ceja<\/p>\n<p>\u015ar.7.00 O zdrowie i Bo\u017ce i opiek\u0119 MB dla Barbary<\/p>\n<p>Czw.7.00 +J\u00f3zef Gajda int .od u pogrzebu<\/p>\n<p>Pi\u0105.7.00 +Jan i Stefan P\u0142achytka<\/p>\n<p>Sob.7.00&nbsp; + Tadeusz Ciepiela int od u pogrzebu<\/p>\n<p>N.7.30 +Stanis\u0142aw Szlaga int. od brata Mieczys\u0142awa z rodzin\u0105<\/p>\n<p>9.30 +Marianna Kusiak int. od wnuka Dariusza z rodzin\u0105<\/p>\n<p>11.00 +J\u00f3zef ,J\u00f3zef\u0119, Stanis\u0142aw Str\u00f3\u017cak<\/p>\n<p><strong>Msze \u015aw. Gregoria\u0144skie za \u015bp.+ Janin\u0119 Duplaga b\u0119d\u0105 odprawiane od 2.01.- 31.01.2023r. poza parafi\u0105 <\/strong><\/p>\n<p>&nbsp;&nbsp;&nbsp;&nbsp;&nbsp;&nbsp;&nbsp;&nbsp;&nbsp;&nbsp;&nbsp;&nbsp;&nbsp;&nbsp;&nbsp;&nbsp;&nbsp;&nbsp;&nbsp;&nbsp;&nbsp;&nbsp;&nbsp;&nbsp;&nbsp;&nbsp;&nbsp;&nbsp;&nbsp;&nbsp;&nbsp;&nbsp;&nbsp;&nbsp;&nbsp;&nbsp;&nbsp;&nbsp;&nbsp;&nbsp;&nbsp;&nbsp;&nbsp;&nbsp;&nbsp;&nbsp;&nbsp;&nbsp;&nbsp;&nbsp;&nbsp;&nbsp;&nbsp;&nbsp;&nbsp;&nbsp;&nbsp;&nbsp;<span style=\"color: #ff0000;\">&nbsp;&nbsp;&nbsp;&nbsp; 2 N. po Bo\u017cym Narodzeniu&nbsp; 02.01. 2023r<\/span><\/p>\n<p>1.Msze \u015bw. w Ko\u015bciele Parafialnym&nbsp; rano o godz.7.00<\/p>\n<p>2.W Pi\u0105,6.01 Ur. Objawienia Pa\u0144skiego czyli Trzech Kr\u00f3li.Msze \u015bw&nbsp; jak w niedziel\u0119 7.30,9.30, 11.00 .&nbsp;&nbsp;&nbsp;&nbsp;&nbsp;&nbsp;&nbsp; Na ka\u017cdej Mszy \u015bw. Po\u015bwi\u0119cenie Kredy i kadzid\u0142a.<\/p>\n<p>3.Dzisiejsza taca przeznaczona na WSP w Przemy\u015blu. A w &nbsp;Pi\u0105tek -Trzech Kr\u00f3li na Misje.<\/p>\n<p>4.W tym tyg przypada 1Czw. 1 P.1 S. 1<\/p>\n<p>5.Sprz\u0105tanie ko\u015bcio\u0142a<\/p>\n<p>\u0141uk: Str\u00f3\u017cak Anna,Str\u00f3\u017cak Kinga,Str\u00f3\u017cak Krystyna<\/p>\n<p>\u015arednie W.:Drwi\u0119ga Janina, Drwi\u0119ga Barbara<\/p>\n<p>&nbsp;6.Intencje mszalne:<\/p>\n<p>Pon.7.00 +Henryk Stach int.od Zygmunta Palackiego z rodzin\u0105<\/p>\n<p>Wt.7.00 +Tadeusz Ciepiela int. od wnuczki Doroty Sikora<\/p>\n<p>\u015ar.7.00&nbsp; O zdr. Bo\u017ce b\u0142. i opiek\u0119 MB dla Edmunda<\/p>\n<p>Czw.7.00&nbsp; +Katarzyna,Jan Zenon Wichryk int. od Krystyny i Piotra Wilczy\u0144skich i W\u0142adys\u0142aw2a Kochanowskiego<\/p>\n<p>Trzech Kr\u00f3li<\/p>\n<p>7.30 &nbsp;+ Zofia i Ludwik, Adam i Genowefa,Stanis\u0142aw i Urszula Cicho\u0144scy<\/p>\n<p>9.30 +Marianna Kusiak int ,od J\u00f3zefy i Franciszka Grok\u00f3w<\/p>\n<p>11.00 +Katarzyna Iwanisik w kolejn\u0105 rocznic\u0119 \u015bmierci<\/p>\n<p>Sob.7.00 + Bronis\u0142aw\u0119 i Stanis\u0142aw Kusiak i za zmar\u0142e siostry i braci int. od Syna Jana<\/p>\n<p>N.7.30 +Urszula Cicho\u0144ska 1rocz.\u015bmierci,+Stanis\u0142aw Cicho\u0144ski int. od dzieci<\/p>\n<p>9.30 +Marianna Kusiak int. od wnuczki Justyny z rodzin\u0105<\/p>\n<p>11.00&nbsp; O zdrowie Bo\u017ce b\u0142. i opiek\u0119 MB dla Krystyny dzieci i wnuk\u00f3w<\/p>\n<p><strong>Msze \u015aw. Gregoria\u0144skie za \u015bp.+ Janin\u0119 Duplaga b\u0119d\u0105 odprawiane od 2.01.- 31.01.2023r. poza parafi\u0105 <\/strong><\/p>\n<p style=\"text-align: center;\">&nbsp;&nbsp;&nbsp;&nbsp;<span style=\"color: #ff0000;\">&nbsp;&nbsp;&nbsp;&nbsp;&nbsp;&nbsp;&nbsp;&nbsp;&nbsp;&nbsp;&nbsp;&nbsp; Ur Bo\u017cego Narodzenia<\/span><\/p>\n<p>&nbsp;1.Jutro <u>&nbsp;\u015awi\u0119to \u015aw. Szczepana,<\/u>&nbsp; po\u015bwi\u0119cenie owsa na ka\u017cdej Mszy \u015awi\u0119tej.<\/p>\n<p>&nbsp;&nbsp;&nbsp; Msze \u015bwi\u0119te jak w &nbsp;Niedziel\u0119 7.30,9.30,11.00&nbsp;&nbsp;&nbsp;&nbsp;&nbsp;&nbsp;&nbsp;&nbsp;&nbsp;&nbsp;&nbsp;&nbsp;&nbsp;&nbsp;&nbsp;&nbsp;&nbsp;&nbsp;&nbsp;&nbsp;&nbsp;&nbsp;&nbsp;&nbsp;&nbsp;&nbsp;&nbsp;&nbsp;&nbsp;&nbsp;&nbsp;&nbsp;&nbsp;&nbsp;&nbsp;&nbsp;&nbsp;&nbsp;&nbsp;&nbsp;&nbsp;&nbsp;&nbsp;&nbsp;&nbsp;&nbsp;&nbsp;&nbsp;&nbsp;&nbsp;&nbsp;&nbsp;&nbsp;&nbsp;&nbsp;&nbsp;&nbsp;&nbsp;&nbsp;&nbsp;&nbsp;&nbsp;&nbsp;&nbsp;&nbsp;&nbsp;&nbsp;<\/p>\n<p><strong>2.We Wtorek<\/strong> \u015awi\u0119to \u015aw.,Jana Ewangelisty &#8211; po\u015bwi\u0119cenie wina <strong>&nbsp;&nbsp;&nbsp;&nbsp;&nbsp;&nbsp;&nbsp;&nbsp;&nbsp;&nbsp;&nbsp;&nbsp;&nbsp;&nbsp;&nbsp;&nbsp;&nbsp;&nbsp;&nbsp;&nbsp;&nbsp;&nbsp;&nbsp;&nbsp;&nbsp;&nbsp;&nbsp;&nbsp;&nbsp;&nbsp;&nbsp;&nbsp;&nbsp;&nbsp;&nbsp;&nbsp;&nbsp;&nbsp;&nbsp;&nbsp;&nbsp;&nbsp;&nbsp;&nbsp;&nbsp;&nbsp;&nbsp;&nbsp;&nbsp;&nbsp;&nbsp;&nbsp;&nbsp;&nbsp;&nbsp;&nbsp;&nbsp;&nbsp;&nbsp;&nbsp;&nbsp;&nbsp;&nbsp;&nbsp;&nbsp;&nbsp;&nbsp;&nbsp;&nbsp;<\/strong><\/p>\n<p><strong>&nbsp;3. We \u015arod\u0119 <\/strong>\u015awi\u0119to \u015aw. M\u0142odziank\u00f3w- m\u0119czennik\u00f3w.&nbsp;&nbsp;&nbsp;&nbsp;&nbsp;&nbsp;&nbsp;&nbsp;&nbsp;&nbsp;&nbsp;&nbsp;&nbsp;&nbsp;&nbsp;&nbsp;&nbsp;&nbsp;&nbsp;&nbsp;&nbsp;&nbsp;&nbsp;&nbsp;&nbsp;&nbsp;&nbsp;&nbsp;&nbsp;&nbsp;&nbsp;&nbsp;&nbsp;&nbsp;&nbsp;&nbsp;&nbsp;&nbsp;&nbsp;&nbsp;&nbsp;&nbsp;&nbsp;&nbsp;&nbsp;&nbsp;&nbsp;&nbsp;&nbsp;&nbsp;&nbsp;&nbsp;&nbsp;&nbsp;&nbsp;&nbsp;&nbsp;&nbsp;&nbsp;&nbsp;&nbsp;&nbsp;&nbsp;&nbsp;&nbsp;&nbsp;&nbsp;&nbsp;<\/p>\n<p>&nbsp; <strong>4.W Pi\u0105tek- \u015awi\u0119to \u015awi\u0119tej Rodziny<\/strong><\/p>\n<p>4.Sprz\u0105tanie ko\u015bcio\u0142a&nbsp;<\/p>\n<p>\u0141ukowe:Str\u00f3\u017cak&nbsp; Beata,Str\u00f3\u017cak Mateusz, Misiura Zofia<\/p>\n<p>\u015arednie W.: Kusiak Iwona,Ciepiela Ma\u0142gorzata<\/p>\n<p>&nbsp;&nbsp;&nbsp;&nbsp; 5.Intencje Mszalne<\/p>\n<p>Po\u0144.W <strong>\u015awi\u0119to&nbsp; \u015a<\/strong>w. Szczepana<\/p>\n<p>7.30 +Krystyna, Franciszek, Stanis\u0142aw Walko<\/p>\n<p>9.30&nbsp;&nbsp; + Tadeusz Jankowski int. od \u017cony i dzieci<\/p>\n<p>11.00 +Krystyna Kwiatkowska 9 rocznica \u015amierci int. od c\u00f3rki Beaty z rodzin\u0105&nbsp;&nbsp;&nbsp;<\/p>\n<p>Wt.17.00 +Anna i Eugeniusz Stach int. od c\u00f3rki&nbsp;&nbsp;&nbsp;<\/p>\n<p>\u015ar.7.00 Dzi\u0119kczynna za otrzymane \u0142aski z pro\u015bb\u0105 o zdr , Bo\u017ce b\u0142 i opiek\u0119 MB&nbsp;&nbsp;&nbsp;<\/p>\n<p>Czw.7.00 +Henryk Stach int. od Joanny ,Sary i Adama Rudy&nbsp;&nbsp;<\/p>\n<p>Pi\u0105.7.00 &nbsp;&nbsp;&nbsp;&nbsp;+Henryk Stach int. od kole\u017canek i koleg\u00f3w z firmy DEF ( ze zmiany Karola i Wr\u00f3bli)<\/p>\n<p><strong>Sob16.00<\/strong>&nbsp; Zako\u0144czenie Starego Roku 2022 &nbsp;&nbsp;<strong>Za parafian<\/strong> &nbsp;&nbsp;&nbsp;<\/p>\n<p><strong>NOWY ROK 2023<\/strong><\/p>\n<p>N.7.30 +Wojciech Str\u00f3\u017cak int. od Barbary i Roberta Stach<\/p>\n<p>9.30 +Sylwia Fabian,Maria i Stanis\u0142aw Str\u00f3\u017cak<\/p>\n<p>11.00&nbsp;&nbsp; +Maria i Jan Wo\u017cnych&nbsp;&nbsp;&nbsp;&nbsp;&nbsp;&nbsp;&nbsp;&nbsp;&nbsp;&nbsp;&nbsp;&nbsp;&nbsp;&nbsp;&nbsp;&nbsp;&nbsp;&nbsp;&nbsp;&nbsp;&nbsp;&nbsp;&nbsp;&nbsp;&nbsp;&nbsp;&nbsp;&nbsp;&nbsp;&nbsp;&nbsp;&nbsp;&nbsp;&nbsp;&nbsp;&nbsp;&nbsp;&nbsp;&nbsp;&nbsp;&nbsp;&nbsp;&nbsp;<\/p>\n<p>6.<strong>W tym tygodniu&nbsp; &nbsp;rozpocznie si\u0119&nbsp; <u>Wizyta&nbsp; Duszpasterska<\/u> czyli <u>KOL\u0118DA<\/u><\/strong><\/p>\n<p><strong><u>W \u015aROD\u0118 <\/u><\/strong>&nbsp;28.12. Kalnica od g.9.00 Od rodziny Duuel do rodziny Podsobi\u0144skich &nbsp;&nbsp;&nbsp;&nbsp;&nbsp;&nbsp;&nbsp;&nbsp;&nbsp;&nbsp;&nbsp;&nbsp;&nbsp;&nbsp;&nbsp;&nbsp;&nbsp;&nbsp;&nbsp;&nbsp;&nbsp;&nbsp;&nbsp;&nbsp;&nbsp;&nbsp;&nbsp;&nbsp;&nbsp;&nbsp;&nbsp;&nbsp;&nbsp;&nbsp;&nbsp;&nbsp;&nbsp;&nbsp;&nbsp;&nbsp;&nbsp;&nbsp;&nbsp;&nbsp;&nbsp;&nbsp;&nbsp;&nbsp;&nbsp;&nbsp;&nbsp;&nbsp;&nbsp;&nbsp;&nbsp;&nbsp;&nbsp;&nbsp;&nbsp;&nbsp;&nbsp;&nbsp;&nbsp;&nbsp;&nbsp;&nbsp;&nbsp;&nbsp;&nbsp;&nbsp;&nbsp;&nbsp;&nbsp;&nbsp;&nbsp;&nbsp;&nbsp;&nbsp;&nbsp;&nbsp;&nbsp;&nbsp;&nbsp;&nbsp;&nbsp;&nbsp;&nbsp;&nbsp;&nbsp;&nbsp;&nbsp;&nbsp;&nbsp;&nbsp;&nbsp;&nbsp;&nbsp;&nbsp;&nbsp;&nbsp;&nbsp;&nbsp;&nbsp;&nbsp;&nbsp;&nbsp;&nbsp;<\/p>\n<p><strong><u>W CZWARTEK<\/u>&nbsp; 29.12<\/strong>.&nbsp; Bloki &#8211; od godz.9.00 -do rodz. Sydorczak Zenon i Sydorczak Miros\u0142aw<\/p>\n<p><strong><u>W PI\u0104TEK<\/u><\/strong><strong>&nbsp; 30.12.od godz&nbsp; 9.00 &nbsp;&nbsp;Od Le\u015bnicz\u00f3wki&nbsp; do rodz.Tomala<\/strong><\/p>\n<p><strong>&nbsp;<\/strong><strong>W SOBOT\u0118 31 .12. <\/strong>od godz.9.00 &nbsp;Ropa&nbsp; i Dworskie<\/p>\n<p>&nbsp;&nbsp;&nbsp;&nbsp; W miar\u0119 mo\u017cliwo\u015bci kto nie pracuje tego dnia , to na czas Kol\u0119dy prosz\u0119 aby by\u0142 w domu. Przypominam st\u00f3\u0142 przykryty bia\u0142ym lub \u015bwi\u0105tecznym obrusem, na stole krzy\u017c ,\u015bwiece, woda&nbsp; \u015bwi\u0119cona , kropid\u0142o. Dzieci i M\u0142odzie\u017c ucz\u0105ca&nbsp; si\u0119 przygotuje zeszyty z religii.Do zobaczenia.<\/p>\n<p>&nbsp;&nbsp;&nbsp;&nbsp;&nbsp;&nbsp;<\/p>\n<p>&nbsp;<\/p>\n<p>&nbsp;<\/p>\n<p>&nbsp;&nbsp;&nbsp;&nbsp;&nbsp;&nbsp;&nbsp;&nbsp;&nbsp;&nbsp;&nbsp;&nbsp;&nbsp;&nbsp;&nbsp;&nbsp;&nbsp;&nbsp;&nbsp;&nbsp;&nbsp;&nbsp;&nbsp;&nbsp;&nbsp;&nbsp;&nbsp;&nbsp;&nbsp;&nbsp;&nbsp;&nbsp;&nbsp;&nbsp;&nbsp;&nbsp;&nbsp;&nbsp;&nbsp;&nbsp;&nbsp; &nbsp; &nbsp; &nbsp; &nbsp; &nbsp; &nbsp; &nbsp; &nbsp; &nbsp; &nbsp; &nbsp; &nbsp; &nbsp; &nbsp;<span style=\"color: #ff0000;\"> &nbsp;&nbsp; 4 N. Adwentu&nbsp;&nbsp;&nbsp; 17.12. 2022r.<\/span><\/p>\n<p>&nbsp;1.Przez ca\u0142y tydzie\u0144,Msza \u015bw. Roratnia w Ko\u015bciele Parafialnym o&nbsp; godz.7 00&nbsp;&nbsp;<\/p>\n<p>2.W pi\u0105tek rocznica \u015bwiece\u0144 biskupich ks.abp Adama Szala ,a w sobot\u0119 dzie\u0144 Jego imienin.Pami\u0119tajmy w modlitwie.&nbsp;&nbsp;&nbsp;&nbsp;&nbsp;&nbsp;&nbsp;&nbsp;&nbsp;&nbsp;&nbsp;&nbsp;&nbsp;&nbsp;&nbsp;&nbsp;&nbsp;&nbsp;&nbsp;&nbsp;&nbsp;&nbsp;&nbsp;&nbsp;&nbsp;&nbsp;&nbsp;&nbsp;&nbsp;&nbsp;&nbsp;&nbsp;&nbsp;&nbsp;&nbsp;&nbsp;&nbsp;&nbsp;&nbsp;&nbsp;&nbsp;&nbsp;&nbsp;&nbsp;&nbsp;&nbsp;&nbsp;&nbsp;&nbsp;&nbsp;&nbsp;&nbsp;&nbsp;&nbsp;&nbsp;&nbsp;&nbsp;&nbsp;&nbsp;&nbsp;&nbsp;&nbsp;&nbsp;&nbsp; &nbsp;&nbsp;&nbsp;&nbsp;&nbsp;&nbsp;&nbsp;&nbsp;&nbsp;&nbsp;&nbsp;&nbsp;&nbsp;&nbsp;&nbsp;<\/p>\n<p>&nbsp;3.W Sobot\u0119 24.12 &#8211; jest dniem oczekiwania na Ur. Bo\u017cego Narodzenia. Wieczorem z pierwsz\u0105 gwiazdk\u0105 zasi\u0105dziemy do wieczerzy wigilijnej. Wiecz\u00f3r ten powinien by\u0107 czasem modlitwy, Czyt. Pisma \u015bw, \u015bpiewania kol\u0119d&nbsp; i udania si\u0119 na&nbsp; Pasterk\u0119. Zapraszam.&nbsp;&nbsp;&nbsp;&nbsp;&nbsp;&nbsp;&nbsp;&nbsp;&nbsp;&nbsp;&nbsp;&nbsp;&nbsp;&nbsp;&nbsp;&nbsp;&nbsp;&nbsp;&nbsp;&nbsp;&nbsp;&nbsp;&nbsp;&nbsp;&nbsp;&nbsp;&nbsp;&nbsp;&nbsp;&nbsp;&nbsp;&nbsp;&nbsp;&nbsp;&nbsp;&nbsp;&nbsp;&nbsp;&nbsp;&nbsp;&nbsp;&nbsp;&nbsp;&nbsp;&nbsp;&nbsp;&nbsp;&nbsp;&nbsp;&nbsp;&nbsp;&nbsp;&nbsp;&nbsp;&nbsp;&nbsp;&nbsp;&nbsp;&nbsp;&nbsp;&nbsp;&nbsp;&nbsp;&nbsp;&nbsp;&nbsp;&nbsp;&nbsp;&nbsp;&nbsp;&nbsp;&nbsp;&nbsp;&nbsp;&nbsp;&nbsp;&nbsp;&nbsp;&nbsp;&nbsp;&nbsp;&nbsp;&nbsp;&nbsp;&nbsp;&nbsp;&nbsp;&nbsp;&nbsp;&nbsp;&nbsp;&nbsp;&nbsp;&nbsp;&nbsp;&nbsp; &nbsp;&nbsp;&nbsp;&nbsp;&nbsp;&nbsp;&nbsp;&nbsp;&nbsp;&nbsp;&nbsp;&nbsp;&nbsp;&nbsp;&nbsp;&nbsp;&nbsp;&nbsp;&nbsp;&nbsp;&nbsp;&nbsp;&nbsp;&nbsp;&nbsp;&nbsp;&nbsp;&nbsp;&nbsp;&nbsp;&nbsp;<\/p>\n<p>4..<strong>Pasterka w Sobot\u0119- \u015arednie Wielkie g.22.30,&nbsp;&nbsp; \u0141uk. 24.00.&nbsp;&nbsp; Taca na1\/2 FO\u017b<\/strong><\/p>\n<p>W Niedziel\u0119<strong> 25.12<\/strong>. <u>Uroczysto\u015b\u0107 Bo\u017cego Narodzenia<\/u>&nbsp;&nbsp;&nbsp;&nbsp;&nbsp;&nbsp;&nbsp;&nbsp;&nbsp;&nbsp;&nbsp;&nbsp;&nbsp;&nbsp;&nbsp;&nbsp;&nbsp;&nbsp;&nbsp;&nbsp;&nbsp;&nbsp;&nbsp;&nbsp;&nbsp;&nbsp;&nbsp;&nbsp;&nbsp;&nbsp;&nbsp;&nbsp;&nbsp;&nbsp;&nbsp;&nbsp;&nbsp;&nbsp;&nbsp;&nbsp;&nbsp;&nbsp;&nbsp;&nbsp;&nbsp;&nbsp;&nbsp;&nbsp;&nbsp;&nbsp;&nbsp;&nbsp;&nbsp;&nbsp;&nbsp;&nbsp;&nbsp;&nbsp;&nbsp;&nbsp;&nbsp;&nbsp;&nbsp;&nbsp;&nbsp;&nbsp;&nbsp;&nbsp;&nbsp;<\/p>\n<p><strong>5.Sprz\u0105tanie ko\u015bcio\u0142a Prosz\u0119 ,aby rodziny ubra\u0142y Szopk\u0119 i&nbsp; Ko\u015bci\u00f3\u0142 na na Ur. <\/strong><strong>BN.&nbsp;&nbsp;&nbsp;&nbsp;&nbsp;&nbsp;&nbsp;&nbsp;&nbsp;&nbsp;&nbsp;&nbsp;&nbsp;&nbsp;&nbsp;&nbsp;&nbsp;&nbsp;&nbsp;&nbsp;&nbsp;&nbsp;&nbsp;&nbsp;&nbsp;&nbsp;&nbsp;&nbsp;&nbsp;&nbsp;&nbsp;&nbsp;&nbsp;&nbsp;&nbsp;&nbsp;&nbsp;&nbsp;&nbsp;&nbsp;&nbsp;&nbsp;&nbsp;&nbsp;&nbsp;&nbsp;&nbsp;&nbsp;&nbsp;&nbsp;&nbsp;&nbsp;&nbsp;&nbsp;&nbsp;&nbsp;&nbsp;&nbsp;&nbsp;&nbsp;&nbsp;&nbsp;&nbsp;&nbsp;&nbsp;&nbsp;&nbsp;&nbsp;&nbsp;&nbsp;&nbsp;&nbsp;&nbsp;&nbsp;&nbsp;&nbsp;&nbsp;&nbsp;&nbsp;&nbsp;&nbsp;&nbsp;&nbsp;&nbsp;&nbsp;&nbsp;&nbsp;&nbsp;&nbsp;&nbsp;&nbsp;&nbsp;&nbsp;&nbsp;&nbsp;&nbsp;&nbsp;&nbsp;&nbsp;&nbsp;&nbsp;&nbsp;&nbsp;&nbsp;&nbsp;&nbsp;&nbsp;&nbsp;&nbsp;&nbsp;&nbsp;&nbsp;&nbsp;&nbsp;&nbsp;&nbsp;&nbsp;&nbsp;&nbsp;&nbsp;&nbsp;&nbsp;&nbsp;&nbsp;&nbsp;&nbsp;&nbsp;&nbsp;&nbsp;&nbsp;&nbsp;&nbsp;&nbsp;&nbsp;&nbsp;&nbsp; <\/strong><\/p>\n<p><strong>\u0141ukowe:<\/strong> Niezna\u0144ska Bernardetta,Niezna\u0144ska Anna,Posadzka Monika,Str\u00f3\u017cak J\u00f3zefa,Wr\u00f3bel Teresa, Wr\u00f3bel Janusz<\/p>\n<p><strong>\u015arednie Wielkie:<\/strong> Armata Barbara,Raczkowska Katarzyna,Suchan Renata,Kielniak Teresa<\/p>\n<p>&nbsp;&nbsp;&nbsp;&nbsp; 6.Intencje Mszalne<\/p>\n<p>&nbsp;&nbsp;&nbsp; &nbsp;Pon.7.00&nbsp; +Boles\u0142aw Wr\u00f3bel<\/p>\n<p>&nbsp;&nbsp; &nbsp;&nbsp;Wt.7.00&nbsp; O zdrowie Bo\u017ce b\u0142. i opiek\u0119 MB dla Marka i Ma\u0142gorzaty<\/p>\n<p>&nbsp;&nbsp; &nbsp;&nbsp;\u015ar.7.00 +Henryk Stach int.od chrze\u015bniaka Gabriela Rudy<\/p>\n<p>&nbsp; &nbsp;&nbsp;&nbsp;Czw.7.00 +J\u00f3zef Gajda int. od rodz. Tomala<\/p>\n<p>&nbsp;&nbsp;&nbsp; &nbsp;Pi\u0105.7.00 Za dusze w czy\u015b\u0107cu cierpi\u0105ce<\/p>\n<p>&nbsp;&nbsp; &nbsp;&nbsp;Sob.7.00&nbsp; +Helena Wierzcho\u0142owska&nbsp; int.od &nbsp;rodz.Gronj\u00f3w<\/p>\n<p>&nbsp; &nbsp;&nbsp;<strong>Pasterka&nbsp; 22.30<\/strong> \u015arednie W.&nbsp; O zdrowie Bo\u017ce b\u0142. i opiek\u0119 MB dla rodziny &nbsp;<\/p>\n<p>&nbsp;&nbsp; Sydorczak\u00f3w<\/p>\n<p>&nbsp; &nbsp;<strong>Pasterka 24.00<\/strong> +Franciszek Antolak int od c\u00f3rki Zofii i Syna Tadeusza<\/p>\n<p>7.30 O zdrowie Bo\u017ce b\u0142. i opiek\u0119 MB dla rodziny Izdebskich<\/p>\n<p>&nbsp;&nbsp;&nbsp;&nbsp;9.30&nbsp; +Marianna Kusiak int. od rodziny Wo\u017anych<\/p>\n<p>&nbsp; &nbsp;11.00 +Ewa Kurek int. od m\u0119\u017ca i dzieci<\/p>\n<p>&nbsp;&nbsp;&nbsp;&nbsp;&nbsp;&nbsp;&nbsp;&nbsp;&nbsp;&nbsp;&nbsp;&nbsp;&nbsp;&nbsp;&nbsp;&nbsp;&nbsp;&nbsp;&nbsp;&nbsp;&nbsp;&nbsp;&nbsp;&nbsp;&nbsp;&nbsp;&nbsp;&nbsp;&nbsp;&nbsp;&nbsp;&nbsp;&nbsp;&nbsp;&nbsp;&nbsp;&nbsp;&nbsp;&nbsp;&nbsp;&nbsp;&nbsp;&nbsp;&nbsp;&nbsp;&nbsp;&nbsp;&nbsp;&nbsp;&nbsp;&nbsp;&nbsp;&nbsp;&nbsp;&nbsp;&nbsp;&nbsp;&nbsp;&nbsp;&nbsp;&nbsp;&nbsp;&nbsp;&nbsp;&nbsp;&nbsp;<span style=\"color: #ff0000;\">&nbsp;&nbsp;&nbsp;&nbsp;&nbsp;&nbsp;&nbsp; 3N. Adwentu 11.12.2021r.<\/span><\/p>\n<ol>\n<li>Roraty codziennie o g.17.00.,w sobot\u0119 o g7.00,\u015arednie Wielkie w Czwartek o godz. 18.00. Zapraszam parafian ,a dzieci z Lampionami wrzucamy do koszyka serduszko z dobrym uczynkiem i podpisem, mo\u017cna b\u0119dzie wylosowa\u0107 Figurk\u0119 MB, oraz otrzyma\u0107 nagrod\u0119.<\/li>\n<li>S\u0105 w zakrystii do nabycia \u015bwiece na st\u00f3\u0142 Wigilijny .Wigilijne Dzie\u0142o Pomocy Dzieciom.<\/li>\n<\/ol>\n<p>3.Sprz\u0105tanie Ko\u015bcio\u0142a&nbsp;&nbsp;&nbsp;&nbsp;&nbsp;&nbsp;&nbsp;&nbsp;&nbsp;&nbsp;&nbsp;&nbsp;&nbsp;&nbsp;&nbsp;&nbsp;&nbsp;&nbsp;&nbsp;&nbsp;&nbsp;&nbsp;&nbsp;&nbsp;&nbsp;&nbsp;&nbsp;&nbsp;&nbsp;&nbsp;&nbsp;&nbsp;&nbsp;&nbsp;&nbsp;&nbsp;&nbsp;&nbsp;&nbsp;&nbsp;&nbsp;&nbsp;&nbsp;&nbsp;&nbsp;&nbsp;&nbsp;&nbsp;&nbsp;&nbsp;&nbsp;&nbsp;&nbsp;&nbsp;&nbsp;&nbsp;&nbsp;&nbsp;&nbsp;&nbsp;&nbsp;&nbsp;&nbsp;&nbsp;&nbsp;&nbsp;&nbsp;&nbsp;&nbsp;&nbsp;&nbsp;&nbsp;&nbsp;&nbsp;&nbsp;&nbsp;&nbsp;&nbsp;&nbsp;&nbsp;&nbsp;&nbsp;&nbsp;&nbsp;&nbsp;&nbsp;&nbsp;&nbsp;&nbsp;&nbsp;&nbsp;&nbsp;&nbsp;&nbsp;&nbsp;&nbsp;&nbsp;&nbsp;&nbsp;&nbsp;&nbsp;&nbsp;&nbsp;&nbsp;&nbsp;&nbsp;&nbsp;&nbsp;&nbsp;&nbsp;&nbsp;&nbsp;&nbsp;&nbsp;&nbsp;<\/p>\n<p>&nbsp;&nbsp;&nbsp; <strong>\u0141ukowe:<\/strong>G\u0105sior Sylwia,Puzio Barbara,Puzio Eweliuna<\/p>\n<p><strong>\u015arednie W.:<\/strong> Sydorczak Dorota,<strong>Bonarska Irena<\/strong><\/p>\n<p><span style=\"color: #ff0000;\">4.Spowied\u017a Adwentowa w Sobot\u0119 \u0141ukowe: 9.00-12.00, przerwa na herbat\u0119,od 10.30-11.00 Spowied\u017a 11.00-12.00, \u015arednie W. 10.00-11.30. Skorzystajmy z tego daru pokuty.<\/span><\/p>\n<ol start=\"5\">\n<li>Intencje mszalne.<\/li>\n<\/ol>\n<p>Pon.17.00 +Zofia 9r.\u015bmierci i Leopold Niezna\u0144scy int. od c\u00f3rki Heleny<\/p>\n<p>Wt.17.00 +Jan i Stefan P\u0142achytka<\/p>\n<p>\u015ar.17.00 +Marian Jawor w1rocznic\u0119 \u015bmierci<\/p>\n<p>Czw.17,00+J\u00f3zef,Zofia,Jakubczyk int. od Synowej z rodzin\u0105<\/p>\n<p><strong>Czw.18.00<\/strong> +Marianna Kusiak int.od Marii Kita z rodzin\u0105<\/p>\n<p>Pi\u0105.17.00 Dzi\u0119kczynna z pro\u015bb\u0105 o zdrowie Bo\u017ce b\u0142. i opiek\u0119 MB dla Ewy i Tomasza Kusiak<\/p>\n<p>Sob.7.00W int.Panu Bogu wiadomej.<\/p>\n<p>N.7.30 +Rozalia i Franciszek P\u0142achytka<\/p>\n<p>9.30 +Marianna Kusiak int.od wnuczki Moniki z m\u0119\u017cem<\/p>\n<p>11.00 +Franciszek i Janina Adamowscy<\/p>\n<p><span style=\"color: #ff0000;\">&nbsp; &nbsp; &nbsp; &nbsp; &nbsp; &nbsp; &nbsp; &nbsp; &nbsp; &nbsp; &nbsp; &nbsp; &nbsp; &nbsp; &nbsp; &nbsp; &nbsp; &nbsp; &nbsp; &nbsp; &nbsp; &nbsp; &nbsp; &nbsp; &nbsp; &nbsp; &nbsp; &nbsp; &nbsp; &nbsp; &nbsp; &nbsp; &nbsp; &nbsp; &nbsp; &nbsp; &nbsp; 2 N. Adwentu 04.12.2022r.&nbsp;&nbsp;&nbsp;&nbsp;&nbsp; <\/span>&nbsp;&nbsp;&nbsp;&nbsp;&nbsp;&nbsp;&nbsp;&nbsp;&nbsp;&nbsp;&nbsp;&nbsp;&nbsp;&nbsp;&nbsp;&nbsp;&nbsp; &nbsp;&nbsp;&nbsp;&nbsp;&nbsp;&nbsp;&nbsp;&nbsp;&nbsp;&nbsp;&nbsp;&nbsp;&nbsp;&nbsp;&nbsp;&nbsp;&nbsp;&nbsp;&nbsp;&nbsp;&nbsp;&nbsp;&nbsp;&nbsp;&nbsp;&nbsp;&nbsp;&nbsp;&nbsp;<\/p>\n<p>1.Roraty codziennie o g.17.00.,\u015arednie Wielkie w Czwartek o godz. 18.15. Zapraszam parafian ,a dzieci z Lampionami . Wrzucamy do koszyka serduszko z dobrym uczynkiem i podpisem, mo\u017cna b\u0119dzie wylosowa\u0107&nbsp; figurk\u0119 MB, oraz otrzyma\u0107 nagrod\u0119.&nbsp;&nbsp;&nbsp;&nbsp;&nbsp;&nbsp;&nbsp;&nbsp;&nbsp;&nbsp;&nbsp;&nbsp;&nbsp;&nbsp;&nbsp;&nbsp;&nbsp;&nbsp;&nbsp;&nbsp;&nbsp;&nbsp;&nbsp;&nbsp;&nbsp;&nbsp;&nbsp; &nbsp;&nbsp;&nbsp;&nbsp;&nbsp;&nbsp;&nbsp;&nbsp;&nbsp;&nbsp;&nbsp;&nbsp;&nbsp;&nbsp;&nbsp;&nbsp;&nbsp;&nbsp;&nbsp;&nbsp;&nbsp;&nbsp;&nbsp;&nbsp;&nbsp;&nbsp;&nbsp;&nbsp;&nbsp;&nbsp;&nbsp;&nbsp;&nbsp;&nbsp;&nbsp;&nbsp;&nbsp;&nbsp;&nbsp;&nbsp;&nbsp;&nbsp;&nbsp;&nbsp;&nbsp;&nbsp;&nbsp;<\/p>\n<p>&nbsp; 2 .Dzi\u015b&nbsp; dzie\u0144 modlitw w int. Ko\u015bcio\u0142a na Wschodzie jak co roku zbi\u00f3rka do puszek. Taca na WSD w Przemy\u015blu. &nbsp;&nbsp;&nbsp;&nbsp;&nbsp;&nbsp;&nbsp;&nbsp;&nbsp;&nbsp;&nbsp;&nbsp;&nbsp;&nbsp;&nbsp;&nbsp;&nbsp;&nbsp;&nbsp;&nbsp;&nbsp;&nbsp;&nbsp;&nbsp;&nbsp;&nbsp;&nbsp;&nbsp;&nbsp;&nbsp;&nbsp;&nbsp;&nbsp;&nbsp;&nbsp;&nbsp;&nbsp;&nbsp;&nbsp;&nbsp;&nbsp;&nbsp;&nbsp;&nbsp;&nbsp;&nbsp;&nbsp;&nbsp;&nbsp;&nbsp;&nbsp;&nbsp;&nbsp;&nbsp;&nbsp;&nbsp;&nbsp;&nbsp;&nbsp;&nbsp;&nbsp;&nbsp;&nbsp;&nbsp;&nbsp;&nbsp;&nbsp;&nbsp;&nbsp;&nbsp;&nbsp;&nbsp;&nbsp;&nbsp;&nbsp;&nbsp;&nbsp;&nbsp;&nbsp;&nbsp;&nbsp;&nbsp;&nbsp;&nbsp;&nbsp;&nbsp;&nbsp;&nbsp;&nbsp;&nbsp;&nbsp;&nbsp;&nbsp;&nbsp;&nbsp;&nbsp;&nbsp;&nbsp;&nbsp;&nbsp;&nbsp;&nbsp;&nbsp;&nbsp;&nbsp;&nbsp;&nbsp;&nbsp;&nbsp;&nbsp;&nbsp;&nbsp;&nbsp;&nbsp;&nbsp;&nbsp;&nbsp;&nbsp;&nbsp;&nbsp;&nbsp;&nbsp;&nbsp;&nbsp;&nbsp;&nbsp;&nbsp;&nbsp;&nbsp;&nbsp;&nbsp;&nbsp;&nbsp;&nbsp;&nbsp;&nbsp;&nbsp;&nbsp;&nbsp;&nbsp;&nbsp;&nbsp;&nbsp;&nbsp;&nbsp;&nbsp;&nbsp;&nbsp;&nbsp;&nbsp;&nbsp;&nbsp;&nbsp;<\/p>\n<p>3.<strong>W Czwartek Ur.Niepokalanie Pocz\u0119cia NMP<\/strong>,Uczniowie kl 3SP ,otrzymaj\u0105 w tym dniu po\u015bwi\u0119cone medaliki&nbsp; w ko\u015bciele parafialnym&nbsp; Msza \u015aw.o godz.17.00&nbsp;&nbsp;&nbsp;&nbsp;&nbsp;&nbsp;&nbsp;&nbsp;&nbsp;&nbsp;&nbsp;&nbsp;&nbsp;&nbsp;&nbsp;&nbsp;&nbsp;&nbsp;&nbsp;&nbsp;&nbsp;&nbsp;&nbsp;&nbsp;&nbsp;&nbsp;&nbsp;&nbsp;&nbsp;&nbsp;&nbsp;&nbsp;&nbsp;&nbsp;&nbsp;&nbsp;&nbsp;&nbsp;&nbsp;&nbsp;&nbsp;&nbsp;&nbsp;&nbsp;&nbsp;&nbsp;&nbsp;&nbsp;&nbsp;&nbsp;&nbsp;&nbsp;&nbsp;&nbsp;&nbsp;&nbsp;&nbsp;&nbsp;&nbsp;&nbsp;&nbsp;&nbsp;&nbsp; &nbsp;&nbsp;&nbsp;&nbsp;&nbsp;&nbsp;&nbsp;&nbsp;&nbsp;&nbsp;&nbsp;&nbsp;&nbsp;&nbsp;&nbsp;&nbsp;&nbsp;&nbsp;&nbsp;&nbsp;&nbsp;&nbsp;&nbsp;&nbsp;&nbsp;<\/p>\n<p>4.S\u0105 w zakrystii do nabycia \u015bwiece na st\u00f3\u0142 Wigilijny .Wigilijne&nbsp; Dzie\u0142o Pomocy Dzieciom.<\/p>\n<p>5.Sprz\u0105tanie Ko\u015bcio\u0142a&nbsp;&nbsp;&nbsp;&nbsp;&nbsp;&nbsp;&nbsp;&nbsp;&nbsp;&nbsp;&nbsp;&nbsp;&nbsp;&nbsp;&nbsp;&nbsp;&nbsp;&nbsp;&nbsp;&nbsp;&nbsp;&nbsp;&nbsp;&nbsp;&nbsp;&nbsp;&nbsp;&nbsp;&nbsp;&nbsp;&nbsp;&nbsp;&nbsp;&nbsp;&nbsp;&nbsp;&nbsp;&nbsp;&nbsp;&nbsp;&nbsp;&nbsp;&nbsp;&nbsp;&nbsp;&nbsp;&nbsp;&nbsp;&nbsp;&nbsp;&nbsp;&nbsp;&nbsp;&nbsp;&nbsp;&nbsp;&nbsp;&nbsp;&nbsp;&nbsp;&nbsp;&nbsp;&nbsp;&nbsp;&nbsp;&nbsp;&nbsp;&nbsp;&nbsp;&nbsp;&nbsp;&nbsp;&nbsp;&nbsp;&nbsp;&nbsp;&nbsp;&nbsp;&nbsp;&nbsp;&nbsp;&nbsp;&nbsp;&nbsp;&nbsp;&nbsp;&nbsp; &nbsp;&nbsp;&nbsp;&nbsp;&nbsp;&nbsp;&nbsp;&nbsp;&nbsp;&nbsp;&nbsp;&nbsp;&nbsp;&nbsp;&nbsp;&nbsp;&nbsp;&nbsp;&nbsp;&nbsp;&nbsp;&nbsp;&nbsp;&nbsp;&nbsp;&nbsp;&nbsp;&nbsp;&nbsp;&nbsp;&nbsp;<\/p>\n<p>\u0141ukowe. Puzio Halina,Puzio Julia, G\u0105sior Krystyna<\/p>\n<p>\u015arednie W. &nbsp;Sydorczak Halina, Sydorczak Ludwika.<\/p>\n<p>6.Intencje Mszalne&nbsp;&nbsp;&nbsp;&nbsp;&nbsp;&nbsp;&nbsp;&nbsp;&nbsp;&nbsp;&nbsp;&nbsp;&nbsp;&nbsp;&nbsp;&nbsp;&nbsp;&nbsp;&nbsp;&nbsp;&nbsp;&nbsp;&nbsp;&nbsp;&nbsp;&nbsp;&nbsp;&nbsp;&nbsp;&nbsp;&nbsp;&nbsp;&nbsp;&nbsp;&nbsp;&nbsp;&nbsp;&nbsp;&nbsp;&nbsp;&nbsp;&nbsp;&nbsp;&nbsp;&nbsp;&nbsp;&nbsp;&nbsp;&nbsp;&nbsp;&nbsp;&nbsp;&nbsp;&nbsp;&nbsp;&nbsp;&nbsp;&nbsp;&nbsp;&nbsp;&nbsp;&nbsp;&nbsp;&nbsp;&nbsp;&nbsp;&nbsp;&nbsp;&nbsp;&nbsp;&nbsp;&nbsp;&nbsp;&nbsp;&nbsp;&nbsp;&nbsp;&nbsp;&nbsp;&nbsp;&nbsp;&nbsp;&nbsp;&nbsp;&nbsp;&nbsp;&nbsp;&nbsp;&nbsp;&nbsp;&nbsp;&nbsp;&nbsp;&nbsp;&nbsp;&nbsp;&nbsp;&nbsp;&nbsp;&nbsp;&nbsp;&nbsp;&nbsp;&nbsp;&nbsp;&nbsp;&nbsp; &nbsp;&nbsp;<\/p>\n<p>Pon.17.00&nbsp; &nbsp;O zdrowie dla Barbary<\/p>\n<p>Wt.17.00 +Janina i Tomasz Duplaga<\/p>\n<p>\u015ar.17.00 &nbsp;W int. pszczelarzy o zdrowie Bo\u017ce b\u0142 i opiek\u0119 patrona \u015aw.Ambro\u017cego<\/p>\n<p><strong>Czw. Ur. Niepokalanie Pocz\u0119cie NMP <\/strong><\/p>\n<p>17.00 Z r\u00f3\u017cy Doroty Swalarz&nbsp; o zdrowie Bo\u017ce b\u0142. i opiek\u0119 MB dla si\u00f3str&nbsp; i za zmar\u0142e siostry<\/p>\n<p>Czw.18.15 + Leonia i Franciszek Latusek<\/p>\n<p>Pi\u0105.17.00 &nbsp;+Henryk Stach int. od&nbsp; kole\u017canek i koleg\u00f3w&nbsp; z Tarnawy<\/p>\n<p>Sob.17.00 +Tadeusz Ciepiela int od&nbsp; Jana Antolak&nbsp; z rodzin\u0105<\/p>\n<p>N.7.30&nbsp; +Czes\u0142aw Armata int. od mieszka\u0144c\u00f3w bloku<\/p>\n<p>9.30&nbsp; + Wasyl Sydorczak int od Syna Zenona Sydorczak<\/p>\n<p>11.00 &nbsp;+J\u00f3zef Str\u00f3\u017cak ,J\u00f3zef\u0119 i Stanis\u0142aw int. od Magdaleny z rodzin\u0105<\/p>\n<p>7.W&nbsp; Domu Rekolekcyjnym w Rzepedzi w dniach 16-18 XII&nbsp; Odb\u0119dzie si\u0119 Kurs&nbsp; Przedma\u0142\u017ce\u0144ski. &nbsp;&nbsp;&nbsp;&nbsp;&nbsp;&nbsp;&nbsp;&nbsp;&nbsp;&nbsp;&nbsp;&nbsp;&nbsp;&nbsp;&nbsp;&nbsp;&nbsp;&nbsp;&nbsp;&nbsp;&nbsp;&nbsp;&nbsp;&nbsp;&nbsp;&nbsp;&nbsp;&nbsp;&nbsp;&nbsp;&nbsp;&nbsp;&nbsp;&nbsp;&nbsp;&nbsp;&nbsp;&nbsp;&nbsp;&nbsp;&nbsp;&nbsp;&nbsp;&nbsp;&nbsp;&nbsp;&nbsp;&nbsp;&nbsp;&nbsp;&nbsp;&nbsp;&nbsp;&nbsp;&nbsp;&nbsp;&nbsp;&nbsp;&nbsp;&nbsp;&nbsp;&nbsp;&nbsp;&nbsp;&nbsp;&nbsp;&nbsp;&nbsp;&nbsp;&nbsp;&nbsp;&nbsp;&nbsp;&nbsp;&nbsp;&nbsp;&nbsp;&nbsp;&nbsp;&nbsp;&nbsp;&nbsp;&nbsp;&nbsp;&nbsp;&nbsp;&nbsp;&nbsp;&nbsp;&nbsp;&nbsp;&nbsp;&nbsp;&nbsp;&nbsp;&nbsp;&nbsp;&nbsp;&nbsp;&nbsp;&nbsp;&nbsp;&nbsp;&nbsp;&nbsp;&nbsp;&nbsp;&nbsp;&nbsp;&nbsp;&nbsp;&nbsp;&nbsp;&nbsp;&nbsp;&nbsp;&nbsp;&nbsp;&nbsp;&nbsp;&nbsp;&nbsp;&nbsp;&nbsp;&nbsp;&nbsp;&nbsp;&nbsp;&nbsp;&nbsp;&nbsp;&nbsp;&nbsp;&nbsp;&nbsp;&nbsp;&nbsp;&nbsp;&nbsp;&nbsp;&nbsp;<\/p>\n<p>&nbsp;<\/p>\n<p>&nbsp;&nbsp;&nbsp;&nbsp;&nbsp;&nbsp;&nbsp;&nbsp;&nbsp;&nbsp;&nbsp;&nbsp;&nbsp;&nbsp;&nbsp;&nbsp;&nbsp;&nbsp;&nbsp;&nbsp;&nbsp;&nbsp;&nbsp;&nbsp;&nbsp;&nbsp;&nbsp;&nbsp;&nbsp;&nbsp;&nbsp;&nbsp;&nbsp;&nbsp; &nbsp;&nbsp;&nbsp;&nbsp;&nbsp;&nbsp;&nbsp;&nbsp;<span style=\"color: #ff0000;\">&nbsp;&nbsp;&nbsp;&nbsp;1N.Adwentu 27.12.2022r.&nbsp;&nbsp;&nbsp;&nbsp;&nbsp;&nbsp;&nbsp;&nbsp;<\/span>&nbsp;&nbsp;&nbsp;&nbsp;&nbsp;&nbsp;&nbsp;&nbsp;&nbsp;&nbsp;&nbsp;&nbsp;&nbsp;&nbsp;&nbsp;&nbsp;&nbsp;&nbsp;&nbsp;&nbsp;&nbsp;&nbsp;&nbsp;&nbsp;&nbsp;&nbsp;&nbsp;&nbsp;&nbsp;&nbsp;&nbsp;&nbsp;&nbsp;&nbsp;&nbsp;&nbsp;&nbsp;&nbsp;&nbsp;&nbsp;&nbsp;&nbsp;&nbsp;&nbsp;<\/p>\n<p>1.Rozpoczyna si\u0119 Adwent i Nowy Rok Duszpasterski-&nbsp; \u201eWierz\u0119 w ko\u015bci\u00f3\u0142 Chrystusowy.\u201d&nbsp;&nbsp;&nbsp;&nbsp;&nbsp;&nbsp;&nbsp;&nbsp;&nbsp;&nbsp;&nbsp;&nbsp;&nbsp;&nbsp;&nbsp;&nbsp;&nbsp;&nbsp;<\/p>\n<p>2.Roraty codziennie o g.17.00. Zapraszam wszystkich ,a dzieci z Lampionami , wrzucamy do koszyka serduszko z dobrym uczynkiem i podpisem, mo\u017cna b\u0119dzie wylosowa\u0107 na 1-dzie\u0144 Figurk\u0119 MB, oraz otrzyma\u0107 nagrod\u0119.&nbsp;&nbsp;&nbsp;&nbsp;&nbsp;&nbsp;&nbsp;&nbsp;&nbsp;&nbsp;&nbsp;&nbsp;&nbsp;&nbsp;&nbsp;&nbsp;&nbsp;&nbsp;&nbsp;&nbsp;&nbsp;&nbsp;&nbsp;&nbsp;&nbsp;&nbsp;&nbsp;&nbsp;&nbsp;&nbsp;&nbsp;&nbsp;&nbsp;&nbsp;&nbsp;&nbsp;&nbsp;&nbsp;&nbsp;&nbsp;&nbsp;&nbsp;&nbsp;&nbsp;&nbsp;&nbsp;&nbsp;&nbsp;&nbsp;&nbsp;&nbsp;&nbsp;&nbsp;&nbsp;&nbsp;&nbsp;&nbsp;&nbsp;&nbsp;&nbsp;&nbsp;&nbsp;&nbsp;&nbsp;&nbsp;&nbsp; &nbsp;&nbsp;&nbsp;&nbsp;&nbsp;&nbsp;&nbsp;&nbsp;&nbsp;&nbsp;<\/p>\n<p>3.W tym tyg.1Cz ,1P.1 S. miesi\u0105ca. Spotkanie formacyjne i spowied\u017a bli\u017cej \u015bwi\u0105t.<\/p>\n<p>4.Dzi\u0119kuj\u0119 AK za pi\u0119kn\u0105 dekoracj\u0119 na Adwent. B\u00f3g zap\u0142a\u0107.<\/p>\n<p>&nbsp;5.Za tydzie\u0144 taca przeznaczona na WSD w Przemy\u015blu.A do puszek jak co roku sk\u0142adka na pomoc Ko\u015bcio\u0142om na wschodzie.<\/p>\n<p>6.Za tydzie\u0144 w niedziel\u0119 po\u015bwi\u0119cenie Op\u0142atk\u00f3w na st\u00f3\u0142 Wigilijny.Pro\u015bba ,aby Rada Duszpasterska rozprowadzi\u0142a Op\u0142atki i zebra\u0142a ofiary na utrzymanie cmentarza.<\/p>\n<p>7.,\u015awiece Wigilijne Dzie\u0142o Pomocy Dzieciom -minimalna cena 10 z\u0142, na obiad dla&nbsp; dzieci.S\u0105 do nabycia w zakrystii.<\/p>\n<p>8.Sprz\u0105tanie Ko\u015bcio\u0142a&nbsp;&nbsp;&nbsp;&nbsp;&nbsp;&nbsp;&nbsp;&nbsp;&nbsp;&nbsp;&nbsp;&nbsp;&nbsp;&nbsp;&nbsp;&nbsp;&nbsp;&nbsp;&nbsp;&nbsp;&nbsp;&nbsp;&nbsp;&nbsp;&nbsp;&nbsp;&nbsp;&nbsp;&nbsp;&nbsp;&nbsp;&nbsp;&nbsp;&nbsp;&nbsp;&nbsp;&nbsp;&nbsp;&nbsp;&nbsp;&nbsp;&nbsp;&nbsp;&nbsp;&nbsp;&nbsp;&nbsp;&nbsp;&nbsp;&nbsp;&nbsp;&nbsp;&nbsp;&nbsp;&nbsp;&nbsp;&nbsp;&nbsp;&nbsp;&nbsp;&nbsp;&nbsp;&nbsp;&nbsp;&nbsp;&nbsp;&nbsp;&nbsp;&nbsp;&nbsp;&nbsp;&nbsp;&nbsp;&nbsp;&nbsp;&nbsp;&nbsp;&nbsp;&nbsp;&nbsp;&nbsp;&nbsp;&nbsp;&nbsp;&nbsp;&nbsp;&nbsp;&nbsp;&nbsp;&nbsp;&nbsp;&nbsp;&nbsp;&nbsp;&nbsp;&nbsp;&nbsp;&nbsp;&nbsp;&nbsp;&nbsp;&nbsp;&nbsp;&nbsp;&nbsp;&nbsp;&nbsp;&nbsp;&nbsp;&nbsp;&nbsp;&nbsp;&nbsp;&nbsp;&nbsp;&nbsp;&nbsp;&nbsp;<\/p>\n<p>\u0141ukowe: Kulig Krystyna,Kulig Mateusz,Kula Bo\u017cena<\/p>\n<p>\u015arednie W. : Galica Barbara , Niepok\u00f3j Agnieszka<\/p>\n<p>9.Intencje Mszalne&nbsp;<\/p>\n<p>Pon.17.00&nbsp; +Franciszek&nbsp; i Krystyna&nbsp; Walko<\/p>\n<p>Wt. 17.00 + Halina ,Stanis\u0142aw,Joanna Czuchry<\/p>\n<p>\u015ar.17.00 +Helena ,Wincenty,Kaczmarscy,+Bronis\u0142aw Przytu\u0142a<\/p>\n<p>Czw.17.00 + Andrzej i Julia Antolak<\/p>\n<p>Czw.18.00 +W\u0142adys\u0142aw i Anastazja Raczkowski&nbsp; +Micha\u0142&nbsp; i Rozalia Homa<\/p>\n<p>Pi\u0105.17.00 +Stanis\u0142aw Walko&nbsp; int. od brata Andrzeja z rodzin\u0105<\/p>\n<p>Sob.17.00 + Franciszek Antolak int. od Czuchry i Wojto\u0144<\/p>\n<p>N.7.30 + Maria i Franciszek Szlaga<\/p>\n<p>9.30 Z r\u00f3\u017cy Barbary Jankowskiej o zdrowie Bo\u017ce b\u0142. i opiek\u0119 MB dla si\u00f3str r\u00f3\u017ca\u0144cowych&nbsp; i za zmar\u0142e siostry &nbsp;&nbsp;&nbsp;&nbsp;&nbsp;&nbsp;&nbsp;&nbsp;&nbsp;&nbsp;&nbsp;&nbsp;&nbsp;&nbsp;&nbsp;&nbsp;&nbsp;&nbsp;&nbsp;&nbsp;&nbsp;&nbsp;&nbsp;&nbsp;&nbsp;&nbsp;&nbsp;&nbsp;&nbsp;&nbsp;&nbsp;&nbsp;&nbsp;&nbsp;&nbsp;&nbsp;&nbsp;&nbsp;&nbsp;&nbsp;&nbsp;&nbsp;&nbsp;&nbsp;&nbsp;&nbsp;&nbsp;&nbsp;&nbsp;&nbsp;&nbsp;&nbsp;&nbsp;&nbsp;&nbsp;&nbsp;&nbsp;&nbsp;&nbsp;&nbsp;&nbsp;&nbsp;&nbsp;&nbsp;&nbsp;&nbsp;&nbsp;&nbsp;&nbsp;&nbsp;&nbsp;&nbsp;&nbsp;&nbsp;&nbsp;&nbsp;&nbsp;&nbsp;&nbsp;&nbsp;&nbsp;&nbsp;&nbsp;&nbsp;&nbsp;&nbsp;&nbsp;&nbsp;&nbsp;&nbsp;&nbsp;&nbsp;&nbsp;&nbsp;&nbsp;&nbsp;&nbsp;&nbsp;&nbsp;&nbsp;&nbsp;&nbsp;&nbsp;&nbsp;&nbsp;&nbsp;&nbsp;&nbsp;&nbsp;&nbsp;&nbsp;&nbsp;&nbsp;&nbsp;&nbsp;&nbsp;&nbsp;<\/p>\n<p>11.00 Dzi\u0119kczynna z pro\u015bb\u0105&nbsp; o zdrowie i Bo\u017ce b\u0142&nbsp; i opiek\u0119 MB dla rodziny<\/p>\n<p>Ministranci wczoraj rozgrywali Turniej Pi\u0142ki No\u017cnej Ministrant\u00f3w w dekanacie i zaj\u0119li pierwsze miejsce oraz zdobyli &nbsp;puchar Turnieju .Gratulacje.<\/p>\n<p>&nbsp;&nbsp;&nbsp;&nbsp;&nbsp;&nbsp;&nbsp;&nbsp;&nbsp;&nbsp;&nbsp;&nbsp;&nbsp;&nbsp;&nbsp;&nbsp;&nbsp;&nbsp;&nbsp;&nbsp;&nbsp;&nbsp;&nbsp;&nbsp;&nbsp;&nbsp;&nbsp;&nbsp;&nbsp;&nbsp;&nbsp;&nbsp;&nbsp;&nbsp;&nbsp;&nbsp;&nbsp;&nbsp;&nbsp;&nbsp;&nbsp;&nbsp;&nbsp;&nbsp;&nbsp;&nbsp;&nbsp;&nbsp;&nbsp;&nbsp;&nbsp;&nbsp;<\/p>\n<p><span style=\"color: #ff0000;\">&nbsp;&nbsp;&nbsp;&nbsp;&nbsp;&nbsp;&nbsp;&nbsp;&nbsp;&nbsp;&nbsp;&nbsp;&nbsp;&nbsp;&nbsp;&nbsp;&nbsp;&nbsp;&nbsp;&nbsp;&nbsp;&nbsp;&nbsp;&nbsp;&nbsp;&nbsp;&nbsp;&nbsp;&nbsp;&nbsp;&nbsp;&nbsp;&nbsp;&nbsp;&nbsp;&nbsp;&nbsp;&nbsp;&nbsp;&nbsp;&nbsp;&nbsp;&nbsp;&nbsp;&nbsp;&nbsp;&nbsp;&nbsp;&nbsp;&nbsp;&nbsp;&nbsp;&nbsp;&nbsp;&nbsp; Ur. Chrystusa Kr\u00f3la&nbsp; 20. 11. 2022r.&nbsp;&nbsp;&nbsp;&nbsp; <\/span>&nbsp;&nbsp;&nbsp;&nbsp;&nbsp;&nbsp;&nbsp;&nbsp;&nbsp;&nbsp;&nbsp;&nbsp;&nbsp;&nbsp;&nbsp;&nbsp;&nbsp;&nbsp;&nbsp;&nbsp;&nbsp;&nbsp;&nbsp;&nbsp;&nbsp;&nbsp;&nbsp;&nbsp;&nbsp;&nbsp;&nbsp;&nbsp;&nbsp;&nbsp;&nbsp;&nbsp;&nbsp;&nbsp;&nbsp;&nbsp;&nbsp;&nbsp;&nbsp;&nbsp;&nbsp;&nbsp;&nbsp;&nbsp;&nbsp;&nbsp;&nbsp;&nbsp;&nbsp;&nbsp;&nbsp;&nbsp;&nbsp;&nbsp;&nbsp;&nbsp;&nbsp;&nbsp;&nbsp;&nbsp;&nbsp;&nbsp;&nbsp;&nbsp;&nbsp;&nbsp;&nbsp;&nbsp;&nbsp;&nbsp;&nbsp;&nbsp;&nbsp;&nbsp;&nbsp;&nbsp;&nbsp;&nbsp;&nbsp;&nbsp;&nbsp;&nbsp;&nbsp;&nbsp;&nbsp;&nbsp;&nbsp;&nbsp;&nbsp;&nbsp;&nbsp;&nbsp;&nbsp;&nbsp;&nbsp;&nbsp;&nbsp;&nbsp;&nbsp;&nbsp;&nbsp;&nbsp;&nbsp;&nbsp;&nbsp;&nbsp;&nbsp;&nbsp;&nbsp;&nbsp;<\/p>\n<p>&nbsp;&nbsp;&nbsp; 1. Msze \u015aw. w tym tyg. wieczorem o godz.17.00 i wypominki, w \u015arod\u0119 w \u015arednim W.godz.18.00<\/p>\n<p>&nbsp;&nbsp;&nbsp; 2.Dzi\u015b Ur. Chrystusa Kr\u00f3la- ostatnia niedziela roku liturgicznego.<\/p>\n<p>&nbsp; 3.We Wtorek \u015awi\u0119to \u015bw. Cecylii, patronki organist\u00f3w, ch\u00f3r\u00f3w ko\u015bcielnych i scholii.<\/p>\n<p>&nbsp;4.Za tydzie\u0144&nbsp; w niedziel\u0119 rozpoczynamy Adwent.<\/p>\n<p>5.Sprz\u0105tanie Ko\u015bcio\u0142a&nbsp;&nbsp;&nbsp;&nbsp;&nbsp;&nbsp;&nbsp;&nbsp;&nbsp;&nbsp;&nbsp;&nbsp;&nbsp;&nbsp;&nbsp;&nbsp;&nbsp;&nbsp;&nbsp;&nbsp;&nbsp;&nbsp;&nbsp;&nbsp;&nbsp;&nbsp;&nbsp;&nbsp;&nbsp;&nbsp;&nbsp;&nbsp;&nbsp;&nbsp;&nbsp;&nbsp;&nbsp;&nbsp;&nbsp;&nbsp;&nbsp;&nbsp;&nbsp;&nbsp;&nbsp;&nbsp;&nbsp;&nbsp;&nbsp;&nbsp;&nbsp;&nbsp;&nbsp;&nbsp;&nbsp;&nbsp;&nbsp;&nbsp;&nbsp;&nbsp;&nbsp;&nbsp;&nbsp;&nbsp;&nbsp;&nbsp;&nbsp;&nbsp;&nbsp;&nbsp;&nbsp;&nbsp;&nbsp;&nbsp;&nbsp;&nbsp;&nbsp;&nbsp;&nbsp;&nbsp;&nbsp;&nbsp;&nbsp;&nbsp;&nbsp;&nbsp;&nbsp;&nbsp;&nbsp;&nbsp;&nbsp;&nbsp;&nbsp;&nbsp;&nbsp;&nbsp;&nbsp;&nbsp;&nbsp;&nbsp;&nbsp;&nbsp;&nbsp;&nbsp;&nbsp;&nbsp;&nbsp;&nbsp;&nbsp;&nbsp;&nbsp;<\/p>\n<p>&nbsp;&nbsp; <strong>\u0141ukowe <\/strong><em>:<\/em> Kusiak Ewa,Zarzyczna \u017baneta,Kusiak Agata<\/p>\n<p>&nbsp;<strong><em>\u015arednie Wielkie<\/em><\/strong><em> :<\/em>Stach Barbara,Kurek Barbara<\/p>\n<p>&nbsp; 6.Za zmar\u0142ych b\u0119dziemy si\u0119 modli\u0107 w Wypominkach po Mszy \u015aw.<\/p>\n<p>W<strong> Pon. 91-100, Wt.101-110,\u015ar.111-120, Czw. 121- ,Pi\u0105. \u015arednie W.-1<\/strong><\/p>\n<p><strong>&nbsp;Sob. Za zmar\u0142ych polecanych w wypominkach.W \u015arednim W.w \u015arod\u0119 -Kalnica<\/strong><\/p>\n<p>7.Intencje Mszalne<\/p>\n<p>Pon.17.00 &nbsp;+ Henryk Stach int.od Sebastiana i Dagmary Mach z Jaworzna<\/p>\n<p>Wt.17.00 +Tadeusz Ciepiela int. od Haliny i Miros\u0142awa Sydorczak<\/p>\n<p>\u015ar.17.00 + Anna Tkacz<\/p>\n<p><strong>\u015aroda, \u015arednie W.18.00<\/strong> +Stanis\u0142aw Wo\u0142oszyn int. od \u017cony i dzieci<\/p>\n<p>Czw.17.00 +Franciszek Antolak int. od Marii Blicharz z rodzin\u0105<\/p>\n<p>Pi\u0105.17.00 +Katarzyna Antolak i Stanis\u0142aw Furdak<\/p>\n<p>Sob.17.00 + Kazimierz, Boles\u0142aw i Zbigniew Rybczak,int. od syna Henryka<\/p>\n<p>N.7.30 Za pielgrzym\u00f3w kt\u00f3rzy pielgrzymowali na Kalwari\u0119 12 .VIII z pro\u015bb\u0105 o zdrowie , Bo\u017ce b\u0142. i opiek\u0119 MB<\/p>\n<p>9.30 Za zmar\u0142ych polecanych w wypominkach z Kalnicy<\/p>\n<p>11.00 Dzi\u0119kczynna w int.Anny i Leszka&nbsp; \/Cygal \/ w 30 rocz. zawarcia sak. ma\u0142. z&nbsp; pro\u015bb\u0105 o zdr. Bo\u017ce b\u0142.i opiek\u0119 MB&nbsp; int. od dzieci<\/p>\n<p>Poza parafi\u0105 Msze \u015aw.&nbsp; \u015bp+ Mariusza Jankowskiego int. od u pogrzebu<\/p>\n<p>&nbsp;&nbsp;&nbsp;&nbsp;&nbsp;&nbsp;&nbsp;&nbsp;&nbsp;<\/p>\n<p>&nbsp;&nbsp;&nbsp;&nbsp;&nbsp;&nbsp;&nbsp;&nbsp;&nbsp;&nbsp;&nbsp;&nbsp;&nbsp;&nbsp;&nbsp;&nbsp;&nbsp;&nbsp;&nbsp;&nbsp;&nbsp;&nbsp;&nbsp;&nbsp;&nbsp;&nbsp;&nbsp;&nbsp;&nbsp;&nbsp;&nbsp;&nbsp;&nbsp;&nbsp;&nbsp;&nbsp;&nbsp;&nbsp;&nbsp;&nbsp;&nbsp;<span style=\"color: #ff0000;\">&nbsp;&nbsp;&nbsp;&nbsp;&nbsp;&nbsp;&nbsp;&nbsp;&nbsp; 33 N&nbsp; 13. 11. 2022r.<\/span><\/p>\n<p>&nbsp;1.Msze \u015aw. w tym tyg.wieczorem &nbsp;o g.17.00 i wypominki , <strong>\u015arednie W. , w Czwartek. g.18.00<\/strong><\/p>\n<p>&nbsp;2.Za tydzie\u0144 Ur. Chrystusa Kr\u00f3la- ostatnia niedziela roku liturgicznego.<\/p>\n<p>&nbsp;4.Sprz\u0105tanie Ko\u015bcio\u0142a<\/p>\n<p><strong>&nbsp;\u0141ukowe <\/strong><em>:<\/em> Jankowska Zofia,Jankowska Anna,Jankowska Magdalena<\/p>\n<p><strong><em>&nbsp; \u015arednie Wielkie<\/em><\/strong><em> :<\/em> Kopczyk Barbara, Kopczyk Emilia<\/p>\n<p>&nbsp; 5.Za zmar\u0142ych b\u0119dziemy si\u0119 modli\u0107 w Wypominkach po Mszy \u015aw.<\/p>\n<p>&nbsp;<strong>w Pon. 31-40, Wt.41 -50; \u015ar.51-60; Cz.61-70 P.71-80; S. 81- 90<\/strong><\/p>\n<p>6.Intencje<\/p>\n<p>Pon.17.00 + Bronis\u0142aw\u0119 Dubanik int. od m\u0119\u017ca W\u0142adys\u0142awa<\/p>\n<p>Wt.17.00 + Filipin\u0119 Antolak w kiolejn\u0105 rocznic\u0119 \u015bmierci i +Stanis\u0142aw i Jan Antolak<\/p>\n<p>\u015ar.17.00 + Wojciech Str\u00f3\u017cak int. od kuzynki&nbsp; Agnieszki Str\u00f3\u017cak z rodzin\u0105<\/p>\n<p>Czw. 17.00 +J\u00f3zef Gajda int. od Stanis\u0142awa&nbsp; Hebda&nbsp; z rodzin\u0105<\/p>\n<p>Czw. 18.00 + Katarzyn\u0119 Kraus 10rocz. \u015bmierci int. od rodzic\u00f3w<\/p>\n<p>Pi\u0105.17.00&nbsp; Za Dusze w czy\u015b\u0107cu cierpi\u0105ce<\/p>\n<p>Sob. 17.00 + Janina i Ludwik Stach<\/p>\n<p>N.7.30 +Aniela Molek w rocznic\u0119 \u015bmierci<\/p>\n<p>9.30&nbsp; Za zmar\u0142ych polecanych w wypominkach \u015arednie W.wie\u015b i Dworskie<\/p>\n<p>11.00 &nbsp;O zdrowie Bo\u017ce b\u0142.&nbsp; i opiek\u0119 MB dla Wies\u0142awy Izdebskiej<\/p>\n<p><strong>&nbsp;&nbsp;&nbsp;&nbsp;&nbsp; W ko\u015bciele Filialnym<\/strong> za zmar\u0142ych b\u0119dziemy si\u0119 modli\u0107 w wypominkach:&nbsp;&nbsp;&nbsp;&nbsp;&nbsp;&nbsp;&nbsp;&nbsp;&nbsp;&nbsp;&nbsp;&nbsp;&nbsp;&nbsp;&nbsp;&nbsp;&nbsp;&nbsp;&nbsp;&nbsp;&nbsp;&nbsp;&nbsp;&nbsp;&nbsp;&nbsp;&nbsp;&nbsp;&nbsp;&nbsp;&nbsp;&nbsp;&nbsp;&nbsp;&nbsp;&nbsp;&nbsp;&nbsp;&nbsp;&nbsp;&nbsp;&nbsp;&nbsp;&nbsp;&nbsp;&nbsp;&nbsp;&nbsp;&nbsp;&nbsp;<\/p>\n<p>&nbsp;&nbsp;&nbsp;&nbsp;&nbsp; <strong>w Czwartek \u015arednie W.wie\u015b&nbsp; i Dworskie i W niedziel\u0119 20.11 \u2013 Kalnica.&nbsp; <\/strong>&nbsp;&nbsp;&nbsp;&nbsp;&nbsp;&nbsp;&nbsp;&nbsp;<\/p>\n<p>&nbsp;&nbsp;&nbsp;&nbsp;&nbsp;&nbsp;&nbsp;&nbsp;&nbsp;&nbsp;&nbsp;&nbsp;&nbsp;&nbsp;&nbsp;&nbsp;&nbsp;&nbsp;&nbsp;&nbsp;&nbsp;&nbsp;&nbsp;&nbsp;&nbsp;&nbsp;&nbsp;&nbsp;&nbsp;&nbsp;&nbsp; &nbsp;&nbsp;&nbsp;&nbsp;&nbsp;&nbsp;&nbsp;&nbsp;&nbsp;&nbsp;&nbsp;&nbsp;&nbsp;&nbsp;&nbsp;&nbsp;&nbsp;&nbsp;&nbsp;<span style=\"color: #ff0000;\">&nbsp;&nbsp;&nbsp;32 N. 06. 11. 2022r.&nbsp;<\/span> &nbsp;&nbsp;&nbsp;&nbsp;&nbsp;&nbsp;&nbsp;&nbsp;&nbsp;&nbsp;&nbsp;&nbsp;&nbsp;&nbsp;&nbsp;&nbsp;&nbsp;&nbsp;&nbsp;&nbsp;&nbsp;&nbsp;&nbsp;&nbsp;&nbsp;&nbsp;&nbsp;&nbsp;&nbsp;&nbsp;&nbsp;&nbsp;&nbsp;&nbsp;&nbsp;&nbsp;&nbsp;&nbsp;&nbsp;&nbsp;&nbsp;&nbsp;&nbsp;&nbsp;&nbsp;&nbsp;&nbsp;&nbsp;&nbsp;&nbsp;&nbsp;&nbsp;&nbsp;&nbsp;&nbsp;&nbsp;&nbsp;&nbsp;&nbsp;&nbsp;&nbsp;&nbsp;&nbsp;&nbsp;&nbsp;&nbsp;&nbsp;&nbsp;&nbsp;&nbsp;&nbsp;&nbsp;&nbsp;&nbsp;&nbsp;&nbsp;&nbsp;&nbsp;&nbsp;&nbsp;&nbsp;&nbsp;&nbsp;&nbsp;&nbsp;&nbsp;&nbsp;&nbsp;&nbsp;&nbsp;&nbsp;&nbsp;&nbsp;&nbsp;&nbsp;&nbsp;&nbsp;&nbsp;&nbsp;&nbsp;&nbsp;&nbsp;&nbsp;&nbsp; &nbsp; 1. Msze \u015aw. w tym tyg. wieczorem &nbsp;o godz.17.00 w poniedzia\u0142ek&nbsp; o godz.18.00<\/p>\n<p>&nbsp;2.Taca dzisiejsza przeznaczona na potrzeby Diecezji.<\/p>\n<p>3.W Pi\u0105tek 11 XI.\u015aw. \u015awi\u0119tego Marcina i \u015awi\u0119to Odzyskania Niepodleg\u0142o\u015bci .&nbsp;&nbsp;&nbsp;&nbsp;&nbsp;&nbsp;&nbsp;&nbsp;&nbsp;&nbsp;&nbsp;&nbsp;&nbsp;&nbsp;&nbsp;&nbsp;&nbsp;&nbsp;&nbsp;&nbsp;&nbsp;&nbsp;&nbsp;&nbsp;&nbsp;&nbsp;&nbsp;&nbsp;&nbsp;&nbsp;&nbsp;&nbsp;&nbsp;&nbsp;&nbsp;&nbsp;&nbsp;<\/p>\n<p>&nbsp;W modlitwie pami\u0119tajmy o naszej Ojczy\u017anie.&nbsp;&nbsp;&nbsp;&nbsp;&nbsp;&nbsp;&nbsp;&nbsp;&nbsp;&nbsp;&nbsp;&nbsp;&nbsp;&nbsp;&nbsp;&nbsp;&nbsp;&nbsp;&nbsp;&nbsp;&nbsp;&nbsp;&nbsp;&nbsp;&nbsp;&nbsp;&nbsp;&nbsp;&nbsp;&nbsp;&nbsp;&nbsp;&nbsp;&nbsp;&nbsp;&nbsp;&nbsp;&nbsp;&nbsp;&nbsp;&nbsp;&nbsp;&nbsp;&nbsp;&nbsp;<\/p>\n<p>4.Sprz\u0105tanie Ko\u015bcio\u0142a&nbsp;&nbsp;&nbsp;&nbsp;&nbsp;&nbsp;&nbsp;&nbsp;&nbsp;&nbsp;&nbsp;&nbsp;&nbsp;&nbsp;&nbsp;&nbsp;&nbsp;&nbsp;&nbsp;&nbsp;&nbsp;&nbsp;&nbsp;&nbsp;&nbsp;&nbsp;&nbsp;&nbsp;&nbsp;&nbsp;&nbsp;&nbsp;&nbsp;&nbsp;&nbsp;&nbsp;&nbsp;&nbsp;&nbsp;&nbsp;&nbsp;&nbsp;&nbsp;&nbsp;&nbsp;&nbsp;&nbsp;&nbsp;&nbsp;&nbsp;&nbsp;&nbsp;&nbsp;&nbsp;&nbsp;&nbsp;&nbsp;&nbsp;&nbsp;&nbsp;&nbsp;&nbsp;&nbsp;&nbsp;&nbsp;&nbsp;&nbsp;&nbsp;&nbsp;&nbsp;&nbsp;&nbsp;&nbsp;&nbsp;&nbsp;&nbsp;&nbsp;&nbsp; &nbsp;&nbsp;&nbsp;&nbsp;&nbsp;&nbsp;&nbsp;&nbsp;&nbsp;&nbsp;&nbsp;&nbsp;&nbsp;&nbsp;&nbsp;&nbsp;&nbsp;&nbsp;&nbsp;&nbsp;&nbsp;&nbsp;&nbsp;&nbsp;&nbsp;&nbsp;&nbsp;&nbsp;&nbsp;&nbsp;&nbsp;&nbsp;&nbsp;<\/p>\n<p>&nbsp;&nbsp;<strong>\u0141ukowe <\/strong><em>:<\/em> Nowak Wies\u0142awa,Stach Wies\u0142awa,Kowalczyk Czes\u0142awa<\/p>\n<p><strong><em>\u015arednie Wielkie<\/em><\/strong><em> :<\/em> Tomala Zofia, Szajnowska Justyna<\/p>\n<ol start=\"5\">\n<li>Intencje Mszalne<\/li>\n<\/ol>\n<p>Pon.18.00&nbsp;&nbsp;&nbsp;&nbsp; Za zmar\u0142ych polecanych w wypominkach od nr 1-40<\/p>\n<p>Wt.17.00 &nbsp;&nbsp;&nbsp;&nbsp;&nbsp;&nbsp;Za zmar\u0142ych polecanych w wypominkach od nr 41-80<\/p>\n<p>\u015ar.17.00&nbsp;&nbsp;&nbsp;&nbsp;&nbsp;&nbsp;&nbsp; Za zmar\u0142ych polecanych w wypominkach od nr 81-120<\/p>\n<p>\u015ar. 18.15 +J\u00f3zef ,Wojciech Str\u00f3\u017cak<\/p>\n<p>Czw. 17.00&nbsp;&nbsp; &nbsp;&nbsp;&nbsp;Za zmar\u0142ych polecanych w wypominkach od nr&nbsp; 121-\u015arednie W.do&nbsp; mostu<\/p>\n<p>Pi\u0105.17.00&nbsp; + Franciszek i Kamila Siedleccy int. od c\u00f3rki Haliny<\/p>\n<p>Sob.17.00 O zdr. Bo\u017ce b\u0142ogos\u0142awie\u0144stwo&nbsp; i opiek\u0119 MB&nbsp; dla Urszuli<\/p>\n<p>N.7.30&nbsp; +Urszula Cicho\u0144ska int. od syna Wies\u0142awa z rodzin\u0105<\/p>\n<p>9.30 +Edward Lubas int.od c\u00f3rki z rodzin\u0105<\/p>\n<p>11.00&nbsp; &nbsp;&nbsp;O zdr. Bo\u017ce b\u0142ogos\u0142awie\u0144stwo &nbsp;i opiek\u0119 MB&nbsp; dla&nbsp; Franciszka Antolak&nbsp;&nbsp;&nbsp;&nbsp;&nbsp;&nbsp;&nbsp;&nbsp;&nbsp;&nbsp;&nbsp;&nbsp;&nbsp;&nbsp;&nbsp;&nbsp;&nbsp;&nbsp;&nbsp;&nbsp;&nbsp;&nbsp;&nbsp;&nbsp;&nbsp;&nbsp;&nbsp;&nbsp;&nbsp;&nbsp;&nbsp;&nbsp;&nbsp;&nbsp;&nbsp;&nbsp;&nbsp;&nbsp;&nbsp;&nbsp;&nbsp;&nbsp;&nbsp;&nbsp;&nbsp;&nbsp;&nbsp;&nbsp;&nbsp;&nbsp;&nbsp;&nbsp;&nbsp;&nbsp;&nbsp;&nbsp;&nbsp;&nbsp;&nbsp;&nbsp;&nbsp;&nbsp;&nbsp;&nbsp;&nbsp;&nbsp;&nbsp; &nbsp;&nbsp;&nbsp;&nbsp;&nbsp;&nbsp;&nbsp;&nbsp;&nbsp;&nbsp;&nbsp;&nbsp;&nbsp;&nbsp;&nbsp;&nbsp;&nbsp;&nbsp;&nbsp;&nbsp;&nbsp;&nbsp;&nbsp;&nbsp;&nbsp;&nbsp;<\/p>\n<p>6.Za zmar\u0142ych b\u0119dziemy si\u0119 modli\u0107 w wypominkach:&nbsp; W \u0141ukowym<\/p>\n<p>Pon-1 -40, Wt.-41-80,\u015ar.-81-120,Czw. -121-i \u015arednie W Pi\u0105.1-10,w Sob.11-20<\/p>\n<p>&nbsp;7.<strong>W ko\u015bciele Filialnym<\/strong> Za zmar\u0142ych b\u0119dziemy si\u0119 modli\u0107 w wypominkach:&nbsp;&nbsp;&nbsp;&nbsp;&nbsp;&nbsp;&nbsp;&nbsp;&nbsp;&nbsp;&nbsp;&nbsp;&nbsp;&nbsp;&nbsp;&nbsp;&nbsp;&nbsp;&nbsp;&nbsp;&nbsp;&nbsp;&nbsp;&nbsp;&nbsp;&nbsp;&nbsp;&nbsp;&nbsp;&nbsp;&nbsp;&nbsp;&nbsp;&nbsp;&nbsp;&nbsp;&nbsp;&nbsp;&nbsp;&nbsp;&nbsp;&nbsp;&nbsp;&nbsp;&nbsp;&nbsp;&nbsp;&nbsp;&nbsp;&nbsp;<\/p>\n<p>&nbsp;&nbsp;&nbsp;&nbsp;&nbsp;&nbsp; <strong>w \u015arod\u0119 Osiedle&nbsp; w niedziel\u0119 \u015arednie W.&nbsp; i Dworskie i w Czw.<\/strong><\/p>\n<p><strong>&nbsp;&nbsp;&nbsp;&nbsp;&nbsp;&nbsp;&nbsp; w nast\u0119pnym tygodniu \u2013 Kalnica.&nbsp;&nbsp;&nbsp;&nbsp;&nbsp; <\/strong><\/p>\n<p>8.W tym tyg. Po\u017cegnali\u015bmy <strong>\u015bp+Stanis\u0142awa Walko<\/strong> w jego intencjach b\u0119d\u0105 odprawiane Msze \u015aw.od rodziny, s\u0105siad\u00f3w, przyjaci\u00f3\u0142 i u. pogrzebu. Polecamy go Bo\u017cemu Mi\u0142osierdziu w modlitwie.<\/p>\n<p>&nbsp;<\/p>\n<p>&nbsp;<\/p>\n<p>&nbsp;<\/p>\n<p>&nbsp;&nbsp;&nbsp;&nbsp;&nbsp;&nbsp;<\/p>\n<p>&nbsp;<\/p>\n<p>&nbsp;&nbsp;&nbsp;&nbsp;&nbsp;&nbsp;&nbsp;&nbsp;&nbsp;&nbsp;&nbsp;&nbsp;&nbsp;&nbsp;&nbsp;&nbsp;&nbsp;&nbsp;&nbsp;&nbsp;&nbsp;&nbsp;&nbsp;&nbsp;&nbsp;&nbsp;&nbsp;&nbsp;&nbsp;&nbsp;&nbsp;&nbsp;&nbsp;&nbsp;&nbsp;&nbsp;&nbsp;&nbsp;<span style=\"color: #ff0000;\">&nbsp;&nbsp; 31&nbsp; Niedziela&nbsp; 30. 10. 2022r.&nbsp;&nbsp;&nbsp;&nbsp;&nbsp;&nbsp;&nbsp;&nbsp;&nbsp;&nbsp;&nbsp;&nbsp;&nbsp;&nbsp;&nbsp;&nbsp;&nbsp;&nbsp;&nbsp;&nbsp;&nbsp;&nbsp;&nbsp;<\/span>&nbsp;&nbsp;&nbsp;&nbsp;&nbsp;&nbsp;&nbsp;&nbsp;&nbsp;&nbsp;&nbsp;&nbsp;&nbsp;&nbsp;&nbsp;&nbsp;&nbsp;&nbsp;&nbsp;&nbsp;&nbsp;&nbsp;&nbsp;&nbsp;&nbsp;&nbsp;&nbsp;&nbsp;&nbsp;&nbsp;&nbsp;&nbsp;&nbsp;&nbsp;&nbsp;&nbsp;&nbsp;&nbsp;&nbsp;&nbsp;&nbsp;&nbsp;&nbsp;&nbsp;&nbsp;&nbsp;&nbsp;&nbsp;&nbsp;&nbsp;&nbsp;&nbsp;&nbsp;&nbsp;&nbsp;&nbsp;&nbsp;&nbsp;&nbsp;&nbsp;&nbsp;&nbsp;&nbsp;&nbsp;&nbsp;&nbsp;&nbsp;&nbsp;&nbsp;&nbsp;&nbsp;&nbsp;&nbsp;&nbsp;&nbsp;&nbsp; &nbsp;&nbsp;&nbsp;&nbsp;&nbsp;&nbsp;&nbsp;&nbsp;&nbsp;<\/p>\n<p>1. W Poniedzia\u0142ek &nbsp;zako\u0144czenie nabo\u017ce\u0144stw r\u00f3\u017ca\u0144cowych. Msza \u015bw.o g.17.00 i r\u00f3\u017caniec. &nbsp; &nbsp; &nbsp; &nbsp; &nbsp; &nbsp; &nbsp; &nbsp; &nbsp; &nbsp; &nbsp; &nbsp; &nbsp; &nbsp; &nbsp; &nbsp; &nbsp; Prosz\u0119 przynie\u015b\u0107 plansze z naklejkami. Jutro odmawia r\u00f3\u017caniec kl.2&nbsp;&nbsp;&nbsp;&nbsp; i&nbsp; 3 &nbsp;&nbsp;&nbsp;&nbsp;&nbsp;&nbsp;&nbsp;&nbsp;&nbsp;&nbsp;&nbsp;&nbsp;&nbsp;&nbsp;&nbsp;&nbsp;&nbsp;&nbsp;&nbsp;&nbsp;&nbsp;&nbsp;&nbsp;&nbsp;&nbsp;&nbsp;&nbsp;&nbsp;&nbsp;&nbsp;&nbsp;&nbsp;&nbsp;&nbsp;&nbsp;&nbsp;&nbsp;&nbsp;&nbsp;&nbsp;&nbsp;&nbsp; &nbsp; &nbsp; &nbsp; &nbsp; &nbsp; &nbsp; &nbsp; &nbsp; &nbsp; 2.W tym tyg. 1Cz.,1P.,1S. m. Codziennie mo\u017cliwo\u015b\u0107 spowiedzi przed Msz\u0105&nbsp;&nbsp;&nbsp;&nbsp;&nbsp; \u015aw. &nbsp;&nbsp;&nbsp;&nbsp;&nbsp;&nbsp;&nbsp;&nbsp;&nbsp;&nbsp;&nbsp;&nbsp;&nbsp;&nbsp;&nbsp;&nbsp;&nbsp;&nbsp;&nbsp;&nbsp;&nbsp;&nbsp;&nbsp;&nbsp;&nbsp;&nbsp;&nbsp;&nbsp;&nbsp;&nbsp;&nbsp;&nbsp;&nbsp;&nbsp;&nbsp; 3.Spotkanie formacyjne&nbsp; kl. 6 ,7,8 SP z \u0141uk w Pi\u0105tek.Natomiast. \u015arednie W. &nbsp;i Kal.1 XI&nbsp;&nbsp;&nbsp;&nbsp; &nbsp;&nbsp;&nbsp;&nbsp;&nbsp;&nbsp;&nbsp;&nbsp;&nbsp;&nbsp;&nbsp;&nbsp;&nbsp;&nbsp;&nbsp;&nbsp;&nbsp;&nbsp;&nbsp;&nbsp;&nbsp;&nbsp;&nbsp;&nbsp;&nbsp;&nbsp;&nbsp;&nbsp;&nbsp;&nbsp; 4. We Wtorek 1.XI.Ur. Wszystkich \u015awi\u0119tych.Msze \u015aw. jak w Niedziel\u0119 7.30,9.30,11.00&nbsp; po Sumie procesja na Cmentarz.Od 1.XI-8,XI.mo\u017cna zyska\u0107 Odpust Zupe\u0142ny, a od 9.XI.-30.XI- Odpust Cz\u0105stkowy, trzeba spe\u0142ni\u0107 nast\u0119puj\u0105ce warunki, przyst\u0105pi\u0107 do Komunii \u015aw., odm\u00f3wi\u0107 Wierz\u0119 w Boga, Ojcze Nasz i dowoln\u0105 modlitw\u0119 za Ojca \u015aw.&nbsp;&nbsp;&nbsp;&nbsp;&nbsp;&nbsp;&nbsp;&nbsp;&nbsp;&nbsp;&nbsp;&nbsp;&nbsp;&nbsp;&nbsp;&nbsp;&nbsp;&nbsp;&nbsp;&nbsp;&nbsp;&nbsp;&nbsp;&nbsp;&nbsp;&nbsp;&nbsp;&nbsp;&nbsp;&nbsp;&nbsp;&nbsp;&nbsp;&nbsp;&nbsp;&nbsp;&nbsp;&nbsp;&nbsp;&nbsp;&nbsp;&nbsp;&nbsp;&nbsp;&nbsp;&nbsp;&nbsp;&nbsp;&nbsp;&nbsp;&nbsp;&nbsp;&nbsp;&nbsp;&nbsp;&nbsp;&nbsp;&nbsp;&nbsp;&nbsp;&nbsp;&nbsp;&nbsp;&nbsp;&nbsp;&nbsp;&nbsp;&nbsp;&nbsp;&nbsp;&nbsp;&nbsp;&nbsp;&nbsp;&nbsp;&nbsp;&nbsp;&nbsp;&nbsp;&nbsp;&nbsp;&nbsp;&nbsp;&nbsp;&nbsp;&nbsp;&nbsp;&nbsp;&nbsp;&nbsp;&nbsp;&nbsp;&nbsp;&nbsp;&nbsp;&nbsp;&nbsp;&nbsp;&nbsp;&nbsp;&nbsp;&nbsp;&nbsp;&nbsp;&nbsp;&nbsp;&nbsp;&nbsp;&nbsp;&nbsp;&nbsp;&nbsp;&nbsp;&nbsp;&nbsp;&nbsp;&nbsp;&nbsp;&nbsp;&nbsp;&nbsp;&nbsp;&nbsp;&nbsp;&nbsp;&nbsp;&nbsp;&nbsp;&nbsp;&nbsp;&nbsp;&nbsp;&nbsp;&nbsp;&nbsp;&nbsp;&nbsp;&nbsp;&nbsp;&nbsp;&nbsp;&nbsp;&nbsp;&nbsp;&nbsp;&nbsp;&nbsp; 5.W \u015arod\u0119 &nbsp;Dzie\u0144 Zaduszny- Wspomnienie Wszystkich Wiernych Zmar\u0142ych,kt\u00f3rzy przebywaj\u0105 w Czy\u015b\u0107cu i potrzebuj\u0105&nbsp;&nbsp; naszej pomocy &nbsp;&nbsp;&nbsp;&nbsp;&nbsp;&nbsp;&nbsp;&nbsp;&nbsp;&nbsp;&nbsp;&nbsp;&nbsp;&nbsp;&nbsp;&nbsp;&nbsp;&nbsp;&nbsp;&nbsp;&nbsp;&nbsp;&nbsp;&nbsp;&nbsp;&nbsp;&nbsp;&nbsp;&nbsp;&nbsp;&nbsp;&nbsp;&nbsp;&nbsp;&nbsp;&nbsp;&nbsp;&nbsp;&nbsp;&nbsp;&nbsp;&nbsp;&nbsp;&nbsp;&nbsp;&nbsp;&nbsp;&nbsp;&nbsp;&nbsp;&nbsp;&nbsp;&nbsp;&nbsp;&nbsp;&nbsp;&nbsp;&nbsp;&nbsp;&nbsp;&nbsp;&nbsp;&nbsp;&nbsp;&nbsp;&nbsp;&nbsp;&nbsp;&nbsp;&nbsp;&nbsp;&nbsp;&nbsp;&nbsp;&nbsp;&nbsp;&nbsp;&nbsp;&nbsp;&nbsp;&nbsp;&nbsp;&nbsp;&nbsp;&nbsp;&nbsp;&nbsp;&nbsp;&nbsp;&nbsp;&nbsp;&nbsp;&nbsp;&nbsp;&nbsp;&nbsp;&nbsp;&nbsp;&nbsp;&nbsp;&nbsp;&nbsp;&nbsp;&nbsp;&nbsp;&nbsp;&nbsp;&nbsp;&nbsp;&nbsp;&nbsp;&nbsp;&nbsp;&nbsp;&nbsp;&nbsp;&nbsp;&nbsp;&nbsp;&nbsp;&nbsp;&nbsp;&nbsp;&nbsp;&nbsp;&nbsp;&nbsp;&nbsp;&nbsp;&nbsp;&nbsp;&nbsp;&nbsp;&nbsp;&nbsp;&nbsp;&nbsp;&nbsp;&nbsp;&nbsp;&nbsp;&nbsp;&nbsp;&nbsp;&nbsp;&nbsp;&nbsp;&nbsp;&nbsp;&nbsp;&nbsp;&nbsp;&nbsp;&nbsp;&nbsp;&nbsp; &nbsp;&nbsp;&nbsp; &nbsp; &nbsp; &nbsp; &nbsp; &nbsp; &nbsp; &nbsp; &nbsp; &nbsp; &nbsp; &nbsp; &nbsp; &nbsp; &nbsp; &nbsp; &nbsp; 6.Sprz\u0105tanie Ko\u015bcio\u0142a<\/p>\n<p>\u0141ukowe: Burda&nbsp; Rozalia,Pando\u0142&nbsp; Weronika,Pando\u0142 Zbigniew<\/p>\n<p>\u015arednie W:Gra\u017cyna Piekutowska,Sidorska Kamila<\/p>\n<p>7.Intencje mszalne:<\/p>\n<p>Pon.17.00&nbsp; +Jan i Barbara Wania&nbsp; w rocznic\u0119 \u015bmierci int. od c\u00f3rki z rodzin\u0105<\/p>\n<p>Wt.Ur. Wszystkich \u015awi\u0119tych<\/p>\n<p>7.30 +Za zmar\u0142ych z rodziny Jankowskich i Wr\u00f3bli<\/p>\n<p>9.30 +Anna i Antoni Jankowscy int. od syna Zdzis\u0142awa<\/p>\n<p>11.00 +Ewa Kurek int. od m\u0119\u017ca i dzieci<\/p>\n<p>\u015ar.17.00 +Zmar\u0142ych z rodzin Pluskwa&nbsp; i Wrona<\/p>\n<p>Czw.17.00 &nbsp;+Ludwik\u0119 ,Nestora ,Juli\u0119 Izdebskich,int. od S. Barbary<\/p>\n<p>Pi\u0105.17.00 +Ludwik\u0119 i Nestor Izdebscy,+Bronis\u0142aw\u0119 &nbsp;i &nbsp;Jan Pytlak<\/p>\n<p>Sob.17.00&nbsp; +Halina Czuchry<\/p>\n<p>N.7.30 +Stanis\u0142aw Kita 20 r. \u015bmierci<\/p>\n<p>9.30 &nbsp;Za zmar\u0142ych polecanych&nbsp; w wypominkach Osiedle&nbsp; \u015arednie W.<\/p>\n<p>11.00 &nbsp;<strong>Za parafian&nbsp;&nbsp;&nbsp;&nbsp;&nbsp;&nbsp;&nbsp;&nbsp;&nbsp;&nbsp;&nbsp; &nbsp;&nbsp;&nbsp;&nbsp;&nbsp;&nbsp;&nbsp;&nbsp;&nbsp;&nbsp;&nbsp;&nbsp;&nbsp;<\/strong><\/p>\n<p><strong>&nbsp; &nbsp; &nbsp; &nbsp; &nbsp; &nbsp; &nbsp; &nbsp; &nbsp; &nbsp; &nbsp; &nbsp; &nbsp; &nbsp; &nbsp; &nbsp; &nbsp; &nbsp; &nbsp; &nbsp; &nbsp; &nbsp; &nbsp; &nbsp; &nbsp; &nbsp; &nbsp; &nbsp;&nbsp; &nbsp;&nbsp;&nbsp;&nbsp;&nbsp;&nbsp;&nbsp;&nbsp;<\/strong><\/p>\n<p><strong>&nbsp;&nbsp; <\/strong>&nbsp;&nbsp;&nbsp;&nbsp;&nbsp;&nbsp;&nbsp;&nbsp;&nbsp;&nbsp;&nbsp;&nbsp;&nbsp;&nbsp;&nbsp;&nbsp;&nbsp;&nbsp;&nbsp;&nbsp;&nbsp;&nbsp;&nbsp;&nbsp;&nbsp;&nbsp;&nbsp;&nbsp;&nbsp;&nbsp;&nbsp;&nbsp;&nbsp;&nbsp;&nbsp;&nbsp;&nbsp;&nbsp;&nbsp;<span style=\"color: #ff0000;\">30&nbsp; Niedziela&nbsp; 23. 10. 2022 r.&nbsp;&nbsp;&nbsp;&nbsp;&nbsp;&nbsp;&nbsp;&nbsp;<\/span>&nbsp;&nbsp;&nbsp;&nbsp;&nbsp;&nbsp;&nbsp;&nbsp;&nbsp;&nbsp;&nbsp;&nbsp;&nbsp;&nbsp;&nbsp;&nbsp;&nbsp;&nbsp;&nbsp;&nbsp;&nbsp;&nbsp;&nbsp;&nbsp;&nbsp;&nbsp;&nbsp;&nbsp;&nbsp;&nbsp;&nbsp;&nbsp;&nbsp;&nbsp;&nbsp;&nbsp;&nbsp;&nbsp;&nbsp;&nbsp;&nbsp;&nbsp;&nbsp;&nbsp;&nbsp;&nbsp;&nbsp;&nbsp;&nbsp;&nbsp;&nbsp;&nbsp;&nbsp;&nbsp;&nbsp;&nbsp;&nbsp;&nbsp;&nbsp;&nbsp;&nbsp;&nbsp;&nbsp;&nbsp;&nbsp;&nbsp;&nbsp;&nbsp;&nbsp;&nbsp;&nbsp;&nbsp;&nbsp;&nbsp;&nbsp;&nbsp;&nbsp;&nbsp;&nbsp;&nbsp;&nbsp;&nbsp;&nbsp;&nbsp;&nbsp;&nbsp;&nbsp;&nbsp;&nbsp;&nbsp;&nbsp;<\/p>\n<ol>\n<li>Trwa miesi\u0105c pa\u017adziernik. Msze \u015bw. w ko\u015bciele parafialnym o g.17.00 i r\u00f3\u017caniec.<\/li>\n<\/ol>\n<p>Zapraszam .W Cz. Msza \u015bw. \u015arednie W. g.18.15&nbsp;&nbsp;<\/p>\n<p>2.W Pi\u0105tek&nbsp; \u015awi\u0119to \u015bw. Szymona i Judy Tadeusza, Ap.&nbsp; Zapraszam solenizant\u00f3w.<\/p>\n<ol start=\"3\">\n<li>Dzi\u015b Niedziela Misyjna.Modlimy si\u0119 za wszystkich Misjonarzy Sk\u0142adka na Misje. B\u00f3g zap\u0142a\u0107. &nbsp;<\/li>\n<\/ol>\n<p>4.Sprz\u0105tanie ko\u015bcio\u0142a&nbsp;&nbsp;&nbsp;&nbsp;&nbsp;&nbsp;&nbsp;&nbsp;&nbsp;&nbsp;&nbsp;&nbsp;&nbsp;&nbsp;&nbsp;&nbsp;&nbsp;&nbsp;&nbsp;&nbsp;&nbsp;&nbsp;&nbsp;&nbsp;&nbsp;&nbsp;&nbsp;&nbsp;&nbsp;&nbsp;&nbsp;&nbsp;&nbsp;&nbsp;&nbsp;&nbsp;&nbsp;&nbsp;&nbsp;&nbsp;&nbsp;&nbsp;&nbsp;&nbsp;&nbsp;&nbsp;&nbsp;&nbsp;&nbsp;&nbsp;&nbsp;&nbsp;&nbsp;&nbsp;&nbsp;&nbsp;&nbsp;&nbsp;&nbsp;&nbsp;&nbsp;&nbsp;&nbsp;&nbsp;&nbsp;&nbsp;&nbsp;&nbsp;&nbsp;&nbsp;&nbsp;&nbsp;&nbsp;&nbsp;&nbsp;&nbsp;&nbsp;&nbsp;&nbsp;&nbsp;&nbsp;&nbsp;&nbsp;&nbsp;&nbsp;&nbsp;&nbsp;&nbsp;&nbsp;&nbsp;&nbsp;&nbsp;&nbsp;&nbsp;&nbsp;&nbsp;&nbsp;&nbsp;&nbsp;&nbsp;&nbsp;&nbsp;&nbsp;&nbsp;&nbsp;&nbsp;&nbsp;&nbsp;&nbsp;&nbsp;&nbsp;&nbsp;&nbsp;&nbsp;&nbsp;&nbsp;&nbsp;&nbsp;&nbsp;&nbsp;&nbsp;&nbsp;&nbsp;&nbsp;&nbsp;&nbsp;&nbsp;&nbsp;&nbsp;&nbsp;&nbsp;&nbsp;&nbsp;&nbsp;&nbsp;&nbsp;&nbsp;&nbsp;&nbsp;&nbsp;&nbsp;&nbsp;&nbsp;&nbsp;&nbsp;&nbsp;&nbsp;&nbsp;&nbsp;&nbsp;&nbsp;&nbsp;&nbsp;&nbsp;&nbsp;&nbsp;&nbsp;&nbsp;&nbsp;&nbsp;&nbsp;&nbsp;&nbsp;&nbsp;&nbsp;&nbsp;&nbsp;&nbsp;&nbsp;&nbsp;&nbsp;&nbsp;&nbsp;&nbsp;&nbsp;&nbsp;&nbsp;&nbsp;&nbsp;&nbsp;&nbsp;&nbsp;&nbsp;&nbsp;&nbsp;&nbsp;&nbsp;&nbsp;&nbsp;&nbsp;&nbsp;&nbsp;&nbsp;&nbsp;&nbsp; <strong>\u0141ukowe <\/strong><em>:<\/em> Milczanowski Henryk,Bary\u0142a Bogus\u0142awa,Bober Nina . Prosz\u0119 zakupi\u0107 chryzantemy<\/p>\n<p><strong>\u015arednie Wielkie<\/strong><em> :<\/em> Guzara Ludwika, Lubi\u0144ska El\u017cbieta<\/p>\n<p>5.Intencje Mszalne<\/p>\n<p>Pon.17.00&nbsp; +Adam Kicak 21 rocznica \u015bmierci int.od \u017cony i dzieci.<\/p>\n<p>Wt.17.00 +Bronis\u0142aw\u0119 Dubanik 4 rocznica \u015bmierci int. od c\u00f3rki Zofii z rodzin\u0105<\/p>\n<p>\u015ar.17.00&nbsp; O zdrowie i potrzebne \u0142aski i Bo\u017ce b\u0142 .dla Sabiny<\/p>\n<p>Czw.17.00 +Ludwik\u0119 ,Stanis\u0142aw\u0119, Krystyn\u0119 i Jerzego Sitek<\/p>\n<p>Czw.18.15&nbsp; +Mariann\u0119 Kusiak int .od &nbsp;rodziny Sawczyszyn\u00f3w<\/p>\n<p>Pi\u0105.17.00 +Franciszek Antolak od chrze\u015bnicy Wiktorii Antolak i Anny i Edwarda Su\u0142kowskich<\/p>\n<p>Sob.17.00 +J\u00f3zef\u0119 i Franciszek Stusik int. od c\u00f3rki Teresy z rodzin\u0105<\/p>\n<p>N.7.30 +Alfred i Stanis\u0142aw\u0119 \u015awi\u0119ch<\/p>\n<p>9.30 +Zofia i Andrzej Kusiak int. od c\u00f3rki Barbary z rodzin\u0105<\/p>\n<p>11.00 +Henryk Stach int. od Aldony i Jacka Szlaga z rodzin\u0105<\/p>\n<p>6.W tym tyg. r\u00f3\u017caniec odmawiaj\u0105 &nbsp;&nbsp;&nbsp;&nbsp;&nbsp;&nbsp;&nbsp;&nbsp;&nbsp;&nbsp;&nbsp;&nbsp;&nbsp;&nbsp;&nbsp;&nbsp;&nbsp;&nbsp;&nbsp;&nbsp;&nbsp;&nbsp;&nbsp;&nbsp;&nbsp;&nbsp;&nbsp;&nbsp;&nbsp;&nbsp;&nbsp;&nbsp;&nbsp;&nbsp;&nbsp;&nbsp;&nbsp;&nbsp;&nbsp;&nbsp;&nbsp;&nbsp;&nbsp;&nbsp;&nbsp;&nbsp;&nbsp;&nbsp;&nbsp;&nbsp;&nbsp;&nbsp;&nbsp;&nbsp;&nbsp;&nbsp;&nbsp;&nbsp;&nbsp;&nbsp;&nbsp;&nbsp;&nbsp;&nbsp;&nbsp;&nbsp;&nbsp;&nbsp;&nbsp;&nbsp;&nbsp;&nbsp;&nbsp; &nbsp; &nbsp; &nbsp; &nbsp; &nbsp; &nbsp; &nbsp; &nbsp; &nbsp; &nbsp; &nbsp; &nbsp; &nbsp; &nbsp; &nbsp; &nbsp; &nbsp; &nbsp; &nbsp; &nbsp; &nbsp; &nbsp; &nbsp; &nbsp; &nbsp; &nbsp; &nbsp; &nbsp; &nbsp; &nbsp; &nbsp; &nbsp; &nbsp; &nbsp; &nbsp; &nbsp; <strong>W Pon.kl.6 i 7 Wt.kl.8, \u015ar.kl.2,Cz.kl.3 ,Pi \u0105. kl.4, Sob. kl.5 N. g.11.00 Ministranci&nbsp; <\/strong><\/p>\n<p>7.Przypominam, ju\u017c czas aby posprz\u0105ta\u0107 groby najbli\u017cszych. \u015amieci wrzucamy&nbsp; tylko do kontener\u00f3w, wk\u0142ady wypalone i szk\u0142o.Cmentarz jest kamerowany.<\/p>\n<p><strong>&nbsp;&nbsp;&nbsp;&nbsp;&nbsp;&nbsp;&nbsp;&nbsp;&nbsp;&nbsp;&nbsp;&nbsp;&nbsp;&nbsp;&nbsp;&nbsp;&nbsp;&nbsp;&nbsp;&nbsp;&nbsp;&nbsp;&nbsp;&nbsp;&nbsp;&nbsp;&nbsp;&nbsp;&nbsp;&nbsp;&nbsp;&nbsp;&nbsp;&nbsp;&nbsp;&nbsp;&nbsp;&nbsp;&nbsp;&nbsp;&nbsp;&nbsp;&nbsp;&nbsp;&nbsp;&nbsp;&nbsp;&nbsp;&nbsp;&nbsp;&nbsp;&nbsp;&nbsp;&nbsp;&nbsp;&nbsp;&nbsp;&nbsp;&nbsp;&nbsp;&nbsp;&nbsp;&nbsp;&nbsp;&nbsp;&nbsp;&nbsp;&nbsp;&nbsp;&nbsp;&nbsp;&nbsp;&nbsp;&nbsp;&nbsp;&nbsp;&nbsp;&nbsp;&nbsp;&nbsp;&nbsp;&nbsp;&nbsp;&nbsp;&nbsp;&nbsp;&nbsp;&nbsp;&nbsp;&nbsp;&nbsp;&nbsp;&nbsp;&nbsp;&nbsp;&nbsp;&nbsp;&nbsp;&nbsp;&nbsp;&nbsp;&nbsp;&nbsp;&nbsp;&nbsp;&nbsp;&nbsp;&nbsp;&nbsp;&nbsp;&nbsp;&nbsp;&nbsp;&nbsp;<br \/>\n<\/strong><\/p>\n<p>&nbsp;&nbsp;&nbsp;&nbsp;&nbsp;&nbsp;&nbsp;&nbsp;&nbsp;&nbsp;&nbsp;&nbsp;&nbsp;&nbsp;&nbsp;&nbsp;&nbsp;&nbsp;&nbsp;&nbsp;&nbsp;&nbsp;&nbsp;&nbsp;&nbsp;&nbsp;&nbsp;&nbsp;&nbsp;&nbsp;&nbsp;&nbsp;&nbsp;&nbsp;&nbsp;&nbsp;&nbsp;&nbsp;&nbsp;&nbsp;&nbsp;&nbsp;&nbsp;&nbsp;&nbsp;&nbsp;&nbsp;&nbsp;&nbsp;&nbsp;&nbsp;&nbsp;&nbsp;&nbsp;<span style=\"color: #ff0000;\">&nbsp;&nbsp;&nbsp; 28&nbsp;&nbsp; Niedziela&nbsp; 9. 10. 2022r.&nbsp;&nbsp;&nbsp;&nbsp;&nbsp;&nbsp;&nbsp;&nbsp;&nbsp;&nbsp;&nbsp;&nbsp;<\/span>&nbsp;&nbsp;&nbsp;&nbsp;&nbsp;&nbsp;&nbsp;&nbsp;&nbsp;&nbsp;&nbsp;&nbsp;&nbsp;&nbsp;&nbsp;&nbsp;&nbsp;&nbsp;&nbsp;&nbsp;&nbsp;&nbsp;&nbsp;&nbsp;&nbsp;&nbsp;&nbsp;&nbsp;&nbsp;&nbsp;&nbsp;&nbsp;&nbsp;&nbsp;&nbsp;&nbsp;&nbsp;&nbsp;&nbsp;&nbsp;&nbsp;&nbsp;&nbsp;&nbsp;&nbsp;&nbsp;&nbsp;&nbsp;&nbsp;&nbsp;&nbsp;&nbsp;&nbsp;&nbsp;&nbsp;&nbsp;&nbsp;&nbsp;&nbsp;&nbsp;&nbsp;&nbsp;&nbsp;&nbsp;&nbsp;&nbsp;&nbsp;&nbsp;&nbsp;&nbsp;&nbsp;&nbsp;&nbsp;&nbsp;&nbsp;&nbsp;&nbsp;&nbsp;&nbsp;&nbsp;&nbsp;&nbsp;&nbsp;&nbsp;&nbsp;&nbsp;<\/p>\n<p>&nbsp; 1. W niedziel\u0119 16.10.2022r. Dzie\u0144 Papieski&nbsp; pod has\u0142em. <strong>,,Blask Prawdy\u201d.<\/strong>&nbsp; Jak co roku ofiara do puszek na \u017cywy pomnik m\u0142odzie\u017cy -\u015aw.JP II .B\u00f3g zap\u0142a\u0107&nbsp;&nbsp;&nbsp;&nbsp;&nbsp;&nbsp;&nbsp;&nbsp;&nbsp;&nbsp;&nbsp;&nbsp;&nbsp;&nbsp;&nbsp;&nbsp;&nbsp;&nbsp;&nbsp;&nbsp;&nbsp;&nbsp;&nbsp;&nbsp;&nbsp;&nbsp;&nbsp;&nbsp;&nbsp;&nbsp;&nbsp;&nbsp;&nbsp;&nbsp;&nbsp;&nbsp;&nbsp;&nbsp;&nbsp;<\/p>\n<p>2.Trwa miesi\u0105c pa\u017adziernik. Msze \u015bw.o g.17.00 i r\u00f3\u017caniec&nbsp; zapraszam dzieci , m\u0142odzie\u017c, parafian. W \u015arod\u0119. Msza \u015bw. \u015arednie W. g.18.15<\/p>\n<p>3.W Czwartek 13.10 Msza \u015aw.o godz.16.00 i procesja na G\u00f3r\u0119 Mi\u0142osierdzia.&nbsp;&nbsp;&nbsp;&nbsp;&nbsp;&nbsp;&nbsp;<\/p>\n<p>3.W tym tyg. r\u00f3\u017caniec odmawiaj\u0105&nbsp;&nbsp;&nbsp;&nbsp;&nbsp;&nbsp;&nbsp;&nbsp;&nbsp;&nbsp;&nbsp;&nbsp;&nbsp;&nbsp;&nbsp;&nbsp;&nbsp;&nbsp;&nbsp;&nbsp;&nbsp;&nbsp;&nbsp;&nbsp;&nbsp;&nbsp;&nbsp;&nbsp;&nbsp;&nbsp;&nbsp;&nbsp;&nbsp;&nbsp;&nbsp;&nbsp;&nbsp;&nbsp;&nbsp;&nbsp;&nbsp;&nbsp;&nbsp;&nbsp;&nbsp;&nbsp;&nbsp;&nbsp;&nbsp;&nbsp;&nbsp;&nbsp;&nbsp;&nbsp;&nbsp;&nbsp;&nbsp;&nbsp;&nbsp;&nbsp;&nbsp;&nbsp;&nbsp;&nbsp;&nbsp;&nbsp;&nbsp;&nbsp;&nbsp;&nbsp;&nbsp;&nbsp;&nbsp;&nbsp;&nbsp;&nbsp;&nbsp;&nbsp;&nbsp;&nbsp;&nbsp;&nbsp;&nbsp;&nbsp;&nbsp;&nbsp;&nbsp;&nbsp;&nbsp;&nbsp;&nbsp;&nbsp;&nbsp; &nbsp;&nbsp;&nbsp;&nbsp;&nbsp;&nbsp;&nbsp;&nbsp;&nbsp;&nbsp;&nbsp;&nbsp;&nbsp;&nbsp;&nbsp;&nbsp;&nbsp;&nbsp;&nbsp;&nbsp;&nbsp;&nbsp;&nbsp;&nbsp;&nbsp;&nbsp;&nbsp;&nbsp;&nbsp;&nbsp;&nbsp;&nbsp;&nbsp;&nbsp;&nbsp;&nbsp;&nbsp;&nbsp;&nbsp;&nbsp;&nbsp;&nbsp;&nbsp;&nbsp;<\/p>\n<p><strong>W Pon.kl.8, Wt.kl.2 \u015ar.kl.3,Cz.kl. AK,Pi \u0105.kl.4,Sob kl.5 N.g.11.00 Ministranci&nbsp; <\/strong><\/p>\n<p><strong>4.Na pro\u015bb\u0119 ks. Karola zwracam si\u0119 z pro\u015bb\u0105 do uczni\u00f3w kl 6,7,8 SP aby przychodzili na r\u00f3\u017caniec&nbsp; z notesami&nbsp; lub zeszytami i zbierali podpisy.<\/strong><\/p>\n<p>5.Sprz\u0105tanie ko\u015bcio\u0142a&nbsp;&nbsp;&nbsp;&nbsp;&nbsp;&nbsp;&nbsp;&nbsp;&nbsp;&nbsp;&nbsp;&nbsp;&nbsp;&nbsp;&nbsp;&nbsp;&nbsp;&nbsp;&nbsp;&nbsp;&nbsp;&nbsp;&nbsp;&nbsp;&nbsp;&nbsp;&nbsp;&nbsp;&nbsp;&nbsp;&nbsp;&nbsp;&nbsp;&nbsp;&nbsp;&nbsp;&nbsp;&nbsp;&nbsp;&nbsp;&nbsp;&nbsp;&nbsp;&nbsp;&nbsp;&nbsp;&nbsp;&nbsp;&nbsp;&nbsp;&nbsp;&nbsp;&nbsp;&nbsp;&nbsp;&nbsp;&nbsp;&nbsp;&nbsp;&nbsp;&nbsp;&nbsp;&nbsp;&nbsp;&nbsp;&nbsp;&nbsp;&nbsp;&nbsp;&nbsp;&nbsp;&nbsp;&nbsp;&nbsp;&nbsp;&nbsp;&nbsp;&nbsp;&nbsp;&nbsp;&nbsp;&nbsp;&nbsp;&nbsp;&nbsp;&nbsp;&nbsp;&nbsp;&nbsp;&nbsp;&nbsp;&nbsp;&nbsp;&nbsp;&nbsp;&nbsp;&nbsp;&nbsp;&nbsp;&nbsp;&nbsp;&nbsp;&nbsp;&nbsp;&nbsp;&nbsp;<\/p>\n<p>&nbsp;&nbsp; <strong>\u0141ukowe <\/strong><em>:<\/em> Przybytek Lucyna,Kaczmarska,Wr\u00f3bel Helena<\/p>\n<p><strong><em>\u015arednie Wielkie<\/em><\/strong><em> :<\/em> Klepczy\u0144ska Teresa,Klepczy\u0144ska Katarzyna<\/p>\n<p>6.Intencje Mszalne<\/p>\n<p>Pon.17.00 + Helena Wierzcho\u0142owska&nbsp; int. od Alicji z rodzin\u0105<\/p>\n<p>Wt.17.00 +J\u00f3zef &nbsp;Gajda int od od rodziny Mamrot<\/p>\n<p>\u015ar.17.00 + Micha\u0142 Mach int. od bratowej Antoniny<\/p>\n<p><strong>\u015ar.18.15<\/strong> + Michalina, Ewa, Bronis\u0142aw\u0119 i Aleksander Klepczy\u0144scy<\/p>\n<p>Czw.16.00 +Franciszek Antolak int. od Jana i Marii Antolak&nbsp;<\/p>\n<p>Pi\u0105.17.00 +Wac\u0142aw Mackiewicz int. od rodz. Mroczek<\/p>\n<p>Sob.17.00 +Henryk Stach int. od rodziny Pa\u0142asz<\/p>\n<p>N.7.30 +J\u00f3zef,J\u00f3zef\u0119, Stanis\u0142aw Str\u00f3\u017cak int. od Syna<\/p>\n<p>9.30 +Tadeusz Jankowski int. od Syna Miros\u0142awa&nbsp; z rodzin\u0105<\/p>\n<p>11.00 + Czes\u0142aw Prenkiewicz 20r.\u015bmierci +Edward i Andrzej&nbsp; int. od c\u00f3rki z rodzin\u0105<\/p>\n<p>7.Zbi\u00f3rka ministrant\u00f3w w Pi\u0105tek.<\/p>\n<p>&nbsp; &nbsp; &nbsp; &nbsp; &nbsp; &nbsp; &nbsp; &nbsp; &nbsp; &nbsp; &nbsp; &nbsp; &nbsp; &nbsp; &nbsp; &nbsp; &nbsp; &nbsp; &nbsp; &nbsp; &nbsp; &nbsp; &nbsp; &nbsp; &nbsp; &nbsp; &nbsp; &nbsp; &nbsp; &nbsp; &nbsp; &nbsp; &nbsp; &nbsp; &nbsp;&nbsp; &nbsp; <span style=\"color: #ff0000;\">&nbsp; 27&nbsp;&nbsp; Niedziela&nbsp; 07.10. 2022r.&nbsp;&nbsp;&nbsp;&nbsp;<\/span>&nbsp;&nbsp;&nbsp;&nbsp;&nbsp;&nbsp;&nbsp;&nbsp;&nbsp;&nbsp;&nbsp; &nbsp;&nbsp;&nbsp;&nbsp;&nbsp;&nbsp;&nbsp;&nbsp;&nbsp;&nbsp;&nbsp;&nbsp;&nbsp;&nbsp;&nbsp;&nbsp;&nbsp;&nbsp;&nbsp;&nbsp;&nbsp;&nbsp;&nbsp;&nbsp;&nbsp;&nbsp;&nbsp;&nbsp;&nbsp;&nbsp;&nbsp;&nbsp;&nbsp;&nbsp;&nbsp;&nbsp;&nbsp;&nbsp;&nbsp;&nbsp;&nbsp;&nbsp;&nbsp;&nbsp;&nbsp;&nbsp;&nbsp;&nbsp;&nbsp;&nbsp;&nbsp;&nbsp;&nbsp;&nbsp;&nbsp;&nbsp;&nbsp;&nbsp;&nbsp;&nbsp;&nbsp;&nbsp;&nbsp;&nbsp;&nbsp;&nbsp;&nbsp;&nbsp;&nbsp;&nbsp;&nbsp;&nbsp;&nbsp;&nbsp;&nbsp;&nbsp;&nbsp;&nbsp;&nbsp;&nbsp;&nbsp;&nbsp;&nbsp;<\/p>\n<p>&nbsp;1. Dzi\u015b Odpust MB R\u00f3\u017ca\u0144cowej w \u015arednim Wielkim o godz.11.00,&nbsp; pod przewodnictwem &nbsp;ks. Jakuba z&nbsp; wikariusza z&nbsp; z \u017burawicy<strong> Msze \u015aw. w \u0141ukowem g.7.30. 9.30 <\/strong>Taca przeznaczona na WSD&nbsp;&nbsp;&nbsp;&nbsp;&nbsp;&nbsp;&nbsp;&nbsp;&nbsp;&nbsp;&nbsp;&nbsp;&nbsp;&nbsp;&nbsp;&nbsp;&nbsp;&nbsp;&nbsp;&nbsp;&nbsp;&nbsp;&nbsp;&nbsp;&nbsp;&nbsp;&nbsp;&nbsp;&nbsp;&nbsp;&nbsp;&nbsp;&nbsp;&nbsp;&nbsp;&nbsp;&nbsp;&nbsp;&nbsp;&nbsp;&nbsp;&nbsp;&nbsp;&nbsp;&nbsp;&nbsp;&nbsp;&nbsp;&nbsp;&nbsp;&nbsp;&nbsp;&nbsp;&nbsp;&nbsp;&nbsp;&nbsp;&nbsp;&nbsp;&nbsp;&nbsp;&nbsp;&nbsp;&nbsp;&nbsp;&nbsp;&nbsp;&nbsp;&nbsp;&nbsp;&nbsp;&nbsp;&nbsp;&nbsp;&nbsp;&nbsp;&nbsp;&nbsp;&nbsp;&nbsp;&nbsp;&nbsp;&nbsp;&nbsp;&nbsp;&nbsp;&nbsp;&nbsp;&nbsp;&nbsp;&nbsp;&nbsp;&nbsp;&nbsp;&nbsp;&nbsp;&nbsp;&nbsp;&nbsp;&nbsp;&nbsp;&nbsp;&nbsp;&nbsp;&nbsp;&nbsp;&nbsp;&nbsp;&nbsp;&nbsp;&nbsp;&nbsp;&nbsp;&nbsp;&nbsp;&nbsp;&nbsp;&nbsp;&nbsp;&nbsp;&nbsp;&nbsp;&nbsp;&nbsp;&nbsp;&nbsp;&nbsp;&nbsp;&nbsp;&nbsp;&nbsp;&nbsp;&nbsp;&nbsp;&nbsp;&nbsp;&nbsp;&nbsp;&nbsp;&nbsp;&nbsp;&nbsp;&nbsp;&nbsp;&nbsp;&nbsp;&nbsp;&nbsp;&nbsp;&nbsp;<\/p>\n<p>2.Trwa miesi\u0105c pa\u017adziernik. Msze \u015bw.o godz.17.00 i r\u00f3\u017caniec. Zapraszam dzieci , m\u0142odzie\u017c, parafian. Dzieci niech przynosz\u0105 serduszka z zapisem \u017ce tego dnia zrobi\u0142em dobry uczynek i wrzucaj\u0105 do koszyka, przed o\u0142tarzem b\u0119dzie wystawiony koszyk. B\u0119dziemy losowa\u0107 figurk\u0119 MB.<strong>&nbsp;&nbsp;&nbsp;&nbsp;&nbsp;&nbsp;&nbsp;&nbsp;&nbsp;&nbsp;&nbsp;&nbsp;&nbsp;&nbsp;&nbsp;&nbsp;&nbsp;&nbsp;&nbsp;&nbsp;&nbsp;&nbsp;&nbsp;&nbsp;&nbsp;&nbsp;&nbsp;&nbsp;&nbsp;&nbsp;&nbsp;&nbsp;&nbsp;&nbsp;&nbsp;&nbsp;&nbsp;&nbsp;&nbsp;&nbsp;&nbsp;&nbsp;&nbsp;&nbsp;&nbsp;&nbsp;&nbsp;&nbsp;&nbsp;&nbsp;&nbsp;&nbsp;&nbsp;&nbsp;&nbsp;&nbsp;&nbsp;&nbsp;&nbsp;&nbsp;&nbsp;&nbsp;&nbsp;&nbsp;&nbsp;&nbsp;&nbsp;&nbsp;&nbsp;&nbsp;&nbsp;&nbsp;&nbsp;&nbsp;&nbsp;&nbsp;&nbsp;&nbsp;&nbsp;&nbsp;&nbsp;&nbsp;&nbsp;&nbsp; &nbsp;&nbsp;&nbsp;&nbsp;&nbsp;&nbsp;&nbsp;&nbsp;&nbsp;&nbsp;&nbsp;&nbsp;&nbsp;&nbsp;&nbsp;&nbsp;&nbsp;&nbsp;&nbsp;&nbsp;&nbsp;&nbsp;&nbsp;&nbsp;&nbsp;&nbsp;&nbsp;&nbsp;&nbsp;&nbsp;&nbsp;&nbsp;&nbsp;&nbsp;&nbsp;&nbsp;&nbsp;&nbsp;&nbsp;&nbsp;&nbsp;&nbsp;&nbsp;&nbsp;&nbsp;&nbsp;&nbsp;&nbsp;&nbsp;&nbsp;&nbsp;&nbsp;&nbsp;&nbsp;&nbsp;&nbsp;&nbsp;&nbsp;&nbsp;&nbsp;&nbsp;&nbsp;&nbsp;&nbsp;&nbsp;&nbsp;&nbsp;&nbsp;&nbsp;&nbsp;&nbsp;&nbsp;&nbsp;&nbsp;&nbsp;&nbsp;&nbsp;&nbsp;&nbsp;&nbsp;&nbsp;<\/strong><\/p>\n<p><strong>&nbsp;&nbsp;<\/strong>3. W tym tyg. przypada 1Cz.1 P. miesi\u0105ca&nbsp;&nbsp;&nbsp;&nbsp;&nbsp;&nbsp;&nbsp;&nbsp;&nbsp;&nbsp;&nbsp;&nbsp;&nbsp;&nbsp;&nbsp;&nbsp;&nbsp;&nbsp;&nbsp;&nbsp;&nbsp;&nbsp;&nbsp;&nbsp;&nbsp;&nbsp;&nbsp;&nbsp;&nbsp;&nbsp;&nbsp;&nbsp;&nbsp;&nbsp;&nbsp;&nbsp;&nbsp;&nbsp;&nbsp;&nbsp;&nbsp;&nbsp;&nbsp;&nbsp;&nbsp;&nbsp;&nbsp;&nbsp;&nbsp;&nbsp;&nbsp;&nbsp;&nbsp;&nbsp;&nbsp;&nbsp;&nbsp;&nbsp;&nbsp;&nbsp;&nbsp;&nbsp;&nbsp;&nbsp;&nbsp;&nbsp;&nbsp;&nbsp;&nbsp;&nbsp;&nbsp;&nbsp;&nbsp;&nbsp;&nbsp;&nbsp;&nbsp;&nbsp;&nbsp;&nbsp;&nbsp;&nbsp;&nbsp;&nbsp;&nbsp;&nbsp;&nbsp;&nbsp;&nbsp;&nbsp;&nbsp;&nbsp;&nbsp;&nbsp;&nbsp;&nbsp;&nbsp;&nbsp;&nbsp;&nbsp;&nbsp;&nbsp;&nbsp;&nbsp;&nbsp;&nbsp;&nbsp;&nbsp;&nbsp;&nbsp;&nbsp;&nbsp;&nbsp;&nbsp;&nbsp;&nbsp;&nbsp;&nbsp;&nbsp;&nbsp;&nbsp;&nbsp;&nbsp;&nbsp;&nbsp;&nbsp;&nbsp;&nbsp;&nbsp;&nbsp;&nbsp;&nbsp; &nbsp;&nbsp;&nbsp;&nbsp;&nbsp;&nbsp;&nbsp;&nbsp;&nbsp;&nbsp;&nbsp;&nbsp;&nbsp;&nbsp;&nbsp;&nbsp;&nbsp;&nbsp;&nbsp;&nbsp;&nbsp;&nbsp;&nbsp;&nbsp;&nbsp;&nbsp;&nbsp;&nbsp;&nbsp;<\/p>\n<p>4. W niedziel\u0119 16.10.2022r. Dzie\u0144 Papieski&nbsp; pod has\u0142em. ,,Blask Prawdy\u201d. Jak co roku zbi\u00f3rka do puszek na Fundusz m\u0142odzie\u017cowy&nbsp;&nbsp;&nbsp;&nbsp;&nbsp;&nbsp;&nbsp;&nbsp;&nbsp;&nbsp;&nbsp;&nbsp;&nbsp;&nbsp;&nbsp;&nbsp;&nbsp;&nbsp;&nbsp;&nbsp;&nbsp;&nbsp;&nbsp;&nbsp;&nbsp;&nbsp;&nbsp;&nbsp;&nbsp;&nbsp;&nbsp;&nbsp;&nbsp;&nbsp;&nbsp;&nbsp;&nbsp;&nbsp;&nbsp;&nbsp;&nbsp;&nbsp;&nbsp;&nbsp;&nbsp;&nbsp;&nbsp;&nbsp;&nbsp;&nbsp;&nbsp;&nbsp;&nbsp;&nbsp;&nbsp;&nbsp;&nbsp;&nbsp;&nbsp;&nbsp;&nbsp;&nbsp;&nbsp;&nbsp;&nbsp;&nbsp;&nbsp;&nbsp;&nbsp;&nbsp;&nbsp;&nbsp;&nbsp;&nbsp;&nbsp;&nbsp;&nbsp;&nbsp;&nbsp;&nbsp;&nbsp;&nbsp;&nbsp;&nbsp;&nbsp;&nbsp;&nbsp;&nbsp; &nbsp;&nbsp;&nbsp;&nbsp;&nbsp;&nbsp;&nbsp;&nbsp;&nbsp;&nbsp;&nbsp;&nbsp;&nbsp;&nbsp;&nbsp;&nbsp;&nbsp;&nbsp;&nbsp;&nbsp;&nbsp;&nbsp;&nbsp;&nbsp;&nbsp;&nbsp;&nbsp;&nbsp;&nbsp;&nbsp;&nbsp;&nbsp;&nbsp;&nbsp;&nbsp;&nbsp;&nbsp;&nbsp;&nbsp;&nbsp;&nbsp;&nbsp;&nbsp;&nbsp;&nbsp;&nbsp;&nbsp;&nbsp;&nbsp;&nbsp;&nbsp;&nbsp;&nbsp;<\/p>\n<p>5.Sprz\u0105tanie ko\u015bcio\u0142a&nbsp;&nbsp;&nbsp;&nbsp;&nbsp;&nbsp;&nbsp;&nbsp;&nbsp;&nbsp;&nbsp;&nbsp;&nbsp;&nbsp;&nbsp;&nbsp;&nbsp;&nbsp;&nbsp;&nbsp;&nbsp;&nbsp;&nbsp;&nbsp;&nbsp;&nbsp;&nbsp;&nbsp;&nbsp;&nbsp;&nbsp;&nbsp;&nbsp;&nbsp;&nbsp;&nbsp;&nbsp;&nbsp;&nbsp;&nbsp;&nbsp;&nbsp;&nbsp;&nbsp;&nbsp;&nbsp;&nbsp;&nbsp;&nbsp;&nbsp;&nbsp;&nbsp;&nbsp;&nbsp;&nbsp;&nbsp;&nbsp;&nbsp;&nbsp;&nbsp;&nbsp;&nbsp;&nbsp;&nbsp;&nbsp;&nbsp;&nbsp;&nbsp;&nbsp;&nbsp;&nbsp;&nbsp;&nbsp;&nbsp;&nbsp;&nbsp;&nbsp;&nbsp;&nbsp;&nbsp;&nbsp;&nbsp;&nbsp;&nbsp;&nbsp;&nbsp;&nbsp;&nbsp;&nbsp;&nbsp;&nbsp;&nbsp;&nbsp;&nbsp;&nbsp;&nbsp;&nbsp;&nbsp;&nbsp;&nbsp;&nbsp;&nbsp;&nbsp;&nbsp;&nbsp;&nbsp;<\/p>\n<p>&nbsp;&nbsp; <strong>\u0141ukowe <\/strong><em>:<\/em> <strong>&nbsp;&nbsp;<\/strong>Jarema W\u0142adys\u0142awa,Szul Halina,Bednarczyk Barbara&nbsp;&nbsp;&nbsp;&nbsp;&nbsp;&nbsp;&nbsp;&nbsp;&nbsp;&nbsp;&nbsp;&nbsp;&nbsp;&nbsp;&nbsp;&nbsp;&nbsp;&nbsp;&nbsp;&nbsp;&nbsp;&nbsp;&nbsp;&nbsp;&nbsp;&nbsp; &nbsp;&nbsp;&nbsp;&nbsp;&nbsp;&nbsp;&nbsp;&nbsp;&nbsp;&nbsp;&nbsp;&nbsp;&nbsp;&nbsp;&nbsp;&nbsp;&nbsp;&nbsp;&nbsp;&nbsp;&nbsp;&nbsp;&nbsp;&nbsp;&nbsp;&nbsp;&nbsp;&nbsp;&nbsp;&nbsp;&nbsp;&nbsp;&nbsp;&nbsp;&nbsp;&nbsp;&nbsp;&nbsp;&nbsp;&nbsp;&nbsp;&nbsp;&nbsp;&nbsp;&nbsp;&nbsp;&nbsp;&nbsp;&nbsp;&nbsp;&nbsp;&nbsp;&nbsp;&nbsp;&nbsp;&nbsp;&nbsp;&nbsp;&nbsp;&nbsp;&nbsp;&nbsp;&nbsp;&nbsp;&nbsp;&nbsp;&nbsp;&nbsp;&nbsp;&nbsp;&nbsp;&nbsp;&nbsp;&nbsp;&nbsp;&nbsp;&nbsp;&nbsp;&nbsp;&nbsp;&nbsp;&nbsp;&nbsp;&nbsp;&nbsp;&nbsp;&nbsp;&nbsp;&nbsp;&nbsp;&nbsp;&nbsp;&nbsp;&nbsp;&nbsp;&nbsp;&nbsp;&nbsp;&nbsp;&nbsp;&nbsp;&nbsp;&nbsp;&nbsp;&nbsp;&nbsp;&nbsp;&nbsp;&nbsp;&nbsp;&nbsp;&nbsp;&nbsp;&nbsp;&nbsp;&nbsp;&nbsp;&nbsp;<\/p>\n<p>&nbsp;<strong><em>\u015arednie Wielkie<\/em><\/strong><em> :<\/em> Fiut Teresa, Zarzyczna Monika<\/p>\n<p>6.Intencje Mszalne&nbsp;&nbsp;&nbsp;&nbsp;&nbsp;&nbsp;&nbsp;&nbsp;&nbsp;&nbsp;&nbsp;&nbsp;&nbsp;&nbsp;&nbsp;&nbsp;&nbsp;&nbsp;&nbsp;&nbsp;&nbsp;&nbsp;&nbsp;&nbsp;&nbsp;&nbsp;&nbsp;&nbsp;&nbsp;&nbsp;&nbsp;&nbsp;&nbsp;&nbsp;&nbsp;&nbsp;&nbsp;&nbsp;&nbsp;&nbsp;&nbsp;&nbsp;&nbsp;&nbsp;&nbsp;&nbsp;&nbsp;&nbsp;&nbsp;&nbsp;&nbsp;&nbsp;&nbsp;&nbsp;&nbsp;&nbsp;&nbsp;&nbsp;&nbsp;&nbsp;&nbsp;&nbsp;&nbsp;&nbsp;&nbsp;&nbsp;&nbsp;&nbsp;&nbsp;&nbsp;&nbsp;&nbsp;&nbsp;&nbsp;&nbsp;&nbsp;&nbsp;&nbsp;&nbsp;&nbsp;&nbsp;&nbsp;&nbsp;&nbsp;&nbsp;&nbsp;&nbsp;&nbsp;&nbsp;&nbsp;&nbsp;&nbsp;&nbsp;&nbsp;&nbsp;&nbsp;&nbsp;&nbsp;&nbsp;&nbsp;&nbsp;&nbsp;&nbsp;&nbsp;&nbsp;&nbsp;&nbsp;&nbsp;&nbsp;&nbsp;&nbsp;&nbsp;&nbsp;&nbsp;&nbsp;&nbsp;&nbsp;&nbsp;&nbsp;&nbsp;&nbsp;&nbsp;&nbsp;&nbsp;&nbsp;&nbsp;&nbsp;&nbsp;&nbsp;&nbsp;&nbsp;&nbsp;&nbsp;&nbsp; &nbsp; &nbsp; &nbsp; &nbsp; &nbsp; &nbsp; &nbsp; &nbsp; &nbsp; &nbsp; &nbsp; &nbsp; &nbsp; &nbsp; &nbsp; &nbsp; &nbsp; &nbsp; &nbsp; &nbsp;&nbsp; Pon. 17.00 + Czes\u0142aw Armata int. od rodziny Hebda<\/p>\n<p>&nbsp;&nbsp; Wt.17.00 + Piotr Stach int.od&nbsp;&nbsp; rodziny Izdebskich<\/p>\n<p>&nbsp; \u015aroda.17.00 + Stanis\u0142aw Szlaga 1rocz. \u015bmierci int. od \u017cony<\/p>\n<p>Czw.17.00 + Helena Kabala int. od rodziny Wo\u0142k<\/p>\n<p>Czw.17.00&nbsp; O&nbsp; szcz\u0119\u015bliwe rozwi\u0105zanie dla Iwony<\/p>\n<p>Pi\u0105.17.00 Z r\u00f3\u017cy El\u017cbiety Stusik o zdr. Bo\u017ce \u0142aski Bo\u017ce b\u0142. i opiek\u0119 MB dla si\u00f3str r\u00f3\u017ca\u0144cowych&nbsp;<\/p>\n<p>Sob.17.00 <strong>Za parafian<\/strong><\/p>\n<p>N.7.30 +Szczepan i Karolina<\/p>\n<p>9.30 +Tadeusz Jankowski int. od Karola z rodzin\u0105<\/p>\n<p>11.00&nbsp; +Sabina Nogaj&nbsp;&nbsp;&nbsp;&nbsp;&nbsp;&nbsp;&nbsp;&nbsp;&nbsp;&nbsp;&nbsp;&nbsp;&nbsp;&nbsp;&nbsp;&nbsp;&nbsp;&nbsp;&nbsp;&nbsp;&nbsp;&nbsp;&nbsp;&nbsp;&nbsp;&nbsp;&nbsp;&nbsp;&nbsp;&nbsp;&nbsp;&nbsp;&nbsp;&nbsp;&nbsp;&nbsp;&nbsp;&nbsp;&nbsp;&nbsp;&nbsp;&nbsp;&nbsp;&nbsp;&nbsp;&nbsp;&nbsp;&nbsp;&nbsp;&nbsp;&nbsp;&nbsp;&nbsp;&nbsp;&nbsp;&nbsp;&nbsp;&nbsp;&nbsp;&nbsp;&nbsp;&nbsp;&nbsp;&nbsp;&nbsp;&nbsp;&nbsp;&nbsp;&nbsp;&nbsp;&nbsp;&nbsp;&nbsp;&nbsp;&nbsp;&nbsp;&nbsp;&nbsp;&nbsp;&nbsp;&nbsp;&nbsp;&nbsp;&nbsp;&nbsp;&nbsp;&nbsp;&nbsp;&nbsp;&nbsp;&nbsp;&nbsp;&nbsp;&nbsp;&nbsp;&nbsp;&nbsp;&nbsp;&nbsp;&nbsp;&nbsp;&nbsp;&nbsp;&nbsp;&nbsp;&nbsp;&nbsp;&nbsp;&nbsp;&nbsp;&nbsp;&nbsp;&nbsp;&nbsp;&nbsp;&nbsp;&nbsp;&nbsp;&nbsp;&nbsp;&nbsp;&nbsp;&nbsp;&nbsp;&nbsp;&nbsp;&nbsp; &nbsp; &nbsp; &nbsp; &nbsp; &nbsp; &nbsp; &nbsp; &nbsp; &nbsp; &nbsp; &nbsp; &nbsp; &nbsp; &nbsp; &nbsp; &nbsp; &nbsp; &nbsp; &nbsp; &nbsp; &nbsp; &nbsp; &nbsp; &nbsp; &nbsp; &nbsp;<\/p>\n<p>&nbsp;&nbsp; &nbsp;&nbsp;&nbsp;&nbsp;&nbsp;&nbsp;&nbsp;&nbsp;&nbsp;&nbsp;&nbsp;&nbsp;&nbsp;&nbsp;&nbsp;&nbsp;&nbsp;&nbsp;&nbsp;&nbsp;&nbsp;&nbsp;&nbsp;&nbsp;&nbsp;&nbsp;&nbsp;&nbsp;&nbsp;&nbsp;&nbsp;&nbsp;&nbsp;&nbsp;&nbsp;&nbsp;&nbsp;&nbsp;&nbsp;&nbsp;&nbsp;&nbsp;&nbsp;<\/p>\n<p>&nbsp;&nbsp;&nbsp;&nbsp;&nbsp;&nbsp;&nbsp;&nbsp;&nbsp;&nbsp;&nbsp;&nbsp;&nbsp;&nbsp;&nbsp;&nbsp;&nbsp;&nbsp;&nbsp;&nbsp;&nbsp;&nbsp;&nbsp;&nbsp;&nbsp;&nbsp;&nbsp;&nbsp;&nbsp;&nbsp;&nbsp;&nbsp;&nbsp;&nbsp;&nbsp;&nbsp;&nbsp;&nbsp;&nbsp;&nbsp;&nbsp;&nbsp;&nbsp;&nbsp;&nbsp;&nbsp;&nbsp;&nbsp;&nbsp;&nbsp;&nbsp;&nbsp;&nbsp; &nbsp;&nbsp;&nbsp;<span style=\"color: #ff0000;\">26 Niedziela&nbsp; 25.09. 2022r.<\/span><\/p>\n<p>1.Msze \u015bw.w tym tygodniu o godzinie 17.00 w Czw. godzinie 18.00 &nbsp;W \u015arednim Wielkim&nbsp;&nbsp;&nbsp;&nbsp;&nbsp;&nbsp;&nbsp;&nbsp;&nbsp;&nbsp;&nbsp;&nbsp;&nbsp;&nbsp;&nbsp;&nbsp;&nbsp;&nbsp;&nbsp;&nbsp;&nbsp; &nbsp; &nbsp; &nbsp; &nbsp; &nbsp; &nbsp; 2.W Sobot\u0119 01.10 pocz\u0105tek nabo\u017ce\u0144stw r\u00f3\u017ca\u0144cowych. Msze \u015bw.o g.17.00 i r\u00f3\u017caniec. Zapraszam dzieci , m\u0142odzie\u017c, parafian. Dzieci niech przynosz\u0105 serduszka i wrzucaj\u0105 do koszyka,&nbsp; przed o\u0142tarzem b\u0119dzie wystawiony koszyk,b\u0119dziemy losowa\u0107 figurk\u0119 Matki Bo\u017cej.&nbsp;<\/p>\n<p>3.W tym tygodniu przypada 1 Sobota miesi\u0105ca.<\/p>\n<p><strong>4.Uczniowie kl.3 SP,otrzymaj\u0105 po\u015bwi\u0119cone r\u00f3\u017ca\u0144ce. W Sobot\u0119 1.10.2021r. godz.17.00&nbsp;&nbsp;&nbsp;&nbsp;&nbsp;&nbsp;&nbsp;&nbsp;&nbsp;&nbsp;&nbsp;&nbsp;&nbsp;&nbsp;&nbsp;&nbsp;&nbsp;&nbsp;&nbsp;&nbsp;&nbsp;&nbsp;&nbsp;&nbsp;&nbsp;&nbsp;&nbsp;&nbsp;&nbsp;&nbsp;&nbsp;&nbsp;&nbsp;&nbsp;&nbsp;&nbsp; &nbsp;&nbsp;&nbsp;&nbsp;&nbsp;&nbsp;&nbsp;&nbsp;&nbsp;&nbsp;&nbsp;&nbsp;&nbsp;&nbsp;&nbsp;&nbsp;&nbsp;&nbsp;&nbsp;&nbsp;&nbsp;&nbsp;&nbsp;&nbsp;&nbsp;&nbsp;&nbsp;&nbsp;&nbsp;&nbsp;&nbsp;&nbsp;&nbsp;&nbsp;&nbsp;&nbsp;&nbsp;&nbsp;&nbsp;&nbsp;&nbsp;&nbsp;&nbsp;&nbsp;&nbsp;&nbsp;&nbsp;&nbsp;<\/strong><\/p>\n<p>5.<strong>Za tydzie\u0144 w niedziel\u0119 2.10.2021r<\/strong>.- <strong>Odpust MB R\u00f3\u017ca\u0144cowej w<\/strong> <strong>\u015arednim Wielkim o godz.11.00<\/strong>,&nbsp; pod przewodnictwem <strong>ks. Jakuba Pomyka\u0142a &#8211;&nbsp; <\/strong>wikariusza z \u017burawicy.&nbsp; <strong>Msze \u015aw.w tym dniu w \u0141ukowem o godz.7.30 &nbsp;i &nbsp;9.30&nbsp; &nbsp;&nbsp;&nbsp;&nbsp;&nbsp;&nbsp;&nbsp;&nbsp;&nbsp;&nbsp;&nbsp;&nbsp;&nbsp;&nbsp;&nbsp;&nbsp;&nbsp;&nbsp;&nbsp;&nbsp;&nbsp;&nbsp;&nbsp;&nbsp;&nbsp;&nbsp;&nbsp;&nbsp;&nbsp;&nbsp;&nbsp;&nbsp;&nbsp;&nbsp;&nbsp;&nbsp;&nbsp;&nbsp;&nbsp;&nbsp;&nbsp;&nbsp;&nbsp;&nbsp;&nbsp;&nbsp;&nbsp;&nbsp;&nbsp;&nbsp;&nbsp;&nbsp;&nbsp;&nbsp;&nbsp;&nbsp;&nbsp;&nbsp;&nbsp;&nbsp;&nbsp;&nbsp;&nbsp;&nbsp;&nbsp;&nbsp;<\/strong><\/p>\n<p>6.Sprz\u0105tanie ko\u015bcio\u0142a&nbsp;&nbsp;&nbsp;&nbsp;&nbsp;&nbsp;&nbsp;&nbsp;&nbsp;&nbsp;&nbsp;&nbsp;&nbsp;&nbsp;&nbsp;&nbsp;&nbsp;&nbsp;&nbsp;&nbsp;&nbsp;&nbsp;&nbsp;&nbsp;&nbsp;&nbsp;&nbsp;&nbsp;&nbsp;&nbsp;&nbsp;&nbsp;&nbsp;&nbsp;&nbsp;&nbsp;&nbsp;&nbsp;&nbsp;&nbsp;&nbsp;&nbsp;&nbsp;&nbsp;&nbsp;&nbsp;&nbsp;&nbsp;&nbsp;&nbsp;&nbsp;&nbsp;&nbsp;&nbsp;&nbsp;&nbsp;&nbsp;&nbsp;&nbsp;&nbsp;&nbsp;&nbsp;&nbsp;&nbsp;&nbsp;&nbsp;&nbsp;&nbsp;&nbsp;&nbsp;&nbsp;&nbsp;&nbsp;&nbsp;&nbsp;&nbsp;&nbsp;&nbsp;&nbsp;&nbsp;&nbsp;&nbsp;&nbsp;&nbsp;&nbsp;&nbsp;&nbsp;&nbsp;&nbsp;&nbsp;&nbsp;&nbsp;&nbsp;&nbsp;&nbsp;&nbsp;&nbsp;&nbsp;&nbsp;&nbsp;&nbsp;&nbsp;&nbsp;&nbsp;&nbsp;&nbsp;&nbsp;&nbsp; <em>&nbsp;&nbsp;&nbsp;&nbsp;&nbsp;&nbsp;&nbsp;&nbsp;&nbsp;&nbsp;&nbsp;&nbsp;&nbsp;&nbsp;&nbsp;&nbsp;&nbsp;&nbsp;&nbsp;&nbsp;&nbsp;&nbsp;&nbsp;&nbsp;&nbsp;&nbsp;<\/em><strong>&nbsp;&nbsp;&nbsp;&nbsp;&nbsp;&nbsp;&nbsp;&nbsp;&nbsp;&nbsp;&nbsp;&nbsp;&nbsp;&nbsp;&nbsp;<\/strong><\/p>\n<p><strong><u>Czytamy w \u0141ukowem<\/u><\/strong><strong> \u2013 Kieca Maria,Kieca W\u0142adys\u0142awa,Siedlecka Maria.<br \/>\n<\/strong><\/p>\n<p><strong><u>Czytamy w \u015arednim Wielkim<\/u><\/strong><strong> \u2013Kraus Stanis\u0142awa,Kraus Iwona,Kusika Anna, Kozio\u0142 Anna Z racji odpustu prosz\u0119 posprz\u0105ta\u0107 wewn\u0105trz i zewn\u0105trz ko\u015bcio\u0142a.<\/strong><\/p>\n<p>7.Intencje Mszalne&nbsp;<\/p>\n<p>Pon.17.00 &nbsp;+ Tadeusz Maciaszczyk w rocznic\u0119 \u015bmierci.<\/p>\n<p>Wt.17.00 + Tadeusz Ciepiela int. od Doroty i Zenona Sydorczak<\/p>\n<p>\u015ar.17.00 + Franciszek Antolak int. od int. od Teresy i Zbigniewa Mro\u017cek z Rabki Zdr\u00f3j<\/p>\n<p>Czw.17.00&nbsp; + Micha\u0142 i Anna Guzara int. od c\u00f3rki W\u0142adys\u0142awy<\/p>\n<p>Czw.18.00 +Marianna Kusiak int.od Marii Wietrzyk z Por\u0119by Wielkiej<\/p>\n<p>Pi\u0105.17.00 + Jan Blicharz +Helena i Piotr \u0141uczkanin<\/p>\n<p>Sob.17.00 +Bronis\u0142aw\u0119 i Stanis\u0142aw i zmar\u0142e &nbsp;siostry i braci<\/p>\n<p>N .7.30 1.+Ignacy G\u0105sior int. od rodziny, 2. <strong>Za parafian<\/strong><\/p>\n<p>9.30 &nbsp;+Teresa i Franciszek Migalscy&nbsp; int. od c\u00f3rki Iwony z rodzin\u0105<\/p>\n<p>11.00&nbsp; 1.Dzi\u0119kczynna w int.Stanis\u0142awa i Stanis\u0142awy Kraus w 50 rocz. zawarcia sak. ma\u0142. i 15 rocz.zaw Sak ma\u0142. Bo\u017ceny i Grzegorza z&nbsp; pro\u015bb\u0105 o zdr. Bo\u017ce b\u0142.i opiek\u0119 MB int. od dzieci<\/p>\n<ol start=\"2\">\n<li>Z r\u00f3\u017cy Stanis\u0142awy Kraus z pro\u015bb\u0105 o zdr. Bo\u017ce b\u0142.i opiek\u0119 MB-R\u00f3\u017ca\u0144cowej dla si\u00f3str r\u00f3\u017ca\u0144cowych i za zmar\u0142e siostry r\u00f3\u017ca\u0144cowe o \u017cycie wieczne.<\/li>\n<\/ol>\n<p>9.W Sobot\u0119 odmawiaj\u0105 r\u00f3\u017caniec kl.3SP,w niedziel\u0119 kl. 8 SP.Zapraszam<\/p>\n<p>10.Pielgrzymka R\u00f3\u017c R\u00f3\u017ca\u0144cowych w Sobot\u0119 1.10.do Przysietnicy dobrze by by\u0142o ,aby delegacje z ka\u017cdej r\u00f3\u017cy udali si\u0119 na to spotkanie.Rozpocz\u0119cie o godz. 9.30,10.40 -Katecheza, o godz.11.30 Msza \u015aw. pod przewodnictwem Abp Adama Szala.<\/p>\n<p>&nbsp; &nbsp; &nbsp; &nbsp; &nbsp; &nbsp; &nbsp; &nbsp; &nbsp; &nbsp; &nbsp;&nbsp;<\/p>\n<p>&nbsp;&nbsp;&nbsp;&nbsp;&nbsp;&nbsp;&nbsp;&nbsp;&nbsp;&nbsp;&nbsp;&nbsp;&nbsp;&nbsp;&nbsp;&nbsp;&nbsp;&nbsp;&nbsp;&nbsp;&nbsp;&nbsp;&nbsp;&nbsp;&nbsp;&nbsp;&nbsp;&nbsp;&nbsp;&nbsp;&nbsp;&nbsp;&nbsp;&nbsp;&nbsp;&nbsp;&nbsp;&nbsp;&nbsp;&nbsp;&nbsp;&nbsp; &nbsp;&nbsp;<span style=\"color: #ff0000;\">&nbsp;&nbsp;&nbsp;&nbsp;&nbsp;25 Niedziela&nbsp; 18. 09. 2022r.&nbsp;&nbsp;<\/span><\/p>\n<p>&nbsp; 1.Dzis&nbsp; Niedziela \u015arodk\u00f3w Spo\u0142ecznego Przekazu .W modlitwie polecajmy <strong>Media katolickie Radio Fara, Maryja,Via,TV Trwam.<\/strong>Dzi\u015b sk\u0142adka na Media Katolickie i Diecezjalne radio Fara&nbsp;&nbsp;&nbsp;&nbsp;&nbsp;&nbsp;&nbsp;&nbsp;&nbsp;&nbsp;&nbsp;&nbsp;&nbsp;&nbsp;&nbsp;&nbsp;&nbsp;&nbsp;&nbsp;&nbsp;&nbsp;&nbsp;&nbsp;&nbsp;&nbsp;&nbsp;&nbsp;&nbsp;&nbsp; &nbsp;&nbsp;&nbsp;&nbsp;&nbsp;&nbsp;&nbsp;&nbsp;&nbsp;&nbsp;&nbsp;&nbsp;&nbsp;&nbsp;&nbsp;&nbsp;&nbsp;&nbsp;&nbsp;&nbsp;&nbsp;&nbsp;&nbsp;&nbsp;&nbsp;&nbsp;&nbsp;&nbsp;&nbsp;&nbsp;&nbsp;&nbsp;&nbsp;&nbsp;&nbsp;&nbsp;&nbsp;&nbsp;&nbsp;&nbsp;&nbsp;&nbsp;&nbsp;&nbsp;&nbsp;&nbsp;&nbsp;&nbsp;&nbsp;&nbsp;&nbsp;&nbsp;&nbsp;&nbsp;&nbsp;&nbsp;&nbsp;&nbsp;&nbsp;&nbsp;&nbsp;&nbsp;&nbsp;&nbsp;&nbsp;&nbsp;&nbsp;&nbsp;&nbsp;&nbsp;&nbsp;&nbsp;&nbsp;&nbsp;&nbsp;&nbsp;&nbsp;&nbsp;&nbsp;&nbsp;&nbsp;&nbsp;&nbsp;&nbsp;<\/p>\n<p>2.Sprz\u0105tanie ko\u015bcio\u0142a&nbsp;&nbsp;&nbsp;&nbsp;&nbsp;&nbsp;&nbsp;&nbsp;&nbsp;&nbsp;&nbsp;&nbsp;&nbsp;&nbsp;&nbsp;&nbsp;&nbsp;&nbsp;&nbsp;&nbsp;&nbsp;&nbsp;&nbsp;&nbsp;&nbsp;&nbsp;&nbsp;&nbsp;&nbsp;&nbsp;&nbsp;&nbsp;&nbsp;&nbsp;&nbsp;&nbsp;&nbsp;&nbsp;&nbsp;&nbsp;&nbsp;&nbsp;&nbsp;&nbsp;&nbsp;&nbsp;&nbsp;&nbsp;&nbsp;&nbsp;&nbsp;&nbsp;&nbsp;&nbsp;&nbsp;&nbsp;&nbsp;&nbsp;&nbsp;&nbsp;&nbsp;&nbsp;&nbsp;&nbsp;&nbsp;&nbsp;&nbsp;&nbsp;&nbsp;&nbsp;&nbsp;&nbsp;&nbsp;&nbsp;&nbsp;&nbsp;&nbsp;&nbsp;&nbsp;&nbsp;&nbsp;&nbsp;&nbsp;&nbsp;&nbsp;&nbsp;&nbsp;&nbsp;&nbsp;&nbsp;&nbsp;&nbsp;&nbsp;&nbsp;&nbsp;&nbsp;&nbsp;&nbsp;&nbsp;&nbsp;&nbsp;&nbsp;&nbsp;&nbsp;&nbsp;&nbsp;&nbsp;<\/p>\n<p>&nbsp; <strong>\u0141ukowe <\/strong>:Gro\u0144 Janina,Wr\u00f3bel Maria,Wojewoda Marta<\/p>\n<p>&nbsp;<strong><em>\u015arednie Wielkie<\/em><\/strong>: Kusiak Kazimiera,Kusik Agnieszka<\/p>\n<p>3.Intencje Mszalne&nbsp; &nbsp;&nbsp;&nbsp;&nbsp;&nbsp;&nbsp;&nbsp;&nbsp;&nbsp;&nbsp;&nbsp;&nbsp;&nbsp;&nbsp;&nbsp;&nbsp;&nbsp;&nbsp;&nbsp;&nbsp;&nbsp;&nbsp;&nbsp;&nbsp;&nbsp;&nbsp;&nbsp;&nbsp;&nbsp;&nbsp;&nbsp;&nbsp;&nbsp;&nbsp;&nbsp;&nbsp;&nbsp;&nbsp;&nbsp;&nbsp;&nbsp;&nbsp;&nbsp;&nbsp;&nbsp;&nbsp;&nbsp;&nbsp;&nbsp;&nbsp;&nbsp;&nbsp;&nbsp;&nbsp;&nbsp;&nbsp;&nbsp;&nbsp;&nbsp;&nbsp;&nbsp;&nbsp;&nbsp;&nbsp;&nbsp;&nbsp;&nbsp;&nbsp;&nbsp;&nbsp;&nbsp;&nbsp;&nbsp;&nbsp;&nbsp;&nbsp;&nbsp;&nbsp;&nbsp;&nbsp;&nbsp;&nbsp;&nbsp;&nbsp;&nbsp;&nbsp;&nbsp;&nbsp;&nbsp;&nbsp;&nbsp;&nbsp;&nbsp;&nbsp;&nbsp;&nbsp;&nbsp;&nbsp;&nbsp;&nbsp;&nbsp;&nbsp;&nbsp;&nbsp;&nbsp;&nbsp;&nbsp;&nbsp;&nbsp;&nbsp;&nbsp;&nbsp;&nbsp;&nbsp;&nbsp;&nbsp;&nbsp;&nbsp;&nbsp;&nbsp;&nbsp;&nbsp;&nbsp;&nbsp;<\/p>\n<p>&nbsp;&nbsp;Pon.18.00&nbsp; &nbsp;&nbsp;+ Jan,Aniela,Henryk Furtak&nbsp;&nbsp;&nbsp;&nbsp;&nbsp;&nbsp;&nbsp;&nbsp;&nbsp;&nbsp;&nbsp;&nbsp; &nbsp;&nbsp;&nbsp;&nbsp;&nbsp;&nbsp;&nbsp;&nbsp;&nbsp;&nbsp;&nbsp;&nbsp;&nbsp;&nbsp;&nbsp;&nbsp;&nbsp;&nbsp;&nbsp;&nbsp;&nbsp;&nbsp;&nbsp;&nbsp;&nbsp;&nbsp;&nbsp;&nbsp;&nbsp;&nbsp;&nbsp;&nbsp;&nbsp;&nbsp;&nbsp;&nbsp;&nbsp;&nbsp;&nbsp;&nbsp;&nbsp;&nbsp;&nbsp;&nbsp;&nbsp;&nbsp;&nbsp;&nbsp;&nbsp;&nbsp;&nbsp;&nbsp;&nbsp;&nbsp;&nbsp;&nbsp;&nbsp;&nbsp;&nbsp;&nbsp;&nbsp;&nbsp;&nbsp;&nbsp;&nbsp;&nbsp;&nbsp;&nbsp;&nbsp;&nbsp;&nbsp;&nbsp;&nbsp;&nbsp;&nbsp;&nbsp;&nbsp;&nbsp;&nbsp;&nbsp;&nbsp;&nbsp;&nbsp;&nbsp;<\/p>\n<p>&nbsp;&nbsp;Wt.18.00&nbsp; &nbsp;+&nbsp; Micha\u0142 Mach&nbsp; int.od rodz. G\u0105sior i Barszcz<\/p>\n<p>\u015ar.18.00 + Stanis\u0142aw Cicho\u0144ski int. od wnuczki Wioletty z rodzin\u0105<\/p>\n<p>Czw 7.00 &nbsp;+Helena Wierzcho\u0142owska int. od kuzynki Felicji z Olchowej<\/p>\n<p>Czw.18.00 +Marianna Kusiak int. od Marka i Kazimiery Str\u00f3\u017cak z Por\u0119by Wielkiej<\/p>\n<p>Pi\u0105.18.00 + Franciszek Antolak int.od Mieczys\u0142awa Furdak z rodz<\/p>\n<p>Sob.17.00 +Czes\u0142aw Armata od Wojciecha i Katarzyny Pisarczyk<\/p>\n<p>N.7.30 Dzi\u0119kczynna w int.Zofii i Ryszarda Wania w 50 rocz. zawarcia sak. ma\u0142. z&nbsp; pro\u015bb\u0105 o zdr. Bo\u017ce b\u0142.i opiek\u0119 MB<\/p>\n<p>9.30 +Marianna Kusiak 2 r. \u015bmierci&nbsp; int. od Syna Stanis\u0142awa z rodzin\u0105<\/p>\n<p>11.00 Dzi\u0119kczynna w int.Wies\u0142awy i Leszka Chmura w 35 rocz. zawarcia sak. ma\u0142. z&nbsp; pro\u015bb\u0105 o zdr. Bo\u017ce b\u0142.i opiek\u0119 MB<\/p>\n<p>4.Dzi\u015b&nbsp; po&nbsp; Sumie o g.11.00&nbsp; &nbsp;spotkanie rodzic\u00f3w Szko\u0142y \u015aredniej i&nbsp; rodzic\u00f3w student\u00f3w. Zapraszam<\/p>\n<p>&nbsp;<\/p>\n<p>5.Za tydzie\u0144 w niedziel\u0119 25.09.2022rt.koncert pie\u015bni Maryjnych w ko\u015bciele parafialnym po sumie o &nbsp;godz.11.00. pod batut\u0105 naszego organisty Pana Jakuba.Zapraszam<\/p>\n<p>&nbsp;<\/p>\n<p>6.Trwaj\u0105 prace przy odwodnieniu ko\u015bcio\u0142a parafialnego ,kolejny etap zosta\u0142 zako\u0144czony, przed nami kolejne prace,dzi\u0119kuj\u0119 wszystkim za ,ofiary,modlitw\u0119.Pro\u015bmy Pana Boga&nbsp; o pogod\u0119.<\/p>\n<p>&nbsp;<\/p>\n<p>7.Przypomn\u0119- 02.09.2022r.Odpust MB R\u00f3\u017ca\u0144cowej w \u015arednim W. o godz.11.00.&nbsp; &nbsp; &nbsp; &nbsp; &nbsp; &nbsp; &nbsp; &nbsp; &nbsp; &nbsp; &nbsp; &nbsp; &nbsp; &nbsp; &nbsp; &nbsp; &nbsp; &nbsp; &nbsp; &nbsp; &nbsp; &nbsp; &nbsp; &nbsp; &nbsp; &nbsp; Zapraszam ju\u017c dzi\u015b .Go\u015bci i Parafian.<\/p>\n<p>&nbsp;<\/p>\n<p>&nbsp;<\/p>\n<p>&nbsp;&nbsp;<\/p>\n<p>&nbsp;<\/p>\n<p>&nbsp;<\/p>\n<p>&nbsp; &nbsp; &nbsp; &nbsp; &nbsp; &nbsp; &nbsp; &nbsp; &nbsp; &nbsp; &nbsp; &nbsp; &nbsp; &nbsp; &nbsp; &nbsp; &nbsp; &nbsp; &nbsp; &nbsp; &nbsp; &nbsp; &nbsp; &nbsp; &nbsp; &nbsp; &nbsp; &nbsp; &nbsp; &nbsp; &nbsp; &nbsp; &nbsp; &nbsp; &nbsp; &nbsp; &nbsp; &nbsp; &nbsp;&nbsp;<span style=\"color: #ff0000;\"> 24 N&nbsp; 11. 09. 2022r. &nbsp;&nbsp;&nbsp;&nbsp;&nbsp;&nbsp;&nbsp;&nbsp;&nbsp;&nbsp;&nbsp;&nbsp;&nbsp;&nbsp;&nbsp;&nbsp;&nbsp;&nbsp;&nbsp;&nbsp;&nbsp;&nbsp;&nbsp;&nbsp;&nbsp;&nbsp;&nbsp;&nbsp;&nbsp;&nbsp;&nbsp;&nbsp;&nbsp;&nbsp;&nbsp;&nbsp;&nbsp;&nbsp;&nbsp;&nbsp;&nbsp;&nbsp;&nbsp;&nbsp;&nbsp;&nbsp;&nbsp;&nbsp;&nbsp;&nbsp;&nbsp;&nbsp;&nbsp;&nbsp;&nbsp;&nbsp;&nbsp;&nbsp;&nbsp;&nbsp;&nbsp;&nbsp;&nbsp;&nbsp;&nbsp;&nbsp;&nbsp;&nbsp;&nbsp;&nbsp;&nbsp;&nbsp;&nbsp;&nbsp;&nbsp;&nbsp;&nbsp;&nbsp;&nbsp;&nbsp;&nbsp;&nbsp;&nbsp;&nbsp;&nbsp;&nbsp;&nbsp;&nbsp;&nbsp;&nbsp;&nbsp;&nbsp;&nbsp;<\/span><\/p>\n<ol>\n<li><strong>We Wtorek 13.09. Msza \u015aw.o godz.17.<\/strong>00 <strong>i procesja na G\u00f3r\u0119 Mi\u0142osierdzia<\/strong>.<\/li>\n<\/ol>\n<p>2.W &nbsp;\u015arod\u0119 \u015awi\u0119to Podwy\u017cszenia Krzy\u017ca \u015awi\u0119tego.Odpust w Czaszynie.Zaleca si\u0119&nbsp; w tym dniu procesj\u0119 do krzy\u017ca. My udamy si\u0119 do krzy\u017ca. <strong>We Wtorek 13.09<\/strong> przy krzy\u017cu odm\u00f3wimy zalecane modlitwy na G\u00f3rze Mi\u0142osierdzia. Zapraszam<\/p>\n<p>3.W tym tygodniu Kwartalne dni modlitw&nbsp; za dzieci , m\u0142odzie\u017c i wychowawc\u00f3w.<\/p>\n<p>4.Za tydzie\u0144 sk\u0142adka na Radio Fara.<\/p>\n<p>5.Sprz\u0105tanie ko\u015bcio\u0142a&nbsp;&nbsp;&nbsp;&nbsp;&nbsp;&nbsp;&nbsp;&nbsp;&nbsp;&nbsp;&nbsp;&nbsp;&nbsp;&nbsp;&nbsp;&nbsp;&nbsp;&nbsp;&nbsp;&nbsp;&nbsp;&nbsp;&nbsp;&nbsp;&nbsp;&nbsp;&nbsp;&nbsp;&nbsp;&nbsp;&nbsp;&nbsp;&nbsp;&nbsp;&nbsp;&nbsp;&nbsp;&nbsp;&nbsp;&nbsp;&nbsp;&nbsp;&nbsp;&nbsp;&nbsp;&nbsp;&nbsp;&nbsp;&nbsp;&nbsp;&nbsp;&nbsp;&nbsp;&nbsp;&nbsp;&nbsp;&nbsp;&nbsp;&nbsp;&nbsp;&nbsp;&nbsp;&nbsp;&nbsp;&nbsp;&nbsp;&nbsp;&nbsp;&nbsp;&nbsp;&nbsp;&nbsp;&nbsp;&nbsp;&nbsp;&nbsp;&nbsp;&nbsp;&nbsp;&nbsp;&nbsp;&nbsp;&nbsp;&nbsp;&nbsp;&nbsp;&nbsp;&nbsp;&nbsp; &nbsp;&nbsp;&nbsp;&nbsp;&nbsp;&nbsp;&nbsp;&nbsp;&nbsp;&nbsp;&nbsp;&nbsp;&nbsp;&nbsp;&nbsp;&nbsp;&nbsp;&nbsp;&nbsp;<\/p>\n<p><strong>\u0141ukowe :Kopczyk Helena,Wr\u00f3bel Eugenia,Strzy\u017c Edyta<\/strong><\/p>\n<p><strong>\u015arednie W.:Kusiak Ewa, Ka\u0142afut Helena<\/strong><\/p>\n<p><strong>&nbsp;<\/strong><strong>6.Intencje Mszalne.<\/strong><\/p>\n<p><strong>&nbsp;<\/strong>Pon.&nbsp; 18.00 +Henryk Stach int. od Ma\u0142gorzaty i Bogdana Stach z dziemi<\/p>\n<p>&nbsp;Wt.17.00&nbsp; +Franciszek Antolak int.od Cicho\u0144skich<\/p>\n<p>&nbsp;\u015ar.18.00 +Tadeusz Ciepiela int. od Jana Antolak z rodzin\u0105<\/p>\n<p>&nbsp;Czw.17.00&nbsp;&nbsp; \u015arednie W. <strong>Za parafian<\/strong><\/p>\n<p>&nbsp;Czw.18.00 Z r\u00f3\u017cy W\u0142adys\u0142awy Gajda z pro\u015bb\u0105 o zdr. Bo\u017ce b\u0142.i opiek\u0119 MB dla si\u00f3str &nbsp;r\u00f3\u017ca\u0144cowych i za zmar\u0142e siostry r\u00f3\u017ca\u0144cowe o \u017cycie wieczne.<\/p>\n<p>&nbsp;Pi\u0105.18.00 +Stanis\u0142aw Cicho\u0144ski int. od syna Wies\u0142awa z rodzin\u0105<\/p>\n<p>&nbsp;Sob.17.00 +Zenon Wichryk int. Jadwigi i Andrzeja Nowak z Leska<\/p>\n<p>&nbsp;N.7.30&nbsp; + Henryk Stach int.od Syna Karola Stach<\/p>\n<p>&nbsp;9.30 Dzi\u0119kczynna w int.Stanis\u0142awa i Stanis\u0142awy Kraus w 50 rocz. zawarcia sak. ma\u0142. z &nbsp;pro\u015bb\u0105 o zdr. Bo\u017ce b\u0142.i opiek\u0119 MB<\/p>\n<p>11.00 +J\u00f3zef,J\u00f3zefa, Stanis\u0142aw Str\u00f3\u017cak<\/p>\n<p><strong>7.Prze\u017cywamy tydzie\u0144 wychowania chrze\u015bcija\u0144skiego: <\/strong><\/p>\n<p><strong>Prosz\u0119 w \u015brod\u0119 &#8211; &nbsp;godz.18.00 ,rodzic\u00f3w kl.0,1,2,4,5.<\/strong><\/p>\n<p><strong>W <\/strong>Pi\u0105tek<strong> godz.18.00 rodzic\u00f3w kl.5,6,7,8<\/strong><\/p>\n<p><strong>Sob &nbsp;godz.17.00 uczni\u00f3w SP 6,7,8&nbsp; przed Msz\u0105 \u015bw. mo\u017cliwo\u015b\u0107 spowiedzi. <\/strong><\/p>\n<p><strong>8.W Niedziel\u0119 g.11.00 po Sumie &nbsp;spotkanie rodzic\u00f3w Szko\u0142y \u015aredniej i&nbsp; rodzic\u00f3w student\u00f3w.Je\u015bli kto\u015b nie mo\u017ce zaproponowanym dniu przyj\u015b\u0107 z rodzic\u00f3w niech przyjdzie w dowolnym dniu zaproponowanym. Zapraszam.<\/strong><\/p>\n<p><strong>&nbsp;9.Przypominam dzi\u015b spotkanie rodzic\u00f3w uczni\u00f3w kl 3 SP w ko\u015bciele parafialnym godz.11,00 <\/strong><\/p>\n<p><strong>&nbsp;<\/strong><\/p>\n<p><strong>&nbsp;<\/strong><\/p>\n<p><strong>&nbsp;<\/strong><\/p>\n<p style=\"text-align: center;\">&nbsp;&nbsp;&nbsp;&nbsp;&nbsp;&nbsp;&nbsp;&nbsp;<\/p>\n<p>&nbsp;&nbsp;&nbsp;&nbsp;&nbsp;&nbsp;&nbsp;&nbsp;&nbsp;&nbsp;&nbsp;&nbsp;&nbsp;&nbsp;&nbsp;&nbsp;&nbsp;&nbsp;&nbsp;&nbsp;&nbsp;&nbsp;&nbsp;&nbsp;&nbsp;&nbsp;&nbsp;&nbsp;&nbsp;&nbsp;&nbsp;&nbsp;&nbsp;&nbsp;&nbsp;&nbsp;&nbsp;&nbsp;&nbsp;&nbsp;&nbsp;&nbsp;&nbsp;&nbsp; &nbsp; &nbsp; &nbsp; &nbsp; &nbsp; &nbsp; &nbsp; &nbsp; <span style=\"color: #ff0000;\">&nbsp; &nbsp; 23 Niedziela&nbsp; 04. 09. 2022r.&nbsp;&nbsp;<\/span>&nbsp;&nbsp;&nbsp;&nbsp;&nbsp;&nbsp;&nbsp;&nbsp;&nbsp;&nbsp;&nbsp;&nbsp;&nbsp;&nbsp;&nbsp;&nbsp;&nbsp;&nbsp;&nbsp;&nbsp;&nbsp;&nbsp;&nbsp;&nbsp;&nbsp;&nbsp;&nbsp;&nbsp;&nbsp;&nbsp;&nbsp;&nbsp;&nbsp;&nbsp;&nbsp;&nbsp;&nbsp;&nbsp;&nbsp;&nbsp;&nbsp;&nbsp;&nbsp;&nbsp;&nbsp;&nbsp;&nbsp;&nbsp;&nbsp;&nbsp;&nbsp;&nbsp;&nbsp;&nbsp;&nbsp;&nbsp;&nbsp;&nbsp;&nbsp;&nbsp;&nbsp;&nbsp;&nbsp;&nbsp;&nbsp;&nbsp;&nbsp;&nbsp;&nbsp;&nbsp; &nbsp;&nbsp;&nbsp;&nbsp;&nbsp;&nbsp;&nbsp;&nbsp;&nbsp;&nbsp;&nbsp;&nbsp;&nbsp;&nbsp;&nbsp;&nbsp;&nbsp;&nbsp;&nbsp;&nbsp;&nbsp;&nbsp;&nbsp;&nbsp;&nbsp;&nbsp;<\/p>\n<p>&nbsp;1. Msze \u015bw.w Po\u0144.,Wt.\u015ar.Pi\u0105 o godzinie18.00 w Czw. Sob o godzinie 7.00 W \u015aredniom Wielkim w Czw. o godz18.00&nbsp;&nbsp;&nbsp;&nbsp;&nbsp;&nbsp;<\/p>\n<p>2.W Czwartek \u015awi\u0119to Narodzenia NMP-po\u015bwi\u0119cenie ziarna na zasiew.Modlimy si\u0119 za rolnik\u00f3w.<\/p>\n<p>4.Dzi\u015b sk\u0142adka na WSD w Przemy\u015blu.<\/p>\n<p>5.Sprz\u0105tanie ko\u015bcio\u0142a&nbsp;&nbsp;&nbsp;&nbsp;&nbsp;&nbsp;&nbsp;&nbsp;&nbsp;&nbsp;&nbsp;&nbsp;&nbsp;&nbsp;&nbsp;&nbsp;&nbsp;&nbsp;&nbsp;&nbsp;&nbsp;&nbsp;&nbsp;&nbsp;&nbsp;&nbsp;&nbsp;&nbsp;&nbsp;&nbsp;&nbsp;&nbsp;&nbsp;&nbsp;&nbsp;&nbsp;&nbsp;&nbsp;&nbsp;&nbsp;&nbsp;&nbsp;&nbsp;&nbsp;&nbsp;&nbsp;&nbsp;&nbsp;&nbsp;&nbsp;&nbsp;&nbsp;&nbsp;&nbsp;&nbsp;&nbsp;&nbsp;&nbsp;&nbsp;&nbsp;&nbsp;&nbsp;&nbsp;&nbsp;&nbsp;&nbsp;&nbsp;&nbsp;&nbsp;&nbsp;&nbsp;&nbsp;&nbsp;&nbsp;&nbsp;&nbsp;&nbsp;&nbsp;&nbsp;&nbsp;&nbsp;&nbsp;&nbsp;&nbsp;&nbsp;&nbsp;&nbsp;&nbsp;&nbsp;&nbsp;&nbsp;&nbsp;&nbsp;&nbsp;&nbsp;&nbsp;&nbsp;&nbsp;&nbsp;&nbsp;&nbsp;&nbsp;&nbsp;&nbsp;&nbsp;&nbsp;&nbsp;&nbsp;<\/p>\n<p><strong>\u0141ukowe:<\/strong>Czernik Barbara,Gajda W\u0142adys\u0142awa,Kopczyk Wies\u0142awa<\/p>\n<p>&nbsp;<strong><em>\u015arednie Wielkie<\/em><\/strong><em> :<\/em> Imbierowicz Irena, Lubas Lidia<\/p>\n<p>6.Intencje Mszalne&nbsp;<\/p>\n<p>Pon.18.00&nbsp; +Kamila i Franciszek Siedleccy<\/p>\n<p>Wt.7.00&nbsp; Za dusze w czyjscu cierpi\u0105ce<\/p>\n<p>\u015ar. 18.00 +Wies\u0142aw Wr\u00f3bel int.od Dawida<\/p>\n<p>Czw. 7.00 + Micha\u0142 Mach int. od rodziny Kisio\u0142ek<\/p>\n<p>Czw.18.00 +Marianna Kusiak int. od&nbsp; Janiny i J\u00f3zefa Maras\u00f3w z Nied\u017awiedzia<\/p>\n<p>Pi\u0105.18.00 +Antoni Pa\u0142asz<\/p>\n<p>Sob. 7.00 Za dusze w czyjscu cierpi\u0105ce<\/p>\n<p>N.7.30 + J\u00f3zef Gajda int. od rodziny Gajd\u00f3w z Olszanicy<\/p>\n<p>9.30 +Marianna Kusiak int. od Marka i Kazimiery&nbsp; Str\u00f3\u017cak z Por\u0119by Wielkiej<\/p>\n<p>11.00&nbsp;&nbsp; &nbsp;O zdrowie Bo\u017ce b\u0142. i opiek\u0119 MB dla Katarzyny i Remigiusza i Syna Oliwera<\/p>\n<ol start=\"7\">\n<li>Spotkanie rodzic\u00f3w uczni\u00f3w kl.3.SP w niedziel\u0119 11.09.<span style=\"color: #ff0000;\">&nbsp;&nbsp; &nbsp; &nbsp; &nbsp; &nbsp; &nbsp; &nbsp; &nbsp; &nbsp; &nbsp; &nbsp; &nbsp; &nbsp; &nbsp; &nbsp; &nbsp; &nbsp; &nbsp; &nbsp; &nbsp; &nbsp; &nbsp; <\/span><\/li>\n<\/ol>\n<p>&nbsp;<\/p>\n<p>&nbsp;<\/p>\n<p><span style=\"color: #ff0000;\">&nbsp; &nbsp; &nbsp; &nbsp; &nbsp; &nbsp; &nbsp; &nbsp; &nbsp; &nbsp; &nbsp; &nbsp; &nbsp; &nbsp; &nbsp; &nbsp; &nbsp; &nbsp; &nbsp; &nbsp; &nbsp; &nbsp; &nbsp; &nbsp; &nbsp; &nbsp; &nbsp; &nbsp; &nbsp; &nbsp; &nbsp; &nbsp; &nbsp; 18 Niedziela&nbsp; 31.08. 2022r.&nbsp;&nbsp;&nbsp; <\/span>&nbsp;&nbsp;&nbsp;&nbsp;&nbsp;&nbsp;&nbsp;&nbsp;&nbsp;&nbsp;&nbsp;&nbsp;&nbsp;&nbsp;&nbsp;&nbsp;&nbsp;&nbsp;&nbsp;&nbsp;&nbsp;&nbsp;&nbsp;&nbsp;&nbsp;&nbsp;&nbsp;&nbsp;&nbsp;&nbsp;&nbsp;&nbsp;&nbsp;&nbsp;&nbsp;&nbsp;&nbsp;&nbsp;&nbsp;&nbsp;&nbsp;&nbsp;&nbsp;&nbsp;&nbsp;&nbsp;&nbsp;&nbsp;&nbsp;&nbsp;&nbsp;&nbsp;&nbsp;&nbsp;&nbsp;&nbsp;&nbsp;&nbsp;&nbsp;&nbsp;&nbsp;&nbsp;&nbsp;&nbsp;&nbsp;&nbsp;&nbsp;&nbsp;&nbsp;&nbsp;&nbsp;&nbsp;&nbsp;&nbsp;&nbsp;&nbsp;&nbsp;&nbsp;&nbsp;&nbsp;&nbsp;&nbsp;&nbsp;&nbsp; &nbsp;&nbsp;&nbsp;&nbsp;&nbsp;&nbsp;&nbsp;&nbsp;&nbsp;&nbsp;&nbsp;<\/p>\n<p>1. Msze \u015bw. Po\u0144.,\u015ar. Pi\u0105 g.18.00, Wt.,Czw.Sob. 7.00<\/p>\n<p>&nbsp;2.Jutro rozpoczyna si\u0119 sierpie\u0144 \u2013miesi\u0105c trze\u017awo\u015bci.M\u00f3dlmy si\u0119 o trze\u017cwo\u015b\u0107 w naszych&nbsp;&nbsp;&nbsp;&nbsp;&nbsp;&nbsp;&nbsp;&nbsp;&nbsp;&nbsp;&nbsp;&nbsp;&nbsp;&nbsp;&nbsp;&nbsp;&nbsp; rodzinach.&nbsp;&nbsp;&nbsp;&nbsp;&nbsp;&nbsp;&nbsp;&nbsp;&nbsp;&nbsp;&nbsp;&nbsp;&nbsp;&nbsp;&nbsp;&nbsp;&nbsp;&nbsp;&nbsp;&nbsp;&nbsp;&nbsp;&nbsp;&nbsp;&nbsp;&nbsp;&nbsp;&nbsp;&nbsp;&nbsp;&nbsp;&nbsp;&nbsp;&nbsp;&nbsp;&nbsp; &nbsp;&nbsp;&nbsp;&nbsp;&nbsp;&nbsp;&nbsp;&nbsp;&nbsp;&nbsp;&nbsp;&nbsp;&nbsp;&nbsp;&nbsp;&nbsp;&nbsp;&nbsp;&nbsp;&nbsp;&nbsp;&nbsp;&nbsp;&nbsp;&nbsp;&nbsp;&nbsp;&nbsp;&nbsp;&nbsp;&nbsp;&nbsp;&nbsp;&nbsp;&nbsp;&nbsp;&nbsp;&nbsp;&nbsp;&nbsp;&nbsp;&nbsp;&nbsp;&nbsp;&nbsp;&nbsp;&nbsp;&nbsp;&nbsp;&nbsp;&nbsp;&nbsp;&nbsp;&nbsp;&nbsp;&nbsp;&nbsp;&nbsp;&nbsp;&nbsp;&nbsp;&nbsp;&nbsp;&nbsp;&nbsp;&nbsp;&nbsp;&nbsp;&nbsp;&nbsp;&nbsp;&nbsp;&nbsp;&nbsp;&nbsp;&nbsp;&nbsp;&nbsp;&nbsp;&nbsp;&nbsp;&nbsp;&nbsp;&nbsp;&nbsp;&nbsp;&nbsp;&nbsp;&nbsp;&nbsp;&nbsp;&nbsp;&nbsp;&nbsp;&nbsp;&nbsp;&nbsp;&nbsp;&nbsp;&nbsp;&nbsp;&nbsp;&nbsp;&nbsp;&nbsp;&nbsp;&nbsp;&nbsp;&nbsp;&nbsp;&nbsp;&nbsp;&nbsp;&nbsp;&nbsp;&nbsp;&nbsp;&nbsp;&nbsp;&nbsp;&nbsp;&nbsp;&nbsp;&nbsp;&nbsp;&nbsp;&nbsp;&nbsp;&nbsp;&nbsp;&nbsp;&nbsp;&nbsp;&nbsp;&nbsp;&nbsp;&nbsp;&nbsp;&nbsp;&nbsp;<\/p>\n<p>3.We Wtorek w ko\u015bciele parafialnym mo\u017cliwo\u015b\u0107 zyskania odpustu zupe\u0142nego,, Porcjunkuli.\u201d<\/p>\n<p>4.W Czwartek Wsp.\u015aw. Jana Marii Vianneya, kap\u0142ana,patrona kap\u0142an\u00f3w.W modlitwie polecamy&nbsp;&nbsp;&nbsp;&nbsp;&nbsp;&nbsp;&nbsp;&nbsp;&nbsp;&nbsp;&nbsp;&nbsp;&nbsp; wszystkich kap\u0142an\u00f3w.&nbsp;&nbsp;&nbsp;&nbsp;&nbsp;&nbsp;&nbsp;&nbsp;&nbsp;&nbsp;&nbsp;&nbsp;&nbsp;&nbsp;&nbsp;&nbsp;&nbsp;&nbsp;&nbsp;&nbsp;&nbsp;&nbsp;&nbsp;&nbsp;&nbsp;&nbsp;&nbsp;&nbsp;&nbsp;&nbsp;&nbsp;&nbsp;&nbsp;&nbsp;&nbsp;&nbsp;&nbsp;&nbsp;&nbsp;&nbsp;&nbsp;&nbsp;&nbsp;&nbsp;&nbsp;&nbsp;&nbsp;&nbsp;&nbsp;&nbsp;&nbsp;&nbsp;&nbsp;&nbsp;&nbsp;&nbsp;&nbsp;&nbsp;&nbsp;&nbsp;&nbsp;&nbsp;&nbsp;&nbsp;&nbsp;&nbsp;&nbsp;&nbsp;&nbsp;&nbsp;&nbsp;&nbsp;&nbsp;&nbsp;&nbsp;&nbsp;&nbsp;&nbsp;&nbsp;&nbsp;&nbsp;&nbsp;&nbsp;&nbsp;&nbsp;&nbsp;&nbsp;&nbsp;&nbsp;&nbsp;&nbsp;&nbsp;&nbsp;&nbsp;&nbsp;&nbsp;&nbsp;&nbsp;&nbsp;&nbsp;&nbsp;&nbsp;&nbsp;&nbsp;&nbsp;&nbsp;&nbsp;&nbsp;&nbsp;&nbsp;&nbsp;&nbsp;&nbsp;&nbsp; &nbsp;&nbsp;&nbsp;&nbsp;&nbsp;&nbsp;&nbsp;&nbsp;&nbsp;&nbsp;&nbsp;&nbsp;&nbsp;&nbsp;&nbsp;&nbsp;&nbsp;&nbsp;&nbsp;&nbsp;&nbsp;&nbsp;&nbsp;&nbsp;&nbsp;&nbsp;&nbsp;&nbsp;&nbsp;&nbsp;&nbsp;&nbsp;&nbsp;&nbsp;&nbsp;&nbsp;&nbsp;&nbsp;&nbsp;&nbsp;&nbsp;&nbsp;&nbsp;&nbsp; 5.W tym tyg.1Cz,1P.1S.miesi\u0105ca.<\/p>\n<p>6.W Sobot\u0119 \u015awi\u0119to Przemienienia Pa\u0144skiego<\/p>\n<p>&nbsp;7.Sprz\u0105tanie ko\u015bcio\u0142a&nbsp;&nbsp;&nbsp;&nbsp;&nbsp;&nbsp;&nbsp;&nbsp;&nbsp;&nbsp;&nbsp;&nbsp;&nbsp;&nbsp;&nbsp;&nbsp;&nbsp;&nbsp;&nbsp;&nbsp;&nbsp;&nbsp;&nbsp;&nbsp;&nbsp;&nbsp;&nbsp;&nbsp;&nbsp;&nbsp;&nbsp;&nbsp;&nbsp;&nbsp;&nbsp;&nbsp;&nbsp;&nbsp;&nbsp;&nbsp;&nbsp;&nbsp;&nbsp;&nbsp;&nbsp;&nbsp;&nbsp;&nbsp;&nbsp;&nbsp;&nbsp;&nbsp;&nbsp;&nbsp;&nbsp;&nbsp;&nbsp;&nbsp;&nbsp;&nbsp;&nbsp;&nbsp;&nbsp;&nbsp;&nbsp;&nbsp;&nbsp;&nbsp;&nbsp;&nbsp;&nbsp;&nbsp;&nbsp;&nbsp;&nbsp;&nbsp;&nbsp;&nbsp;&nbsp;&nbsp;&nbsp;&nbsp;&nbsp;&nbsp;&nbsp;&nbsp;&nbsp;&nbsp;&nbsp;&nbsp;&nbsp;&nbsp;&nbsp;&nbsp;&nbsp;&nbsp;&nbsp;&nbsp;&nbsp;&nbsp;&nbsp;&nbsp;&nbsp;&nbsp;&nbsp;&nbsp;&nbsp;&nbsp;<\/p>\n<p><strong>\u0141ukowe <\/strong><em>:<\/em> G\u0105sior Monika,Nawrocka&nbsp; Halina,Nawrocka Ma\u0142gorzata<\/p>\n<p><strong><em>\u015arednie Wielkie<\/em><\/strong><em> :<\/em> Kucharek&nbsp; Sylwia,Zajkowski Piotr<\/p>\n<p>8.Intencje Mszalne<\/p>\n<p>Pon.18.00 &nbsp;+Franciszek Antolak&nbsp; int. od Anny Kielniak z c\u00f3rkami<\/p>\n<p>Wt.7.00 +Wies\u0142aw Wr\u00f3bel int. od Anny Gocek z rodzin\u0105<\/p>\n<p>\u015ar.18.00 +J\u00f3zef Gajda int. od rodziny Gro\u0144<\/p>\n<p>Czw.7.00 &nbsp;+Wanda i Tadeusz Kopczyk +Janina i Ludwik Stach<\/p>\n<p>Czw.18.00 +Marianna Kusiak&nbsp; int. od Jadwigi i Andrzeja Marcinik<\/p>\n<p>Pi\u0105.18.00 +Kamila i Franciszek Siedleccy<\/p>\n<p>Sob.18.00 +Kamila i Franciszek Siedleccy<\/p>\n<p>N.7. 30 &nbsp;Za parafian<\/p>\n<p>9.30 <strong>29 rocz<\/strong>.zawarcia sak. ma\u0142.Doroty i Zenona Sydorczak z pro\u015bb\u0105 o zdr. Bo\u017ce b\u0142. i opiek\u0119 MB<\/p>\n<p>11.00 &nbsp;+Stanis\u0142aw w kol. rocz. \u015bmierci int.od rodziny<\/p>\n<p style=\"text-align: justify;\">&nbsp;&nbsp;&nbsp;&nbsp;&nbsp;&nbsp;&nbsp;&nbsp;&nbsp;&nbsp;&nbsp;&nbsp;&nbsp;&nbsp;&nbsp;&nbsp;&nbsp;&nbsp;&nbsp;&nbsp;&nbsp;&nbsp;&nbsp;&nbsp;&nbsp;&nbsp;&nbsp;&nbsp;&nbsp;&nbsp;&nbsp;&nbsp;&nbsp;&nbsp;&nbsp;&nbsp;&nbsp;<\/p>\n<p>&nbsp;<\/p>\n<p style=\"text-align: left;\"><strong>&nbsp; &nbsp; &nbsp; &nbsp; &nbsp; &nbsp; &nbsp; &nbsp; &nbsp; &nbsp; &nbsp; &nbsp; &nbsp; &nbsp; &nbsp; &nbsp; &nbsp; &nbsp; &nbsp; &nbsp; &nbsp; &nbsp; &nbsp;<\/strong><\/p>\n<p style=\"text-align: center;\"><span style=\"color: #ff0000;\">17 Niedziela&nbsp; 24.07.2022r.<\/span><\/p>\n<p>1.Msze \u015bw. Po\u0144.,\u015ar. Pi\u0105 g.18.00, Wt.,Czw.Sob. 7.00<\/p>\n<p>2.Jutro prze\u017cywamy \u015awi\u0119to \u015aw. Krzysztofa&nbsp; ale dzi\u015b na ka\u017cdej Mszy \u015awi\u0119tej &nbsp;po\u015bwi\u0119cenie i&nbsp; b\u0142ogos\u0142awie\u0144stwo&nbsp; pojazd\u00f3w i kierowc\u00f3w. Jak co roku ofiary sk\u0142adane&nbsp; przy po\u015bwi\u0119ceniu pojazd\u00f3w&nbsp; przeznaczone dla misjonarzy.Jutro obchodzi imieniny Bp Krzysztof, Pan organista Jakub Bp Krzysztofa, Pana organist\u0119 Jakuba&nbsp; i wszystkich solenizant\u00f3w&nbsp; otoczmy ich modlitw\u0105.Jest to tak\u017ce \u015awiatowy Dzie\u0144 Dziadk\u00f3w i Os\u00f3b Starszych ustanowiony przez papie\u017ca Franciszka, pami\u0119tajmy w modlitwie.<\/p>\n<p>3.We Wtorek Wspomnienie rodzic\u00f3w Matki Bo\u017cej Joachima i Anny. W modlitwie pami\u0119tajmy o rodzicach \u017cywych i zmar\u0142ych.Jak dobrze jak kto\u015b pami\u0119ta i prosi o msz\u0119 \u015bw,za rodzic\u00f3w \u017cywych czy zmar\u0142ych ,modlitwa , Msza \u015aW. to jest skarb.<\/p>\n<p>4.Sprz\u0105tanie ko\u015bcio\u0142a&nbsp;&nbsp;&nbsp;&nbsp;&nbsp;&nbsp;&nbsp;&nbsp;&nbsp;&nbsp;&nbsp;&nbsp;&nbsp;&nbsp;&nbsp;&nbsp;&nbsp;&nbsp;&nbsp;&nbsp;&nbsp;&nbsp;&nbsp;&nbsp;&nbsp;&nbsp;&nbsp;&nbsp;&nbsp;&nbsp;&nbsp;&nbsp;&nbsp;&nbsp;&nbsp;&nbsp;&nbsp;&nbsp;&nbsp;&nbsp;&nbsp;&nbsp;&nbsp;&nbsp;&nbsp;&nbsp;&nbsp;&nbsp;&nbsp;&nbsp;&nbsp;&nbsp;&nbsp;&nbsp;&nbsp;&nbsp;&nbsp;&nbsp;&nbsp;&nbsp;&nbsp;&nbsp;&nbsp;&nbsp;&nbsp;&nbsp;&nbsp;&nbsp;&nbsp;&nbsp;&nbsp;&nbsp;&nbsp;&nbsp;&nbsp;&nbsp;&nbsp;&nbsp;&nbsp;&nbsp;&nbsp;&nbsp;&nbsp;&nbsp;&nbsp;&nbsp;&nbsp;&nbsp;&nbsp;&nbsp;&nbsp;&nbsp;&nbsp;&nbsp;&nbsp;&nbsp;&nbsp;&nbsp;&nbsp;&nbsp;&nbsp;&nbsp;&nbsp;&nbsp;&nbsp;&nbsp;&nbsp;<\/p>\n<p>&nbsp; <strong>\u0141ukowe <\/strong><em>:<\/em> Kisio\u0142ek Zofia,Pani Demska, Barszcz Halina<\/p>\n<p><strong><em>\u015arednie Wielkie<\/em><\/strong><em> :<\/em> Zarzyczna Aniela,J\u00f3zefowicz Irena<\/p>\n<p>5.Intencje Mszalne&nbsp;&nbsp;<\/p>\n<p>Pon18.00&nbsp; O zdr. Bo\u017ce b\u0142.i opiek\u0119 MBdla Anny Domalik<\/p>\n<p>Wt.7.00 +Wojciech Str\u00f3\u017cak int. od Aleksandry i&nbsp; Jana Str\u00f3\u017cak<\/p>\n<p>\u015ar.18.00&nbsp; O zdrowie Bo\u017ce b\u0142. i opiek\u0119 MB dla Mateusza<\/p>\n<p>\u015ar.\u015arednie W.19.00 +Marianna int.od rodziny Kotula<\/p>\n<p>Czw.7.00 +Aniela i Jan Molek +W\u0142adys\u0142aw i Franciszek<\/p>\n<p>Pi\u0105.18.00 +J\u00f3zef \u015alusarczyk w 20r.\u015bmierci int.od najbli\u017cszych<\/p>\n<p>Sob.7.00&nbsp; +Micha\u0142 Wr\u00f3bel<\/p>\n<p>N.7.00 +Mariann\u0119 i Stefan Kula int. od dzieci<\/p>\n<p>9.30&nbsp; +Wojciech Fiut w rocznic\u0119 \u015bmierci int. od \u017cony<\/p>\n<p>11.00&nbsp;&nbsp;&nbsp; Za parafian + Halin\u0119 Stach, Wies\u0142aw Wr\u00f3bel<\/p>\n<p style=\"text-align: left;\"><strong>&nbsp; &nbsp; &nbsp; &nbsp; &nbsp; &nbsp; &nbsp; &nbsp; &nbsp; &nbsp; &nbsp; &nbsp; &nbsp;<span style=\"color: #ff0000;\"> &nbsp; &nbsp; &nbsp; &nbsp; &nbsp;<\/span><\/strong><\/p>\n<p>&nbsp;<\/p>\n<p>&nbsp;<\/p>\n<p style=\"text-align: center;\"><strong><span style=\"color: #ff0000;\">&nbsp; <\/span><\/strong><span style=\"color: #ff0000;\">16 Niedziela&nbsp; 18. 07. 2021r.<\/span><\/p>\n<p>1.Msze \u015bw. w tym tyg w <strong>Pon.18.00<\/strong> w pozosta\u0142e dni rano&nbsp; o godz.7.00 &nbsp;\u015arednie W., Czw.g.18.00<\/p>\n<p>2.Za tydzie\u0144 w niedziel\u0119 \u015awi\u0119to \u015aw. Krzysztofa na wszystkich Mszach \u015aw. po\u015bwi\u0119cenie i&nbsp; b\u0142ogos\u0142awie\u0144stwo&nbsp; pojazd\u00f3w. Jak co roku ofiary sk\u0142adane&nbsp; przy po\u015bwi\u0119ceniu pojazd\u00f3w&nbsp; przeznaczone dla misjonarzy.<\/p>\n<p>3.W Pi\u0105.\u015awi\u0119to \u015aw. Marii Magdaleny,w Sobot\u0119 .\u015awi\u0119to \u015aw. Brygidy Szweckiej-patronki Europy<\/p>\n<p>4.Sprz\u0105tanie ko\u015bcio\u0142a<\/p>\n<p><strong>\u0141ukowe <\/strong><em>:<\/em> Mazio Gra\u017cyna,Mazio Sabina,G\u0105sior Helena<\/p>\n<p><strong><em>\u015arednie Wielkie<\/em><\/strong><em> :<\/em> Zajkowska Renata, Mroczek Krystyna<\/p>\n<p><strong>5.Intencje Mszalne<\/strong><\/p>\n<p>Pon.18.00&nbsp; &nbsp;<strong>1<\/strong>.+Helena Kabala int. od Akcji&nbsp; Katolickiej z \u0141ukowego<\/p>\n<p>2. + Wies\u0142aw Wr\u00f3bel int. od Krystyny Chmura<\/p>\n<p>Wt. 7<strong>.00&nbsp;&nbsp; 1.<\/strong> + Wies\u0142aw Wr\u00f3bel int. od Urszuli&nbsp; Zarzyczny z rodz<\/p>\n<p><strong>2<\/strong>.+Helena Kabala int. od&nbsp; Anny i Andrzeja Stach z dzie\u0107mi<\/p>\n<p>\u015ar.7.00&nbsp; <strong>1.<\/strong>+ Czes\u0142aw Armata int. od pracownik\u00f3w piekarni ,, Jadczyszyn\u201d<\/p>\n<p>&nbsp;&nbsp;&nbsp;&nbsp;&nbsp;&nbsp;&nbsp;&nbsp;&nbsp;&nbsp;&nbsp;&nbsp;&nbsp;&nbsp;&nbsp; <strong>2,<\/strong>+Franciszek&nbsp; Antolak int. od &nbsp;rodzin Osenkowskich i Wojdy\u0142\u00f3w<\/p>\n<p>Czw.7.00 &nbsp;<strong>1<\/strong>.+Henryka Stach od rodziny Kr\u00f3l z Baligrodu<\/p>\n<p>2.+ Tadeusza i Zofi\u0119 Ciepiela&nbsp; od Lucyny Fryzlewicz z rodz.<\/p>\n<p><strong>Czw.&nbsp;&nbsp; \u015arednie W.18.00<\/strong> +Marianna Kusiak int .od rodz W\u0142adyka<\/p>\n<p>Pi\u0105.7.00 <strong>1.<\/strong>Z okazji zawarcia sak. ma\u0142. El\u017cbiety i Andrzeja z pro\u015bb\u0105 o zdr. Bo\u017ce b\u0142. i opiek\u0119 MB<\/p>\n<p><strong>2<\/strong>.+ Zenon&nbsp; Wichryk int. od \u017cony i dzieci<\/p>\n<p>Sob.7.00&nbsp; &nbsp;<strong>Za&nbsp; parafian<\/strong><\/p>\n<p><strong>N.7.30<\/strong> + J\u00f3zef Str\u00f3\u017cak w r. \u015bmierci int. od \u017cony<\/p>\n<ul>\n<li>+J\u00f3zef \u015alusarczyk w 20 r. \u015bmierci int. od rodz. Piekutowskich<\/li>\n<\/ul>\n<p><strong>11.00<\/strong> + J\u00f3zef Puzio 1 r. \u015bmierci int. od \u017cony i dzieci<\/p>\n<p style=\"text-align: center;\">&nbsp;&nbsp;&nbsp;&nbsp;&nbsp;&nbsp;&nbsp;&nbsp;&nbsp;&nbsp;&nbsp;&nbsp;&nbsp;&nbsp;&nbsp;&nbsp;&nbsp;&nbsp;&nbsp;&nbsp;&nbsp;&nbsp; &nbsp; &nbsp; &nbsp; &nbsp; &nbsp; &nbsp; &nbsp; &nbsp; &nbsp; &nbsp; &nbsp; &nbsp; &nbsp; &nbsp; &nbsp; <span style=\"color: #ff0000;\">&nbsp; &nbsp;&nbsp; 15 Niedziela&nbsp; 10. 07. 2022r.&nbsp;&nbsp;&nbsp;&nbsp;&nbsp;<\/span>&nbsp;&nbsp;&nbsp;&nbsp;&nbsp;&nbsp;&nbsp;&nbsp;&nbsp;&nbsp;&nbsp;&nbsp;&nbsp;&nbsp;&nbsp;&nbsp;&nbsp;&nbsp;&nbsp;&nbsp;&nbsp;&nbsp;&nbsp;&nbsp;&nbsp;&nbsp;&nbsp;&nbsp;&nbsp;&nbsp;&nbsp;&nbsp;&nbsp;&nbsp;&nbsp;&nbsp;&nbsp;&nbsp;&nbsp;&nbsp;&nbsp;&nbsp;&nbsp;&nbsp;&nbsp;&nbsp;&nbsp;&nbsp;&nbsp;&nbsp;&nbsp;&nbsp;&nbsp;&nbsp;&nbsp;&nbsp;&nbsp;&nbsp;&nbsp;&nbsp;&nbsp;&nbsp;&nbsp;&nbsp;&nbsp;&nbsp;&nbsp;&nbsp;&nbsp;&nbsp;&nbsp;&nbsp;&nbsp;&nbsp;&nbsp;&nbsp;&nbsp; &nbsp;&nbsp;&nbsp;&nbsp;&nbsp;&nbsp;&nbsp;&nbsp;&nbsp;&nbsp;&nbsp;&nbsp;&nbsp;&nbsp;&nbsp;<\/p>\n<p>&nbsp;&nbsp;1.Msze \u015bw. Po\u0144,Pi\u0105 g.18.00 Wt., Czw. Sob. 7.00 w \u015arod\u0119 o godz.17.00&nbsp; Msza \u015aw., i procesja na G\u00f3r\u0119 Mi\u0142osierdzia a w Czw. \u015arednie W. g.18,00<\/p>\n<p>2.Jutro \u015awi\u0119to \u015aw. Benedykta,opata,patrona Europy.<\/p>\n<p>&nbsp;3.Sprz\u0105tanie ko\u015bcio\u0142a&nbsp;&nbsp;&nbsp;&nbsp;&nbsp;&nbsp;&nbsp;&nbsp;&nbsp;&nbsp;&nbsp;&nbsp;&nbsp;&nbsp;&nbsp;&nbsp;&nbsp;&nbsp;&nbsp;&nbsp;&nbsp;&nbsp;&nbsp;&nbsp;&nbsp;&nbsp;&nbsp; &nbsp;&nbsp;&nbsp;&nbsp;&nbsp;&nbsp;&nbsp;&nbsp;&nbsp;&nbsp;&nbsp;&nbsp;&nbsp;&nbsp;&nbsp;&nbsp;&nbsp;&nbsp;&nbsp;&nbsp;&nbsp;&nbsp;&nbsp;&nbsp;&nbsp;&nbsp;&nbsp;&nbsp;&nbsp;&nbsp;&nbsp;&nbsp;&nbsp;&nbsp;&nbsp;&nbsp;&nbsp;&nbsp;&nbsp;&nbsp;&nbsp;&nbsp;&nbsp;&nbsp;&nbsp;&nbsp;&nbsp;&nbsp;&nbsp;&nbsp;&nbsp;&nbsp;&nbsp;&nbsp;&nbsp;&nbsp;&nbsp;&nbsp;&nbsp;&nbsp;&nbsp;&nbsp;&nbsp;&nbsp;&nbsp;&nbsp;&nbsp;&nbsp;&nbsp;&nbsp;&nbsp;&nbsp;&nbsp;&nbsp;&nbsp;&nbsp;&nbsp;&nbsp;&nbsp;&nbsp;<\/p>\n<p>&nbsp;<strong>\u0141ukowe <\/strong><em>:<\/em>&nbsp; Henryka Rudy, Janina Pa\u0142asz,Furdak Barbara<\/p>\n<p><strong><em>\u015arednie Wielkie<\/em><\/strong><em> :<\/em> Janina Gro\u0144, Klaudia Gro\u0144<\/p>\n<p>4.Intencje Mszalne&nbsp;&nbsp;&nbsp;&nbsp;&nbsp;<\/p>\n<p>Pon.18.00 + Wies\u0142aw Wr\u00f3bel int. od&nbsp; wujka Antoniego<\/p>\n<p>Wt.7.00 +Katarzyna Antolak&nbsp; w 25rocz. \u015bmierci<\/p>\n<p>\u015ar.17.00&nbsp; +Teresa Bary\u0142a int. od Marii Walko<\/p>\n<p>Czw.7.00 + Wies\u0142aw Wr\u00f3bel int. od Barbary z rodz.<\/p>\n<p>Czw.18.00 +Marianna &nbsp;od Stefana i Anieli Kusiak<\/p>\n<p>Pi\u0105.18.00 +J\u00f3zef Gajda od c\u00f3rki Krystyny z rodz&nbsp;&nbsp;&nbsp;&nbsp;<\/p>\n<p>Sob.7.00+ Franciszek Antolak int. od Marka i Krystyny Leszczak<\/p>\n<p>N.7.30 +Jadwiga i Jaros\u0142aw Podolak +Katarzyna i Stanis\u0142aw Nawrocki<\/p>\n<p>9.30 +J\u00f3zef , Andrzej,Marian Kusiak<\/p>\n<p>11.00 W 30 rocz zawarcia sak. ma\u0142 Ma\u0142gorzaty i Lucjana Paszko z pro\u015bb\u0105 o zdr. Bo\u017ce b\u0142. i opiek\u0119 MB &nbsp;&nbsp;&nbsp;&nbsp;<\/p>\n<p>&nbsp;&nbsp;&nbsp;&nbsp;&nbsp;&nbsp;&nbsp;&nbsp;&nbsp;&nbsp;&nbsp;&nbsp;&nbsp;&nbsp;&nbsp;&nbsp;&nbsp;&nbsp;&nbsp;&nbsp;&nbsp;&nbsp;&nbsp;&nbsp;&nbsp;&nbsp;&nbsp;&nbsp;&nbsp;&nbsp;&nbsp;&nbsp;&nbsp;&nbsp;&nbsp;&nbsp;&nbsp;&nbsp;&nbsp;&nbsp;&nbsp;&nbsp;&nbsp;&nbsp;&nbsp;&nbsp;&nbsp;&nbsp;&nbsp;&nbsp;&nbsp;&nbsp;&nbsp;&nbsp;&nbsp;<span style=\"color: #ff0000;\">&nbsp;&nbsp;&nbsp;&nbsp;&nbsp;&nbsp;&nbsp; 14 Niedziela&nbsp; 03. 07. 2022r.<\/span><\/p>\n<p>&nbsp;1.Msze \u015bw..<strong> w tym tyg. rano o godz.7.00, w \u015arednim W. w Czwartek o niema Mszy \u015aw.<\/strong><\/p>\n<p>2.W Pi\u0105tek Wsp. \u015aw. Jana z Dukli,patrona Archidiecezji<\/p>\n<p>3.Dzi\u015b sk\u0142adka na WSD w Przemy\u015blu.<\/p>\n<p><strong>4.Intencje Mszalne <\/strong><\/p>\n<p><strong>Pon.7.00 +Jan i Aniela Molek<\/strong><\/p>\n<p><strong>Wt.7.00 <\/strong><strong>+Henryk Stach od brata Grzegorza z rodzin\u0105<\/strong><\/p>\n<p><strong>\u015ar.7.00 + Franciszek Antolak&nbsp; int. od&nbsp; rodziny Kabal\u00f3w z \u0141ukowego<\/strong><\/p>\n<p><strong>Czw.7.00&nbsp; +Janina,Olga,Jan,Stanis\u0142aw,J\u00f3zef&nbsp; Dudziak&nbsp; <\/strong><\/p>\n<p>Czw.&nbsp; 18. 00&nbsp; Za parafian<\/p>\n<p><strong>Pi\u0105. 7.00 +&nbsp; Tadeusz Ciepiela int .od Mariusza Ciepiela z rodz<\/strong><\/p>\n<p><strong>Sob.7.00 + Wies\u0142aw Wr\u00f3bel int.od Anieli i Stefana&nbsp; Kusiak<\/strong><\/p>\n<p><strong>N.7.30&nbsp; O zdrowie Bo\u017ce b\u0142. i opiek\u0119&nbsp; MB dla rodz. Michalskich<\/strong><\/p>\n<p><strong>9.30&nbsp; O zdrowie Bo\u017ce bl. I opiek\u0119 MB dla Zofii Kurek w 90r.urodzin<\/strong><\/p>\n<p><strong>11.00+Micha\u0142 Str\u00f3\u017cak,w r. \u015bmierci,+Janina Str\u00f3\u017cak<br \/>\n<\/strong><\/p>\n<p>&nbsp;<\/p>\n<p>&nbsp;<\/p>\n<p>&nbsp;<\/p>\n<p>&nbsp;&nbsp;&nbsp;&nbsp;&nbsp;&nbsp;&nbsp;&nbsp;&nbsp;&nbsp;&nbsp;&nbsp;&nbsp;&nbsp;&nbsp;&nbsp;&nbsp;&nbsp;&nbsp;&nbsp;&nbsp;&nbsp;&nbsp;&nbsp;&nbsp;&nbsp;&nbsp;&nbsp;&nbsp;&nbsp;&nbsp;&nbsp;&nbsp;&nbsp;&nbsp;&nbsp;&nbsp;&nbsp;&nbsp;&nbsp;&nbsp;&nbsp;&nbsp;&nbsp;&nbsp;&nbsp;&nbsp;&nbsp;&nbsp;&nbsp;&nbsp;&nbsp;&nbsp;&nbsp;&nbsp;&nbsp;&nbsp;&nbsp;&nbsp;&nbsp;<span style=\"color: #ff0000;\">&nbsp;&nbsp;&nbsp; 13 Niedziela&nbsp; 26. 06. 2 022r.<\/span><\/p>\n<p>1.Msze \u015aw. w tym tygodniu Pon. \u015ar.i Pi\u0105 o godz.18.00 w Pon .Cz i Sob.godz.7.00<\/p>\n<p>\u015arednie W. w czw.o g.18.00<\/p>\n<p>2.We \u015arod\u0119&nbsp; Uroczysto\u015b\u0107 . \u015aw. Piotra i Paw\u0142a&nbsp; Msze \u015aw. w \u0141ukowem 7.30 i 17.00<\/p>\n<p>w \u015arednim Wielkim o godz.18.00&nbsp; Jak co roku &nbsp;sk\u0142adka na Stolic\u0119 Apostolsk\u0105 \u2013 \u015awi\u0119topietrze.<\/p>\n<ol start=\"3\">\n<li>W tym tyg przypada 1Czw.1P,1 Sob miesi\u0105ca<\/li>\n<li>W pierwszy pi\u0105tek odwiedz\u0119 chorych mo\u017cna zg\u0142asza\u0107 w zakrystii<\/li>\n<\/ol>\n<p>&nbsp;5.Sprz\u0105tanie ko\u015bcio\u0142a<\/p>\n<p><strong>\u0141ukowe : Izdebska Ewa,Mach Barbara,Molek Monika<\/strong><\/p>\n<p><strong><em>\u015arednie Wielkie<\/em><\/strong><em> :<\/em> Maria Lubacz , Dorota Mleczy\u0144ska<\/p>\n<p><strong>7.<\/strong>Intencje mszalne<\/p>\n<p>Pon.18.00 +Walenty Ratajczak int. od c\u00f3rki z rodzin\u0105<\/p>\n<p>Wt.7.00 O zdrowie Bo\u017ce b\u0142 . i opiek\u0119 MB dla Emilki<\/p>\n<p>\u015ar.17.00&nbsp; +&nbsp; Piotra &nbsp;&nbsp;Stach int .od mamy<\/p>\n<p>\u015ar. 18.00 +Marianna Kusiak int. od chrze\u015bnicy Agaty \u0141ydaszak z rodz.<\/p>\n<p>Czw.7.00 &nbsp;&nbsp;+ Halina Stach int. od rodziny Przybytek i Bednarczyk<\/p>\n<p>Pi\u0105.18.00&nbsp; +Kamila i Franciszek Siedleccy<\/p>\n<p>Sob.7.00&nbsp; +Kamila i Franciszek Siedleccy<\/p>\n<p>N7.30&nbsp; Za parafian<\/p>\n<p>9.30 +Marianna Kusiak int. od kole\u017canek i koleg\u00f3w KGW&nbsp; ze \u015aredniego W.<\/p>\n<p>11.00 +Tadeusz Bujak int. od rodz. G\u0105sior\u00f3w i Barszcz<\/p>\n<p>&nbsp;&nbsp;&nbsp;&nbsp;&nbsp;&nbsp;&nbsp;&nbsp;&nbsp;&nbsp;&nbsp;&nbsp;&nbsp;&nbsp;&nbsp;&nbsp;&nbsp;&nbsp;&nbsp;&nbsp;&nbsp;&nbsp;&nbsp;&nbsp;&nbsp;&nbsp;&nbsp;&nbsp;&nbsp;&nbsp;&nbsp;&nbsp;&nbsp;&nbsp;&nbsp;&nbsp;&nbsp;&nbsp;&nbsp;&nbsp;&nbsp;&nbsp;&nbsp;&nbsp;&nbsp;&nbsp;&nbsp;&nbsp;&nbsp;&nbsp;&nbsp;&nbsp;&nbsp;&nbsp;&nbsp;&nbsp;&nbsp;&nbsp;&nbsp;&nbsp;&nbsp;&nbsp;&nbsp;&nbsp;&nbsp;<span style=\"color: #ff0000;\">&nbsp;&nbsp;&nbsp; 12 Niedziela&nbsp; 19. 06. 2022 r.<\/span><\/p>\n<p>1.Trwa Oktawa Bo\u017cego Cia\u0142a,zapraszam dzieci,dziewczynki do trzepania kwiat\u00f3w, a ch\u0142opc\u00f3w do dzwonienia dzwonkami i wszystkich parafian.W Czwartek zak. Oktawy BC po\u015bwi\u0119cenie wiank\u00f3w i b\u0142ogos\u0142awie\u0144stwo Dzieci.<\/p>\n<p>2.W czwartek Ur. Narodzenia \u015aw. Jana Chrzciciela przeniesiona z Pi\u0105tku.<\/p>\n<p>3.W Pi\u0105.Ur. Naj\u015bw. Serca Pana Jezus Nie obowi\u0105zuje wstrzemi\u0119\u017aliwo\u015b\u0107 od pokarm\u00f3w mi\u0119snych<\/p>\n<p>4.W pi\u0105tek zak. Roku szkolnego . Msza \u015aw.w ko\u015bciele parafialnym o godz.8.00. <strong>Spowied\u017a dla uczni\u00f3w kl 3,4,5,6 we Wtorek przed Msz\u0105 \u015aw. od godz.17.30<\/strong><\/p>\n<p><strong>Spowied\u017a dla uczni\u00f3w,kl.7,8 i Szko\u0142a \u015arednia w \u015arod\u0119 przed Msz\u0105 \u015aw.od godz,17.30<\/strong><\/p>\n<p>5.Sprz\u0105tanie ko\u015bcio\u0142a<\/p>\n<p><strong>\u0141ukowe<\/strong> : <strong>Owczarek Bogus\u0142awa,Kulig Agnieszka,Wania Renata<\/strong><\/p>\n<p><strong>\u015arednie W.<\/strong> :<strong>Zajkowski J\u00f3zef, Domaradzka Ewelina<\/strong><\/p>\n<p><strong>6.<\/strong>Intencje Mszalne.<\/p>\n<p>Pon.18.00&nbsp; +Kamila i Franciszek Siedleccy<\/p>\n<p>Wt.18.00 + Kamila i Franciszek Siedleccy<\/p>\n<p>\u015ar.18.00&nbsp; +Wies\u0142aw Wr\u00f3bel int.od s\u0105siada Tomasza<\/p>\n<p><strong>Czw.17.00<\/strong> +Czes\u0142aw Armata, Stanis\u0142aw Swalarz<\/p>\n<p><strong>Czw.18.15<\/strong>&nbsp; \u015arednie W.25 rocz.zawarcia sak.ma\u0142 Anny i Zbigniewa Kusiak z pro\u015bb\u0105 o zdr. Bo\u017ce b\u0142. i opiek\u0119 MB ica\u0142ej rodziny<\/p>\n<p>Pi\u0105.8.00&nbsp; &nbsp;Zak. Roku Szkolnego. <strong>Za parafian<\/strong><\/p>\n<p>18.00 +Jan Kieca w kol. rocz. \u015bmierci<\/p>\n<p>Sob.18.00+Franciszek Antolak int. od c\u00f3rki Anny z m\u0119\u017cem<\/p>\n<p>N.7.30 + Jan Puzio int. od najbli\u017cszej rodziny<\/p>\n<p>9.30 &nbsp;&nbsp;+ Marianna Kusiak int. od Anieli i Stanis\u0142awa Zarzycznych<\/p>\n<p>11.00 + Halina Stach int. od KGW z \u0141ukowego i Zespo\u0142u \u0141ukowianie<\/p>\n<p>7.Dzi\u015b ks. Pra\u0142at , by\u0142y Dziekan&nbsp; Boles\u0142aw Burek obchodzi 50 rocznic\u0119&nbsp; sakramentu Kap\u0142a\u0144stwa w parafii Rzeped\u017a.&nbsp; Polecajmy ks. Boles\u0142awa \u2013Jubilata w modlitwie.<\/p>\n<p><strong>8.Od 20 .06-19.07<\/strong> Msze \u015aw. gregoria\u0144skie&nbsp;&nbsp; \u015bp.+Wies\u0142awa&nbsp; Wr\u00f3bel b\u0119d\u0105 odprawiane&nbsp;&nbsp;&nbsp;&nbsp;&nbsp;&nbsp; &nbsp;poza parafi\u0105&nbsp; ,te Msze \u015aw.odprawi&nbsp; ks. Dominik \u015awietlak.<\/p>\n<p>9.Wczoraj w Koma\u0144czy w klasztorze mia\u0142o miejsce wprowadzenie relikiwi <strong>b\u0142. Kardyna\u0142a Stefana Wyszy\u0144skiego,<\/strong> Siostry zakonne z Klasztoru z Koma\u0144czy zapraszaj\u0105 mo\u017cna si\u0119 wybra\u0107 indywidualne dzi\u015b do klasztoru &nbsp;po obiedzie,ciekawa wystawa o b\u0142. Stefanie , Czynna kawiarenka ,mo\u017cna zje\u015b\u0107 ciasto ,lody,wypi\u0107 kaw\u0119, Siostr serecznie zapraszaj\u0105.<\/p>\n<p>&nbsp;<\/p>\n<p>&nbsp;<\/p>\n<p>&nbsp;<\/p>\n<p style=\"text-align: justify;\">&nbsp;&nbsp;&nbsp;&nbsp;&nbsp;&nbsp;&nbsp;&nbsp;&nbsp;&nbsp;&nbsp;&nbsp;&nbsp;&nbsp;&nbsp;&nbsp;&nbsp;&nbsp;&nbsp;&nbsp;&nbsp;&nbsp;&nbsp; &nbsp;&nbsp;&nbsp;&nbsp;&nbsp;&nbsp;&nbsp;&nbsp;&nbsp;&nbsp;&nbsp;&nbsp;&nbsp;&nbsp;&nbsp;&nbsp;&nbsp;&nbsp;&nbsp;&nbsp;&nbsp;&nbsp;&nbsp;&nbsp;&nbsp;&nbsp;&nbsp;&nbsp;&nbsp;&nbsp;&nbsp;&nbsp;&nbsp;&nbsp;&nbsp;&nbsp;&nbsp;&nbsp;&nbsp;&nbsp;&nbsp;&nbsp;&nbsp;&nbsp;&nbsp;&nbsp;&nbsp;&nbsp;&nbsp;&nbsp;&nbsp;&nbsp;&nbsp;&nbsp;&nbsp;&nbsp;&nbsp;&nbsp;&nbsp;&nbsp;&nbsp;&nbsp;&nbsp;&nbsp;&nbsp;&nbsp;&nbsp;&nbsp;&nbsp;&nbsp;&nbsp;&nbsp;&nbsp;&nbsp;<\/p>\n<p>&nbsp;&nbsp;&nbsp;&nbsp;&nbsp;&nbsp;&nbsp;&nbsp;&nbsp;&nbsp;&nbsp;&nbsp;&nbsp;&nbsp;&nbsp;&nbsp;&nbsp;&nbsp;&nbsp;&nbsp;&nbsp;&nbsp;&nbsp;&nbsp;&nbsp;&nbsp;&nbsp;&nbsp;&nbsp;&nbsp;&nbsp;&nbsp;&nbsp;&nbsp;&nbsp;&nbsp;&nbsp;&nbsp;&nbsp;&nbsp;&nbsp;&nbsp;&nbsp;&nbsp;&nbsp;&nbsp;&nbsp;&nbsp;&nbsp;&nbsp;&nbsp;&nbsp;&nbsp;&nbsp;&nbsp;&nbsp;&nbsp;&nbsp;&nbsp;&nbsp;<span style=\"color: #ff0000;\">&nbsp; Ur. TR\u00d3JCY&nbsp; \u015aWI\u0118TEJ. 12.06.2022r.<\/span><\/p>\n<p>1.Dzi\u015b w Ur. Tr\u00f3jcy &nbsp;Przenaj\u015bwi\u0119tszej ,ko\u0144czy&nbsp; si\u0119 okres Komunii \u015aw.Wielkanocnej.<\/p>\n<p>2.W pon 13 czerwca Msza \u015aw.godz17.00 i procesja na G\u00f3r\u0119 Mi\u0142osierdzia<\/p>\n<p>3.W Pi\u0105tek ,nie obowi\u0105zuje wstrzemi\u0119\u017aliwo\u015b\u0107 od pokarm\u00f3w mi\u0119snych.Dyspensy udzieli\u0142 Abp. Adam Szal&nbsp; Metropolita Przemyski.<\/p>\n<p><strong>4.<span style=\"color: #ff0000;\">W Czwartek -Bo\u017ce Cia\u0142o<\/span><\/strong><span style=\"color: #ff0000;\"> Msze \u015aw<strong>., \u015arednie W. o godz. 9.00&nbsp; , \u0141ukowe&nbsp; o g.11.00<\/strong>&nbsp;<\/span> i procesja do czterech&nbsp; O\u0142tarzy wok\u00f3\u0142 Ko\u015bcio\u0142a . Zapraszam,OSP,ch\u00f3r w w strojach Ludowych,schol\u0119, ministrant\u00f3w,Dzieci kt\u00f3re przyst\u0105pi\u0142y do I Komunii \u015aw. ,Dzieci rocznicowe, Dziewczynki do trzepania kwiat\u00f3w, a ch\u0142opc\u00f3w do dzwonienia dzwonkami i wszystkich &nbsp;parafian.Mo\u017cna w naszych oknach umie\u015bci\u0107 obrazy PJ lub MB<\/p>\n<p><span style=\"color: #ff0000;\"><strong>5.Msze \u015aw. w oktawie Bo\u017cego Cia\u0142a o godz.18.00 po Mszy \u015aw. procesja wok\u00f3\u0142 Ko\u015bcio\u0142a.<\/strong><\/span><\/p>\n<p>6.Sprz\u0105tanie ko\u015bcio\u0142a&nbsp;&nbsp;&nbsp;&nbsp;&nbsp;&nbsp;&nbsp;&nbsp;&nbsp;&nbsp;&nbsp;&nbsp;&nbsp;&nbsp;&nbsp;&nbsp;&nbsp;&nbsp;&nbsp;&nbsp;&nbsp;&nbsp;&nbsp;&nbsp;&nbsp;&nbsp;&nbsp;&nbsp;&nbsp;&nbsp;&nbsp;&nbsp;&nbsp;&nbsp;&nbsp;&nbsp;&nbsp;&nbsp;&nbsp;&nbsp;&nbsp;&nbsp;&nbsp;&nbsp;&nbsp;&nbsp;&nbsp;&nbsp;&nbsp;&nbsp;&nbsp;&nbsp;&nbsp;&nbsp;&nbsp;&nbsp;&nbsp;&nbsp;&nbsp;&nbsp;&nbsp;&nbsp;&nbsp;&nbsp;&nbsp;&nbsp;&nbsp;&nbsp;&nbsp;&nbsp;&nbsp;&nbsp;&nbsp;&nbsp;&nbsp;&nbsp;&nbsp;&nbsp;&nbsp;&nbsp;&nbsp;&nbsp;&nbsp;&nbsp;&nbsp;&nbsp;&nbsp;&nbsp;&nbsp;&nbsp;&nbsp;&nbsp;&nbsp;&nbsp;&nbsp;&nbsp;&nbsp;&nbsp;&nbsp;&nbsp;&nbsp;&nbsp;&nbsp;&nbsp;&nbsp;&nbsp;&nbsp;&nbsp;<\/p>\n<p><strong>\u0141ukowe : Domalik Joanna,Furtak Magdalena,Rybczak Maria<\/strong><\/p>\n<p><strong><em>\u015arednie Wiekie<\/em><\/strong> :\u015aliwa Iwona,Czech Agnieszka<\/p>\n<p>7.Intencje mszalne.<\/p>\n<p>Pon.17.00 +Franciszek Molek int. od rodziny<\/p>\n<p>Wt.18.+Adam Kicak int. od rodziny<\/p>\n<p>\u015ar.18.00 W intencji rodziny Fal o zdrowie Bo\u017ce b\u0142. i opiek\u0119 MB<\/p>\n<p><span style=\"color: #ff0000;\"><strong>Czw&nbsp;&nbsp; Ur. Naj\u015bw. Cia\u0142a i Krwi Pana Jezusa&nbsp; &#8211;&nbsp; Bo\u017ce Cia\u0142o<\/strong><\/span><\/p>\n<p><strong>\u015arednie W.9.00<\/strong> +Marianna Kusiak int. od&nbsp; W\u0142adys\u0142awa i Kazimiery Kusiak<\/p>\n<p><strong>Czw.\u0141ukowe 11.00<\/strong> +Weronika, Piotr,Marek,&nbsp; \u015awi\u0119ch<\/p>\n<p>Pi\u0105.18.00&nbsp; W int. Panu Bogu wiadomej<\/p>\n<p>Sob.18.00 +Dusze w czy\u015b\u0107cu cierpi\u0105ce<\/p>\n<p><strong>N.7.30<\/strong> +Maria&nbsp; i Franciszek Wylota int. od c\u00f3rki Zofii<\/p>\n<p><strong>9.30<\/strong>&nbsp;&nbsp; O zdrowie Bo\u017ce b\u0142.i opiek\u0119 MB dla Floriana ,rodzic\u00f3w i R\u00f3\u017cy z pro\u015bb\u0105 o zdrowie Bo\u017ce b\u0142. i opiek\u0119 Matki Bo\u017cej<\/p>\n<p><strong>11.00<\/strong> W 40 rocznic\u0119 zawarcia sakramentu ma\u0142\u017ce\u0144stwa Barbary i Tadeusza Molek z<\/p>\n<p>z pro\u015bb\u0105 o zdrowie Bo\u017ce b\u0142. i opiek\u0119 Matki Bo\u017cej int od dzieci.<\/p>\n<p>&nbsp;<\/p>\n<p>&nbsp;&nbsp;&nbsp;&nbsp;&nbsp;&nbsp;&nbsp;&nbsp;&nbsp;&nbsp;&nbsp;&nbsp;&nbsp;&nbsp;&nbsp;&nbsp;&nbsp;&nbsp;&nbsp;&nbsp;&nbsp;&nbsp;&nbsp;&nbsp;&nbsp;&nbsp;&nbsp;&nbsp;&nbsp;&nbsp;&nbsp;&nbsp;&nbsp;&nbsp;&nbsp;&nbsp;&nbsp;&nbsp;&nbsp;&nbsp;&nbsp;&nbsp;&nbsp;&nbsp;&nbsp;&nbsp;&nbsp;<span style=\"color: #ff0000;\">&nbsp; Ur. Wniebowst\u0105pienia Pa\u0144skiego&nbsp;&nbsp; 29. 05. 2022r.<\/span><\/p>\n<p>1.Dzi\u015b Uroczysto\u015b\u0107 Wniebowst\u0105pienia Pa\u0144skiego w naszej archidiecezji \u015bwi\u0119cenia diakonatu, za tydzie\u0144 w sobot\u0119 \u015bwi\u0119cenia kap\u0142a\u0144skie. Otoczmy ich modlitw\u0105.<\/p>\n<p>2.Msze \u015bwi\u0119te w Ko\u015bciele Parafialnym &nbsp;i nabo\u017ce\u0144stwo majowe o godz.18.00 zako\u0144czenie nabo\u017ce\u0144stw majowych. We wtorek dzieci kt\u00f3re zbiera\u0142y naklejki prosz\u0119 przynie\u015b\u0107 plansze na Wtorek,b\u0119d\u0105 nagrody.W \u015arednim Wielkim w Czwartek o godz.19.00. Od czerwca rozpoczynamy nabo\u017ce\u0144stwa czerwcowe.<\/p>\n<p>3.W tym tygodniu przypada 1Cz,1P,1S.miesi\u0105ca.Spotkanie Formacyjne ,\u015arednie W. w Czw, \u0141ukowe w Pi\u0105tek<\/p>\n<p>4.Trwa Nowenna przed Uroczysto\u015bci\u0105 Zes\u0142ania Ducha \u015awi\u0119tego<\/p>\n<p>5.Za tydzie\u0144 w niedziel\u0119, Uroczysto\u015b\u0107 Zes\u0142ania Ducha \u015aw., ko\u0144czy si\u0119 czas Wielkanocny.<\/p>\n<p>6.Sprz\u0105tanie ko\u015bcio\u0142a<\/p>\n<p><strong>\u0141ukowe<\/strong>:<strong>Ju\u017c byli sprz\u0105ta\u0107, Domalik Anna, Florek Maria,Molek Lucyna,Prosz\u0119 podj\u0105\u0107 dy\u017cur:<\/strong> Domalik Ewa,Florek Celina, Molek Krystyna<\/p>\n<p><strong>\u015arednie Wielkie: Dziubak Maria,Kusiak Izabela<\/strong><\/p>\n<p>&nbsp;7.Intencje Mszalne&nbsp;<\/p>\n<p>Pon.18.00 +Wies\u0142aw Wr\u00f3bel int.od kuzynki Zofii Stach<\/p>\n<p>Wt.18.00 + Zygmunt Sadlik int. od Heleny i Stanis\u0142awa Izdebskich<\/p>\n<p>\u015ar.18.00&nbsp; + Franciszek Walko int. od Marii Walko<\/p>\n<p>&nbsp;Czw.18.00&nbsp; <strong>Za parafian<\/strong><\/p>\n<p><strong>&nbsp;Czw. \u015arednie Wielkie 19.00<\/strong> + Maria i Franciszek Hebda<\/p>\n<p>Pi\u0105.18.00 +Wies\u0142aw Wr\u00f3bel int.od siostry Anny z m\u0119\u017cem<\/p>\n<p>Sob.18.00 O zdrowie i Bo\u017ce&nbsp; b\u0142ogos\u0142awie\u0144stwo i opiek\u0119 Matki Bo\u017cej dla dzieci<\/p>\n<p>7.30 O zdrowie i Bo\u017ce b\u0142ogos\u0142awie\u0144stwo i opiek\u0119 Matki Bo\u017cej dla rodziny Kaczmarskich<\/p>\n<p>9.30 W int. PB wiadomej<\/p>\n<p>11.00 + Marian Kosi\u0144ski int. od \u017cony<\/p>\n<p>&nbsp;<\/p>\n<p>9.Dzi\u0119kuj\u0119 wszystkim ,kt\u00f3rzy w tym tyg. pracowali wynosili \u0142awki,Stacje DK,obrazy itd. Kuli tynki&nbsp; \u015bcian wewn\u0105trz ko\u015bcio\u0142a &nbsp;i sprz\u0105tali. Dalsze prace b\u0119d\u0105 kontynuowane. &nbsp;<\/p>\n<p>10 Piknik ,, Dzie\u0144 Dziecka \u2019\u2019godz.14.00 Dom kultury czyli \u015awietlica w \u0141ukowem, Zapraszaj\u0105 organizatorzy.<\/p>\n<p>&nbsp;<\/p>\n<p>&nbsp;<\/p>\n<p>&nbsp;&nbsp;&nbsp;&nbsp;&nbsp;&nbsp;&nbsp;&nbsp;&nbsp;&nbsp;&nbsp;&nbsp;&nbsp;&nbsp;&nbsp;&nbsp;&nbsp;&nbsp;&nbsp;&nbsp;&nbsp;&nbsp;&nbsp;&nbsp;&nbsp;&nbsp;&nbsp;&nbsp;&nbsp;&nbsp;&nbsp;&nbsp;&nbsp;&nbsp;&nbsp;<span style=\"color: #ff0000;\">&nbsp;&nbsp;&nbsp;&nbsp;&nbsp;&nbsp;&nbsp; 6.NIEDZIELA WIELKANOCY&nbsp;&nbsp;&nbsp; 26. 05. 2 019r&nbsp;&nbsp;&nbsp;<\/span>&nbsp;&nbsp;&nbsp;&nbsp;&nbsp;&nbsp;&nbsp;&nbsp;&nbsp;&nbsp;&nbsp;&nbsp;&nbsp;&nbsp;&nbsp;&nbsp;&nbsp;&nbsp;&nbsp;&nbsp;&nbsp;&nbsp;&nbsp;&nbsp;&nbsp;&nbsp;&nbsp;&nbsp;&nbsp;&nbsp;&nbsp;&nbsp;&nbsp;&nbsp;&nbsp;&nbsp;&nbsp;&nbsp;&nbsp;&nbsp;&nbsp;&nbsp;&nbsp;&nbsp;&nbsp;&nbsp;&nbsp; &nbsp;&nbsp;&nbsp;&nbsp;&nbsp;&nbsp;&nbsp;&nbsp;&nbsp;&nbsp;&nbsp;&nbsp;&nbsp;&nbsp;&nbsp;<\/p>\n<p>1. W Poniedzia\u0142ek ,Wtorek i \u015arod\u0119 przypadaj\u0105 dni modlitw o urodzaje.&nbsp;&nbsp;<\/p>\n<p>2.W Czwartek ,,<strong>Dzie\u0144 Matki\u201d<\/strong> pami\u0119tajmy o wszystkich Mamach w modlitwie.&nbsp;&nbsp;&nbsp;&nbsp;&nbsp;&nbsp;&nbsp;&nbsp;&nbsp;&nbsp;&nbsp;&nbsp;&nbsp;&nbsp;&nbsp;&nbsp;&nbsp;&nbsp;&nbsp;&nbsp;&nbsp;&nbsp;&nbsp;&nbsp;&nbsp;&nbsp;&nbsp;&nbsp;&nbsp;&nbsp;&nbsp;&nbsp;&nbsp;&nbsp;&nbsp;&nbsp;&nbsp;&nbsp;&nbsp;&nbsp;&nbsp;&nbsp;&nbsp;&nbsp;&nbsp;&nbsp;&nbsp;&nbsp;&nbsp;&nbsp; 3.W Pi\u0105tek pocz\u0105tek Nowenny przed Ur.Zes\u0142ania Ducha \u015awi\u0119tego.<\/p>\n<p>4.Spowied\u017a uczni\u00f3w kl.8 SP ich rodzic\u00f3w ,\u015bwiadk\u00f3w w Pon.od godz.17.00 . Sakrament bierzmowania uczniowie kl.8 przyjm\u0105 w Sobot\u0119 28.maja o godz.17.00 w parafii Tarnawa z r\u0105k Abp. Adama Szala Metropolity Przemyskiego.W modlitwie polecajmy kandydat\u00f3w do sak bierzmowania.<\/p>\n<p>5.W najbli\u017csz\u0105 niedziel\u0119 Ur. Wniebowst\u0105pienia Pa\u0144skiego w naszej Archidiecezji \u015bwi\u0119cenia diakonatu.Otoczmy modlitw\u0105 kandydat\u00f3w do \u015bwi\u0119ce\u0144.<\/p>\n<p>6.Sprz\u0105tanie Ko\u015bcio\u0142a<\/p>\n<p>\u0141ukowe:Strzy\u017c Agata,Smutek Paulina,Molek Iwona<\/p>\n<p>\u015arednie W: <strong>\u0141uczejko Natalia,P\u0142oska Dorota<\/strong><\/p>\n<p>7. Intencje Mszalne<\/p>\n<p>Pon.18.00 1+Wies\u0142aw Wr\u00f3bel int.od rodziny Opar z Dziurdziowa<\/p>\n<p>2+ Tadeusz Ciepiela int. od wnuka Janusza Ciepiela z rodz.<\/p>\n<p>Wt.7.00 + Wies\u0142aw Wr\u00f3bel int.od rodziny Baraniewicz<\/p>\n<p>\u015ar.7.00 W intencji Panu Bogu Wiadomej<\/p>\n<p>Czw.7.00 +Agnieszka Hebda +Stefani\u0119 Armata intencja od Marii<\/p>\n<p>Czw.18.00 + Zofia Zajkowska int. od mamy<\/p>\n<p>Pi\u0105.7.00 +Henryk Stach int.od siostry Lucyny z rodzin\u0105<\/p>\n<p>Sob.7.00 +Tadeusz Ciepiela int.od c\u00f3rki Janiny Go\u0142as &nbsp;z rodzin\u0105<\/p>\n<p>Sob.17.00 Za parafian i bierzmowanych<\/p>\n<p>N.7.30 +Helena i Zygmunt Kabala int. od dzieci i wnuk\u00f3w<\/p>\n<p>9.30 +Maria i Jan Piekutowscy int. od synowej z rodzina<\/p>\n<p>11.00 +Ewa Kurek int. od m\u0119\u017ca i dzieci<\/p>\n<p>8.W \u015brod\u0119 rozpocznie si\u0119 zbijanie w ko\u015bciele tynk\u00f3w,troch\u0119 p\u00f3\u017aniej na zewn\u0105trz ko\u015bcio\u0142a,b\u0119dziemy zbija\u0107 tynki. tak jak zaleci\u0142 konserwator zabytk\u00f3w,na pewn\u0105 wysoko\u015b\u0107,aby osuszy\u0107 \u015bciany.<\/p>\n<p>&nbsp;<\/p>\n<p>&nbsp;&nbsp;&nbsp;&nbsp;&nbsp;&nbsp;&nbsp;&nbsp;&nbsp;&nbsp;&nbsp;&nbsp;&nbsp;&nbsp;&nbsp;&nbsp;&nbsp;&nbsp;&nbsp;&nbsp;&nbsp;&nbsp;&nbsp;&nbsp;&nbsp;&nbsp;&nbsp;&nbsp;&nbsp;&nbsp;&nbsp;&nbsp;&nbsp;&nbsp;&nbsp;&nbsp;&nbsp;&nbsp;&nbsp;&nbsp;&nbsp;&nbsp;&nbsp;&nbsp;&nbsp;&nbsp;&nbsp;&nbsp;<span style=\"color: #ff0000;\">&nbsp;&nbsp;&nbsp;&nbsp; 5 NIEDZIELA WIELKANOCY&nbsp;&nbsp;&nbsp; 15.05.2022r.<\/span><\/p>\n<p>1.Msze \u015bw.w \u0141uk&nbsp; Przez ca\u0142y tydzie\u0144&nbsp; wieczorem g.18.00 .Natomiast w Pon. i w \u015arod\u0119 o godz.16.00 .W Czwartek w \u015arednim Wielkim o g. 19.00 &nbsp;&nbsp;&nbsp;&nbsp;&nbsp;&nbsp;&nbsp;&nbsp;&nbsp;&nbsp;&nbsp;&nbsp;&nbsp;&nbsp;&nbsp;&nbsp;&nbsp;&nbsp;&nbsp;&nbsp;&nbsp;&nbsp;&nbsp;&nbsp;&nbsp;&nbsp;&nbsp;&nbsp;&nbsp;&nbsp;&nbsp;&nbsp;&nbsp;&nbsp;&nbsp;&nbsp;&nbsp;&nbsp;&nbsp;&nbsp;&nbsp;&nbsp;&nbsp;&nbsp;&nbsp;&nbsp;&nbsp;&nbsp;&nbsp;&nbsp;&nbsp;&nbsp;&nbsp;&nbsp;&nbsp;&nbsp;&nbsp;&nbsp;&nbsp;&nbsp;&nbsp;&nbsp;&nbsp;&nbsp;&nbsp;&nbsp;&nbsp;&nbsp;&nbsp;&nbsp;&nbsp;&nbsp;&nbsp;&nbsp;&nbsp;&nbsp;&nbsp;&nbsp;&nbsp;&nbsp;&nbsp;&nbsp;&nbsp;&nbsp;&nbsp;&nbsp;&nbsp;&nbsp;&nbsp;&nbsp;&nbsp;&nbsp;&nbsp;&nbsp;&nbsp;&nbsp;&nbsp;&nbsp;&nbsp;&nbsp;&nbsp;&nbsp;&nbsp;&nbsp;&nbsp;&nbsp;&nbsp;&nbsp;&nbsp;&nbsp;&nbsp;&nbsp;&nbsp;&nbsp;&nbsp;&nbsp;&nbsp;&nbsp;&nbsp;&nbsp;&nbsp;&nbsp;&nbsp;&nbsp;&nbsp;&nbsp;&nbsp;&nbsp;&nbsp;&nbsp;&nbsp;&nbsp;&nbsp;&nbsp;&nbsp;&nbsp;&nbsp;&nbsp;&nbsp;<\/p>\n<p>&nbsp;2.Sprz\u0105tanie ko\u015bcio\u0142a.&nbsp;&nbsp;&nbsp;&nbsp;&nbsp;&nbsp;&nbsp;&nbsp;&nbsp;&nbsp;&nbsp;&nbsp;&nbsp;&nbsp;&nbsp;&nbsp;&nbsp;&nbsp;&nbsp;&nbsp;&nbsp;&nbsp;&nbsp;&nbsp;&nbsp;&nbsp;&nbsp;&nbsp;&nbsp;&nbsp;&nbsp;&nbsp;&nbsp;&nbsp;&nbsp;&nbsp;&nbsp;&nbsp;&nbsp;&nbsp;&nbsp;&nbsp;&nbsp;&nbsp;&nbsp;&nbsp;&nbsp;&nbsp;&nbsp;&nbsp;&nbsp;&nbsp;&nbsp;&nbsp;&nbsp;&nbsp;&nbsp;&nbsp;&nbsp;&nbsp;&nbsp;&nbsp;&nbsp;&nbsp;&nbsp;&nbsp;&nbsp;&nbsp;&nbsp;&nbsp;&nbsp;&nbsp;&nbsp;&nbsp;&nbsp;&nbsp;&nbsp;&nbsp;&nbsp;&nbsp;&nbsp;&nbsp;&nbsp;&nbsp;&nbsp;&nbsp;&nbsp;&nbsp;&nbsp;&nbsp;&nbsp;&nbsp;&nbsp;&nbsp;&nbsp;&nbsp;&nbsp; &nbsp;&nbsp;&nbsp;&nbsp;&nbsp;&nbsp;&nbsp;&nbsp;&nbsp;&nbsp;&nbsp;&nbsp;&nbsp;&nbsp;&nbsp;&nbsp;&nbsp;&nbsp;&nbsp;&nbsp;&nbsp;&nbsp;&nbsp;&nbsp;&nbsp;&nbsp;&nbsp;&nbsp;&nbsp;&nbsp;&nbsp;&nbsp;&nbsp;&nbsp;<\/p>\n<p><strong>\u0141ukowe: Baraniewicz Ma\u0142gorzata, Baraniewicz Anna, Iwanisik Zofia<\/strong><\/p>\n<p><strong>\u015arednie Wielkie<\/strong>: <strong>Dziubak Magdalena, Dziubak Lena<\/strong>&nbsp;<\/p>\n<p>3.Intencje Mszalne<\/p>\n<p><strong>Pon.16.00<\/strong> Z r\u00f3\u017cy Marii Siedleckiej o zdrowie Bo\u017ce b\u0142. i opiek\u0119 MB i \u015aw. Andrzeja Bobola dla si\u00f3str r\u00f3\u017ca\u0144cowych<\/p>\n<p>Wt.18.00&nbsp; +Zygmunt Kabala int.od c\u00f3rki S. Kabala<\/p>\n<p><strong>\u015ar.16.00<\/strong> +Wies\u0142awa Wr\u00f3bel int.od Siostrze\u0144ca Daniela z Dziurdziowa<\/p>\n<p>Czw. 18.00+Henryk Stach int. od siostry Wioletty z rodzin\u0105<\/p>\n<p>Czw.19.00 \u015arednie W.&nbsp; W 7 rocz. zawarcia sak. ma\u0142.Agnieszki i Rados\u0142awa Niepok\u00f3j i 4 rocznic\u0119. urodzin c\u00f3rki R\u00f3\u017cyczki z pro\u015bb\u0105 o zdrowie potrzebne \u0142aski i Bo\u017ce b\u0142 i opiek\u0119 M<\/p>\n<p>Pi\u0105.18.00 +Franciszek Walko int. od&nbsp;&nbsp; Rodziny Stach<\/p>\n<p>Sob.18.00 + Zygmunt Sadlik int.&nbsp; od Ewy i Romana Stusik<\/p>\n<p><strong>N.7.30 &nbsp;Za parafian<\/strong><\/p>\n<p>9.30&nbsp; +Stanis\u0142aw ,Adam ,Ludwik Borkowscy<\/p>\n<p>11.00 +El\u017cbieta, i Bogdan Sywanicz 10 r. \u015bmierci int od Rados\u0142awa z rodzin\u0105<\/p>\n<p>4.W Pi\u0105tek 20.05. o godz.18.00 uczniowie kl. 8 SP otrzymaj\u0105&nbsp; po\u015bwi\u0119cone krzy\u017ce,te krzy\u017ce za\u0142o\u017c\u0105 na szyj\u0119 rodzice.Natomiast kl.8 w sobot\u0119 21.05.2022r. o godz.10.00 b\u0119dzie spotkanie z ks. Vice-dziekanem .<\/p>\n<p>&nbsp;&nbsp;&nbsp;&nbsp;&nbsp;&nbsp;&nbsp;&nbsp;&nbsp;&nbsp;&nbsp;&nbsp;&nbsp;&nbsp;&nbsp;&nbsp;&nbsp;&nbsp;&nbsp;&nbsp;&nbsp;&nbsp;&nbsp;&nbsp;&nbsp;&nbsp;&nbsp;&nbsp;&nbsp;&nbsp;&nbsp;&nbsp;&nbsp;&nbsp;&nbsp;&nbsp;&nbsp;&nbsp;&nbsp;&nbsp;&nbsp;&nbsp;&nbsp;&nbsp;&nbsp;&nbsp;&nbsp;&nbsp;&nbsp;&nbsp;&nbsp;&nbsp;&nbsp;&nbsp;&nbsp;&nbsp;&nbsp;&nbsp;<span style=\"color: #ff0000;\">&nbsp;&nbsp;<\/span><\/p>\n<p><strong>&nbsp;&nbsp;&nbsp;&nbsp;&nbsp;&nbsp;&nbsp;&nbsp;&nbsp;&nbsp;&nbsp;&nbsp;&nbsp;&nbsp;&nbsp;&nbsp;&nbsp;&nbsp;&nbsp;&nbsp;&nbsp;&nbsp;&nbsp;&nbsp;&nbsp;&nbsp;&nbsp;&nbsp;&nbsp;&nbsp;&nbsp;&nbsp;&nbsp;&nbsp;&nbsp;&nbsp;&nbsp;&nbsp;&nbsp;&nbsp; <span style=\"color: #ff0000;\">&nbsp;&nbsp;&nbsp;&nbsp;&nbsp; 4 N <\/span><\/strong><span style=\"color: #ff0000;\">WIELKANOCY&nbsp;&nbsp;&nbsp; 08. 05. 2022r.<\/span><\/p>\n<p>1.Dzisiejsza Niedziela to Niedziela Dobrego Pasterza. To Tydzie\u0144 modlitw o Powo\u0142ania do s\u0142u\u017cby w Ko\u015bciele. Modlimy si\u0119 tak\u017ce za powo\u0142anych z naszej parafii&nbsp; i o nowe powo\u0142ania&nbsp;&nbsp;&nbsp;&nbsp;&nbsp;&nbsp;&nbsp;&nbsp;&nbsp;&nbsp;&nbsp;&nbsp;&nbsp;&nbsp;&nbsp;&nbsp;&nbsp;&nbsp;&nbsp;&nbsp;&nbsp;&nbsp;&nbsp;&nbsp;&nbsp;&nbsp;&nbsp;&nbsp;&nbsp;&nbsp;&nbsp;&nbsp;&nbsp;&nbsp;&nbsp;&nbsp;&nbsp;&nbsp;&nbsp;&nbsp;&nbsp;&nbsp;&nbsp;&nbsp;&nbsp;&nbsp;&nbsp;&nbsp;&nbsp;&nbsp;&nbsp;&nbsp;&nbsp;&nbsp;&nbsp;&nbsp;&nbsp;&nbsp;&nbsp;&nbsp;&nbsp;&nbsp;&nbsp;&nbsp;&nbsp;&nbsp;&nbsp;&nbsp;&nbsp;&nbsp;&nbsp;&nbsp;&nbsp;&nbsp;&nbsp;&nbsp;&nbsp;&nbsp;&nbsp;&nbsp;&nbsp;&nbsp;&nbsp;&nbsp;&nbsp;&nbsp;&nbsp;&nbsp;&nbsp;&nbsp;&nbsp;&nbsp;&nbsp;&nbsp;&nbsp;&nbsp;&nbsp;&nbsp;&nbsp;&nbsp;&nbsp;&nbsp;&nbsp;&nbsp;&nbsp;&nbsp;&nbsp;&nbsp;&nbsp;&nbsp;&nbsp;&nbsp;&nbsp; &nbsp; &nbsp; &nbsp; &nbsp; &nbsp; &nbsp; &nbsp; &nbsp; &nbsp; &nbsp; &nbsp; &nbsp; &nbsp; &nbsp; &nbsp; &nbsp; &nbsp; &nbsp; &nbsp; &nbsp; &nbsp; &nbsp; &nbsp; &nbsp; &nbsp; &nbsp; &nbsp; &nbsp; &nbsp; &nbsp; &nbsp; &nbsp; &nbsp; &nbsp; &nbsp; &nbsp; &nbsp; &nbsp; 2 .Msze \u015bw.w Ko\u015bciele Parafialnym o &nbsp;g.18.00 W sobot\u0119 13 maja Msza \u015aw.o godz .16.30 i procesja na G\u00f3r\u0119 Mi\u0142osierdzia.<\/p>\n<ol start=\"3\">\n<li>W Pon. Ur. \u015aw. Stanis\u0142awa Bp i m\u0119czennika,patrona Polski w \u015arednim Wielkim w Poniedzia\u0142ek Msza \u015aw i nabo\u017ce\u0144stwo majowe&nbsp; o godz.19.00&nbsp; &nbsp;&nbsp;&nbsp;&nbsp;&nbsp;&nbsp;&nbsp;&nbsp;&nbsp;&nbsp;&nbsp;&nbsp;&nbsp;&nbsp;&nbsp;&nbsp;&nbsp;&nbsp;&nbsp;&nbsp;&nbsp;&nbsp;&nbsp;&nbsp;&nbsp;&nbsp;&nbsp;&nbsp;&nbsp;&nbsp;&nbsp;&nbsp;&nbsp;&nbsp;&nbsp;&nbsp;&nbsp;&nbsp;&nbsp;&nbsp;&nbsp;&nbsp;&nbsp;&nbsp;&nbsp;&nbsp;&nbsp;&nbsp;&nbsp;&nbsp;&nbsp;&nbsp;&nbsp;&nbsp;&nbsp;&nbsp;&nbsp;&nbsp;&nbsp;&nbsp;&nbsp;&nbsp;&nbsp;&nbsp;&nbsp;&nbsp;&nbsp;&nbsp;&nbsp;&nbsp;&nbsp;&nbsp;&nbsp;&nbsp;&nbsp;&nbsp;&nbsp;&nbsp;&nbsp;&nbsp;&nbsp;&nbsp;&nbsp;&nbsp;&nbsp;&nbsp;&nbsp;&nbsp;&nbsp;&nbsp;&nbsp;&nbsp;&nbsp;&nbsp;&nbsp;&nbsp;&nbsp;&nbsp;<strong>&nbsp;&nbsp;&nbsp;&nbsp;&nbsp;&nbsp;&nbsp;&nbsp;&nbsp;&nbsp;&nbsp;&nbsp;&nbsp;&nbsp;&nbsp;&nbsp;&nbsp;&nbsp;&nbsp;&nbsp;&nbsp;&nbsp;&nbsp;&nbsp;&nbsp;&nbsp;&nbsp;&nbsp;&nbsp;&nbsp;&nbsp;&nbsp;&nbsp;&nbsp;&nbsp;&nbsp;&nbsp;&nbsp;&nbsp;&nbsp;&nbsp;&nbsp;&nbsp;&nbsp;&nbsp;&nbsp;&nbsp;&nbsp;&nbsp;&nbsp;&nbsp;&nbsp;&nbsp;&nbsp;&nbsp;&nbsp;&nbsp;&nbsp;&nbsp;&nbsp;&nbsp;&nbsp;&nbsp;&nbsp;&nbsp;&nbsp;&nbsp;<\/strong><\/li>\n<\/ol>\n<p><strong>4.Sprz\u0105tanie ko\u015bcio\u0142a&nbsp;&nbsp;&nbsp;&nbsp;&nbsp;&nbsp;&nbsp;&nbsp;&nbsp;&nbsp;&nbsp;&nbsp;&nbsp;&nbsp;&nbsp;&nbsp;&nbsp;&nbsp;&nbsp;&nbsp;&nbsp;&nbsp;&nbsp;&nbsp;&nbsp;&nbsp;&nbsp;&nbsp;&nbsp;&nbsp;&nbsp;&nbsp;&nbsp;&nbsp;&nbsp;&nbsp;&nbsp;&nbsp;&nbsp;&nbsp;&nbsp;&nbsp;&nbsp;&nbsp;&nbsp;&nbsp;&nbsp;&nbsp;&nbsp;&nbsp;&nbsp;&nbsp;&nbsp;&nbsp;&nbsp;&nbsp;&nbsp;&nbsp;&nbsp;&nbsp;&nbsp;&nbsp;&nbsp;&nbsp;&nbsp;&nbsp;&nbsp;&nbsp;&nbsp;&nbsp;&nbsp;&nbsp;&nbsp;&nbsp;&nbsp;&nbsp;&nbsp;&nbsp;&nbsp;&nbsp;&nbsp;&nbsp;&nbsp;&nbsp;&nbsp;&nbsp;&nbsp;&nbsp;&nbsp;&nbsp;&nbsp;&nbsp;&nbsp;&nbsp;&nbsp;&nbsp;&nbsp;&nbsp;&nbsp;&nbsp;&nbsp;&nbsp;&nbsp;&nbsp;&nbsp;&nbsp;&nbsp;&nbsp;<\/strong><\/p>\n<p><strong> \u0141ukowe: <\/strong>Pluskwa Teresa, Marcinik Beata,Smutek Bernardetta<\/p>\n<p><strong>&nbsp;\u015arednie Wielkie<u>: <\/u>Sowa Maria,Franczak Justyna<\/strong><\/p>\n<ol start=\"5\">\n<li><strong> Intencje Mszalne <\/strong><\/li>\n<\/ol>\n<p><strong>Pon.18.00 O zdrowie Bo\u017ce b\u0142og.potrzebne \u0142aski i opiek\u0119 MB dla rodziny Siedleckich<\/strong><\/p>\n<p><strong>Pon.19.00 <\/strong>+Mariann\u0119 Kusiak int od int.Antoniego i El\u017cbiety Por\u0119bskich z Por\u0119by<\/p>\n<p><strong>Wt.18.00 +Janina ,Olga Stanis\u0142aw i Jan Dudziak<\/strong><\/p>\n<p><strong>\u015ar.18.00&nbsp; O zdrowie Bo\u017ce b\u0142og.potrzebne \u0142aski i opiek\u0119 MB dla&nbsp; Emilki<\/strong><\/p>\n<p><strong>Czw.18.00+Stanis\u0142aw Antolak w r. \u015bmierci,+Fili[in\u0119 i Jan Antolak<\/strong><\/p>\n<p>Pi\u0105.18.00 +Wies\u0142aw Wr\u00f3bel&nbsp; int. od &nbsp;Ireny Czech z rodzin\u0105<\/p>\n<p>Sob. 18.00 +Czes\u0142aw armata int. od Joanny i El\u017cbiety Biega<\/p>\n<p>N.7.30 +Tadeusz Strzy\u017c&nbsp; int. od \u017cony i dzieci<\/p>\n<p>9.30&nbsp; W 80 r. Ur. Anieli z pro\u015bb\u0105 o zdr. Bo\u017ce b\u0142. i opiek\u0119 MB int. od m\u0119\u017ca i dzieci<\/p>\n<p>11.00&nbsp;&nbsp; Za parafian<\/p>\n<p><span style=\"color: #ff0000;\">&nbsp; &nbsp; &nbsp; &nbsp; &nbsp; &nbsp; &nbsp; &nbsp; &nbsp; &nbsp; &nbsp; &nbsp; &nbsp; &nbsp; &nbsp; &nbsp; &nbsp; &nbsp; &nbsp; &nbsp; &nbsp; &nbsp; &nbsp; 3 NIEDZIELA WIELKANOCY&nbsp;&nbsp; 01.05. 2022r.<\/span><\/p>\n<p>&nbsp;&nbsp;&nbsp;&nbsp;&nbsp;&nbsp;&nbsp;&nbsp;&nbsp;&nbsp;&nbsp;&nbsp;&nbsp;&nbsp;&nbsp;&nbsp;&nbsp;&nbsp;&nbsp;&nbsp;&nbsp;&nbsp;&nbsp;&nbsp;&nbsp;&nbsp;&nbsp;&nbsp;&nbsp;&nbsp;&nbsp;&nbsp;&nbsp;&nbsp;&nbsp;&nbsp;&nbsp;&nbsp;&nbsp;&nbsp;&nbsp;&nbsp;&nbsp;&nbsp;&nbsp;&nbsp;&nbsp;&nbsp;&nbsp;&nbsp;&nbsp;&nbsp;&nbsp;&nbsp;&nbsp;&nbsp;&nbsp;&nbsp;&nbsp;&nbsp;&nbsp;&nbsp;&nbsp;&nbsp;&nbsp;&nbsp;&nbsp;&nbsp;&nbsp;&nbsp;&nbsp;&nbsp;&nbsp;&nbsp;&nbsp;&nbsp;&nbsp;&nbsp;&nbsp;&nbsp;&nbsp;&nbsp;&nbsp;&nbsp;&nbsp;&nbsp;&nbsp;&nbsp;&nbsp;&nbsp;&nbsp;&nbsp;&nbsp;&nbsp;&nbsp;&nbsp;&nbsp;&nbsp;&nbsp;&nbsp;&nbsp;&nbsp;&nbsp;&nbsp;&nbsp;&nbsp;&nbsp;&nbsp;&nbsp;&nbsp;&nbsp;&nbsp;&nbsp;&nbsp;&nbsp;&nbsp;&nbsp;&nbsp;&nbsp;&nbsp;&nbsp;&nbsp;&nbsp;&nbsp;&nbsp;&nbsp;&nbsp;&nbsp;&nbsp;&nbsp;&nbsp;&nbsp;&nbsp; &nbsp;&nbsp;&nbsp;&nbsp;&nbsp;&nbsp;&nbsp;&nbsp;&nbsp;&nbsp;&nbsp;&nbsp;&nbsp;&nbsp;&nbsp;&nbsp;&nbsp;&nbsp;&nbsp;&nbsp;&nbsp;&nbsp;&nbsp;&nbsp;<\/p>\n<p>&nbsp;1.Dzi\u015b nasza parafia prze\u017cywa Ur. I Komunii \u015aw. Msza \u015aw.o godz.14.00. Do I Komunii \u015aw. przyst\u0119puje o\u015bmioro uczni\u00f3w klasy 3SP.Polecamy ich w modlitwie. Dzi\u0119kuj\u0119 rodzicom uczni\u00f3w kl. 3,za dar o\u0142tarza Obrusy Maryjne.Zapraszam uczni\u00f3w kl.3 na bia\u0142y tydzie\u0144.<\/p>\n<p>2.Dzi\u015b rozpoczynamy miesi\u0105c maj w K-le parafialnym Msza \u015bw. nabo\u017ce\u0144stwo majowe codziennie o &nbsp;godz.17.00.Serdecznie zapraszam dzieci b\u0119d\u0105 otrzymywa\u0107 naklejki. Przed Msz\u0105 \u015bw. wrzucaj\u0105 serduszka z dobrymi uczynkami i losowanie figurki MB<\/p>\n<p>3.We Wtorek 3.05. Ur. NMP Kr\u00f3lowej Polski&nbsp; &#8211; Odpust Parafialny. Msze \u015aw. <strong>7.30,<\/strong> <strong>9.30<\/strong> i Suma Odpustowa o godz.<strong>12.00<\/strong>.Serdecznie zapraszam :Go\u015bci,OSP, ch\u00f3r-w strojach ludowych,ministrant\u00f3w i parafian. Dajmy pi\u0119kne \u015bwiadectwo wiary i przyjd\u017amy jak najliczniej. Mo\u017cemy udekorowa\u0107 nasze domy ,w oknie wystawi\u0107 obraz ,czy wywiesi\u0107 -Flag\u0119 , bo <strong>2.maja to dzie\u0144 flagi.&nbsp;&nbsp;&nbsp;&nbsp;&nbsp;&nbsp;&nbsp;&nbsp;&nbsp;&nbsp;&nbsp;&nbsp;&nbsp;&nbsp;&nbsp;&nbsp;&nbsp;&nbsp;&nbsp;&nbsp;&nbsp;&nbsp;&nbsp;&nbsp;&nbsp;&nbsp;&nbsp;&nbsp;&nbsp;&nbsp;&nbsp;&nbsp;&nbsp;&nbsp;&nbsp;&nbsp;&nbsp;&nbsp;&nbsp;&nbsp;&nbsp;&nbsp;&nbsp;&nbsp;&nbsp;&nbsp;&nbsp;&nbsp;&nbsp;&nbsp;&nbsp;&nbsp;&nbsp;&nbsp;&nbsp;&nbsp;&nbsp;&nbsp;&nbsp;&nbsp;&nbsp;&nbsp;&nbsp;&nbsp;&nbsp;&nbsp;&nbsp;&nbsp;&nbsp;&nbsp;&nbsp;&nbsp;&nbsp;&nbsp;&nbsp;&nbsp;&nbsp;&nbsp;&nbsp;&nbsp;&nbsp;&nbsp;&nbsp;&nbsp;&nbsp;&nbsp;&nbsp;&nbsp;&nbsp;&nbsp;&nbsp;&nbsp;&nbsp;&nbsp;&nbsp;&nbsp; &nbsp;&nbsp;&nbsp;&nbsp;&nbsp;&nbsp;&nbsp;&nbsp;&nbsp;&nbsp;&nbsp;&nbsp;&nbsp;&nbsp;&nbsp;&nbsp;&nbsp;&nbsp;&nbsp;&nbsp;&nbsp;&nbsp;&nbsp;&nbsp;&nbsp;&nbsp;&nbsp;&nbsp;&nbsp;&nbsp;&nbsp;&nbsp;&nbsp;&nbsp;&nbsp;<\/strong><\/p>\n<p>4. W tym tyg. 1Cz.1P,1S miesi\u0105ca.Spotkanie formacyjne dla kl.6 i 7 SP&nbsp; w \u015arod\u0119 w \u015arednim Wielkim,&nbsp;&nbsp;&nbsp;&nbsp;&nbsp;&nbsp;&nbsp; a w Pi\u0105tek w \u0141ukowem ca\u0142a kl. 8 ,6,7<\/p>\n<p>&nbsp;5.Sprz\u0105tanie ko\u015bcio\u0142a&nbsp;&nbsp;&nbsp;&nbsp;&nbsp;&nbsp;&nbsp;&nbsp;&nbsp;&nbsp;&nbsp;&nbsp;&nbsp;&nbsp;&nbsp;&nbsp;&nbsp;&nbsp;&nbsp;&nbsp;&nbsp;&nbsp;&nbsp;&nbsp;&nbsp;&nbsp;&nbsp;&nbsp;&nbsp;&nbsp;&nbsp;&nbsp;&nbsp;&nbsp;&nbsp;&nbsp;&nbsp;&nbsp;&nbsp;&nbsp;&nbsp;&nbsp;&nbsp;&nbsp;&nbsp;&nbsp;&nbsp;&nbsp;&nbsp;&nbsp;&nbsp;&nbsp;&nbsp;&nbsp;&nbsp;&nbsp;&nbsp;&nbsp;&nbsp;&nbsp;&nbsp;&nbsp;&nbsp; &nbsp;&nbsp;&nbsp;&nbsp;&nbsp;&nbsp;&nbsp;&nbsp;&nbsp;&nbsp;&nbsp;&nbsp;&nbsp;&nbsp;&nbsp;&nbsp;&nbsp;&nbsp;&nbsp;&nbsp;&nbsp;&nbsp;&nbsp;&nbsp;&nbsp;&nbsp;&nbsp;&nbsp;&nbsp;&nbsp;&nbsp;&nbsp;&nbsp;&nbsp;&nbsp;&nbsp;&nbsp;&nbsp;&nbsp;&nbsp;&nbsp;&nbsp;&nbsp;&nbsp;&nbsp;&nbsp;&nbsp;&nbsp;&nbsp;&nbsp;&nbsp;&nbsp;&nbsp;&nbsp;&nbsp;&nbsp;&nbsp;<\/p>\n<p>&nbsp;&nbsp;&nbsp;<strong>\u0141ukowe <\/strong>:Szlaga Ma\u0142gorzata, Szlaga Bogus\u0142awa,\u015awi\u0119ch,Czes\u0142awa<strong> &nbsp;<\/strong><\/p>\n<p><strong>\u015arednie Wielkie<\/strong> : Podsobi\u0144ska Barbara,Bochniak Natalia,Symion Ma\u0142gorzata<\/p>\n<p>6.Intencje Mszalne&nbsp;&nbsp;&nbsp;&nbsp;&nbsp;&nbsp;&nbsp;&nbsp;&nbsp;&nbsp;&nbsp;&nbsp;&nbsp;&nbsp;&nbsp;&nbsp;&nbsp;&nbsp;&nbsp;&nbsp;&nbsp;&nbsp;&nbsp;&nbsp;&nbsp;&nbsp;&nbsp;&nbsp;&nbsp;&nbsp;&nbsp;&nbsp;&nbsp;&nbsp;&nbsp;&nbsp;&nbsp;&nbsp;&nbsp;&nbsp;&nbsp;&nbsp;&nbsp;&nbsp;&nbsp;&nbsp;&nbsp;&nbsp;&nbsp;&nbsp;&nbsp;&nbsp;&nbsp;&nbsp;&nbsp;&nbsp;&nbsp;&nbsp;&nbsp;&nbsp;&nbsp;&nbsp;&nbsp;&nbsp;&nbsp;&nbsp;&nbsp;&nbsp;&nbsp;&nbsp;&nbsp;&nbsp;&nbsp;&nbsp;&nbsp;&nbsp;&nbsp;&nbsp;&nbsp;&nbsp;&nbsp;&nbsp;&nbsp;&nbsp;&nbsp;&nbsp;&nbsp;&nbsp;&nbsp;&nbsp;&nbsp;&nbsp;&nbsp;&nbsp;&nbsp;&nbsp;&nbsp;&nbsp;&nbsp;&nbsp;&nbsp;&nbsp;&nbsp;&nbsp;&nbsp;&nbsp;&nbsp;&nbsp;&nbsp;&nbsp;&nbsp;&nbsp;&nbsp;&nbsp;&nbsp;&nbsp;&nbsp;&nbsp;&nbsp;&nbsp;&nbsp;&nbsp;&nbsp;&nbsp;&nbsp;&nbsp;&nbsp;&nbsp;&nbsp;<\/p>\n<p><strong>&nbsp; Po\u0144. 16.00<\/strong> + ks.prof. Zygmunta, profesor\u00f3w WSD, moich koleg\u00f3w ksi\u0119\u017cy z roku \u015bwi\u0119ce\u0144 ,zmar\u0142ych proboszcz\u00f3w z rodzinnej parafii i proboszcz\u00f3w kt\u00f3rzy byli moimi proboszczami.<\/p>\n<p><strong>We&nbsp; Wtorek&nbsp; Uroczysto\u015b\u0107&nbsp; NMP- Kr\u00f3lowej Polski<\/strong><\/p>\n<p><strong>&nbsp;7.30<\/strong>&nbsp; W intencji Panu Bogu wiadomej<\/p>\n<p>9.30 +Mariann\u0119 Kusiak int od int.od Piotra i Danuty Por\u0119bskich z Por\u0119by<\/p>\n<p><strong>12.00<\/strong>&nbsp;&nbsp; <strong>1.Za parafian&nbsp; <\/strong><\/p>\n<ol start=\"2\">\n<li><strong> Z r\u00f3\u017cy Krystyny Str\u00f3\u017cak o zdr. Bo\u017ce b\u0142. i opiek\u0119 MB dla si\u00f3str r\u00f3\u017ca\u0144cowych<\/strong><\/li>\n<\/ol>\n<p>\u015aroda 17.00&nbsp; W int. Ochotniczej&nbsp; Stra\u017cy Po\u017carnej z \u0141ukowego o zdr . Bo\u017ce b\u0142. opiek\u0119 MB i patrona \u015aw. Floriana int.od rodziny Stach jako podzi\u0119kowanie.<\/p>\n<p><strong>\u015aroda,\u015arednie W.18.00<\/strong> W int. Ochotniczej&nbsp; Stra\u017cy Po\u017carnej ze \u015aredniego W.<\/p>\n<p>&nbsp;o zdrowie Bo\u017ce b\u0142. opiek\u0119 MB i patrona \u015aw. Floriana<\/p>\n<p>Czw.17.00 +Jan, J\u00f3zef ,Eugenia<\/p>\n<p>Pi\u0105. 17.00&nbsp; +Zofia Materna,+Jan i Anna Kraus int. od dzieci i wnuk\u00f3w<\/p>\n<p>Sob.17.00 +Tadeusz Ciepiela int. od c\u00f3rki Krystyny z Napora z rodzin\u0105<\/p>\n<p>N.7.30 +Jan Barbara Wania&nbsp; int. od syna Ryszarda<\/p>\n<p>9.30&nbsp; Z r\u00f3\u017cy Marka Kusiaka o zdr. Bo\u017ce \u0142aski&nbsp; i opiek\u0119 MB i patrona \u015aw. Stanis\u0142awa dla braci r\u00f3\u017ca\u0144cowych<\/p>\n<p>11.00 +J\u00f3zef,+Adama Syna, i c\u00f3rk\u0119 Wies\u0142aw\u0119<\/p>\n<p>&nbsp;<\/p>\n<p><strong>&nbsp;&nbsp;&nbsp;&nbsp;&nbsp;&nbsp;&nbsp;&nbsp;&nbsp;&nbsp;&nbsp;&nbsp;&nbsp;<\/strong><\/p>\n<p style=\"text-align: justify;\">&nbsp; &nbsp; &nbsp; &nbsp; &nbsp; &nbsp; &nbsp; &nbsp; &nbsp; &nbsp; &nbsp; &nbsp; &nbsp; &nbsp; &nbsp; &nbsp; &nbsp; &nbsp; &nbsp; &nbsp; &nbsp; &nbsp; <span style=\"color: #ff0000;\">&nbsp;&nbsp; 2 NIEDZIELA WIELKANOCY&nbsp;&nbsp;&nbsp; 24.04. 2 022r.<\/span><\/p>\n<p>1.Dzi\u015b Niedziela Mi\u0142osierdzia Bo\u017cego. Za odm\u00f3wienie Koronki do Bo\u017cego Mi\u0142osierdzia mo\u017cna zyska\u0107 Odpust Zupe\u0142ny .Rozpoczynamy Tydzie\u0144 Mi\u0142osierdzia. Dzi\u015b jak co roku \u2013 Zbi\u00f3rka do puszek.Na godz. 15. 00 zapraszam na Koronk\u0119 do Bo\u017cego Mi\u0142osierdzia.&nbsp;&nbsp;&nbsp;&nbsp;&nbsp;&nbsp;&nbsp;&nbsp;&nbsp;&nbsp;&nbsp;&nbsp;&nbsp;&nbsp;&nbsp;&nbsp;&nbsp;&nbsp;&nbsp;&nbsp;&nbsp;&nbsp;&nbsp;&nbsp;&nbsp;&nbsp;&nbsp;&nbsp;&nbsp;&nbsp;&nbsp;&nbsp;&nbsp;&nbsp;&nbsp;&nbsp;&nbsp;&nbsp;&nbsp;&nbsp;&nbsp;&nbsp;&nbsp;&nbsp;&nbsp;&nbsp;&nbsp;&nbsp;&nbsp;&nbsp;&nbsp;&nbsp;&nbsp;&nbsp;&nbsp;&nbsp;&nbsp;&nbsp;&nbsp;&nbsp;&nbsp;&nbsp;&nbsp;&nbsp;&nbsp;&nbsp;&nbsp;&nbsp;&nbsp;&nbsp;&nbsp;&nbsp;&nbsp;&nbsp;&nbsp;&nbsp;&nbsp;&nbsp;&nbsp;&nbsp;&nbsp;&nbsp;&nbsp;&nbsp;&nbsp;&nbsp;&nbsp;&nbsp;&nbsp;&nbsp;&nbsp;&nbsp;&nbsp;&nbsp;&nbsp;&nbsp;&nbsp;&nbsp;&nbsp;&nbsp;&nbsp;&nbsp;&nbsp;&nbsp;&nbsp;&nbsp;&nbsp;&nbsp;&nbsp;&nbsp;&nbsp;&nbsp;&nbsp;&nbsp;&nbsp;&nbsp;&nbsp;&nbsp;&nbsp;&nbsp;&nbsp;&nbsp;&nbsp;&nbsp;&nbsp;&nbsp;&nbsp;&nbsp;&nbsp;&nbsp;&nbsp;&nbsp;&nbsp;&nbsp;&nbsp;&nbsp;&nbsp;&nbsp;&nbsp;&nbsp;&nbsp;&nbsp;&nbsp;&nbsp;&nbsp;&nbsp;&nbsp;&nbsp;&nbsp;&nbsp;&nbsp;&nbsp;&nbsp;&nbsp;&nbsp;&nbsp;&nbsp;&nbsp;&nbsp;&nbsp;&nbsp;&nbsp;&nbsp;&nbsp;&nbsp;<\/p>\n<ol start=\"2\">\n<li>We Wtorek Ur. \u015awi\u0119tego Wojciecha bp i m\u0119czennika, patrona Polski przeniesiona z 23.04 ze wzgl\u0119du na oktaw\u0119 Wielkanocy.Odpust w Tarnawie.<\/li>\n<li>Za tydzie\u0144 w niedziel\u0119 po sumie rozpoczynamy nabo\u017ce\u0144stwa majowe.<\/li>\n<li>Za tydzie\u0144 b\u0119dziemy prze\u017cywa\u0107 Ur.Pierwszej Komunii \u015aw.uczni\u00f3w kl.3 o godz.14.00 Msza \u015aw.Dzi\u0119kuj\u0119 za dar o\u0142tarza rodzicom obrusy Maryjne. B\u00f3g zap\u0142a\u0107.<strong>Spowied\u017a <\/strong>uczni\u00f3w komunijnych,rodzic\u00f3w i rodziny w Sobot\u0119&nbsp;&nbsp;&nbsp;&nbsp; &nbsp;&nbsp;&nbsp;&nbsp; 30 .04. godz.9.00<\/li>\n<li>Sprz\u0105tanie ko\u015bcio\u0142a <strong>\u0141ukowe<\/strong>: Rodzice uczni\u00f3w komunijnych<\/li>\n<\/ol>\n<p><strong>\u015arednie Wielkie<\/strong> :Pasierbowicz&nbsp; Teresa, Ko\u0142dun&nbsp; Sylwia,<\/p>\n<p>6.Intencje Mszalne<\/p>\n<p>Pon.7.00&nbsp;&nbsp; +Wies\u0142aw Wr\u00f3bel int.od Marii z Rzeszowa&nbsp;&nbsp;&nbsp;&nbsp;&nbsp;&nbsp;&nbsp;&nbsp;&nbsp;&nbsp;&nbsp;&nbsp;&nbsp;&nbsp;&nbsp;&nbsp;&nbsp;&nbsp;&nbsp;&nbsp;&nbsp;&nbsp;&nbsp;&nbsp;&nbsp;&nbsp;&nbsp;&nbsp;&nbsp;&nbsp;&nbsp;&nbsp;&nbsp;&nbsp;&nbsp;&nbsp;&nbsp;&nbsp;&nbsp;&nbsp;&nbsp;&nbsp;&nbsp;&nbsp;&nbsp;&nbsp;&nbsp;&nbsp;&nbsp;&nbsp;&nbsp;&nbsp;&nbsp;&nbsp;&nbsp;&nbsp;&nbsp;&nbsp;&nbsp;&nbsp;&nbsp;&nbsp;&nbsp;&nbsp;&nbsp;&nbsp;&nbsp;&nbsp;&nbsp;&nbsp;&nbsp;&nbsp;&nbsp;&nbsp;&nbsp;&nbsp;&nbsp;&nbsp;&nbsp;&nbsp;&nbsp;&nbsp;&nbsp;&nbsp;&nbsp;&nbsp;&nbsp;&nbsp;&nbsp;&nbsp;&nbsp;&nbsp;&nbsp;&nbsp;&nbsp;&nbsp;&nbsp;&nbsp;&nbsp;&nbsp;&nbsp;&nbsp;&nbsp;&nbsp;&nbsp;&nbsp;&nbsp;&nbsp;&nbsp;&nbsp;&nbsp;&nbsp;&nbsp;&nbsp;&nbsp;&nbsp;&nbsp;&nbsp;&nbsp;&nbsp;&nbsp;&nbsp;&nbsp;&nbsp;&nbsp;&nbsp;&nbsp;&nbsp;&nbsp;&nbsp;&nbsp;&nbsp;&nbsp;&nbsp;&nbsp;<\/p>\n<p>Wt.17.00 Z r\u00f3\u017cy Tadeusza Antolak o zdrowie Bo\u017ce b\u0142. i opiek\u0119 MB i patrona \u015aw. Wojciecha oraz za zmar\u0142ych braci o \u017cycie wieczne<\/p>\n<p>\u015ar.17.00+Henryk Stach od kole\u017canek KGW z \u0141ukowego<\/p>\n<p>Czw.17.00 + Wies\u0142aw Wr\u00f3bel int.od siostry Bernardetty Wanat z rodzin\u0105<\/p>\n<p>Czw. \u015arednie W. +Marianna Kusiak int.od Piotra i Michaliny Lubelda<\/p>\n<p>Pi\u0105.17.00 + Wies\u0142aw Wr\u00f3bel int.od chrze\u015bnicy Kamili&nbsp; \u0141o\u015b z rodzin\u0105<\/p>\n<p>Sob. 17.00 +Eleonora Kocur int. od Teresy Kicak<\/p>\n<p>N.7.30 W 18 rocznic\u0119 urodzin Konrada Borek o zdrowie Bo\u017ce b\u0142. i opiek\u0119 MB int. od rodzic\u00f3w i siostry<\/p>\n<p>9.30 +Irena Morawa int .od c\u00f3rki z m\u0119\u017cem<\/p>\n<p><strong>11.00 Za parafian<\/strong><\/p>\n<p>14.00 W intencji uczni\u00f3w kl.3 ich rodzic\u00f3w o zdrowie Bo\u017ce b\u0142. i opiek\u0119 Matki Bo\u017cej.<\/p>\n<p>&nbsp;<\/p>\n<p>&nbsp;<\/p>\n<p>&nbsp;<\/p>\n<p>&nbsp;<\/p>\n<p>&nbsp;<\/p>\n<p>&nbsp;<\/p>\n<p>&nbsp;<\/p>\n<p>&nbsp;<\/p>\n<p>&nbsp;<\/p>\n<p>&nbsp;<\/p>\n<p>&nbsp;<\/p>\n<p>&nbsp;<\/p>\n<p>&nbsp;<\/p>\n<p>&nbsp;<\/p>\n<p>&nbsp;<\/p>\n<p>&nbsp;<\/p>\n<p>&nbsp;<\/p>\n<p>&nbsp;<\/p>\n<p>&nbsp;<\/p>\n<p>&nbsp;<\/p>\n<p>&nbsp;&nbsp;<\/p>\n<p>&nbsp;&nbsp;&nbsp;&nbsp;&nbsp;&nbsp;&nbsp;&nbsp;&nbsp;&nbsp;&nbsp;&nbsp;&nbsp;&nbsp;&nbsp;&nbsp;&nbsp;&nbsp;&nbsp;&nbsp;&nbsp;&nbsp;&nbsp;&nbsp;&nbsp;&nbsp;&nbsp;&nbsp;<span style=\"color: #ff0000;\">&nbsp;&nbsp;&nbsp;&nbsp;&nbsp;&nbsp;&nbsp; WIELKANOC&nbsp;&nbsp;&nbsp; 17.04. 2022r.&nbsp;&nbsp;&nbsp;&nbsp;&nbsp;&nbsp;&nbsp;&nbsp;&nbsp;<\/span>&nbsp;&nbsp;&nbsp;&nbsp;&nbsp;&nbsp;&nbsp;&nbsp;&nbsp;&nbsp;&nbsp;&nbsp;&nbsp;&nbsp;&nbsp;&nbsp;&nbsp;&nbsp;&nbsp;&nbsp;&nbsp;&nbsp;&nbsp;&nbsp;&nbsp;&nbsp;&nbsp;&nbsp;&nbsp;&nbsp;&nbsp;&nbsp;&nbsp;&nbsp;&nbsp;&nbsp;&nbsp;&nbsp;&nbsp;&nbsp;&nbsp;&nbsp;&nbsp;&nbsp;&nbsp;&nbsp;&nbsp;&nbsp;&nbsp;&nbsp;&nbsp;&nbsp;&nbsp;&nbsp;&nbsp;&nbsp;&nbsp;&nbsp;&nbsp;&nbsp;&nbsp;&nbsp;&nbsp;&nbsp;&nbsp;&nbsp;&nbsp;&nbsp;&nbsp;&nbsp;&nbsp;&nbsp;&nbsp;&nbsp;&nbsp;&nbsp;&nbsp;&nbsp;&nbsp;&nbsp;&nbsp;&nbsp;&nbsp;&nbsp;&nbsp;&nbsp;&nbsp;&nbsp;&nbsp;&nbsp;&nbsp;&nbsp;&nbsp;&nbsp;&nbsp;&nbsp;&nbsp;&nbsp;&nbsp;&nbsp;&nbsp;&nbsp;&nbsp;&nbsp;&nbsp;&nbsp;&nbsp;&nbsp;&nbsp; &nbsp;&nbsp;&nbsp;<\/p>\n<p>1.Msze \u015bw. w Ko\u015bciele Parafialnym. W Poniedzia\u0142ek Wielkanocny&nbsp; o godz.7.30,11.00&nbsp; a w&nbsp; \u015arednim&nbsp; Wielkim o godz. 9.30 a w pozosta\u0142e dni tygodnia&nbsp; o godz.17.00<\/p>\n<p>2.W Pon. Wielkanocny &nbsp; po Sumie procesja na cmentarz jak b\u0119dzie pogoda.<\/p>\n<p>3.Rozpoczyna si\u0119 Bia\u0142y Tydzie\u0144 \u2013Oktawa Wielkanocy, kt\u00f3ra jest przed\u0142u\u017ceniem \u015bwi\u0119towania pami\u0105tki Zmartwychwstania Pana Jezusa. W Pi\u0105tek nie obowi\u0105zuje wstrzemi\u0119\u017aliwo\u015b\u0107 od pokarm\u00f3w mi\u0119snych.<\/p>\n<p>&nbsp; 4.Sprz\u0105tanie ko\u015bcio\u0142a&nbsp;&nbsp;&nbsp;&nbsp;&nbsp;&nbsp;&nbsp;&nbsp;&nbsp;&nbsp;&nbsp;&nbsp;&nbsp;&nbsp;&nbsp;&nbsp;&nbsp;&nbsp;&nbsp;&nbsp;&nbsp;&nbsp;&nbsp;&nbsp;&nbsp;&nbsp;&nbsp;&nbsp;&nbsp;&nbsp;&nbsp;&nbsp;&nbsp;&nbsp;&nbsp;&nbsp;&nbsp;&nbsp;&nbsp;&nbsp;&nbsp;&nbsp;&nbsp;&nbsp;&nbsp;&nbsp;&nbsp;&nbsp;&nbsp;&nbsp;&nbsp;&nbsp;&nbsp;&nbsp;&nbsp;&nbsp;&nbsp;&nbsp;&nbsp;&nbsp;&nbsp;&nbsp;&nbsp;&nbsp;&nbsp;&nbsp;&nbsp;&nbsp;&nbsp;&nbsp;&nbsp;&nbsp;&nbsp;&nbsp;&nbsp;&nbsp;&nbsp;&nbsp;&nbsp;&nbsp;&nbsp;&nbsp;&nbsp;&nbsp;&nbsp;&nbsp;&nbsp;&nbsp;&nbsp;&nbsp;&nbsp;&nbsp;&nbsp;&nbsp;&nbsp;&nbsp;&nbsp;&nbsp;&nbsp;&nbsp;&nbsp;&nbsp;&nbsp;&nbsp;&nbsp;&nbsp;&nbsp;&nbsp;&nbsp;&nbsp;&nbsp;&nbsp;&nbsp;&nbsp;&nbsp;&nbsp; &nbsp;&nbsp;&nbsp;&nbsp;&nbsp;&nbsp;&nbsp;&nbsp;&nbsp;&nbsp;&nbsp;&nbsp;&nbsp;&nbsp;&nbsp;&nbsp;&nbsp;&nbsp;<\/p>\n<p><strong>\u0141ukowe<\/strong>: Kicak Czes\u0142awa,Szlaga Anna,Le\u015bniewska Agnieszka<\/p>\n<p><strong>\u015arednie Wielkie<\/strong> :Jankowska Katarzyna, Kozio\u0142 Zofia.&nbsp;&nbsp;&nbsp;&nbsp;&nbsp;&nbsp;&nbsp;&nbsp;&nbsp;&nbsp;&nbsp;&nbsp;&nbsp;&nbsp;&nbsp;&nbsp;&nbsp;&nbsp;&nbsp;&nbsp;&nbsp;&nbsp;&nbsp;&nbsp;&nbsp;&nbsp;&nbsp;&nbsp;&nbsp;&nbsp;&nbsp;&nbsp;&nbsp;&nbsp;&nbsp;&nbsp;&nbsp;&nbsp;&nbsp;&nbsp;&nbsp;&nbsp;&nbsp;&nbsp;&nbsp;&nbsp;&nbsp;&nbsp;&nbsp;&nbsp;&nbsp;&nbsp;&nbsp;&nbsp;&nbsp;&nbsp;&nbsp;&nbsp;&nbsp;&nbsp;&nbsp;&nbsp;&nbsp;&nbsp;&nbsp;&nbsp;&nbsp;&nbsp;&nbsp;&nbsp;&nbsp;&nbsp;&nbsp;&nbsp;&nbsp;&nbsp;&nbsp;&nbsp;&nbsp;&nbsp;&nbsp;<\/p>\n<p>4. Intencje Mszalne&nbsp;&nbsp;&nbsp;&nbsp;&nbsp;&nbsp;&nbsp;&nbsp;&nbsp;&nbsp;&nbsp;&nbsp;&nbsp;&nbsp;&nbsp;&nbsp;&nbsp;&nbsp;&nbsp;&nbsp;&nbsp;&nbsp;&nbsp;&nbsp;&nbsp;&nbsp;&nbsp; &nbsp;&nbsp;&nbsp;&nbsp;&nbsp;&nbsp;&nbsp;&nbsp;&nbsp;&nbsp;&nbsp;&nbsp;&nbsp;&nbsp;&nbsp;&nbsp;&nbsp;&nbsp;&nbsp;&nbsp;&nbsp;&nbsp;&nbsp;&nbsp;&nbsp;&nbsp;&nbsp;&nbsp;&nbsp;&nbsp;&nbsp;&nbsp;&nbsp;&nbsp;&nbsp;&nbsp;&nbsp;&nbsp;&nbsp;&nbsp;&nbsp;&nbsp;&nbsp;&nbsp;&nbsp;&nbsp;&nbsp;&nbsp;&nbsp;&nbsp;&nbsp;&nbsp;&nbsp;&nbsp;&nbsp;&nbsp;&nbsp;&nbsp;&nbsp;&nbsp;&nbsp;&nbsp;&nbsp;&nbsp;&nbsp;&nbsp;&nbsp;&nbsp;&nbsp;&nbsp;&nbsp;&nbsp;&nbsp;&nbsp;&nbsp;&nbsp;&nbsp;&nbsp;&nbsp;&nbsp;&nbsp;&nbsp;&nbsp;&nbsp;&nbsp;&nbsp;&nbsp;&nbsp;&nbsp;&nbsp;&nbsp;&nbsp;&nbsp;&nbsp;&nbsp;&nbsp;&nbsp;&nbsp;&nbsp;&nbsp;&nbsp;&nbsp;&nbsp;&nbsp;&nbsp;&nbsp;&nbsp;&nbsp;&nbsp;&nbsp;&nbsp;<\/p>\n<p>&nbsp;<strong>Po\u0144. Wielkanocny<\/strong>&nbsp; <strong>&nbsp;7.30 <\/strong>+Stanis\u0142aw i Joanna Kusiak<\/p>\n<p><strong>9.30<\/strong> &nbsp;+Jan Klepczy\u0144ski 5 r. \u015bmierci int. od \u017cony i dzieci<\/p>\n<p><strong>11.00<\/strong>&nbsp; &nbsp;+Wies\u0142aw i Stanis\u0142aw Szlaga int. od rodziny<\/p>\n<p>Wt. 17.00&nbsp; +Weronika \u015awi\u0119ch 2r. \u015amierci int. Od c\u00f3rki Haliny z rodzin\u0105<\/p>\n<p>\u015ar.17.00 O zdrowie dla Bernadety w dniu urodzin &nbsp;&nbsp;<\/p>\n<p><strong>Czw. 17.00 Za parafian<\/strong><\/p>\n<p>Cz.\u015arednie W.18.00 W int. PB wiadomej<\/p>\n<p>Pi\u0105.&nbsp;&nbsp; 17.00 +Maria i Stanis\u0142aw Sikora<\/p>\n<p>Sob. 17.00&nbsp; &nbsp;+Jan i Stefania Chmura w kol. rocz.\u015bmierci int od syna Leszka z rodzin\u0105<\/p>\n<p>N . 7.30&nbsp; Z r\u00f3\u017cy Tadeusza Antolak&nbsp; z pro\u015bb\u0105 o zdr. Bo\u017ce b\u0142. i opiek\u0119 MB i patrona \u015aw. Wojciecha i za zmar\u0142ych braci r\u00f3\u017ca\u0144cowych o dar \u017cycia wiecznego<\/p>\n<p>9.30 +W\u0142adys\u0142aw Piekutowski w 8r. \u015bmierci int od \u017cony i dzieci&nbsp;&nbsp;&nbsp;&nbsp;&nbsp;&nbsp;&nbsp;&nbsp;&nbsp;&nbsp;&nbsp;&nbsp;&nbsp;&nbsp;&nbsp;&nbsp;&nbsp;&nbsp;&nbsp;&nbsp;&nbsp;&nbsp;&nbsp;&nbsp;&nbsp;&nbsp;&nbsp;&nbsp;&nbsp;&nbsp;&nbsp;&nbsp;&nbsp;&nbsp;&nbsp;&nbsp;&nbsp;&nbsp;&nbsp;&nbsp;&nbsp;&nbsp;&nbsp;&nbsp;&nbsp;&nbsp;&nbsp;&nbsp;&nbsp;&nbsp;&nbsp;&nbsp;&nbsp;&nbsp;&nbsp;&nbsp;&nbsp;&nbsp;&nbsp;&nbsp;&nbsp;&nbsp;&nbsp;&nbsp;&nbsp;&nbsp;&nbsp;&nbsp;&nbsp;&nbsp;&nbsp;&nbsp;&nbsp;&nbsp;&nbsp;&nbsp;&nbsp;&nbsp;&nbsp;&nbsp;&nbsp;&nbsp;&nbsp;&nbsp;&nbsp;&nbsp;&nbsp;&nbsp;&nbsp;&nbsp;&nbsp;&nbsp;&nbsp;&nbsp;&nbsp;&nbsp;&nbsp;&nbsp;&nbsp;&nbsp;&nbsp;&nbsp;&nbsp;&nbsp;&nbsp;&nbsp;&nbsp;&nbsp;&nbsp;&nbsp;&nbsp;&nbsp;&nbsp;&nbsp;&nbsp;&nbsp;&nbsp;&nbsp;&nbsp;&nbsp;&nbsp;&nbsp;&nbsp;&nbsp;&nbsp;&nbsp;&nbsp;&nbsp;&nbsp;&nbsp;&nbsp;&nbsp;&nbsp;&nbsp;&nbsp;&nbsp;&nbsp;&nbsp;&nbsp;&nbsp;&nbsp;&nbsp;&nbsp;&nbsp;&nbsp;&nbsp;<\/p>\n<p>11.00 &nbsp;O \u015awiat\u0142o Ducha \u015awi\u0119tego podczas egzamin\u00f3w dojrza\u0142o\u015bci czyli Matury dla Aleksandry i Joanny<\/p>\n<p style=\"text-align: justify;\"><strong>&nbsp; &nbsp; &nbsp; &nbsp; &nbsp; &nbsp; &nbsp; &nbsp; &nbsp; &nbsp; &nbsp; &nbsp; &nbsp; &nbsp; &nbsp; &nbsp; &nbsp; &nbsp; &nbsp; &nbsp; &nbsp; &nbsp; &nbsp; &nbsp; &nbsp; &nbsp;&nbsp; &nbsp; Niedziela&nbsp; Palmowa 10.04. 2022r.<\/strong><\/p>\n<p>1.Msza \u015aw. we Wt.7.00,w Wielk\u0105 \u015arod\u0119&nbsp; o godz.16.00 &#8211; Msza \u015bw. i Droga Krzy\u017cowa na<\/p>\n<p><strong>G\u00f3r\u0119 Mi\u0142osierdzia.<\/strong> Rozwa\u017cania DK, b\u0119d\u0105&nbsp; prowadzi\u0107&nbsp; parafianie.<\/p>\n<p><strong>2.Triduum Paschalne<\/strong>.<\/p>\n<p><strong><u>\u015arednie Wielkie<\/u><\/strong>&nbsp; &#8211;<strong>Wielki Czw. ,Wielki Pi\u0105tek &nbsp;o g. <u>16.00,<\/u> W. Sobota o<u> g. 20.00<\/u><\/strong><\/p>\n<p><strong><span style=\"text-decoration: underline;\">\u0141ukowe&nbsp;<\/span>&nbsp;<\/strong>&nbsp; &#8211; Wielki Czw., Wielki Pi\u0105tek&nbsp; ,Sobota&nbsp; o <u>g.18.00 <\/u><\/p>\n<p><strong><u>3.Po\u015bwi\u0119cenie pokarm\u00f3w<\/u><\/strong><\/p>\n<p><strong>Sobota<\/strong> ,\u0141ukowe o godz<strong>. 9.00, 11.00<\/strong><\/p>\n<p><strong>\u015arednie W<\/strong>. &#8211; <strong>\u015awietlica o godz.9.30, Ko\u015bci\u00f3\u0142,o godz. 9.45, Kalnica&nbsp; o godz. 10.00 \u015awietlica<\/strong><\/p>\n<p>4.<strong>Adoracja Naj\u015bwi\u0119tszego&nbsp; Sak.w Ciemnicy i przy Bo\u017cym Grobie, do godz.<u>22.00<\/u>, rano od g.<u>8.00<\/u><\/strong><\/p>\n<p>5.Ofiary zebrane przy adoracji krzy\u017ca jak co roku przeznaczone na renowacj\u0119<\/p>\n<p>&nbsp;zabytk\u00f3w&nbsp; <strong>Kustodii Ziemi \u015awi\u0119tej<\/strong><\/p>\n<p>6<strong>.Do trzymania warty przy BG zapraszam OSP, Harcerzy.<\/strong><\/p>\n<p>&nbsp;<strong> &nbsp;Prosz\u0119 ,aby Stra\u017cacy przygotowali ognisko&nbsp; na Liturgi\u0119 Wielkiej Soboty<\/strong><\/p>\n<p>7.Sprz\u0105tanie Ko\u015bcio\u0142a i ubranie Ciemnicy i Bo\u017cego Grobu .Prosz\u0119&nbsp; rodziny:<\/p>\n<p><strong>\u0141ukowe: <\/strong>Szlaga Aldona,\u015awi\u0119ch Alina,Wojtal Aniela,Wojtal Maria,<\/p>\n<p>Blicharz Maria,Gro\u0144 Janina,Kocur Halina,Kocur Beata,Kicak Teresa<\/p>\n<p><strong>\u015arednie Wielkie:<\/strong> Osenkowska Magdalena,Zarzyczna Ma\u0142gorzata,<\/p>\n<p>Zarzyczna Sabina,Fenio Eugeniusz,Wo\u0142oszyn Janina,Gro\u0144 Bogus\u0142awa<\/p>\n<p>8.W Wielki Pi\u0105tek &#8211; obowi\u0105zuje Post \u015acis\u0142y<\/p>\n<p>9.Intencje Mszalne<\/p>\n<p>Pon. <strong>&nbsp;Za parafian<\/strong><\/p>\n<p>Wt.7.00 + Wies\u0142aw Wr\u00f3bel int.od rodziny Kopczyk<\/p>\n<p>\u015ar.16.00 +Tadeusz Ciepiela int. od Syna Kazimierza i Ireny Ciepiela<\/p>\n<p>Czw 16.00&nbsp; + Mariann\u0119 Kusiak int.od&nbsp; Tomasza i Ewy Kusiak<\/p>\n<p>Czw. 18.00 + Henryk Stach int. od rodzic\u00f3w<\/p>\n<p><strong>Pi\u0105.16.00 i 18.00&nbsp; Adoracja Krzy\u017ca<\/strong><\/p>\n<p><strong>Sob. \u0141ukowe 18.00<\/strong> +Wojciech, J\u00f3zef, Janina,Micha\u0142, Str\u00f3\u017cak<\/p>\n<p><strong>Sob. \u015arednie W.20.00<\/strong>&nbsp; O zdrowie Bo\u017ce b\u0142. i opiek\u0119 Matki Bo\u017cej dla rodziny<\/p>\n<p><strong>Rezurekcja<\/strong><\/p>\n<p>&nbsp;<strong>6.00<\/strong> O zdrowie Bo\u017ce b\u0142. i opiek\u0119 Matki Bo\u017cej dla Heleny i Stanis\u0142awa Izdebskich&nbsp;<\/p>\n<p>w rocznic\u0119 zawarcia sak. ma\u0142\u017ce\u0144stwa.<\/p>\n<p><strong>9.30<\/strong> +Wojciech Fiut int. od c\u00f3rki Doroty<\/p>\n<p><strong>11.00<\/strong> Dzi\u0119kczynna z pro\u015bb\u0105 o zdrowie Bo\u017ce b\u0142. i opiek\u0119 Matki Bo\u017cej dla rodziny Kopczyk<\/p>\n<p><span style=\"color: #ff0000;\">&nbsp;&nbsp;&nbsp;&nbsp;&nbsp;&nbsp;&nbsp;&nbsp;&nbsp;&nbsp;<\/span><\/p>\n<p>&nbsp;<\/p>\n<p>Dyrekcja, Rada Pedagogiczna oraz Szkolne Ko\u0142o Wolontariatu <strong>\u201ePomocna d\u0142o\u0144\u201d<\/strong> Szko\u0142y Podstawowej&nbsp; w \u0141ukowem przy\u0142\u0105czaj\u0105 si\u0119 do akcji charytatywnej dla uchod\u017ac\u00f3w z Ukrainy organizowanej przez Urz\u0105d Miasta i Gminy w Zag\u00f3rzu.<\/p>\n<p>Potrzebne produkty i artyku\u0142y mo\u017cna przynosi\u0107 do sekretariatu szko\u0142y, od poniedzia\u0142ku do pi\u0105tku w godzinach 7:30 \u2013 15:30.<\/p>\n<p>&nbsp;<\/p>\n<p>PRODUKTY I ARTYKU\u0141Y NAJBARDZIEJ POTRZEBNE DLA UCHOD\u0179C\u00d3W Z UKRAINY:<br \/>\n&#8211; koce i \u015bpiwory<br \/>\n&#8211; kubki, talerze, sztu\u0107ce jednorazowe,<br \/>\n&#8211; termosy, kubki termiczne,<br \/>\n&#8211; kawa, herbata,<br \/>\n&#8211; soki, napoje, tubki typu \u201ekubu\u015b\u201d dla dzieci, itp<br \/>\n&#8211; suche ciastka, paluszki, krakersy, zupki chi\u0144skie, itp., przek\u0105ski, kt\u00f3re mo\u017cna szybko przygotowa\u0107 i zabra\u0107 ze sob\u0105 w podr\u00f3\u017c,<br \/>\n&#8211; owoce, orzechy, bakalie,<br \/>\n&#8211; batony energetyczne,<br \/>\n&#8211; podstawowe \u015brodki ochrony osobistej i kosmetyki (np. myd\u0142o, \u017cel pod prysznic, mokre chusteczki, chusteczki higieniczne, podpaski, wk\u0142adki, pasta do z\u0119b\u00f3w, szczoteczka do z\u0119b\u00f3w, itp.)<br \/>\n&#8211; p\u0142aszcze przeciwdeszczowe,<br \/>\n&#8211; pampersy, mleko modyfikowane dla niemowl\u0105t, jedzenie w s\u0142oiczkach dla ma\u0142ych dzieci, plastikowe \u0142y\u017ceczki do karmienia.<br \/>\n&nbsp;Potrzebujemy r\u00f3wnie\u017c czajnik\u00f3w i kuchenek mikrofalowych.&nbsp;<br \/>\n<strong>UWAGA!&nbsp;ZWRACAMY SI\u0118 Z PRO\u015aB\u0104 ABY PRZEKAZYWANE PRODUKTY BY\u0141Y NOWE LUB W BARDZO DOBRYM STANIE TECHNICZNYM, CZYSTE, DO NATYCHMIASTOWEGO U\u017bYTKU<\/strong><\/p>\n<p>Z g\u00f3ry serdecznie dzi\u0119kujemy za pomoc, wsparcie i okazane serce.<\/p>\n<p>&nbsp;<\/p>\n<p>Anna Grochowianka \u2013 dyrektor Szko\u0142y Podstawowej&nbsp; w \u0141ukowem<\/p>\n<p>&nbsp;&nbsp; &nbsp;&nbsp;&nbsp;&nbsp;&nbsp;&nbsp;&nbsp;&nbsp;&nbsp;&nbsp;&nbsp;&nbsp;&nbsp;&nbsp;&nbsp;&nbsp;&nbsp;&nbsp;&nbsp;&nbsp;&nbsp;&nbsp;&nbsp;&nbsp;&nbsp;&nbsp;&nbsp;&nbsp;&nbsp; &nbsp; &nbsp; &nbsp; &nbsp; &nbsp; &nbsp; &nbsp; &nbsp; &nbsp; &nbsp; &nbsp; &nbsp; &nbsp; <span style=\"color: #ff0000;\">&nbsp; &nbsp;&nbsp; 1N.W Postu 06.03. 2021r.&nbsp;&nbsp;&nbsp;&nbsp;&nbsp;&nbsp;&nbsp;&nbsp;&nbsp;&nbsp;<\/span>&nbsp;&nbsp;&nbsp;&nbsp; &nbsp;&nbsp;&nbsp;&nbsp;&nbsp;&nbsp;&nbsp;&nbsp;&nbsp;&nbsp;&nbsp;&nbsp;&nbsp;&nbsp;&nbsp;&nbsp;&nbsp;&nbsp;&nbsp;&nbsp;&nbsp;&nbsp;&nbsp;&nbsp;&nbsp;&nbsp;&nbsp;&nbsp;&nbsp;&nbsp;&nbsp;&nbsp;&nbsp;&nbsp;&nbsp;&nbsp;&nbsp;&nbsp;&nbsp;&nbsp;&nbsp;&nbsp;&nbsp;&nbsp;&nbsp;&nbsp;&nbsp;&nbsp;&nbsp;&nbsp;&nbsp;&nbsp;&nbsp;&nbsp;&nbsp;&nbsp;&nbsp;&nbsp;&nbsp;&nbsp;&nbsp;&nbsp;&nbsp;&nbsp;&nbsp;&nbsp;&nbsp;&nbsp;&nbsp;&nbsp;&nbsp;&nbsp;&nbsp;&nbsp;&nbsp;&nbsp;&nbsp;&nbsp;&nbsp;&nbsp;&nbsp;&nbsp;&nbsp;&nbsp;&nbsp;&nbsp;&nbsp;&nbsp;&nbsp;&nbsp;&nbsp;&nbsp;&nbsp;&nbsp;&nbsp;&nbsp;&nbsp;&nbsp;&nbsp;&nbsp;&nbsp;&nbsp;&nbsp;&nbsp;&nbsp;&nbsp;&nbsp;&nbsp;&nbsp;&nbsp;&nbsp; &nbsp; &nbsp; &nbsp; &nbsp; &nbsp; &nbsp; &nbsp; &nbsp; &nbsp; &nbsp; &nbsp; &nbsp; &nbsp; &nbsp; &nbsp; &nbsp; &nbsp; &nbsp; &nbsp; &nbsp; &nbsp; &nbsp; &nbsp; &nbsp; &nbsp; &nbsp; &nbsp; &nbsp; &nbsp; &nbsp; &nbsp; &nbsp; &nbsp; &nbsp; &nbsp; &nbsp; &nbsp; &nbsp; &nbsp; &nbsp; &nbsp; &nbsp; &nbsp; &nbsp; &nbsp; &nbsp; &nbsp; &nbsp;&nbsp; 1.Msze \u015bw. w Ko\u015bciele Parafialnym&nbsp;&nbsp; wieczorem&nbsp; o godz.17.00&nbsp;&nbsp;<\/p>\n<p>2.We Wtorek Dzie\u0144 kobiet.Modlimy si\u0119 za&nbsp; kobiety. &nbsp;&nbsp;&nbsp;&nbsp;&nbsp;&nbsp;&nbsp;&nbsp;&nbsp;&nbsp;&nbsp;&nbsp;&nbsp;&nbsp;&nbsp;&nbsp;&nbsp;&nbsp;&nbsp;&nbsp;&nbsp;&nbsp;&nbsp;&nbsp;&nbsp;&nbsp;&nbsp;&nbsp;&nbsp;&nbsp;&nbsp;&nbsp;&nbsp;&nbsp;&nbsp;&nbsp;&nbsp;&nbsp;&nbsp;&nbsp;&nbsp;&nbsp;&nbsp;&nbsp;&nbsp;&nbsp;&nbsp;&nbsp;&nbsp;&nbsp;&nbsp;&nbsp;&nbsp;&nbsp;&nbsp;&nbsp;&nbsp;&nbsp;&nbsp;&nbsp;&nbsp;&nbsp;&nbsp;&nbsp;&nbsp;&nbsp;&nbsp;&nbsp;&nbsp;&nbsp;&nbsp;&nbsp;&nbsp;&nbsp;&nbsp;&nbsp;&nbsp;&nbsp;&nbsp;&nbsp;&nbsp;&nbsp;&nbsp;&nbsp;&nbsp;&nbsp;&nbsp;&nbsp;&nbsp;&nbsp;&nbsp;&nbsp;&nbsp;&nbsp;&nbsp;&nbsp;&nbsp;&nbsp;&nbsp;&nbsp;&nbsp;&nbsp;&nbsp;&nbsp;&nbsp;&nbsp;&nbsp;&nbsp;&nbsp;&nbsp;&nbsp;&nbsp;&nbsp;&nbsp;&nbsp;&nbsp;&nbsp;&nbsp;&nbsp;&nbsp;&nbsp;&nbsp;&nbsp;&nbsp;&nbsp;&nbsp;&nbsp;&nbsp;&nbsp;&nbsp;&nbsp;&nbsp;&nbsp;&nbsp;&nbsp;&nbsp;&nbsp;&nbsp;&nbsp;&nbsp;&nbsp;&nbsp;&nbsp;&nbsp;&nbsp;&nbsp;&nbsp;&nbsp;&nbsp;&nbsp;&nbsp;&nbsp;&nbsp;&nbsp;&nbsp;&nbsp;&nbsp;&nbsp;&nbsp;&nbsp;&nbsp;&nbsp;&nbsp;&nbsp;&nbsp;&nbsp;&nbsp;&nbsp;&nbsp;&nbsp;&nbsp;&nbsp;&nbsp;&nbsp;&nbsp;&nbsp;&nbsp;&nbsp;&nbsp;&nbsp;&nbsp;&nbsp;&nbsp;&nbsp;&nbsp;&nbsp;&nbsp;&nbsp;&nbsp;&nbsp;&nbsp;&nbsp;&nbsp;&nbsp;&nbsp;&nbsp;&nbsp;&nbsp;&nbsp;&nbsp;&nbsp;&nbsp;&nbsp;&nbsp;&nbsp;&nbsp;&nbsp;&nbsp; 3.Trwa&nbsp; Nowenna za kap\u0142an\u00f3w i o nowe powo\u0142ania kap\u0142a\u0144skie&nbsp;&nbsp;&nbsp;&nbsp;&nbsp;&nbsp;&nbsp;&nbsp;&nbsp;&nbsp;&nbsp;&nbsp;&nbsp;&nbsp;&nbsp;&nbsp;&nbsp;&nbsp;&nbsp;&nbsp;&nbsp;&nbsp;&nbsp;&nbsp;&nbsp;&nbsp;&nbsp;&nbsp;&nbsp;&nbsp;&nbsp; &nbsp;&nbsp;&nbsp;&nbsp;&nbsp;&nbsp;&nbsp;&nbsp;&nbsp;&nbsp;&nbsp;&nbsp;&nbsp;&nbsp;&nbsp;&nbsp;&nbsp;&nbsp;&nbsp;&nbsp;&nbsp;&nbsp;&nbsp;&nbsp;&nbsp;&nbsp;&nbsp;&nbsp;&nbsp;&nbsp;<\/p>\n<p>&nbsp;4.W \u015arednim W.w Czwartek&nbsp; Msza \u015aw. i Droga Krzy\u017cowa godz.18.00 w Ko\u015bciele Parafialnym&nbsp; Msza \u015bw.i Droga Krzy\u017cowa o godz.18.00 &nbsp;&nbsp;&nbsp;&nbsp;&nbsp;&nbsp;&nbsp;&nbsp;&nbsp;&nbsp;&nbsp;&nbsp;&nbsp;&nbsp;&nbsp;&nbsp;&nbsp;&nbsp;&nbsp;&nbsp;&nbsp;&nbsp;&nbsp;&nbsp;&nbsp;&nbsp;&nbsp;&nbsp;&nbsp;&nbsp;&nbsp;&nbsp;&nbsp;&nbsp;&nbsp;&nbsp;&nbsp;&nbsp;&nbsp;&nbsp;&nbsp;&nbsp;&nbsp;&nbsp;&nbsp;&nbsp;&nbsp;&nbsp;&nbsp;&nbsp;&nbsp;&nbsp;&nbsp;&nbsp;&nbsp;&nbsp;&nbsp;&nbsp;&nbsp;&nbsp;&nbsp;&nbsp;&nbsp;&nbsp;&nbsp;&nbsp;&nbsp;&nbsp;&nbsp;&nbsp;&nbsp;<\/p>\n<p>&nbsp;5. Sprz\u0105tanie ko\u015bcio\u0142a&nbsp;&nbsp;&nbsp;&nbsp;&nbsp;&nbsp;&nbsp;&nbsp;&nbsp;&nbsp;&nbsp;&nbsp;&nbsp;&nbsp;&nbsp;&nbsp;&nbsp;&nbsp;&nbsp;&nbsp;&nbsp;&nbsp;&nbsp;&nbsp;&nbsp;&nbsp;&nbsp;&nbsp;&nbsp;&nbsp;&nbsp;&nbsp;&nbsp;&nbsp;&nbsp;&nbsp;&nbsp;&nbsp;&nbsp;&nbsp;&nbsp;&nbsp;&nbsp;&nbsp;&nbsp;&nbsp;&nbsp;&nbsp;&nbsp;&nbsp;&nbsp;&nbsp;&nbsp;&nbsp;&nbsp;&nbsp;&nbsp;&nbsp;&nbsp;&nbsp;&nbsp;&nbsp;&nbsp;&nbsp;&nbsp;&nbsp;&nbsp;&nbsp;&nbsp;&nbsp;&nbsp;&nbsp;&nbsp;&nbsp;&nbsp;&nbsp;&nbsp;&nbsp;&nbsp;&nbsp;&nbsp;&nbsp;&nbsp;&nbsp;&nbsp;&nbsp;&nbsp;&nbsp;&nbsp;&nbsp;&nbsp;&nbsp;&nbsp;&nbsp;&nbsp;&nbsp;&nbsp;&nbsp;&nbsp;&nbsp;&nbsp;&nbsp;&nbsp;&nbsp;&nbsp;&nbsp;&nbsp;&nbsp;&nbsp;&nbsp;&nbsp;&nbsp;&nbsp;&nbsp;&nbsp;&nbsp;&nbsp;<\/p>\n<p>\u0141ukowe : Bi\u0142as Zofia,Bi\u0142as Karolina,Marcinik W\u0142adys\u0142awa<\/p>\n<p>\u015arednie Wielkie :Kusiak Iwona,Ciepiela Ma\u0142gorzata<\/p>\n<p>&nbsp;6.Intecje Mszalne&nbsp;&nbsp;&nbsp;&nbsp;&nbsp;&nbsp;&nbsp;&nbsp;&nbsp;&nbsp;&nbsp;&nbsp;&nbsp;&nbsp;&nbsp;&nbsp;&nbsp;&nbsp;&nbsp;&nbsp;&nbsp;&nbsp;&nbsp;&nbsp;&nbsp;&nbsp;&nbsp;&nbsp;&nbsp;&nbsp;&nbsp;&nbsp;&nbsp;&nbsp;&nbsp;&nbsp;&nbsp;&nbsp;&nbsp;&nbsp;&nbsp;&nbsp;&nbsp;&nbsp;&nbsp;&nbsp;&nbsp;&nbsp;&nbsp;&nbsp;&nbsp;&nbsp;&nbsp;&nbsp;&nbsp;&nbsp;&nbsp;&nbsp;&nbsp;&nbsp;&nbsp;&nbsp;&nbsp;&nbsp;&nbsp;&nbsp;&nbsp;&nbsp;&nbsp;&nbsp;&nbsp;&nbsp;&nbsp;&nbsp;&nbsp;&nbsp;&nbsp;&nbsp;&nbsp;&nbsp;&nbsp;&nbsp;&nbsp;&nbsp;&nbsp;&nbsp;&nbsp;&nbsp;&nbsp;&nbsp;&nbsp;&nbsp;&nbsp;&nbsp;&nbsp;&nbsp;&nbsp;&nbsp;&nbsp;&nbsp;&nbsp;&nbsp;&nbsp;&nbsp;&nbsp;&nbsp;&nbsp;&nbsp;&nbsp;&nbsp;&nbsp;&nbsp;&nbsp;&nbsp;&nbsp;&nbsp;&nbsp;<\/p>\n<p>&nbsp;&nbsp; Pon.17.00&nbsp;&nbsp; <strong>Za parafian<\/strong><\/p>\n<p>Wt.17.00 +Jan i Bronis\u0142awa Pytlak i Nestor i Ludwika&nbsp; Izdebscy<\/p>\n<p>\u015ar.17.00 +Zygmunt Drews w kol. rocz. \u015bmierci int. ods siostry z rodz.<\/p>\n<p>Cz.17.00 W18 rocz. urodzin Micha\u0142a&nbsp; pro\u015bb\u0105 o zdr. Bo\u017ce b\u0142. i opiek\u0119 MB<\/p>\n<p>Cz.18.00&nbsp; + Mariann\u0119 Kusiak&nbsp; int. od wnuczki Beaty&nbsp; z rodzin\u0105<\/p>\n<p>&nbsp;Pi\u0105.17.00 +Bronis\u0142aw\u0119 Dubanik int. od W\u0142adys\u0142awa Dubanik<\/p>\n<p>S.17.00&nbsp; O pok\u00f3j na Ukrainie i zako\u0144czenie&nbsp; wojny<\/p>\n<p>N.7.30 +Karolin\u0119 i Szczepana<\/p>\n<p>9.30&nbsp; +Marianna Kusiak int. od Jolanty i Henryka Kawa\u0142ek<\/p>\n<p>11.00 + Piotr Stach int .od&nbsp; Sabiny Cygal<\/p>\n<p>7.S\u0105 do nabycia w zakrystii \u015awiece Wielkanocne.<\/p>\n<p>&nbsp;<\/p>\n<p>&nbsp;&nbsp;&nbsp;&nbsp;&nbsp;&nbsp;&nbsp;&nbsp;&nbsp;&nbsp;&nbsp;&nbsp;&nbsp;&nbsp;&nbsp;&nbsp;&nbsp;&nbsp;&nbsp;&nbsp;&nbsp;&nbsp;&nbsp;&nbsp;&nbsp;&nbsp;&nbsp;&nbsp;&nbsp;&nbsp;&nbsp;&nbsp;&nbsp;&nbsp;&nbsp;&nbsp;&nbsp;&nbsp;&nbsp;&nbsp;&nbsp;&nbsp;&nbsp;&nbsp;&nbsp;&nbsp;&nbsp;&nbsp;&nbsp;&nbsp;&nbsp;&nbsp;&nbsp;&nbsp;&nbsp;&nbsp;&nbsp;&nbsp;&nbsp;&nbsp;&nbsp;&nbsp;&nbsp;&nbsp;&nbsp;&nbsp;&nbsp;&nbsp;&nbsp;&nbsp;&nbsp;&nbsp;&nbsp;&nbsp;&nbsp;&nbsp;&nbsp;&nbsp;&nbsp;&nbsp;&nbsp;&nbsp;&nbsp;&nbsp;<\/p>\n<p>&nbsp;&nbsp;&nbsp;&nbsp;&nbsp;&nbsp;&nbsp;&nbsp;&nbsp;&nbsp;&nbsp;&nbsp;&nbsp;&nbsp;&nbsp;&nbsp;&nbsp;&nbsp;&nbsp;&nbsp;&nbsp;&nbsp;&nbsp;&nbsp;&nbsp;&nbsp;&nbsp;&nbsp;&nbsp;&nbsp;&nbsp;&nbsp;&nbsp;&nbsp;&nbsp;&nbsp;&nbsp;&nbsp;&nbsp;&nbsp;&nbsp;&nbsp;&nbsp;&nbsp;&nbsp;&nbsp;&nbsp;&nbsp;&nbsp;<span style=\"color: #ff0000;\">&nbsp;&nbsp;&nbsp;&nbsp;&nbsp;&nbsp; 8 N. zwyk\u0142a 03.03. 2019r.<\/span><\/p>\n<p>&nbsp;1.Dzi\u015b rozpoczyna si\u0119 Tydzie\u0144 modlitw o Trze\u017awo\u015b\u0107 Narodu. \u201eM\u0142odzi Trze\u017awi&nbsp; Wolni\u2018\u2019 M\u00f3dlmy si\u0119 o trze\u017awo\u015b\u0107 w naszych Rodzinach. Mo\u017cna na czas W. Postu lub du\u017cej podj\u0105\u0107&nbsp; abstynencj\u0119 . Mo\u017cna wzi\u0105\u0107 kartk\u0119 wype\u0142ni\u0107 i wrzuci\u0107 do skrzynki w przedsionku.&nbsp;&nbsp;&nbsp;&nbsp;&nbsp;&nbsp;&nbsp;&nbsp;&nbsp;&nbsp;&nbsp;&nbsp;&nbsp;&nbsp;&nbsp;&nbsp;&nbsp;&nbsp;&nbsp;&nbsp;&nbsp;&nbsp;&nbsp;&nbsp;&nbsp;&nbsp;&nbsp;&nbsp;&nbsp;&nbsp;&nbsp;&nbsp;&nbsp;&nbsp;&nbsp;&nbsp;&nbsp;&nbsp;&nbsp;&nbsp;&nbsp;&nbsp;&nbsp;&nbsp;&nbsp;&nbsp;&nbsp;&nbsp;&nbsp;&nbsp;&nbsp;&nbsp;&nbsp;&nbsp;&nbsp;&nbsp;&nbsp;&nbsp;&nbsp;&nbsp;&nbsp;&nbsp;&nbsp;&nbsp;&nbsp;&nbsp;&nbsp;&nbsp;&nbsp;&nbsp;&nbsp;&nbsp;&nbsp;&nbsp;&nbsp;&nbsp;&nbsp;&nbsp;&nbsp;&nbsp;&nbsp;&nbsp;&nbsp;&nbsp;&nbsp;&nbsp;&nbsp;&nbsp;&nbsp;&nbsp;&nbsp;&nbsp;&nbsp;&nbsp;&nbsp;&nbsp;&nbsp;&nbsp;&nbsp;&nbsp;&nbsp;&nbsp;&nbsp;&nbsp;&nbsp;&nbsp;&nbsp;&nbsp;&nbsp;&nbsp;&nbsp;&nbsp;&nbsp;&nbsp;&nbsp;&nbsp;&nbsp;&nbsp;&nbsp;&nbsp;&nbsp;&nbsp;&nbsp;&nbsp;&nbsp;&nbsp;&nbsp;&nbsp;&nbsp;&nbsp;&nbsp;&nbsp;&nbsp;&nbsp;&nbsp;&nbsp;&nbsp;&nbsp;&nbsp;&nbsp;&nbsp;&nbsp;&nbsp;&nbsp;&nbsp;&nbsp; &nbsp; &nbsp; &nbsp; &nbsp; &nbsp; &nbsp; &nbsp; &nbsp; &nbsp; &nbsp; &nbsp; &nbsp; &nbsp; &nbsp;&nbsp; 3.Msze \u015bw. w Ko\u015bciele Parafialnym&nbsp; o g. 17.00&nbsp; Opr\u00f3cz \u015arody Popielcowej.&nbsp;&nbsp;&nbsp;&nbsp;&nbsp;&nbsp;&nbsp;&nbsp;&nbsp;&nbsp;&nbsp;&nbsp;&nbsp;&nbsp;&nbsp;&nbsp;&nbsp;&nbsp;&nbsp;&nbsp;&nbsp;&nbsp;&nbsp;&nbsp;&nbsp;&nbsp;&nbsp;&nbsp;&nbsp;&nbsp;&nbsp;&nbsp;&nbsp;&nbsp;&nbsp;&nbsp;&nbsp;&nbsp;&nbsp;&nbsp;&nbsp;&nbsp;&nbsp;&nbsp;&nbsp;&nbsp;&nbsp;&nbsp;&nbsp;&nbsp;&nbsp;&nbsp;&nbsp;&nbsp;&nbsp;&nbsp;&nbsp;&nbsp;&nbsp;&nbsp;&nbsp;&nbsp;&nbsp;&nbsp;&nbsp;&nbsp;&nbsp;&nbsp;&nbsp;&nbsp;&nbsp;&nbsp;&nbsp;&nbsp;&nbsp;&nbsp;&nbsp;&nbsp;&nbsp;&nbsp;&nbsp;&nbsp;&nbsp;&nbsp;&nbsp;&nbsp;&nbsp;&nbsp;&nbsp;&nbsp;&nbsp;&nbsp;&nbsp;&nbsp;&nbsp;&nbsp;&nbsp;&nbsp;&nbsp;&nbsp;&nbsp;&nbsp;&nbsp;&nbsp;&nbsp;&nbsp;&nbsp;&nbsp;&nbsp;&nbsp;&nbsp;&nbsp;&nbsp;&nbsp;&nbsp;&nbsp;&nbsp;&nbsp;&nbsp;&nbsp;&nbsp;<\/p>\n<p>&nbsp; 4. W tym tyg. przypada <strong>\u015aroda Popielcowa<\/strong>. W raz z tym dniem przypada 40-dniowy okres&nbsp; Wielkiego&nbsp; Postu.&nbsp; W \u015ar. Popielcow\u0105 Msze \u015bw. w \u0141uk. 8.00 i 16.00,a w&nbsp; \u015arednim. W. Droga Krzy\u017cowa i Msza&nbsp; \u015aw. g.17.30. Na ka\u017cdej Mszy \u015bw. posypanie g\u0142\u00f3w popio\u0142em. W tym dniu obowi\u0105zuje Post&nbsp; \u015acis\u0142y. <strong>\u015aroda Popielcowa dniem postu i&nbsp;modlitwy w&nbsp;intencji pokoju na Ukrainie.<\/strong><\/p>\n<p>5.W&nbsp; Pi\u0105 w Ko\u015bciele Parafialnym&nbsp; Droga Krzy\u017cowa o g.17.00. W niedziel\u0119 w Ko\u015bciele Parafialnym&nbsp; Gorzkie \u017bale po mszy \u015bw. 7.30, a w \u015ar. Wielkim&nbsp; przed Msz\u0105 \u015bw.<\/p>\n<p>6.W tym tyg. przypada 1Czw.1P.1 S. miesi\u0105ca.Spotkanie formacyjne ,kl6,7,8 SP \u015arednie W.&nbsp;&nbsp;&nbsp;&nbsp;&nbsp;&nbsp;&nbsp;&nbsp;&nbsp;&nbsp;&nbsp;&nbsp;&nbsp;&nbsp;&nbsp;&nbsp;&nbsp;&nbsp;<\/p>\n<p>i Kalnica w \u015arod\u0119 Popielcow\u0105. \u0141ukowe,\u015aroda Popielcowa kl. 6 i7 \u015ap, a kl. 8SP w Pi\u0105tek<\/p>\n<p>7.W \u015arod\u0119 taca na Fundacj\u0119 Wzrastanie,b\u0119dzie list,a puszka&nbsp; w \u015arod\u0119 Popielcow\u0105 i w Niedziel\u0119 na pomoc dla<strong> uchod\u017ac\u00f3w&nbsp;<\/strong> z Ukrainy w zwi\u0105zku z wojn\u0105.<\/p>\n<p>8.Sprz\u0105tanie ko\u015bcio\u0142a&nbsp;&nbsp;&nbsp;&nbsp;&nbsp;&nbsp;&nbsp;&nbsp;&nbsp;&nbsp;&nbsp; &nbsp;&nbsp;&nbsp;&nbsp;&nbsp;&nbsp;&nbsp;&nbsp;&nbsp;&nbsp;&nbsp;&nbsp;&nbsp;&nbsp;&nbsp;&nbsp;&nbsp;&nbsp;&nbsp;&nbsp;&nbsp;&nbsp;&nbsp;&nbsp;&nbsp;&nbsp;&nbsp;&nbsp;&nbsp;&nbsp;&nbsp;&nbsp;&nbsp;&nbsp;&nbsp;&nbsp;&nbsp;&nbsp;&nbsp;&nbsp;&nbsp;&nbsp;&nbsp;&nbsp;&nbsp;&nbsp;&nbsp;&nbsp;&nbsp;&nbsp;&nbsp;&nbsp;&nbsp;&nbsp;&nbsp;&nbsp;&nbsp;&nbsp;&nbsp;&nbsp;&nbsp;&nbsp;&nbsp;&nbsp;&nbsp;&nbsp;&nbsp;&nbsp;&nbsp;&nbsp;&nbsp;&nbsp;&nbsp;&nbsp;&nbsp;&nbsp;&nbsp;&nbsp;&nbsp;&nbsp;&nbsp;&nbsp;&nbsp;&nbsp;&nbsp;&nbsp;&nbsp;&nbsp;&nbsp;&nbsp;&nbsp;&nbsp;&nbsp;&nbsp;&nbsp;&nbsp;&nbsp;&nbsp;&nbsp;&nbsp;&nbsp;&nbsp;&nbsp;&nbsp;&nbsp;&nbsp;&nbsp;&nbsp;&nbsp;&nbsp;&nbsp;&nbsp;&nbsp;&nbsp;&nbsp;&nbsp;&nbsp;&nbsp;&nbsp;&nbsp;&nbsp;&nbsp;&nbsp;&nbsp;&nbsp;&nbsp;<\/p>\n<p>\u0141ukowe :Ciepiela Janusz, Fabian Ma\u0142gorzata,Bochnak Iwona<\/p>\n<p>\u015arednie Wielkie : Suchan Renata, Kielniak Teresa<\/p>\n<p>9.Intencje Mszalne&nbsp;<\/p>\n<p>Pon.17.00&nbsp; +Anna int. od c\u00f3rki<\/p>\n<p>Wt.17.00 + Eleonora Kocur int.od rodz.&nbsp; \u015awi\u0119ch i Blicharz<\/p>\n<p><strong>\u015aroda Popielcowa <\/strong><\/p>\n<p>8.00 <strong>Za parafian<\/strong><\/p>\n<p>16.00&nbsp; O Zdrowie Bo\u017ce b\u0142.dla Marii Ogarek wnuk\u00f3w i prawnuk\u00f3w<\/p>\n<p>17.30 +Marianna Kusiak int od&nbsp; W\u0142adys\u0142awy Kusiak<\/p>\n<p>Czw.17.00 + Wanda i Tadeusz Kopczyk + Janina i Ludwik Stach<\/p>\n<p>Pi\u0105.17.00 + Stanis\u0142aw\u0119 Ba\u0142uszy\u0144sk\u0105 int. od&nbsp; W\u0142adys\u0142awy z rodzin\u0105<\/p>\n<p>Sob.17.00 +Tadeusz Wolan int. od Leszka Chmury z rodzin\u0105&nbsp;&nbsp;<\/p>\n<p>N.7.30 + Urszul\u0119 Cicho\u0144sk\u0105 int od rodziny&nbsp; Florek<\/p>\n<p>9.30 +Mariann\u0119 Kusiak&nbsp; int. od Krystyny Stra\u017cak<\/p>\n<p>11.00 + J\u00f3zef&nbsp; Stra\u017cak +J\u00f3zef\u0119&nbsp; i Stanis\u0142aw\u0119 Stra\u017cak int. od Magdaleny z rodzin\u0105 &nbsp;&nbsp;&nbsp;&nbsp;&nbsp;&nbsp;&nbsp;&nbsp;&nbsp;&nbsp;&nbsp;&nbsp;&nbsp;&nbsp;&nbsp;&nbsp;&nbsp;&nbsp;&nbsp;&nbsp;&nbsp;&nbsp;&nbsp;&nbsp;&nbsp;&nbsp;&nbsp;&nbsp;&nbsp;&nbsp;&nbsp;&nbsp;&nbsp;&nbsp;&nbsp;&nbsp;&nbsp;&nbsp;&nbsp;&nbsp;&nbsp;&nbsp;&nbsp;&nbsp;&nbsp;&nbsp;&nbsp;&nbsp;&nbsp;&nbsp;&nbsp;&nbsp;&nbsp;&nbsp;&nbsp;&nbsp;&nbsp;&nbsp;&nbsp;&nbsp;&nbsp;&nbsp;&nbsp;&nbsp;&nbsp;&nbsp;&nbsp;&nbsp;&nbsp;&nbsp;&nbsp;&nbsp;&nbsp;&nbsp;&nbsp;&nbsp;&nbsp;&nbsp;&nbsp;&nbsp;&nbsp;&nbsp;&nbsp;&nbsp;&nbsp;&nbsp;&nbsp;&nbsp;&nbsp;&nbsp;&nbsp;&nbsp;&nbsp;&nbsp;&nbsp;&nbsp;&nbsp;&nbsp;&nbsp;&nbsp;&nbsp;&nbsp;&nbsp;&nbsp;&nbsp;&nbsp;&nbsp;&nbsp;&nbsp;&nbsp;&nbsp;&nbsp;&nbsp;&nbsp;&nbsp;&nbsp;&nbsp;&nbsp;&nbsp;&nbsp;&nbsp;&nbsp;&nbsp;&nbsp;&nbsp;&nbsp;&nbsp;&nbsp;&nbsp;&nbsp;&nbsp;&nbsp;&nbsp;&nbsp;<\/p>\n<p>&nbsp;<\/p>\n<p>&nbsp;<\/p>\n<p>&nbsp;<\/p>\n<p>&nbsp;&nbsp;&nbsp;&nbsp;&nbsp;&nbsp;&nbsp;&nbsp;&nbsp;&nbsp;&nbsp;&nbsp;&nbsp;&nbsp;&nbsp;&nbsp;&nbsp;&nbsp;&nbsp;&nbsp;&nbsp;&nbsp;&nbsp;&nbsp;&nbsp;&nbsp;&nbsp;&nbsp;&nbsp;&nbsp;&nbsp;&nbsp;&nbsp;&nbsp;&nbsp;&nbsp;&nbsp;&nbsp;&nbsp;&nbsp;&nbsp;&nbsp;&nbsp;&nbsp;&nbsp;&nbsp;&nbsp;&nbsp;<span style=\"color: #ff0000;\">&nbsp; &nbsp; &nbsp; &nbsp; &nbsp; &nbsp; &nbsp; &nbsp; &nbsp; &nbsp; 5 N. &nbsp;06.02. 2022r.&nbsp; <\/span>&nbsp;&nbsp;&nbsp;&nbsp;&nbsp;&nbsp;&nbsp;&nbsp;&nbsp;&nbsp;&nbsp;&nbsp;&nbsp;&nbsp;&nbsp;&nbsp;&nbsp;&nbsp;&nbsp;&nbsp;&nbsp;&nbsp;&nbsp;&nbsp;&nbsp;&nbsp;&nbsp;&nbsp;&nbsp;&nbsp;&nbsp;&nbsp;&nbsp;&nbsp;&nbsp;&nbsp;&nbsp;&nbsp;&nbsp;&nbsp;&nbsp;&nbsp;&nbsp;&nbsp;&nbsp;&nbsp;&nbsp;&nbsp;&nbsp;&nbsp;&nbsp;&nbsp;&nbsp;&nbsp;&nbsp;&nbsp;&nbsp;&nbsp;&nbsp;&nbsp;&nbsp;&nbsp;&nbsp;&nbsp;&nbsp;&nbsp;&nbsp;&nbsp;&nbsp;&nbsp;&nbsp;&nbsp;&nbsp;&nbsp;&nbsp;&nbsp;&nbsp;&nbsp;&nbsp;&nbsp;&nbsp;&nbsp;&nbsp;&nbsp;&nbsp;&nbsp;&nbsp;&nbsp;&nbsp;&nbsp;&nbsp;&nbsp;&nbsp;&nbsp;&nbsp;&nbsp;&nbsp;&nbsp;&nbsp;&nbsp;&nbsp;&nbsp;&nbsp;&nbsp;&nbsp;&nbsp;<\/p>\n<p>1. Msze \u015bw. w Ko\u015bciele Parafialnym&nbsp;&nbsp; wieczorem.g.17.00 w \u015arednim W . w Czwartek godz.18.00<\/p>\n<p>2.W pi\u0105tek \u015awiatowy Dzie\u0144 Chorego. Modlimy si\u0119 za chorych<\/p>\n<p>Msze \u015bw. w Ko\u015bciele Parafialnym rano.g.9.00 z udzieleniem indywidualngo b\u0142ogos\u0142awie\u0144stwa.<\/p>\n<p>3.Sprz\u0105tanie ko\u015bcio\u0142a<\/p>\n<p>&nbsp;\u0141ukowe : Osenkowska Monika,Wania Danuta,Fil J\u00f3zefa<\/p>\n<p>\u015arednie Wielkie : Sydorczak Halina, Sydorczak Ludwika<\/p>\n<p>4.Intencje Mszalne<\/p>\n<p>Pon.17.00 O zdr. Bo\u017ce b\u0142. i opiek\u0119 MB dla Magdaleny<\/p>\n<p>Wt.17.00&nbsp; O zdr. Bo\u017ce b\u0142. i opiek\u0119 MB dla&nbsp; Tomasza<\/p>\n<p>\u015ar.17.00 +Tadeusza Kabala int. od u pogrzebu<\/p>\n<p>Czw.17.00&nbsp; +Tadeusza Kabala int. od u pogrzebu<\/p>\n<p>Czw.18.00 +J\u00f3zef Owsianik int. od bratanicy Aliny z m\u0119\u017cem<\/p>\n<p>Pi\u0105&nbsp; 9.00&nbsp; Z r\u00f3\u017cy Anny Su\u0142kowskiej&nbsp; o zdr. Bo\u017ce b\u0142 i opiek\u0119&nbsp; MB dla si\u00f3str i za zmar\u0142e siostry<\/p>\n<p>Sob.17.00 O zdr. Bo\u017ce b\u0142. i opiek\u0119 MB dla&nbsp;&nbsp; Agnieszki Lis&nbsp; int. od Janiny, Barbary i Iwony<\/p>\n<p>7.30+Jan Puzio 6 r. \u015bmierci int. od najbli\u017cszej rodziny<\/p>\n<p>9.30&nbsp; +J\u00f3zef Owsianik int od&nbsp; Arkadiusza z rodzin\u0105<\/p>\n<p>11.00&nbsp; +Wies\u0142aw\u0119 Sadlik 13 r.\u015bmierci, +Adam Wr\u00f3bel int. od mamy<\/p>\n<p><span style=\"color: #ff0000;\">&nbsp;&nbsp;&nbsp;<\/span><\/p>\n<p>&nbsp;&nbsp;&nbsp;&nbsp;&nbsp;&nbsp;&nbsp;&nbsp;&nbsp;&nbsp;&nbsp;&nbsp;&nbsp;&nbsp;&nbsp;&nbsp;&nbsp;&nbsp;&nbsp;&nbsp;&nbsp;&nbsp;&nbsp;&nbsp;&nbsp;&nbsp;&nbsp;&nbsp;&nbsp;&nbsp;&nbsp;&nbsp;&nbsp;&nbsp;&nbsp;&nbsp;&nbsp;&nbsp;&nbsp;&nbsp;&nbsp;&nbsp;<span style=\"color: #ff0000;\">&nbsp;&nbsp;&nbsp;&nbsp;&nbsp;&nbsp; 4 N. zwyk\u0142a 30.01. 2022r.&nbsp;&nbsp;&nbsp;<\/span>&nbsp;&nbsp;&nbsp;&nbsp;&nbsp;&nbsp;&nbsp;&nbsp;&nbsp;&nbsp;&nbsp;&nbsp;&nbsp;&nbsp;&nbsp;&nbsp;&nbsp;&nbsp;&nbsp;&nbsp;&nbsp;&nbsp;&nbsp;&nbsp;&nbsp;&nbsp;&nbsp;&nbsp;&nbsp;&nbsp;&nbsp;&nbsp;&nbsp;&nbsp;&nbsp;&nbsp;&nbsp;&nbsp;&nbsp;&nbsp;&nbsp;&nbsp;&nbsp;&nbsp;&nbsp;&nbsp;&nbsp;&nbsp;&nbsp;&nbsp;&nbsp;&nbsp;&nbsp;&nbsp;&nbsp;&nbsp;&nbsp;&nbsp;&nbsp;&nbsp;&nbsp;&nbsp;&nbsp;&nbsp;&nbsp;&nbsp;&nbsp;&nbsp;&nbsp;&nbsp;&nbsp;&nbsp;&nbsp;&nbsp;&nbsp;&nbsp;&nbsp;&nbsp;&nbsp;&nbsp;&nbsp;&nbsp;&nbsp;&nbsp;&nbsp;&nbsp;&nbsp;&nbsp;&nbsp;&nbsp;&nbsp;&nbsp;&nbsp;&nbsp;&nbsp;&nbsp;&nbsp;&nbsp;&nbsp;&nbsp;&nbsp;&nbsp;&nbsp;&nbsp;&nbsp;&nbsp;&nbsp; &nbsp; &nbsp; &nbsp; &nbsp; &nbsp; &nbsp; &nbsp; &nbsp; &nbsp; &nbsp; &nbsp; &nbsp; &nbsp; &nbsp; &nbsp; &nbsp; &nbsp; &nbsp; &nbsp; &nbsp; &nbsp; &nbsp; &nbsp; &nbsp; &nbsp; &nbsp; &nbsp; &nbsp; &nbsp; &nbsp; &nbsp; &nbsp; &nbsp; &nbsp; &nbsp; &nbsp; &nbsp; &nbsp; &nbsp; &nbsp; &nbsp; &nbsp; &nbsp; &nbsp; &nbsp; &nbsp;&nbsp;<\/p>\n<p>1.Msze \u015bw. w Ko\u015bciele Parafialnym&nbsp;&nbsp; wieczorem o godzinie&nbsp; 17.00&nbsp;&nbsp;<\/p>\n<p><strong><span style=\"color: #ff0000;\">2.We Wtorek \u015awi\u0119to Ofiarowania Pa\u0144skiego, czyli MB Gromnicznej. Msze \u015bw 7.30. 17.00 &nbsp; &nbsp; &nbsp; <\/span>&nbsp; &nbsp; &nbsp; &nbsp; &nbsp; &nbsp; &nbsp; &nbsp; &nbsp; &nbsp;&nbsp;<\/strong><\/p>\n<p><span style=\"color: #ff0000;\"><strong>\u015arednie Wielkie 18.00. <\/strong><\/span>Na ka\u017cdej Mszy \u015bw. po\u015bwi\u0119cenie gromnic.&nbsp; Dzie\u0144 \u017cycia konsekrowanego &nbsp; &nbsp; &nbsp; &nbsp; &nbsp; &nbsp; &nbsp; &nbsp; Taca jak co roku, przeznaczona na Klasztory Klauzurowe.&nbsp; &nbsp;&nbsp;&nbsp;&nbsp;&nbsp;&nbsp;&nbsp;&nbsp;&nbsp;&nbsp;&nbsp;&nbsp;&nbsp;&nbsp;&nbsp;&nbsp;&nbsp;&nbsp;&nbsp;&nbsp;&nbsp;&nbsp;&nbsp;&nbsp;&nbsp;&nbsp;&nbsp;&nbsp;&nbsp;&nbsp;&nbsp;&nbsp;&nbsp;&nbsp;&nbsp;&nbsp;&nbsp;&nbsp;&nbsp;&nbsp;&nbsp;&nbsp;&nbsp;&nbsp;&nbsp;&nbsp;&nbsp;&nbsp;&nbsp;&nbsp;&nbsp;&nbsp;&nbsp;&nbsp;&nbsp;&nbsp;&nbsp;&nbsp;&nbsp;&nbsp;&nbsp;&nbsp;&nbsp;&nbsp;&nbsp;&nbsp;&nbsp;&nbsp;&nbsp;&nbsp;&nbsp;&nbsp;&nbsp;&nbsp;&nbsp;&nbsp;&nbsp;&nbsp;&nbsp;&nbsp;&nbsp;&nbsp;&nbsp;&nbsp;&nbsp;&nbsp;&nbsp;&nbsp;&nbsp;&nbsp;&nbsp;&nbsp;&nbsp;&nbsp;&nbsp;&nbsp;&nbsp;&nbsp;&nbsp;&nbsp;&nbsp;&nbsp;&nbsp;&nbsp;&nbsp;&nbsp;&nbsp;&nbsp;&nbsp;&nbsp;&nbsp;&nbsp;&nbsp;&nbsp;&nbsp;&nbsp;&nbsp;&nbsp;&nbsp;&nbsp;&nbsp;&nbsp;&nbsp;&nbsp;&nbsp;<\/p>\n<p>3.Uczniowie kl.3 SP w tym dniu w Ko\u015bciele parafialnym otrzymaj\u0105 po\u015bwi\u0119cone ksi\u0105\u017ceczki,&nbsp;&nbsp;&nbsp;&nbsp;&nbsp;&nbsp;&nbsp;&nbsp;&nbsp;&nbsp;&nbsp;&nbsp;&nbsp;&nbsp;&nbsp;&nbsp;&nbsp;&nbsp;&nbsp;&nbsp;&nbsp;&nbsp;&nbsp;&nbsp;&nbsp;&nbsp;&nbsp; o g.17.00.&nbsp; Zapraszam uczni\u00f3w z rodzicami.&nbsp;&nbsp;&nbsp;&nbsp;&nbsp;&nbsp;&nbsp;&nbsp;&nbsp;&nbsp;&nbsp;&nbsp;&nbsp;&nbsp;&nbsp;&nbsp;&nbsp;&nbsp;&nbsp;&nbsp;&nbsp;&nbsp;&nbsp;&nbsp;&nbsp;&nbsp;&nbsp;&nbsp;&nbsp;&nbsp;&nbsp;&nbsp;&nbsp;&nbsp;&nbsp;&nbsp;&nbsp;&nbsp;&nbsp;&nbsp;&nbsp;&nbsp;&nbsp;&nbsp;&nbsp;&nbsp;&nbsp;&nbsp;&nbsp;&nbsp;&nbsp;&nbsp;&nbsp;&nbsp;&nbsp;&nbsp;&nbsp;&nbsp;&nbsp;&nbsp;&nbsp;&nbsp;&nbsp;&nbsp;&nbsp;&nbsp;&nbsp;&nbsp;&nbsp;&nbsp;&nbsp;&nbsp;&nbsp;&nbsp;&nbsp;&nbsp;&nbsp;&nbsp;&nbsp;&nbsp;&nbsp;&nbsp;&nbsp; &nbsp;&nbsp;&nbsp;&nbsp;&nbsp;&nbsp;&nbsp;&nbsp;&nbsp;&nbsp;&nbsp;&nbsp;&nbsp;&nbsp;&nbsp;&nbsp;&nbsp;&nbsp;&nbsp;&nbsp;&nbsp;&nbsp;<\/p>\n<p>4.W Czwartek <strong>Wsp. \u015bw.B\u0142a\u017ceja<\/strong> po\u015bwi\u0119cenie jab\u0142ek \u015aw. B\u0142a\u017cej patron od chor\u00f3b gard\u0142a.<\/p>\n<p>5.W sobot\u0119 Wsp. \u015aw. Agaty po\u015bwi\u0119cenie&nbsp; Chleba i&nbsp; wody.&nbsp;<\/p>\n<p>6.W tym tyg. 1 Cz.1P. 1.Sob miesi\u0105ca. &nbsp;&nbsp;&nbsp;&nbsp;&nbsp;&nbsp;&nbsp;&nbsp;&nbsp;&nbsp;&nbsp;&nbsp;&nbsp;&nbsp;&nbsp;&nbsp;&nbsp;&nbsp;&nbsp;&nbsp;&nbsp;&nbsp;&nbsp;&nbsp;&nbsp;&nbsp;&nbsp;&nbsp;&nbsp;&nbsp;&nbsp;&nbsp;&nbsp;&nbsp;&nbsp;&nbsp;&nbsp;&nbsp;&nbsp;&nbsp;&nbsp;&nbsp;&nbsp;&nbsp;&nbsp;&nbsp;&nbsp;&nbsp;&nbsp;&nbsp;&nbsp;&nbsp;&nbsp;&nbsp;&nbsp;&nbsp;&nbsp;&nbsp;&nbsp;&nbsp;&nbsp;&nbsp;&nbsp;&nbsp;&nbsp;&nbsp;&nbsp;&nbsp;&nbsp;&nbsp;&nbsp;&nbsp;&nbsp;&nbsp;&nbsp;&nbsp;<\/p>\n<p>7.Sprz\u0105tanie ko\u015bcio\u0142a<\/p>\n<p>\u0141ukowe : Sywanicz Wioletta, Fil Krystyna, Dubanik W\u0142adys\u0142aw<\/p>\n<p>\u015arednie Wielkie :Stach Barbara,Galica Bogus\u0142awa,Niepok\u00f3j Agnieszka<\/p>\n<p>8..Intencje Mszalne<\/p>\n<p>Pon.17.00 +Anna int. od c\u00f3rki<\/p>\n<p>Wt. 17.00 O zdr. Bo\u017ce b\u0142. i opiek\u0119 MB dla Magdaleny<\/p>\n<p><strong>\u015aroda MB Gromnicznej<\/strong><\/p>\n<p>7.30&nbsp; Z r\u00f3\u017cy Heleny Izdebskiej o zdr. Bo\u017ce b\u0142. i opiek\u0119 MB Gromnicznej dla si\u00f3str r\u00f3\u017ca\u0144cowych i za zmar\u0142e siostry<\/p>\n<p>17.00+Franciszek Antolak&nbsp; 1 rocz. \u015bmierci<\/p>\n<p>18.00 \u015arednie W.&nbsp; O zdr. Bo\u017ce b\u0142 i opiek\u0119 MB dla rodzin Galica i Niepok\u00f3j<\/p>\n<p>Czw.17.00 O zdr. Bo\u017ce b\u0142. i opiek\u0119 MB dla B\u0142a\u017ceja<\/p>\n<p>Pi\u0105.17.00+Urszula Cicho\u0144ska od wnuczki Wioletty z rodzin\u0105<\/p>\n<p>Sob.+Maria i Tadeusz Sikora<\/p>\n<p>N.7.30&nbsp; Za parafian<\/p>\n<p>9.30&nbsp; +J\u00f3zef Owsianik int. od<\/p>\n<p>11.00&nbsp; +Czes\u0142aw Armata int. od \u017cony i dzieci<\/p>\n<p>9.Dzi\u015b &nbsp;w ko\u015bciele parafialnym po sumie odb\u0119dzie si\u0119 koncert kol\u0119d .&nbsp; Ch\u00f3r\u00f3w z \u0141ukowego&nbsp; i \u015aredniego Wielkiego ,organizatorzy &nbsp;serdecznie zapraszaj\u0105.<\/p>\n<p>&nbsp;<\/p>\n<p style=\"text-align: left;\">&nbsp;&nbsp;&nbsp;&nbsp;&nbsp;&nbsp;&nbsp;&nbsp;&nbsp;&nbsp;&nbsp;&nbsp;&nbsp;&nbsp;&nbsp;&nbsp;&nbsp;&nbsp;&nbsp;&nbsp;&nbsp;&nbsp;&nbsp;&nbsp;&nbsp;&nbsp;&nbsp;&nbsp;&nbsp;&nbsp;&nbsp;&nbsp;&nbsp;&nbsp;&nbsp;&nbsp;&nbsp;&nbsp;&nbsp;&nbsp; &nbsp; &nbsp; &nbsp; &nbsp;&nbsp; <span style=\"color: #ff0000;\">3 N. zwyk\u0142a 23.01. 2022r.&nbsp;<\/span>&nbsp;&nbsp;&nbsp;&nbsp;&nbsp;&nbsp;&nbsp;&nbsp;&nbsp;&nbsp;&nbsp;&nbsp;&nbsp;&nbsp;&nbsp;&nbsp;&nbsp;&nbsp;&nbsp;&nbsp;&nbsp;&nbsp;&nbsp;&nbsp;&nbsp;&nbsp;&nbsp;&nbsp;&nbsp;&nbsp;&nbsp;&nbsp;&nbsp;&nbsp;&nbsp;&nbsp;&nbsp;&nbsp;&nbsp;&nbsp;&nbsp;&nbsp;&nbsp;&nbsp;&nbsp;&nbsp;&nbsp;&nbsp;&nbsp;&nbsp;&nbsp;&nbsp;&nbsp;&nbsp;&nbsp;&nbsp;&nbsp;&nbsp;&nbsp;&nbsp;&nbsp;&nbsp;&nbsp;&nbsp;&nbsp;&nbsp;&nbsp;&nbsp;&nbsp;&nbsp;&nbsp;&nbsp;&nbsp;&nbsp;&nbsp;&nbsp;&nbsp;&nbsp;&nbsp;&nbsp;&nbsp;&nbsp;&nbsp;&nbsp;&nbsp;&nbsp;&nbsp;&nbsp;&nbsp;&nbsp;&nbsp;&nbsp;&nbsp;&nbsp;&nbsp;&nbsp;&nbsp;&nbsp;&nbsp;&nbsp;&nbsp;&nbsp;&nbsp;&nbsp;&nbsp;&nbsp;&nbsp;&nbsp;&nbsp;&nbsp; 1.Msze \u015bw. w Ko\u015bciele Parafialnym&nbsp;&nbsp; wieczorem.g.17.00, w \u015arednim W. w Czw. godz.18.00&nbsp;&nbsp;&nbsp;&nbsp;&nbsp;&nbsp;&nbsp;&nbsp;&nbsp;&nbsp;&nbsp;&nbsp;&nbsp;&nbsp;&nbsp;&nbsp;&nbsp;&nbsp;&nbsp;&nbsp;&nbsp;&nbsp;&nbsp;&nbsp;&nbsp;&nbsp;&nbsp;&nbsp;&nbsp;&nbsp;&nbsp;&nbsp;&nbsp;&nbsp;&nbsp;&nbsp;&nbsp;&nbsp; &nbsp;&nbsp;&nbsp;&nbsp;&nbsp;&nbsp;&nbsp;&nbsp;&nbsp;&nbsp;&nbsp;&nbsp;&nbsp;<\/p>\n<p>2.Dzi\u015b Niedziela S\u0142owa Bo\u017cego.<\/p>\n<p>3.We Wtorek \u015awi\u0119to Nawr\u00f3cenia \u015awi\u0119tego Paw\u0142a i zako\u0144czenie Tygodnia Modlitw o Jedno\u015b\u0107 Chrze\u015bcijan .<\/p>\n<p>4.Sprz\u0105tanie ko\u015bcio\u0142a:<\/p>\n<p>\u0141ukowe : Armata Maria, D\u017cu\u0142yk Edyta,Rosiek Maria<\/p>\n<p>\u015arednie Wielkie :Kopczyk Barbara, Kopczyk Emilia<\/p>\n<p>&nbsp;5.Intencje Mszalne<\/p>\n<p>Pon.17.00 + Czes\u0142aw Armata i Stanis\u0142aw Swala\u017c int. od wnuczki Edyty z rodzin\u0105<\/p>\n<p>Wt.17.00 O zdr. Bo\u017ce b\u0142. i opiek\u0119 MB dla Emilki i B\u0142a\u017ceja w dniu urodzin i&nbsp; dla Paw\u0142a<\/p>\n<p>\u015ar.17.00 +Tadeusza Kabala int od rodziny Pa\u0142asz<\/p>\n<p>Czw.17.00&nbsp; Za parafian<\/p>\n<p>Czw.\u015arednie W. 18.00 +Maria Hebda int. od u pogrzebu<\/p>\n<p>Pi\u0105.17.00 +Tadeusz Kabala int. od u pogrzebu<\/p>\n<p>Sob.17.00&nbsp; Za Dusze w czyj\u015b\u0107cu cierpi\u0105ce<\/p>\n<p><strong>N.<\/strong>7.30 +Piotr,Weronika ,Marek \u015awi\u0119ch<\/p>\n<p>9.30 + J\u00f3zef Owsianik int.od wnuka Daniela z \u017con\u0105 i prawnukami<\/p>\n<p>11.00 + W\u0142adys\u0142aw\u0119 Zarzyczny,+Zygmunta.+Ann\u0119 Krzysztofiak<\/p>\n<p>6.W zakrystii mo\u017cna zaopatrzy\u0107 si\u0119 w gromnic\u0119 z okapnikiem.<\/p>\n<p><strong>7.Za tydzie\u0144 w ko\u015bciele parafialnym po sumie odb\u0119dzie si\u0119 koncert kol\u0119d ,&nbsp;&nbsp;&nbsp;&nbsp;&nbsp;&nbsp;&nbsp;&nbsp;&nbsp;&nbsp;&nbsp;&nbsp;&nbsp;&nbsp;&nbsp;&nbsp;&nbsp;&nbsp;&nbsp;&nbsp;&nbsp;&nbsp;&nbsp;&nbsp;&nbsp;&nbsp;&nbsp;&nbsp;&nbsp;&nbsp;&nbsp;&nbsp;&nbsp; &nbsp;&nbsp;&nbsp;&nbsp;&nbsp;&nbsp;&nbsp;&nbsp;&nbsp;&nbsp;&nbsp;&nbsp;&nbsp;&nbsp;&nbsp;&nbsp;&nbsp;&nbsp;&nbsp;&nbsp;&nbsp;&nbsp;&nbsp;&nbsp;&nbsp;&nbsp;&nbsp;&nbsp;&nbsp;&nbsp;&nbsp;&nbsp;&nbsp;&nbsp;&nbsp;&nbsp;&nbsp;&nbsp;&nbsp;&nbsp;&nbsp;&nbsp;&nbsp;&nbsp;&nbsp;&nbsp;&nbsp;&nbsp;&nbsp;&nbsp;&nbsp;&nbsp;&nbsp;&nbsp;&nbsp;&nbsp;&nbsp;&nbsp;&nbsp;&nbsp;&nbsp;&nbsp;&nbsp;&nbsp;&nbsp;&nbsp;&nbsp;&nbsp;&nbsp;&nbsp;&nbsp;&nbsp;&nbsp;&nbsp;&nbsp;&nbsp;&nbsp;&nbsp;&nbsp;&nbsp;&nbsp;&nbsp;&nbsp;&nbsp;&nbsp;&nbsp;&nbsp;&nbsp;&nbsp;&nbsp;&nbsp;&nbsp;&nbsp;&nbsp;&nbsp;&nbsp;&nbsp;&nbsp;&nbsp;&nbsp;&nbsp;&nbsp;&nbsp;&nbsp;&nbsp;&nbsp;&nbsp;&nbsp;&nbsp;&nbsp;&nbsp;&nbsp;&nbsp;&nbsp;&nbsp;&nbsp;&nbsp;&nbsp;&nbsp;&nbsp;&nbsp;&nbsp;&nbsp;&nbsp;&nbsp;&nbsp;&nbsp;&nbsp;&nbsp;&nbsp;&nbsp;&nbsp;&nbsp;&nbsp;&nbsp;&nbsp;&nbsp;&nbsp;&nbsp;&nbsp;&nbsp;&nbsp;&nbsp;&nbsp;&nbsp;&nbsp;&nbsp;&nbsp;&nbsp;&nbsp;&nbsp;&nbsp;&nbsp;&nbsp;&nbsp;&nbsp;&nbsp;&nbsp;&nbsp;&nbsp;&nbsp;&nbsp;&nbsp;&nbsp;&nbsp;&nbsp;&nbsp;&nbsp;&nbsp;&nbsp;&nbsp;&nbsp;&nbsp;&nbsp;&nbsp;&nbsp;&nbsp;&nbsp;&nbsp;&nbsp;&nbsp;&nbsp;&nbsp;&nbsp;&nbsp;&nbsp;&nbsp;&nbsp;&nbsp;&nbsp;&nbsp;&nbsp;&nbsp;&nbsp;&nbsp;&nbsp;&nbsp;&nbsp;&nbsp;&nbsp;&nbsp;&nbsp;&nbsp;&nbsp;&nbsp;&nbsp;&nbsp;&nbsp;&nbsp;&nbsp;&nbsp; Ch\u00f3r\u00f3w z \u0141ukowego ,\u015aredniego W. i&nbsp; z Kalnicy. Organizatorzy &nbsp;serdecznie zapraszaj\u0105.<\/strong><\/p>\n<p style=\"text-align: center;\"><span style=\"color: #ff0000;\">2 N.zwyk\u0142a&nbsp;&nbsp;&nbsp;&nbsp; 16.01.2022r.<\/span><\/p>\n<p>1.Msze \u015bw.w tym tyg.&nbsp; wieczorem o g.17.00<\/p>\n<p>&nbsp;2.We wtorek rozpoczyna si\u0119 Tydzie\u0144 Modlitw o Jedno\u015b\u0107 Chrze\u015bcijan.Za udzia\u0142 nabo\u017ce\u0144stwie mo\u017cna zyska\u0107 odpust zupe\u0142ny.<\/p>\n<p>3.W \u015brod\u0119 wsp.\u015aw.Sebastiana J\u00f3zefa Pelczara. Za tydzie\u0144 Niedziela S\u0142owa Bo\u017cego.<\/p>\n<p>&nbsp;4.<strong>W Pi\u0105tek \u2013 Dzie\u0144 Babci, a w Sobot\u0119 &#8211; Dzie\u0144 Dziadka.<\/strong> Modlimy si\u0119 za Senior\u00f3w.Serdecznie zapraszam<\/p>\n<p>5.Intencje Mszalne<\/p>\n<p>Pon.17.00 +Adam Wr\u00f3bel int. od u pogrzebu<\/p>\n<p>Wt.17.00&nbsp; +Tadeusz Kabala int.od Barbary Furdak<\/p>\n<p>Sr.17.00 +Teresa Migalska&nbsp; int. od c\u00f3rki z rodzin\u0105<\/p>\n<p>Czw.17.00 &nbsp;Za parafian<\/p>\n<p>Czw.18.00 +Maria Hebda int.od u pogrzebu<\/p>\n<p>Pi\u0105.17.00 +Kamila i Franciszek Siedleccy<\/p>\n<p>Sob. 17.00 +Kamila i Franciszek Siedleccy<\/p>\n<p>N.7.30 +Eleonora Kocur int. od Czes\u0142awy i Teresy &nbsp;Szlaga<\/p>\n<p>9.30 +J\u00f3zef Owsianik int. od wnuczki Sylwii z rodzin\u0105<\/p>\n<p>11.00&nbsp; + Tadeusz Kabala int. od Gra\u017cyny<\/p>\n<p>&nbsp;<\/p>\n<p>&nbsp;<\/p>\n<p>&nbsp;<\/p>\n<p>&nbsp;&nbsp;&nbsp;&nbsp;&nbsp;&nbsp;&nbsp;&nbsp;&nbsp;&nbsp;&nbsp;&nbsp;&nbsp;&nbsp;&nbsp;&nbsp;&nbsp;&nbsp;&nbsp;&nbsp;&nbsp;&nbsp;&nbsp;&nbsp;&nbsp;&nbsp;&nbsp;&nbsp;&nbsp;&nbsp;&nbsp;&nbsp;&nbsp;&nbsp;&nbsp;&nbsp;&nbsp;&nbsp; <span style=\"color: #ff0000;\">2 N. po Bo\u017cym Narodzeniu&nbsp; 02.01. 2022r<\/span><\/p>\n<p>1.Msze \u015bw. w Ko\u015bciele Parafialnym&nbsp; wieczorem godz.17.00<\/p>\n<p>2.We Czw.6.01 Ur. Objawienia Pa\u0144skiego czyli Trzech Kr\u00f3li.Msze \u015bw&nbsp; jak w niedziel\u0119 7.30,9.30, 11.00 . Na ka\u017cdej Mszy \u015bw. Po\u015bwi\u0119cenie kredy i kadzid\u0142a.<\/p>\n<p>3.Dzisiejsza taca przeznaczona na WSD w Przemy\u015blu. A w Trzech Kr\u00f3li na Misje.Wiemy \u017ce kol\u0119dy tradycyjnej nie b\u0119dzie ,ale zapraszam do ko\u015bcio\u0142a numerami&nbsp; dom\u00f3w jak w przysz\u0142ym roku 2021. Prosz\u0119 przynie\u015b\u0107 wod\u0119 do po\u015bwi\u0119cenia domu lub mieszkania,b\u0119dzie sobie&nbsp; mo\u017cna &nbsp;wzi\u0105\u0107 ze stolika ksi\u0105\u017ceczk\u0119 i obrazek&nbsp; kol\u0119dowy.B\u0119dzie b\u0142ogos\u0142awie\u0144stwo rodzin danego rejonu. Msza \u015aw., odprawiana b\u0119dzie w int . parafian tych rodzin ,kt\u00f3re zgromadz\u0105 si\u0119&nbsp; w tym dniu w ko\u015bciele.&nbsp; B\u00f3g zap\u0142a\u0107.<\/p>\n<ol start=\"4\">\n<li>W tym tyg przypada 1Czw. 1 P. miesi\u0105ca<\/li>\n<li>.Intencje Mszalne&nbsp;&nbsp;<strong>\u0141ukowe<\/strong>&nbsp;<strong>Pon. 17.00 &nbsp;Za parafian od nr.1-40 z pro\u015bb\u0105 o zdrowie . Bo\u017ce b\u0142 . i opiek\u0119 MB&nbsp;<\/strong><strong>&nbsp;Wt.17.00&nbsp; Za parafian od nr.41-80 z pro\u015bb\u0105 o zdrowie . Bo\u017ce b\u0142 . i opiek\u0119 MB<\/strong><strong>\u015ar.17.00 Za parafian od nr.81-120 z pro\u015bb\u0105 o zdrowie . Bo\u017ce b\u0142 . i opiek\u0119 MB<\/strong><strong>\u015arednie W. Po\u0144.18.00&nbsp; Za parafian z Kalnicy z pro\u015bb\u0105 o zdrowie . Bo\u017ce b\u0142 . i opiek\u0119 MB&nbsp;<\/strong><strong>Wt.18.00&nbsp; Za parafian Bloki Osiedle z pro\u015bb\u0105 o zdrowie . Bo\u017ce b\u0142 . i opiek\u0119 MB<\/strong><strong>\u015ar.18.00 Za parafian \u015arednie Wielkie wie\u015b i Dworskie z pro\u015bb\u0105 o zdrowie . Bo\u017ce b\u0142 i opiek\u0119 MB&nbsp;<\/strong><strong>Czw. Trzech Kr\u00f3li<\/strong>7.30 +Zofia i Ludwik Cicho\u0144scy int. od W\u0142adys\u0142awy9.30 +Maria Hebda int. od u pogrzebu&nbsp; 111.00&nbsp; +Katarzyn\u0119 Iwanisik 8 rocznica \u015bmierciPi\u0105.17.00&nbsp; Za parafian od nr.121 i \u015arednie W. z pro\u015bb\u0105 o zdrowie . Bo\u017ce b\u0142 . i opiek\u0119 MBSob.17.00&nbsp; + Adam Wr\u00f3bel int. od u pogrzebuN 7.30 + Tadeusz Kabala int. od rodziny&nbsp; Cygal9.30 +J\u00f3zef Owsianik int. od&nbsp; c\u00f3rki z m\u0119\u017cem11.00&nbsp; O zdrowie Bo\u017ce b\u0142. potrzebne \u0142aski i opiek\u0119 MB dla Edmund<\/li>\n<\/ol>\n<p>&nbsp;&nbsp;&nbsp;&nbsp;&nbsp;&nbsp;&nbsp;&nbsp;&nbsp;&nbsp;&nbsp;&nbsp;&nbsp;&nbsp;&nbsp;&nbsp;&nbsp;&nbsp;&nbsp;&nbsp;&nbsp;&nbsp;&nbsp;&nbsp;&nbsp;&nbsp;&nbsp;&nbsp;&nbsp;&nbsp;&nbsp;&nbsp;&nbsp;&nbsp;&nbsp;&nbsp;&nbsp;&nbsp;&nbsp;&nbsp;&nbsp; &nbsp;<span style=\"color: #ff0000;\"> &nbsp;&nbsp;&nbsp;&nbsp;&nbsp;&nbsp;&nbsp;&nbsp;&nbsp;&nbsp;&nbsp; 4 N. Adwentu&nbsp;&nbsp;&nbsp; 19.12. 2021r.<\/span><\/p>\n<p>&nbsp;1.W ko\u015bciele parafialnym Msze \u015bw. &#8211;&nbsp; Roraty w tym tygodniu&nbsp; o &nbsp;godz.7.00 &nbsp;&nbsp;&nbsp;&nbsp;&nbsp;&nbsp;&nbsp;&nbsp;&nbsp;&nbsp;&nbsp;&nbsp;&nbsp;&nbsp;&nbsp;&nbsp;&nbsp;&nbsp;&nbsp;&nbsp;&nbsp;&nbsp;&nbsp;&nbsp;&nbsp;&nbsp;&nbsp;&nbsp;&nbsp;&nbsp;&nbsp;&nbsp;&nbsp;&nbsp;&nbsp;&nbsp;&nbsp;&nbsp;&nbsp;&nbsp;&nbsp;&nbsp;&nbsp;&nbsp;&nbsp;&nbsp;&nbsp;&nbsp;&nbsp;&nbsp;&nbsp;&nbsp;&nbsp;&nbsp;<\/p>\n<p>2 .W pi\u0105tek&nbsp; 24.12 &#8211;<span style=\"color: #ff0000;\">Wigilia,<\/span> jest dniem oczekiwania na Ur. Bo\u017cego Narodzenia. Wieczorem z pierwsz\u0105 gwiazdk\u0105 zasi\u0105dziemy do wieczerzy wigilijnej. Wiecz\u00f3r ten powinien by\u0107 czasem modlitwy, Czyt. Pisma \u015bw, \u015bpiewania kol\u0119d&nbsp; i udania si\u0119 na&nbsp; Pasterk\u0119. Zapraszam.&nbsp;&nbsp;<\/p>\n<p>3.<strong><span style=\"color: #ff0000;\">Pasterka<\/span> w Pi\u0105tek :\u015arednie Wielkie&nbsp; o godzinie 22.30, &nbsp; \u0141ukowe.&nbsp; o godzinie&nbsp;&nbsp; 24.00.&nbsp;<br \/>\n<\/strong><\/p>\n<p>4.W<span style=\"color: #ff0000;\"> Sobot\u0119<\/span> <strong>&nbsp;25.12<\/strong>. <span style=\"color: #ff0000;\"><u>Ur.Bo\u017cego Narodzenia<\/u> <\/span>,Msze \u015aw. jak w Niedziel\u0119 7.30,11.00 \u015arednie W. 9.30<\/p>\n<p>5.W <strong><span style=\"color: #ff0000;\">Niedziel\u0119<\/span> &nbsp;26.12<\/strong>.&nbsp; <u><span style=\"color: #ff0000;\">\u015awi\u0119to &nbsp;\u015awi\u0119tej Rodziny<\/span> , odnowienie przyrzecze\u0144 ma\u0142\u017ce\u0144skich .<\/u><\/p>\n<p><u>Msze \u015aw. jak w Niedziel\u0119 7.30,11.00 \u015arednie W. 9.30 .Na ka\u017cdej Mszy \u015aw. ,po\u015bwi\u0119cenie owsa.<br \/>\n<\/u><\/p>\n<p>&nbsp;&nbsp;&nbsp;&nbsp;&nbsp;&nbsp;&nbsp;&nbsp;&nbsp;&nbsp;&nbsp;&nbsp;&nbsp;&nbsp;&nbsp;&nbsp;&nbsp;&nbsp;&nbsp;&nbsp;&nbsp;&nbsp;&nbsp;&nbsp;&nbsp;&nbsp;&nbsp;&nbsp;&nbsp;&nbsp;&nbsp;&nbsp;&nbsp;&nbsp;&nbsp;&nbsp;&nbsp;&nbsp;&nbsp;&nbsp;&nbsp; &nbsp;&nbsp;4 N. Adwentu&nbsp;&nbsp;&nbsp; 19.12. 2021r.<\/p>\n<p>&nbsp;1.Od Pon \u2013 Czw.Msza \u015bw. Roratnia w Ko\u015bciele Parafialnym o &nbsp;g.7 00&nbsp;&nbsp;&nbsp;&nbsp;&nbsp;&nbsp;&nbsp;&nbsp;&nbsp;&nbsp;&nbsp;&nbsp;&nbsp;&nbsp;&nbsp;&nbsp;&nbsp;&nbsp;&nbsp;&nbsp;&nbsp;&nbsp;&nbsp;&nbsp;&nbsp;&nbsp;&nbsp;&nbsp;&nbsp;&nbsp;&nbsp;&nbsp;&nbsp;&nbsp;&nbsp;&nbsp;&nbsp;&nbsp;&nbsp;&nbsp;&nbsp;&nbsp;&nbsp;&nbsp;&nbsp;&nbsp;&nbsp;&nbsp;&nbsp;&nbsp;&nbsp;&nbsp;&nbsp;&nbsp;&nbsp;&nbsp;&nbsp;&nbsp;&nbsp;&nbsp;&nbsp;&nbsp;&nbsp;&nbsp;&nbsp;&nbsp;&nbsp; 2 .W pi\u0105tek&nbsp; 24.12 &#8211; jest dniem oczekiwania na Ur. Bo\u017cego Narodzenia. Wieczorem z pierwsz\u0105 gwiazdk\u0105 zasi\u0105dziemy do wieczerzy wigilijnej. Wiecz\u00f3r ten powinien by\u0107 czasem modlitwy, Czyt. Pisma \u015bw, \u015bpiewania kol\u0119d&nbsp; i udania si\u0119 na&nbsp; Pasterk\u0119. Zapraszam.&nbsp;&nbsp;&nbsp;&nbsp;&nbsp;&nbsp;&nbsp;&nbsp;&nbsp;&nbsp;&nbsp;&nbsp;&nbsp;&nbsp;&nbsp;&nbsp;&nbsp;&nbsp;&nbsp;&nbsp;&nbsp;&nbsp;&nbsp;&nbsp;&nbsp;&nbsp;&nbsp;&nbsp;&nbsp;&nbsp;&nbsp;&nbsp;&nbsp;&nbsp;&nbsp;&nbsp;&nbsp;&nbsp;&nbsp;&nbsp;&nbsp;&nbsp;&nbsp;&nbsp;&nbsp;&nbsp;&nbsp;&nbsp;&nbsp;&nbsp;&nbsp;&nbsp;&nbsp;&nbsp; &nbsp;&nbsp;&nbsp;&nbsp;&nbsp;&nbsp;&nbsp;&nbsp;&nbsp;&nbsp;&nbsp;&nbsp;&nbsp;&nbsp;&nbsp;&nbsp;&nbsp;&nbsp;&nbsp;&nbsp;&nbsp;&nbsp;&nbsp;&nbsp;&nbsp;&nbsp;&nbsp;&nbsp;&nbsp;&nbsp;&nbsp;&nbsp;&nbsp;&nbsp;&nbsp;&nbsp;&nbsp;&nbsp;&nbsp;&nbsp;&nbsp;&nbsp;&nbsp;&nbsp;&nbsp;&nbsp;&nbsp;&nbsp;&nbsp;&nbsp;&nbsp;&nbsp;&nbsp;&nbsp;&nbsp;&nbsp;&nbsp;&nbsp;&nbsp;&nbsp;&nbsp;&nbsp;&nbsp;&nbsp;&nbsp;&nbsp;&nbsp;&nbsp;&nbsp;&nbsp;&nbsp;&nbsp;&nbsp;3.<strong>Pasterka w Po\u0144. \u015arednie Wielkie g.22.30,&nbsp;&nbsp; \u0141uk. 24.00.&nbsp;&nbsp; Taca na1\/2 FO\u017b<\/strong><\/p>\n<p>W Sobot\u0119 <strong>&nbsp;25.12<\/strong>. <u>Uroczysto\u015b\u0107 Bo\u017cego Narodzenia<\/u>&nbsp;&nbsp;&nbsp;&nbsp;&nbsp;&nbsp;&nbsp;&nbsp;&nbsp;&nbsp;&nbsp;&nbsp;&nbsp;&nbsp;&nbsp;&nbsp;&nbsp;&nbsp;&nbsp;&nbsp;&nbsp;&nbsp;&nbsp;&nbsp;&nbsp;&nbsp;&nbsp;&nbsp;&nbsp;&nbsp;&nbsp;&nbsp;&nbsp;&nbsp;&nbsp;&nbsp;&nbsp;&nbsp;&nbsp;&nbsp;&nbsp;&nbsp;&nbsp;&nbsp;&nbsp;&nbsp;&nbsp;&nbsp;&nbsp;&nbsp;&nbsp;&nbsp;&nbsp;&nbsp;&nbsp;&nbsp;&nbsp;&nbsp;&nbsp;&nbsp;&nbsp;&nbsp;&nbsp;&nbsp;&nbsp;&nbsp;&nbsp;&nbsp;&nbsp;<\/p>\n<p>W <strong>Niedziel\u0119 &nbsp;26.12<\/strong>.&nbsp; <u>\u015awi\u0119to &nbsp;\u015awi\u0119tej Rodziny , odnowienie przyrzecze\u0144 ma\u0142\u017ce\u0144skich .<\/u><\/p>\n<p><u>\u015aw. Szczepana,<\/u>&nbsp; po\u015bwi\u0119cenie owsa&nbsp; na ka\u017cdej Mszy \u015awi\u0119tej<\/p>\n<p><u>6.\u015aw. Szczepana,<\/u>&nbsp; po\u015bwi\u0119cenie owsa&nbsp; na ka\u017cdej Mszy \u015awi\u0119tej<\/p>\n<p><span style=\"color: #ff0000;\">&nbsp;<\/span><\/p>\n<p><span style=\"color: #ff0000;\">&nbsp;&nbsp;&nbsp;&nbsp;&nbsp;&nbsp;&nbsp;&nbsp;&nbsp;&nbsp;&nbsp;&nbsp;&nbsp;&nbsp;&nbsp;&nbsp;&nbsp;&nbsp;&nbsp;&nbsp;&nbsp;&nbsp;&nbsp;&nbsp;&nbsp;&nbsp;&nbsp;&nbsp;&nbsp;&nbsp;&nbsp;&nbsp;&nbsp;&nbsp;&nbsp;&nbsp;&nbsp;&nbsp;&nbsp;&nbsp;&nbsp;&nbsp;&nbsp;&nbsp;&nbsp;&nbsp;&nbsp;&nbsp;&nbsp;&nbsp;&nbsp;&nbsp;&nbsp;&nbsp;&nbsp;&nbsp;&nbsp;&nbsp;&nbsp;&nbsp;&nbsp;&nbsp; 3N. Adwentu&nbsp; 12.12.2021r.&nbsp;&nbsp;&nbsp;&nbsp;&nbsp; <\/span>&nbsp;&nbsp;&nbsp;&nbsp;&nbsp;&nbsp;&nbsp;&nbsp;&nbsp;&nbsp;&nbsp;&nbsp;&nbsp;&nbsp;&nbsp;&nbsp;&nbsp;&nbsp;&nbsp;&nbsp;&nbsp;&nbsp;&nbsp;&nbsp;&nbsp;&nbsp;&nbsp;&nbsp;&nbsp;&nbsp;&nbsp;&nbsp;&nbsp;&nbsp;&nbsp;&nbsp;&nbsp;&nbsp;&nbsp;&nbsp;&nbsp;&nbsp;&nbsp;&nbsp;&nbsp;&nbsp;<\/p>\n<p>1.Roraty codziennie w tym tyg. o g.17.00 ,natomiast w sobot\u0119 o godz.7.00. Zapraszam . S\u0105 w zakrystii do nabycia \u015bwiece na st\u00f3\u0142 Wigilijny. Wigilijne&nbsp; Dzie\u0142o Pomocy Dzieciom<\/p>\n<p>2. W zakrystii mo\u017cna zapatrze\u0107 si\u0119 w po\u015bwi\u0119cone Op\u0142atki i uregulowa\u0107 ofiar\u0119 na utrzymanie cmentarza.&nbsp; Prosi\u0142bym ,aby wszyscy parafianie&nbsp; o tym pami\u0119tali..&nbsp; B\u00f3g zap\u0142a\u0107.<\/p>\n<p>3.W&nbsp; Domu Rekolekcyjnym w Rzepedzi w dniach 17-19 XII&nbsp; Odb\u0119dzie si\u0119 Kurs&nbsp; Przedma\u0142\u017ce\u0144ski.Rozpocz\u0119cie&nbsp;&nbsp; w pi\u0105tek godz.18.00<\/p>\n<p>&nbsp;<\/p>\n<p>&nbsp;&nbsp; &nbsp;&nbsp;&nbsp;&nbsp;&nbsp;&nbsp;&nbsp;&nbsp;&nbsp;&nbsp;&nbsp;&nbsp;&nbsp;&nbsp;&nbsp;&nbsp;&nbsp;&nbsp;&nbsp;&nbsp;&nbsp;&nbsp;&nbsp;&nbsp;&nbsp;&nbsp;&nbsp;&nbsp;&nbsp;&nbsp;&nbsp;&nbsp;&nbsp;<\/p>\n<p style=\"text-align: center;\"><span style=\"color: #ff0000;\">2 N. Adwentu 05.12.2021r.&nbsp;&nbsp;&nbsp;&nbsp;&nbsp;&nbsp;&nbsp;&nbsp;<\/span>&nbsp;&nbsp;&nbsp;&nbsp;&nbsp;&nbsp;&nbsp;&nbsp;&nbsp;&nbsp;&nbsp;&nbsp;&nbsp;&nbsp;&nbsp; &nbsp;&nbsp;&nbsp;&nbsp;&nbsp;&nbsp;&nbsp;&nbsp;&nbsp;&nbsp;&nbsp;&nbsp;&nbsp;&nbsp;&nbsp;&nbsp;&nbsp;&nbsp;&nbsp;&nbsp;&nbsp;&nbsp;&nbsp;&nbsp;&nbsp;&nbsp;&nbsp;&nbsp;&nbsp;<\/p>\n<p>1.Roraty codziennie o g.17.00.,\u015arednie Wielkie w \u015aroda o godz. 18.15. Zapraszam parafian ,a dzieci z Lampionami , szczeg\u00f3lnie dzieci ,kt\u00f3re&nbsp; przyst\u0105pi\u0105 do I Kom . \u015bw. ,rocznicowe, wrzucamy do koszyka serduszko z dobrym uczynkiem i podpisem, mo\u017cna b\u0119dzie wylosowa\u0107 &nbsp;Figurk\u0119 MB, oraz otrzyma\u0107 nagrod\u0119.&nbsp;&nbsp;&nbsp;&nbsp;&nbsp;&nbsp;&nbsp;&nbsp;&nbsp;&nbsp;&nbsp;&nbsp;&nbsp;&nbsp;&nbsp;&nbsp;&nbsp;&nbsp;&nbsp;&nbsp;&nbsp;&nbsp;&nbsp;&nbsp;&nbsp;&nbsp;&nbsp;&nbsp;&nbsp;&nbsp;&nbsp;&nbsp;&nbsp;&nbsp;&nbsp;&nbsp;&nbsp;&nbsp;&nbsp;&nbsp;&nbsp;&nbsp;&nbsp;&nbsp;&nbsp;&nbsp;&nbsp;&nbsp;&nbsp;&nbsp;&nbsp;&nbsp;&nbsp;&nbsp;&nbsp;&nbsp;&nbsp;&nbsp;&nbsp;&nbsp;&nbsp;&nbsp;&nbsp;&nbsp;&nbsp;&nbsp;&nbsp;&nbsp;&nbsp;&nbsp;&nbsp;&nbsp;&nbsp;&nbsp;<\/p>\n<p>&nbsp; 2 .Dzi\u015b&nbsp; Dzie\u0144 modlitw w int. Ko\u015bcio\u0142a na Wschodzie jak co roku zbi\u00f3rka do puszek.<\/p>\n<p>Taca na WSD w Przemy\u015blu.<\/p>\n<p>3.W \u015arod\u0119 Ur.Niepokalanie Pocz\u0119cia NMP,Uczniowie kl 3SP ,otrzymaj\u0105 w tym dniu po\u015bwi\u0119cone medaliki&nbsp; w ko\u015bciele parafialnym o godz.17.00&nbsp;&nbsp;&nbsp;&nbsp;&nbsp;&nbsp;&nbsp;&nbsp;&nbsp;<\/p>\n<p>4.S\u0105 w zakrystii do nabycia \u015bwiece na st\u00f3\u0142 Wigilijny .Wigilijne&nbsp; Dzie\u0142o Pomocy Dzieciom<\/p>\n<p>5.W dniach od 9-11 grudnia odb\u0119d\u0105 si\u0119 rekolekcje dla chorych w radiu i TV-internetowej, Fara&nbsp;&nbsp;&nbsp;&nbsp;&nbsp;<\/p>\n<p>o godz.17.30 Msza \u015aw a o godz.20:15 r\u00f3\u017caniec.<\/p>\n<p>6.W dniach od 9-11 grudnia odb\u0119d\u0105 si\u0119 rekolekcje dla chorych w radiu i TV Fara o godz.17.30 Msza \u015aw a o godz.20:15 r\u00f3\u017caniec.Pom\u00f3\u017cmy chorym<\/p>\n<p>7.W&nbsp; Domu Rekolekcyjnym w Rzepedzi w dniach 17-19 grudnia ,odb\u0119dzie si\u0119 Kurs&nbsp; Przedma\u0142\u017ce\u0144ski.<\/p>\n<p>&nbsp;&nbsp;&nbsp;&nbsp;&nbsp;&nbsp;&nbsp;&nbsp;&nbsp;&nbsp;&nbsp;&nbsp;&nbsp;&nbsp;&nbsp;&nbsp;&nbsp;&nbsp;&nbsp;&nbsp;&nbsp;&nbsp;&nbsp;&nbsp;&nbsp;&nbsp;&nbsp;&nbsp;&nbsp;&nbsp;&nbsp;&nbsp;&nbsp;&nbsp; &nbsp;&nbsp;&nbsp;&nbsp;&nbsp;&nbsp;&nbsp;&nbsp;&nbsp; &nbsp; &nbsp; &nbsp; &nbsp; &nbsp; &nbsp; &nbsp; &nbsp; &nbsp; &nbsp;<span style=\"color: #ff0000;\"> &nbsp; 1 N.Adwentu 2.12.2021r<\/span>.&nbsp;&nbsp;&nbsp;&nbsp;&nbsp;&nbsp;&nbsp;&nbsp;&nbsp;&nbsp;&nbsp;&nbsp;&nbsp;&nbsp;&nbsp;&nbsp;&nbsp;&nbsp;&nbsp;&nbsp;&nbsp;&nbsp;&nbsp;&nbsp;&nbsp;&nbsp;&nbsp;&nbsp;&nbsp;&nbsp;&nbsp;&nbsp;&nbsp;&nbsp;&nbsp;&nbsp;&nbsp;&nbsp;&nbsp;&nbsp;&nbsp;&nbsp;&nbsp;&nbsp;&nbsp;&nbsp;&nbsp;&nbsp;&nbsp;&nbsp;&nbsp;&nbsp;<\/p>\n<p>1.Rozpoczyna si\u0119 Adwent i Nowy Rok Duszpasterski-&nbsp; \u201ePos\u0142ani w pokoju Chrystusa\u201d&nbsp;&nbsp;&nbsp;&nbsp;&nbsp;&nbsp;&nbsp;&nbsp;&nbsp;&nbsp;&nbsp;&nbsp;&nbsp;&nbsp; &nbsp;&nbsp;&nbsp;&nbsp;<\/p>\n<p>2.Roraty codziennie o g.17.00. Zapraszam wszystkich ,a dzieci z Lampionami , wrzucamy do koszyka<\/p>\n<p>serduszko z dobrym uczynkiem i podpisem, mo\u017cna b\u0119dzie wylosowa\u0107 na 1-dzie\u0144 Figurk\u0119 MB, oraz otrzyma\u0107 nagrod\u0119.&nbsp;&nbsp;&nbsp;&nbsp;&nbsp;&nbsp;&nbsp;&nbsp;&nbsp;&nbsp;&nbsp;&nbsp;&nbsp;&nbsp;&nbsp;&nbsp;&nbsp;&nbsp;&nbsp;&nbsp;&nbsp;&nbsp;&nbsp;&nbsp;&nbsp;&nbsp;&nbsp;&nbsp;&nbsp;&nbsp;&nbsp;&nbsp;&nbsp;&nbsp;&nbsp;&nbsp;&nbsp;&nbsp;&nbsp;&nbsp;&nbsp;&nbsp;&nbsp;&nbsp; &nbsp;&nbsp;&nbsp;&nbsp;&nbsp;&nbsp;&nbsp;&nbsp;&nbsp;&nbsp;&nbsp;&nbsp;&nbsp;&nbsp;&nbsp;&nbsp;&nbsp;&nbsp;&nbsp;&nbsp;&nbsp;&nbsp;&nbsp;&nbsp;&nbsp;&nbsp;&nbsp;&nbsp;&nbsp;&nbsp;&nbsp;&nbsp;<\/p>\n<p>3.W tym tyg. 1Cz ,1P. 1 S. miesi\u0105ca. Spotkanie formacyjne i spowied\u017a bli\u017cej \u015bwi\u0105t.<\/p>\n<p>4.Dzi\u0119kuj\u0119 AK za pi\u0119kn\u0105 dekoracj\u0119 na Adwent. B\u00f3g zap\u0142a\u0107.<\/p>\n<p>&nbsp;5.Za tydzie\u0144 taca przeznaczona na WSD w Przemy\u015blu.A do puszek jak co roku sk\u0142adka na pomoc Ko\u015bcio\u0142om na wschodzie.<\/p>\n<p>6.Za tydzie\u0144 w niedziel\u0119 po\u015bwi\u0119cenie Op\u0142atk\u00f3w na st\u00f3\u0142 Wigilijny i wtedy podam szczeg\u00f3\u0142y.<\/p>\n<p>&nbsp;\u015awiece Wigilijne Dzie\u0142o Pomocy Dzieciom. S\u0105 do nabycia w zakrystii.<\/p>\n<p>7.Papie\u017c Franciszek rozpocz\u0105\u0142 ju\u017c Synod w Watykanie ,w diecezji Abp.Adam Szal i w dekanacie b\u0119dzie takie spotkanie .M\u00f3dlmy si\u0119 o dobre owoce.<\/p>\n<p><strong>&nbsp;<\/strong><\/p>\n<p style=\"text-align: center;\">&nbsp;&nbsp;&nbsp;&nbsp;&nbsp;&nbsp;&nbsp;&nbsp;&nbsp;&nbsp;&nbsp;&nbsp;&nbsp;&nbsp;&nbsp;&nbsp;&nbsp;&nbsp;&nbsp;&nbsp;&nbsp;&nbsp;<span style=\"color: #ff0000;\"> &nbsp; Ur. Chrystusa Kr\u00f3la&nbsp; 21. 11.2021r.<\/span> &nbsp;&nbsp;&nbsp;&nbsp;&nbsp;&nbsp;&nbsp;&nbsp;&nbsp;&nbsp;&nbsp;&nbsp;&nbsp;&nbsp;&nbsp;&nbsp;&nbsp;&nbsp;&nbsp;&nbsp;&nbsp;&nbsp;&nbsp;&nbsp;&nbsp;&nbsp;&nbsp;&nbsp;&nbsp;&nbsp;&nbsp;&nbsp;&nbsp;&nbsp;&nbsp;&nbsp;&nbsp;&nbsp;&nbsp;&nbsp;&nbsp;&nbsp;&nbsp;&nbsp;&nbsp;&nbsp;&nbsp;&nbsp;&nbsp;&nbsp;&nbsp;&nbsp;&nbsp;&nbsp;&nbsp;&nbsp;&nbsp;&nbsp;&nbsp;&nbsp;&nbsp;&nbsp;&nbsp;&nbsp;&nbsp;&nbsp;&nbsp;&nbsp;&nbsp;&nbsp;&nbsp;&nbsp;&nbsp;&nbsp;&nbsp;&nbsp;&nbsp;&nbsp;&nbsp;&nbsp;&nbsp;&nbsp;&nbsp;&nbsp;&nbsp;&nbsp;&nbsp;&nbsp;&nbsp;&nbsp;&nbsp;&nbsp;&nbsp;&nbsp;&nbsp;&nbsp;&nbsp;&nbsp;&nbsp;&nbsp;&nbsp;&nbsp;&nbsp;&nbsp;&nbsp;&nbsp;&nbsp;&nbsp;&nbsp;&nbsp;&nbsp;&nbsp;&nbsp;&nbsp;&nbsp;&nbsp;&nbsp;&nbsp;&nbsp;&nbsp;<\/p>\n<p>1. Msze \u015aw. w tym tyg. wieczorem o godz.17.00 i wypominki,opr\u00f3cz poniedzia\u0142ku w pon. o godz.7.00<\/p>\n<p>w Czwartek \u015arednie Wielkie&nbsp; o godz.18.00<\/p>\n<p>2.Dzi\u015b Ur. Chrystusa Kr\u00f3la- ostatnia niedziela roku liturgicznego.<\/p>\n<p>3.W poniedzia\u0142ek \u015awi\u0119to \u015bw. Cecylii, patronki organist\u00f3w, ch\u00f3r\u00f3w ko\u015bcielnych i scholi.<\/p>\n<p>4.Za tydzie\u0144&nbsp; w niedziel\u0119 rozpoczynamy Adwent.<\/p>\n<p>&nbsp;<\/p>\n<p>&nbsp;&nbsp;&nbsp;&nbsp;&nbsp;&nbsp;&nbsp;&nbsp;&nbsp;&nbsp;&nbsp;&nbsp;&nbsp;&nbsp;&nbsp;&nbsp;&nbsp;&nbsp;&nbsp;&nbsp;&nbsp;&nbsp;&nbsp;&nbsp;&nbsp;&nbsp;&nbsp;&nbsp;&nbsp;&nbsp;&nbsp;&nbsp;&nbsp;&nbsp;&nbsp;&nbsp;&nbsp;&nbsp;&nbsp;&nbsp;&nbsp;&nbsp;&nbsp;&nbsp;&nbsp;&nbsp;&nbsp;&nbsp;&nbsp;&nbsp;&nbsp;&nbsp;&nbsp;&nbsp;&nbsp;&nbsp;&nbsp;&nbsp;&nbsp;&nbsp;&nbsp;&nbsp;&nbsp;&nbsp;&nbsp;&nbsp;&nbsp;&nbsp;&nbsp;&nbsp;&nbsp;&nbsp;&nbsp;&nbsp;<span style=\"color: #ff0000;\">&nbsp;&nbsp;&nbsp; 33 N&nbsp; 14. 11. 2021r.<\/span><\/p>\n<p>&nbsp;1.Msze \u015aw. w tym tyg.wieczorem &nbsp;o g.17.00 i wypominki , <strong>\u015arednie W. , w \u015arod\u0119. g.18.00<\/strong><\/p>\n<p>&nbsp;2.Za tydzie\u0144 Ur. Chrystusa Kr\u00f3la- ostatnia niedziela roku liturgicznego.<\/p>\n<p>&nbsp;4.Sprz\u0105tanie Ko\u015bcio\u0142a<\/p>\n<p><strong>&nbsp;\u0141ukowe <\/strong><em>:<\/em><span style=\"color: #ff0000;\"> Kurek Barbara,Tokarz Urszula,Su\u0142kowska Anna<\/span><\/p>\n<p><strong><em>&nbsp; \u015arednie Wielkie<\/em><\/strong><em> :<\/em> <span style=\"color: #ff0000;\">Imbierowicz Irena,Lubas Lidia<\/span><\/p>\n<p>&nbsp;&nbsp;&nbsp;&nbsp;&nbsp;&nbsp;&nbsp; &nbsp;<\/p>\n<p>32 N. 04. 11. 2021r.&nbsp;&nbsp;&nbsp;&nbsp;&nbsp;&nbsp;&nbsp;&nbsp;&nbsp;&nbsp;&nbsp;&nbsp;&nbsp;&nbsp;&nbsp;&nbsp;&nbsp;&nbsp;&nbsp;&nbsp;&nbsp;&nbsp;&nbsp;&nbsp;&nbsp;&nbsp;&nbsp;&nbsp;&nbsp;&nbsp;&nbsp;&nbsp;&nbsp;&nbsp;&nbsp;&nbsp;&nbsp;&nbsp;&nbsp;&nbsp;&nbsp;&nbsp;&nbsp;&nbsp;&nbsp;&nbsp;&nbsp;&nbsp;&nbsp;&nbsp;&nbsp;&nbsp;&nbsp;&nbsp;&nbsp;&nbsp;&nbsp;&nbsp;&nbsp;&nbsp;&nbsp;&nbsp;&nbsp;&nbsp;&nbsp;&nbsp;&nbsp;&nbsp;&nbsp;&nbsp;&nbsp;&nbsp;&nbsp;&nbsp;&nbsp;&nbsp;&nbsp;&nbsp;&nbsp;&nbsp;&nbsp;&nbsp;&nbsp;&nbsp;&nbsp;&nbsp;&nbsp;&nbsp;&nbsp;&nbsp;&nbsp;&nbsp;&nbsp;&nbsp;&nbsp;&nbsp;&nbsp;&nbsp;&nbsp;&nbsp;&nbsp;&nbsp;&nbsp;&nbsp;&nbsp;&nbsp;&nbsp;&nbsp;&nbsp;&nbsp;&nbsp;&nbsp;&nbsp;&nbsp;&nbsp;&nbsp;&nbsp;&nbsp;&nbsp;&nbsp;&nbsp;&nbsp;<\/p>\n<p>&nbsp;&nbsp;&nbsp; 1. Msze \u015aw. w tym tyg. wieczorem g.17.00 w poniedzia\u0142ek&nbsp; o godz.7.00,&nbsp;&nbsp;&nbsp;&nbsp;&nbsp;&nbsp;&nbsp;&nbsp; &nbsp;&nbsp;&nbsp;&nbsp;&nbsp;&nbsp;&nbsp;&nbsp;&nbsp;&nbsp;&nbsp;&nbsp;&nbsp;&nbsp;&nbsp;&nbsp;&nbsp;&nbsp;&nbsp;&nbsp;&nbsp;&nbsp;<\/p>\n<p>&nbsp;\u015arednie&nbsp; W. Czw. g.18.15<\/p>\n<p>2.Taca dzisiejsza przeznaczona na potrzeby Diecezji.<\/p>\n<p>3.W Czwartek 11 XI.\u015aw. \u015awi\u0119tego Marcina i \u015awi\u0119to Odzyskania Niepodleg\u0142o\u015bci .&nbsp;<\/p>\n<p>&nbsp;&nbsp;&nbsp; W modlitwie pami\u0119tajmy o naszej Ojczy\u017anie.&nbsp;&nbsp;&nbsp;&nbsp;&nbsp;&nbsp;&nbsp;&nbsp;&nbsp;&nbsp;&nbsp;&nbsp;&nbsp;&nbsp;&nbsp;&nbsp;&nbsp;&nbsp;&nbsp;&nbsp;&nbsp;&nbsp;&nbsp;&nbsp;&nbsp;&nbsp;&nbsp;&nbsp;&nbsp;&nbsp;&nbsp;&nbsp;&nbsp;&nbsp;&nbsp;&nbsp;&nbsp;&nbsp;&nbsp;&nbsp;&nbsp;&nbsp;&nbsp;&nbsp;&nbsp;<\/p>\n<p>4.Sprz\u0105tanie Ko\u015bcio\u0142a&nbsp;&nbsp;&nbsp;&nbsp;&nbsp;&nbsp;&nbsp;&nbsp;&nbsp;&nbsp;&nbsp;&nbsp;&nbsp;&nbsp;&nbsp;&nbsp;&nbsp;&nbsp;&nbsp;&nbsp;&nbsp;&nbsp;&nbsp;&nbsp;&nbsp;&nbsp;&nbsp;&nbsp;&nbsp;&nbsp;&nbsp;&nbsp;&nbsp;&nbsp;&nbsp;&nbsp;&nbsp;&nbsp;&nbsp;&nbsp;&nbsp;&nbsp;&nbsp;&nbsp;&nbsp;&nbsp;&nbsp;&nbsp;&nbsp;&nbsp;&nbsp;&nbsp;&nbsp;&nbsp;&nbsp;&nbsp;&nbsp;&nbsp;&nbsp;&nbsp;&nbsp;&nbsp;&nbsp;&nbsp;&nbsp;&nbsp;&nbsp;&nbsp;&nbsp;&nbsp;&nbsp;&nbsp;&nbsp;&nbsp;&nbsp;&nbsp;&nbsp;&nbsp;&nbsp;&nbsp;&nbsp;&nbsp;&nbsp;&nbsp;&nbsp;&nbsp;&nbsp;&nbsp;&nbsp;&nbsp;&nbsp;&nbsp;&nbsp;&nbsp;&nbsp;&nbsp;&nbsp;&nbsp;&nbsp;&nbsp;&nbsp;&nbsp;&nbsp;&nbsp;&nbsp;&nbsp;&nbsp;&nbsp;&nbsp;&nbsp;&nbsp;<\/p>\n<p>&nbsp;&nbsp; <strong>\u0141ukowe <\/strong><em>:<\/em> <span style=\"color: #ff0000;\">Iwanisik Rudolf, \u015awi\u0119ch Barbara, Tokarz Maria<\/span><\/p>\n<p><strong><em>\u015arednie Wielkie<\/em><\/strong><em> :<\/em><span style=\"color: #ff0000;\"> Imbierowicz Barbara i Imbierowicz Ryszard<\/span><\/p>\n<p>&nbsp;&nbsp;&nbsp;&nbsp;&nbsp;&nbsp;&nbsp;&nbsp;&nbsp;&nbsp;&nbsp;&nbsp;&nbsp;&nbsp;&nbsp;&nbsp;&nbsp;&nbsp;&nbsp;&nbsp;&nbsp;&nbsp;&nbsp;&nbsp;&nbsp;&nbsp;&nbsp;&nbsp;&nbsp;&nbsp;&nbsp;&nbsp;&nbsp;&nbsp;&nbsp;&nbsp;&nbsp;&nbsp;&nbsp;&nbsp;&nbsp;&nbsp;&nbsp;&nbsp;&nbsp;&nbsp;&nbsp;&nbsp;&nbsp;&nbsp;&nbsp;&nbsp;&nbsp;&nbsp;&nbsp;&nbsp;&nbsp;&nbsp;&nbsp;&nbsp;<span style=\"color: #ff0000;\">&nbsp;&nbsp;&nbsp;&nbsp;&nbsp;&nbsp;&nbsp;&nbsp;&nbsp;&nbsp;&nbsp;&nbsp;&nbsp;&nbsp; 31Niedziela 31. 10. 2021r.&nbsp;&nbsp;&nbsp;&nbsp;&nbsp;<\/span>&nbsp;&nbsp;&nbsp;&nbsp;&nbsp;&nbsp;&nbsp;&nbsp;&nbsp;&nbsp;&nbsp;&nbsp;&nbsp;&nbsp;&nbsp;&nbsp;&nbsp;&nbsp;&nbsp;&nbsp;&nbsp;&nbsp;&nbsp;&nbsp;&nbsp;&nbsp;&nbsp;&nbsp;&nbsp;&nbsp;&nbsp;&nbsp;&nbsp;&nbsp;&nbsp;&nbsp;&nbsp;&nbsp;&nbsp;&nbsp;&nbsp;&nbsp;&nbsp;&nbsp;&nbsp;&nbsp;&nbsp;&nbsp;&nbsp;&nbsp;&nbsp;&nbsp;&nbsp;&nbsp;&nbsp;&nbsp;&nbsp;&nbsp;&nbsp;&nbsp;&nbsp;&nbsp;&nbsp;&nbsp;&nbsp;&nbsp; &nbsp;&nbsp;&nbsp;&nbsp;&nbsp;&nbsp;&nbsp;&nbsp;&nbsp;&nbsp;&nbsp;&nbsp;&nbsp;&nbsp;&nbsp;&nbsp;&nbsp;&nbsp;&nbsp;&nbsp;&nbsp;&nbsp;&nbsp;&nbsp;&nbsp;&nbsp;&nbsp;<\/p>\n<p>&nbsp;1. Dzi\u015b zako\u0144czenie nabo\u017ce\u0144stw r\u00f3\u017ca\u0144cowych. Msze \u015bw.o g.11.00 i r\u00f3\u017caniec.<\/p>\n<p>Dzi\u0119kuj\u0119 wszystkim ,kt\u00f3rzy uczestniczyli w nabo\u017ce\u0144stwach r\u00f3\u017ca\u0144cowych.B\u00f3g zap\u0142a\u0107.<\/p>\n<p>2.W tym tyg. 1Cz.,1P.,1S. Codziennie mo\u017cliwo\u015b\u0107 spowiedzi przed Msz\u0105 \u015bw.&nbsp; z racji 1 Pi\u0105tku od godz.<strong>9.00 <\/strong><\/p>\n<p>odwiedz\u0119 chorych i starszych .Prosz\u0119 zg\u0142asza\u0107 chorych w zakrystii.<\/p>\n<p>3.Spotkanie formacyjne w Czwartek w \u015arednim W. Tylko dla uczni\u00f3w&nbsp; kl.6 i 7, a w Pi\u0105tek w \u0141ukowem,<\/p>\n<p>dla kl.6 i 7 ,natomiast &nbsp;kl.8 jedzie na Rekolekcje przed bierzmowaniem i tam b\u0119dzie mia\u0142a spotkania w<\/p>\n<p>listopadzie.<\/p>\n<p>4.W poniedzia\u0142ek 1.XI<strong>.Ur.Wszystkich \u015awi\u0119tych. <\/strong>Msze \u015aw. jak w Niedziel\u0119 <strong>7.30,9.30,11.00<\/strong> po sumie procesja na Cmentarz.<\/p>\n<p>5.W tym roku Penitencjaria Apostolska w Watykanie w zwi\u0105zku z pandemi\u0105 Cowid -19 przypomina \u017ce<\/p>\n<p>mo\u017cna&nbsp; zyska\u0107 <strong>Odpust Zupe\u0142ny,<\/strong> &nbsp;za zmar\u0142ych przez ca\u0142y miesi\u0105c-<strong>Listopad,<\/strong>trzeba spe\u0142ni\u0107 nast\u0119puj\u0105ce<\/p>\n<p>warunki, skorzysta\u0107 z sak spowiedzi, przyst\u0105pi\u0107 do Komunii \u015aw., odm\u00f3wi\u0107 Wierz\u0119 w Boga, Ojcze nasz<\/p>\n<p>i dowoln\u0105 modlitw\u0119 za Ojca \u015aw.&nbsp;&nbsp;&nbsp;&nbsp;&nbsp;&nbsp;&nbsp;&nbsp;&nbsp;&nbsp;&nbsp;&nbsp;&nbsp;&nbsp;&nbsp;&nbsp;&nbsp;&nbsp;&nbsp;&nbsp;&nbsp;&nbsp;&nbsp;&nbsp;&nbsp;&nbsp;&nbsp;&nbsp;&nbsp;&nbsp;&nbsp;&nbsp;&nbsp;&nbsp;&nbsp;&nbsp;&nbsp;&nbsp;&nbsp;&nbsp;&nbsp;&nbsp;&nbsp;&nbsp;&nbsp;&nbsp;&nbsp;&nbsp;&nbsp;&nbsp;&nbsp;&nbsp;&nbsp;&nbsp;&nbsp;&nbsp;&nbsp;&nbsp;&nbsp;&nbsp;&nbsp;&nbsp;&nbsp;&nbsp;&nbsp;&nbsp;&nbsp;&nbsp;&nbsp;&nbsp;&nbsp;&nbsp;&nbsp;&nbsp;&nbsp;&nbsp;&nbsp;&nbsp;&nbsp;&nbsp;&nbsp;&nbsp;&nbsp;&nbsp;&nbsp;&nbsp;&nbsp;&nbsp;&nbsp;&nbsp;&nbsp;&nbsp;&nbsp;&nbsp; &nbsp;&nbsp;&nbsp;&nbsp;&nbsp;&nbsp;&nbsp;&nbsp;&nbsp;&nbsp;&nbsp;&nbsp;&nbsp;&nbsp;&nbsp;&nbsp;&nbsp;&nbsp;&nbsp;&nbsp;&nbsp;&nbsp;&nbsp;&nbsp;&nbsp;&nbsp;&nbsp;&nbsp;<\/p>\n<p>6.We wtorek <strong>Dzie\u0144 Zaduszny- Wspomnienie Wszystkich Wiernych<\/strong> <strong>Zmar\u0142ych,<\/strong> kt\u00f3rzy przebywaj\u0105 w<\/p>\n<p>&nbsp;&nbsp; czy\u015b\u0107cu&nbsp; i potrzebuj\u0105 naszej modlitwy. &nbsp;&nbsp;&nbsp;&nbsp;&nbsp;&nbsp;&nbsp;&nbsp;&nbsp;&nbsp;&nbsp;&nbsp;&nbsp;&nbsp;&nbsp;&nbsp;&nbsp;&nbsp;&nbsp;&nbsp;&nbsp;&nbsp;&nbsp;&nbsp;&nbsp;&nbsp;&nbsp;&nbsp;&nbsp;&nbsp;&nbsp;&nbsp;&nbsp;&nbsp;&nbsp;&nbsp;&nbsp;&nbsp;&nbsp;&nbsp;&nbsp;&nbsp;&nbsp;&nbsp;&nbsp;&nbsp;&nbsp;&nbsp;&nbsp;&nbsp;&nbsp;&nbsp;&nbsp;&nbsp;&nbsp;&nbsp;&nbsp;&nbsp;&nbsp;&nbsp;&nbsp;&nbsp;&nbsp;&nbsp;&nbsp;&nbsp;&nbsp;&nbsp;&nbsp;&nbsp;&nbsp;&nbsp;&nbsp;&nbsp;&nbsp;&nbsp;&nbsp;&nbsp;&nbsp;&nbsp;&nbsp;&nbsp;&nbsp;&nbsp;&nbsp;&nbsp;&nbsp;&nbsp;&nbsp;&nbsp;&nbsp;&nbsp;&nbsp;&nbsp;&nbsp;&nbsp;&nbsp;&nbsp;&nbsp;&nbsp;&nbsp;&nbsp;&nbsp;&nbsp;&nbsp;&nbsp;&nbsp;&nbsp;&nbsp;&nbsp;&nbsp;&nbsp;&nbsp;&nbsp;&nbsp;&nbsp;&nbsp;&nbsp;&nbsp;&nbsp;&nbsp;&nbsp;&nbsp;&nbsp;&nbsp;&nbsp;&nbsp;&nbsp;&nbsp;&nbsp;&nbsp;&nbsp;&nbsp;&nbsp;&nbsp;&nbsp;&nbsp;&nbsp;&nbsp;&nbsp;&nbsp; &nbsp;&nbsp;&nbsp;&nbsp;&nbsp;&nbsp;&nbsp;&nbsp;&nbsp;&nbsp;&nbsp;&nbsp;&nbsp;&nbsp;&nbsp;&nbsp;&nbsp;&nbsp;&nbsp;&nbsp;&nbsp;&nbsp;&nbsp;&nbsp;&nbsp;&nbsp;&nbsp;&nbsp;&nbsp;&nbsp;&nbsp;&nbsp;&nbsp;&nbsp;&nbsp;&nbsp;&nbsp;&nbsp;&nbsp;&nbsp;&nbsp;&nbsp;&nbsp;&nbsp;&nbsp;&nbsp;&nbsp;&nbsp;&nbsp;&nbsp;&nbsp; 7.Sprz\u0105tanie Ko\u015bcio\u0142a&nbsp;&nbsp;&nbsp;&nbsp;&nbsp;&nbsp;&nbsp;&nbsp;&nbsp;&nbsp;&nbsp;&nbsp;&nbsp;&nbsp;&nbsp;&nbsp;&nbsp;&nbsp;&nbsp;&nbsp;&nbsp;&nbsp;&nbsp;&nbsp;&nbsp;&nbsp;&nbsp;&nbsp;&nbsp;&nbsp;&nbsp;&nbsp;&nbsp;&nbsp;&nbsp;&nbsp;&nbsp;&nbsp;&nbsp;&nbsp;&nbsp;&nbsp;&nbsp;&nbsp;&nbsp;&nbsp;&nbsp;&nbsp;&nbsp;&nbsp;&nbsp;&nbsp;&nbsp;&nbsp;&nbsp;&nbsp;&nbsp;&nbsp;&nbsp;&nbsp;&nbsp;&nbsp;&nbsp;&nbsp;&nbsp;&nbsp;&nbsp;&nbsp;&nbsp;&nbsp;&nbsp;&nbsp;&nbsp;&nbsp;&nbsp;&nbsp;&nbsp;&nbsp;&nbsp;&nbsp;&nbsp;&nbsp;&nbsp;&nbsp;&nbsp;&nbsp;&nbsp;&nbsp;&nbsp;&nbsp;&nbsp;&nbsp;&nbsp;&nbsp;&nbsp;&nbsp;&nbsp;&nbsp;&nbsp;&nbsp;&nbsp;&nbsp;&nbsp;&nbsp;&nbsp;&nbsp;&nbsp;&nbsp;&nbsp;&nbsp;&nbsp;&nbsp;&nbsp;<\/p>\n<p><strong>\u0141ukowe <\/strong><em>:<\/em><span style=\"color: #ff0000;\">Sadlik Stanis\u0142aw,Chmura Anna, Wylota Justyna<\/span><\/p>\n<p><strong><em>\u015arednie Wielkie<\/em><\/strong><em> :<\/em> <span style=\"color: #ff0000;\">Krajzewicz Aneta, Wichryk Gra\u017cyna<\/span><\/p>\n<p>&nbsp;&nbsp;&nbsp;&nbsp;&nbsp;&nbsp;&nbsp;&nbsp;&nbsp;&nbsp;&nbsp;&nbsp;&nbsp;&nbsp;&nbsp;&nbsp;&nbsp;&nbsp;&nbsp;&nbsp;&nbsp;&nbsp;&nbsp;&nbsp;&nbsp;&nbsp;&nbsp;&nbsp;&nbsp;&nbsp;&nbsp;&nbsp;&nbsp;&nbsp;&nbsp;&nbsp;&nbsp; &nbsp;&nbsp;&nbsp; &nbsp; &nbsp; &nbsp; <span style=\"color: #ff0000;\">&nbsp; 30&nbsp; Niedziela&nbsp; 24. 10. 2021r.&nbsp;&nbsp;&nbsp;&nbsp;&nbsp;&nbsp;<\/span>&nbsp;&nbsp;&nbsp;&nbsp;&nbsp;&nbsp;&nbsp;&nbsp;&nbsp;&nbsp;&nbsp;&nbsp;&nbsp;&nbsp;&nbsp;&nbsp;&nbsp;&nbsp;&nbsp;&nbsp;&nbsp;&nbsp;&nbsp;&nbsp;&nbsp;&nbsp;&nbsp;&nbsp;&nbsp;&nbsp;&nbsp;&nbsp;&nbsp;&nbsp;&nbsp;&nbsp;&nbsp;&nbsp;&nbsp;&nbsp;&nbsp;&nbsp;&nbsp;&nbsp;&nbsp;&nbsp;&nbsp;&nbsp;&nbsp;&nbsp;&nbsp;&nbsp;&nbsp;&nbsp;&nbsp;&nbsp;&nbsp;&nbsp;&nbsp;&nbsp;&nbsp;&nbsp;&nbsp;&nbsp;&nbsp;&nbsp;&nbsp;&nbsp;&nbsp;&nbsp;&nbsp;&nbsp;&nbsp;&nbsp;&nbsp;&nbsp;&nbsp;&nbsp;&nbsp;&nbsp;&nbsp;&nbsp;&nbsp;&nbsp;&nbsp;&nbsp;&nbsp;&nbsp;&nbsp;&nbsp;&nbsp;<\/p>\n<p>1.Trwa miesi\u0105c pa\u017adziernik. Msze \u015bw. w ko\u015bciele parafialnym o g.17.00 i r\u00f3\u017caniec zapraszam dzieci , m\u0142odzie\u017c, parafian. W Cz. Msza \u015bw. \u015arednie W. g.18.15<\/p>\n<p>2. W czwartek &nbsp;&nbsp;\u015awi\u0119to \u015bw. Szymona i Tadeusza Ap &nbsp;&nbsp;&nbsp;&nbsp;&nbsp;&nbsp;&nbsp;&nbsp;&nbsp;&nbsp;&nbsp;&nbsp;&nbsp;&nbsp;&nbsp;&nbsp;&nbsp;&nbsp;&nbsp;&nbsp;&nbsp;&nbsp;&nbsp;&nbsp;&nbsp;&nbsp;&nbsp;&nbsp;&nbsp;&nbsp;&nbsp;&nbsp;&nbsp;&nbsp;&nbsp;&nbsp;&nbsp;&nbsp;&nbsp;&nbsp;&nbsp;&nbsp;&nbsp;&nbsp;&nbsp;&nbsp;&nbsp;&nbsp;&nbsp;&nbsp;&nbsp;&nbsp;&nbsp;&nbsp;&nbsp;&nbsp;&nbsp;&nbsp;&nbsp;&nbsp;&nbsp;&nbsp;&nbsp;&nbsp;&nbsp;&nbsp;&nbsp;&nbsp;&nbsp;&nbsp;&nbsp;&nbsp;&nbsp;&nbsp;&nbsp;&nbsp;&nbsp;&nbsp;&nbsp;&nbsp;&nbsp;&nbsp;&nbsp;&nbsp;&nbsp;&nbsp;&nbsp;&nbsp;&nbsp;&nbsp;&nbsp;<\/p>\n<p>3.Sprz\u0105tanie ko\u015bcio\u0142a&nbsp;&nbsp;&nbsp;&nbsp;&nbsp;&nbsp;&nbsp;&nbsp;&nbsp;&nbsp;&nbsp;&nbsp;&nbsp;&nbsp;&nbsp;&nbsp;&nbsp;&nbsp;&nbsp;&nbsp;&nbsp;&nbsp;&nbsp;&nbsp; &nbsp;&nbsp;&nbsp;&nbsp;&nbsp;&nbsp;&nbsp;&nbsp;&nbsp;&nbsp;&nbsp;&nbsp;&nbsp;&nbsp;&nbsp;&nbsp;&nbsp;&nbsp;&nbsp;&nbsp;&nbsp;&nbsp;&nbsp;&nbsp;&nbsp;&nbsp;&nbsp;&nbsp;&nbsp;&nbsp;&nbsp;&nbsp;&nbsp;&nbsp;&nbsp;&nbsp;&nbsp;&nbsp;&nbsp;&nbsp;&nbsp;&nbsp;&nbsp;&nbsp;&nbsp;&nbsp;&nbsp;&nbsp;&nbsp;&nbsp;&nbsp;&nbsp;&nbsp;&nbsp;&nbsp;&nbsp;&nbsp;&nbsp;&nbsp;&nbsp;&nbsp;&nbsp;&nbsp;&nbsp;&nbsp;&nbsp;&nbsp;&nbsp;&nbsp;&nbsp;&nbsp;&nbsp;&nbsp;&nbsp;&nbsp;&nbsp;&nbsp;&nbsp;&nbsp;&nbsp;&nbsp;&nbsp;&nbsp;&nbsp;<\/p>\n<p><strong>\u0141ukowe <\/strong><em>:<\/em> <span style=\"color: #ff0000;\">Chmura Anna, Mako\u015b Agnieszka,\u015anie\u017cek Barbara<\/span><\/p>\n<p><strong><em>\u015arednie Wielkie<\/em><\/strong><em> :<\/em> <span style=\"color: #ff0000;\">S\u0142ota Barbara&nbsp; ,Grudziak&nbsp; Janina&nbsp;&nbsp; Duuel Alina<\/span><\/p>\n<p>4.W tym tyg. r\u00f3\u017caniec odmawiaj\u0105&nbsp;&nbsp;&nbsp;&nbsp;&nbsp;&nbsp;&nbsp;&nbsp;&nbsp;&nbsp;&nbsp;&nbsp;&nbsp;&nbsp;&nbsp;&nbsp;&nbsp;&nbsp;&nbsp;&nbsp;&nbsp;&nbsp;&nbsp;&nbsp;&nbsp;&nbsp;&nbsp;&nbsp;&nbsp;&nbsp;&nbsp;&nbsp;&nbsp;&nbsp;&nbsp;&nbsp;&nbsp;&nbsp;&nbsp;&nbsp;&nbsp;&nbsp;&nbsp;&nbsp;&nbsp;&nbsp;&nbsp;&nbsp;&nbsp;&nbsp;&nbsp;&nbsp;&nbsp;&nbsp;&nbsp;&nbsp;&nbsp;&nbsp;&nbsp;&nbsp;&nbsp;&nbsp;&nbsp;&nbsp;&nbsp;&nbsp;&nbsp;&nbsp;&nbsp;&nbsp;&nbsp;&nbsp;&nbsp;&nbsp;&nbsp;&nbsp;&nbsp;&nbsp;&nbsp;&nbsp;&nbsp;&nbsp;&nbsp;&nbsp;&nbsp;&nbsp;&nbsp;&nbsp;&nbsp;&nbsp;&nbsp;&nbsp;&nbsp;&nbsp;&nbsp;&nbsp;&nbsp;&nbsp;&nbsp;&nbsp;&nbsp;&nbsp;&nbsp; &nbsp;&nbsp;&nbsp;&nbsp;&nbsp;&nbsp;&nbsp;&nbsp;&nbsp;&nbsp;&nbsp;&nbsp;&nbsp;&nbsp;&nbsp;&nbsp;&nbsp;&nbsp;&nbsp;&nbsp;&nbsp;&nbsp;&nbsp;&nbsp;&nbsp;&nbsp;&nbsp;&nbsp;&nbsp;&nbsp;&nbsp;&nbsp;&nbsp;&nbsp;&nbsp; <strong>W Pon.kl.3 i 2 Wt.kl.8 \u015ar.kl.7 Cz.kl.6 i 5 Pi \u0105. Kl.4 Sob. AK ,N.g.11.00 Ministranci&nbsp; <\/strong><\/p>\n<p>&nbsp;&nbsp;&nbsp;&nbsp;&nbsp;&nbsp;&nbsp;&nbsp;&nbsp;&nbsp;&nbsp;&nbsp;&nbsp;&nbsp;&nbsp;&nbsp;&nbsp;&nbsp;&nbsp;&nbsp;&nbsp;&nbsp;&nbsp;&nbsp;&nbsp;&nbsp;&nbsp;&nbsp;&nbsp;&nbsp;&nbsp;&nbsp;&nbsp;&nbsp;&nbsp;&nbsp;&nbsp;&nbsp;&nbsp;&nbsp;&nbsp;&nbsp;&nbsp;&nbsp;&nbsp;&nbsp;&nbsp;&nbsp;&nbsp;&nbsp;&nbsp;&nbsp;&nbsp; <span style=\"color: #ff0000;\">29 Niedziela&nbsp; 17. 10. 2021r.&nbsp; <\/span>&nbsp;&nbsp;&nbsp;&nbsp;&nbsp;&nbsp;&nbsp;&nbsp;&nbsp;&nbsp;&nbsp;&nbsp;&nbsp;&nbsp;&nbsp;&nbsp;&nbsp;&nbsp;&nbsp;&nbsp;&nbsp;&nbsp;&nbsp;&nbsp;&nbsp;&nbsp;&nbsp;&nbsp;&nbsp;&nbsp;&nbsp;&nbsp;&nbsp;&nbsp;&nbsp;&nbsp;&nbsp;&nbsp;&nbsp;&nbsp;&nbsp;&nbsp;&nbsp;&nbsp;&nbsp;&nbsp;&nbsp;&nbsp;&nbsp;&nbsp;&nbsp;&nbsp;&nbsp;&nbsp;&nbsp;&nbsp;&nbsp;&nbsp;&nbsp;&nbsp;&nbsp;&nbsp;&nbsp;&nbsp;&nbsp;&nbsp;&nbsp;&nbsp;&nbsp;&nbsp;&nbsp;&nbsp;&nbsp;&nbsp;&nbsp;&nbsp;&nbsp;&nbsp;&nbsp;&nbsp;&nbsp;&nbsp;&nbsp;&nbsp;&nbsp;&nbsp;&nbsp;&nbsp;&nbsp;&nbsp;&nbsp;&nbsp;&nbsp;&nbsp;&nbsp;&nbsp;&nbsp;<\/p>\n<p>1. Dzi\u015b Niedziela Misyjna. Rozpoczynamy Tydzie\u0144 Misyjny<strong> . <\/strong>Modlimy si\u0119 za&nbsp; Misje i Misjonarzy. Jak co roku taca przeznaczona na Misje. B\u00f3g zap\u0142a\u0107.&nbsp;&nbsp;&nbsp;&nbsp;&nbsp;&nbsp;&nbsp;&nbsp;&nbsp;&nbsp;&nbsp;&nbsp;&nbsp;&nbsp;&nbsp;&nbsp;&nbsp;&nbsp;&nbsp;&nbsp;&nbsp;&nbsp;&nbsp;&nbsp;&nbsp;&nbsp;&nbsp;&nbsp;&nbsp;&nbsp;&nbsp;&nbsp;&nbsp;&nbsp;&nbsp;&nbsp;&nbsp;&nbsp;&nbsp;&nbsp;&nbsp;&nbsp;&nbsp;&nbsp;&nbsp;&nbsp;&nbsp;&nbsp;&nbsp;&nbsp;&nbsp;&nbsp;&nbsp;&nbsp;&nbsp;&nbsp;&nbsp;&nbsp;&nbsp;&nbsp;&nbsp;&nbsp;&nbsp;&nbsp;&nbsp;&nbsp;&nbsp;&nbsp;&nbsp;&nbsp;&nbsp;&nbsp;&nbsp;&nbsp;&nbsp;&nbsp;&nbsp;&nbsp;&nbsp;&nbsp;&nbsp;&nbsp; &nbsp;&nbsp;<\/p>\n<p>&nbsp;2.Trwa miesi\u0105c pa\u017adziernik. Msze \u015bw.o g.17.00 i r\u00f3\u017caniec&nbsp; zapraszam dzieci , m\u0142odzie\u017c, parafian. W Cz. Msza \u015bw. \u015arednie W. g.18.15&nbsp;&nbsp;&nbsp;&nbsp;&nbsp;&nbsp;&nbsp;&nbsp;&nbsp;&nbsp;&nbsp;&nbsp;&nbsp;&nbsp;&nbsp;&nbsp;&nbsp;&nbsp;&nbsp;&nbsp;&nbsp;&nbsp;&nbsp;&nbsp;&nbsp;&nbsp;&nbsp;&nbsp;&nbsp;&nbsp; &nbsp;&nbsp;&nbsp;&nbsp;&nbsp;&nbsp;&nbsp;&nbsp;&nbsp;&nbsp;&nbsp;&nbsp;&nbsp;&nbsp;&nbsp;&nbsp;&nbsp;&nbsp;&nbsp;&nbsp;&nbsp;&nbsp;&nbsp;&nbsp;&nbsp;&nbsp;&nbsp;<\/p>\n<p>3.Jutro \u015awi\u0119to \u015aw. \u0141ukasza ewangelisty. Modlimy si\u0119 za s\u0142u\u017cb\u0119 zdrowia<\/p>\n<p>4.W sobot\u0119 Wsp.\u015aw. Jana Paw\u0142a II<\/p>\n<p>5.W tym tyg. r\u00f3\u017caniec odmawiaj\u0105&nbsp;&nbsp;&nbsp;&nbsp;&nbsp;&nbsp;&nbsp;&nbsp;&nbsp;&nbsp;&nbsp;&nbsp;&nbsp;&nbsp;&nbsp;&nbsp;&nbsp;&nbsp;&nbsp;&nbsp;&nbsp;&nbsp;&nbsp; &nbsp;&nbsp;&nbsp;&nbsp;&nbsp;&nbsp;&nbsp;&nbsp;&nbsp;&nbsp;&nbsp;&nbsp;&nbsp;&nbsp;&nbsp;&nbsp;&nbsp;&nbsp;&nbsp;&nbsp;&nbsp;&nbsp;&nbsp;&nbsp;&nbsp;&nbsp;&nbsp;&nbsp;&nbsp;&nbsp;&nbsp;&nbsp;&nbsp;&nbsp;&nbsp;&nbsp;&nbsp;&nbsp;&nbsp;&nbsp;&nbsp;&nbsp;&nbsp;&nbsp;&nbsp;&nbsp;&nbsp;&nbsp;&nbsp;&nbsp;&nbsp;&nbsp;&nbsp;&nbsp;&nbsp;&nbsp;&nbsp;&nbsp;&nbsp;&nbsp;&nbsp;&nbsp;&nbsp;&nbsp;&nbsp;&nbsp;&nbsp;&nbsp;&nbsp;&nbsp;&nbsp;&nbsp;&nbsp;&nbsp;&nbsp;&nbsp;&nbsp;&nbsp;&nbsp;&nbsp;&nbsp;&nbsp;&nbsp;&nbsp;&nbsp;&nbsp;&nbsp;&nbsp;&nbsp;&nbsp;&nbsp;&nbsp;&nbsp;&nbsp;&nbsp;&nbsp;&nbsp;&nbsp;&nbsp;&nbsp;&nbsp;&nbsp;&nbsp;&nbsp;&nbsp;&nbsp;&nbsp;&nbsp;&nbsp;&nbsp;&nbsp;&nbsp;&nbsp;&nbsp;&nbsp;<\/p>\n<p>&nbsp;<strong>W Pon.kl.2, Wt.kl.8 \u015ar.kl.7 Cz.kl 6 i 5 ,Pi \u0105.AK Sob.kl. 4 N.g.11.00 Ministranci&nbsp; <\/strong><\/p>\n<p>6.Sprz\u0105tanie ko\u015bcio\u0142a&nbsp;&nbsp;&nbsp;&nbsp;&nbsp;&nbsp;&nbsp;&nbsp;&nbsp;&nbsp;&nbsp;&nbsp;&nbsp;&nbsp;&nbsp;&nbsp;&nbsp;&nbsp;&nbsp;&nbsp;&nbsp;&nbsp;&nbsp;&nbsp;&nbsp;&nbsp;&nbsp;&nbsp;&nbsp;&nbsp;&nbsp;&nbsp;&nbsp;&nbsp;&nbsp;&nbsp;&nbsp;&nbsp;&nbsp; &nbsp;&nbsp;&nbsp;&nbsp;&nbsp;&nbsp;&nbsp;&nbsp;&nbsp;&nbsp;&nbsp;&nbsp;&nbsp;&nbsp;&nbsp;&nbsp;&nbsp;&nbsp;&nbsp;&nbsp;&nbsp;&nbsp;&nbsp;&nbsp;&nbsp;&nbsp;&nbsp;&nbsp;&nbsp;&nbsp;&nbsp;&nbsp;&nbsp;&nbsp;&nbsp;&nbsp;&nbsp;&nbsp;&nbsp;&nbsp;&nbsp;&nbsp;&nbsp;&nbsp;&nbsp;&nbsp;&nbsp;&nbsp;&nbsp;&nbsp;&nbsp;&nbsp;&nbsp;&nbsp;&nbsp;&nbsp;&nbsp;&nbsp;&nbsp;&nbsp;&nbsp;&nbsp;&nbsp;&nbsp;&nbsp;&nbsp;&nbsp;&nbsp;<\/p>\n<p><strong>\u0141ukowe <\/strong><em>:<\/em>&nbsp; <span style=\"color: #ff0000;\">Fal. Regina,Bi\u0142as Barbara,Mo\u0142czan Maria&nbsp;<\/span>&nbsp;&nbsp;&nbsp;&nbsp;&nbsp;&nbsp;&nbsp;&nbsp;&nbsp;&nbsp;&nbsp;&nbsp;&nbsp;&nbsp;&nbsp;&nbsp;&nbsp;&nbsp;&nbsp;&nbsp;&nbsp;&nbsp;&nbsp;&nbsp;&nbsp;&nbsp;&nbsp;&nbsp;&nbsp;&nbsp;&nbsp;&nbsp;&nbsp;&nbsp;&nbsp;&nbsp;&nbsp;&nbsp;&nbsp;&nbsp;&nbsp;&nbsp;&nbsp;&nbsp;&nbsp;&nbsp;&nbsp;&nbsp;<\/p>\n<p><strong><em>\u015arednie Wielkie<\/em><\/strong><em> :<\/em> <span style=\"color: #ff0000;\">Duell Sylwia,Duda Zyta<\/span><\/p>\n<p><strong>&nbsp;&nbsp; <\/strong>&nbsp;&nbsp;&nbsp;&nbsp;&nbsp;&nbsp;&nbsp;&nbsp;&nbsp;&nbsp;&nbsp;&nbsp;&nbsp;&nbsp;&nbsp;&nbsp;&nbsp;&nbsp;&nbsp;&nbsp;&nbsp;&nbsp;&nbsp;&nbsp;&nbsp;&nbsp;&nbsp;&nbsp;&nbsp;&nbsp;&nbsp;&nbsp;&nbsp;&nbsp;&nbsp;&nbsp;&nbsp;&nbsp;&nbsp;&nbsp;&nbsp;&nbsp;&nbsp;&nbsp;&nbsp;&nbsp;&nbsp;&nbsp;&nbsp;&nbsp;<span style=\"color: #ff0000;\">&nbsp;&nbsp; 28&nbsp;&nbsp; Niedziela&nbsp; 10. 10. 2021r.&nbsp;&nbsp;&nbsp;&nbsp;&nbsp;&nbsp;&nbsp;&nbsp;&nbsp;&nbsp;<\/span>&nbsp;&nbsp;&nbsp;&nbsp;&nbsp;&nbsp;&nbsp;&nbsp;&nbsp;&nbsp;&nbsp;&nbsp;&nbsp;&nbsp;&nbsp;&nbsp;&nbsp;&nbsp;&nbsp;&nbsp;&nbsp;&nbsp;&nbsp;&nbsp;&nbsp;&nbsp;&nbsp;&nbsp;&nbsp;&nbsp;&nbsp;&nbsp;&nbsp;&nbsp;&nbsp;&nbsp;&nbsp;&nbsp;&nbsp;&nbsp;&nbsp;&nbsp;&nbsp;&nbsp;&nbsp;&nbsp;&nbsp;&nbsp;&nbsp;&nbsp;&nbsp;&nbsp;&nbsp;&nbsp;&nbsp;&nbsp;&nbsp;&nbsp;&nbsp;&nbsp;&nbsp;&nbsp;&nbsp;&nbsp;&nbsp;&nbsp;&nbsp;&nbsp;&nbsp;&nbsp;&nbsp;&nbsp;&nbsp;&nbsp;&nbsp;&nbsp;&nbsp;&nbsp;&nbsp;&nbsp;&nbsp;&nbsp;&nbsp;&nbsp;&nbsp;&nbsp;&nbsp;&nbsp;&nbsp;<\/p>\n<p>1. Dzi\u015b prze\u017cywamy XXI &#8211; Dzie\u0144 Papieski-,, <strong>Nie l\u0119kajcie si\u0119&nbsp;&nbsp;&nbsp;&nbsp;&nbsp;&nbsp;&nbsp;&nbsp;&nbsp;&nbsp;&nbsp;&nbsp;&nbsp;&nbsp;&nbsp;&nbsp;&nbsp;&nbsp;&nbsp;&nbsp;&nbsp;&nbsp;&nbsp;&nbsp;&nbsp;&nbsp;&nbsp; &nbsp;&nbsp;&nbsp;&nbsp;&nbsp;&nbsp;&nbsp;&nbsp;&nbsp;&nbsp;&nbsp;&nbsp;&nbsp;&nbsp;&nbsp;&nbsp;&nbsp;&nbsp;&nbsp;&nbsp;&nbsp;&nbsp;&nbsp;&nbsp;&nbsp;&nbsp;&nbsp;&nbsp;&nbsp;&nbsp;&nbsp;&nbsp;&nbsp;&nbsp;&nbsp;&nbsp;&nbsp;&nbsp;&nbsp;&nbsp;&nbsp;&nbsp;&nbsp;&nbsp;&nbsp;&nbsp;&nbsp;&nbsp;&nbsp;&nbsp;&nbsp;&nbsp;&nbsp;&nbsp;&nbsp; <\/strong>Jak co roku ofiara do puszek na \u017cywy pomnik m\u0142-y \u015aw.JP II .B\u00f3g zap\u0142a\u0107&nbsp;&nbsp;&nbsp;&nbsp;&nbsp;&nbsp;&nbsp;&nbsp;&nbsp;&nbsp;&nbsp;&nbsp;&nbsp;&nbsp;&nbsp;&nbsp;&nbsp;&nbsp;&nbsp;&nbsp;&nbsp;&nbsp;&nbsp;&nbsp;&nbsp;&nbsp;&nbsp;&nbsp;&nbsp;&nbsp;&nbsp;&nbsp;&nbsp;&nbsp;&nbsp;&nbsp;&nbsp;&nbsp;<\/p>\n<p>&nbsp; 2.Trwa miesi\u0105c pa\u017adziernik. Msze \u015bw.o g.17.00 i r\u00f3\u017caniec&nbsp; zapraszam dzieci , m\u0142odzie\u017c, parafian.<\/p>\n<p>W czw. Msza \u015bw. \u015arednie W. g.18.15<\/p>\n<p><span style=\"color: #ff0000;\">3.W \u015arod\u0119 13.10 Msza \u015aw.o godz.16.00 i procesja na G\u00f3r\u0119 Mi\u0142osierdzia.<\/span>&nbsp;&nbsp;&nbsp;&nbsp;&nbsp;&nbsp;&nbsp;<\/p>\n<p>3.W tym tyg. r\u00f3\u017caniec odmawiaj\u0105&nbsp;&nbsp;&nbsp;&nbsp;&nbsp;&nbsp;&nbsp;&nbsp;&nbsp;&nbsp;&nbsp;&nbsp;&nbsp;&nbsp;&nbsp;&nbsp;&nbsp;&nbsp;&nbsp;&nbsp;&nbsp;&nbsp;&nbsp;&nbsp;&nbsp;&nbsp;&nbsp;&nbsp;&nbsp;&nbsp;&nbsp;&nbsp;&nbsp;&nbsp;&nbsp;&nbsp;&nbsp;&nbsp;&nbsp;&nbsp;&nbsp;&nbsp;&nbsp;&nbsp;&nbsp;&nbsp;&nbsp;&nbsp;&nbsp;&nbsp;&nbsp;&nbsp;&nbsp;&nbsp;&nbsp;&nbsp;&nbsp;&nbsp;&nbsp;&nbsp;&nbsp;&nbsp;&nbsp;&nbsp;&nbsp;&nbsp;&nbsp;&nbsp;&nbsp;&nbsp;&nbsp;&nbsp;&nbsp;&nbsp;&nbsp;&nbsp;&nbsp;&nbsp;&nbsp;&nbsp;&nbsp;&nbsp;&nbsp;&nbsp;&nbsp;&nbsp;&nbsp;&nbsp;&nbsp;&nbsp;&nbsp;&nbsp;&nbsp;&nbsp;&nbsp;&nbsp;&nbsp;&nbsp;&nbsp;&nbsp;&nbsp;&nbsp;&nbsp;&nbsp;&nbsp;&nbsp;&nbsp;&nbsp;&nbsp;&nbsp;&nbsp;&nbsp;&nbsp;&nbsp;&nbsp;&nbsp;&nbsp;&nbsp;&nbsp;&nbsp;&nbsp;&nbsp;&nbsp;&nbsp;&nbsp;&nbsp;&nbsp;&nbsp;&nbsp;&nbsp;&nbsp;&nbsp;&nbsp;&nbsp;&nbsp;&nbsp;&nbsp;&nbsp;&nbsp; <strong>W Pon.kl.8, Wt.kl.7 \u015ar.AK Cz.kl.6 i 5 ,Pi\u0105.kl.4 Sob.kl3 N.g.11.00 Ministranci&nbsp; <\/strong>&nbsp;&nbsp;&nbsp;&nbsp;&nbsp;&nbsp;&nbsp;&nbsp;&nbsp;&nbsp;&nbsp;&nbsp;&nbsp;&nbsp;&nbsp;&nbsp;&nbsp;&nbsp;&nbsp;&nbsp;&nbsp;&nbsp;&nbsp;&nbsp;&nbsp;&nbsp;&nbsp;&nbsp;&nbsp;&nbsp;&nbsp;&nbsp;&nbsp;&nbsp;&nbsp;&nbsp;&nbsp;&nbsp;&nbsp;&nbsp;&nbsp;&nbsp;&nbsp;&nbsp;&nbsp;&nbsp;&nbsp;&nbsp;&nbsp;&nbsp;&nbsp;&nbsp;&nbsp;&nbsp;&nbsp;&nbsp;&nbsp;&nbsp;&nbsp;&nbsp;&nbsp;&nbsp;&nbsp;&nbsp;&nbsp;&nbsp;&nbsp;&nbsp;&nbsp;&nbsp;&nbsp;&nbsp;&nbsp;&nbsp;&nbsp;&nbsp;&nbsp;&nbsp;&nbsp;&nbsp;&nbsp;&nbsp;&nbsp;<\/p>\n<p>&nbsp;4.Sprz\u0105tanie ko\u015bcio\u0142a&nbsp;&nbsp;&nbsp;&nbsp;&nbsp;&nbsp;&nbsp;&nbsp;&nbsp;&nbsp;&nbsp;&nbsp;&nbsp;&nbsp;&nbsp;&nbsp;&nbsp;&nbsp;&nbsp;&nbsp;&nbsp;&nbsp;&nbsp;&nbsp;&nbsp;&nbsp;&nbsp;&nbsp;&nbsp;&nbsp;&nbsp;&nbsp;&nbsp;&nbsp;&nbsp;&nbsp;&nbsp;&nbsp;&nbsp;&nbsp;&nbsp;&nbsp;&nbsp;&nbsp;&nbsp;&nbsp;&nbsp;&nbsp;&nbsp;&nbsp;&nbsp;&nbsp;&nbsp;&nbsp;&nbsp;&nbsp;&nbsp;&nbsp;&nbsp;&nbsp;&nbsp;&nbsp;&nbsp;&nbsp;&nbsp;&nbsp;&nbsp;&nbsp;&nbsp;&nbsp;&nbsp;&nbsp;&nbsp;&nbsp;&nbsp;&nbsp;&nbsp;&nbsp;&nbsp;&nbsp;&nbsp;&nbsp;&nbsp;&nbsp;&nbsp;&nbsp;&nbsp;&nbsp;&nbsp;&nbsp;&nbsp;&nbsp;&nbsp;&nbsp;&nbsp;&nbsp;&nbsp;&nbsp;&nbsp;&nbsp;&nbsp;&nbsp;&nbsp;&nbsp;&nbsp;<\/p>\n<p>&nbsp;<strong>\u0141ukowe <\/strong><em>:<\/em> <span style=\"color: #ff0000;\">Stusik Ma\u0142gorzata,Stusik El\u017cbieta, Stusik Ewa<\/span><\/p>\n<p><strong><em>\u015arednie Wielkie<\/em><\/strong><em> :<\/em> <span style=\"color: #ff0000;\">Kucharyk Sylwia,Zajkowski Piotr<\/span><\/p>\n<p>&nbsp;<\/p>\n<p>&nbsp;&nbsp;&nbsp;&nbsp;&nbsp;&nbsp;&nbsp;&nbsp;&nbsp;&nbsp;&nbsp;&nbsp;&nbsp;&nbsp;&nbsp;&nbsp;&nbsp;&nbsp;&nbsp;&nbsp;&nbsp;&nbsp;&nbsp;&nbsp;&nbsp;&nbsp;&nbsp;&nbsp;&nbsp;&nbsp;&nbsp;&nbsp;&nbsp;&nbsp;&nbsp;&nbsp;&nbsp;&nbsp;&nbsp;&nbsp;&nbsp;&nbsp;&nbsp;&nbsp;&nbsp;&nbsp;&nbsp;&nbsp;&nbsp;&nbsp;&nbsp;&nbsp; 27&nbsp;&nbsp; Niedziela&nbsp; 07.10. 2021r.&nbsp;&nbsp;&nbsp;&nbsp;<\/p>\n<p>1. Dzi\u015b Odpust MB R\u00f3\u017ca\u0144cowej w \u015arednim Wielkim o godz.11.00,&nbsp; pod przewodnictwem&nbsp; ks. Karol z Tarnawy&nbsp;&nbsp; wikariusza z&nbsp; z Tarnawy. <strong>Msze \u015aw. w \u0141ukowem 7.30,<\/strong><strong>9.30 &nbsp;&nbsp;&nbsp;&nbsp;<\/strong><\/p>\n<p><strong>&nbsp; <\/strong>2.Trwa miesi\u0105c pa\u017adziernik. Msze \u015bw.o g.17.00 i r\u00f3\u017caniec.Zapraszam dzieci , m\u0142odzie\u017c, parafian. Dzieci niech przynosz\u0105 serduszka z zapisem \u017ce tego dnia zrobi\u0142em dobry uczynek i wrzucaj\u0105 do koszyka, przed o\u0142tarzem b\u0119dzie wystawiony koszyk. B\u0119dziemy losowa\u0107 figurk\u0119 MB.<strong> &nbsp;<\/strong><\/p>\n<p>&nbsp;3. Za tydzie\u0144 Dzie\u0144 Papieski .Jak co roku zbi\u00f3rka do puszek na Fundusz m\u0142odzie\u017cowy&nbsp;&nbsp;&nbsp;<\/p>\n<p>&nbsp;4.Sprz\u0105tanie ko\u015bcio\u0142a&nbsp;&nbsp;&nbsp;&nbsp;&nbsp;&nbsp;&nbsp;&nbsp;&nbsp;&nbsp;&nbsp;&nbsp;&nbsp;&nbsp;&nbsp;&nbsp;&nbsp;&nbsp;&nbsp;&nbsp;&nbsp;&nbsp;&nbsp;&nbsp;&nbsp;&nbsp;&nbsp;&nbsp;&nbsp;&nbsp;&nbsp;&nbsp;&nbsp;&nbsp;&nbsp;&nbsp;&nbsp;&nbsp;&nbsp;&nbsp;&nbsp;&nbsp;&nbsp;&nbsp;&nbsp;&nbsp;&nbsp;&nbsp;&nbsp;&nbsp;&nbsp;&nbsp;&nbsp;&nbsp;&nbsp;&nbsp;&nbsp;&nbsp;&nbsp;&nbsp;&nbsp;&nbsp;&nbsp;&nbsp;&nbsp;&nbsp;&nbsp;&nbsp;&nbsp;&nbsp;&nbsp;&nbsp;&nbsp;&nbsp;&nbsp;&nbsp;&nbsp;&nbsp;&nbsp;&nbsp;&nbsp;&nbsp;&nbsp;&nbsp;&nbsp;&nbsp;&nbsp;&nbsp;&nbsp;&nbsp;&nbsp;&nbsp;&nbsp;&nbsp;&nbsp;&nbsp;&nbsp;&nbsp;&nbsp;&nbsp;&nbsp;&nbsp;&nbsp;&nbsp;&nbsp;&nbsp;&nbsp;&nbsp;<\/p>\n<p><strong>\u0141ukowe <\/strong><em>:<\/em> <span style=\"color: #ff0000;\">Stusik Ma\u0142gorzata,Stusik Magdalena,Antolak Renata<\/span><\/p>\n<p><strong><em>\u015arednie Wielkie<\/em><\/strong><em> :<\/em> <span style=\"color: #ff0000;\">Zarzyczna Aniela,J\u00f3zefowicz Irena<\/span><\/p>\n<p><span style=\"color: #ff0000;\">&nbsp;&nbsp;&nbsp;&nbsp;&nbsp;&nbsp;&nbsp;&nbsp;&nbsp;&nbsp;&nbsp;&nbsp;&nbsp;&nbsp;&nbsp;&nbsp;&nbsp;&nbsp;&nbsp;&nbsp;&nbsp;&nbsp;&nbsp;&nbsp;&nbsp;&nbsp;&nbsp;&nbsp;&nbsp;&nbsp;&nbsp;&nbsp;&nbsp;&nbsp;&nbsp;&nbsp;&nbsp;&nbsp;&nbsp;&nbsp;&nbsp;&nbsp;&nbsp;&nbsp;&nbsp;&nbsp;&nbsp;&nbsp;&nbsp;&nbsp;&nbsp;&nbsp;&nbsp;&nbsp;&nbsp;&nbsp;&nbsp;&nbsp;&nbsp;&nbsp;&nbsp;&nbsp;&nbsp;&nbsp;&nbsp;&nbsp;&nbsp;&nbsp;&nbsp;&nbsp;&nbsp; 26 Niedziela&nbsp; 26.09. 2021r.<\/span><\/p>\n<p>1.Msze \u015bw.w tym tygodniu o godzinie17.00 w Czw. godzinie 7.00 &nbsp;W \u015arednim Wielkim w Czw. o godz.17.00.Dzi\u015b liczenie ludzi w ko\u015bciele na ka\u017cdej Mszy \u015aw. i przyst\u0119puj\u0105cych do Komunii \u015awi\u0119tej. Prosz\u0119 wychodzi\u0107 z ko\u015bcio\u0142a powoli.&nbsp;&nbsp;&nbsp;&nbsp;&nbsp; &nbsp;&nbsp;&nbsp;&nbsp;&nbsp;&nbsp;&nbsp;&nbsp;&nbsp;&nbsp;&nbsp;&nbsp;&nbsp;&nbsp;&nbsp;&nbsp;&nbsp;&nbsp;&nbsp;&nbsp;&nbsp;&nbsp;&nbsp;&nbsp;&nbsp;&nbsp;&nbsp;&nbsp;&nbsp;&nbsp;&nbsp;&nbsp;&nbsp;&nbsp;&nbsp;&nbsp;&nbsp;&nbsp;&nbsp;&nbsp;&nbsp;&nbsp;&nbsp;&nbsp;&nbsp;&nbsp;&nbsp;&nbsp;&nbsp;&nbsp;&nbsp;&nbsp;&nbsp;&nbsp;&nbsp;&nbsp;&nbsp;&nbsp;&nbsp;&nbsp;&nbsp;&nbsp;&nbsp;&nbsp;&nbsp;&nbsp;&nbsp;&nbsp;&nbsp;&nbsp;&nbsp;&nbsp;&nbsp;&nbsp;&nbsp;&nbsp;&nbsp;&nbsp;&nbsp;&nbsp;&nbsp;&nbsp;&nbsp;&nbsp;&nbsp;&nbsp;&nbsp;&nbsp;&nbsp;&nbsp;&nbsp;&nbsp;&nbsp;&nbsp;&nbsp;&nbsp;&nbsp;&nbsp;&nbsp;&nbsp;&nbsp;&nbsp;&nbsp;&nbsp;&nbsp;&nbsp;&nbsp;&nbsp;&nbsp;&nbsp;&nbsp;&nbsp;&nbsp;&nbsp;&nbsp;&nbsp;&nbsp;&nbsp;&nbsp;&nbsp;&nbsp;&nbsp;&nbsp;<\/p>\n<p>2.W pi\u0105tek 01.10 pocz\u0105tek nabo\u017ce\u0144stw r\u00f3\u017ca\u0144cowych. Msze \u015bw.o g.17.00 i r\u00f3\u017caniec zapraszam dzieci , m\u0142odzie\u017c, parafian. Dzieci niech przynosz\u0105 serduszka i wrzucaj\u0105 do koszyka, przed o\u0142tarzem b\u0119dzie wystawiony koszyk,b\u0119dziemy losowa\u0107 figurk\u0119 Matki Bo\u017cej.&nbsp;<\/p>\n<p>3.W tym tygodniu przypada 1Pi\u0105tek i 1Sobota miesi\u0105ca.<\/p>\n<p>4.W czwartek w \u015arednim Wielkim o godz.17.00 spotkanie formacyjne dla uczni\u00f3w kl.6 kl.7 i kl.8&nbsp; SP z Kalnicy i \u015aredniego Wielkiego .W pi\u0105tek godz.17.00 spotkanie formacyjne dla uczni\u00f3w kl.6 kl.7 i kl.8&nbsp; SP w \u0141ukowem.&nbsp;&nbsp;&nbsp;&nbsp;&nbsp;&nbsp;&nbsp;&nbsp;&nbsp;&nbsp;&nbsp;&nbsp;&nbsp;&nbsp;&nbsp;&nbsp;&nbsp;&nbsp;&nbsp;&nbsp;&nbsp;&nbsp;&nbsp;&nbsp;&nbsp;&nbsp;&nbsp;&nbsp;&nbsp;&nbsp;&nbsp;&nbsp;&nbsp;&nbsp;&nbsp;&nbsp;&nbsp;&nbsp;&nbsp;&nbsp;&nbsp;&nbsp;&nbsp;&nbsp;&nbsp;&nbsp;&nbsp;&nbsp;&nbsp;&nbsp;&nbsp;&nbsp;&nbsp;&nbsp;&nbsp;&nbsp;&nbsp;&nbsp;&nbsp;&nbsp;&nbsp;&nbsp;&nbsp;&nbsp;&nbsp;&nbsp;&nbsp;&nbsp;&nbsp;&nbsp;&nbsp;&nbsp;&nbsp;&nbsp;&nbsp;&nbsp;&nbsp;&nbsp;&nbsp;&nbsp;&nbsp;&nbsp;&nbsp;&nbsp;&nbsp;&nbsp;&nbsp;&nbsp;&nbsp;&nbsp;&nbsp;&nbsp;&nbsp;&nbsp; &nbsp;&nbsp;&nbsp;&nbsp;&nbsp;&nbsp;&nbsp;&nbsp;&nbsp;&nbsp;&nbsp;&nbsp;&nbsp;&nbsp;&nbsp;&nbsp;&nbsp;&nbsp;&nbsp;&nbsp;&nbsp;&nbsp;&nbsp;&nbsp;&nbsp;&nbsp;&nbsp;&nbsp;&nbsp;&nbsp;&nbsp;&nbsp;&nbsp;&nbsp;&nbsp;&nbsp;&nbsp;&nbsp;&nbsp;&nbsp;&nbsp;&nbsp;&nbsp;&nbsp;&nbsp;&nbsp;&nbsp;&nbsp;&nbsp;&nbsp;&nbsp;&nbsp;&nbsp;&nbsp;&nbsp;&nbsp;&nbsp;&nbsp;&nbsp;&nbsp;&nbsp;&nbsp;&nbsp;<\/p>\n<p><strong>5.Uczniowie kl.3 SP,otrzymaj\u0105 po\u015bwi\u0119cone r\u00f3\u017ca\u0144ce. W Sobot\u0119 2.10.2021r godz.17.00&nbsp;&nbsp;&nbsp;&nbsp;&nbsp;&nbsp;&nbsp;&nbsp;&nbsp;&nbsp;&nbsp;&nbsp;&nbsp;&nbsp;&nbsp;&nbsp;&nbsp;&nbsp;&nbsp;&nbsp;&nbsp;&nbsp;&nbsp;&nbsp;&nbsp;&nbsp;&nbsp;&nbsp;&nbsp;&nbsp;&nbsp;&nbsp;&nbsp;&nbsp;&nbsp;&nbsp;&nbsp;&nbsp;&nbsp;&nbsp;&nbsp;&nbsp;&nbsp;&nbsp;&nbsp;&nbsp;&nbsp;&nbsp;&nbsp;&nbsp;&nbsp;&nbsp;&nbsp;&nbsp;&nbsp;&nbsp;&nbsp;&nbsp;&nbsp;&nbsp;&nbsp;&nbsp;&nbsp;&nbsp;&nbsp;&nbsp;&nbsp;&nbsp;&nbsp;&nbsp;&nbsp;&nbsp;&nbsp;&nbsp;&nbsp;&nbsp;&nbsp;&nbsp;&nbsp;&nbsp;&nbsp;&nbsp;&nbsp;&nbsp; <\/strong><\/p>\n<p><span style=\"color: #ff0000;\">6.<strong><span style=\"color: #ff0000;\">Za t<\/span>ydzie\u0144 w niedziel\u0119 3.10.2021r<\/strong>.- <strong>Odpust MB R\u00f3\u017ca\u0144cowej w<\/strong> <strong>\u015arednim Wielkim o godz.11.00<\/strong><\/span>,&nbsp; pod przewodnictwem <strong>ks. Karola Wandas , <\/strong>wikariusza z Tarnawy.&nbsp; <span style=\"color: #ff0000;\"><strong>Msze \u015aw.w tym dniu w \u0141ukowem o godz.7.30 &nbsp;i &nbsp;9.30&nbsp; &nbsp;&nbsp;&nbsp;&nbsp;&nbsp;&nbsp;&nbsp;&nbsp;&nbsp;&nbsp;&nbsp;&nbsp;&nbsp;&nbsp;&nbsp;&nbsp;&nbsp;&nbsp;&nbsp;&nbsp;&nbsp;&nbsp;&nbsp;&nbsp;&nbsp;&nbsp;&nbsp;&nbsp;&nbsp;&nbsp;&nbsp;&nbsp;&nbsp;&nbsp;&nbsp;&nbsp;&nbsp;&nbsp;&nbsp;&nbsp;&nbsp;&nbsp;&nbsp;&nbsp;&nbsp;&nbsp;&nbsp;&nbsp;&nbsp;&nbsp;&nbsp;&nbsp;&nbsp;&nbsp;&nbsp;&nbsp;&nbsp;&nbsp;&nbsp;&nbsp;&nbsp;&nbsp;&nbsp;&nbsp;&nbsp;&nbsp;<\/strong><\/span><\/p>\n<p>7.Sprz\u0105tanie ko\u015bcio\u0142a&nbsp;&nbsp;&nbsp;&nbsp;&nbsp;&nbsp;&nbsp;&nbsp;&nbsp;&nbsp;&nbsp;&nbsp;&nbsp;&nbsp;&nbsp;&nbsp;&nbsp;&nbsp;&nbsp;&nbsp;&nbsp;&nbsp;&nbsp;&nbsp;&nbsp;&nbsp;&nbsp;&nbsp;&nbsp;&nbsp;&nbsp;&nbsp;&nbsp;&nbsp;&nbsp;&nbsp;&nbsp;&nbsp;&nbsp;&nbsp;&nbsp;&nbsp;&nbsp;&nbsp;&nbsp;&nbsp;&nbsp;&nbsp;&nbsp;&nbsp;&nbsp;&nbsp;&nbsp;&nbsp;&nbsp;&nbsp;&nbsp;&nbsp;&nbsp;&nbsp;&nbsp; &nbsp;&nbsp;&nbsp;&nbsp;&nbsp;&nbsp;&nbsp;&nbsp;&nbsp;&nbsp;&nbsp;&nbsp;&nbsp;&nbsp;&nbsp;&nbsp;&nbsp;&nbsp;&nbsp;&nbsp;&nbsp;&nbsp;&nbsp;&nbsp;&nbsp;&nbsp;&nbsp;&nbsp;&nbsp;&nbsp;&nbsp;&nbsp;&nbsp;&nbsp;&nbsp;&nbsp;&nbsp;&nbsp;&nbsp;&nbsp;&nbsp;&nbsp;&nbsp;&nbsp;&nbsp;&nbsp;&nbsp;<em>&nbsp;&nbsp;&nbsp;&nbsp;&nbsp;&nbsp;&nbsp;&nbsp;&nbsp;&nbsp;&nbsp;&nbsp;&nbsp;&nbsp;&nbsp;&nbsp;&nbsp;&nbsp;&nbsp;&nbsp;&nbsp;&nbsp;&nbsp;&nbsp;&nbsp;&nbsp;<\/em><strong>&nbsp;&nbsp;&nbsp;&nbsp;&nbsp;&nbsp;&nbsp;&nbsp;&nbsp;&nbsp;&nbsp;&nbsp;&nbsp;&nbsp;&nbsp;<\/strong><\/p>\n<p><span style=\"color: #0000ff;\"><strong><u>&nbsp;\u0141ukowe<\/u><\/strong><\/span><strong> &#8211;<span style=\"color: #ff0000;\">Ob\u00f3j Maria,Antolak Maria, Antolak Jolanta&nbsp;&nbsp;&nbsp; <\/span><\/strong><\/p>\n<p><span style=\"color: #0000ff;\"><strong><u>&nbsp;\u015arednie Wielkie<\/u><\/strong><\/span><strong> &#8211;<span style=\"color: #ff0000;\">Gro\u0144 Janina,Gro\u0144 Klaudia,Zajkowska Renata,Mroczek Krystyna<\/span><\/strong><\/p>\n<p><strong><span style=\"color: #ff0000;\"> Z racji odpustu prosz\u0119 posprz\u0105ta\u0107 wewn\u0105trz i zewn\u0105trz ko\u015bcio\u0142a.<\/span><\/strong><\/p>\n<p style=\"text-align: center;\"><span style=\"color: #ff0000;\">&nbsp;<\/span><\/p>\n<p>&nbsp;&nbsp;&nbsp;&nbsp;&nbsp;&nbsp;&nbsp;&nbsp;&nbsp;&nbsp;&nbsp;&nbsp;&nbsp;&nbsp;&nbsp;&nbsp;&nbsp;&nbsp;&nbsp;&nbsp;&nbsp;&nbsp;&nbsp;&nbsp;&nbsp;&nbsp;&nbsp; &nbsp;&nbsp;&nbsp;&nbsp;&nbsp;&nbsp;&nbsp;<span style=\"color: #ff0000;\">&nbsp;&nbsp;&nbsp;&nbsp;&nbsp;&nbsp;&nbsp;&nbsp;&nbsp;&nbsp;&nbsp;&nbsp;&nbsp;&nbsp;&nbsp;&nbsp;25 Niedziela&nbsp; 19. 09. 2021r.&nbsp;&nbsp;&nbsp;&nbsp;&nbsp;<\/span> &nbsp;&nbsp;&nbsp;&nbsp;&nbsp;&nbsp;&nbsp;&nbsp;&nbsp;&nbsp;&nbsp;&nbsp;&nbsp;&nbsp;&nbsp;&nbsp;&nbsp;&nbsp;&nbsp;&nbsp;&nbsp;&nbsp;&nbsp;&nbsp;&nbsp;&nbsp;&nbsp;&nbsp;&nbsp;&nbsp;&nbsp;&nbsp;&nbsp;&nbsp;&nbsp;&nbsp;&nbsp;&nbsp;&nbsp;&nbsp;&nbsp;&nbsp;&nbsp;&nbsp;&nbsp;&nbsp;&nbsp;&nbsp;&nbsp;&nbsp;&nbsp;&nbsp;&nbsp;&nbsp;&nbsp;&nbsp;&nbsp;&nbsp;&nbsp;&nbsp;&nbsp;&nbsp;&nbsp;&nbsp;&nbsp;&nbsp;&nbsp;&nbsp;&nbsp;&nbsp;&nbsp;&nbsp; 1.Dzi\u015b&nbsp; <strong>Niedziela \u015arodk\u00f3w Spo\u0142ecznego Przekazu w modlitwie polecajmy Media katolickie ,Radio Fara, Maryja ,Via,TV Trwam.<\/strong>Dzi\u015b sk\u0142adka na Media Katolickie i Diecezjalne radio Fara&nbsp;&nbsp;&nbsp;&nbsp;&nbsp;&nbsp;&nbsp;&nbsp;&nbsp;&nbsp;&nbsp;&nbsp;&nbsp;&nbsp;&nbsp;&nbsp;&nbsp;&nbsp;&nbsp;&nbsp;&nbsp;&nbsp;&nbsp;&nbsp;&nbsp;&nbsp;&nbsp;&nbsp;&nbsp;&nbsp;&nbsp;&nbsp;&nbsp;&nbsp;&nbsp;&nbsp;&nbsp;&nbsp;&nbsp;&nbsp;&nbsp;&nbsp;&nbsp;&nbsp;&nbsp;&nbsp;&nbsp;&nbsp;&nbsp;&nbsp;&nbsp;&nbsp;&nbsp;&nbsp;&nbsp;&nbsp;&nbsp;&nbsp;&nbsp;&nbsp;&nbsp;&nbsp;&nbsp;&nbsp;&nbsp;&nbsp;&nbsp;&nbsp;&nbsp;&nbsp;&nbsp;&nbsp;&nbsp;&nbsp;&nbsp;&nbsp;&nbsp;&nbsp;&nbsp;&nbsp;&nbsp;&nbsp;&nbsp;&nbsp;&nbsp;&nbsp;&nbsp;&nbsp;&nbsp;&nbsp;&nbsp;&nbsp;&nbsp;&nbsp;&nbsp;&nbsp;&nbsp;&nbsp;&nbsp;&nbsp;&nbsp;&nbsp;&nbsp;&nbsp;&nbsp;&nbsp;&nbsp;&nbsp;&nbsp;&nbsp; &nbsp;&nbsp;&nbsp;<\/p>\n<p><strong>2.Msze \u015bw. w Po\u0144. Czw.Pi\u0105. Sob o godzinie 7.00 w Wt.\u015ar. o godzinie 18.00 &nbsp;&nbsp;<\/strong>&nbsp;&nbsp;&nbsp;&nbsp;&nbsp;&nbsp;&nbsp;&nbsp;&nbsp;&nbsp;&nbsp;&nbsp;&nbsp;&nbsp;&nbsp;&nbsp;&nbsp;&nbsp;&nbsp;&nbsp;&nbsp;&nbsp;&nbsp;&nbsp;&nbsp;&nbsp;&nbsp;&nbsp;&nbsp;&nbsp;&nbsp;&nbsp;<\/p>\n<p>w \u015arednim Wielkim<strong>&nbsp; w Czw.o godz. 18.00&nbsp;<\/strong>&nbsp;&nbsp;&nbsp;&nbsp;&nbsp; &nbsp;&nbsp;&nbsp;&nbsp;&nbsp;&nbsp;&nbsp;&nbsp;&nbsp;&nbsp;&nbsp;&nbsp;&nbsp;&nbsp;&nbsp;&nbsp;&nbsp;&nbsp;&nbsp;&nbsp;&nbsp;&nbsp;&nbsp;&nbsp;&nbsp;&nbsp;&nbsp;&nbsp;&nbsp;&nbsp;&nbsp;&nbsp;&nbsp;&nbsp;&nbsp;&nbsp;&nbsp;&nbsp;&nbsp;&nbsp;&nbsp;&nbsp;&nbsp;&nbsp;&nbsp;&nbsp;&nbsp;&nbsp;&nbsp;&nbsp;&nbsp;&nbsp;&nbsp;&nbsp;&nbsp;&nbsp;&nbsp;&nbsp;&nbsp;&nbsp;&nbsp;&nbsp;&nbsp;&nbsp;&nbsp;&nbsp;&nbsp;&nbsp;&nbsp;&nbsp;&nbsp;&nbsp;&nbsp;&nbsp;&nbsp;&nbsp;&nbsp;&nbsp;&nbsp;&nbsp;&nbsp;&nbsp;&nbsp;&nbsp;&nbsp;&nbsp;&nbsp;&nbsp;&nbsp;&nbsp;&nbsp;&nbsp;&nbsp;&nbsp;&nbsp;&nbsp;&nbsp;&nbsp;&nbsp;&nbsp;&nbsp;&nbsp;&nbsp;&nbsp;&nbsp;&nbsp;&nbsp;&nbsp;&nbsp;&nbsp;&nbsp;&nbsp;&nbsp;&nbsp;&nbsp;&nbsp;&nbsp;&nbsp;&nbsp;<\/p>\n<p>3.Sprz\u0105tanie ko\u015bcio\u0142a&nbsp;&nbsp;&nbsp;&nbsp;&nbsp;&nbsp;&nbsp;&nbsp;&nbsp;&nbsp;&nbsp;&nbsp;&nbsp;&nbsp;&nbsp; &nbsp;&nbsp;&nbsp;&nbsp;&nbsp;&nbsp;&nbsp;&nbsp;&nbsp;&nbsp;&nbsp;&nbsp;&nbsp;&nbsp;&nbsp;&nbsp;&nbsp;&nbsp;&nbsp;&nbsp;&nbsp;&nbsp;&nbsp;&nbsp;&nbsp;&nbsp;&nbsp;&nbsp;&nbsp;&nbsp;&nbsp;&nbsp;&nbsp;&nbsp;&nbsp;&nbsp;&nbsp;&nbsp;&nbsp;&nbsp;&nbsp;&nbsp;&nbsp;&nbsp;&nbsp;&nbsp;&nbsp;&nbsp;&nbsp;&nbsp;&nbsp;&nbsp;&nbsp;&nbsp;&nbsp;&nbsp;&nbsp;&nbsp;&nbsp;&nbsp;&nbsp;&nbsp;&nbsp;&nbsp;&nbsp;&nbsp;&nbsp;&nbsp;&nbsp;&nbsp;&nbsp;&nbsp;&nbsp;&nbsp;&nbsp;&nbsp;&nbsp;&nbsp;&nbsp;&nbsp;&nbsp;&nbsp;&nbsp;&nbsp;&nbsp;&nbsp;&nbsp;&nbsp;&nbsp;&nbsp;&nbsp;&nbsp;&nbsp;<\/p>\n<p><strong>\u0141ukowe <\/strong>:Wichryk J\u00f3zefa,Dubiel Gabriela,Wr\u00f3bel Zofia,Krajzewicz Ma\u0142gorzata<\/p>\n<p>&nbsp;<strong><em>\u015arednie Wielkie<\/em><\/strong>.Kozio\u0142 Barbara,Duuel Anna<\/p>\n<p><span style=\"color: #ff0000;\">&nbsp;&nbsp;&nbsp;&nbsp;&nbsp;&nbsp;&nbsp;&nbsp;&nbsp;&nbsp;&nbsp;&nbsp;&nbsp;&nbsp;&nbsp;&nbsp;&nbsp;&nbsp;&nbsp;&nbsp;&nbsp;&nbsp;&nbsp;&nbsp;&nbsp;&nbsp;&nbsp;&nbsp;&nbsp;&nbsp;&nbsp;&nbsp;&nbsp;&nbsp;&nbsp;&nbsp;&nbsp;&nbsp;&nbsp;&nbsp;&nbsp;&nbsp;&nbsp;&nbsp;&nbsp;&nbsp;&nbsp;&nbsp;&nbsp;&nbsp;&nbsp;&nbsp;&nbsp;&nbsp;&nbsp;&nbsp;&nbsp;&nbsp;&nbsp;&nbsp;&nbsp;&nbsp;&nbsp;&nbsp;&nbsp;&nbsp;&nbsp;&nbsp;&nbsp;&nbsp; 24Niedziela 12.09.2021r.&nbsp; &nbsp; &nbsp;<\/span>&nbsp; &nbsp; &nbsp; &nbsp; &nbsp; &nbsp; &nbsp; &nbsp; &nbsp; &nbsp; &nbsp; &nbsp; &nbsp; &nbsp; &nbsp; &nbsp; &nbsp; &nbsp; &nbsp; &nbsp; &nbsp; &nbsp; &nbsp; &nbsp; &nbsp; &nbsp; &nbsp; &nbsp; &nbsp; &nbsp; &nbsp; &nbsp; &nbsp; 1.W Poniedzia\u0142ek. 13.09. Msza \u015aw.o godz.17.00 i procesja na G\u00f3r\u0119&nbsp;&nbsp; Mi\u0142osierdzia.&nbsp; &nbsp;&nbsp;&nbsp;&nbsp;&nbsp;&nbsp;&nbsp;&nbsp;&nbsp;&nbsp;&nbsp;&nbsp;&nbsp;&nbsp;&nbsp;&nbsp;&nbsp;&nbsp;&nbsp;&nbsp;&nbsp;&nbsp;&nbsp;&nbsp;&nbsp;&nbsp;&nbsp;&nbsp; 2.We Wtorek \u015awi\u0119to Podwy\u017cszenia Krzy\u017ca \u015awi\u0119tego.Odpust w Czaszynie.Zaleca si\u0119&nbsp; w tym dniu procesj\u0119 do krzy\u017ca. My udamy si\u0119 do krzy\u017ca w <strong>Poniedzia\u0142ek 13.09 na G\u00f3r\u0119 Mi\u0142osierdzia.<\/strong> Przy krzy\u017cu odm\u00f3wimy zalecane modlitwy. Zapraszam dzieci, m\u0142odzie\u017c ,starszych. &nbsp;<\/p>\n<p>3.Msza \u015awi\u0119ta we Wt.\u015ar.Pi\u0105 o godzinie 18.00 w Czw. Sob o godzinie 7.00 W \u015arednim Wielkim w Czw. o godz 18.00<\/p>\n<p><strong>4.W Sobot\u0119<\/strong> <strong>wypada \u015awi\u0119to \u015aw. Stanis\u0142aw Kostki Patrona dzieci i m\u0142odzie\u017cy,zapraszam na spotkanie formacyjne uczni\u00f3w kl.6, 7 i 8 SP w Pi\u0105tek Msza \u015awi\u0119ta o godz.18.00.Spowied\u017a przed Msz\u0105 \u015bw.<\/strong><\/p>\n<p>&nbsp;5.W tym tygodniu Kwartalne dni modlitw&nbsp; za dzieci , m\u0142odzie\u017c i wychowawc\u00f3w.<\/p>\n<p>&nbsp;6.W sobot\u0119 18 wrze\u015bnia od godz.9.00-18.30 spotkanie m\u0142odych SMAP w Kro\u015bnie.<\/p>\n<p>7.Dzi\u015b beatyfikacja Kardyna\u0142a Stefana Wyszy\u0144skiego w Warszawie i S. El\u017cbiety R\u00f3\u017cy Czackiej.Dzi\u0119kuj\u0119 Paniom z AK za pi\u0119kn\u0105 dekoracj\u0119 i wszystkim ,kt\u00f3rzy przyszli z pomoc\u0105.B\u00f3g zap\u0142a\u0107.<\/p>\n<p>8.Sprz\u0105tanie ko\u015bcio\u0142a&nbsp;&nbsp;&nbsp;&nbsp;&nbsp;&nbsp;&nbsp;&nbsp;&nbsp;&nbsp;&nbsp;&nbsp;&nbsp;&nbsp;&nbsp;&nbsp;&nbsp;&nbsp;&nbsp;&nbsp;&nbsp;&nbsp;&nbsp;&nbsp;&nbsp;&nbsp;&nbsp;&nbsp;&nbsp;&nbsp;&nbsp;&nbsp;&nbsp;&nbsp;&nbsp;&nbsp;&nbsp;&nbsp;&nbsp;&nbsp;&nbsp;&nbsp;&nbsp;&nbsp;&nbsp;&nbsp;&nbsp;&nbsp;&nbsp;&nbsp;&nbsp;&nbsp;&nbsp;&nbsp;&nbsp;&nbsp;&nbsp;&nbsp;&nbsp;&nbsp;&nbsp;&nbsp;&nbsp;&nbsp;&nbsp;&nbsp;&nbsp;&nbsp;&nbsp;&nbsp;&nbsp;&nbsp;&nbsp;&nbsp;&nbsp;&nbsp;&nbsp;&nbsp;&nbsp;&nbsp;&nbsp;&nbsp;&nbsp;&nbsp;&nbsp;&nbsp;&nbsp;&nbsp;&nbsp;&nbsp;&nbsp;&nbsp;&nbsp;&nbsp;&nbsp;&nbsp;&nbsp;&nbsp;&nbsp;&nbsp;&nbsp;&nbsp;&nbsp;&nbsp;&nbsp;&nbsp;&nbsp;&nbsp;<\/p>\n<p><strong>\u0141ukowe <\/strong><span style=\"color: #0000ff;\"><em>:<\/em> Str\u00f3\u017cak Bo\u017cena,Krajnik Renata,Kurek Wies\u0142awa<\/span><\/p>\n<p><strong><em>\u015arednie Wielkie<\/em><\/strong><em> :<\/em><span style=\"color: #0000ff;\">&nbsp; Lubas Maria, Mleczy\u0144ska Danuta&nbsp;&nbsp;&nbsp;&nbsp;<\/span><\/p>\n<p>&nbsp;<\/p>\n<ol start=\"7\">\n<li>Dzi\u015b beatyfikacja Kardyna\u0142a Stefana Wyszy\u0144skiego w Warszawie.Dzi\u0119kuj\u0119 Paniom z AK za pi\u0119kn\u0105 dekoracj\u0119 i wszystkim ,kt\u00f3rzy przyszli z pomoc\u0105.B\u00f3g zap\u0142a\u0107.<\/li>\n<\/ol>\n<p>8.Sprz\u0105tanie ko\u015bcio\u0142a&nbsp;&nbsp;&nbsp;&nbsp;&nbsp;&nbsp;&nbsp;&nbsp;&nbsp;&nbsp;&nbsp;&nbsp;&nbsp;&nbsp;&nbsp;&nbsp;&nbsp;&nbsp;&nbsp;&nbsp;&nbsp;&nbsp;&nbsp;&nbsp;&nbsp;&nbsp;&nbsp;&nbsp;&nbsp;&nbsp;&nbsp;&nbsp;&nbsp;&nbsp;&nbsp;&nbsp;&nbsp;&nbsp;&nbsp;&nbsp;&nbsp;&nbsp;&nbsp;&nbsp;&nbsp;&nbsp;&nbsp;&nbsp;&nbsp;&nbsp;&nbsp;&nbsp;&nbsp;&nbsp;&nbsp;&nbsp;&nbsp;&nbsp;&nbsp;&nbsp;&nbsp;&nbsp;&nbsp;&nbsp;&nbsp;&nbsp;&nbsp;&nbsp;&nbsp;&nbsp;&nbsp;&nbsp;&nbsp;&nbsp;&nbsp;&nbsp;&nbsp;&nbsp;&nbsp;&nbsp;&nbsp;&nbsp;&nbsp;&nbsp;&nbsp;&nbsp;&nbsp;&nbsp;&nbsp;&nbsp;&nbsp;&nbsp;&nbsp;&nbsp;&nbsp;&nbsp;&nbsp;&nbsp;&nbsp;&nbsp;&nbsp;&nbsp;&nbsp;&nbsp;&nbsp;&nbsp;&nbsp;&nbsp; <strong>\u0141ukowe <\/strong><em>:<\/em> Str\u00f3\u017cak Bo\u017cena,Krajnik Renata,Kurek Wies\u0142awa<\/p>\n<p>&nbsp; <strong><em>\u015arednie Wielkie<\/em><\/strong><em> :<\/em>&nbsp; Lubas Maria, Mleczy\u0144ska Danuta&nbsp;&nbsp;&nbsp;&nbsp;<\/p>\n<p>&nbsp;&nbsp;<\/p>\n<ol start=\"7\">\n<li>Dzi\u015b beatyfikacja Kardyna\u0142a Stefana Wyszy\u0144skiego w Warszawie.Dzi\u0119kuj\u0119 Paniom z AK za pi\u0119kn\u0105 dekoracj\u0119 i wszystkim ,kt\u00f3rzy przyszli z pomoc\u0105.B\u00f3g zap\u0142a\u0107.<\/li>\n<\/ol>\n<p>8.Sprz\u0105tanie ko\u015bcio\u0142a&nbsp;&nbsp;&nbsp;&nbsp;&nbsp;&nbsp;&nbsp;&nbsp;&nbsp;&nbsp;&nbsp;&nbsp;&nbsp;&nbsp;&nbsp;&nbsp;&nbsp;&nbsp;&nbsp;&nbsp;&nbsp;&nbsp;&nbsp;&nbsp;&nbsp;&nbsp;&nbsp;&nbsp;&nbsp;&nbsp;&nbsp;&nbsp;&nbsp;&nbsp;&nbsp;&nbsp;&nbsp;&nbsp;&nbsp;&nbsp;&nbsp;&nbsp;&nbsp;&nbsp;&nbsp;&nbsp;&nbsp;&nbsp;&nbsp;&nbsp;&nbsp;&nbsp;&nbsp;&nbsp;&nbsp;&nbsp;&nbsp;&nbsp;&nbsp;&nbsp;&nbsp;&nbsp;&nbsp;&nbsp;&nbsp;&nbsp;&nbsp;&nbsp;&nbsp;&nbsp;&nbsp;&nbsp;&nbsp;&nbsp;&nbsp;&nbsp;&nbsp;&nbsp;&nbsp;&nbsp;&nbsp;&nbsp;&nbsp;&nbsp;&nbsp;&nbsp;&nbsp;&nbsp;&nbsp;&nbsp;&nbsp;&nbsp;&nbsp;&nbsp;&nbsp;&nbsp;&nbsp;&nbsp;&nbsp;&nbsp;&nbsp;&nbsp;&nbsp;&nbsp;&nbsp;&nbsp;&nbsp;&nbsp; <strong>\u0141ukowe <\/strong><em>:<\/em> Str\u00f3\u017cak Bo\u017cena,Krajnik Renata,Kurek Wies\u0142awa<\/p>\n<p>&nbsp; <strong><em>\u015arednie Wielkie<\/em><\/strong><em> :<\/em>&nbsp; Lubas Maria, Mleczy\u0144ska Danuta&nbsp;&nbsp;&nbsp;&nbsp;<\/p>\n<p>&nbsp;&nbsp;&nbsp;&nbsp;<\/p>\n<ol start=\"7\">\n<li>Dzi\u015b beatyfikacja Kardyna\u0142a Stefana Wyszy\u0144skiego w Warszawie.Dzi\u0119kuj\u0119 Paniom z AK za pi\u0119kn\u0105 dekoracj\u0119 i wszystkim ,kt\u00f3rzy przyszli z pomoc\u0105.B\u00f3g zap\u0142a\u0107.<\/li>\n<\/ol>\n<p>8.Sprz\u0105tanie ko\u015bcio\u0142a&nbsp;&nbsp;&nbsp;&nbsp;&nbsp;&nbsp;&nbsp;&nbsp;&nbsp;&nbsp;&nbsp;&nbsp;&nbsp;&nbsp;&nbsp;&nbsp;&nbsp;&nbsp;&nbsp;&nbsp;&nbsp;&nbsp;&nbsp;&nbsp;&nbsp;&nbsp;&nbsp;&nbsp;&nbsp;&nbsp;&nbsp;&nbsp;&nbsp;&nbsp;&nbsp;&nbsp;&nbsp;&nbsp;&nbsp;&nbsp;&nbsp;&nbsp;&nbsp;&nbsp;&nbsp;&nbsp;&nbsp;&nbsp;&nbsp;&nbsp;&nbsp;&nbsp;&nbsp;&nbsp;&nbsp;&nbsp;&nbsp;&nbsp;&nbsp;&nbsp;&nbsp;&nbsp;&nbsp;&nbsp;&nbsp;&nbsp;&nbsp;&nbsp;&nbsp;&nbsp;&nbsp;&nbsp;&nbsp;&nbsp;&nbsp;&nbsp;&nbsp;&nbsp;&nbsp;&nbsp;&nbsp;&nbsp;&nbsp;&nbsp;&nbsp;&nbsp;&nbsp;&nbsp;&nbsp;&nbsp;&nbsp;&nbsp;&nbsp;&nbsp;&nbsp;&nbsp;&nbsp;&nbsp;&nbsp;&nbsp;&nbsp;&nbsp;&nbsp;&nbsp;&nbsp;&nbsp;&nbsp;&nbsp; <strong>\u0141ukowe <\/strong><em>:<\/em> Str\u00f3\u017cak Bo\u017cena,Krajnik Renata,Kurek Wies\u0142awa<\/p>\n<p>&nbsp; <strong><em>\u015arednie Wielkie<\/em><\/strong><em> :<\/em>&nbsp; Lubas Maria, Mleczy\u0144ska Danuta&nbsp;&nbsp;&nbsp;&nbsp;<\/p>\n<p>&nbsp;&nbsp;&nbsp;&nbsp;&nbsp;&nbsp;&nbsp;&nbsp;&nbsp;&nbsp;&nbsp;&nbsp;&nbsp;&nbsp;&nbsp;&nbsp;&nbsp;&nbsp;&nbsp;&nbsp;&nbsp;&nbsp;&nbsp;&nbsp;&nbsp;&nbsp;&nbsp;&nbsp;&nbsp;&nbsp;&nbsp;&nbsp;&nbsp;&nbsp;&nbsp;&nbsp;&nbsp;&nbsp;&nbsp;&nbsp;&nbsp;&nbsp;&nbsp;&nbsp;&nbsp;&nbsp;&nbsp;&nbsp;&nbsp;&nbsp;&nbsp;&nbsp;&nbsp;&nbsp;&nbsp;&nbsp;&nbsp;&nbsp;&nbsp;&nbsp;&nbsp;&nbsp;&nbsp;&nbsp; &nbsp;&nbsp;<\/p>\n<p><span style=\"color: #ff0000;\"> 23 Niedziela&nbsp; 05. 09. 2021r.&nbsp; <\/span>&nbsp;&nbsp;&nbsp;&nbsp;&nbsp;&nbsp;&nbsp;&nbsp;&nbsp;&nbsp;&nbsp;&nbsp;&nbsp;&nbsp;&nbsp;&nbsp;&nbsp;&nbsp;&nbsp;&nbsp;&nbsp;&nbsp;&nbsp;&nbsp;&nbsp;&nbsp;&nbsp;&nbsp;&nbsp;&nbsp;&nbsp;&nbsp;&nbsp;&nbsp;&nbsp;&nbsp;&nbsp;&nbsp;&nbsp;&nbsp;&nbsp;&nbsp;&nbsp;&nbsp;&nbsp;&nbsp;&nbsp;&nbsp;&nbsp;&nbsp;&nbsp; &nbsp; &nbsp; &nbsp; &nbsp; &nbsp; &nbsp; &nbsp; &nbsp; &nbsp; &nbsp; &nbsp; &nbsp; &nbsp; &nbsp; &nbsp; &nbsp; &nbsp; &nbsp; &nbsp; &nbsp; &nbsp; &nbsp; &nbsp; &nbsp; &nbsp; &nbsp; &nbsp; &nbsp; &nbsp; &nbsp; &nbsp; &nbsp; &nbsp; &nbsp; &nbsp; &nbsp; &nbsp; &nbsp; &nbsp; &nbsp; &nbsp; &nbsp; &nbsp; &nbsp; &nbsp; &nbsp; &nbsp; &nbsp; &nbsp; &nbsp; &nbsp;&nbsp; 1. Msze \u015bw.w Po\u0144.,Wt.\u015ar.Pi\u0105 o godzinie 18.00 w Czw. Sob o godzinie 7.00 W \u015arednim Wielkim w Czw.&nbsp;&nbsp;&nbsp;&nbsp; o godz18.00&nbsp;&nbsp;&nbsp;&nbsp;&nbsp;&nbsp;<\/p>\n<p>2.<span style=\"color: #ff0000;\">W \u015arod\u0119 \u015awi\u0119to Narodzenia NMP-po\u015bwi\u0119cenie ziarna na zasiew. Modlimy si\u0119 za rolnik\u00f3w.<\/span><\/p>\n<p><span style=\"color: #00ff00;\">3.Spotkanie z rodzicami uczni\u00f3w kl.3SP w ko\u015bciele parafialnym&nbsp; Niedziel\u0119 12.09.2021r.godz.11.00<\/span><\/p>\n<p>4.Dzi\u015b sk\u0142adka na WSD w Przemy\u015blu,zbi\u00f3rka do puszek Caritas organizuje na potrzeby mieszka\u0144c\u00f3w Afganistanu &nbsp;&nbsp;&nbsp;&nbsp;&nbsp;&nbsp;&nbsp;&nbsp;&nbsp;&nbsp;&nbsp;&nbsp;&nbsp;&nbsp;&nbsp;&nbsp;&nbsp;&nbsp;&nbsp;&nbsp;&nbsp;&nbsp;&nbsp;&nbsp;&nbsp;&nbsp;&nbsp;&nbsp;&nbsp;&nbsp;&nbsp;&nbsp;&nbsp;&nbsp;&nbsp;&nbsp;&nbsp;&nbsp;&nbsp;&nbsp;&nbsp;&nbsp;&nbsp;&nbsp;&nbsp;&nbsp;&nbsp;&nbsp;&nbsp;&nbsp;&nbsp;&nbsp;&nbsp;&nbsp;&nbsp;<\/p>\n<p>5.Sprz\u0105tanie ko\u015bcio\u0142a&nbsp;&nbsp;&nbsp;&nbsp;&nbsp;&nbsp;&nbsp;&nbsp;&nbsp;&nbsp;&nbsp;&nbsp;&nbsp;&nbsp;&nbsp;&nbsp;&nbsp;&nbsp;&nbsp;&nbsp;&nbsp;&nbsp;&nbsp;&nbsp;&nbsp;&nbsp;&nbsp;&nbsp;&nbsp;&nbsp;&nbsp;&nbsp;&nbsp;&nbsp;&nbsp;&nbsp;&nbsp;&nbsp;&nbsp;&nbsp;&nbsp;&nbsp;&nbsp;&nbsp;&nbsp;&nbsp;&nbsp;&nbsp;&nbsp;&nbsp;&nbsp;&nbsp;&nbsp;&nbsp;&nbsp;&nbsp;&nbsp;&nbsp;&nbsp;&nbsp;&nbsp;&nbsp;&nbsp;&nbsp;&nbsp;&nbsp;&nbsp;&nbsp;&nbsp;&nbsp;&nbsp;&nbsp;&nbsp;&nbsp;&nbsp;&nbsp;&nbsp;&nbsp;&nbsp;&nbsp;&nbsp;&nbsp;&nbsp;&nbsp;&nbsp;&nbsp;&nbsp;&nbsp;&nbsp;&nbsp;&nbsp;&nbsp;&nbsp;&nbsp;&nbsp;&nbsp;&nbsp;&nbsp;&nbsp;&nbsp;&nbsp;&nbsp;&nbsp;&nbsp;&nbsp;&nbsp;&nbsp;&nbsp;&nbsp;&nbsp;&nbsp;&nbsp;&nbsp;&nbsp;&nbsp;&nbsp;&nbsp;&nbsp;&nbsp;&nbsp;&nbsp;&nbsp;&nbsp;&nbsp;&nbsp;&nbsp;&nbsp;&nbsp;&nbsp;&nbsp;&nbsp;&nbsp;&nbsp;&nbsp;&nbsp;&nbsp;&nbsp;&nbsp;&nbsp;&nbsp;&nbsp;&nbsp;&nbsp;&nbsp;&nbsp;&nbsp;&nbsp;&nbsp;&nbsp;&nbsp;&nbsp;&nbsp; <strong>\u0141ukowe:<\/strong><span style=\"color: #0000ff;\">Kurek Czes\u0142awa,Kurek Mieczys\u0142aw, Kurek Mariusz<\/span><\/p>\n<p>&nbsp;<strong><em>\u015arednie Wielkie<\/em><\/strong><em> :<\/em> <span style=\"color: #0000ff;\">Johyn Jolanta, Bo\u017cek Dorota<\/span><\/p>\n<p>&nbsp;<\/p>\n<p>&nbsp;&nbsp;&nbsp;&nbsp;&nbsp;&nbsp;&nbsp;&nbsp;&nbsp;&nbsp;&nbsp;&nbsp;&nbsp;&nbsp;&nbsp;&nbsp;&nbsp;&nbsp;&nbsp;&nbsp;&nbsp;&nbsp;&nbsp;&nbsp;&nbsp;&nbsp;&nbsp;&nbsp;&nbsp;&nbsp;&nbsp;&nbsp;&nbsp;&nbsp;&nbsp;&nbsp;&nbsp;&nbsp;&nbsp;&nbsp;&nbsp;&nbsp;&nbsp;<span style=\"color: #ff0000;\">&nbsp;&nbsp;&nbsp;&nbsp; 22 Niedziela&nbsp; 29. 08. 2021r.&nbsp;&nbsp;<\/span>&nbsp;&nbsp;&nbsp;&nbsp;&nbsp;&nbsp;&nbsp;&nbsp;&nbsp;&nbsp;&nbsp;&nbsp;&nbsp;&nbsp;&nbsp;&nbsp;&nbsp;&nbsp;&nbsp;&nbsp;&nbsp;&nbsp;&nbsp;&nbsp;&nbsp;&nbsp;&nbsp;&nbsp;&nbsp;&nbsp;&nbsp;&nbsp;&nbsp;&nbsp;&nbsp;&nbsp;&nbsp;&nbsp;&nbsp;&nbsp;&nbsp;&nbsp;&nbsp;&nbsp;&nbsp;&nbsp;&nbsp;&nbsp;&nbsp;&nbsp;&nbsp;&nbsp;&nbsp;&nbsp;&nbsp;&nbsp;&nbsp;&nbsp;&nbsp;&nbsp;&nbsp;&nbsp;&nbsp;&nbsp;&nbsp;&nbsp;&nbsp;&nbsp;&nbsp;&nbsp;&nbsp;&nbsp;&nbsp;&nbsp;&nbsp;&nbsp;&nbsp;&nbsp;&nbsp;&nbsp;&nbsp;&nbsp;&nbsp;&nbsp;&nbsp;&nbsp;&nbsp;&nbsp;&nbsp;&nbsp;&nbsp;&nbsp;&nbsp;&nbsp;&nbsp;&nbsp;&nbsp;&nbsp;&nbsp;&nbsp;&nbsp;&nbsp;&nbsp;&nbsp; 1. Msze \u015bw.w Po\u0144.,Wt.\u015ar.Pi\u0105 o godzinie 18.00 w Czw.i w Sob o godzinie 7.00 W \u015arednim Wielkim&nbsp;&nbsp;&nbsp;&nbsp;&nbsp;&nbsp;&nbsp;&nbsp;&nbsp;&nbsp;&nbsp;&nbsp;&nbsp; w Czw. o godz18.00&nbsp;&nbsp;&nbsp;&nbsp;&nbsp;&nbsp;&nbsp;&nbsp;&nbsp;&nbsp;&nbsp;&nbsp;&nbsp;&nbsp;&nbsp;&nbsp;&nbsp;&nbsp;&nbsp;&nbsp;&nbsp;&nbsp;&nbsp;&nbsp;&nbsp; &nbsp;&nbsp;&nbsp;&nbsp;&nbsp;&nbsp;&nbsp;&nbsp;&nbsp;&nbsp;&nbsp;&nbsp;&nbsp;&nbsp;&nbsp;&nbsp;&nbsp;&nbsp;&nbsp;&nbsp;&nbsp;&nbsp;&nbsp;&nbsp;&nbsp;&nbsp;&nbsp;&nbsp;&nbsp;&nbsp;&nbsp;&nbsp;&nbsp;&nbsp;&nbsp;&nbsp;&nbsp;&nbsp;&nbsp;&nbsp;&nbsp;&nbsp;<\/p>\n<p>2.<span style=\"color: #00ff00;\">W \u015arod\u0119 01.09.2021r.Rozpocz\u0119cie Nowego Roku Szkolnego.<\/span> <span style=\"color: #ff0000;\">Msza \u015awi\u0119ta o godzinie 9.00<\/span> po Mszy \u015awi\u0119tej udajemy si\u0119 do szko\u0142y. <span style=\"color: #0000ff;\">Spowied\u017a dla uczni\u00f3w SP i Szko\u0142y \u015aredniej&nbsp; w Po\u0144.i Wt.przed Msz\u0105 \u015aw.od godz17.30&nbsp;&nbsp;&nbsp;&nbsp;&nbsp;&nbsp; &nbsp;&nbsp;&nbsp;&nbsp;&nbsp;&nbsp;&nbsp;&nbsp;&nbsp;&nbsp;&nbsp;&nbsp;&nbsp;&nbsp;&nbsp;&nbsp;&nbsp;&nbsp;&nbsp;&nbsp;&nbsp;&nbsp;&nbsp;&nbsp;&nbsp;&nbsp;&nbsp;&nbsp;&nbsp;&nbsp;&nbsp;&nbsp;&nbsp;&nbsp;&nbsp;&nbsp;&nbsp;&nbsp;&nbsp;&nbsp;&nbsp;&nbsp;&nbsp;&nbsp;&nbsp;&nbsp;&nbsp;&nbsp;&nbsp;&nbsp;&nbsp;&nbsp;&nbsp;&nbsp;&nbsp;&nbsp;&nbsp;&nbsp;&nbsp;&nbsp;&nbsp;&nbsp;<\/span><\/p>\n<p>3.W tym tyg. 1s Cz.1P.1 S miesi\u0105ca<\/p>\n<p>4.Sprz\u0105tanie ko\u015bcio\u0142a&nbsp;&nbsp;&nbsp;&nbsp;&nbsp;&nbsp;&nbsp;&nbsp;&nbsp;&nbsp;&nbsp;&nbsp;&nbsp;&nbsp;&nbsp;&nbsp;&nbsp;&nbsp;&nbsp;&nbsp;&nbsp;&nbsp;&nbsp;&nbsp;&nbsp;&nbsp;&nbsp;&nbsp;&nbsp;&nbsp;&nbsp;&nbsp;&nbsp;&nbsp;&nbsp;&nbsp;&nbsp;&nbsp;&nbsp;&nbsp;&nbsp;&nbsp;&nbsp;&nbsp;&nbsp;&nbsp;&nbsp;&nbsp;&nbsp;&nbsp;&nbsp;&nbsp;&nbsp;&nbsp;&nbsp;&nbsp;&nbsp;&nbsp;&nbsp;&nbsp;&nbsp;&nbsp;&nbsp;&nbsp;&nbsp;&nbsp;&nbsp;&nbsp;&nbsp;&nbsp;&nbsp;&nbsp;&nbsp;&nbsp;&nbsp;&nbsp;&nbsp;&nbsp;&nbsp;&nbsp;&nbsp;&nbsp;&nbsp;&nbsp;&nbsp;&nbsp;&nbsp;&nbsp;&nbsp;&nbsp;&nbsp;&nbsp;&nbsp;&nbsp;&nbsp;&nbsp;&nbsp;&nbsp;&nbsp;&nbsp;&nbsp;&nbsp;&nbsp;&nbsp;&nbsp;&nbsp; &nbsp; &nbsp; &nbsp; &nbsp; &nbsp; &nbsp; &nbsp; &nbsp; &nbsp; &nbsp; &nbsp; &nbsp; &nbsp; &nbsp; &nbsp; &nbsp; &nbsp; &nbsp; &nbsp; &nbsp; &nbsp; &nbsp; &nbsp; &nbsp; &nbsp; &nbsp; &nbsp;&nbsp; <strong>\u0141ukowe <\/strong><em>:<\/em> <span style=\"color: #0000ff;\">Miedzi\u0144ska Iwona, Szlaga Artur,Kusiak Krystyna<\/span><\/p>\n<p><strong><em>\u015arednie Wielkie<\/em><\/strong><em> :&nbsp; <span style=\"color: #0000ff;\">&nbsp;<\/span><\/em><span style=\"color: #0000ff;\">Zajkowski J\u00f3zef,Domaradzka Ewelina<\/span><\/p>\n<p style=\"text-align: center;\"><span style=\"color: #ff0000;\">21Niedziela 22.08.2021r.<\/span><\/p>\n<p>1. Msze \u015bw.w Po\u0144.,\u015ar. o godzinie 18.00&nbsp; Wt.Czw. Pi\u0105. Sob o &nbsp;godzinie 7.00<\/p>\n<p>2.W czwartek Ur. NMP-Cz\u0119stochowskiej &#8211; Odpust w Tarnawie.<\/p>\n<p>3.Sprz\u0105tanie ko\u015bcio\u0142a<\/p>\n<p><strong>\u0141ukowe <\/strong>:<span style=\"color: #000080;\"> Puzio Ma\u0142gorzata ,Kurek Joanna, Kurek Sabina<\/span><\/p>\n<p><strong><em>\u015arednie Wielkie<\/em><\/strong> <strong>: <\/strong><span style=\"color: #000080;\">\u015aliwa Iwona,Czech Agnieszka<\/span><\/p>\n<p>&nbsp;<\/p>\n<p><span style=\"color: #ff0000;\">&nbsp;&nbsp;&nbsp;&nbsp;&nbsp;&nbsp;&nbsp;&nbsp;&nbsp;&nbsp;&nbsp;&nbsp;&nbsp;&nbsp;&nbsp;&nbsp;&nbsp;&nbsp;&nbsp;&nbsp;&nbsp;&nbsp;&nbsp;&nbsp;&nbsp;&nbsp;&nbsp;&nbsp;&nbsp;&nbsp;&nbsp;&nbsp;&nbsp;&nbsp;&nbsp;&nbsp;&nbsp;&nbsp;&nbsp;&nbsp;&nbsp;&nbsp;&nbsp;&nbsp;&nbsp;&nbsp;&nbsp;&nbsp;&nbsp;&nbsp;&nbsp;&nbsp;&nbsp;&nbsp;&nbsp;&nbsp; 20 Niedziela&nbsp; 15. 08. 2021r.<\/span><\/p>\n<p>1.Dzi\u015b &nbsp;Niedziela Ur.Wniebowzi\u0119cia NMP Msze \u015aw.o godz.7,30,9.30,11.00 na ka\u017cdej Mszy \u015bw. po\u015bwi\u0119cenie zi\u00f3\u0142, kwiat\u00f3w i wie\u0144c\u00f3w.&nbsp;&nbsp;&nbsp;&nbsp;&nbsp;&nbsp;&nbsp;&nbsp;&nbsp;&nbsp;&nbsp;&nbsp;&nbsp;&nbsp;&nbsp;&nbsp;&nbsp;&nbsp;&nbsp;&nbsp;&nbsp;&nbsp;&nbsp;&nbsp;&nbsp;&nbsp;&nbsp;&nbsp;&nbsp;&nbsp; &nbsp;&nbsp;&nbsp;&nbsp;&nbsp;&nbsp;&nbsp;&nbsp;&nbsp;&nbsp;&nbsp;&nbsp;&nbsp;&nbsp;&nbsp;&nbsp;&nbsp;&nbsp;&nbsp;&nbsp;&nbsp;&nbsp;&nbsp;&nbsp;&nbsp;&nbsp;&nbsp;&nbsp;&nbsp;&nbsp;&nbsp;&nbsp;&nbsp;&nbsp;&nbsp;&nbsp;&nbsp;&nbsp;&nbsp;&nbsp;&nbsp;&nbsp;&nbsp;&nbsp;&nbsp;&nbsp;&nbsp;&nbsp;&nbsp;&nbsp;&nbsp;&nbsp;&nbsp;&nbsp;&nbsp;&nbsp;&nbsp;&nbsp;&nbsp;&nbsp;&nbsp;&nbsp;&nbsp;&nbsp;<\/p>\n<p>&nbsp;2.Msze \u015bw.w Po\u0144.Czw. i w Sob o <strong>&nbsp;godz.7.00,<\/strong> Wt.\u015ar.Pi\u0105.<strong>o godz.18.00<\/strong>&nbsp; w Czw. \u015arednie W. <strong>g.18.00<\/strong>&nbsp;&nbsp;&nbsp;&nbsp;&nbsp;&nbsp;&nbsp;&nbsp;&nbsp;&nbsp;&nbsp;&nbsp;&nbsp;&nbsp;&nbsp;&nbsp;&nbsp;&nbsp;&nbsp;&nbsp;&nbsp;&nbsp;&nbsp; &nbsp;&nbsp;&nbsp;&nbsp;&nbsp;&nbsp;&nbsp;&nbsp;&nbsp;&nbsp;&nbsp;&nbsp;&nbsp;&nbsp;&nbsp;&nbsp;&nbsp;&nbsp;&nbsp;&nbsp;&nbsp;&nbsp;&nbsp;&nbsp;&nbsp;&nbsp;&nbsp;&nbsp;&nbsp;&nbsp;<\/p>\n<p>3.We Wtorek \u015awi\u0119to \u015aw.Jacka,w Pi\u0105tek Wsp.\u015aw. Bernarda,w Sobot\u0119 Wsp.\u015aw.PiusaX<\/p>\n<p>4.Sprz\u0105tanie ko\u015bcio\u0142a&nbsp;&nbsp;&nbsp;&nbsp;&nbsp;&nbsp;&nbsp;&nbsp;&nbsp;&nbsp;&nbsp;&nbsp;&nbsp;&nbsp;&nbsp;&nbsp;&nbsp;&nbsp;&nbsp;&nbsp;&nbsp;&nbsp;&nbsp;&nbsp;&nbsp;&nbsp;&nbsp;&nbsp;&nbsp;&nbsp;&nbsp;&nbsp;&nbsp;&nbsp;&nbsp;&nbsp;&nbsp;&nbsp;&nbsp;&nbsp;&nbsp;&nbsp;&nbsp;&nbsp;&nbsp;&nbsp;&nbsp;&nbsp;&nbsp;&nbsp;&nbsp;&nbsp;&nbsp;&nbsp;&nbsp;&nbsp;&nbsp;&nbsp;&nbsp;&nbsp;&nbsp;&nbsp;&nbsp;&nbsp;&nbsp;&nbsp;&nbsp;&nbsp;&nbsp;&nbsp;&nbsp;&nbsp;&nbsp;&nbsp;&nbsp;&nbsp;&nbsp;&nbsp;&nbsp;&nbsp;&nbsp;&nbsp;&nbsp;&nbsp;&nbsp;&nbsp;&nbsp;&nbsp;&nbsp;&nbsp;&nbsp;&nbsp;&nbsp;&nbsp;&nbsp;&nbsp;&nbsp;&nbsp;&nbsp;&nbsp;&nbsp;&nbsp;&nbsp;&nbsp;&nbsp;&nbsp;&nbsp;<\/p>\n<p><span style=\"color: #ff0000;\">&nbsp; <\/span><strong><span style=\"color: #ff0000;\">\u0141ukowe<\/span>:&nbsp; <\/strong><span style=\"color: #000080;\">Misiura Zofia,Kusiak Agnieszka,Michalska Jadwiga<\/span><\/p>\n<p><span style=\"color: #ff0000;\">&nbsp;<\/span><strong><span style=\"color: #ff0000;\"><em>\u015arednie Wielkie<\/em><\/span>: <\/strong><span style=\"color: #000080;\">Kusiak Izabela,Dudziak Zofia<\/span><\/p>\n<p><span style=\"color: #ff0000;\">&nbsp; 19 Niedziela&nbsp; 08. 08. 2021r.<\/span>&nbsp;&nbsp;&nbsp;&nbsp;&nbsp;&nbsp;&nbsp;&nbsp;&nbsp;&nbsp;&nbsp;&nbsp;&nbsp;&nbsp;&nbsp;&nbsp;&nbsp;&nbsp;&nbsp;&nbsp;&nbsp;&nbsp;&nbsp;&nbsp;&nbsp;&nbsp;&nbsp;&nbsp;&nbsp;&nbsp;&nbsp;&nbsp;&nbsp;&nbsp;&nbsp; &nbsp;&nbsp;&nbsp;&nbsp;&nbsp;&nbsp;&nbsp;&nbsp;&nbsp;&nbsp;&nbsp;&nbsp;&nbsp;&nbsp;&nbsp;&nbsp;&nbsp;&nbsp;&nbsp;&nbsp;&nbsp;&nbsp;&nbsp;&nbsp;&nbsp;&nbsp;&nbsp;&nbsp;&nbsp;&nbsp;&nbsp;&nbsp;&nbsp;&nbsp;&nbsp;&nbsp;&nbsp;&nbsp;&nbsp;&nbsp;&nbsp;&nbsp;&nbsp;&nbsp;&nbsp;&nbsp;&nbsp;<\/p>\n<p>1.Msze \u015bw.Po\u0144.Cz. Sob o godz.7.00,Po\u0144.Wt.\u015ar, Pi\u0105. O godz.18.00 w <strong>Czwartek<\/strong> w \u015arednim Wielkim o godz.18.00&nbsp;&nbsp;<\/p>\n<p><strong>2.W Pi\u0105tek 13.sierpnia Msza \u015aw. i procesja na G\u00f3r\u0119 Mi\u0142osierdzia&nbsp; o godz.18.00.<\/strong>Zapraszam.Prosz\u0119&nbsp; r\u00f3\u017ce r\u00f3\u017ca\u0144cowe ,aby pami\u0119ta\u0142y o kapliczkach i posprz\u0105tali,prosz\u0119 aby wykoszono tak\u017ce traw\u0119 wzd\u0142u\u017c drogi. Zapraszam parafian od nr.domu 21-40<\/p>\n<ol start=\"3\">\n<li><strong>W Niedziel\u0119 Ur.Wniebowzi\u0119cia NMP Msze \u015aw.7.30,9.30,11.00-<\/strong> Po\u015bwi\u0119cenie zi\u00f3\u0142, kwiat\u00f3w i wie\u0144c\u00f3w na ka\u017cdej Mszy \u015bw.<\/li>\n<\/ol>\n<p>4.W tym tygodniu b\u0119dzie mnie zast\u0119powa\u0142<strong> ks. Jakub Pomyka\u0142a<\/strong><\/p>\n<p>5.Sprz\u0105tanie ko\u015bcio\u0142a<\/p>\n<p><span style=\"color: #ff0000;\">\u0141ukowe<\/span> <em>:<\/em><span style=\"color: #0000ff;\">Str\u00f3\u017cak Krystyna,Str\u00f3\u017cak Kinga,Str\u00f3\u017cak Anna<\/span><\/p>\n<p><span style=\"color: #ff0000;\"><strong><em>\u015arednie Wielkie<\/em><\/strong><\/span><span style=\"color: #0000ff;\"><em> :<\/em> Dziubak Maria,Marczyk Mieczys\u0142awa<\/span><\/p>\n<p>&nbsp;&nbsp;&nbsp;&nbsp;<span style=\"color: #ff0000;\"> &nbsp;&nbsp;<\/span><\/p>\n<p>&nbsp;<\/p>\n<p><span style=\"color: #ff0000;\">18Niedziela&nbsp; 01. 08. 2021r<\/span>.&nbsp;&nbsp;&nbsp;&nbsp;&nbsp;&nbsp;&nbsp;&nbsp;&nbsp;&nbsp;&nbsp;&nbsp;&nbsp;&nbsp;&nbsp;&nbsp;&nbsp;&nbsp;&nbsp;&nbsp;&nbsp;&nbsp;&nbsp;&nbsp;&nbsp;&nbsp;&nbsp;&nbsp;&nbsp;&nbsp;&nbsp;&nbsp;&nbsp;&nbsp;&nbsp;&nbsp;&nbsp;&nbsp;&nbsp;&nbsp;&nbsp;&nbsp;&nbsp;&nbsp;&nbsp;&nbsp;&nbsp;&nbsp;&nbsp;&nbsp;&nbsp;&nbsp;&nbsp;&nbsp;&nbsp;&nbsp;&nbsp;&nbsp;&nbsp;&nbsp;&nbsp;&nbsp;&nbsp;&nbsp;&nbsp;&nbsp;&nbsp;&nbsp;&nbsp;&nbsp;&nbsp;&nbsp;&nbsp;&nbsp;&nbsp;&nbsp;&nbsp;&nbsp;&nbsp;&nbsp;&nbsp;&nbsp;&nbsp;&nbsp;&nbsp;&nbsp;&nbsp;&nbsp; &nbsp;&nbsp;&nbsp;&nbsp;&nbsp;&nbsp;&nbsp;&nbsp;&nbsp;<\/p>\n<p>1.Msze \u015bw. Po\u0144. Wt.,Czw.o godz.7.00&nbsp; w \u015ar. Pi\u0105.&nbsp; Sob. o godz.18.00 &nbsp;&nbsp;&nbsp;&nbsp;&nbsp;&nbsp;&nbsp;&nbsp;&nbsp;&nbsp;&nbsp;&nbsp;&nbsp;&nbsp;&nbsp;&nbsp;&nbsp;&nbsp;&nbsp;&nbsp;&nbsp;&nbsp;&nbsp;&nbsp;&nbsp;&nbsp;&nbsp;&nbsp;&nbsp;&nbsp;&nbsp;&nbsp;&nbsp;&nbsp;&nbsp;&nbsp;&nbsp;&nbsp;&nbsp;&nbsp;&nbsp;&nbsp;&nbsp;&nbsp;&nbsp;&nbsp;&nbsp;&nbsp;&nbsp;&nbsp;&nbsp;&nbsp;&nbsp;&nbsp;&nbsp;&nbsp; &nbsp; &nbsp; &nbsp; &nbsp; &nbsp; &nbsp; &nbsp; &nbsp; &nbsp;&nbsp; 2.Dzi\u015b rozpoczyna si\u0119 sierpie\u0144 \u2013<span style=\"color: #ff0000;\">miesi\u0105c trze\u017awo\u015bci<\/span>. M\u00f3dlmy si\u0119 o trze\u017cwo\u015b\u0107 w naszych&nbsp;&nbsp;&nbsp;&nbsp;&nbsp;&nbsp;&nbsp;&nbsp;&nbsp;&nbsp;&nbsp;&nbsp;&nbsp;&nbsp;&nbsp;&nbsp;&nbsp; rodzinach.&nbsp;&nbsp;&nbsp;&nbsp;&nbsp;&nbsp;&nbsp;&nbsp;&nbsp;&nbsp;&nbsp;&nbsp;&nbsp;&nbsp;&nbsp;&nbsp;&nbsp;&nbsp;&nbsp;&nbsp;&nbsp;&nbsp;&nbsp;&nbsp;&nbsp;&nbsp;&nbsp;&nbsp;&nbsp;&nbsp;&nbsp;&nbsp;&nbsp;&nbsp;&nbsp;&nbsp; &nbsp;&nbsp;&nbsp;&nbsp;&nbsp;&nbsp;&nbsp;&nbsp;&nbsp;&nbsp;&nbsp;&nbsp;&nbsp;&nbsp;&nbsp;&nbsp;&nbsp;&nbsp;&nbsp;&nbsp;&nbsp;&nbsp;&nbsp;&nbsp;&nbsp;&nbsp;&nbsp;&nbsp;&nbsp;&nbsp;&nbsp;&nbsp;&nbsp;&nbsp;&nbsp;&nbsp;&nbsp;&nbsp;&nbsp;&nbsp;&nbsp;&nbsp;&nbsp;&nbsp;&nbsp;&nbsp;&nbsp;&nbsp;&nbsp;&nbsp;&nbsp;&nbsp;&nbsp;&nbsp;&nbsp;&nbsp;&nbsp;&nbsp;&nbsp;&nbsp;&nbsp;&nbsp;&nbsp;&nbsp;&nbsp;&nbsp;&nbsp;&nbsp;&nbsp;&nbsp;&nbsp;&nbsp;&nbsp;&nbsp;&nbsp;&nbsp;&nbsp;&nbsp;&nbsp;&nbsp;&nbsp;&nbsp;&nbsp;&nbsp;&nbsp;&nbsp;&nbsp;&nbsp;&nbsp;&nbsp;&nbsp;&nbsp;&nbsp;&nbsp;&nbsp;&nbsp;&nbsp;&nbsp;&nbsp;&nbsp;&nbsp;&nbsp;&nbsp;&nbsp;&nbsp;&nbsp;&nbsp;&nbsp;&nbsp;&nbsp;&nbsp;&nbsp;&nbsp;&nbsp;&nbsp;&nbsp;&nbsp;&nbsp;&nbsp;&nbsp;&nbsp;&nbsp;&nbsp;&nbsp;&nbsp;&nbsp;&nbsp;&nbsp;&nbsp;&nbsp;&nbsp;&nbsp;&nbsp;&nbsp;&nbsp;&nbsp;&nbsp;&nbsp;&nbsp;&nbsp;&nbsp;&nbsp;&nbsp;&nbsp;&nbsp;&nbsp;&nbsp;&nbsp;&nbsp;&nbsp;&nbsp;&nbsp; 3.Jutro w ko\u015bciele parafialnym mo\u017cliwo\u015b\u0107 zyskania odpustu zupe\u0142nego,, Porcjunkuli.\u201d&nbsp;&nbsp;&nbsp;&nbsp;&nbsp;&nbsp;&nbsp;&nbsp;&nbsp;&nbsp;&nbsp;&nbsp;&nbsp;&nbsp;&nbsp;&nbsp;&nbsp;&nbsp;&nbsp;&nbsp;&nbsp;&nbsp;&nbsp;&nbsp;&nbsp;&nbsp;&nbsp;&nbsp;&nbsp;&nbsp;&nbsp;&nbsp;&nbsp;&nbsp;&nbsp;&nbsp;&nbsp;<\/p>\n<p>4.W \u015arod\u0119 Wsp.\u015aw. Jana Marii Vianneya,kap\u0142ana,patrona kap\u0142an\u00f3w.W modlitwie polecamy &nbsp;&nbsp;&nbsp;&nbsp;&nbsp;&nbsp;&nbsp;&nbsp;&nbsp;&nbsp;&nbsp;&nbsp;&nbsp; wszystkich kap\u0142an\u00f3w.&nbsp;&nbsp;&nbsp;&nbsp;&nbsp;&nbsp;&nbsp;&nbsp;&nbsp;&nbsp;&nbsp;&nbsp;&nbsp;&nbsp;&nbsp;&nbsp;&nbsp;&nbsp;&nbsp;&nbsp;&nbsp;&nbsp;&nbsp;&nbsp;&nbsp;&nbsp;&nbsp;&nbsp;&nbsp;&nbsp;&nbsp;&nbsp;&nbsp;&nbsp;&nbsp;&nbsp; &nbsp;&nbsp;&nbsp;&nbsp;&nbsp;&nbsp;&nbsp;&nbsp;&nbsp;&nbsp;&nbsp;&nbsp;&nbsp;&nbsp;&nbsp;&nbsp;&nbsp;&nbsp;&nbsp;&nbsp;&nbsp;&nbsp;&nbsp;&nbsp;&nbsp;&nbsp;&nbsp;&nbsp;&nbsp;&nbsp;&nbsp;&nbsp;&nbsp;&nbsp;&nbsp;&nbsp;&nbsp;&nbsp;&nbsp;&nbsp;&nbsp;&nbsp;&nbsp;&nbsp;&nbsp;&nbsp;&nbsp;&nbsp;&nbsp;&nbsp;&nbsp;&nbsp;&nbsp;&nbsp;&nbsp;&nbsp;&nbsp;&nbsp;&nbsp;&nbsp;&nbsp;&nbsp;&nbsp;&nbsp;&nbsp;&nbsp;&nbsp;&nbsp;&nbsp;&nbsp;&nbsp;&nbsp;&nbsp;&nbsp;&nbsp;&nbsp;&nbsp;&nbsp;&nbsp;&nbsp;&nbsp;&nbsp;&nbsp;&nbsp;&nbsp;&nbsp;&nbsp;&nbsp;&nbsp;&nbsp;&nbsp;&nbsp;&nbsp;&nbsp;&nbsp;&nbsp;&nbsp;&nbsp;&nbsp;&nbsp;&nbsp;&nbsp;&nbsp;&nbsp;&nbsp;&nbsp;&nbsp;&nbsp;&nbsp;&nbsp;&nbsp; &nbsp; &nbsp; &nbsp; &nbsp; &nbsp; &nbsp; &nbsp; &nbsp; &nbsp; 5.W&nbsp; tym.tyg.1Cz,1P.1S.miesi\u0105ca&nbsp;&nbsp;&nbsp;&nbsp;&nbsp;&nbsp;&nbsp;&nbsp;&nbsp;&nbsp;&nbsp;&nbsp;&nbsp;&nbsp;&nbsp;&nbsp;&nbsp;&nbsp;&nbsp;&nbsp;&nbsp;&nbsp;&nbsp;&nbsp;&nbsp;&nbsp;&nbsp;&nbsp;&nbsp;&nbsp;&nbsp;&nbsp;&nbsp;&nbsp;&nbsp;&nbsp;&nbsp;&nbsp;&nbsp;&nbsp;&nbsp;&nbsp;&nbsp;&nbsp;&nbsp;&nbsp;&nbsp;&nbsp;&nbsp;&nbsp;&nbsp;&nbsp;&nbsp;&nbsp;&nbsp;&nbsp;&nbsp;&nbsp;&nbsp;&nbsp;&nbsp;&nbsp;&nbsp;&nbsp;&nbsp;&nbsp;&nbsp;&nbsp;&nbsp;&nbsp;&nbsp;&nbsp;&nbsp;&nbsp;&nbsp;&nbsp;&nbsp;&nbsp;&nbsp;&nbsp;&nbsp;&nbsp;&nbsp;&nbsp;&nbsp;&nbsp;&nbsp;&nbsp;&nbsp;&nbsp;&nbsp;&nbsp;&nbsp;&nbsp;&nbsp;&nbsp;&nbsp;&nbsp;&nbsp;&nbsp;&nbsp;&nbsp;&nbsp;&nbsp;&nbsp;&nbsp;&nbsp;&nbsp;&nbsp;&nbsp;&nbsp;&nbsp;&nbsp;&nbsp;&nbsp;&nbsp;&nbsp;&nbsp;&nbsp;&nbsp;&nbsp;&nbsp;&nbsp;&nbsp;&nbsp;&nbsp;&nbsp;&nbsp;&nbsp;&nbsp;&nbsp;&nbsp;&nbsp;&nbsp; &nbsp;&nbsp; 6.Dzi\u015b taca na potrzeby Archidiecezji. Zbi\u00f3rka do puszek.W ostatnich dniach byli\u015bmy \u015bwiatkami ludzkich dramat\u00f3w,podtopie\u0144 i powodzi w Europie i w Polsce, gdzie&nbsp; w Europie zgin\u0119\u0142o wiele ludzi.Wszystkim za wsparcie i ofiar\u0119. B\u00f3g zap\u0142a\u0107.&nbsp; &nbsp;&nbsp;&nbsp;&nbsp;&nbsp;&nbsp;&nbsp;&nbsp;&nbsp;&nbsp;&nbsp;&nbsp;&nbsp;&nbsp;&nbsp;&nbsp;&nbsp;&nbsp;&nbsp;&nbsp;&nbsp;&nbsp;&nbsp;&nbsp;&nbsp;&nbsp;&nbsp;&nbsp;&nbsp;&nbsp;&nbsp;&nbsp;&nbsp;&nbsp;&nbsp;&nbsp;&nbsp;&nbsp;&nbsp;&nbsp;&nbsp;&nbsp;&nbsp;&nbsp;&nbsp;&nbsp;&nbsp;&nbsp;&nbsp;&nbsp;&nbsp;&nbsp;&nbsp;&nbsp;&nbsp;&nbsp;&nbsp;&nbsp;&nbsp;&nbsp;&nbsp;&nbsp;&nbsp;&nbsp;&nbsp;&nbsp;&nbsp;&nbsp;&nbsp;&nbsp;&nbsp;&nbsp;&nbsp;&nbsp;&nbsp;&nbsp;&nbsp;&nbsp;&nbsp;&nbsp;&nbsp;&nbsp;&nbsp;&nbsp;&nbsp;&nbsp;&nbsp;&nbsp;&nbsp;&nbsp; 7.Sprz\u0105tanie ko\u015bcio\u0142a&nbsp;&nbsp;&nbsp;&nbsp;&nbsp;&nbsp;&nbsp;&nbsp;&nbsp;&nbsp;&nbsp;&nbsp;&nbsp;&nbsp;&nbsp;&nbsp;&nbsp;&nbsp;&nbsp;&nbsp;&nbsp;&nbsp;&nbsp;&nbsp;&nbsp;&nbsp;&nbsp;&nbsp;&nbsp;&nbsp;&nbsp;&nbsp;&nbsp;&nbsp;&nbsp;&nbsp;&nbsp;&nbsp;&nbsp;&nbsp;&nbsp;&nbsp;&nbsp;&nbsp;&nbsp;&nbsp;&nbsp;&nbsp;&nbsp;&nbsp;&nbsp;&nbsp;&nbsp;&nbsp;&nbsp;&nbsp;&nbsp;&nbsp;&nbsp;&nbsp;&nbsp;&nbsp;&nbsp;&nbsp;&nbsp;&nbsp;&nbsp;&nbsp;&nbsp;&nbsp; &nbsp;&nbsp;&nbsp;&nbsp;&nbsp;&nbsp;&nbsp;&nbsp;&nbsp;&nbsp;&nbsp;&nbsp;&nbsp;&nbsp;&nbsp;&nbsp;&nbsp;&nbsp;&nbsp;&nbsp;&nbsp;&nbsp;&nbsp;&nbsp;&nbsp;&nbsp;&nbsp;&nbsp;&nbsp;&nbsp;&nbsp;&nbsp;&nbsp;&nbsp;&nbsp;&nbsp;&nbsp;&nbsp;&nbsp;&nbsp;&nbsp;&nbsp;&nbsp;&nbsp;&nbsp;&nbsp;&nbsp;&nbsp;&nbsp;&nbsp;&nbsp;&nbsp;&nbsp;&nbsp;&nbsp;&nbsp;&nbsp;&nbsp;&nbsp;&nbsp;&nbsp;&nbsp;&nbsp;&nbsp;&nbsp;&nbsp;&nbsp;&nbsp;&nbsp;&nbsp;&nbsp;&nbsp;&nbsp;&nbsp;&nbsp;&nbsp;&nbsp;&nbsp;&nbsp;&nbsp;&nbsp;&nbsp;&nbsp; <span style=\"color: #0000ff;\"><strong>\u0141ukowe <\/strong><em>:<\/em> <\/span><span style=\"color: #ff0000;\">Wr\u00f3bel Janusz,Str\u00f3\u017cak Beata,Str\u00f3\u017cak Mateusz<\/span><\/p>\n<p><span style=\"color: #0000ff;\"><strong><em>\u015arednie Wielkie<\/em><\/strong><\/span><em> :<\/em> <span style=\"color: #ff0000;\">\u0141uczejko Natalia,P\u0142oska Dorota<\/span><\/p>\n<p style=\"text-align: right;\"><span style=\"color: #ff0000;\">&nbsp;17 Niedziela&nbsp; 25.07.2021r.<\/span>&nbsp;&nbsp;&nbsp;&nbsp;&nbsp;&nbsp;&nbsp;&nbsp;&nbsp;&nbsp;&nbsp;&nbsp;&nbsp;&nbsp;&nbsp;&nbsp;&nbsp;&nbsp;&nbsp;&nbsp;&nbsp;&nbsp;&nbsp;&nbsp;&nbsp;&nbsp;&nbsp;&nbsp;&nbsp;&nbsp;&nbsp;&nbsp;&nbsp;&nbsp;&nbsp;&nbsp;&nbsp;&nbsp;&nbsp;&nbsp;&nbsp;&nbsp;&nbsp;&nbsp;&nbsp;&nbsp;&nbsp;&nbsp;&nbsp;&nbsp;&nbsp;&nbsp;&nbsp;&nbsp;&nbsp;&nbsp;&nbsp;&nbsp;&nbsp;&nbsp;&nbsp;&nbsp;&nbsp;&nbsp;&nbsp;&nbsp;&nbsp; &nbsp;&nbsp;&nbsp;&nbsp;&nbsp;&nbsp;&nbsp;&nbsp;&nbsp;&nbsp;&nbsp;&nbsp;&nbsp;&nbsp;&nbsp;&nbsp;&nbsp;&nbsp;&nbsp;&nbsp;&nbsp;&nbsp;&nbsp;&nbsp;&nbsp;&nbsp;&nbsp;&nbsp;&nbsp;&nbsp;&nbsp;<\/p>\n<p>1.Msze \u015bw. Po\u0144. Wt.,Czw.Sob. 7.00,\u015ar. Pi\u0105 g.18.00<\/p>\n<p>2.Dzi\u015b prze\u017cywamy \u015awi\u0119to \u015awi\u0119tego Krzysztofa na ka\u017cdej Mszy \u015awi\u0119tej &nbsp;po\u015bwi\u0119cenie i&nbsp; b\u0142ogos\u0142awie\u0144stwo&nbsp; pojazd\u00f3w i kierowc\u00f3w. Jak co roku ofiary sk\u0142adane&nbsp; przy po\u015bwi\u0119ceniu pojazd\u00f3w&nbsp; przeznaczone dla misjonarzy.Otoczmy modlitw\u0105 Bp Krzysztofa, Pana organist\u0119 Jakuba &nbsp;i wszystkich solenizant\u00f3w.<\/p>\n<ol start=\"3\">\n<li>Jutro Wspomnienie rodzic\u00f3w Matki Bo\u017cej Joachima i Anny. W modlitwie pami\u0119tajmy o rodzicach \u017cywych i zmar\u0142ych.Jak dobrze jak kto\u015b pami\u0119ta i prosi o msz\u0119 \u015bw,za rodzic\u00f3w \u017cywych czy zmar\u0142ych. Modlitwa to jest skarb.<\/li>\n<\/ol>\n<p>4.W ostatnich dniach byli\u015bmy \u015bwiatkami ludzkich dramat\u00f3w,podtopie\u0144 i powodzi w Europie i &nbsp;&nbsp;w Polsce, gdzie&nbsp; w Europie zgin\u0119\u0142o wiele ludzi.Przewodnicz\u0105cy Episkopatu Polski &nbsp;Abp St. G\u0105decki zwraca si\u0119 z pro\u015bb\u0105 o przeprowadzenie w ca\u0142ej Polsce w ko\u015bcio\u0142ach zbi\u00f3rki do puszek. Taka zbi\u00f3rka b\u0119dzie mia\u0142a miejsce za tydzie\u0144.<\/p>\n<p>&nbsp;5.Sprz\u0105tanie ko\u015bcio\u0142a&nbsp;&nbsp;&nbsp;&nbsp;&nbsp;&nbsp;&nbsp;&nbsp;&nbsp;&nbsp;&nbsp;&nbsp;&nbsp;&nbsp;&nbsp;&nbsp;&nbsp;&nbsp;&nbsp;&nbsp;&nbsp;&nbsp;&nbsp;&nbsp;&nbsp;&nbsp;&nbsp;&nbsp;&nbsp;&nbsp;&nbsp;&nbsp;&nbsp;&nbsp;&nbsp;&nbsp;&nbsp;&nbsp;&nbsp;&nbsp;&nbsp;&nbsp;&nbsp;&nbsp;&nbsp;&nbsp;&nbsp;&nbsp;&nbsp;&nbsp;&nbsp;&nbsp;&nbsp;&nbsp;&nbsp;&nbsp;&nbsp;&nbsp;&nbsp;&nbsp;&nbsp;&nbsp;&nbsp;&nbsp;&nbsp;&nbsp;&nbsp;&nbsp;&nbsp;&nbsp;&nbsp;&nbsp;&nbsp;&nbsp;&nbsp;&nbsp;&nbsp;&nbsp;&nbsp;&nbsp;&nbsp;&nbsp;&nbsp;&nbsp;&nbsp;&nbsp;&nbsp;&nbsp;&nbsp;&nbsp;&nbsp;&nbsp;&nbsp;&nbsp;&nbsp;&nbsp;&nbsp;&nbsp;&nbsp;&nbsp;&nbsp;&nbsp;&nbsp;&nbsp;&nbsp;&nbsp;&nbsp;&nbsp;<\/p>\n<p><span style=\"color: #ff0000;\">\u0141ukowe <em>:<\/em> Str\u00f3\u017cak J\u00f3zefa,Niezna\u0144ski Marcin,Wr\u00f3bel Teresa<\/span><\/p>\n<p><span style=\"color: #ff0000;\"><em>\u015arednie Wielkie<\/em><em> :<\/em> Dziubak Magdalena, Dziubak Lena<\/span><\/p>\n<p style=\"text-align: center;\"><span style=\"color: #ff0000;\">16 Niedziela&nbsp; 18. 07. 2021r.<\/span><\/p>\n<p>1.Msze \u015bw. w Po\u0144. Wt.Czw. Sob. 7.00 &nbsp;w \u015ar. Pi\u0105 g.18.00,\u015arednie W., Czw.g.18.00<\/p>\n<p>2.Za tydzie\u0144 w niedziel\u0119 \u015awi\u0119to \u015aw. Krzysztofa na wszystkich Mszach \u015aw. po\u015bwi\u0119cenie i&nbsp; b\u0142ogos\u0142awie\u0144stwo&nbsp; pojazd\u00f3w. Jak co roku ofiary sk\u0142adane&nbsp; przy po\u015bwi\u0119ceniu pojazd\u00f3w&nbsp; przeznaczone dla misjonarzy.<\/p>\n<ol start=\"3\">\n<li>W Czw.\u015awi\u0119to \u015aw. Marii Magdaleny,w Pi\u0105tek.\u015awi\u0119to \u015aw. Brygidy Szweckiej-patronki Europy w Sobot\u0119 \u015awi\u0119to \u015aw. Kingi<\/li>\n<\/ol>\n<p>4.Sprz\u0105tanie ko\u015bcio\u0142a<\/p>\n<p><span style=\"color: #ff0000;\"><span style=\"color: #000000;\"><strong>\u0141ukowe <\/strong><em>:<\/em> <\/span>Kula Bo\u017cena,G\u0105sior Krystyna,Puzio Barbara<\/span><\/p>\n<p><span style=\"color: #000000;\"><strong><em>\u015arednie Wielkie<\/em><\/strong><\/span><em> :<\/em> <span style=\"color: #ff0000;\">Sowa Maria,Fr\u0105czak Justyna<\/span><\/p>\n<h3 style=\"text-align: center;\"><span style=\"color: #ff0000;\"><strong>15 Niedziela 11.07.2021 r.<\/strong><\/span><\/h3>\n<p>1. Msze \u015bwi\u0119te w ko\u015bciele parafialnym w Pon.,Wt. \u015ar. i Pt. o g. 18.00, . i Czw. o g. 7.00, w Sob. o g. 17.00.W \u015arednim Wielkim w Czw. g. 18.00.<\/p>\n<p>2.We Wtorek 13. lipca Msza \u015aw. o g. 18.00 i procesja na G\u00f3r\u0119 Mi\u0142osierdzia.<\/p>\n<p>3. Trwa&nbsp; Piesza Pielgrzymka&nbsp; Przemyska na Jasn\u0105 G\u00f3r\u0119 do Cz\u0119stochowy. W tym czasie trwa Sztafeta R\u00f3\u017ca\u0144cowa. Nasza parafia \u0141ukowe, zosta\u0142a wyznaczona do sztafety na 13 lipca na g. 00.40. Zapraszam do modlitwy.<\/p>\n<p><span style=\"color: #0000ff;\"><strong>4. Sprz\u0105tanie ko\u015bcio\u0142a <span style=\"text-decoration: underline;\">\u0141ukowe<\/span>: Kulig Krystyna, Puzio Halina, Niezna\u0144ska Bernardetta;<br \/>\n<span style=\"text-decoration: underline;\">\u015arednie Wielkie<\/span>: Podsobi\u0144ska Barbara, Bochnak Natalia, Symion Ma\u0142gorzata.<\/strong><\/span><\/p>\n<hr>\n<p style=\"text-align: center;\"><span style=\"color: #ff0000;\">14 Niedziela&nbsp; 04. 07. 2021 r.<\/span><\/p>\n<p>&nbsp;1.Msze \u015bw..<strong> Po\u0144 \u015ar<\/strong>. <strong>Pi\u0105.o<\/strong> g.18.00, <strong>Po\u0144.Wt.Czw.i Sob o godz.7.00,<\/strong><\/p>\n<p><strong>w \u015arednim W. w Czwartek o .g.18.00<\/strong><\/p>\n<p>2.W Czwartek Wsp. \u015aw. Jana z Dukli,patrona Archidiecezji<\/p>\n<p>3.Sprz\u0105tanie ko\u015bcio\u0142a<\/p>\n<p><strong>\u0141ukowe <\/strong><em>:<\/em><span style=\"color: #00ff00;\">Kusiak &nbsp;Agata&nbsp; Zarzyczna \u017baneta,&nbsp; Marcinik Ewelina<\/span><\/p>\n<p><strong><em>\u015arednie Wielkie<\/em><\/strong><em> :<\/em><span style=\"color: #00ff00;\"> Pasierbowicz Teresa,Ko\u0142dun Sylwia<\/span><\/p>\n<p style=\"text-align: center;\"><span style=\"color: #ff0000;\">13Niedziela&nbsp; 27. 06. 2 021r.<\/span><\/p>\n<p>1.Msze \u015aw. w tym tygodniu w&nbsp; <span style=\"color: #ff0000;\">Pon. o godz.17.00<\/span>,\u015ar.i Pi\u0105 o godz.18.00 w Cz i Sob.o godz.7.00<\/p>\n<p><span style=\"color: #ff0000;\">2.We Wtorek Uroczysto\u015b\u0107 . \u015aw. Piotra i Paw\u0142a&nbsp; Msze \u015aw. w \u0141ukowem 7.30 i 17.00&nbsp; \u015arednie W. 18.00<\/span><\/p>\n<p>Jak co roku&nbsp; sk\u0142adka na Stolic\u0119 Apostolsk\u0105 \u2013 \u015awi\u0119topietrze.<\/p>\n<ol start=\"3\">\n<li>W tym tyg przypada 1Czw.1P,1 Sob miesi\u0105ca<\/li>\n<li>W pierwszy pi\u0105tek odwiedz\u0119 chorych mo\u017cna zg\u0142asza\u0107 w zakrystii od godz.9.00<\/li>\n<\/ol>\n<p>&nbsp;5.Sprz\u0105tanie ko\u015bcio\u0142a<\/p>\n<p><strong>\u0141ukowe <\/strong><em>: <\/em><span style=\"color: #ff0000;\">Pando\u0142 Renata,Jankowska Anna,Jankowska Magdalena<\/span><\/p>\n<p><strong><em>\u015arednie Wielkie<\/em><\/strong><em> :<\/em><span style=\"color: #ff0000;\"> Jankowska Katarzyna,Kozio\u0142 Zofia<\/span><\/p>\n<p>6.W Po\u0144 28.06.2021r.b\u0119dziemy prze\u017cywa\u0107 Uroczysto\u015b\u0107 50-lecia naszej parafii pod przewodnictwem Abp Adama Szala, z udzieleniem uczniom kl 8 SP sakramentu bierzmowania. Jak prosi\u0142em mo\u017cna w oknie wywiesi\u0107 obraz Pana Jezusa lub Matki Bo\u017cej albo \u015aw. Jana Paw\u0142a II<\/p>\n<p style=\"text-align: center;\"><span style=\"color: #ff0000;\">12 Niedziela&nbsp; 20. 06. 2 021r.<\/span><\/p>\n<p>1.Msze \u015bw. w Po\u0144.Wt.Czw.Pi\u0105 ,o g.18.00 we \u015ar. i Sob.7.00<\/p>\n<p>2.W Pi\u0105tek zako\u0144czenie roku szkolnego Msza \u015aw. o godz. 9.00<\/p>\n<p>3.Zapraszam dzieci,rodzic\u00f3w,nauczycieli pracownik\u00f3w szko\u0142y. Spowied\u017a na zako\u0144czenie roku szkolnego w \u015arednim Wielkim w \u015arod\u0119 od&nbsp; godz.17.30.Spowied\u017a dla dzieci w \u0141ukowem w czwartek 17.30<\/p>\n<ol start=\"4\">\n<li>W czwartek Uroczysto\u015b\u0107 Narodzenia \u015awi\u0119tego Jana Chrzciciela<\/li>\n<\/ol>\n<p><span style=\"color: #ff0000;\">5.Spowied\u017a dla uczni\u00f3w kl.8 SP, rodzic\u00f3w, \u015bwiatk\u00f3w i parafian w \u0141ukowem w Sobot\u0119&nbsp;&nbsp;&nbsp;&nbsp;&nbsp;&nbsp;&nbsp;<\/span><\/p>\n<p><span style=\"color: #ff0000;\">od godz.10.00<\/span><\/p>\n<p>6.Sprz\u0105tanie ko\u015bcio\u0142a<\/p>\n<p><strong>\u0141ukowe &nbsp;Rodzice uczni\u00f3w kl. 8.SP<\/strong><\/p>\n<p><strong>\u015arednie Wielkie <\/strong>Wo\u0142oszyn Janina,Gro\u0144 Bogus\u0142awa<\/p>\n<p>7.W <strong>Po\u0144&nbsp; za tydzie\u0144 28.06.2021r<\/strong>. b\u0119dziemy prze\u017cywa\u0107<strong> Uroczysto\u015b\u0107 50-lecia naszej parafi<\/strong>i pod przewodnictwem <strong>Abp Adama Szala,<\/strong> z udzieleniem uczniom kl 8 SP sakramentu bierzmowania,to tego wydarzenia niech wszyscy si\u0119 przygotuj\u0105,skorzystajmy z sakramentu spowiedzi i m\u00f3dlmy si\u0119 o dobre przygotowanie i prze\u017cycie tych uroczysto\u015bci.<\/p>\n<p>8.Spotkanie uczni\u00f3w kl.8,SP w Po\u0144 godz.18.00<\/p>\n<p>9.Spotkanie ministrant\u00f3w&nbsp; Czwartek godz.18.00<\/p>\n<p>&nbsp;&nbsp;&nbsp;&nbsp;&nbsp;&nbsp;&nbsp;&nbsp;&nbsp;&nbsp;&nbsp;&nbsp;&nbsp;&nbsp;&nbsp;&nbsp;&nbsp;&nbsp;&nbsp;&nbsp;&nbsp;&nbsp;&nbsp;&nbsp;&nbsp;&nbsp;&nbsp;&nbsp;&nbsp;&nbsp;&nbsp;&nbsp;&nbsp;&nbsp;&nbsp;&nbsp;&nbsp;&nbsp;&nbsp;&nbsp;&nbsp;&nbsp;&nbsp;&nbsp;&nbsp;&nbsp;&nbsp;&nbsp;&nbsp;&nbsp;&nbsp;&nbsp;&nbsp;&nbsp;&nbsp;&nbsp;&nbsp;&nbsp;&nbsp;&nbsp;&nbsp;&nbsp;<\/p>\n<p style=\"text-align: center;\"><span style=\"color: #ff0000;\">11 Niedziela&nbsp; 13. 06. 2021 r.<\/span><\/p>\n<p>1.Msze \u015aw. w tym tyg. W Po\u0144.\u015ar. Pi\u0105.godz.18.00 a we Wt.,Czw., Sob. o godz.7.00<\/p>\n<ol start=\"2\">\n<li>W sob. o godz.10.00 spowied\u017a dla uczni\u00f3w kl. 3SP z okazji I Komunii \u015aw.ich rodzic\u00f3w i rodziny .<\/li>\n<li>Zbi\u00f3rka do puszek, bp pochodz\u0105cy z naszej diecezji Jan Ozga w swojej diecezji w Kamerunie chce wybudowa\u0107 sanktuarium imieniem \u015aw. Jana Paw\u0142a II i zwraca si\u0119 do nas z pro\u015bb\u0105 o wsparcie i modlitw\u0119.<\/li>\n<li>Sprz\u0105tanie ko\u015bcio\u0142a<\/li>\n<\/ol>\n<p><strong>\u0141ukowe<\/strong> : <strong>Rodzice uczni\u00f3w kl.3<\/strong><\/p>\n<p><strong><em>\u015arednie Wielkie<\/em><\/strong><em> :<\/em> Zarzyczna Ma\u0142gorzata, Zarzyczna&nbsp; Sabina<\/p>\n<p style=\"text-align: center;\"><span style=\"color: #ff0000;\">10 Niedziela&nbsp; 06. 06. 2021 r.<\/span><\/p>\n<p>1.Trwa Oktawa Bo\u017cego Cia\u0142a,zapraszam dzieci,dziewczynki do trzepania kwiat\u00f3w, a ch\u0142opc\u00f3w do dzwonienia dzwonkami i wszystkich parafian.W Czwartek zako\u0144czenie oktawy Bo\u017cego Cia\u0142a po\u015bwi\u0119cenie wiank\u00f3w i <strong>b\u0142ogos\u0142awie\u0144stwo dzieci.<\/strong><\/p>\n<p>2.W Pi\u0105.Ur. Naj\u015bwi\u0119tszego Serca Pana Jezus . W tym dniu nie obowi\u0105zuje wstrzemi\u0119\u017aliwo\u015b\u0107 od pokarm\u00f3w mi\u0119snych<\/p>\n<p>3.W tym tyg.prosz\u0119 o wykoszenie trawy wzd\u0142u\u017c drogi na G\u00f3r\u0119 Mi\u0142osierdzia,prosz\u0119 parafian&nbsp;&nbsp;&nbsp;&nbsp;&nbsp;&nbsp;&nbsp;&nbsp;&nbsp;&nbsp;&nbsp;&nbsp;&nbsp;&nbsp;&nbsp;&nbsp;&nbsp; od nr.1-20 ,aby powyrywa\u0107 traw\u0119 przy krzy\u017cu,kapliczce i przy stacjach drogi krzy\u017cowej.&nbsp;&nbsp;&nbsp;&nbsp;&nbsp;&nbsp;&nbsp;&nbsp;&nbsp;&nbsp;&nbsp; Dajmy pi\u0119kne \u015bwiadectwo wiary.<\/p>\n<p>4.Msza \u015aw.i procesja na G\u00f3r\u0119 Mi\u0142osierdzia odb\u0119dzie si\u0119 w sobot\u0119&nbsp; godz.17.00<\/p>\n<p>5.Za tydzie\u0144 zbi\u00f3rka do puszek, <strong>bp pochodz\u0105cy z naszej diecezji Jan Ozga<\/strong> w swojej diecezji w Kamerunie chce wybudowa\u0107 sanktuarium imieniem \u015aw. Jana Paw\u0142a II i zwraca si\u0119 do nas o wsparcie i modlitw\u0119.<\/p>\n<p>6.Sprz\u0105tanie ko\u015bcio\u0142a<\/p>\n<p><strong>\u0141ukowe<\/strong> : <span style=\"color: #000080;\"><strong>Ogarek Maria,Bary\u0142a Bogus\u0142awa,Milczanowska Agnieszka<\/strong><\/span><\/p>\n<p><strong><em>\u015arednie Wielkie<\/em><\/strong><em> :<\/em><span style=\"color: #000080;\"> O<strong>s\u0119kowska Magdalena, Fenio Eugeniusz<\/strong><\/span><\/p>\n<p style=\"text-align: center;\"><span style=\"color: #ff0000;\">Ur. TR\u00d3JCY&nbsp; \u015aWI\u0118TEJ<\/span><\/p>\n<p style=\"text-align: center;\"><span style=\"color: #ff0000;\">30. 05. 2 021r.<\/span><\/p>\n<p>1.Dzi\u015b w Ur. Tr\u00f3jcy &nbsp;Przenaj\u015bwi\u0119tszej ,ko\u0144czy&nbsp; si\u0119 okres Komunii \u015awi\u0119tej wielkanocnej.<\/p>\n<ol start=\"2\">\n<li>Jutro zako\u0144czenie nabo\u017ce\u0144stw majowych,od Wtorku rozpoczynamy nabo\u017ce\u0144stwa czerwcowe do NSPJ<\/li>\n<li>W tym tyg przypada 1Cz,1 P.1.S miesi\u0105ca.Zapraszam z racji formacji przygotowania do sak.bierzmowania.We Wtorek-kl.6,w \u015arod\u0119-kl.7, w Pi\u0105tek-kl.8 z\u0142o\u017cy przyrzeczenia trze\u017awo\u015bciowe &nbsp;&nbsp;&nbsp; W Pi\u0105tek Uroczysto\u015b\u0107 NSPJ,nie obowi\u0105zuje wstrzemi\u0119\u017aliwo\u015b\u0107 od pokarm\u00f3w mi\u0119snych.<\/li>\n<li><strong>W Czw.-Bo\u017ce Cia\u0142o<\/strong> Msze \u015aw., <strong>\u015arednie W. o g. 9.00&nbsp; , \u0141ukowe&nbsp; o godz.7.00&nbsp; i o godz.11.00&nbsp; oraz procesja do czterech&nbsp; O\u0142tarzy&nbsp;<\/strong> Zapraszam,OSP,ch\u00f3r w w strojach Ludowych,schol\u0119, ministrant\u00f3w,dzieci kt\u00f3re przyst\u0105pi\u0105 do I Komunii \u015aw. ,Dzieci rocznicowe, Dziewczynki do trzepania kwiat\u00f3w, a ch\u0142opc\u00f3w do dzwonienia dzwonkami i wszystkich &nbsp;parafian.<\/li>\n<li><strong>W Ur. Bo\u017cego Cia\u0142a b\u0119dziemy go\u015bci\u0107 w naszej parafii ks. Daniela ,kt\u00f3ry odby\u0142 praktyk\u0119 diako\u0144sk\u0105. Polecajmy Go w modlitwie.<\/strong><\/li>\n<li>Msze \u015aw. w oktawie Bo\u017cego Cia\u0142a o g.18.00 po Mszy \u015aw. procesja wok\u00f3\u0142 K-a<\/li>\n<li><strong>Prosz\u0119 o przygotowanie O\u0142tarzy wok\u00f3\u0142 ko\u015bcio\u0142a \u2013\u0141ukowem . Prosz\u0119 rodziny<br \/>\n<\/strong><\/li>\n<\/ol>\n<p><strong>Pierwszy O\u0142tarz -Czuchry Halina,Wojto\u0144 Magdalena,Czuchry Karolina,Zieli\u0144ska Marzena,Rychlicka Katarzyna,Molek Renata<\/strong><\/p>\n<p><strong>Drugi O\u0142tarz&nbsp; &#8211; Molek Tadeusz,Wo\u0142oszczak Katarzyna,Kula Beata,Zarzyczna Maria,Tokarz Iwona, Tokarz Agata<\/strong><\/p>\n<p><strong>Trzeci O\u0142tarz&nbsp; &#8211;&nbsp; Kusiak Dorota,Chmura Wies\u0142awa,Wo\u0142k Marek,Zarzyczna Bernatdeta,Str\u00f3\u017cak Magdalena,Stusik Magdalena &nbsp;&nbsp;&nbsp;&nbsp;&nbsp;&nbsp;&nbsp;&nbsp;&nbsp;&nbsp;<br \/>\n<\/strong><\/p>\n<p><strong>Czwarty O\u0142tarz \u2013 Cicho\u0144ska Krystyna,Zarzyczna Gra\u017cyna,Mo\u0142czan Aneta,Kurek Wioletta,Osenkowska Monika,Wania Danuta<br \/>\n<\/strong><\/p>\n<p><strong>7.Czwartek Bo\u017ce Cia\u0142o&nbsp; &#8211; \u015arednie W <\/strong>.Procesja wok\u00f3\u0142&nbsp; k-a<\/p>\n<p><strong>Pierwszy O\u0142tarz<\/strong> -ko\u0142o K-a,prosz\u0119 niech przygotuj\u0105 rodziny z Kalnicy<\/p>\n<p><strong>Drugi&nbsp; O\u0142tarz<\/strong>&#8211; przygotuj\u0105 rodziny- &nbsp;Sydorczak Halina,Sydorczak Zenon,Bonarska Irena,Armata Barbara<\/p>\n<p><strong>Trzeci O\u0142tarz<\/strong> \u2013Suchan Renata,Kielniak Teresa,Kusiak Iwona,Ciepiela Ma\u0142gorzata,<\/p>\n<p><strong>Czwarty O\u0142tarz<\/strong> \u2013 Drwi\u0119ga Janina,Drwi\u0119ga Barbara,Str\u00f3\u017cak Andrzej,Jankowska Barbara<\/p>\n<p>8.Sprz\u0105tanie ko\u015bcio\u0142a&nbsp;&nbsp;&nbsp;&nbsp;&nbsp;&nbsp;&nbsp;&nbsp;&nbsp;&nbsp;&nbsp;&nbsp;&nbsp;&nbsp;&nbsp;&nbsp;&nbsp;&nbsp;&nbsp;&nbsp;&nbsp;&nbsp;&nbsp;&nbsp;&nbsp;&nbsp;&nbsp;&nbsp;&nbsp;&nbsp;&nbsp;&nbsp;&nbsp;&nbsp;&nbsp;&nbsp;&nbsp;&nbsp;&nbsp;&nbsp;&nbsp;&nbsp;&nbsp;&nbsp;&nbsp;&nbsp;&nbsp;&nbsp;&nbsp;&nbsp;&nbsp;&nbsp;&nbsp;&nbsp;&nbsp;&nbsp;&nbsp;&nbsp;&nbsp;&nbsp;&nbsp;&nbsp;&nbsp;&nbsp;&nbsp;&nbsp;&nbsp;&nbsp;&nbsp;&nbsp;&nbsp;&nbsp;&nbsp;&nbsp;&nbsp;&nbsp;&nbsp;&nbsp;&nbsp;&nbsp;&nbsp;&nbsp;&nbsp;&nbsp;&nbsp;&nbsp;&nbsp;&nbsp;&nbsp;&nbsp;&nbsp;&nbsp;&nbsp;&nbsp;&nbsp;&nbsp;&nbsp;&nbsp;&nbsp;&nbsp;&nbsp;&nbsp;&nbsp;&nbsp;&nbsp;&nbsp; &nbsp; &nbsp; &nbsp; &nbsp; &nbsp; &nbsp; &nbsp; &nbsp; &nbsp; &nbsp; &nbsp; &nbsp; &nbsp; &nbsp; &nbsp; &nbsp; &nbsp; &nbsp; &nbsp; &nbsp; &nbsp; &nbsp; &nbsp; &nbsp; &nbsp; &nbsp; &nbsp; &nbsp; &nbsp; &nbsp;&nbsp; <span style=\"color: #000080;\"><strong>\u0141ukowe <\/strong><em>: <\/em>Rodzice uczni\u00f3w kl.4<br \/>\n<\/span><\/p>\n<p><span style=\"color: #000080;\"><strong>\u015arednie Wielkie<\/strong>: Kaszuba Anna,Wylota Henryk<\/span><\/p>\n<p>9.Dzi\u0119kuj\u0119 AK&nbsp; za posprz\u0105tanie w Domu Katechetycznym,zakupiono Rega\u0142 na flakony .<\/p>\n<p>10.Spotkanie uczni\u00f3w kl.4 i i rodzic\u00f3w we Wtorek godz.18.00, spowied\u017a w sobot\u0119&nbsp; o godz.17.00.<\/p>\n<p style=\"text-align: center;\"><span style=\"color: #ff0000;\">&nbsp;&nbsp;&nbsp;&nbsp;<\/span><\/p>\n<p style=\"text-align: center;\"><span style=\"color: #ff0000;\">&nbsp; Uroczysto\u015b\u0107 Zes\u0142ania Ducha \u015awi\u0119tego&nbsp; <\/span><\/p>\n<p style=\"text-align: center;\"><span style=\"color: #ff0000;\">23.05 2021r.<\/span><\/p>\n<p>1. W sobot\u0119 \u015bwi\u0119cenia kap\u0142a\u0144skie z r\u0105k Abp Adama Szala, w Katedrze Przemyskiej przyj\u0119\u0142o&nbsp;&nbsp;&nbsp;&nbsp;&nbsp;&nbsp;&nbsp;&nbsp;&nbsp;&nbsp;&nbsp;&nbsp;&nbsp; &nbsp;&nbsp;&nbsp;&nbsp;&nbsp;&nbsp;&nbsp; 19 diakon\u00f3w, jednym z nich by\u0142 diakon Daniel&nbsp; Pawlak ,kt\u00f3ry odbywa\u0142 w Wielkim Po\u015bcie praktyk\u0119 diako\u0144sk\u0105 w naszej parafii. Z Msz\u0105 \u015aw. prymicyjn\u0105&nbsp; b\u0119dzie go\u015bci\u0142 w naszej parafii w Uroczysto\u015b\u0107&nbsp; Bo\u017cego Cia\u0142a 03-czerwca.W modlitwie polecajmy wszystkich powo\u0142anych.<\/p>\n<p>2.Msze \u015bw. w Po\u0144. \u015awi\u0119to Matki Ko\u015bcio\u0142a &nbsp;w ko\u015bciele parafialnym&nbsp;&nbsp;&nbsp;&nbsp;&nbsp;&nbsp;&nbsp;&nbsp;&nbsp;&nbsp;&nbsp;&nbsp;&nbsp;&nbsp;&nbsp;&nbsp;&nbsp;&nbsp;&nbsp;&nbsp;&nbsp;&nbsp;&nbsp;&nbsp;&nbsp;&nbsp;&nbsp;&nbsp;&nbsp;&nbsp;&nbsp;&nbsp;&nbsp;&nbsp;&nbsp;&nbsp;&nbsp;&nbsp; &nbsp;&nbsp;&nbsp;&nbsp;&nbsp;&nbsp;&nbsp;&nbsp;&nbsp;&nbsp;&nbsp;&nbsp;&nbsp;&nbsp;&nbsp;&nbsp;&nbsp;&nbsp;&nbsp;&nbsp;&nbsp;&nbsp;&nbsp;&nbsp;&nbsp;&nbsp;&nbsp;&nbsp;&nbsp;&nbsp;&nbsp; &nbsp;&nbsp; o godz.9.00 i 18.00 w \u015arednie Wielkie.o godz.19.00 w pozosta\u0142e dni tygodnia o godz.18.00<\/p>\n<p>3.W \u015brod\u0119 Dzie\u0144 Matki w modlitwie pami\u0119tajmy o wszystkich&nbsp; Mamach.<\/p>\n<p>4.Za tydzie\u0144 w Niedziel\u0119 Uroczysto\u015b\u0107 Tr\u00f3jcy Przenaj\u015bwi\u0119tszej, ko\u0144czy si\u0119 &nbsp;&nbsp;&nbsp;&nbsp;&nbsp;&nbsp;&nbsp;&nbsp;&nbsp;&nbsp;&nbsp;&nbsp;&nbsp;&nbsp;&nbsp;&nbsp;&nbsp;&nbsp;&nbsp;&nbsp;&nbsp;&nbsp;&nbsp;&nbsp;&nbsp;&nbsp;&nbsp;&nbsp;&nbsp;&nbsp;&nbsp;&nbsp;&nbsp;&nbsp;&nbsp;&nbsp;&nbsp;&nbsp;&nbsp;&nbsp;&nbsp;&nbsp;&nbsp;&nbsp;&nbsp;&nbsp;&nbsp;&nbsp;&nbsp;&nbsp; &nbsp;&nbsp;&nbsp; okres Komunii \u015aw.Wielkanocnej.<\/p>\n<p>5.W Czw. \u015awi\u0119to Jezusa Chrystusa. Najwy\u017cszego Kap\u0142ana. Modlimy si\u0119 za kap\u0142an\u00f3w i o nowe powo\u0142ania kap\u0142a\u0144skie.<\/p>\n<p>6.Sprz\u0105tanie ko\u015bcio\u0142a&nbsp;&nbsp;&nbsp;&nbsp;&nbsp;&nbsp;&nbsp;&nbsp;&nbsp;&nbsp;&nbsp;&nbsp;&nbsp;&nbsp;&nbsp;&nbsp;&nbsp;&nbsp;&nbsp;&nbsp;&nbsp;&nbsp;&nbsp;&nbsp;&nbsp;&nbsp;&nbsp;&nbsp;&nbsp;&nbsp;&nbsp;&nbsp;&nbsp;&nbsp;&nbsp;&nbsp;&nbsp;&nbsp;&nbsp;&nbsp;&nbsp;&nbsp;&nbsp;&nbsp;&nbsp;&nbsp;&nbsp;&nbsp;&nbsp;&nbsp;&nbsp;&nbsp;&nbsp;&nbsp;&nbsp;&nbsp;&nbsp;&nbsp;&nbsp;&nbsp;&nbsp;&nbsp;&nbsp;&nbsp;&nbsp;&nbsp;&nbsp;&nbsp;&nbsp;&nbsp;&nbsp;&nbsp;&nbsp;&nbsp;&nbsp;&nbsp;&nbsp;&nbsp;&nbsp;&nbsp;&nbsp;&nbsp;&nbsp;&nbsp;&nbsp;&nbsp;&nbsp;&nbsp;&nbsp;&nbsp;&nbsp;&nbsp;&nbsp;&nbsp;&nbsp;&nbsp;&nbsp;&nbsp;&nbsp;&nbsp;&nbsp;&nbsp;&nbsp;&nbsp;&nbsp;&nbsp; &nbsp; &nbsp; &nbsp; &nbsp; &nbsp; &nbsp; &nbsp; &nbsp; &nbsp; &nbsp; &nbsp; &nbsp; &nbsp; &nbsp; &nbsp; &nbsp; &nbsp; &nbsp; &nbsp; &nbsp; &nbsp; &nbsp; &nbsp; &nbsp; &nbsp; &nbsp; &nbsp; <span style=\"color: #000080;\"><strong>\u0141ukowe :<\/strong>Kaczmarska Michalina,Wr\u00f3bel Ewa,Milczanowska Agnieszka<\/span><\/p>\n<p><span style=\"color: #000080;\"><strong>\u015arednie Wielkie : <\/strong>Jurczak J\u00f3zefa,Morawa Ewelina<\/span><\/p>\n<p style=\"text-align: center;\"><span style=\"color: #ff0000;\">Ur. Wniebowst\u0105pienia Pa\u0144skiego&nbsp;&nbsp; <\/span><\/p>\n<p style=\"text-align: center;\"><span style=\"color: #ff0000;\">16. 05. 2 021r.<\/span><\/p>\n<ol>\n<li>Dzi\u015b Uroczysto\u015b\u0107 Wniebowst\u0105pienia Pa\u0144skiego w naszej archidiecezji \u015bwi\u0119cenia diakonatu,za tydzie\u0144 w sobot\u0119 \u015bwi\u0119cenia kap\u0142a\u0144skie. \u015awi\u0119cenia kap\u0142a\u0144skie przyjmie z r\u0105k Abp Adama Szala, diakon Daniel&nbsp; Pawlak ,kt\u00f3ry w Wielkim Po\u015bcie w naszej parafii odbywa\u0142 praktyk\u0119 diako\u0144sk\u0105. Otoczmy ich modlitw\u0105.<\/li>\n<\/ol>\n<p dir=\"ltr\">2.Msze \u015bwi\u0119te w Ko\u015bciele Parafialnym &nbsp;i nabo\u017ce\u0144stwo majowe o godz.18.00&nbsp;&nbsp;&nbsp;&nbsp;&nbsp;&nbsp;&nbsp;&nbsp;&nbsp;&nbsp;&nbsp;&nbsp;&nbsp;&nbsp;&nbsp;&nbsp;&nbsp;&nbsp;&nbsp;&nbsp;&nbsp;&nbsp;&nbsp;&nbsp;&nbsp;&nbsp;&nbsp;&nbsp;&nbsp;&nbsp;&nbsp;&nbsp;&nbsp;&nbsp;&nbsp;&nbsp;&nbsp;&nbsp;&nbsp;&nbsp;&nbsp;&nbsp;&nbsp;&nbsp;&nbsp;&nbsp;&nbsp; w \u015arednim Wielkim w Czwartek o godz.19.00<\/p>\n<ol start=\"3\">\n<li>Trwa nowenna przed Uroczysto\u015bci\u0105 Zes\u0142ania Ducha \u015awi\u0119tego<\/li>\n<li>Za tydzie\u0144 w niedziel\u0119, Uroczysto\u015b\u0107. Zes\u0142ania Ducha \u015aw., ko\u0144czy si\u0119 czas Wielkanocny.<\/li>\n<li>Jak wiemy 12 wrze\u015bnia 2021r.,odb\u0119dzie si\u0119 oczekiwana beatyfikacja S\u0142ugi Bo\u017cego Kardyna\u0142a Stefana Wyszy\u0144skiego.W zwi\u0105zku z tym wydarzeniem na stoliku s\u0105 po\u0142o\u017cone broszury&nbsp;&nbsp;&nbsp;&nbsp;&nbsp;&nbsp;&nbsp;&nbsp;&nbsp;&nbsp;&nbsp;&nbsp;&nbsp;&nbsp; \u015aluby Jasnog\u00f3rskie ,kt\u00f3re mo\u017cna sobie wzi\u0105\u0107 i w domu poczyta\u0107.<\/li>\n<\/ol>\n<p>5.Sprz\u0105tanie ko\u015bcio\u0142a<\/p>\n<p><strong>\u0141ukowe<\/strong>:<span style=\"color: #000080;\">Siedlecka Maria,Kieca Monika,Bednarczyk Barbara<\/span><\/p>\n<p><strong>\u015arednie Wielkie: <\/strong><span style=\"color: #000080;\">Str\u00f3\u017cak Andrzej, Jankowska Barbara<\/span><\/p>\n<p style=\"text-align: center;\"><span style=\"color: #ff0000;\"><strong>6 NIEDZIELA WIELKANOCY <\/strong><\/span><\/p>\n<p style=\"text-align: center;\"><span style=\"color: #ff0000;\"><strong>9. 05. 2021r.<\/strong><\/span><\/p>\n<p>1.Msze \u015bw. i nabo\u017ce\u0144stwa majowe w Ko\u015bciele Parafialnym o godz.18.00 .<\/p>\n<p><strong>&nbsp;w \u015arod\u0119.w \u015arednim W. o godz.19.00. W czwartek 13 maja Msza \u015bw. o godz.17.00<\/strong><\/p>\n<p><strong>i procesja na G\u00f3r\u0119 Mi\u0142osierdzia.Zapraszam.<\/strong><\/p>\n<p>2.W Po\u0144,Wt.\u015ar.przypadaj\u0105 dni modlitw o urodzaje.<\/p>\n<p>3.W Pi\u0105tek pocz\u0105tek Nowenny przed Ur.Zes\u0142ania Ducha \u015aw.<\/p>\n<p>4.W najbli\u017csz\u0105 niedziel\u0119 Ur.Wniebowst\u0105pienia Pa\u0144skiego. W parafii Wis\u0142ok Wielki &nbsp;\u015awi\u0119cenia diakonatu.W modlitwie polecajmy wszystkich nowych diakon\u00f3w.<\/p>\n<p>5.Sprz\u0105tanie ko\u015bcio\u0142a&nbsp;&nbsp;&nbsp;&nbsp;&nbsp;&nbsp; &nbsp;&nbsp;&nbsp;&nbsp;&nbsp;&nbsp;&nbsp;&nbsp;&nbsp;&nbsp;&nbsp;&nbsp;&nbsp;&nbsp;&nbsp;&nbsp;&nbsp;&nbsp;&nbsp;&nbsp;&nbsp;&nbsp;&nbsp;&nbsp;&nbsp;&nbsp;&nbsp;&nbsp;&nbsp;&nbsp;&nbsp;&nbsp;&nbsp;&nbsp;&nbsp;&nbsp;&nbsp;&nbsp;&nbsp;&nbsp;&nbsp;&nbsp;&nbsp;&nbsp;&nbsp;&nbsp;&nbsp;&nbsp;&nbsp;&nbsp;&nbsp;&nbsp;&nbsp;&nbsp;&nbsp;&nbsp;&nbsp;&nbsp;&nbsp;&nbsp;&nbsp;&nbsp;&nbsp;&nbsp;&nbsp;&nbsp;&nbsp;&nbsp;&nbsp;&nbsp;&nbsp;&nbsp;&nbsp;&nbsp;&nbsp;&nbsp;&nbsp;&nbsp;&nbsp;&nbsp;&nbsp;&nbsp;&nbsp;&nbsp;&nbsp;&nbsp;&nbsp;&nbsp;&nbsp;&nbsp;&nbsp;&nbsp;&nbsp;&nbsp;&nbsp;&nbsp;&nbsp;&nbsp;&nbsp;&nbsp;<\/p>\n<p>&nbsp;&nbsp;<strong>\u0141ukowe : Szul Helena, Gro\u0144 Janina,Wojewoda Marta<\/strong><\/p>\n<p><strong>\u015arednie Wielkie:Drwi\u0119ga Janina,Drwi\u0119ga Barbara<\/strong><\/p>\n<p style=\"text-align: center;\">&nbsp; <strong><span style=\"color: #ff0000;\">5. Niedziela Wielkanocy<\/span><\/strong><\/p>\n<p><strong><span style=\"color: #ff0000;\">&nbsp;&nbsp;&nbsp;&nbsp;&nbsp;&nbsp;&nbsp;&nbsp;&nbsp;&nbsp;&nbsp;&nbsp;&nbsp;&nbsp;&nbsp;&nbsp;&nbsp;&nbsp;&nbsp;&nbsp;&nbsp;&nbsp;&nbsp;&nbsp;&nbsp;&nbsp;&nbsp;&nbsp;&nbsp;&nbsp;&nbsp;&nbsp;&nbsp;&nbsp;&nbsp;&nbsp;&nbsp;&nbsp;&nbsp;&nbsp;&nbsp;&nbsp;&nbsp;&nbsp;&nbsp;&nbsp;&nbsp;&nbsp;&nbsp;&nbsp;&nbsp;&nbsp;&nbsp;&nbsp;&nbsp;&nbsp;&nbsp;&nbsp;&nbsp;&nbsp;&nbsp;&nbsp;&nbsp;&nbsp;&nbsp;&nbsp;&nbsp;&nbsp;&nbsp;&nbsp;&nbsp;&nbsp;&nbsp;&nbsp;&nbsp;&nbsp;&nbsp;&nbsp;&nbsp;&nbsp;&nbsp;&nbsp;&nbsp;&nbsp;&nbsp;&nbsp;&nbsp; 02. 05. 2021 r.<\/span><\/strong><\/p>\n<p style=\"text-align: justify;\">1.Msze \u015bw. w Ko\u015bciele Parafialnym&nbsp; i nabo\u017ce\u0144stwo majowe o godz.18.00&nbsp; a w&nbsp; \u015arednim Wielkim w Czwartek&nbsp; o godz.19.00. Serdecznie zapraszam parafian, dzieci b\u0119d\u0105 otrzymywa\u0107 obrazki lub naklejki. Przed Msz\u0105 \u015bw. wrzucaj\u0105 serduszka z dobrymi uczynkami i losowanie figurki MB.&nbsp;<\/p>\n<p style=\"text-align: justify;\">2.Jutro 3.05. Ur. NMP Kr\u00f3lowej Polski &#8211; Odpust Parafialny. Msze \u015aw. <strong>7.30,<\/strong> <strong>9.30<\/strong> i Suma Odpustowa g.<strong>12.00<\/strong>.pod przewodnictwem &#8211; <strong>Ks. Bogus\u0142awa Bembenika<\/strong>. Serdecznie zapraszam, go\u015bci, ch\u00f3r, schol\u0119, OSP, ministrant\u00f3w i parafian. Dajmy pi\u0119kne \u015bwiadectwo wiary. Mo\u017cemy udekorowa\u0107 nasze domy, w oknie wystawi\u0107 obraz, czy wywiesi\u0107 Flag\u0119, bo dzi\u015b jest 2 maja dzie\u0144 flagi.<\/p>\n<p style=\"text-align: justify;\">3. W tym tygodniu Pierwszy Czwartek i Pi\u0105tek miesi\u0105ca, kto jeszcze nie skorzysta\u0142 ze spowiedzi Wielkanocnej, zapraszam jest to obowi\u0105zek wynikaj\u0105cy z przykazania ko\u015bcielnego.<\/p>\n<p style=\"text-align: justify;\">4.Spotkanie uczni\u00f3w kl. 8 \u015arednie Wielkie w Czwartek godz.19.00, \u0141ukowe w Pi\u0105tek godz.18.00.<\/p>\n<p style=\"text-align: justify;\">5.W Sobot\u0119 Uroczysto\u015b\u0107 \u015aw. Stanis\u0142awa bp. i m\u0119czennika Patrona Polski. Jest to dzie\u0144 imienin Bp Stanis\u0142awa. W modlitwie polecajmy ks. Bp i wszystkich solenizant\u00f3w.<\/p>\n<p style=\"text-align: justify;\">6. Dzisiaj sk\u0142adka na potrzeby archidiecezji.<\/p>\n<p style=\"text-align: justify;\">7.Sprz\u0105tanie ko\u015bcio\u0142a<\/p>\n<p style=\"text-align: justify;\"><strong>\u0141ukowe <\/strong>: Kopczyk Helena, Wr\u00f3bel Eugenia, Strzy\u017c Edyta<\/p>\n<p style=\"text-align: justify;\"><strong>\u015arednie Wielkie<\/strong> :&nbsp; Kusiak Iwona, Ciepiela Ma\u0142gorzata<\/p>\n<hr>\n<p style=\"text-align: center;\"><strong><span style=\"color: #ff0000;\">4. NIEDZIELA WIELKANOCY<\/span><\/strong><\/p>\n<p style=\"text-align: center;\"><strong><span style=\"color: #ff0000;\">25.04. 2021r.<\/span><\/strong><\/p>\n<p style=\"text-align: justify;\">1.Dzisiejsza Niedziela to Niedziela Dobrego Pasterza. To Tydzie\u0144 modlitw o Powo\u0142ania do s\u0142u\u017cby w Ko\u015bciele. Modlimy si\u0119 tak\u017ce za powo\u0142anych z naszej parafii&nbsp; i o nowe powo\u0142ania.<\/p>\n<p style=\"text-align: justify;\">2. Msze \u015bw. w Ko\u015bciele Parafialnym o g.18.00, natomiast we Wtorek i Czwartek o godz.7.00 w \u015arednim Wielkim w Czwartek&nbsp; o godz.18.00<\/p>\n<p style=\"text-align: justify;\">3.W Sobot\u0119 rozpoczynamy miesi\u0105c Maj i nabo\u017ce\u0144stwa majowe w Ko\u015bciele parafialnym Msza \u015bw. i nabo\u017ce\u0144stwo majowe o godz.18.00. Serdecznie zapraszam dzieci b\u0119d\u0105 otrzymywa\u0107 naklejki lub obrazki Przed Msz\u0105 \u015bw. wrzucaj\u0105 serduszka z dobrymi uczynkami i losowanie figurki MB.<\/p>\n<p style=\"text-align: justify;\">4.<strong>W Pon. 3.05. Ur. NMP Kr\u00f3lowej Polski<\/strong>&#8211; Odpust Parafialny. Msze \u015aw. <strong>7.30,<\/strong> <strong>9.30<\/strong> i Suma Odpustowa g.<strong>12.00<\/strong>. Serdecznie zapraszam, go\u015bci, ch\u00f3r, schol\u0119, OSP, ministrant\u00f3w i parafian. Dajmy pi\u0119kne \u015bwiadectwo wiary. Mo\u017cemy udekorowa\u0107 nasze domy, w oknie wystawi\u0107 obraz, czy wywiesi\u0107 Flag\u0119, bo 2 maja to dzie\u0144 flagi.&nbsp; Zach\u0119cam, aby odnowi\u0107 kapliczki i krzy\u017ce przydro\u017cne.<\/p>\n<p style=\"text-align: justify;\">5. W tym tyg. Pierwsza Sobota miesi\u0105ca. Zapraszam do spowiedzi przed odpustem , spowied\u017a ka\u017cdego dnia przed Msz\u0105 \u015aw. <strong>W pon. zapraszam tak\u017ce kl. 4 i 5, \u015arod\u0119 kl. 6 w Pi\u0105tek kl. 7 w Sobot\u0119 kl. 8 <\/strong>Przychodzimy z indeksami. Jest czas Wielkanocy i obowi\u0105zek spowiedzi kto jeszcze nie by\u0142.<\/p>\n<p style=\"text-align: justify;\"><span style=\"color: #3366ff;\"><strong><span style=\"color: #000000;\">6.Sprz\u0105tanie ko\u015bcio\u0142a<\/span><\/strong><\/span><\/p>\n<p style=\"text-align: justify;\"><span style=\"color: #3366ff;\"><strong><span style=\"color: #000000;\">\u0141ukowe:<\/span> Cygal Anna, Jarema Anna, Wr\u00f3bel Teresa, Wr\u00f3bel Felicja, Czernik Barbara, Kopczyk Wies\u0142awa <span style=\"color: #000000;\">\u015arednie Wielkie:<\/span> Suchan Renata, Kielniak Teresa.<\/strong><\/span><\/p>\n<hr>\n<p style=\"text-align: center;\">&nbsp;<strong><span style=\"color: #ff0000;\">&nbsp; 3 NIEDZIELA WIELKANOCY&nbsp;&nbsp;&nbsp; <\/span><\/strong><\/p>\n<p style=\"text-align: center;\"><strong><span style=\"color: #ff0000;\">18.04. 2021r.<\/span><\/strong><\/p>\n<p style=\"text-align: justify;\">&nbsp;1.Dzi\u015b rozpoczynamy Tydzie\u0144 Biblijny .<\/p>\n<p style=\"text-align: justify;\">&nbsp;2.W pi\u0105tek Uroczysto\u015b\u0107&nbsp; \u015aw. Wojciecha bp i m\u0119czennika, patrona Polski. W tym dniu nie obowi\u0105zuje wstrzemi\u0119\u017aliwo\u015b\u0107 od pokarm\u00f3w mi\u0119snych .Odpust w Tarnawie.<\/p>\n<p style=\"text-align: justify;\">3.Msze \u015bw. w Ko\u015bciele Parafialnym. g.18.00 ,natomiast we Wtorek i Czwartek o godz. 7.00 a&nbsp; w&nbsp; Sobot\u0119 o godz.17.00 , w \u015arednim Wielkim w Czw. o godz.18.00&nbsp;<\/p>\n<p style=\"text-align: justify;\">4.Za tydzie\u0144 Niedziela Dobrego Pasterza. Modlitwy o powo\u0142ania.<\/p>\n<p style=\"text-align: justify;\">5.Spotkanie rodzic\u00f3w uczni\u00f3w kl.3 SP w ko\u015bciele &nbsp;parafialnym w niedziel\u0119&nbsp;&nbsp; o godzinie&nbsp;&nbsp; 11.00&nbsp; w \u0141ukowem&nbsp; &nbsp;<\/p>\n<p style=\"text-align: justify;\">6.Sprz\u0105tanie ko\u015bcio\u0142a&nbsp;&nbsp;&nbsp;&nbsp;&nbsp;&nbsp;&nbsp;&nbsp;&nbsp;&nbsp;&nbsp;&nbsp;&nbsp;&nbsp;&nbsp;&nbsp;&nbsp;&nbsp;&nbsp;&nbsp;&nbsp;&nbsp;&nbsp;&nbsp;&nbsp;&nbsp;&nbsp;&nbsp;&nbsp;&nbsp;&nbsp;&nbsp;&nbsp;&nbsp;&nbsp;&nbsp;&nbsp;&nbsp;&nbsp;&nbsp;&nbsp;&nbsp; &nbsp;&nbsp;&nbsp;&nbsp;&nbsp;&nbsp;&nbsp;&nbsp;&nbsp;&nbsp;&nbsp;&nbsp;&nbsp;&nbsp;&nbsp;&nbsp;&nbsp;&nbsp;&nbsp;&nbsp;&nbsp;&nbsp;&nbsp;&nbsp;&nbsp;&nbsp;&nbsp;&nbsp;&nbsp;&nbsp;&nbsp;&nbsp;&nbsp;&nbsp;&nbsp;&nbsp;&nbsp;&nbsp;&nbsp;&nbsp;&nbsp;&nbsp;&nbsp;&nbsp;&nbsp;&nbsp;&nbsp;&nbsp;&nbsp;&nbsp;&nbsp;&nbsp;&nbsp;&nbsp;&nbsp;&nbsp;&nbsp;&nbsp;&nbsp;&nbsp;&nbsp;&nbsp;&nbsp;&nbsp;&nbsp;&nbsp;&nbsp;&nbsp;&nbsp;&nbsp;&nbsp;&nbsp;&nbsp;&nbsp;&nbsp;&nbsp;&nbsp;&nbsp;&nbsp;&nbsp;&nbsp;&nbsp;&nbsp;&nbsp;&nbsp;&nbsp;&nbsp;&nbsp;&nbsp;&nbsp;&nbsp;&nbsp;&nbsp;&nbsp;&nbsp;&nbsp;&nbsp;&nbsp;&nbsp;&nbsp;&nbsp;&nbsp;&nbsp;&nbsp;&nbsp;&nbsp;&nbsp;&nbsp;&nbsp;&nbsp;&nbsp;&nbsp;&nbsp;&nbsp;&nbsp;&nbsp;&nbsp;&nbsp;&nbsp;&nbsp;&nbsp;&nbsp;&nbsp;&nbsp;&nbsp;&nbsp;&nbsp;&nbsp;&nbsp;&nbsp;&nbsp;&nbsp;&nbsp;&nbsp;&nbsp;&nbsp;&nbsp;&nbsp;&nbsp;&nbsp;&nbsp;&nbsp;&nbsp;&nbsp;&nbsp;&nbsp;&nbsp;&nbsp;&nbsp;&nbsp; &nbsp; &nbsp; &nbsp; &nbsp; &nbsp; &nbsp; &nbsp; &nbsp; &nbsp; &nbsp; &nbsp; &nbsp; &nbsp; &nbsp; &nbsp; &nbsp; &nbsp; &nbsp; &nbsp; &nbsp; &nbsp; &nbsp; &nbsp; &nbsp; &nbsp; &nbsp; &nbsp; &nbsp; &nbsp; &nbsp; &nbsp;&nbsp; <strong>\u0141ukowe <\/strong>: Pomyka\u0142a Gra\u017cyna, Pomyka\u0142a Ewelina, Gajda Monika<\/p>\n<p style=\"text-align: justify;\"><strong>\u015arednie W<\/strong> : Armata Barbara, Raczkowska Katarzyna<\/p>\n<p style=\"text-align: justify;\">7.&nbsp; W tamtym tygodniu po\u017cegnali\u015bmy <strong>\u015ap.+ El\u017cbiet\u0119 Zajkowsk\u0105<\/strong> w jej intencjach b\u0119d\u0105 odprawiane Msze \u015aw.od rodziny, s\u0105siad\u00f3w i uczestnik\u00f3w pogrzebu. W modlitwie polecajmy j\u0105 Bo\u017cemu Mi\u0142osierdziu.<\/p>\n<hr>\n<p style=\"text-align: center;\"><span style=\"color: #ff0000;\"><strong>&nbsp; 2 NIEDZIELA WIELKANOCY&nbsp;&nbsp;&nbsp; <\/strong><\/span><\/p>\n<p style=\"text-align: center;\"><span style=\"color: #ff0000;\"><strong>12.04. 2021r.<\/strong><\/span><\/p>\n<p>1.Dzi\u015b Niedziela Mi\u0142osierdzia Bo\u017cego. Za odm\u00f3wienie Koronki do Bo\u017cego Mi\u0142osierdzia mo\u017cna zyska\u0107 Odpust Zupe\u0142ny .Rozpoczynamy Tydzie\u0144 Mi\u0142osierdzia. Dzi\u015b jak co roku \u2013 Zbi\u00f3rka do puszek.&nbsp;<\/p>\n<p><strong><span style=\"color: #ff0000;\">2.Dzisiaj zmiana tajemnic r\u00f3\u017ca\u0144cowych i Niedziela Adoracyjna<\/span><\/strong><\/p>\n<p>3.Msze \u015bw. w Ko\u015bciele Parafialnym wieczorem godz.18.00 opr\u00f3cz czwartku, wtedy Msza \u015bw. rano godz. 7.00 . W \u015arednim Wielkim w Czwartek o godz.18.00<\/p>\n<p>4.Sprz\u0105tanie ko\u015bcio\u0142a<\/p>\n<p><strong>\u0141ukowe<\/strong>: Laskowska Karolina, Izdebska Patrycja, Izdebska Wies\u0142awa<\/p>\n<p><strong>\u015arednie Wielkie<\/strong>: Sydorczak Dorota , Bonarska&nbsp; Irena&nbsp;&nbsp;&nbsp;&nbsp;&nbsp;&nbsp;&nbsp;&nbsp;&nbsp;&nbsp;&nbsp;&nbsp;&nbsp;&nbsp;&nbsp;&nbsp;&nbsp;&nbsp;&nbsp;&nbsp;&nbsp;&nbsp;&nbsp;&nbsp;&nbsp;&nbsp;&nbsp;&nbsp;&nbsp;&nbsp;&nbsp;&nbsp;&nbsp;&nbsp;&nbsp;&nbsp;&nbsp;&nbsp;&nbsp;&nbsp;&nbsp;&nbsp;&nbsp;&nbsp;&nbsp;&nbsp;&nbsp;&nbsp;&nbsp;&nbsp;&nbsp;&nbsp;&nbsp;&nbsp;&nbsp;&nbsp;&nbsp;&nbsp;&nbsp;&nbsp;&nbsp;&nbsp;&nbsp;&nbsp;&nbsp;&nbsp;&nbsp;&nbsp;&nbsp;&nbsp;&nbsp;&nbsp;&nbsp;&nbsp;&nbsp;&nbsp;&nbsp;&nbsp;<\/p>\n<hr>\n<h3 style=\"text-align: center;\"><span style=\"color: #ff0000;\"><strong>NIEDZIELA ZMARTWYCHWSTANIA PA\u0143SKIEGO<\/strong><\/span><\/h3>\n<h3 style=\"text-align: center;\"><span style=\"color: #ff0000;\"><strong>04.04.2021 r.&nbsp;<\/strong><\/span><\/h3>\n<p>1. Msze \u015bwi\u0119te w Ko\u015bciele Parafialnym w Poniedzia\u0142ek Wielkanocny&nbsp; o godz. 7.30. i 11.00; w \u015arednim Wielkim o godz. 9.30.<\/p>\n<p>2.Od wtorku do soboty Msze \u015bwi\u0119te o &nbsp;godz. 18.00.<\/p>\n<p>3. Rozpoczyna si\u0119 Bia\u0142y Tydzie\u0144- Oktawa Wielkanocy, kt\u00f3ra jest przed\u0142u\u017ceniem \u015bwi\u0119towania Pami\u0105tki&nbsp; Zmartwychwstania Pana Jezusa. W pi\u0105tek nie obowi\u0105zuje wstrzemi\u0119\u017aliwo\u015b\u0107 od pokarm\u00f3w mi\u0119snych.<\/p>\n<p>4. Za tydzie\u0144 sk\u0142adka do puszek na Caritas.<\/p>\n<p><span style=\"color: #0000ff;\"><strong>5. Sprz\u0105tanie ko\u015bcio\u0142a <span style=\"text-decoration: underline;\">\u0141ukowe<\/span>: Barszcz Halina, Nawrocka Halina, Nawrocka Ma\u0142gorzata;<br \/>\n<span style=\"text-decoration: underline;\">\u015arednie Wielkie<\/span>: Sydorczak Halina, Sydorczk&nbsp; Ludwika.<\/strong><\/span><\/p>\n<hr>\n<h3 style=\"text-align: center;\"><strong><span style=\"color: #800080;\">NIEDZIELA PALMOWA<\/span><\/strong><\/h3>\n<h3 style=\"text-align: center;\"><strong><span style=\"color: #800080;\">28.03.2021 r.&nbsp;<\/span><\/strong><\/h3>\n<p>1. W Wielki Poniedzia\u0142ek, Wielki Wtorek i Wielk\u0105 \u015arod\u0119 Msza \u015bwi\u0119ta o godz. 18.00.<\/p>\n<p>2. Z sakramentu Spowiedzi mo\u017cemy skorzysta\u0107 przed Msz\u0105 \u015bwi\u0119t\u0105 w Wielki Poniedzia\u0142ek, Wielki Wtorek i Wielk\u0105 \u015arod\u0119.<\/p>\n<p>3. Na stoliku za \u0142awkami s\u0105 do nabycia \u015awiece Wielkanocne oraz mi\u00f3d.<\/p>\n<p>4. Droga Krzy\u017cowa w Ko\u015bciele Parafialnym w Wielk\u0105 \u015arod\u0119 o godz. 17.30.<\/p>\n<p>5. W tym tygodniu pierwszy czwartek, pi\u0105tek i sobota miesi\u0105ca.<\/p>\n<p><strong>6. Triduum Paschalne:<br \/>\n<\/strong><strong><u>\u015arednie Wielkie<\/u><\/strong>&#8211; Wielki Czwartek, Wielki Pi\u0105tek godz. 16.30, Wielka Sobota godz. 20.00.<br \/>\n<strong><u>\u0141ukowe<\/u><\/strong>&#8211; Wielki Czwartek, Wielki Pi\u0105tek, Wielka Sobota o godz. 18.00.<strong><br \/>\n<\/strong><\/p>\n<p><strong>7. Po\u015bwi\u0119cenie pokarm\u00f3w (Wielka Sobota).<br \/>\n<strong><u>\u0141ukowe:<br \/>\n<\/u><\/strong><\/strong>O godz. 9.00, mieszka\u0144cy od nr 1-40;<br \/>\nO godz. 10.00 mieszka\u0144cy od nr 41-80;<br \/>\nO godz. 11.00 mieszka\u0144cy od nr 81-120;<br \/>\nO godz. 12.00 mieszka\u0144cy od nr 121-\u015arednie Wielkie.<br \/>\n<strong><strong><u>\u015arednie Wielkie:<br \/>\n<\/u><\/strong><\/strong>O godz. 9:30 \u015awietlica;<br \/>\nO godz. 9:50 Ko\u015bci\u00f3\u0142- \u015arednie Wielkie;<br \/>\nO godz. 10.15 Kalnica.<strong><br \/>\n<\/strong><\/p>\n<p>8. W Wielki Pi\u0105tek- obowi\u0105zuje Post \u015acis\u0142y.<\/p>\n<p>9. Adoracja Naj\u015bwi\u0119tszego Sakramentu w Ciemnicy i przy Bo\u017cym Grobie, do 21.00, rano od godz. 8.00 indywidualnie.<br \/>\nOfiary zebrane przy adoracji krzy\u017ca jak co roku przeznaczone na renowacj\u0119 zabytk\u00f3w Kustodii Ziemi \u015awi\u0119tej.<\/p>\n<p>10. Prosz\u0119, aby Stra\u017cacy przygotowali ognisko na Liturgi\u0119 Wielkiej Soboty.<\/p>\n<p><span style=\"color: #0000ff;\"><strong>11. Sprz\u0105tanie ko\u015bcio\u0142a i ubranie Ciemnicy i Bo\u017cego Grobu prosz\u0119 rodziny<\/strong><\/span><br \/>\n<span style=\"color: #0000ff;\"><strong><span style=\"text-decoration: underline;\">\u0141ukowe:<\/span> Molek Monika, Kita Maria, Stach Ma\u0142gorzata, Pa\u0142asz Iwona, Furdak Barbara, Kisio\u0142ek Zofia;<\/strong><\/span><br \/>\n<span style=\"color: #0000ff;\"><strong><span style=\"text-decoration: underline;\">\u015arednie Wielkie:<\/span> Kopczyk Emilia, Stach Barbara, Galica Bogus\u0142awa, Niepok\u00f3j Agnieszka.<\/strong><\/span><\/p>\n<p>12. Prosimy dostosowa\u0107 si\u0119 do obowi\u0105zuj\u0105cych przepis\u00f3w sanitarnych.<\/p>\n<hr>\n<h3 style=\"text-align: center;\"><strong><span style=\"color: #800080;\">V NIEDZIELA WIELKIEGO POSTU<\/span><\/strong><\/h3>\n<h3 style=\"text-align: center;\"><strong><span style=\"color: #800080;\">21.03.2021 r.&nbsp;<\/span><\/strong><\/h3>\n<p>1. Msze \u015bw. w Ko\u015bciele Parafialnym wieczorem o godz. 17.00.<\/p>\n<p style=\"text-align: justify;\">2. W \u015arednim Wielkim w czwartek Msza \u015bwi\u0119ta i Droga Krzy\u017cowa godz.18.00; w Ko\u015bciele Parafialnym Msza \u015bwi\u0119ta i Droga Krzy\u017cowa pi\u0105tek godz. 17.00.<\/p>\n<p style=\"text-align: justify;\">3. W zwi\u0105zku z pandemi\u0105 spowiedzi parafialnej nie b\u0119dzie. Z sakramentu Spowiedzi mo\u017cemy skorzysta\u0107 ka\u017cdego dnia przed Msz\u0105 \u015bwi\u0119t\u0105 od poniedzia\u0142ku.<\/p>\n<p style=\"text-align: justify;\">4. W Czwartek 25 marca Uroczysto\u015b\u0107 Zwiastowania Pa\u0144skiego. Dzie\u0144 \u015awi\u0119to\u015bci \u017bycia od chwili pocz\u0119cia a\u017c do naturalnej \u015bmierci. Na stoliku za \u0142awkami s\u0105 do zabrania Gazetki <strong>Duchowa Adopcja Dziecka Pocz\u0119tego<\/strong>, zach\u0119cam wszystkich do lektury. Mo\u017cliwe jest r\u00f3wnie\u017c podj\u0119cie Duchowej Adopcji Dziecka Nienarodzonego\u2026 W\u0142\u0105czmy si\u0119 w to dzie\u0142o i pom\u00f3\u017cmy bezbronnym dzieciom, wspieraj\u0105c je nasz\u0105 modlitw\u0105.<\/p>\n<p>5. Za tydzie\u0144 \u2013 Niedziela M\u0119ki Pa\u0144skiej \u2013 Niedziela Palmowa. Po\u015bwi\u0119cenie Palm na ka\u017cdej Mszy \u015bwi\u0119tej.<\/p>\n<p>6. Na stoliku za \u0142awkami s\u0105 do nabycia \u015awiece Wielkanocne oraz mi\u00f3d.<\/p>\n<p style=\"text-align: justify;\">7. W tym tygodniu po\u017cegnali\u015bmy <strong>\u015ap. + Helen\u0119<\/strong><strong> Kabala <\/strong>oraz <strong>\u015ap. +Piotra Paw\u0142a Stach<\/strong>. W ich intencji b\u0119d\u0105 odprawiane Msze \u015bwi\u0119te od rodziny, znajomych i uczestnik\u00f3w pogrzebu. W modlitwie polecajmy ich Bo\u017cemu Mi\u0142osierdziu.<\/p>\n<p><strong><span style=\"color: #0000ff;\">8. Sprz\u0105tanie ko\u015bcio\u0142a <span style=\"text-decoration: underline;\">\u0141ukowe<\/span>: Mach Barbara, Ma\u017a Sabina, G\u0105sior Monika;<br \/>\n<span style=\"text-decoration: underline;\">\u015arednie Wielkie<\/span>: Szajnowska Justyna, Kopczyk Barbara.<\/span><\/strong><\/p>\n<hr>\n<h3 style=\"text-align: center;\"><strong><span style=\"color: #800080;\">IV NIEDZIELA WIELKIEGO POSTU<\/span><\/strong><\/h3>\n<h3 style=\"text-align: center;\"><strong><span style=\"color: #800080;\">14.03.2021 r.&nbsp;<\/span><\/strong><\/h3>\n<p>1.Msze \u015bw. w Ko\u015bciele Parafialnym wieczorem o godz. 17.00.<\/p>\n<p>2.Trwa Nowenna przed Uroczysto\u015bci\u0105 \u015aw. J\u00f3zefa. W pi\u0105tek Uroczysto\u015b\u0107 \u015bw. J\u00f3zefa, Oblubie\u0144ca NMP, dzie\u0144 szczeg\u00f3lnej modlitwy za Ojc\u00f3w. To dzie\u0144 imienin ks. abp. seniora J\u00f3zefa Michalika oraz Ojca \u015awi\u0119tego seniora Benedykta XVI; w modlitwie pami\u0119tajmy o wszystkich Solenizantach. W Pi\u0105tek nie obowi\u0105zuje wstrzemi\u0119\u017aliwo\u015b\u0107 od pokarm\u00f3w mi\u0119snych.<\/p>\n<p>3.W \u015arednim Wielkim w czwartek Msza \u015bwi\u0119ta i Droga Krzy\u017cowa godz. 18.00; w Ko\u015bciele Parafialnym Msza \u015bwi\u0119ta i Droga Krzy\u017cowa w Pi\u0105tek godz. 17.00.<\/p>\n<p><span style=\"color: #3366ff;\"><strong>4.Sprz\u0105tanie ko\u015bcio\u0142a \u0141ukowe: Owczarek Bogus\u0142awa, Wania Renata, Kulig Agnieszka; <\/strong><strong><strong>\u015arednie Wielkie: Tomala Zofia, Piekutowska Gra\u017cyna.<\/strong><\/strong>&nbsp;<\/span><\/p>\n<p>5.S\u0105 do nabycia w zakrystii \u015awiece Wielkanocne i mi\u00f3d. I ty mo\u017cesz pom\u00f3c seniorom.<\/p>\n<p>6.Rekolekcje online dla uczni\u00f3w kl. 8 SP w&nbsp; Domu Rekolekcyjnym w Rzepedzi od 19-21 marca 2021r.<\/p>\n<hr>\n<h3 style=\"text-align: center;\"><strong><span style=\"color: #800080;\">III NIEDZIELA WIELKIEGO POSTU<\/span><\/strong><\/h3>\n<h3 style=\"text-align: center;\"><strong><span style=\"color: #800080;\">07.03.2021 r.&nbsp;<\/span><\/strong><\/h3>\n<p style=\"text-align: justify;\">1. Msze \u015bw. w Ko\u015bciele Parafialnym. W Poniedzia\u0142ek o godz. 7.00; we Wtorek, \u015arod\u0119 i Czwartek o godz. 17.00.<\/p>\n<p style=\"text-align: justify;\">2. Dzi\u015b sk\u0142adka na WSD w Przemy\u015blu.<\/p>\n<p style=\"text-align: justify;\">3. W Pi\u0105tek, Sobot\u0119 i Niedziel\u0119 Rekolekcje Parafialne, kt\u00f3re b\u0119dzie prowadzi\u0142 <strong>prof. dr Wydzia\u0142u Duszpasterskiego w Przemy\u015blu Jan Szel\u0105g<\/strong>.<\/p>\n<p style=\"text-align: justify;\">4. W \u015arednim Wielkim w Pi\u0105tek Msza \u015bwi\u0119ta i Droga Krzy\u017cowa godz. 16.00; w Ko\u015bciele Parafialnym Msza \u015bwi\u0119ta i Droga Krzy\u017cowa o godz. 18.00 W zwi\u0105zku z pandemi\u0105 przestrzegamy zasady noszenia maseczek, stosowania p\u0142yn\u00f3w i odleg\u0142o\u015bci. Dalszy program rekolekcji b\u0119dzie wywieszony w gablocie.<\/p>\n<p style=\"text-align: justify;\">5. Prze\u017cywamy Rok \u015bw. J\u00f3zefa w ka\u017cd\u0105 \u015brod\u0119 modlimy si\u0119 za rodziny a szczeg\u00f3lnie za Ojc\u00f3w, aby byli wzorem wiary dla rodziny i przyk\u0142adem. Od 10 marca rozpocznie si\u0119 Nowenna do \u015aw. J\u00f3zefa.<\/p>\n<p style=\"text-align: justify;\">6. Jutro Dzie\u0144 Kobiet. W modlitwie pami\u0119tajmy o Wszystkich kobietach.<\/p>\n<p style=\"text-align: justify;\"><span style=\"color: #3366ff;\"><strong>7. Sprz\u0105tanie ko\u015bcio\u0142a \u0141ukowe: Molek Iwona, Rybczak Maria, Izdebska Ewa \u015arednie Wielkie: Guzara Ludwika, Lubi\u0144ska El\u017cbieta.<\/strong><\/span><\/p>\n<p style=\"text-align: justify;\">8. S\u0105 do nabycia w zakrystii \u015awiece Wielkanocne. I ty mo\u017cesz pom\u00f3c seniorom.<\/p>\n<p style=\"text-align: justify;\">9. Za \u0142awkami s\u0105 wy\u0142o\u017cone przekazy rozliczaj\u0105c sw\u00f3j PIT mo\u017cna 1% swojego podatku przekaza\u0107 na Misje.<\/p>\n<hr>\n<h3 style=\"text-align: center;\"><strong><span style=\"color: #800080;\">II NIEDZIELA WIELKIEGO POSTU<\/span><\/strong><\/h3>\n<h3 style=\"text-align: center;\"><strong><span style=\"color: #800080;\">28.02.2021 r.&nbsp;<\/span><\/strong><\/h3>\n<ul>\n<li style=\"text-align: justify;\">1.Msze \u015bw. w Ko\u015bciele Parafialnym we wtorek i w \u015brod\u0119 o godz.7.00&nbsp; w pozosta\u0142e dni o godz.17.00<\/li>\n<\/ul>\n<p style=\"text-align: justify;\">2.W Prze\u017cywamy Rok \u015bw. J\u00f3zefa w ka\u017cd\u0105 \u015brod\u0119 modlimy si\u0119 za rodziny, a szczeg\u00f3lnie za Ojc\u00f3w, aby byli wzorem rodziny i przyk\u0142adem. Zapraszamy.<\/p>\n<p style=\"text-align: justify;\">3. W czwartek. w \u015arednim W. &#8211; Droga Krzy\u017cowa i Msza \u015aw. o godz.18.00, a Pi\u0105tek w Ko\u015bciele Parafialnym&nbsp; Msza \u015bw. i Droga Krzy\u017cowa o godz. 17.00. W niedziel\u0119 w Ko\u015bciele Parafialnym&nbsp; Gorzkie \u017bale po mszy \u015bw.&nbsp; 7.30.<\/p>\n<p style=\"text-align: justify;\">4. Spotkania formacyjne dla m\u0142odzie\u017cy przed bierzmowaniem w \u0141ukowem odb\u0119d\u0105 si\u0119: w poniedzia\u0142ek dla&nbsp; kl.6, w pi\u0105tek dla kl.7. przed Msz\u0105 \u015bw. spowied\u017a dla m\u0142odzie\u017cy. Natomiast dla kl.8 spotkanie w niedziel\u0119 w \u0141ukowem o godz. 11.00 wraz&nbsp; z &nbsp;rodzicami. W \u015arednim Wielkim spotkanie w czwartek o godz. 18.00 dla &nbsp;kl.6 i 7.&nbsp;<\/p>\n<p style=\"text-align: justify;\">5.Dzi\u015b jak co roku&nbsp; zbi\u00f3rka do puszek na fundusz&nbsp; Misyjny Ad- Gentes.<\/p>\n<p style=\"text-align: justify;\">6. W tym tygodniu Pierwszy czwartek, pi\u0105tek i sobota miesi\u0105ca.<\/p>\n<p style=\"text-align: justify;\"><strong><span style=\"color: #3366ff;\">7. Sprz\u0105tanie ko\u015bcio\u0142a \u0141ukowe: Domalik Ewa, Florek Celina, Molek Lucyna. \u015arednie Wielkie: Kokalik Helena, Misiura Beata.<\/span><\/strong><\/p>\n<p style=\"text-align: justify;\">8.S\u0105 do nabycia w zakrystii \u015awiece Wielkanocne po 8z\u0142 i Mi\u00f3d&nbsp; po10 z\u0142. I ty mo\u017cesz&nbsp; pom\u00f3c seniorom.&nbsp;&nbsp;&nbsp;&nbsp;&nbsp;&nbsp;&nbsp;&nbsp;&nbsp;&nbsp;&nbsp;&nbsp;&nbsp;&nbsp;&nbsp;&nbsp;&nbsp;&nbsp;&nbsp;&nbsp;&nbsp;&nbsp;&nbsp;&nbsp;&nbsp;&nbsp;&nbsp;&nbsp;&nbsp;&nbsp;&nbsp;&nbsp;&nbsp;&nbsp;&nbsp;&nbsp;&nbsp;&nbsp;&nbsp;&nbsp;&nbsp;&nbsp;&nbsp;&nbsp;&nbsp;&nbsp;&nbsp;&nbsp;&nbsp;&nbsp;&nbsp;&nbsp;&nbsp;&nbsp;&nbsp;&nbsp;&nbsp;&nbsp;&nbsp;&nbsp;&nbsp;&nbsp;&nbsp;&nbsp;&nbsp;&nbsp;&nbsp;&nbsp;&nbsp;&nbsp;&nbsp;&nbsp;&nbsp;&nbsp;&nbsp;&nbsp;&nbsp;&nbsp;&nbsp;&nbsp;&nbsp;&nbsp;&nbsp;&nbsp;&nbsp;&nbsp;&nbsp;&nbsp;&nbsp;&nbsp;&nbsp;&nbsp;&nbsp;&nbsp;&nbsp;&nbsp;&nbsp;&nbsp;<\/p>\n<hr>\n<h3 style=\"text-align: center;\"><strong><span style=\"color: #800080;\">I NIEDZIELA WIELKIEGO POSTU<\/span><\/strong><\/h3>\n<h3 style=\"text-align: center;\"><strong><span style=\"color: #800080;\">21.02.2021 r.&nbsp;<\/span><\/strong><\/h3>\n<ol>\n<li>W naszej parafii go\u015bcimy ks. diakona Daniela Pawlaka. Cieszymy si\u0119 z jego obecno\u015bci, przyjmijmy go z serdeczno\u015bci\u0105 i otoczmy go modlitw\u0105. \u017byczymy my Szcz\u0119\u015b\u0107 Bo\u017ce w naszej parafii.&nbsp;&nbsp;<\/li>\n<li>Przypominamy, \u017ce mamy stron\u0119 internetow\u0105 naszej parafii pod adresem <span style=\"text-decoration: underline;\">lukowe.przemyska.pl&nbsp;<\/span> zach\u0119camy do jej odwiedzin.<\/li>\n<li style=\"text-align: justify;\">Msze \u015bw. w Ko\u015bciele Parafialnym, we wtorek o godz.7.00 w pozosta\u0142e dni o godz.17.00, w Czwartek w \u015arednim Wielkim o godz.18.00 &#8211;&nbsp; Droga Krzy\u017cowa i Msza \u015bw.<\/li>\n<li style=\"text-align: justify;\">W Pi\u0105tek w Ko\u015bciele Parafialnym Msza \u015bw. i Droga Krzy\u017cowa o g.17.00.&nbsp; W niedziel\u0119 w Ko\u015bciele Parafialnym Gorzkie \u017bale po Mszy \u015bw.&nbsp; o godz.7.30 a w \u015arednim Wielkim przed Msz\u0105 \u015aw.<\/li>\n<li style=\"text-align: justify;\">Jutro \u015awi\u0119to Katedry \u015awi\u0119tego Piotra Aposto\u0142a. Wspierajmy modlitw\u0105&nbsp; Papie\u017ca Franciszka.<\/li>\n<li style=\"text-align: justify;\"><strong style=\"color: #339966;\">Sprz\u0105tanie ko\u015bcio\u0142a \u0141ukowe: Strzy\u017c Agata, Domalik Joanna, Furtak Magdalena<\/strong><\/li>\n<\/ol>\n<p style=\"text-align: justify;\"><span style=\"color: #339966;\"><strong>&nbsp;&nbsp;&nbsp;&nbsp; \u015arednie Wielkie: Klepczy\u0144ska Teresa, Klepczy\u0144ska&nbsp; Katarzyna<\/strong><\/span><\/p>\n<p style=\"text-align: justify;\">7. Za tydzie\u0144 zbi\u00f3rka do puszek na fundusz&nbsp; Misyjny Ad- Gentes.<\/p>\n<p style=\"text-align: justify;\">8. S\u0105 do nabycia w zakrystii \u015awiece Wielkanocne po 8z\u0142 i Mi\u00f3d&nbsp; po10 z\u0142.&nbsp; I ty mo\u017cesz&nbsp; pom\u00f3c seniorom.<\/p>\n<p style=\"text-align: justify;\">9. W tym tygodniu po\u017cegnali\u015bmy \u015a.P <strong>+ Czes\u0142awa Armata<\/strong> w jego int. b\u0119d\u0105 odprawiane Msze \u015aw. od rodziny, znajomych i uczestnik\u00f3w pogrzebu. W modlitwie polecajmy go Bo\u017cemu Mi\u0142osierdziu.<\/p>\n<hr>\n<p style=\"text-align: center;\"><em>VI NIEDZIELA ZWYK\u0141A<\/em><\/p>\n<p style=\"text-align: center;\"><em>14 luty 2021 r.<\/em><\/p>\n<ol>\n<li style=\"text-align: justify;\">Dzi\u015b rozpoczyna si\u0119 54-Tydzie\u0144 modlitw o Trze\u017awo\u015b\u0107 Narodu. \u201eTrze\u017awo\u015bci\u0105 pokonywa\u0107 kryzys,\u201d M\u00f3dlmy si\u0119 o trze\u017awo\u015b\u0107 w naszych rodzinach.<\/li>\n<li style=\"text-align: justify;\">Msze \u015bw. w Ko\u015bciele &nbsp;Parafialnym. &nbsp;&nbsp;w&nbsp; Pon. Wt. Pi\u0105. Sob. godz. 17.00&nbsp; w Czw. godz. 7.00<\/li>\n<li style=\"text-align: justify;\">3. W tym tyg. przypada <strong>\u015aroda Popielcowa<\/strong>. W raz z tym dniem przypada 40-dniowy okres&nbsp; Wielkiego&nbsp; Postu.&nbsp; W \u015arod\u0119 Popielcow\u0105 Msze \u015bw. w \u0141ukowem o godz. 9.00 i 16.00.<\/li>\n<li style=\"text-align: justify;\">W \u015arednim&nbsp; Wielkim- Droga krzy\u017cowa i Msza&nbsp; \u015aw. o g.17.30. Na ka\u017cdej Mszy \u015bw. posypanie g\u0142\u00f3w popio\u0142em. W tym dniu obowi\u0105zuje Post \u015acis\u0142y. Sk\u0142adka jak&nbsp; co roku na fundacj\u0119 Wzrastanie.<\/li>\n<li style=\"text-align: justify;\">W&nbsp; Pi\u0105tek w Ko\u015bciele Parafialnym Msza \u015aw. i Droga Krzy\u017cowa o godz. 17.00. W Niedziel\u0119. w Ko\u015bciele parafialnym Gorzkie \u017bale po mszy \u015bw. o 7.30, a w \u015arednim Wielkim&nbsp; przed Msz\u0105 \u015bw.&nbsp;<\/li>\n<li style=\"text-align: justify;\">Kurs Przedma\u0142\u017ce\u0144ski w Rzepedzi&nbsp; odb\u0119dzie si\u0119 w dniach od 19.-21 II, rozpocz\u0119cie w pi\u0105tek. Trzeba si\u0119 tel. Skontaktowa\u0107 z ks. dyr. Spotkanie -(Online).<\/li>\n<\/ol>\n<ol start=\"7\">\n<li style=\"text-align: justify;\"><span style=\"color: #3366ff;\"><strong>Na Wielki Post do parafii przyjdzie na praktyk\u0119 diako\u0144sk\u0105 z WSD w Przemy\u015blu Diakon Daniel Pawlak, pochodz\u0105cy z&nbsp; \u0141a\u0144cuta. Otoczmy go modlitw\u0105.<\/strong><\/span><\/li>\n<li>&nbsp;<strong><span style=\"color: #ff9900;\">Sprz\u0105tanie Ko\u015bcio\u0142a w \u0141ukowem :&nbsp;&nbsp; Smutek Bernardetta, Baraniewicz Ma\u0142gorzata, Baraniewicz&nbsp; Anna.<\/span> <span style=\"color: #ff9900;\">\u015arednie Wielkie :&nbsp; Fiut Teresa, Zarzyczna Monika.&nbsp;<\/span> &nbsp; &nbsp;<\/strong> &nbsp; &nbsp; &nbsp; &nbsp; &nbsp; &nbsp; &nbsp; &nbsp; &nbsp; &nbsp; &nbsp;&nbsp;<\/li>\n<\/ol>\n","protected":false},"excerpt":{"rendered":"<p>&nbsp; 4 Niedziela Wielkanocna &#8211; 26.04.2026 Dzi\u015b w naszej Parafii o godz. 12.00 Pierwsza Komunia \u015bw. dla dzieci z klasy III. Otoczmy nasz\u0105 modlitw\u0105: Gracjana, Huberta, Alana, Dian\u0119, Maksymiliana, Aleksandra, Marcela, Emila, Dorot\u0119 i Micha\u0142a. Dla dzieci pierwszokomunijnych i ich rodzic\u00f3w, od poniedzia\u0142ku rozpocznie si\u0119 Bia\u0142y Tydzie\u0144. Zapraszam codziennie na Msz\u0119 \u015bw. o 18.00. Bardzo &hellip; <a href=\"https:\/\/lukowe.przemyska.pl\/index.php\/ogloszenia-parafialne\/\" class=\"more-link\">Czytaj dalej<span class=\"screen-reader-text\"> \u201eOg\u0142oszenia Duszpasterskie\u201d<\/span><\/a><\/p>\n","protected":false},"author":1,"featured_media":0,"parent":0,"menu_order":1,"comment_status":"closed","ping_status":"closed","template":"","meta":{"ngg_post_thumbnail":0,"footnotes":""},"class_list":["post-291","page","type-page","status-publish","hentry"],"_links":{"self":[{"href":"https:\/\/lukowe.przemyska.pl\/index.php\/wp-json\/wp\/v2\/pages\/291","targetHints":{"allow":["GET"]}}],"collection":[{"href":"https:\/\/lukowe.przemyska.pl\/index.php\/wp-json\/wp\/v2\/pages"}],"about":[{"href":"https:\/\/lukowe.przemyska.pl\/index.php\/wp-json\/wp\/v2\/types\/page"}],"author":[{"embeddable":true,"href":"https:\/\/lukowe.przemyska.pl\/index.php\/wp-json\/wp\/v2\/users\/1"}],"replies":[{"embeddable":true,"href":"https:\/\/lukowe.przemyska.pl\/index.php\/wp-json\/wp\/v2\/comments?post=291"}],"version-history":[{"count":367,"href":"https:\/\/lukowe.przemyska.pl\/index.php\/wp-json\/wp\/v2\/pages\/291\/revisions"}],"predecessor-version":[{"id":3519,"href":"https:\/\/lukowe.przemyska.pl\/index.php\/wp-json\/wp\/v2\/pages\/291\/revisions\/3519"}],"wp:attachment":[{"href":"https:\/\/lukowe.przemyska.pl\/index.php\/wp-json\/wp\/v2\/media?parent=291"}],"curies":[{"name":"wp","href":"https:\/\/api.w.org\/{rel}","templated":true}]}}