{"id":199,"date":"2021-02-10T21:24:49","date_gmt":"2021-02-10T20:24:49","guid":{"rendered":"https:\/\/lukowe.przemyska.pl\/?page_id=199"},"modified":"2021-02-10T21:25:39","modified_gmt":"2021-02-10T20:25:39","slug":"malzenstwo","status":"publish","type":"page","link":"https:\/\/lukowe.przemyska.pl\/index.php\/parafia\/duszpasterstwo\/malzenstwo\/","title":{"rendered":"Ma\u0142\u017ce\u0144stwo"},"content":{"rendered":"<p style=\"text-align: justify;\"><img loading=\"lazy\" decoding=\"async\" class=\"size-medium wp-image-200 alignleft\" src=\"https:\/\/lukowe.przemyska.pl\/wp-content\/uploads\/2021\/02\/obraz_2021-02-10_212345-300x217.png\" alt=\"\" width=\"300\" height=\"217\" srcset=\"https:\/\/lukowe.przemyska.pl\/wp-content\/uploads\/2021\/02\/obraz_2021-02-10_212345-300x217.png 300w, https:\/\/lukowe.przemyska.pl\/wp-content\/uploads\/2021\/02\/obraz_2021-02-10_212345.png 450w\" sizes=\"auto, (max-width: 300px) 85vw, 300px\" \/>Ma\u0142\u017ce\u0144stwo to w zamy\u015ble Boga zwi\u0105zek kobiety i m\u0119\u017cczyzny. Zwi\u0105zek ten jest nierozerwalny. Do sakramentu tego trzeba si\u0119 nale\u017cycie przygotowa\u0107.<\/p>\n<p>&nbsp;<\/p>\n<p style=\"text-align: justify;\">Oto kilka rad praktycznych:<\/p>\n<ol style=\"text-align: justify;\">\n<li><strong>Ustalenie i zarezerwowanie terminu&nbsp;<\/strong>w kancelarii. Wed\u0142ug tradycji \u015blub ko\u015bcielny zawierany jest w parafii Panny M\u0142odej. W przypadku zmiany terminu nale\u017cy o tym powiadomi\u0107, by nie blokowa\u0107 miejsca innym.&nbsp;<strong>&nbsp;<\/strong><\/li>\n<\/ol>\n<ol style=\"text-align: justify;\" start=\"2\">\n<li><strong>Protok\u00f3\u0142 przed\u015blubny<\/strong><\/li>\n<\/ol>\n<p style=\"text-align: justify;\">Na pierwszym spotkaniu (ok. 5 \u2013 6 miesi\u0119cy przed ustalon\u0105 dat\u0105 \u015blubu) spisuje si\u0119 protok\u00f3\u0142 przed\u015blubny.&nbsp;Narzeczeni&nbsp;zg\u0142aszaj\u0105 si\u0119 wtedy do kancelarii parafialnej z&nbsp;<u>nast\u0119puj\u0105cymi dokumentami:<\/u><\/p>\n<p style=\"text-align: justify;\">\u2013 dow\u00f3d osobisty,<\/p>\n<p style=\"text-align: justify;\">&nbsp;\u2013 ostatnie \u015bwiadectwa nauki religii (ze szko\u0142y podstawowej i \u015bredniej lub indeks do bierzmowania),<\/p>\n<p style=\"text-align: justify;\">&nbsp;\u2013 metryka chrztu (termin wa\u017cno\u015bci 6 miesi\u0119cy)- dotyczy os\u00f3b chrzczonych poza nasz\u0105 parafi\u0105<\/p>\n<p style=\"text-align: justify;\">&nbsp;\u2013 za\u015bwiadczenie o bierzmowaniu, je\u017celi nie zaznaczono tego na \u015bwiadectwie chrztu,<\/p>\n<p style=\"text-align: justify;\">\u2013 za\u015bwiadczenie o uko\u0144czeniu katechezy przedma\u0142\u017ce\u0144skiej i przed\u015blubnej,&nbsp;<\/p>\n<p style=\"text-align: justify;\">\u2013 wdowiec \u2013 akt zgonu wsp\u00f3\u0142ma\u0142\u017conka,<\/p>\n<p style=\"text-align: justify;\">\u2013 inne dokumenty w zale\u017cno\u015bci od sytuacji prawnej narzeczonych<\/p>\n<p style=\"text-align: justify;\">\u2013 za\u015bwiadczenie z USC<\/p>\n<p style=\"text-align: justify;\"><u>Metryk\u0119 chrztu<\/u>&nbsp;nale\u017cy wybra\u0107 z parafii, gdzie si\u0119 przyjmowa\u0142o sakrament chrztu, z&nbsp;zaznaczeniem, \u017ce&nbsp;jest do \u015blubu ko\u015bcielnego. Osoby, kt\u00f3re nie by\u0142y bierzmowane powinny przygotowa\u0107 si\u0119 i przyst\u0105pi\u0107 do&nbsp;tego sakramentu. W tym celu nale\u017cy zg\u0142osi\u0107 si\u0119 do kancelarii parafialnej celem om\u00f3wienia szczeg\u00f3\u0142\u00f3w przygotowania do bierzmowania. W&nbsp;uzasadnionych przypadkach nale\u017cy poprosi\u0107 duszpasterza o&nbsp;indywidualne przygotowanie. Czas przygotowania zale\u017cy od cz\u0119stotliwo\u015bci spotka\u0144 i od dojrza\u0142o\u015bci wiary kandydata. Na podstawie skierowania od ksi\u0119dza przygotowuj\u0105cego, bierzmowanie przyjmuje si\u0119&nbsp;w&nbsp;wyznaczonej parafii lub archikatedrze.<\/p>\n<p style=\"text-align: justify;\">Od 15 listopada 1998 roku obowi\u0105zuje w Polsce tzw. umowa konkordatowa zawarta pomi\u0119dzy Rzeczpospolit\u0105 Polsk\u0105 a Stolic\u0105 Apostolsk\u0105. Zgodnie z t\u0105 ustaw\u0105 wszystkie osoby wyznania rzymsko-katolickiego maj\u0105 mo\u017cliwo\u015b\u0107 zawierania tylko jednego \u015blubu \u2013 \u201ekonkordatowego\u201d. Dwie oddzielnie ceremonie \u015blubne w ko\u015bciele i Urz\u0119dzie Stanu Cywilnego nie s\u0105 ju\u017c konieczne, nale\u017cy jednak pami\u0119ta\u0107 o&nbsp;wype\u0142nieniu w odpowiednim czasie formalno\u015bci w USC.<\/p>\n<p style=\"text-align: justify;\">Z Urz\u0119du Stanu Cywilnego nale\u017cy wzi\u0105\u0107 za\u015bwiadczenie stwierdzaj\u0105ce brak okoliczno\u015bci wykluczaj\u0105cych zawarcie ma\u0142\u017ce\u0144stwa z prawa cywilnego. Za\u015bwiadczenie to nie mo\u017ce straci\u0107 wa\u017cno\u015bci przed wyznaczon\u0105 dat\u0105 \u015blubu. Nawet jeden dzie\u0144 przekroczenia uniemo\u017cliwia jego wykorzystanie.<\/p>\n<ol style=\"text-align: justify;\" start=\"3\">\n<li><strong>Katechizacja przed\u015blubna, poradnia<\/strong><\/li>\n<\/ol>\n<p style=\"text-align: justify;\">Spotkania w poradni rodzinnej powinny rozpocz\u0105\u0107 si\u0119&nbsp;<strong>najp\u00f3\u017aniej<\/strong>&nbsp;na 3&nbsp;miesi\u0105ce przed planowan\u0105 dat\u0105 \u015blubu. Sk\u0142adaj\u0105 si\u0119 z konferencji g\u0142oszonych w odst\u0119pach miesi\u0119cznych i spotka\u0144 indywidualnych. Wyst\u0119puj\u0105 te\u017c w formie dni skupienia (sobota i niedziela) w rozmaitych o\u015brodkach rekolekcyjnych.<\/p>\n<ol style=\"text-align: justify;\" start=\"4\">\n<li><strong>Zapowiedzi<\/strong><\/li>\n<\/ol>\n<p style=\"text-align: justify;\">Po spisaniu protoko\u0142u, przez dwie kolejne niedziele, g\u0142oszone s\u0105 zapowiedzi z ambony. Je\u017celi narzeczeni s\u0105 z r\u00f3\u017cnych parafii, zapowiedzi musz\u0105 by\u0107 wyg\u0142oszone w obu. Ksi\u0105dz spisuj\u0105cy protok\u00f3\u0142 wydaje w\u00f3wczas dokument polecaj\u0105cy wyg\u0142oszenie zapowiedzi. Narzeczeni we w\u0142asnym zakresie dostarczaj\u0105 go do w\u0142a\u015bciwej parafii. Fakt wyg\u0142oszenia zapowiedzi musi by\u0107 potwierdzony na tym za\u015bwiadczeniu, kt\u00f3re nast\u0119pnie nale\u017cy dostarczy\u0107 do kancelarii parafii, w&nbsp;kt\u00f3rej za\u0142atwiane s\u0105 formalno\u015bci przed\u015blubne.<\/p>\n<ol style=\"text-align: justify;\" start=\"5\">\n<li><strong>Spowied\u017a<\/strong><\/li>\n<\/ol>\n<p style=\"text-align: justify;\">Pierwsz\u0105 spowied\u017a przed\u015blubn\u0105 dobrze jest odby\u0107 po spisaniu protoko\u0142u. Powinna mie\u0107 potwierdzenie spowiednika na specjalnym formularzu (nie mog\u0105 jej odby\u0107 narzeczeni \u017cyj\u0105cy w konkubinacie).<\/p>\n<p style=\"text-align: justify;\">Dzie\u0144 lub dwa przed \u015blubem nale\u017cy odby\u0107 drug\u0105 spowied\u017a \u2013 r\u00f3wnie\u017c z&nbsp;potwierdzeniem od&nbsp;spowiednika. Przyst\u0119puj\u0105c do spowiedzi nale\u017cy poinformowa\u0107 kap\u0142ana, \u017ce jest to 1-sza lub 2-ga spowied\u017a przed\u015blubna.<\/p>\n<ol style=\"text-align: justify;\" start=\"6\">\n<li><strong>Pozosta\u0142e bardzo wa\u017cne informacje:<\/strong><\/li>\n<\/ol>\n<p style=\"text-align: justify;\">Z proboszczem i organist\u0105 uzgadnia si\u0119 opraw\u0119 muzyczn\u0105.<\/p>\n<p style=\"text-align: justify;\">W dniu \u015blubu nale\u017cy przyjecha\u0107 do ko\u015bcio\u0142a oko\u0142o 15 minut przed uroczysto\u015bci\u0105.&nbsp;\u015awiadkowie (pe\u0142noletni) zg\u0142aszaj\u0105 si\u0119 do zakrystii z obr\u0105czkami, kt\u00f3re przekazuj\u0105 kap\u0142anowi. Przynosz\u0105 r\u00f3wnie\u017c za\u015bwiadczenia o spowiedzi narzeczonych. Wtedy te\u017c narzeczeni wobec dw\u00f3ch \u015bwiadk\u00f3w i&nbsp;duchownego sk\u0142adaj\u0105 o\u015bwiadczenie woli, przed rozpocz\u0119ciem obrz\u0119du w ko\u015bciele. Potwierdzaj\u0105 tym samym wol\u0119 zawarcia ma\u0142\u017ce\u0144stwa, To samo czyni\u0105 \u015bwiadkowie i kap\u0142an asystuj\u0105cy przy zawieraniu sakramentu.<\/p>\n<p style=\"text-align: justify;\">Wykonywanie zdj\u0119\u0107, nagrywanie i filmowanie powinno by\u0107 ustalone wcze\u015bniej z kap\u0142anem b\u0142ogos\u0142awi\u0105cym dany zwi\u0105zek ma\u0142\u017ce\u0144ski. \u017byczenia powinno si\u0119 przyjmowa\u0107&nbsp;<strong>nie w ko\u015bciele&nbsp;<\/strong>a przed ko\u015bcio\u0142em&nbsp;<strong>(unikaj\u0105c rozsypywania czegokolwiek, co za\u015bmieca\u0142oby obej\u015bcie ko\u015bcio\u0142a) lub w innym miejscu.<\/strong>&nbsp;Je\u017celi \u017cyczenia s\u0105 przyjmowane przed ko\u015bcio\u0142em nale\u017cy dopilnowa\u0107, aby nie zak\u0142\u00f3ca\u0107 uroczysto\u015bci nast\u0119pnej pary przyjmuj\u0105cej sakrament ma\u0142\u017ce\u0144stwa.&nbsp;&nbsp;&nbsp;&nbsp;&nbsp;&nbsp;&nbsp;&nbsp;&nbsp;&nbsp;&nbsp;<\/p>\n<p style=\"text-align: justify;\"><strong>7. Po \u015blubie<\/strong><\/p>\n<p style=\"text-align: justify;\">Pi\u0119knym zwyczajem jest podzi\u0119kowanie wszystkim, kt\u00f3rym wdzi\u0119czni jeste\u015bmy za wsp\u00f3lne \u015bwi\u0119towanie:&nbsp;<strong>Panu Bogu, Matce Naj\u015bwi\u0119tszej (przez modlitw\u0119 i z\u0142o\u017cenie bukietu na jej o\u0142tarzu)<\/strong>.<\/p>\n","protected":false},"excerpt":{"rendered":"<p>Ma\u0142\u017ce\u0144stwo to w zamy\u015ble Boga zwi\u0105zek kobiety i m\u0119\u017cczyzny. Zwi\u0105zek ten jest nierozerwalny. Do sakramentu tego trzeba si\u0119 nale\u017cycie przygotowa\u0107. &nbsp; Oto kilka rad praktycznych: Ustalenie i zarezerwowanie terminu&nbsp;w kancelarii. Wed\u0142ug tradycji \u015blub ko\u015bcielny zawierany jest w parafii Panny M\u0142odej. W przypadku zmiany terminu nale\u017cy o tym powiadomi\u0107, by nie blokowa\u0107 miejsca innym.&nbsp;&nbsp; Protok\u00f3\u0142 przed\u015blubny &hellip; <a href=\"https:\/\/lukowe.przemyska.pl\/index.php\/parafia\/duszpasterstwo\/malzenstwo\/\" class=\"more-link\">Czytaj dalej<span class=\"screen-reader-text\"> \u201eMa\u0142\u017ce\u0144stwo\u201d<\/span><\/a><\/p>\n","protected":false},"author":1,"featured_media":0,"parent":183,"menu_order":3,"comment_status":"closed","ping_status":"closed","template":"","meta":{"ngg_post_thumbnail":0,"footnotes":""},"class_list":["post-199","page","type-page","status-publish","hentry"],"_links":{"self":[{"href":"https:\/\/lukowe.przemyska.pl\/index.php\/wp-json\/wp\/v2\/pages\/199","targetHints":{"allow":["GET"]}}],"collection":[{"href":"https:\/\/lukowe.przemyska.pl\/index.php\/wp-json\/wp\/v2\/pages"}],"about":[{"href":"https:\/\/lukowe.przemyska.pl\/index.php\/wp-json\/wp\/v2\/types\/page"}],"author":[{"embeddable":true,"href":"https:\/\/lukowe.przemyska.pl\/index.php\/wp-json\/wp\/v2\/users\/1"}],"replies":[{"embeddable":true,"href":"https:\/\/lukowe.przemyska.pl\/index.php\/wp-json\/wp\/v2\/comments?post=199"}],"version-history":[{"count":4,"href":"https:\/\/lukowe.przemyska.pl\/index.php\/wp-json\/wp\/v2\/pages\/199\/revisions"}],"predecessor-version":[{"id":204,"href":"https:\/\/lukowe.przemyska.pl\/index.php\/wp-json\/wp\/v2\/pages\/199\/revisions\/204"}],"up":[{"embeddable":true,"href":"https:\/\/lukowe.przemyska.pl\/index.php\/wp-json\/wp\/v2\/pages\/183"}],"wp:attachment":[{"href":"https:\/\/lukowe.przemyska.pl\/index.php\/wp-json\/wp\/v2\/media?parent=199"}],"curies":[{"name":"wp","href":"https:\/\/api.w.org\/{rel}","templated":true}]}}