{"id":181,"date":"2021-02-10T21:12:56","date_gmt":"2021-02-10T20:12:56","guid":{"rendered":"https:\/\/lukowe.przemyska.pl\/?page_id=181"},"modified":"2026-03-05T22:39:58","modified_gmt":"2026-03-05T21:39:58","slug":"historia","status":"publish","type":"page","link":"https:\/\/lukowe.przemyska.pl\/index.php\/parafia\/historia\/","title":{"rendered":"Historia parafii i duszpasterze"},"content":{"rendered":"<blockquote>\n<p style=\"text-align: center;\"><span style=\"font-family: book antiqua, palatino, serif;\"><strong><span style=\"font-size: 18pt;\"><span style=\"color: #000000;\">Kr\u00f3tka historia naszej wsp\u00f3lnoty<\/span><\/span><\/strong><\/span><\/p>\n<\/blockquote>\n<p style=\"text-align: justify;\"><span style=\"color: #000000; font-family: 'comic sans ms', sans-serif;\"><span style=\"font-family: book antiqua, palatino, serif; font-size: 14pt;\">Rzymskokatolicka Parafia w \u0141ukowem jest stosunkowo m\u0142od\u0105 parafi\u0105. Ludno\u015b\u0107 tutejsza osiedli\u0142a si\u0119 w tym pi\u0119knym zak\u0105tku naszej Ojczyzny, po II wojnie \u015bwiatowej, po przesiedleniach akcji Wis\u0142a. Parafia nasza wydzielona zosta\u0142a z Tarnawy G\u00f3rnej i erygowana 15 grudnia 1970 roku, jako samodzielna jednostka. Ko\u015bci\u00f3\u0142 parafialny, to dawna cerkiew greckokatolicka z 1828 r. pw. \u015bw. Dymitra, kt\u00f3ra od powstania parafii rzymskokatolickiej, jest pod wezwaniem NMP Kr\u00f3lowej Polski.<\/span><\/span><\/p>\n<p><img loading=\"lazy\" decoding=\"async\" class=\"size-medium wp-image-3120 aligncenter\" src=\"https:\/\/lukowe.przemyska.pl\/wp-content\/uploads\/2026\/01\/Lukowe_cerkiew_sw._Dymitra_HB1-1-300x204.jpg\" alt=\"\" width=\"300\" height=\"204\" srcset=\"https:\/\/lukowe.przemyska.pl\/wp-content\/uploads\/2026\/01\/Lukowe_cerkiew_sw._Dymitra_HB1-1-300x204.jpg 300w, https:\/\/lukowe.przemyska.pl\/wp-content\/uploads\/2026\/01\/Lukowe_cerkiew_sw._Dymitra_HB1-1-768x522.jpg 768w, https:\/\/lukowe.przemyska.pl\/wp-content\/uploads\/2026\/01\/Lukowe_cerkiew_sw._Dymitra_HB1-1.jpg 800w\" sizes=\"auto, (max-width: 300px) 85vw, 300px\" \/><\/p>\n<p>&nbsp;<\/p>\n<p style=\"text-align: justify;\"><span style=\"color: #000000; font-family: 'comic sans ms', sans-serif;\"><span style=\"font-family: book antiqua, palatino, serif; font-size: 14pt;\">Pierwszym proboszczem rzymskokatolickim, na mocy dekretu Arcybiskupa Ignacego Tokarczuka zosta\u0142 mianowany <strong>ks. J\u00f3zef Konefa\u0142.<\/strong> <img loading=\"lazy\" decoding=\"async\" class=\"size-medium wp-image-3286 alignleft\" src=\"https:\/\/lukowe.przemyska.pl\/wp-content\/uploads\/2026\/03\/Konefal-300x225.jpg\" alt=\"\" width=\"300\" height=\"225\" srcset=\"https:\/\/lukowe.przemyska.pl\/wp-content\/uploads\/2026\/03\/Konefal-300x225.jpg 300w, https:\/\/lukowe.przemyska.pl\/wp-content\/uploads\/2026\/03\/Konefal.jpg 653w\" sizes=\"auto, (max-width: 300px) 85vw, 300px\" \/>Zamieszkiwa\u0142 on pocz\u0105tkowo w domach prywatnych u rodzin z \u0141ukowego i organizowa\u0142 struktury nowopowsta\u0142ej parafii. W 1971 roku w ko\u015bciele wybudowano ch\u00f3r i umieszczona na nim podarowane z Przysietnicy organy. Nast\u0119pnie zbudowano o\u0142tarz, ambonk\u0119, wymieniono zniszczone okna i drzwi. 4 czerwca 1974 roku, mia\u0142a miejsce wizytacja biskupia. Parafi\u0119 odwiedzi\u0142 Biskup Stanis\u0142aw Jakiel, kt\u00f3ry po\u015bwieci\u0142 dwa nowe dzwony: &#8222;Maryja&#8221; i &#8222;J\u00f3zef&#8221;. Z czasem wykonano do ko\u015bcio\u0142a \u0142awki i konfesjona\u0142y oraz pomalowano \u015bwi\u0105tyni\u0119 wewn\u0105trz. 3 maja 1978 roku dziekan dekanatu Sanok &#8211; Wsch\u00f3d Ks. Adam Sudo\u0142 po\u015bwi\u0119ci\u0142 nowowybudowan\u0105 plebani\u0119. Ks. J\u00f3zef Konefa\u0142, pe\u0142ni\u0142 funkcje proboszcza w \u0141ukowem do 1978 roku. Od 1978 do 2010 by\u0142 proboszczem w parafii pw. \u015bw. Miko\u0142aja w Starym Dzikowcu. Zmar\u0142 7 marca 2025. <\/span><\/span><\/p>\n<p style=\"text-align: justify;\"><span style=\"color: #000000; font-family: 'comic sans ms', sans-serif;\"><span style=\"font-family: book antiqua, palatino, serif; font-size: 14pt;\">Drugim proboszczem naszej wsp\u00f3lnoty by\u0142 <strong>ks. Zygmunt Trojnar.<\/strong> Ks. Zygmunt, pe\u0142ni\u0142 funkcj\u0119 proboszcza w \u0141ukowem, oraz wyk\u0142adowcy j\u0119zyka \u0142aci\u0144skiego w Wy\u017cszym Seminarium Duchownym w Przemy\u015blu. 4 maja 1980 <\/span><\/span><span style=\"color: #000000; font-family: 'comic sans ms', sans-serif;\"><span style=\"font-family: book antiqua, palatino, serif; font-size: 14pt;\"><img loading=\"lazy\" decoding=\"async\" class=\"size-full wp-image-3287 alignleft\" src=\"https:\/\/lukowe.przemyska.pl\/wp-content\/uploads\/2026\/03\/ks_Trojnar300.jpg\" alt=\"\" width=\"300\" height=\"197\">mia\u0142a miejsce wizytajcja kanoniczna. Do parafii przyby\u0142 Biskub Boles\u0142aw Taborski. W czasie pos\u0142ugi Ks. Zygmunta Trojnara, zosta\u0142 wybudowany i po\u015bwi\u0119cony ko\u015bci\u00f3\u0142 filialny w \u015arednim Wielkim pw. Matki Bo\u017cej R\u00f3\u017ca\u0144cowej. Po\u015bwi\u0119cenia dokona\u0142 Biskup Boles\u0142aw Taborski 13 pa\u017adziernika 1985 roku. Po 16 latach duszpasterzowania w \u0141ukowem, Ks Zygmunt Trojnar, obj\u0105\u0142 obowi\u0105zki proboszcza w parafii pw. \u015bw. Marcina w Przysietnicy. Zmar\u0142 5 lutego 2018 roku.&nbsp;<\/span><\/span><\/p>\n<p><img loading=\"lazy\" decoding=\"async\" class=\"size-medium wp-image-3289 alignleft\" src=\"https:\/\/lukowe.przemyska.pl\/wp-content\/uploads\/2026\/03\/E1Yi2BYe-151x300.jpg\" alt=\"\" width=\"151\" height=\"300\" srcset=\"https:\/\/lukowe.przemyska.pl\/wp-content\/uploads\/2026\/03\/E1Yi2BYe-151x300.jpg 151w, https:\/\/lukowe.przemyska.pl\/wp-content\/uploads\/2026\/03\/E1Yi2BYe-514x1024.jpg 514w, https:\/\/lukowe.przemyska.pl\/wp-content\/uploads\/2026\/03\/E1Yi2BYe.jpg 683w\" sizes=\"auto, (max-width: 151px) 85vw, 151px\" \/><\/p>\n<p style=\"text-align: justify;\"><span style=\"font-size: 14pt;\"><span style=\"font-family: book antiqua, palatino, serif;\">Trzecim proboszczem w \u0141ukowem od 7 sierpnia 1994 roku zosta\u0142 <\/span><span style=\"color: #000000; font-family: book antiqua, palatino, serif;\"><strong>ks. Wojciech Frankiewicz. <\/strong>3 pa\u017adziernika rozpocz\u0119\u0142o si\u0119 nawiedzenie rodzin przez obraz Mi\u0142osierdzia Bo\u017cego. 16 grudnia 1995 roku mia\u0142a miejsce uroczysto\u015b\u0107 z okazji 25. lecia powstania parafii pw. NMP Kr\u00f3lowej Polski w \u0141ukowem. Uroczystej sumie przewodniczy\u0142 Ks. Zygnunt Trojnar &#8211; poprzedni proboszcz \u0141ukowego. 22 stycznia 1996 roku rozpocz\u0119\u0142a si\u0119 w parafii w \u0141ukowem peregrynacja figury MB z Fatimy. 24 wrze\u015bnia 1996 roku mia\u0142a miejsce wizytacja kanoniczna parafii przeprowadzona przez Arcybiskupa J\u00f3zefa Michalika po\u0142\u0105czona z udzieleniem sakramentu bierzmowania naszej m\u0142odzie\u017cy. Od 19 czerwca 2001 roku mia\u0142y miejsce misje parafialne, a rok p\u00f3\u017aniej od 27 kwietnia renowacja misji \u015bwi\u0119tych. 25 maja 2009 roku mia\u0142a miejsce wizytacja kanoniczna parafii, kt\u00f3r\u0105 przeprowadzi\u0142 Biskup Stefan Moskwa. <\/span><\/span><span style=\"font-family: book antiqua, palatino, serif; font-size: 14pt;\">Po 9 latach duszpasterzowania, Ks. Wojciech Frankiewicz, zosta\u0142 przeniesiony do parafii Ostr\u00f3w ko\u0142o Przeworska. Zmar\u0142 1 sierpnia 2016 roku. <\/span><\/p>\n<p style=\"text-align: justify;\"><span style=\"font-family: book antiqua, palatino, serif; font-size: 14pt;\"><img loading=\"lazy\" decoding=\"async\" class=\"size-medium wp-image-3290 alignleft\" src=\"https:\/\/lukowe.przemyska.pl\/wp-content\/uploads\/2026\/03\/nBYZLy0A-162x300.jpg\" alt=\"\" width=\"162\" height=\"300\" srcset=\"https:\/\/lukowe.przemyska.pl\/wp-content\/uploads\/2026\/03\/nBYZLy0A-162x300.jpg 162w, https:\/\/lukowe.przemyska.pl\/wp-content\/uploads\/2026\/03\/nBYZLy0A-552x1024.jpg 552w, https:\/\/lukowe.przemyska.pl\/wp-content\/uploads\/2026\/03\/nBYZLy0A-768x1424.jpg 768w, https:\/\/lukowe.przemyska.pl\/wp-content\/uploads\/2026\/03\/nBYZLy0A.jpg 784w\" sizes=\"auto, (max-width: 162px) 85vw, 162px\" \/>Czwartym proboszczem parafii w \u0141ukowem, zosta\u0142 mianowany z dniem 30 czerwca 2003 roku<strong> K<\/strong><\/span><span style=\"color: #000000; font-family: book antiqua, palatino, serif; font-size: 14pt;\"><strong>s. Zbigniew \u0141uc.<\/strong> W dniach od 11-12 lipca 2003 roku, mia\u0142a miejsce uroczysto\u015b\u0107 Nawiedzenia parafii przez Matk\u0119 Bo\u017c\u0105 w Ikonie Kopii Jasnog\u00f3rskiego Wizerunku. Uroczysto\u015bciom przewodniczy\u0142 Biskup Stefan Moskwa. 17 grudnia 2005 roku, parafia celebrowa\u0142a uroczysto\u015b\u0107 35. lecia od jej powstania. Uroczystej Mszy \u015bw. przewodniczy\u0142 Arcybiskup Adam Szal. Kolejna wizytacja kanoniczna parafii, mia\u0142a miejsce 14 maja 2008 roku. Przeprowadzi\u0142 j\u0105 Arcybiskup Adam Szal. 22 lipca 2009 roku zosta\u0142 po\u015bwi\u0119cony krzy\u017c &#8211; wotum za dar powo\u0142a\u0144 kap\u0142a\u0144skich i zakonnych z parafii. Krzy\u017c stan\u0105\u0142 na wzniesieniu nazwanym &#8222;G\u00f3ra Mi\u0142osierdzia&#8221;. 16 maja 2010 roku powsta\u0142 parafialny oddzia\u0142 Akcji Katolickiej w \u0141ukowem. 17 pa\u017adziernika 2010 roku \u015bwi\u0119towali\u015bmy 25. rocznic\u0119 po\u015bwi\u0119cenia ko\u015bcio\u0142a w \u015arednim Wielkim. 19 grudnia 2010 roku, mia\u0142y miejsce uroczysto\u015bci zwiazane z 40. rocznic\u0105 powstania rzymskokatolickiej parafii w \u0141ukowem. 24 sierpnia 2013 roku swoj\u0105 pos\u0142ug\u0119 w parafii zako\u0144czy\u0142 ks. Zbigniew \u0141uc.&nbsp;<\/span><\/p>\n<p style=\"text-align: justify;\"><span style=\"font-size: 14pt; font-family: book antiqua, palatino, serif;\"><img loading=\"lazy\" decoding=\"async\" class=\"size-medium wp-image-3292 alignleft\" src=\"https:\/\/lukowe.przemyska.pl\/wp-content\/uploads\/2026\/03\/SLUZBA-KOSCIELNA-I-PROBOSZCZ-3-280x300.jpg\" alt=\"\" width=\"280\" height=\"300\" srcset=\"https:\/\/lukowe.przemyska.pl\/wp-content\/uploads\/2026\/03\/SLUZBA-KOSCIELNA-I-PROBOSZCZ-3-280x300.jpg 280w, https:\/\/lukowe.przemyska.pl\/wp-content\/uploads\/2026\/03\/SLUZBA-KOSCIELNA-I-PROBOSZCZ-3.jpg 366w\" sizes=\"auto, (max-width: 280px) 85vw, 280px\" \/>Pi\u0105tym proboszczem zosta\u0142 mianowany <strong>Ks. Piotr Sobczyk<\/strong> &#8211; dziekan Dekanatu Rzepedzkiego. W czasie jego proboszczowania wykonano wiele prac przy ko\u015bcio\u0142ach i budynku plebanii. Z wi\u0119kszych prac nale\u017cy wspomnie\u0107 wymian\u0119 dachu na obu \u015bwi\u0105tyniach, plebanii i budynku gospodarczego, remont dzwonnicy, wykonanie niezb\u0119dnej izolacji, wyposa\u017cenie ko\u015bcio\u0142\u00f3w, oraz wiele inicjatyw duchowych zwiazanych z \u017cyciem parafialnym. 3 maja 2014 roku mia\u0142a miejsce wizytajca kanoniczna parafii. Przeprowadzi\u0142 j\u0105 Biskup Stanis\u0142aw Jamrozek. Od 3-9 pa\u017adziernika 2015 roku, prze\u017cywali\u015bmy misje \u015bwi\u0119te. 1 kwietnia 2019 Arcybiskup Adam Szal, przeprowadzi\u0142 wizytajc\u0119 kanoniczn\u0105 i udzieli\u0142 m\u0142odzie\u017cy sakramentu bierzmowania.&nbsp;<\/span><\/p>\n<p style=\"text-align: justify;\"><span style=\"font-family: book antiqua, palatino, serif; font-size: 14pt;\"><img loading=\"lazy\" decoding=\"async\" class=\"size-medium wp-image-3300 alignleft\" src=\"https:\/\/lukowe.przemyska.pl\/wp-content\/uploads\/2026\/03\/516698140_30355579710755300_8684834496406097737_n-3-257x300.jpg\" alt=\"\" width=\"257\" height=\"300\" srcset=\"https:\/\/lukowe.przemyska.pl\/wp-content\/uploads\/2026\/03\/516698140_30355579710755300_8684834496406097737_n-3-257x300.jpg 257w, https:\/\/lukowe.przemyska.pl\/wp-content\/uploads\/2026\/03\/516698140_30355579710755300_8684834496406097737_n-3-878x1024.jpg 878w, https:\/\/lukowe.przemyska.pl\/wp-content\/uploads\/2026\/03\/516698140_30355579710755300_8684834496406097737_n-3-768x896.jpg 768w, https:\/\/lukowe.przemyska.pl\/wp-content\/uploads\/2026\/03\/516698140_30355579710755300_8684834496406097737_n-3.jpg 884w\" sizes=\"auto, (max-width: 257px) 85vw, 257px\" \/>Od 24 sierpnia 2025 roku, sz\u00f3stym proboszczem parafii zosta\u0142<strong> Ks. Mariusz \u015aliwa.<\/strong> W sierpniu 2025 roku, zosta\u0142y otynkowane, po wcze\u015bniejszym osuszeniu, a we wrze\u015bniu pomalowane do wysoko\u015bci 1,5 metra \u015bciany wewn\u0119trzne ko\u015bcio\u0142a. 19 pa\u017adziernika 2025 roku, w \u015arednim Wielkim, mia\u0142a miejsce uroczysto\u015b\u0107 40. lecia po\u015bwi\u0119cenia ko\u015bcio\u0142a dojazdowego pw. Matki Bo\u017cej R\u00f3\u017ca\u0144cowej. <img loading=\"lazy\" decoding=\"async\" class=\"size-medium wp-image-3271 alignright\" src=\"https:\/\/lukowe.przemyska.pl\/wp-content\/uploads\/2026\/03\/C442OPEY-300x225.jpg\" alt=\"\" width=\"300\" height=\"225\" srcset=\"https:\/\/lukowe.przemyska.pl\/wp-content\/uploads\/2026\/03\/C442OPEY-300x225.jpg 300w, https:\/\/lukowe.przemyska.pl\/wp-content\/uploads\/2026\/03\/C442OPEY-1024x768.jpg 1024w, https:\/\/lukowe.przemyska.pl\/wp-content\/uploads\/2026\/03\/C442OPEY-768x576.jpg 768w, https:\/\/lukowe.przemyska.pl\/wp-content\/uploads\/2026\/03\/C442OPEY-1536x1152.jpg 1536w, https:\/\/lukowe.przemyska.pl\/wp-content\/uploads\/2026\/03\/C442OPEY-1200x900.jpg 1200w, https:\/\/lukowe.przemyska.pl\/wp-content\/uploads\/2026\/03\/C442OPEY.jpg 2048w\" sizes=\"auto, (max-width: 300px) 85vw, 300px\" \/>Uroczysto\u015bciom przewodniczy\u0142 Arcybiskup Adam Szal. W grudniu 2025 roku doko\u0144czono budow\u0119 ogrodzenia wok\u00f3\u0142 budynku plebanii. W planach na 2026 rok, jest jeszcze instalacja ogrzewania i malowanie \u015bcian wewn\u0119trznych ko\u015bcio\u0142a.<\/span><\/p>\n<hr>\n<p style=\"text-align: justify;\"><span style=\"color: #000000; font-family: book antiqua, palatino, serif; font-size: 14pt;\"><img loading=\"lazy\" decoding=\"async\" class=\"size-medium wp-image-3267 alignright\" src=\"https:\/\/lukowe.przemyska.pl\/wp-content\/uploads\/2026\/03\/luty-300x286.jpg\" alt=\"\" width=\"300\" height=\"286\" srcset=\"https:\/\/lukowe.przemyska.pl\/wp-content\/uploads\/2026\/03\/luty-300x286.jpg 300w, https:\/\/lukowe.przemyska.pl\/wp-content\/uploads\/2026\/03\/luty-1024x978.jpg 1024w, https:\/\/lukowe.przemyska.pl\/wp-content\/uploads\/2026\/03\/luty-768x733.jpg 768w, https:\/\/lukowe.przemyska.pl\/wp-content\/uploads\/2026\/03\/luty.jpg 1194w\" sizes=\"auto, (max-width: 300px) 85vw, 300px\" \/><\/span><\/p>\n<p style=\"text-align: justify;\"><strong><span style=\"color: #000000; font-family: book antiqua, palatino, serif; font-size: 14pt;\">Z parafii naszej pochodzi czterech kap\u0142an\u00f3w:&nbsp; <\/span><\/strong><\/p>\n<p>Ks. Robert Imbierowicz<\/p>\n<p>O. Bogdan Kl\u00f3ska<\/p>\n<p>Ks. Zbigniew Mackiewicz<\/p>\n<p>Ks. \u0141ukasz Mroczek<\/p>\n<p style=\"text-align: justify;\"><strong><span style=\"color: #000000; font-family: book antiqua, palatino, serif; font-size: 14pt;\">i siedem si\u00f3str zakonnych:&nbsp;<\/span><\/strong><\/p>\n<p>S. Barbara Izdebska<\/p>\n<p>S. Rafaela Kabala<\/p>\n<p><span style=\"color: #000000;\">S. Zofia Kabala&nbsp;<\/span><\/p>\n<p><span style=\"color: #000000;\">S. Maria Teresa Marcinik<\/span><\/p>\n<p><span style=\"color: #000000;\">S. Michalina Str\u00f3\u017cak&nbsp;<\/span><\/p>\n<p><span style=\"color: #000000;\">S. Krystyna \u015alusarczyk<\/span><\/p>\n<p><span style=\"color: #000000;\">S. Beata Kula&nbsp;<\/span><\/p>\n<hr>\n<blockquote><p>Kr\u00f3tka historia przedwojennej parafii greckokatolickiej \u015bw. Dymitra w \u0141ukowem<\/p><\/blockquote>\n<p style=\"text-align: justify;\">Pierwsza cerkiew greckokatolicka w \u0141ukowem by\u0142a wzmiankowana w 1761. Prawdopodobnie by\u0142a to budowla drewniana. Kolejn\u0105, murowan\u0105, wzniesiono z inicjatywy rodziny Truskolaskich, \u00f3wczesnych w\u0142a\u015bcicieli wsi, w 1828 roku. W 1864 roku we wn\u0119trzu obiektu pojawi\u0142 si\u0119 nowy o\u0142tarz i ikonostas. Nast\u0119pnie cerkiew by\u0142a odnawiana w latach 1900 \u2013 1903 za proboszcza Ks. Antoniego Barnowicza, a po\u015bwi\u0119cenia dokona\u0142 Biskup Konstantyn Czechowycz z Przemysla dnia 13 czerwca 1903 roku. Kolejny remont cerkwi by\u0142 przeprowadzony w 1927 roku. &nbsp;<\/p>\n<p><img loading=\"lazy\" decoding=\"async\" class=\"alignnone size-medium wp-image-3262\" src=\"https:\/\/lukowe.przemyska.pl\/wp-content\/uploads\/2026\/03\/cerkiew-cyfrowe-archiwum-jerzego-tura-i-barbary-tondos-211x300.jpg\" alt=\"\" width=\"211\" height=\"300\" srcset=\"https:\/\/lukowe.przemyska.pl\/wp-content\/uploads\/2026\/03\/cerkiew-cyfrowe-archiwum-jerzego-tura-i-barbary-tondos-211x300.jpg 211w, https:\/\/lukowe.przemyska.pl\/wp-content\/uploads\/2026\/03\/cerkiew-cyfrowe-archiwum-jerzego-tura-i-barbary-tondos.jpg 548w\" sizes=\"auto, (max-width: 211px) 85vw, 211px\" \/><img loading=\"lazy\" decoding=\"async\" class=\"alignnone size-medium wp-image-3263\" src=\"https:\/\/lukowe.przemyska.pl\/wp-content\/uploads\/2026\/03\/Cerkiew-listopad-1978-2-300x258.jpg\" alt=\"\" width=\"300\" height=\"258\" srcset=\"https:\/\/lukowe.przemyska.pl\/wp-content\/uploads\/2026\/03\/Cerkiew-listopad-1978-2-300x258.jpg 300w, https:\/\/lukowe.przemyska.pl\/wp-content\/uploads\/2026\/03\/Cerkiew-listopad-1978-2-768x661.jpg 768w, https:\/\/lukowe.przemyska.pl\/wp-content\/uploads\/2026\/03\/Cerkiew-listopad-1978-2.jpg 872w\" sizes=\"auto, (max-width: 300px) 85vw, 300px\" \/><img loading=\"lazy\" decoding=\"async\" class=\"alignnone size-medium wp-image-3264\" src=\"https:\/\/lukowe.przemyska.pl\/wp-content\/uploads\/2026\/03\/Cerkiew-listopad-1978-202x300.jpg\" alt=\"\" width=\"202\" height=\"300\" srcset=\"https:\/\/lukowe.przemyska.pl\/wp-content\/uploads\/2026\/03\/Cerkiew-listopad-1978-202x300.jpg 202w, https:\/\/lukowe.przemyska.pl\/wp-content\/uploads\/2026\/03\/Cerkiew-listopad-1978.jpg 647w\" sizes=\"auto, (max-width: 202px) 85vw, 202px\" \/><\/p>\n<p style=\"text-align: justify;\">Dzwonnica cerkiewna, jest r\u00f3wnocze\u015bnie bram\u0105 wjazdow\u0105 na teren cerkwi. Obok budynku znajdowa\u0142 si\u0119 greckokatolicki cmentarz, po kt\u00f3rym pozosta\u0142o jedynie odnowione ogrodzenie.<\/p>\n<p style=\"text-align: justify;\">Greckokatolicka parafia \u0141ukowe do 1921 roku, nale\u017ca\u0142a do dekanatu Olchowa, a p\u00f3\u017aniej do dekanatu Lesko.<\/p>\n<p><img loading=\"lazy\" decoding=\"async\" class=\"size-medium wp-image-3265 aligncenter\" src=\"https:\/\/lukowe.przemyska.pl\/wp-content\/uploads\/2026\/03\/645447767_2004695953806064_3706977205201926420_n-300x200.jpg\" alt=\"\" width=\"300\" height=\"200\" srcset=\"https:\/\/lukowe.przemyska.pl\/wp-content\/uploads\/2026\/03\/645447767_2004695953806064_3706977205201926420_n-300x200.jpg 300w, https:\/\/lukowe.przemyska.pl\/wp-content\/uploads\/2026\/03\/645447767_2004695953806064_3706977205201926420_n-1024x683.jpg 1024w, https:\/\/lukowe.przemyska.pl\/wp-content\/uploads\/2026\/03\/645447767_2004695953806064_3706977205201926420_n-768x512.jpg 768w, https:\/\/lukowe.przemyska.pl\/wp-content\/uploads\/2026\/03\/645447767_2004695953806064_3706977205201926420_n-1200x800.jpg 1200w, https:\/\/lukowe.przemyska.pl\/wp-content\/uploads\/2026\/03\/645447767_2004695953806064_3706977205201926420_n.jpg 1536w\" sizes=\"auto, (max-width: 300px) 85vw, 300px\" \/><\/p>\n<p>Schematyzm greckokatolicki wymienia nast\u0119puj\u0105cych proboszcz\u00f3w:<\/p>\n<ol>\n<li>&nbsp;ks. Mychaj\u0142o Karpi\u0144ski &#8211; (1828)-1860, proboszcz, dziekan 1833-1860. Pochowany w \u0141ukowem<\/li>\n<li>ks.&nbsp;Iwan Walnicki 1860-1862 administrator<\/li>\n<li>ks.&nbsp;Teodor \u0141apyczak 1862-1876, proboszcz, pochowany w \u0141ukowem<\/li>\n<li>ks. Jakym Sawczyn 1877-1886, proboszcz<\/li>\n<li>ks. Seweryn Tuczmanowycz 1886-1892, proboszcz<\/li>\n<li>ks. Wo\u0142odymyr Kobzdaj 1902-1903 administrator<\/li>\n<li>ks. Antin Barnowycz 1893-1912, proboszcz pochowany w \u0141ukowem<\/li>\n<li>ks.&nbsp;Josyf Fedoro\u0144ko 1912-1913, administrator<\/li>\n<li>ks.&nbsp;Wiktor Konczy\u0142o 1913-1946, proboszcz<\/li>\n<\/ol>\n<p>&nbsp;<\/p>\n","protected":false},"excerpt":{"rendered":"<p>Kr\u00f3tka historia naszej wsp\u00f3lnoty Rzymskokatolicka Parafia w \u0141ukowem jest stosunkowo m\u0142od\u0105 parafi\u0105. Ludno\u015b\u0107 tutejsza osiedli\u0142a si\u0119 w tym pi\u0119knym zak\u0105tku naszej Ojczyzny, po II wojnie \u015bwiatowej, po przesiedleniach akcji Wis\u0142a. Parafia nasza wydzielona zosta\u0142a z Tarnawy G\u00f3rnej i erygowana 15 grudnia 1970 roku, jako samodzielna jednostka. Ko\u015bci\u00f3\u0142 parafialny, to dawna cerkiew greckokatolicka z 1828 r. &hellip; <a href=\"https:\/\/lukowe.przemyska.pl\/index.php\/parafia\/historia\/\" class=\"more-link\">Czytaj dalej<span class=\"screen-reader-text\"> \u201eHistoria parafii i duszpasterze\u201d<\/span><\/a><\/p>\n","protected":false},"author":1,"featured_media":0,"parent":11,"menu_order":0,"comment_status":"closed","ping_status":"closed","template":"","meta":{"ngg_post_thumbnail":0,"footnotes":""},"class_list":["post-181","page","type-page","status-publish","hentry"],"_links":{"self":[{"href":"https:\/\/lukowe.przemyska.pl\/index.php\/wp-json\/wp\/v2\/pages\/181","targetHints":{"allow":["GET"]}}],"collection":[{"href":"https:\/\/lukowe.przemyska.pl\/index.php\/wp-json\/wp\/v2\/pages"}],"about":[{"href":"https:\/\/lukowe.przemyska.pl\/index.php\/wp-json\/wp\/v2\/types\/page"}],"author":[{"embeddable":true,"href":"https:\/\/lukowe.przemyska.pl\/index.php\/wp-json\/wp\/v2\/users\/1"}],"replies":[{"embeddable":true,"href":"https:\/\/lukowe.przemyska.pl\/index.php\/wp-json\/wp\/v2\/comments?post=181"}],"version-history":[{"count":47,"href":"https:\/\/lukowe.przemyska.pl\/index.php\/wp-json\/wp\/v2\/pages\/181\/revisions"}],"predecessor-version":[{"id":3313,"href":"https:\/\/lukowe.przemyska.pl\/index.php\/wp-json\/wp\/v2\/pages\/181\/revisions\/3313"}],"up":[{"embeddable":true,"href":"https:\/\/lukowe.przemyska.pl\/index.php\/wp-json\/wp\/v2\/pages\/11"}],"wp:attachment":[{"href":"https:\/\/lukowe.przemyska.pl\/index.php\/wp-json\/wp\/v2\/media?parent=181"}],"curies":[{"name":"wp","href":"https:\/\/api.w.org\/{rel}","templated":true}]}}